{"id":15205,"date":"2023-06-06T21:12:33","date_gmt":"2023-06-06T21:12:33","guid":{"rendered":"https:\/\/redebeneditina.org.br\/cjn\/?page_id=15205"},"modified":"2025-02-04T21:49:45","modified_gmt":"2025-02-05T00:49:45","slug":"instalacoes","status":"publish","type":"page","link":"https:\/\/redebeneditina.org.br\/cjn\/instalacoes\/","title":{"rendered":"Instala\u00e7\u00f5es"},"content":{"rendered":"\t\t<div data-elementor-type=\"wp-page\" data-elementor-id=\"15205\" class=\"elementor elementor-15205\">\n\t\t\t\t\t\t<section class=\"elementor-section elementor-top-section elementor-element elementor-element-1fa81aa7 elementor-section-boxed elementor-section-height-default elementor-section-height-default\" data-id=\"1fa81aa7\" data-element_type=\"section\" data-e-type=\"section\" data-settings=\"{&quot;background_background&quot;:&quot;classic&quot;}\">\n\t\t\t\t\t\t<div class=\"elementor-container elementor-column-gap-default\">\n\t\t\t\t\t<div class=\"elementor-column elementor-col-100 elementor-top-column elementor-element elementor-element-3a54cd89\" data-id=\"3a54cd89\" data-element_type=\"column\" data-e-type=\"column\">\n\t\t\t<div class=\"elementor-widget-wrap elementor-element-populated\">\n\t\t\t\t\t\t<section class=\"elementor-section elementor-inner-section elementor-element elementor-element-2422961 elementor-section-boxed elementor-section-height-default elementor-section-height-default\" data-id=\"2422961\" data-element_type=\"section\" data-e-type=\"section\">\n\t\t\t\t\t\t<div class=\"elementor-container elementor-column-gap-default\">\n\t\t\t\t\t<div class=\"elementor-column elementor-col-100 elementor-inner-column elementor-element elementor-element-29624536\" data-id=\"29624536\" data-element_type=\"column\" data-e-type=\"column\">\n\t\t\t<div class=\"elementor-widget-wrap elementor-element-populated\">\n\t\t\t\t\t\t<div class=\"elementor-element elementor-element-52ef70ed edubin-title-align-left elementor-widget elementor-widget-section-title-addons\" data-id=\"52ef70ed\" data-element_type=\"widget\" data-e-type=\"widget\" data-widget_type=\"section-title-addons.default\">\n\t\t\t\t<div class=\"elementor-widget-container\">\n\t\t\t\t\t            <div class=\"edubin-section-title edubin-subtitle-position-top title-style-four\">\r\n                <h2 class=\"section-title-txt\">Instala\u00e7\u00f5es<\/h2><div class=edubin-title-sperator-sec><span class=\"edubin-title-sperator\">&nbsp;<\/span><\/div><p class=\"section-subtitle-txt\">Col\u00e9gio Jesus de Nazar\u00e9<\/p>            <\/div>\r\n\r\n        \t\t\t\t<\/div>\n\t\t\t\t<\/div>\n\t\t\t\t<div class=\"elementor-element elementor-element-1f28272c elementor-widget elementor-widget-text-editor\" data-id=\"1f28272c\" data-element_type=\"widget\" data-e-type=\"widget\" data-widget_type=\"text-editor.default\">\n\t\t\t\t<div class=\"elementor-widget-container\">\n\t\t\t\t\t\t\t\t\t<p><!-- default-view.php -->\n<div\n\tclass=\"ngg-galleryoverview default-view\n\t\t\"\n\tid=\"ngg-gallery-f30d795e65913078a5a13728c75985b2-1\"\n\tdata-nextgen-gallery-id=\"61\"\n\tdata-gallery-id=\"61\"\n\t\tdata-gallery-name=\"instalacoes-cjn\"\n\t>\n\n\t\t<!-- Thumbnails -->\n\t\t\t\t<div id=\"ngg-image-0\" class=\"ngg-gallery-thumbnail-box\n\t\t\t\t\t\t\t\t\t\t\t\"\n\t\t\t>\n\t\t\t\t\t\t<div class=\"ngg-gallery-thumbnail\">\n\t\t<a href=\"https:\/\/redebeneditina.org.br\/cjn\/wp-content\/gallery\/instalacoes-cjn\/2023-instalacoes-cjn-6.jpg?t=1697727229\"\n\t\t\ttitle=\"\"\n\t\t\tdata-src=\"https:\/\/redebeneditina.org.br\/cjn\/wp-content\/gallery\/instalacoes-cjn\/2023-instalacoes-cjn-6.jpg?t=1697727229\"\n\t\t\tdata-thumbnail=\"https:\/\/redebeneditina.org.br\/cjn\/wp-content\/gallery\/instalacoes-cjn\/thumbs\/thumbs_2023-instalacoes-cjn-6.jpg?t=1697727229\"\n\t\t\tdata-image-id=\"5197\"\n\t\t\tdata-image-name=\"2023-instalacoes-cjn-6.jpg\"\n\t\t\tdata-title=\"Fachada do Col\u00e9gio Jesus de Nazar\u00e9\"\n\t\t\tdata-description=\"\"\n\t\t\tdata-image-slug=\"2023-instalacoes-cjn-6\"\n\t\t\t\t\t\t\t\t\t\t\t\t\t\t\t\t\t\t\t\tclass=\"ngg-simplelightbox\" rel=\"f30d795e65913078a5a13728c75985b2\">\n\t\t\t\t\t\t\t\t<img\n\t\t\t\t\ttitle=\"Fachada do Col\u00e9gio Jesus de Nazar\u00e9\"\n\t\t\t\t\talt=\"Fachada do Col\u00e9gio Jesus de Nazar\u00e9\"\n\t\t\t\t\tsrc=\"https:\/\/redebeneditina.org.br\/cjn\/wp-content\/gallery\/instalacoes-cjn\/thumbs\/thumbs_2023-instalacoes-cjn-6.jpg?t=1697727229\"\n\t\t\t\t\twidth=\"240\"\n\t\t\t\t\theight=\"240\"\n\t\t\t\t\tstyle=\"max-width:100%;\"\n\t\t\t\t\/>\n\t\t\t<\/a>\n\t\t<\/div>\n\t\t\t\t\t\t\t<\/div>\n\t\t\t\n\t\t\t\t<div id=\"ngg-image-1\" class=\"ngg-gallery-thumbnail-box\n\t\t\t\t\t\t\t\t\t\t\t\"\n\t\t\t>\n\t\t\t\t\t\t<div class=\"ngg-gallery-thumbnail\">\n\t\t<a href=\"https:\/\/redebeneditina.org.br\/cjn\/wp-content\/gallery\/instalacoes-cjn\/2023-instalacoes-cjn-5.jpg?t=1697727229\"\n\t\t\ttitle=\"\"\n\t\t\tdata-src=\"https:\/\/redebeneditina.org.br\/cjn\/wp-content\/gallery\/instalacoes-cjn\/2023-instalacoes-cjn-5.jpg?t=1697727229\"\n\t\t\tdata-thumbnail=\"https:\/\/redebeneditina.org.br\/cjn\/wp-content\/gallery\/instalacoes-cjn\/thumbs\/thumbs_2023-instalacoes-cjn-5.jpg?t=1697727229\"\n\t\t\tdata-image-id=\"5198\"\n\t\t\tdata-image-name=\"2023-instalacoes-cjn-5.jpg\"\n\t\t\tdata-title=\"Fachada do Col\u00e9gio Jesus de Nazar\u00e9\"\n\t\t\tdata-description=\"\"\n\t\t\tdata-image-slug=\"2023-instalacoes-cjn-5\"\n\t\t\t\t\t\t\t\t\t\t\t\t\t\t\t\t\t\t\t\tclass=\"ngg-simplelightbox\" rel=\"f30d795e65913078a5a13728c75985b2\">\n\t\t\t\t\t\t\t\t<img\n\t\t\t\t\ttitle=\"Fachada do Col\u00e9gio Jesus de Nazar\u00e9\"\n\t\t\t\t\talt=\"Fachada do Col\u00e9gio Jesus de Nazar\u00e9\"\n\t\t\t\t\tsrc=\"https:\/\/redebeneditina.org.br\/cjn\/wp-content\/gallery\/instalacoes-cjn\/thumbs\/thumbs_2023-instalacoes-cjn-5.jpg?t=1697727229\"\n\t\t\t\t\twidth=\"240\"\n\t\t\t\t\theight=\"240\"\n\t\t\t\t\tstyle=\"max-width:100%;\"\n\t\t\t\t\/>\n\t\t\t<\/a>\n\t\t<\/div>\n\t\t\t\t\t\t\t<\/div>\n\t\t\t\n\t\t\t\t<div id=\"ngg-image-2\" class=\"ngg-gallery-thumbnail-box\n\t\t\t\t\t\t\t\t\t\t\t\"\n\t\t\t>\n\t\t\t\t\t\t<div class=\"ngg-gallery-thumbnail\">\n\t\t<a href=\"https:\/\/redebeneditina.org.br\/cjn\/wp-content\/gallery\/instalacoes-cjn\/2023-instalacoes-cjn-11.jpg?t=1697727229\"\n\t\t\ttitle=\"\"\n\t\t\tdata-src=\"https:\/\/redebeneditina.org.br\/cjn\/wp-content\/gallery\/instalacoes-cjn\/2023-instalacoes-cjn-11.jpg?t=1697727229\"\n\t\t\tdata-thumbnail=\"https:\/\/redebeneditina.org.br\/cjn\/wp-content\/gallery\/instalacoes-cjn\/thumbs\/thumbs_2023-instalacoes-cjn-11.jpg?t=1697727229\"\n\t\t\tdata-image-id=\"5206\"\n\t\t\tdata-image-name=\"2023-instalacoes-cjn-11.jpg\"\n\t\t\tdata-title=\"Port\u00e3o de Entrada\"\n\t\t\tdata-description=\"\"\n\t\t\tdata-image-slug=\"2023-instalacoes-cjn-11\"\n\t\t\t\t\t\t\t\t\t\t\t\t\t\t\t\t\t\t\t\tclass=\"ngg-simplelightbox\" rel=\"f30d795e65913078a5a13728c75985b2\">\n\t\t\t\t\t\t\t\t<img\n\t\t\t\t\ttitle=\"Port\u00e3o de Entrada\"\n\t\t\t\t\talt=\"Port\u00e3o de Entrada\"\n\t\t\t\t\tsrc=\"https:\/\/redebeneditina.org.br\/cjn\/wp-content\/gallery\/instalacoes-cjn\/thumbs\/thumbs_2023-instalacoes-cjn-11.jpg?t=1697727229\"\n\t\t\t\t\twidth=\"240\"\n\t\t\t\t\theight=\"240\"\n\t\t\t\t\tstyle=\"max-width:100%;\"\n\t\t\t\t\/>\n\t\t\t<\/a>\n\t\t<\/div>\n\t\t\t\t\t\t\t<\/div>\n\t\t\t\n\t\t\t\t<div id=\"ngg-image-3\" class=\"ngg-gallery-thumbnail-box\n\t\t\t\t\t\t\t\t\t\t\t\"\n\t\t\t>\n\t\t\t\t\t\t<div class=\"ngg-gallery-thumbnail\">\n\t\t<a href=\"https:\/\/redebeneditina.org.br\/cjn\/wp-content\/gallery\/instalacoes-cjn\/2023-instalacoes-cjn-25.jpg?t=1697727229\"\n\t\t\ttitle=\"\"\n\t\t\tdata-src=\"https:\/\/redebeneditina.org.br\/cjn\/wp-content\/gallery\/instalacoes-cjn\/2023-instalacoes-cjn-25.jpg?t=1697727229\"\n\t\t\tdata-thumbnail=\"https:\/\/redebeneditina.org.br\/cjn\/wp-content\/gallery\/instalacoes-cjn\/thumbs\/thumbs_2023-instalacoes-cjn-25.jpg?t=1697727229\"\n\t\t\tdata-image-id=\"5219\"\n\t\t\tdata-image-name=\"2023-instalacoes-cjn-25.jpg\"\n\t\t\tdata-title=\"\u00c1rea Interna\"\n\t\t\tdata-description=\"\"\n\t\t\tdata-image-slug=\"2023-instalacoes-cjn-25\"\n\t\t\t\t\t\t\t\t\t\t\t\t\t\t\t\t\t\t\t\tclass=\"ngg-simplelightbox\" rel=\"f30d795e65913078a5a13728c75985b2\">\n\t\t\t\t\t\t\t\t<img\n\t\t\t\t\ttitle=\"\u00c1rea Interna\"\n\t\t\t\t\talt=\"\u00c1rea Interna\"\n\t\t\t\t\tsrc=\"https:\/\/redebeneditina.org.br\/cjn\/wp-content\/gallery\/instalacoes-cjn\/thumbs\/thumbs_2023-instalacoes-cjn-25.jpg?t=1697727229\"\n\t\t\t\t\twidth=\"240\"\n\t\t\t\t\theight=\"240\"\n\t\t\t\t\tstyle=\"max-width:100%;\"\n\t\t\t\t\/>\n\t\t\t<\/a>\n\t\t<\/div>\n\t\t\t\t\t\t\t<\/div>\n\t\t\t\n\t\t\t\t<div id=\"ngg-image-4\" class=\"ngg-gallery-thumbnail-box\n\t\t\t\t\t\t\t\t\t\t\t\"\n\t\t\t>\n\t\t\t\t\t\t<div class=\"ngg-gallery-thumbnail\">\n\t\t<a href=\"https:\/\/redebeneditina.org.br\/cjn\/wp-content\/gallery\/instalacoes-cjn\/2023-instalacoes-cjn-26.jpg?t=1697727229\"\n\t\t\ttitle=\"\"\n\t\t\tdata-src=\"https:\/\/redebeneditina.org.br\/cjn\/wp-content\/gallery\/instalacoes-cjn\/2023-instalacoes-cjn-26.jpg?t=1697727229\"\n\t\t\tdata-thumbnail=\"https:\/\/redebeneditina.org.br\/cjn\/wp-content\/gallery\/instalacoes-cjn\/thumbs\/thumbs_2023-instalacoes-cjn-26.jpg?t=1697727229\"\n\t\t\tdata-image-id=\"5220\"\n\t\t\tdata-image-name=\"2023-instalacoes-cjn-26.jpg\"\n\t\t\tdata-title=\"\u00c1rea Interna\"\n\t\t\tdata-description=\"\"\n\t\t\tdata-image-slug=\"2023-instalacoes-cjn-26\"\n\t\t\t\t\t\t\t\t\t\t\t\t\t\t\t\t\t\t\t\tclass=\"ngg-simplelightbox\" rel=\"f30d795e65913078a5a13728c75985b2\">\n\t\t\t\t\t\t\t\t<img\n\t\t\t\t\ttitle=\"\u00c1rea Interna\"\n\t\t\t\t\talt=\"\u00c1rea Interna\"\n\t\t\t\t\tsrc=\"https:\/\/redebeneditina.org.br\/cjn\/wp-content\/gallery\/instalacoes-cjn\/thumbs\/thumbs_2023-instalacoes-cjn-26.jpg?t=1697727229\"\n\t\t\t\t\twidth=\"240\"\n\t\t\t\t\theight=\"240\"\n\t\t\t\t\tstyle=\"max-width:100%;\"\n\t\t\t\t\/>\n\t\t\t<\/a>\n\t\t<\/div>\n\t\t\t\t\t\t\t<\/div>\n\t\t\t\n\t\t\t\t<div id=\"ngg-image-5\" class=\"ngg-gallery-thumbnail-box\n\t\t\t\t\t\t\t\t\t\t\t\"\n\t\t\t>\n\t\t\t\t\t\t<div class=\"ngg-gallery-thumbnail\">\n\t\t<a href=\"https:\/\/redebeneditina.org.br\/cjn\/wp-content\/gallery\/instalacoes-cjn\/2023-instalacoes-cjn-27.jpg?t=1697727229\"\n\t\t\ttitle=\"\"\n\t\t\tdata-src=\"https:\/\/redebeneditina.org.br\/cjn\/wp-content\/gallery\/instalacoes-cjn\/2023-instalacoes-cjn-27.jpg?t=1697727229\"\n\t\t\tdata-thumbnail=\"https:\/\/redebeneditina.org.br\/cjn\/wp-content\/gallery\/instalacoes-cjn\/thumbs\/thumbs_2023-instalacoes-cjn-27.jpg?t=1697727229\"\n\t\t\tdata-image-id=\"5221\"\n\t\t\tdata-image-name=\"2023-instalacoes-cjn-27.jpg\"\n\t\t\tdata-title=\"\u00c1rea Interna\"\n\t\t\tdata-description=\"\"\n\t\t\tdata-image-slug=\"2023-instalacoes-cjn-27\"\n\t\t\t\t\t\t\t\t\t\t\t\t\t\t\t\t\t\t\t\tclass=\"ngg-simplelightbox\" rel=\"f30d795e65913078a5a13728c75985b2\">\n\t\t\t\t\t\t\t\t<img\n\t\t\t\t\ttitle=\"\u00c1rea Interna\"\n\t\t\t\t\talt=\"\u00c1rea Interna\"\n\t\t\t\t\tsrc=\"https:\/\/redebeneditina.org.br\/cjn\/wp-content\/gallery\/instalacoes-cjn\/thumbs\/thumbs_2023-instalacoes-cjn-27.jpg?t=1697727229\"\n\t\t\t\t\twidth=\"240\"\n\t\t\t\t\theight=\"240\"\n\t\t\t\t\tstyle=\"max-width:100%;\"\n\t\t\t\t\/>\n\t\t\t<\/a>\n\t\t<\/div>\n\t\t\t\t\t\t\t<\/div>\n\t\t\t\n\t\t\t\t<div id=\"ngg-image-6\" class=\"ngg-gallery-thumbnail-box\n\t\t\t\t\t\t\t\t\t\t\t\"\n\t\t\t>\n\t\t\t\t\t\t<div class=\"ngg-gallery-thumbnail\">\n\t\t<a href=\"https:\/\/redebeneditina.org.br\/cjn\/wp-content\/gallery\/instalacoes-cjn\/2023-instalacoes-cjn-19.jpg?t=1697727229\"\n\t\t\ttitle=\"\"\n\t\t\tdata-src=\"https:\/\/redebeneditina.org.br\/cjn\/wp-content\/gallery\/instalacoes-cjn\/2023-instalacoes-cjn-19.jpg?t=1697727229\"\n\t\t\tdata-thumbnail=\"https:\/\/redebeneditina.org.br\/cjn\/wp-content\/gallery\/instalacoes-cjn\/thumbs\/thumbs_2023-instalacoes-cjn-19.jpg?t=1697727229\"\n\t\t\tdata-image-id=\"5213\"\n\t\t\tdata-image-name=\"2023-instalacoes-cjn-19.jpg\"\n\t\t\tdata-title=\"Sala de Aula - Educa\u00e7\u00e3o Infantil\"\n\t\t\tdata-description=\"\"\n\t\t\tdata-image-slug=\"2023-instalacoes-cjn-19\"\n\t\t\t\t\t\t\t\t\t\t\t\t\t\t\t\t\t\t\t\tclass=\"ngg-simplelightbox\" rel=\"f30d795e65913078a5a13728c75985b2\">\n\t\t\t\t\t\t\t\t<img\n\t\t\t\t\ttitle=\"Sala de Aula - Educa\u00e7\u00e3o Infantil\"\n\t\t\t\t\talt=\"Sala de Aula - Educa\u00e7\u00e3o Infantil\"\n\t\t\t\t\tsrc=\"https:\/\/redebeneditina.org.br\/cjn\/wp-content\/gallery\/instalacoes-cjn\/thumbs\/thumbs_2023-instalacoes-cjn-19.jpg?t=1697727229\"\n\t\t\t\t\twidth=\"240\"\n\t\t\t\t\theight=\"240\"\n\t\t\t\t\tstyle=\"max-width:100%;\"\n\t\t\t\t\/>\n\t\t\t<\/a>\n\t\t<\/div>\n\t\t\t\t\t\t\t<\/div>\n\t\t\t\n\t\t\t\t<div id=\"ngg-image-7\" class=\"ngg-gallery-thumbnail-box\n\t\t\t\t\t\t\t\t\t\t\t\"\n\t\t\t>\n\t\t\t\t\t\t<div class=\"ngg-gallery-thumbnail\">\n\t\t<a href=\"https:\/\/redebeneditina.org.br\/cjn\/wp-content\/gallery\/instalacoes-cjn\/2023-instalacoes-cjn-18.jpg?t=1697727229\"\n\t\t\ttitle=\"\"\n\t\t\tdata-src=\"https:\/\/redebeneditina.org.br\/cjn\/wp-content\/gallery\/instalacoes-cjn\/2023-instalacoes-cjn-18.jpg?t=1697727229\"\n\t\t\tdata-thumbnail=\"https:\/\/redebeneditina.org.br\/cjn\/wp-content\/gallery\/instalacoes-cjn\/thumbs\/thumbs_2023-instalacoes-cjn-18.jpg?t=1697727229\"\n\t\t\tdata-image-id=\"5212\"\n\t\t\tdata-image-name=\"2023-instalacoes-cjn-18.jpg\"\n\t\t\tdata-title=\"Sala de Aula - Educa\u00e7\u00e3o Infantil\"\n\t\t\tdata-description=\"\"\n\t\t\tdata-image-slug=\"2023-instalacoes-cjn-18\"\n\t\t\t\t\t\t\t\t\t\t\t\t\t\t\t\t\t\t\t\tclass=\"ngg-simplelightbox\" rel=\"f30d795e65913078a5a13728c75985b2\">\n\t\t\t\t\t\t\t\t<img\n\t\t\t\t\ttitle=\"Sala de Aula - Educa\u00e7\u00e3o Infantil\"\n\t\t\t\t\talt=\"Sala de Aula - Educa\u00e7\u00e3o Infantil\"\n\t\t\t\t\tsrc=\"https:\/\/redebeneditina.org.br\/cjn\/wp-content\/gallery\/instalacoes-cjn\/thumbs\/thumbs_2023-instalacoes-cjn-18.jpg?t=1697727229\"\n\t\t\t\t\twidth=\"240\"\n\t\t\t\t\theight=\"240\"\n\t\t\t\t\tstyle=\"max-width:100%;\"\n\t\t\t\t\/>\n\t\t\t<\/a>\n\t\t<\/div>\n\t\t\t\t\t\t\t<\/div>\n\t\t\t\n\t\t\t\t<div id=\"ngg-image-8\" class=\"ngg-gallery-thumbnail-box\n\t\t\t\t\t\t\t\t\t\t\t\"\n\t\t\t>\n\t\t\t\t\t\t<div class=\"ngg-gallery-thumbnail\">\n\t\t<a href=\"https:\/\/redebeneditina.org.br\/cjn\/wp-content\/gallery\/instalacoes-cjn\/2023-instalacoes-cjn-20.jpg?t=1697727229\"\n\t\t\ttitle=\"\"\n\t\t\tdata-src=\"https:\/\/redebeneditina.org.br\/cjn\/wp-content\/gallery\/instalacoes-cjn\/2023-instalacoes-cjn-20.jpg?t=1697727229\"\n\t\t\tdata-thumbnail=\"https:\/\/redebeneditina.org.br\/cjn\/wp-content\/gallery\/instalacoes-cjn\/thumbs\/thumbs_2023-instalacoes-cjn-20.jpg?t=1697727229\"\n\t\t\tdata-image-id=\"5215\"\n\t\t\tdata-image-name=\"2023-instalacoes-cjn-20.jpg\"\n\t\t\tdata-title=\"Sala de Aula - Ensino Fundamental\"\n\t\t\tdata-description=\"\"\n\t\t\tdata-image-slug=\"2023-instalacoes-cjn-20\"\n\t\t\t\t\t\t\t\t\t\t\t\t\t\t\t\t\t\t\t\tclass=\"ngg-simplelightbox\" rel=\"f30d795e65913078a5a13728c75985b2\">\n\t\t\t\t\t\t\t\t<img\n\t\t\t\t\ttitle=\"Sala de Aula - Ensino Fundamental\"\n\t\t\t\t\talt=\"Sala de Aula - Ensino Fundamental\"\n\t\t\t\t\tsrc=\"https:\/\/redebeneditina.org.br\/cjn\/wp-content\/gallery\/instalacoes-cjn\/thumbs\/thumbs_2023-instalacoes-cjn-20.jpg?t=1697727229\"\n\t\t\t\t\twidth=\"240\"\n\t\t\t\t\theight=\"240\"\n\t\t\t\t\tstyle=\"max-width:100%;\"\n\t\t\t\t\/>\n\t\t\t<\/a>\n\t\t<\/div>\n\t\t\t\t\t\t\t<\/div>\n\t\t\t\n\t\t\t\t<div id=\"ngg-image-9\" class=\"ngg-gallery-thumbnail-box\n\t\t\t\t\t\t\t\t\t\t\t\"\n\t\t\t>\n\t\t\t\t\t\t<div class=\"ngg-gallery-thumbnail\">\n\t\t<a href=\"https:\/\/redebeneditina.org.br\/cjn\/wp-content\/gallery\/instalacoes-cjn\/2023-instalacoes-cjn-21.jpg?t=1697727229\"\n\t\t\ttitle=\"\"\n\t\t\tdata-src=\"https:\/\/redebeneditina.org.br\/cjn\/wp-content\/gallery\/instalacoes-cjn\/2023-instalacoes-cjn-21.jpg?t=1697727229\"\n\t\t\tdata-thumbnail=\"https:\/\/redebeneditina.org.br\/cjn\/wp-content\/gallery\/instalacoes-cjn\/thumbs\/thumbs_2023-instalacoes-cjn-21.jpg?t=1697727229\"\n\t\t\tdata-image-id=\"5222\"\n\t\t\tdata-image-name=\"2023-instalacoes-cjn-21.jpg\"\n\t\t\tdata-title=\"Sala de Aula - Ensino M\u00e9dio\"\n\t\t\tdata-description=\"\"\n\t\t\tdata-image-slug=\"2023-instalacoes-cjn-21\"\n\t\t\t\t\t\t\t\t\t\t\t\t\t\t\t\t\t\t\t\tclass=\"ngg-simplelightbox\" rel=\"f30d795e65913078a5a13728c75985b2\">\n\t\t\t\t\t\t\t\t<img\n\t\t\t\t\ttitle=\"Sala de Aula - Ensino M\u00e9dio\"\n\t\t\t\t\talt=\"Sala de Aula - Ensino M\u00e9dio\"\n\t\t\t\t\tsrc=\"https:\/\/redebeneditina.org.br\/cjn\/wp-content\/gallery\/instalacoes-cjn\/thumbs\/thumbs_2023-instalacoes-cjn-21.jpg?t=1697727229\"\n\t\t\t\t\twidth=\"240\"\n\t\t\t\t\theight=\"240\"\n\t\t\t\t\tstyle=\"max-width:100%;\"\n\t\t\t\t\/>\n\t\t\t<\/a>\n\t\t<\/div>\n\t\t\t\t\t\t\t<\/div>\n\t\t\t\n\t\t\t\t<div id=\"ngg-image-10\" class=\"ngg-gallery-thumbnail-box\n\t\t\t\t\t\t\t\t\t\t\t\"\n\t\t\t>\n\t\t\t\t\t\t<div class=\"ngg-gallery-thumbnail\">\n\t\t<a href=\"https:\/\/redebeneditina.org.br\/cjn\/wp-content\/gallery\/instalacoes-cjn\/2023-instalacoes-cjn-8.jpg?t=1697727229\"\n\t\t\ttitle=\"\"\n\t\t\tdata-src=\"https:\/\/redebeneditina.org.br\/cjn\/wp-content\/gallery\/instalacoes-cjn\/2023-instalacoes-cjn-8.jpg?t=1697727229\"\n\t\t\tdata-thumbnail=\"https:\/\/redebeneditina.org.br\/cjn\/wp-content\/gallery\/instalacoes-cjn\/thumbs\/thumbs_2023-instalacoes-cjn-8.jpg?t=1697727229\"\n\t\t\tdata-image-id=\"5202\"\n\t\t\tdata-image-name=\"2023-instalacoes-cjn-8.jpg\"\n\t\t\tdata-title=\"Laborat\u00f3rio\"\n\t\t\tdata-description=\"\"\n\t\t\tdata-image-slug=\"2023-instalacoes-cjn-8\"\n\t\t\t\t\t\t\t\t\t\t\t\t\t\t\t\t\t\t\t\tclass=\"ngg-simplelightbox\" rel=\"f30d795e65913078a5a13728c75985b2\">\n\t\t\t\t\t\t\t\t<img\n\t\t\t\t\ttitle=\"Laborat\u00f3rio\"\n\t\t\t\t\talt=\"Laborat\u00f3rio\"\n\t\t\t\t\tsrc=\"https:\/\/redebeneditina.org.br\/cjn\/wp-content\/gallery\/instalacoes-cjn\/thumbs\/thumbs_2023-instalacoes-cjn-8.jpg?t=1697727229\"\n\t\t\t\t\twidth=\"240\"\n\t\t\t\t\theight=\"240\"\n\t\t\t\t\tstyle=\"max-width:100%;\"\n\t\t\t\t\/>\n\t\t\t<\/a>\n\t\t<\/div>\n\t\t\t\t\t\t\t<\/div>\n\t\t\t\n\t\t\t\t<div id=\"ngg-image-11\" class=\"ngg-gallery-thumbnail-box\n\t\t\t\t\t\t\t\t\t\t\t\"\n\t\t\t>\n\t\t\t\t\t\t<div class=\"ngg-gallery-thumbnail\">\n\t\t<a href=\"https:\/\/redebeneditina.org.br\/cjn\/wp-content\/gallery\/instalacoes-cjn\/2023-instalacoes-cjn-9.jpg?t=1697727229\"\n\t\t\ttitle=\"\"\n\t\t\tdata-src=\"https:\/\/redebeneditina.org.br\/cjn\/wp-content\/gallery\/instalacoes-cjn\/2023-instalacoes-cjn-9.jpg?t=1697727229\"\n\t\t\tdata-thumbnail=\"https:\/\/redebeneditina.org.br\/cjn\/wp-content\/gallery\/instalacoes-cjn\/thumbs\/thumbs_2023-instalacoes-cjn-9.jpg?t=1697727229\"\n\t\t\tdata-image-id=\"5203\"\n\t\t\tdata-image-name=\"2023-instalacoes-cjn-9.jpg\"\n\t\t\tdata-title=\"Parque Infantil\"\n\t\t\tdata-description=\"\"\n\t\t\tdata-image-slug=\"2023-instalacoes-cjn-9\"\n\t\t\t\t\t\t\t\t\t\t\t\t\t\t\t\t\t\t\t\tclass=\"ngg-simplelightbox\" rel=\"f30d795e65913078a5a13728c75985b2\">\n\t\t\t\t\t\t\t\t<img\n\t\t\t\t\ttitle=\"Parque Infantil\"\n\t\t\t\t\talt=\"Parque Infantil\"\n\t\t\t\t\tsrc=\"https:\/\/redebeneditina.org.br\/cjn\/wp-content\/gallery\/instalacoes-cjn\/thumbs\/thumbs_2023-instalacoes-cjn-9.jpg?t=1697727229\"\n\t\t\t\t\twidth=\"240\"\n\t\t\t\t\theight=\"240\"\n\t\t\t\t\tstyle=\"max-width:100%;\"\n\t\t\t\t\/>\n\t\t\t<\/a>\n\t\t<\/div>\n\t\t\t\t\t\t\t<\/div>\n\t\t\t\n\t\t\t\t<div id=\"ngg-image-12\" class=\"ngg-gallery-thumbnail-box\n\t\t\t\t\t\t\t\t\t\t\t\"\n\t\t\t>\n\t\t\t\t\t\t<div class=\"ngg-gallery-thumbnail\">\n\t\t<a href=\"https:\/\/redebeneditina.org.br\/cjn\/wp-content\/gallery\/instalacoes-cjn\/2023-instalacoes-cjn-10.jpg?t=1697727229\"\n\t\t\ttitle=\"\"\n\t\t\tdata-src=\"https:\/\/redebeneditina.org.br\/cjn\/wp-content\/gallery\/instalacoes-cjn\/2023-instalacoes-cjn-10.jpg?t=1697727229\"\n\t\t\tdata-thumbnail=\"https:\/\/redebeneditina.org.br\/cjn\/wp-content\/gallery\/instalacoes-cjn\/thumbs\/thumbs_2023-instalacoes-cjn-10.jpg?t=1697727229\"\n\t\t\tdata-image-id=\"5205\"\n\t\t\tdata-image-name=\"2023-instalacoes-cjn-10.jpg\"\n\t\t\tdata-title=\"Parque Infantil\"\n\t\t\tdata-description=\"\"\n\t\t\tdata-image-slug=\"2023-instalacoes-cjn-10\"\n\t\t\t\t\t\t\t\t\t\t\t\t\t\t\t\t\t\t\t\tclass=\"ngg-simplelightbox\" rel=\"f30d795e65913078a5a13728c75985b2\">\n\t\t\t\t\t\t\t\t<img\n\t\t\t\t\ttitle=\"Parque Infantil\"\n\t\t\t\t\talt=\"Parque Infantil\"\n\t\t\t\t\tsrc=\"https:\/\/redebeneditina.org.br\/cjn\/wp-content\/gallery\/instalacoes-cjn\/thumbs\/thumbs_2023-instalacoes-cjn-10.jpg?t=1697727229\"\n\t\t\t\t\twidth=\"240\"\n\t\t\t\t\theight=\"240\"\n\t\t\t\t\tstyle=\"max-width:100%;\"\n\t\t\t\t\/>\n\t\t\t<\/a>\n\t\t<\/div>\n\t\t\t\t\t\t\t<\/div>\n\t\t\t\n\t\t\t\t<div id=\"ngg-image-13\" class=\"ngg-gallery-thumbnail-box\n\t\t\t\t\t\t\t\t\t\t\t\"\n\t\t\t>\n\t\t\t\t\t\t<div class=\"ngg-gallery-thumbnail\">\n\t\t<a href=\"https:\/\/redebeneditina.org.br\/cjn\/wp-content\/gallery\/instalacoes-cjn\/2023-instalacoes-cjn-14.jpg?t=1697727229\"\n\t\t\ttitle=\"\"\n\t\t\tdata-src=\"https:\/\/redebeneditina.org.br\/cjn\/wp-content\/gallery\/instalacoes-cjn\/2023-instalacoes-cjn-14.jpg?t=1697727229\"\n\t\t\tdata-thumbnail=\"https:\/\/redebeneditina.org.br\/cjn\/wp-content\/gallery\/instalacoes-cjn\/thumbs\/thumbs_2023-instalacoes-cjn-14.jpg?t=1697727229\"\n\t\t\tdata-image-id=\"5209\"\n\t\t\tdata-image-name=\"2023-instalacoes-cjn-14.jpg\"\n\t\t\tdata-title=\"Quadra de Esporte coberta\"\n\t\t\tdata-description=\"\"\n\t\t\tdata-image-slug=\"2023-instalacoes-cjn-14\"\n\t\t\t\t\t\t\t\t\t\t\t\t\t\t\t\t\t\t\t\tclass=\"ngg-simplelightbox\" rel=\"f30d795e65913078a5a13728c75985b2\">\n\t\t\t\t\t\t\t\t<img\n\t\t\t\t\ttitle=\"Quadra de Esporte coberta\"\n\t\t\t\t\talt=\"Quadra de Esporte coberta\"\n\t\t\t\t\tsrc=\"https:\/\/redebeneditina.org.br\/cjn\/wp-content\/gallery\/instalacoes-cjn\/thumbs\/thumbs_2023-instalacoes-cjn-14.jpg?t=1697727229\"\n\t\t\t\t\twidth=\"240\"\n\t\t\t\t\theight=\"240\"\n\t\t\t\t\tstyle=\"max-width:100%;\"\n\t\t\t\t\/>\n\t\t\t<\/a>\n\t\t<\/div>\n\t\t\t\t\t\t\t<\/div>\n\t\t\t\n\t\t\t\t<div id=\"ngg-image-14\" class=\"ngg-gallery-thumbnail-box\n\t\t\t\t\t\t\t\t\t\t\t\"\n\t\t\t>\n\t\t\t\t\t\t<div class=\"ngg-gallery-thumbnail\">\n\t\t<a href=\"https:\/\/redebeneditina.org.br\/cjn\/wp-content\/gallery\/instalacoes-cjn\/2023-instalacoes-cjn-1.jpg?t=1697727229\"\n\t\t\ttitle=\"\"\n\t\t\tdata-src=\"https:\/\/redebeneditina.org.br\/cjn\/wp-content\/gallery\/instalacoes-cjn\/2023-instalacoes-cjn-1.jpg?t=1697727229\"\n\t\t\tdata-thumbnail=\"https:\/\/redebeneditina.org.br\/cjn\/wp-content\/gallery\/instalacoes-cjn\/thumbs\/thumbs_2023-instalacoes-cjn-1.jpg?t=1697727229\"\n\t\t\tdata-image-id=\"5199\"\n\t\t\tdata-image-name=\"2023-instalacoes-cjn-1.jpg\"\n\t\t\tdata-title=\"Biblioteca\"\n\t\t\tdata-description=\"\"\n\t\t\tdata-image-slug=\"2023-instalacoes-cjn-1\"\n\t\t\t\t\t\t\t\t\t\t\t\t\t\t\t\t\t\t\t\tclass=\"ngg-simplelightbox\" rel=\"f30d795e65913078a5a13728c75985b2\">\n\t\t\t\t\t\t\t\t<img\n\t\t\t\t\ttitle=\"Biblioteca\"\n\t\t\t\t\talt=\"Biblioteca\"\n\t\t\t\t\tsrc=\"https:\/\/redebeneditina.org.br\/cjn\/wp-content\/gallery\/instalacoes-cjn\/thumbs\/thumbs_2023-instalacoes-cjn-1.jpg?t=1697727229\"\n\t\t\t\t\twidth=\"240\"\n\t\t\t\t\theight=\"240\"\n\t\t\t\t\tstyle=\"max-width:100%;\"\n\t\t\t\t\/>\n\t\t\t<\/a>\n\t\t<\/div>\n\t\t\t\t\t\t\t<\/div>\n\t\t\t\n\t\t\t\t<div id=\"ngg-image-15\" class=\"ngg-gallery-thumbnail-box\n\t\t\t\t\t\t\t\t\t\t\t\"\n\t\t\t>\n\t\t\t\t\t\t<div class=\"ngg-gallery-thumbnail\">\n\t\t<a href=\"https:\/\/redebeneditina.org.br\/cjn\/wp-content\/gallery\/instalacoes-cjn\/2023-instalacoes-cjn-16.jpg?t=1697727229\"\n\t\t\ttitle=\"\"\n\t\t\tdata-src=\"https:\/\/redebeneditina.org.br\/cjn\/wp-content\/gallery\/instalacoes-cjn\/2023-instalacoes-cjn-16.jpg?t=1697727229\"\n\t\t\tdata-thumbnail=\"https:\/\/redebeneditina.org.br\/cjn\/wp-content\/gallery\/instalacoes-cjn\/thumbs\/thumbs_2023-instalacoes-cjn-16.jpg?t=1697727229\"\n\t\t\tdata-image-id=\"5210\"\n\t\t\tdata-image-name=\"2023-instalacoes-cjn-16.jpg\"\n\t\t\tdata-title=\"Sala da Madre Schiapparoli\"\n\t\t\tdata-description=\"\"\n\t\t\tdata-image-slug=\"2023-instalacoes-cjn-16\"\n\t\t\t\t\t\t\t\t\t\t\t\t\t\t\t\t\t\t\t\tclass=\"ngg-simplelightbox\" rel=\"f30d795e65913078a5a13728c75985b2\">\n\t\t\t\t\t\t\t\t<img\n\t\t\t\t\ttitle=\"Sala da Madre Schiapparoli\"\n\t\t\t\t\talt=\"Sala da Madre Schiapparoli\"\n\t\t\t\t\tsrc=\"https:\/\/redebeneditina.org.br\/cjn\/wp-content\/gallery\/instalacoes-cjn\/thumbs\/thumbs_2023-instalacoes-cjn-16.jpg?t=1697727229\"\n\t\t\t\t\twidth=\"240\"\n\t\t\t\t\theight=\"240\"\n\t\t\t\t\tstyle=\"max-width:100%;\"\n\t\t\t\t\/>\n\t\t\t<\/a>\n\t\t<\/div>\n\t\t\t\t\t\t\t<\/div>\n\t\t\t\n\t\t\t\t<div id=\"ngg-image-16\" class=\"ngg-gallery-thumbnail-box\n\t\t\t\t\t\t\t\t\t\t\t\"\n\t\t\t>\n\t\t\t\t\t\t<div class=\"ngg-gallery-thumbnail\">\n\t\t<a href=\"https:\/\/redebeneditina.org.br\/cjn\/wp-content\/gallery\/instalacoes-cjn\/2023-instalacoes-cjn-22.jpg?t=1697727229\"\n\t\t\ttitle=\"\"\n\t\t\tdata-src=\"https:\/\/redebeneditina.org.br\/cjn\/wp-content\/gallery\/instalacoes-cjn\/2023-instalacoes-cjn-22.jpg?t=1697727229\"\n\t\t\tdata-thumbnail=\"https:\/\/redebeneditina.org.br\/cjn\/wp-content\/gallery\/instalacoes-cjn\/thumbs\/thumbs_2023-instalacoes-cjn-22.jpg?t=1697727229\"\n\t\t\tdata-image-id=\"5216\"\n\t\t\tdata-image-name=\"2023-instalacoes-cjn-22.jpg\"\n\t\t\tdata-title=\"Sala de Dan\u00e7a\"\n\t\t\tdata-description=\"\"\n\t\t\tdata-image-slug=\"2023-instalacoes-cjn-22\"\n\t\t\t\t\t\t\t\t\t\t\t\t\t\t\t\t\t\t\t\tclass=\"ngg-simplelightbox\" rel=\"f30d795e65913078a5a13728c75985b2\">\n\t\t\t\t\t\t\t\t<img\n\t\t\t\t\ttitle=\"Sala de Dan\u00e7a\"\n\t\t\t\t\talt=\"Sala de Dan\u00e7a\"\n\t\t\t\t\tsrc=\"https:\/\/redebeneditina.org.br\/cjn\/wp-content\/gallery\/instalacoes-cjn\/thumbs\/thumbs_2023-instalacoes-cjn-22.jpg?t=1697727229\"\n\t\t\t\t\twidth=\"240\"\n\t\t\t\t\theight=\"240\"\n\t\t\t\t\tstyle=\"max-width:100%;\"\n\t\t\t\t\/>\n\t\t\t<\/a>\n\t\t<\/div>\n\t\t\t\t\t\t\t<\/div>\n\t\t\t\n\t\t\t\t<div id=\"ngg-image-17\" class=\"ngg-gallery-thumbnail-box\n\t\t\t\t\t\t\t\t\t\t\t\"\n\t\t\t>\n\t\t\t\t\t\t<div class=\"ngg-gallery-thumbnail\">\n\t\t<a href=\"https:\/\/redebeneditina.org.br\/cjn\/wp-content\/gallery\/instalacoes-cjn\/2023-instalacoes-cjn-2.jpg?t=1697727229\"\n\t\t\ttitle=\"\"\n\t\t\tdata-src=\"https:\/\/redebeneditina.org.br\/cjn\/wp-content\/gallery\/instalacoes-cjn\/2023-instalacoes-cjn-2.jpg?t=1697727229\"\n\t\t\tdata-thumbnail=\"https:\/\/redebeneditina.org.br\/cjn\/wp-content\/gallery\/instalacoes-cjn\/thumbs\/thumbs_2023-instalacoes-cjn-2.jpg?t=1697727229\"\n\t\t\tdata-image-id=\"5195\"\n\t\t\tdata-image-name=\"2023-instalacoes-cjn-2.jpg\"\n\t\t\tdata-title=\"Capela\"\n\t\t\tdata-description=\"\"\n\t\t\tdata-image-slug=\"2023-instalacoes-cjn-2\"\n\t\t\t\t\t\t\t\t\t\t\t\t\t\t\t\t\t\t\t\tclass=\"ngg-simplelightbox\" rel=\"f30d795e65913078a5a13728c75985b2\">\n\t\t\t\t\t\t\t\t<img\n\t\t\t\t\ttitle=\"Capela\"\n\t\t\t\t\talt=\"Capela\"\n\t\t\t\t\tsrc=\"https:\/\/redebeneditina.org.br\/cjn\/wp-content\/gallery\/instalacoes-cjn\/thumbs\/thumbs_2023-instalacoes-cjn-2.jpg?t=1697727229\"\n\t\t\t\t\twidth=\"240\"\n\t\t\t\t\theight=\"240\"\n\t\t\t\t\tstyle=\"max-width:100%;\"\n\t\t\t\t\/>\n\t\t\t<\/a>\n\t\t<\/div>\n\t\t\t\t\t\t\t<\/div>\n\t\t\t\n\t\t\t\t<div id=\"ngg-image-18\" class=\"ngg-gallery-thumbnail-box\n\t\t\t\t\t\t\t\t\t\t\t\"\n\t\t\t>\n\t\t\t\t\t\t<div class=\"ngg-gallery-thumbnail\">\n\t\t<a href=\"https:\/\/redebeneditina.org.br\/cjn\/wp-content\/gallery\/instalacoes-cjn\/2023-instalacoes-cjn-17.jpg?t=1697727229\"\n\t\t\ttitle=\"\"\n\t\t\tdata-src=\"https:\/\/redebeneditina.org.br\/cjn\/wp-content\/gallery\/instalacoes-cjn\/2023-instalacoes-cjn-17.jpg?t=1697727229\"\n\t\t\tdata-thumbnail=\"https:\/\/redebeneditina.org.br\/cjn\/wp-content\/gallery\/instalacoes-cjn\/thumbs\/thumbs_2023-instalacoes-cjn-17.jpg?t=1697727229\"\n\t\t\tdata-image-id=\"5211\"\n\t\t\tdata-image-name=\"2023-instalacoes-cjn-17.jpg\"\n\t\t\tdata-title=\"Sala de Atendimento\"\n\t\t\tdata-description=\"\"\n\t\t\tdata-image-slug=\"2023-instalacoes-cjn-17\"\n\t\t\t\t\t\t\t\t\t\t\t\t\t\t\t\t\t\t\t\tclass=\"ngg-simplelightbox\" rel=\"f30d795e65913078a5a13728c75985b2\">\n\t\t\t\t\t\t\t\t<img\n\t\t\t\t\ttitle=\"Sala de Atendimento\"\n\t\t\t\t\talt=\"Sala de Atendimento\"\n\t\t\t\t\tsrc=\"https:\/\/redebeneditina.org.br\/cjn\/wp-content\/gallery\/instalacoes-cjn\/thumbs\/thumbs_2023-instalacoes-cjn-17.jpg?t=1697727229\"\n\t\t\t\t\twidth=\"240\"\n\t\t\t\t\theight=\"240\"\n\t\t\t\t\tstyle=\"max-width:100%;\"\n\t\t\t\t\/>\n\t\t\t<\/a>\n\t\t<\/div>\n\t\t\t\t\t\t\t<\/div>\n\t\t\t\n\t\t\t\t<div id=\"ngg-image-19\" class=\"ngg-gallery-thumbnail-box\n\t\t\t\t\t\t\t\t\t\t\t\"\n\t\t\t>\n\t\t\t\t\t\t<div class=\"ngg-gallery-thumbnail\">\n\t\t<a href=\"https:\/\/redebeneditina.org.br\/cjn\/wp-content\/gallery\/instalacoes-cjn\/2023-instalacoes-cjn-3.jpg?t=1697727229\"\n\t\t\ttitle=\"\"\n\t\t\tdata-src=\"https:\/\/redebeneditina.org.br\/cjn\/wp-content\/gallery\/instalacoes-cjn\/2023-instalacoes-cjn-3.jpg?t=1697727229\"\n\t\t\tdata-thumbnail=\"https:\/\/redebeneditina.org.br\/cjn\/wp-content\/gallery\/instalacoes-cjn\/thumbs\/thumbs_2023-instalacoes-cjn-3.jpg?t=1697727229\"\n\t\t\tdata-image-id=\"5196\"\n\t\t\tdata-image-name=\"2023-instalacoes-cjn-3.jpg\"\n\t\t\tdata-title=\"Corredor\"\n\t\t\tdata-description=\"\"\n\t\t\tdata-image-slug=\"2023-instalacoes-cjn-3\"\n\t\t\t\t\t\t\t\t\t\t\t\t\t\t\t\t\t\t\t\tclass=\"ngg-simplelightbox\" rel=\"f30d795e65913078a5a13728c75985b2\">\n\t\t\t\t\t\t\t\t<img\n\t\t\t\t\ttitle=\"Corredor\"\n\t\t\t\t\talt=\"Corredor\"\n\t\t\t\t\tsrc=\"https:\/\/redebeneditina.org.br\/cjn\/wp-content\/gallery\/instalacoes-cjn\/thumbs\/thumbs_2023-instalacoes-cjn-3.jpg?t=1697727229\"\n\t\t\t\t\twidth=\"240\"\n\t\t\t\t\theight=\"240\"\n\t\t\t\t\tstyle=\"max-width:100%;\"\n\t\t\t\t\/>\n\t\t\t<\/a>\n\t\t<\/div>\n\t\t\t\t\t\t\t<\/div>\n\t\t\t\n\t\t\t\t<div id=\"ngg-image-20\" class=\"ngg-gallery-thumbnail-box\n\t\t\t\t\t\t\t\t\t\t\t\"\n\t\t\t>\n\t\t\t\t\t\t<div class=\"ngg-gallery-thumbnail\">\n\t\t<a href=\"https:\/\/redebeneditina.org.br\/cjn\/wp-content\/gallery\/instalacoes-cjn\/2023-instalacoes-cjn-4.jpg?t=1697727229\"\n\t\t\ttitle=\"\"\n\t\t\tdata-src=\"https:\/\/redebeneditina.org.br\/cjn\/wp-content\/gallery\/instalacoes-cjn\/2023-instalacoes-cjn-4.jpg?t=1697727229\"\n\t\t\tdata-thumbnail=\"https:\/\/redebeneditina.org.br\/cjn\/wp-content\/gallery\/instalacoes-cjn\/thumbs\/thumbs_2023-instalacoes-cjn-4.jpg?t=1697727229\"\n\t\t\tdata-image-id=\"5200\"\n\t\t\tdata-image-name=\"2023-instalacoes-cjn-4.jpg\"\n\t\t\tdata-title=\"Hall de Entrada\"\n\t\t\tdata-description=\"\"\n\t\t\tdata-image-slug=\"2023-instalacoes-cjn-4\"\n\t\t\t\t\t\t\t\t\t\t\t\t\t\t\t\t\t\t\t\tclass=\"ngg-simplelightbox\" rel=\"f30d795e65913078a5a13728c75985b2\">\n\t\t\t\t\t\t\t\t<img\n\t\t\t\t\ttitle=\"Hall de Entrada\"\n\t\t\t\t\talt=\"Hall de Entrada\"\n\t\t\t\t\tsrc=\"https:\/\/redebeneditina.org.br\/cjn\/wp-content\/gallery\/instalacoes-cjn\/thumbs\/thumbs_2023-instalacoes-cjn-4.jpg?t=1697727229\"\n\t\t\t\t\twidth=\"240\"\n\t\t\t\t\theight=\"240\"\n\t\t\t\t\tstyle=\"max-width:100%;\"\n\t\t\t\t\/>\n\t\t\t<\/a>\n\t\t<\/div>\n\t\t\t\t\t\t\t<\/div>\n\t\t\t\n\t\t\t\t<div id=\"ngg-image-21\" class=\"ngg-gallery-thumbnail-box\n\t\t\t\t\t\t\t\t\t\t\t\"\n\t\t\t>\n\t\t\t\t\t\t<div class=\"ngg-gallery-thumbnail\">\n\t\t<a href=\"https:\/\/redebeneditina.org.br\/cjn\/wp-content\/gallery\/instalacoes-cjn\/2023-instalacoes-cjn-7.jpg?t=1697727229\"\n\t\t\ttitle=\"\"\n\t\t\tdata-src=\"https:\/\/redebeneditina.org.br\/cjn\/wp-content\/gallery\/instalacoes-cjn\/2023-instalacoes-cjn-7.jpg?t=1697727229\"\n\t\t\tdata-thumbnail=\"https:\/\/redebeneditina.org.br\/cjn\/wp-content\/gallery\/instalacoes-cjn\/thumbs\/thumbs_2023-instalacoes-cjn-7.jpg?t=1697727229\"\n\t\t\tdata-image-id=\"5201\"\n\t\t\tdata-image-name=\"2023-instalacoes-cjn-7.jpg\"\n\t\t\tdata-title=\"Hall de Entrada\"\n\t\t\tdata-description=\"\"\n\t\t\tdata-image-slug=\"2023-instalacoes-cjn-7\"\n\t\t\t\t\t\t\t\t\t\t\t\t\t\t\t\t\t\t\t\tclass=\"ngg-simplelightbox\" rel=\"f30d795e65913078a5a13728c75985b2\">\n\t\t\t\t\t\t\t\t<img\n\t\t\t\t\ttitle=\"Hall de Entrada\"\n\t\t\t\t\talt=\"Hall de Entrada\"\n\t\t\t\t\tsrc=\"https:\/\/redebeneditina.org.br\/cjn\/wp-content\/gallery\/instalacoes-cjn\/thumbs\/thumbs_2023-instalacoes-cjn-7.jpg?t=1697727229\"\n\t\t\t\t\twidth=\"240\"\n\t\t\t\t\theight=\"240\"\n\t\t\t\t\tstyle=\"max-width:100%;\"\n\t\t\t\t\/>\n\t\t\t<\/a>\n\t\t<\/div>\n\t\t\t\t\t\t\t<\/div>\n\t\t\t\n\t\t\t\t<div id=\"ngg-image-22\" class=\"ngg-gallery-thumbnail-box\n\t\t\t\t\t\t\t\t\t\t\t\"\n\t\t\t>\n\t\t\t\t\t\t<div class=\"ngg-gallery-thumbnail\">\n\t\t<a href=\"https:\/\/redebeneditina.org.br\/cjn\/wp-content\/gallery\/instalacoes-cjn\/2023-instalacoes-cjn-12.jpg?t=1697727229\"\n\t\t\ttitle=\"\"\n\t\t\tdata-src=\"https:\/\/redebeneditina.org.br\/cjn\/wp-content\/gallery\/instalacoes-cjn\/2023-instalacoes-cjn-12.jpg?t=1697727229\"\n\t\t\tdata-thumbnail=\"https:\/\/redebeneditina.org.br\/cjn\/wp-content\/gallery\/instalacoes-cjn\/thumbs\/thumbs_2023-instalacoes-cjn-12.jpg?t=1697727229\"\n\t\t\tdata-image-id=\"5204\"\n\t\t\tdata-image-name=\"2023-instalacoes-cjn-12.jpg\"\n\t\t\tdata-title=\"Pr\u00e9dio da Educa\u00e7\u00e3o Infantil\"\n\t\t\tdata-description=\"\"\n\t\t\tdata-image-slug=\"2023-instalacoes-cjn-12\"\n\t\t\t\t\t\t\t\t\t\t\t\t\t\t\t\t\t\t\t\tclass=\"ngg-simplelightbox\" rel=\"f30d795e65913078a5a13728c75985b2\">\n\t\t\t\t\t\t\t\t<img\n\t\t\t\t\ttitle=\"Pr\u00e9dio da Educa\u00e7\u00e3o Infantil\"\n\t\t\t\t\talt=\"Pr\u00e9dio da Educa\u00e7\u00e3o Infantil\"\n\t\t\t\t\tsrc=\"https:\/\/redebeneditina.org.br\/cjn\/wp-content\/gallery\/instalacoes-cjn\/thumbs\/thumbs_2023-instalacoes-cjn-12.jpg?t=1697727229\"\n\t\t\t\t\twidth=\"240\"\n\t\t\t\t\theight=\"240\"\n\t\t\t\t\tstyle=\"max-width:100%;\"\n\t\t\t\t\/>\n\t\t\t<\/a>\n\t\t<\/div>\n\t\t\t\t\t\t\t<\/div>\n\t\t\t\n\t\t\t\t<div id=\"ngg-image-23\" class=\"ngg-gallery-thumbnail-box\n\t\t\t\t\t\t\t\t\t\t\t\"\n\t\t\t>\n\t\t\t\t\t\t<div class=\"ngg-gallery-thumbnail\">\n\t\t<a href=\"https:\/\/redebeneditina.org.br\/cjn\/wp-content\/gallery\/instalacoes-cjn\/2023-instalacoes-cjn-13.jpg?t=1697727229\"\n\t\t\ttitle=\"\"\n\t\t\tdata-src=\"https:\/\/redebeneditina.org.br\/cjn\/wp-content\/gallery\/instalacoes-cjn\/2023-instalacoes-cjn-13.jpg?t=1697727229\"\n\t\t\tdata-thumbnail=\"https:\/\/redebeneditina.org.br\/cjn\/wp-content\/gallery\/instalacoes-cjn\/thumbs\/thumbs_2023-instalacoes-cjn-13.jpg?t=1697727229\"\n\t\t\tdata-image-id=\"5207\"\n\t\t\tdata-image-name=\"2023-instalacoes-cjn-13.jpg\"\n\t\t\tdata-title=\"P\u00e1tio Externo\"\n\t\t\tdata-description=\"\"\n\t\t\tdata-image-slug=\"2023-instalacoes-cjn-13\"\n\t\t\t\t\t\t\t\t\t\t\t\t\t\t\t\t\t\t\t\tclass=\"ngg-simplelightbox\" rel=\"f30d795e65913078a5a13728c75985b2\">\n\t\t\t\t\t\t\t\t<img\n\t\t\t\t\ttitle=\"P\u00e1tio Externo\"\n\t\t\t\t\talt=\"P\u00e1tio Externo\"\n\t\t\t\t\tsrc=\"https:\/\/redebeneditina.org.br\/cjn\/wp-content\/gallery\/instalacoes-cjn\/thumbs\/thumbs_2023-instalacoes-cjn-13.jpg?t=1697727229\"\n\t\t\t\t\twidth=\"240\"\n\t\t\t\t\theight=\"240\"\n\t\t\t\t\tstyle=\"max-width:100%;\"\n\t\t\t\t\/>\n\t\t\t<\/a>\n\t\t<\/div>\n\t\t\t\t\t\t\t<\/div>\n\t\t\t\n\t\t\t\t<div id=\"ngg-image-24\" class=\"ngg-gallery-thumbnail-box\n\t\t\t\t\t\t\t\t\t\t\t\"\n\t\t\t>\n\t\t\t\t\t\t<div class=\"ngg-gallery-thumbnail\">\n\t\t<a href=\"https:\/\/redebeneditina.org.br\/cjn\/wp-content\/gallery\/instalacoes-cjn\/2023-instalacoes-cjn-15.jpg?t=1697727229\"\n\t\t\ttitle=\"\"\n\t\t\tdata-src=\"https:\/\/redebeneditina.org.br\/cjn\/wp-content\/gallery\/instalacoes-cjn\/2023-instalacoes-cjn-15.jpg?t=1697727229\"\n\t\t\tdata-thumbnail=\"https:\/\/redebeneditina.org.br\/cjn\/wp-content\/gallery\/instalacoes-cjn\/thumbs\/thumbs_2023-instalacoes-cjn-15.jpg?t=1697727229\"\n\t\t\tdata-image-id=\"5208\"\n\t\t\tdata-image-name=\"2023-instalacoes-cjn-15.jpg\"\n\t\t\tdata-title=\"Recep\u00e7\u00e3o\"\n\t\t\tdata-description=\"\"\n\t\t\tdata-image-slug=\"2023-instalacoes-cjn-15\"\n\t\t\t\t\t\t\t\t\t\t\t\t\t\t\t\t\t\t\t\tclass=\"ngg-simplelightbox\" rel=\"f30d795e65913078a5a13728c75985b2\">\n\t\t\t\t\t\t\t\t<img\n\t\t\t\t\ttitle=\"Recep\u00e7\u00e3o\"\n\t\t\t\t\talt=\"Recep\u00e7\u00e3o\"\n\t\t\t\t\tsrc=\"https:\/\/redebeneditina.org.br\/cjn\/wp-content\/gallery\/instalacoes-cjn\/thumbs\/thumbs_2023-instalacoes-cjn-15.jpg?t=1697727229\"\n\t\t\t\t\twidth=\"240\"\n\t\t\t\t\theight=\"240\"\n\t\t\t\t\tstyle=\"max-width:100%;\"\n\t\t\t\t\/>\n\t\t\t<\/a>\n\t\t<\/div>\n\t\t\t\t\t\t\t<\/div>\n\t\t\t\n\t\t\t\t<div id=\"ngg-image-25\" class=\"ngg-gallery-thumbnail-box\n\t\t\t\t\t\t\t\t\t\t\t\"\n\t\t\t>\n\t\t\t\t\t\t<div class=\"ngg-gallery-thumbnail\">\n\t\t<a href=\"https:\/\/redebeneditina.org.br\/cjn\/wp-content\/gallery\/instalacoes-cjn\/2023-instalacoes-cjn-23.jpg?t=1697727229\"\n\t\t\ttitle=\"\"\n\t\t\tdata-src=\"https:\/\/redebeneditina.org.br\/cjn\/wp-content\/gallery\/instalacoes-cjn\/2023-instalacoes-cjn-23.jpg?t=1697727229\"\n\t\t\tdata-thumbnail=\"https:\/\/redebeneditina.org.br\/cjn\/wp-content\/gallery\/instalacoes-cjn\/thumbs\/thumbs_2023-instalacoes-cjn-23.jpg?t=1697727229\"\n\t\t\tdata-image-id=\"5217\"\n\t\t\tdata-image-name=\"2023-instalacoes-cjn-23.jpg\"\n\t\t\tdata-title=\"Sala de Reuni\u00e3o\"\n\t\t\tdata-description=\"\"\n\t\t\tdata-image-slug=\"2023-instalacoes-cjn-23\"\n\t\t\t\t\t\t\t\t\t\t\t\t\t\t\t\t\t\t\t\tclass=\"ngg-simplelightbox\" rel=\"f30d795e65913078a5a13728c75985b2\">\n\t\t\t\t\t\t\t\t<img\n\t\t\t\t\ttitle=\"Sala de Reuni\u00e3o\"\n\t\t\t\t\talt=\"Sala de Reuni\u00e3o\"\n\t\t\t\t\tsrc=\"https:\/\/redebeneditina.org.br\/cjn\/wp-content\/gallery\/instalacoes-cjn\/thumbs\/thumbs_2023-instalacoes-cjn-23.jpg?t=1697727229\"\n\t\t\t\t\twidth=\"240\"\n\t\t\t\t\theight=\"240\"\n\t\t\t\t\tstyle=\"max-width:100%;\"\n\t\t\t\t\/>\n\t\t\t<\/a>\n\t\t<\/div>\n\t\t\t\t\t\t\t<\/div>\n\t\t\t\n\t\t\t\t<div id=\"ngg-image-26\" class=\"ngg-gallery-thumbnail-box\n\t\t\t\t\t\t\t\t\t\t\t\"\n\t\t\t>\n\t\t\t\t\t\t<div class=\"ngg-gallery-thumbnail\">\n\t\t<a href=\"https:\/\/redebeneditina.org.br\/cjn\/wp-content\/gallery\/instalacoes-cjn\/2023-instalacoes-cjn-24.jpg?t=1697727229\"\n\t\t\ttitle=\"\"\n\t\t\tdata-src=\"https:\/\/redebeneditina.org.br\/cjn\/wp-content\/gallery\/instalacoes-cjn\/2023-instalacoes-cjn-24.jpg?t=1697727229\"\n\t\t\tdata-thumbnail=\"https:\/\/redebeneditina.org.br\/cjn\/wp-content\/gallery\/instalacoes-cjn\/thumbs\/thumbs_2023-instalacoes-cjn-24.jpg?t=1697727229\"\n\t\t\tdata-image-id=\"5218\"\n\t\t\tdata-image-name=\"2023-instalacoes-cjn-24.jpg\"\n\t\t\tdata-title=\"Sala dos Professores\"\n\t\t\tdata-description=\"\"\n\t\t\tdata-image-slug=\"2023-instalacoes-cjn-24\"\n\t\t\t\t\t\t\t\t\t\t\t\t\t\t\t\t\t\t\t\tclass=\"ngg-simplelightbox\" rel=\"f30d795e65913078a5a13728c75985b2\">\n\t\t\t\t\t\t\t\t<img\n\t\t\t\t\ttitle=\"Sala dos Professores\"\n\t\t\t\t\talt=\"Sala dos Professores\"\n\t\t\t\t\tsrc=\"https:\/\/redebeneditina.org.br\/cjn\/wp-content\/gallery\/instalacoes-cjn\/thumbs\/thumbs_2023-instalacoes-cjn-24.jpg?t=1697727229\"\n\t\t\t\t\twidth=\"240\"\n\t\t\t\t\theight=\"240\"\n\t\t\t\t\tstyle=\"max-width:100%;\"\n\t\t\t\t\/>\n\t\t\t<\/a>\n\t\t<\/div>\n\t\t\t\t\t\t\t<\/div>\n\t\t\t\n\t\n\t<br style=\"clear: both\" \/>\n\n\t\n\t\t<!-- Pagination -->\n\t\t<div class='ngg-clear'><\/div>\t<\/div>\n<\/p><h3>\u00a0<\/h3><p>Veja a estrutura do Col\u00e9gio Jesus de Nazar\u00e9 para melhor Acolher, Assistir e Educar:<\/p><ul><li>Biblioteca<\/li><li>Capela<\/li><li>Fachada do Col\u00e9gio Jesus de Nazar\u00e9<\/li><li>Gin\u00e1sio<\/li><li>Hall da Entrada<\/li><li>Laborat\u00f3rio<\/li><li>Parque Infantil<\/li><li>P\u00e1tio Externo<\/li><li>Pr\u00e9dio da Educa\u00e7\u00e3o Infantil<\/li><li>Sala de Atendimento<\/li><li>Sala de Atendimento de Sa\u00fade<\/li><li>Sala de Aula &#8211; Educa\u00e7\u00e3o Infantil<\/li><li>Sala de Aula &#8211; Ensino Fundamental<\/li><li>Sala de Aula &#8211; Ensino M\u00e9dio<\/li><li>Sala de Dan\u00e7a<\/li><li>Sala de Espera<\/li><li>Sala de Inform\u00e1tica<\/li><li>Sala de Reuni\u00e3o<\/li><li>Sala dos Professores<\/li><\/ul>\t\t\t\t\t\t\t\t<\/div>\n\t\t\t\t<\/div>\n\t\t\t\t<div class=\"elementor-element elementor-element-41cd2c03 elementor-widget elementor-widget-spacer\" data-id=\"41cd2c03\" data-element_type=\"widget\" data-e-type=\"widget\" data-widget_type=\"spacer.default\">\n\t\t\t\t<div class=\"elementor-widget-container\">\n\t\t\t\t\t\t\t<div class=\"elementor-spacer\">\n\t\t\t<div class=\"elementor-spacer-inner\"><\/div>\n\t\t<\/div>\n\t\t\t\t\t\t<\/div>\n\t\t\t\t<\/div>\n\t\t\t\t\t<\/div>\n\t\t<\/div>\n\t\t\t\t\t<\/div>\n\t\t<\/section>\n\t\t\t\t\t<\/div>\n\t\t<\/div>\n\t\t\t\t\t<\/div>\n\t\t<\/section>\n\t\t\t\t<section class=\"elementor-section elementor-top-section elementor-element elementor-element-3b110fbc elementor-section-stretched elementor-section-full_width elementor-section-height-default elementor-section-height-default\" data-id=\"3b110fbc\" data-element_type=\"section\" data-e-type=\"section\" data-settings=\"{&quot;stretch_section&quot;:&quot;section-stretched&quot;,&quot;background_background&quot;:&quot;classic&quot;}\">\n\t\t\t\t\t\t<div class=\"elementor-container elementor-column-gap-no\">\n\t\t\t\t\t<div class=\"elementor-column elementor-col-100 elementor-top-column elementor-element elementor-element-6e85c9c\" data-id=\"6e85c9c\" data-element_type=\"column\" data-e-type=\"column\" data-settings=\"{&quot;background_background&quot;:&quot;slideshow&quot;,&quot;background_slideshow_gallery&quot;:[],&quot;background_slideshow_loop&quot;:&quot;yes&quot;,&quot;background_slideshow_slide_duration&quot;:5000,&quot;background_slideshow_slide_transition&quot;:&quot;fade&quot;,&quot;background_slideshow_transition_duration&quot;:500}\">\n\t\t\t<div class=\"elementor-widget-wrap elementor-element-populated\">\n\t\t\t\t\t\t<div class=\"elementor-element elementor-element-45e5e8e4 elementor-widget elementor-widget-edubin-slider-addons\" data-id=\"45e5e8e4\" data-element_type=\"widget\" data-e-type=\"widget\" data-widget_type=\"edubin-slider-addons.default\">\n\t\t\t\t<div class=\"elementor-widget-container\">\n\t\t\t\t\t<div class=\"edubin-slider\"><div class=\"edubin-advance-slider-active  \" data-settings=\"{&quot;arrows&quot;:false,&quot;autoplay&quot;:false,&quot;infinite_loop&quot;:false,&quot;autoplay_speed&quot;:12000,&quot;animation_speed&quot;:12000,&quot;pause_on_hover&quot;:false,&quot;pause_on_interaction&quot;:false,&quot;mouse_drag&quot;:false,&quot;touch_drag&quot;:false}\"><div class=\"tpc-slider-carousel swiper swiper-container\"><div class=\"swiper-wrapper\"><div class=\"swiper-slide\"><div class=\"item-wrap elementor-repeater-item-00c19a1\">                                    \r\n                                    <div class=\"slide\" style=\"\r\n                                        background-image: url(https:\/\/redebeneditina.org.br\/cjn\/wp-content\/uploads\/2023\/06\/bg-agende-visita-cjn.jpg); \r\n                                        background-size: cover; \r\n                                        background-position: center center; \r\n                                    \">\r\n\r\n                                    <div class=\"edubin-slider-background-overlay\" style=\"background-color:#004DA000\"><\/div><div class=\"container\"><div class=\"row edubin-row\"><div class=\"edubin-col-xl-12 edubin-col-lg-12 edubin-col-md-12 edubin-col-sm-12 content-column\"><div class=\"content-box text-left\"><h3 class=\"edubin-slider-subtitle anim-to-top\" ><\/h3><h1 class=\"slider-title anim-to-right\" >Agende<span> uma visita <\/span><\/h1><div class=\"edubin-slider-content anim-to-left\" >Ficaremos muito felizes em apresentar nossa escola e proposta pedag\u00f3gica \u00e0s fam\u00edlias interessadas. <\/div><div class=\"button-box edubin-slider-btn anim-to-top\"><\/div><\/div><\/div><\/div><\/div><\/div><\/div><\/div><\/div><\/div><\/div><\/div>\t\t\t\t<\/div>\n\t\t\t\t<\/div>\n\t\t\t\t\t<\/div>\n\t\t<\/div>\n\t\t\t\t\t<\/div>\n\t\t<\/section>\n\t\t\t\t<section class=\"elementor-section elementor-top-section elementor-element elementor-element-1372c24f elementor-section-stretched elementor-section-boxed elementor-section-height-default elementor-section-height-default\" data-id=\"1372c24f\" data-element_type=\"section\" data-e-type=\"section\" data-settings=\"{&quot;stretch_section&quot;:&quot;section-stretched&quot;}\">\n\t\t\t\t\t\t<div class=\"elementor-container elementor-column-gap-default\">\n\t\t\t\t\t<div class=\"elementor-column elementor-col-100 elementor-top-column elementor-element elementor-element-3bfbbfec\" data-id=\"3bfbbfec\" data-element_type=\"column\" data-e-type=\"column\" data-settings=\"{&quot;background_background&quot;:&quot;classic&quot;}\">\n\t\t\t<div class=\"elementor-widget-wrap elementor-element-populated\">\n\t\t\t\t\t\t<section class=\"elementor-section elementor-inner-section elementor-element elementor-element-36a2573a elementor-section-content-middle elementor-section-boxed elementor-section-height-default elementor-section-height-default\" data-id=\"36a2573a\" data-element_type=\"section\" data-e-type=\"section\" data-settings=\"{&quot;background_background&quot;:&quot;classic&quot;}\">\n\t\t\t\t\t\t<div class=\"elementor-container elementor-column-gap-default\">\n\t\t\t\t\t<div class=\"elementor-column elementor-col-33 elementor-inner-column elementor-element elementor-element-7b9a75fb\" data-id=\"7b9a75fb\" data-element_type=\"column\" data-e-type=\"column\" data-settings=\"{&quot;background_background&quot;:&quot;classic&quot;}\">\n\t\t\t<div class=\"elementor-widget-wrap elementor-element-populated\">\n\t\t\t\t\t<div class=\"elementor-background-overlay\"><\/div>\n\t\t\t\t\t\t<div class=\"elementor-element elementor-element-274d9526 elementor-position-left elementor-vertical-align-middle elementor-widget elementor-widget-image-box\" data-id=\"274d9526\" data-element_type=\"widget\" data-e-type=\"widget\" data-settings=\"{&quot;_animation&quot;:&quot;none&quot;}\" data-widget_type=\"image-box.default\">\n\t\t\t\t<div class=\"elementor-widget-container\">\n\t\t\t\t\t<div class=\"elementor-image-box-wrapper\"><figure class=\"elementor-image-box-img\"><a href=\"https:\/\/wa.me\/5586995301078?text=Ol\u00e1!%20Eu%20vim%20pelo%20site%20Col\u00e9gio%20Jesus%20de%20Nazar\u00e9%20e%20gostaria%20de%20agendar%20uma%20visita.\" tabindex=\"-1\"><img decoding=\"async\" width=\"66\" height=\"66\" src=\"https:\/\/redebeneditina.org.br\/cjn\/wp-content\/uploads\/2023\/06\/agende-whats-2.png\" class=\"elementor-animation-grow attachment-full size-full wp-image-14997\" alt=\"\" \/><\/a><\/figure><div class=\"elementor-image-box-content\"><h2 class=\"elementor-image-box-title\"><a href=\"https:\/\/wa.me\/5586995301078?text=Ol\u00e1!%20Eu%20vim%20pelo%20site%20Col\u00e9gio%20Jesus%20de%20Nazar\u00e9%20e%20gostaria%20de%20agendar%20uma%20visita.\">Via Whatsapp<\/a><\/h2><\/div><\/div>\t\t\t\t<\/div>\n\t\t\t\t<\/div>\n\t\t\t\t<div class=\"elementor-element elementor-element-4b81f628 elementor-align-right elementor-mobile-align-center elementor-button-info elementor-widget elementor-widget-button\" data-id=\"4b81f628\" data-element_type=\"widget\" data-e-type=\"widget\" data-widget_type=\"button.default\">\n\t\t\t\t<div class=\"elementor-widget-container\">\n\t\t\t\t\t\t\t\t\t<div class=\"elementor-button-wrapper\">\n\t\t\t\t\t<a class=\"elementor-button elementor-button-link elementor-size-sm elementor-animation-skew-forward\" href=\"https:\/\/wa.me\/5586995301078?text=Ol\u00e1!%20Eu%20vim%20pelo%20site%20Col\u00e9gio%20Jesus%20de%20Nazar\u00e9%20e%20gostaria%20de%20agendar%20uma%20visita.\">\n\t\t\t\t\t\t<span class=\"elementor-button-content-wrapper\">\n\t\t\t\t\t\t<span class=\"elementor-button-icon\">\n\t\t\t\t<i aria-hidden=\"true\" class=\"fas fa-angle-double-right\"><\/i>\t\t\t<\/span>\n\t\t\t\t\t\t\t\t\t<span class=\"elementor-button-text\">99530 1078<\/span>\n\t\t\t\t\t<\/span>\n\t\t\t\t\t<\/a>\n\t\t\t\t<\/div>\n\t\t\t\t\t\t\t\t<\/div>\n\t\t\t\t<\/div>\n\t\t\t\t\t<\/div>\n\t\t<\/div>\n\t\t\t\t<div class=\"elementor-column elementor-col-33 elementor-inner-column elementor-element elementor-element-2c48478c\" data-id=\"2c48478c\" data-element_type=\"column\" data-e-type=\"column\" data-settings=\"{&quot;background_background&quot;:&quot;classic&quot;}\">\n\t\t\t<div class=\"elementor-widget-wrap elementor-element-populated\">\n\t\t\t\t\t<div class=\"elementor-background-overlay\"><\/div>\n\t\t\t\t\t\t<div class=\"elementor-element elementor-element-4f965762 elementor-position-left elementor-vertical-align-middle elementor-widget elementor-widget-image-box\" data-id=\"4f965762\" data-element_type=\"widget\" data-e-type=\"widget\" data-settings=\"{&quot;_animation&quot;:&quot;none&quot;}\" data-widget_type=\"image-box.default\">\n\t\t\t\t<div class=\"elementor-widget-container\">\n\t\t\t\t\t<div class=\"elementor-image-box-wrapper\"><figure class=\"elementor-image-box-img\"><a href=\"tel:+558631317400\" tabindex=\"-1\"><img decoding=\"async\" width=\"66\" height=\"66\" src=\"https:\/\/redebeneditina.org.br\/cjn\/wp-content\/uploads\/2023\/06\/agenda-tel-2-1.png\" class=\"elementor-animation-grow attachment-full size-full wp-image-14998\" alt=\"\" \/><\/a><\/figure><div class=\"elementor-image-box-content\"><h2 class=\"elementor-image-box-title\"><a href=\"tel:+558631317400\">Via Telefone<\/a><\/h2><\/div><\/div>\t\t\t\t<\/div>\n\t\t\t\t<\/div>\n\t\t\t\t<div class=\"elementor-element elementor-element-3eb10c13 elementor-align-right elementor-mobile-align-center elementor-widget elementor-widget-button\" data-id=\"3eb10c13\" data-element_type=\"widget\" data-e-type=\"widget\" data-widget_type=\"button.default\">\n\t\t\t\t<div class=\"elementor-widget-container\">\n\t\t\t\t\t\t\t\t\t<div class=\"elementor-button-wrapper\">\n\t\t\t\t\t<a class=\"elementor-button elementor-button-link elementor-size-sm elementor-animation-skew-forward\" href=\"tel:+558631317400\">\n\t\t\t\t\t\t<span class=\"elementor-button-content-wrapper\">\n\t\t\t\t\t\t<span class=\"elementor-button-icon\">\n\t\t\t\t<i aria-hidden=\"true\" class=\"fas fa-angle-double-right\"><\/i>\t\t\t<\/span>\n\t\t\t\t\t\t\t\t\t<span class=\"elementor-button-text\">3131 7400<\/span>\n\t\t\t\t\t<\/span>\n\t\t\t\t\t<\/a>\n\t\t\t\t<\/div>\n\t\t\t\t\t\t\t\t<\/div>\n\t\t\t\t<\/div>\n\t\t\t\t\t<\/div>\n\t\t<\/div>\n\t\t\t\t<div class=\"elementor-column elementor-col-33 elementor-inner-column elementor-element elementor-element-36cf0c5f\" data-id=\"36cf0c5f\" data-element_type=\"column\" data-e-type=\"column\" data-settings=\"{&quot;background_background&quot;:&quot;classic&quot;}\">\n\t\t\t<div class=\"elementor-widget-wrap elementor-element-populated\">\n\t\t\t\t\t<div class=\"elementor-background-overlay\"><\/div>\n\t\t\t\t\t\t<div class=\"elementor-element elementor-element-bf73195 elementor-position-left elementor-vertical-align-middle elementor-widget elementor-widget-image-box\" data-id=\"bf73195\" data-element_type=\"widget\" data-e-type=\"widget\" data-settings=\"{&quot;_animation&quot;:&quot;none&quot;}\" data-widget_type=\"image-box.default\">\n\t\t\t\t<div class=\"elementor-widget-container\">\n\t\t\t\t\t<div class=\"elementor-image-box-wrapper\"><figure class=\"elementor-image-box-img\"><a href=\"https:\/\/redebeneditina.org.br\/cjn\/contato\/\" tabindex=\"-1\"><img decoding=\"async\" width=\"66\" height=\"66\" src=\"https:\/\/redebeneditina.org.br\/cjn\/wp-content\/uploads\/2023\/06\/agenda-form-2-2.png\" class=\"elementor-animation-grow attachment-full size-full wp-image-14999\" alt=\"\" \/><\/a><\/figure><div class=\"elementor-image-box-content\"><h2 class=\"elementor-image-box-title\"><a href=\"https:\/\/redebeneditina.org.br\/cjn\/contato\/\">Via On-line<\/a><\/h2><\/div><\/div>\t\t\t\t<\/div>\n\t\t\t\t<\/div>\n\t\t\t\t<div class=\"elementor-element elementor-element-e4164e2 elementor-align-right elementor-mobile-align-center elementor-widget elementor-widget-button\" data-id=\"e4164e2\" data-element_type=\"widget\" data-e-type=\"widget\" data-widget_type=\"button.default\">\n\t\t\t\t<div class=\"elementor-widget-container\">\n\t\t\t\t\t\t\t\t\t<div class=\"elementor-button-wrapper\">\n\t\t\t\t\t<a class=\"elementor-button elementor-button-link elementor-size-sm elementor-animation-skew-forward\" href=\"https:\/\/redebeneditina.org.br\/cjn\/contato\/\">\n\t\t\t\t\t\t<span class=\"elementor-button-content-wrapper\">\n\t\t\t\t\t\t<span class=\"elementor-button-icon\">\n\t\t\t\t<i aria-hidden=\"true\" class=\"fas fa-angle-double-right\"><\/i>\t\t\t<\/span>\n\t\t\t\t\t\t\t\t\t<span class=\"elementor-button-text\">Clique aqui<\/span>\n\t\t\t\t\t<\/span>\n\t\t\t\t\t<\/a>\n\t\t\t\t<\/div>\n\t\t\t\t\t\t\t\t<\/div>\n\t\t\t\t<\/div>\n\t\t\t\t\t<\/div>\n\t\t<\/div>\n\t\t\t\t\t<\/div>\n\t\t<\/section>\n\t\t\t\t\t<\/div>\n\t\t<\/div>\n\t\t\t\t\t<\/div>\n\t\t<\/section>\n\t\t\t\t<section class=\"elementor-section elementor-top-section elementor-element elementor-element-21bef055 elementor-section-boxed elementor-section-height-default elementor-section-height-default\" data-id=\"21bef055\" data-element_type=\"section\" data-e-type=\"section\">\n\t\t\t\t\t\t<div class=\"elementor-container elementor-column-gap-default\">\n\t\t\t\t\t<div class=\"elementor-column elementor-col-100 elementor-top-column elementor-element elementor-element-130529b8\" data-id=\"130529b8\" data-element_type=\"column\" data-e-type=\"column\">\n\t\t\t<div class=\"elementor-widget-wrap elementor-element-populated\">\n\t\t\t\t\t\t<div class=\"elementor-element elementor-element-315596ce elementor-widget elementor-widget-custom-title-addons\" data-id=\"315596ce\" data-element_type=\"widget\" data-e-type=\"widget\" data-widget_type=\"custom-title-addons.default\">\n\t\t\t\t<div class=\"elementor-widget-container\">\n\t\t\t\t\t<div class=\"tpc-double_heading\"><div class=\"dbl__subtitle\"><span>MISS\u00c3O, VIS\u00c3O E VALORES DA REDE BENEDITINA<\/span><\/div><h3 class=\"dbl__title-wrapper\"><span class=\"dbl__title dbl-title_1\">Acolher, Assistir e Educar <\/span><span class=\"dbl__title dbl-title_2\"  >a crian\u00e7a, o adolescente e o jovem por meio da forma\u00e7\u00e3o integral, humanista e crist\u00e3 e <\/span><span class=\"dbl__title dbl-title_3\">proteger e amparar o idoso.<\/span><\/h3><\/div>\t\t\t\t<\/div>\n\t\t\t\t<\/div>\n\t\t\t\t\t<\/div>\n\t\t<\/div>\n\t\t\t\t\t<\/div>\n\t\t<\/section>\n\t\t\t\t<section class=\"elementor-section elementor-top-section elementor-element elementor-element-123f44a0 elementor-section-boxed elementor-section-height-default elementor-section-height-default\" data-id=\"123f44a0\" data-element_type=\"section\" data-e-type=\"section\">\n\t\t\t\t\t\t<div class=\"elementor-container elementor-column-gap-default\">\n\t\t\t\t\t<div class=\"elementor-column elementor-col-100 elementor-top-column elementor-element elementor-element-31290554\" data-id=\"31290554\" data-element_type=\"column\" data-e-type=\"column\">\n\t\t\t<div class=\"elementor-widget-wrap elementor-element-populated\">\n\t\t\t\t\t\t<section class=\"elementor-section elementor-inner-section elementor-element elementor-element-b4f366a elementor-section-boxed elementor-section-height-default elementor-section-height-default\" data-id=\"b4f366a\" data-element_type=\"section\" data-e-type=\"section\">\n\t\t\t\t\t\t<div class=\"elementor-container elementor-column-gap-default\">\n\t\t\t\t\t<div class=\"elementor-column elementor-col-33 elementor-inner-column elementor-element elementor-element-3c0cd0e elementor-invisible\" data-id=\"3c0cd0e\" data-element_type=\"column\" data-e-type=\"column\" data-settings=\"{&quot;animation&quot;:&quot;slideInLeft&quot;}\">\n\t\t\t<div class=\"elementor-widget-wrap elementor-element-populated\">\n\t\t\t\t\t\t<div class=\"elementor-element elementor-element-105f4f3 edubin-title-align-left elementor-widget elementor-widget-section-title-addons\" data-id=\"105f4f3\" data-element_type=\"widget\" data-e-type=\"widget\" data-widget_type=\"section-title-addons.default\">\n\t\t\t\t<div class=\"elementor-widget-container\">\n\t\t\t\t\t            <div class=\"edubin-section-title edubin-subtitle-position-top title-style-one\">\r\n                <h2 class=\"section-title-txt\">Miss\u00e3o<\/h2><p class=\"section-subtitle-txt\">01<\/p>            <\/div>\r\n\r\n        \t\t\t\t<\/div>\n\t\t\t\t<\/div>\n\t\t\t\t<div class=\"elementor-element elementor-element-b138fd3 elementor-widget elementor-widget-text-editor\" data-id=\"b138fd3\" data-element_type=\"widget\" data-e-type=\"widget\" data-widget_type=\"text-editor.default\">\n\t\t\t\t<div class=\"elementor-widget-container\">\n\t\t\t\t\t\t\t\t\t<p>Confiante na Divina Provid\u00eancia a ABEAS tem como miss\u00e3o: Acolher, Assistir e Educar a crian\u00e7a, o adolescente e o jovem por meio da forma\u00e7\u00e3o integral, humanista e crist\u00e3; zelar pela qualidade da educa\u00e7\u00e3o preparando profissionais do futuro com s\u00f3lidos princ\u00edpios \u00e9ticos; proteger e amparar o idoso, primando pela qualidade e excel\u00eancia das tarefas que essa miss\u00e3o exige.<\/p>\t\t\t\t\t\t\t\t<\/div>\n\t\t\t\t<\/div>\n\t\t\t\t\t<\/div>\n\t\t<\/div>\n\t\t\t\t<div class=\"elementor-column elementor-col-33 elementor-inner-column elementor-element elementor-element-58e491f elementor-invisible\" data-id=\"58e491f\" data-element_type=\"column\" data-e-type=\"column\" data-settings=\"{&quot;animation&quot;:&quot;slideInUp&quot;}\">\n\t\t\t<div class=\"elementor-widget-wrap elementor-element-populated\">\n\t\t\t\t\t\t<div class=\"elementor-element elementor-element-060ec1d edubin-title-align-left elementor-widget elementor-widget-section-title-addons\" data-id=\"060ec1d\" data-element_type=\"widget\" data-e-type=\"widget\" data-widget_type=\"section-title-addons.default\">\n\t\t\t\t<div class=\"elementor-widget-container\">\n\t\t\t\t\t            <div class=\"edubin-section-title edubin-subtitle-position-top title-style-one\">\r\n                <h2 class=\"section-title-txt\">Vis\u00e3o<\/h2><p class=\"section-subtitle-txt\">02<\/p>            <\/div>\r\n\r\n        \t\t\t\t<\/div>\n\t\t\t\t<\/div>\n\t\t\t\t<div class=\"elementor-element elementor-element-a841dbe elementor-widget elementor-widget-text-editor\" data-id=\"a841dbe\" data-element_type=\"widget\" data-e-type=\"widget\" data-widget_type=\"text-editor.default\">\n\t\t\t\t<div class=\"elementor-widget-container\">\n\t\t\t\t\t\t\t\t\t<p>A ABEAS almeja ser reconhecida pela excel\u00eancia na forma\u00e7\u00e3o integral, humanista e crist\u00e3 de crian\u00e7as, adolescentes e jovens e pela qualidade acad\u00eamica; preservar e difundir o trabalho da rede de escolas e das obras assistenciais; primar pela satisfa\u00e7\u00e3o dos alunos, idosos, assistidos, familiares e parceiros; evoluir continuamente a qualifica\u00e7\u00e3o docente e t\u00e9cnico-administrativa.<\/p>\t\t\t\t\t\t\t\t<\/div>\n\t\t\t\t<\/div>\n\t\t\t\t\t<\/div>\n\t\t<\/div>\n\t\t\t\t<div class=\"elementor-column elementor-col-33 elementor-inner-column elementor-element elementor-element-ca3e04c elementor-invisible\" data-id=\"ca3e04c\" data-element_type=\"column\" data-e-type=\"column\" data-settings=\"{&quot;animation&quot;:&quot;slideInRight&quot;}\">\n\t\t\t<div class=\"elementor-widget-wrap elementor-element-populated\">\n\t\t\t\t\t\t<div class=\"elementor-element elementor-element-8249c9c edubin-title-align-left elementor-widget elementor-widget-section-title-addons\" data-id=\"8249c9c\" data-element_type=\"widget\" data-e-type=\"widget\" data-widget_type=\"section-title-addons.default\">\n\t\t\t\t<div class=\"elementor-widget-container\">\n\t\t\t\t\t            <div class=\"edubin-section-title edubin-subtitle-position-top title-style-one\">\r\n                <h2 class=\"section-title-txt\">Valores<\/h2><p class=\"section-subtitle-txt\">03<\/p>            <\/div>\r\n\r\n        \t\t\t\t<\/div>\n\t\t\t\t<\/div>\n\t\t\t\t<div class=\"elementor-element elementor-element-2f023ac elementor-widget elementor-widget-text-editor\" data-id=\"2f023ac\" data-element_type=\"widget\" data-e-type=\"widget\" data-widget_type=\"text-editor.default\">\n\t\t\t\t<div class=\"elementor-widget-container\">\n\t\t\t\t\t\t\t\t\t<p>S\u00e3o valores imprescind\u00edveis: a cren\u00e7a em Deus, na fam\u00edlia e na dignidade humana; a honestidade, solidariedade e paz; a partilha de bens e saber com todos; a liberdade de aprender, pesquisar e divulgar a cultura, o pensamento, a arte e o saber; o respeito e apre\u00e7o \u00e0 liberdade, \u00e0 toler\u00e2ncia, ao ambiente harm\u00f4nico, ao perd\u00e3o e \u00e0 cultura de paz; a defesa da vida e o cuidado da natureza; uso consciente, respons\u00e1vel e saud\u00e1vel da inova\u00e7\u00e3o e transforma\u00e7\u00e3o digital.<\/p>\t\t\t\t\t\t\t\t<\/div>\n\t\t\t\t<\/div>\n\t\t\t\t\t<\/div>\n\t\t<\/div>\n\t\t\t\t\t<\/div>\n\t\t<\/section>\n\t\t\t\t\t<\/div>\n\t\t<\/div>\n\t\t\t\t\t<\/div>\n\t\t<\/section>\n\t\t\t\t<\/div>\n\t\t","protected":false},"excerpt":{"rendered":"<p>Instala\u00e7\u00f5es &nbsp; Col\u00e9gio Jesus de Nazar\u00e9 \u00a0 Veja a estrutura do Col\u00e9gio Jesus de Nazar\u00e9 para melhor Acolher, Assistir e Educar: Biblioteca Capela Fachada do Col\u00e9gio Jesus de Nazar\u00e9 Gin\u00e1sio Hall da Entrada Laborat\u00f3rio Parque Infantil P\u00e1tio Externo Pr\u00e9dio da Educa\u00e7\u00e3o Infantil Sala de Atendimento Sala de Atendimento de Sa\u00fade Sala de Aula &#8211; Educa\u00e7\u00e3o&#8230;<\/p>\n","protected":false},"author":4,"featured_media":0,"parent":0,"menu_order":0,"comment_status":"closed","ping_status":"closed","template":"","meta":{"_monsterinsights_skip_tracking":false,"_monsterinsights_sitenote_active":false,"_monsterinsights_sitenote_note":"","_monsterinsights_sitenote_category":0,"ngg_post_thumbnail":0,"footnotes":""},"class_list":["post-15205","page","type-page","status-publish","hentry"],"_links":{"self":[{"href":"https:\/\/redebeneditina.org.br\/cjn\/wp-json\/wp\/v2\/pages\/15205","targetHints":{"allow":["GET"]}}],"collection":[{"href":"https:\/\/redebeneditina.org.br\/cjn\/wp-json\/wp\/v2\/pages"}],"about":[{"href":"https:\/\/redebeneditina.org.br\/cjn\/wp-json\/wp\/v2\/types\/page"}],"author":[{"embeddable":true,"href":"https:\/\/redebeneditina.org.br\/cjn\/wp-json\/wp\/v2\/users\/4"}],"replies":[{"embeddable":true,"href":"https:\/\/redebeneditina.org.br\/cjn\/wp-json\/wp\/v2\/comments?post=15205"}],"version-history":[{"count":6,"href":"https:\/\/redebeneditina.org.br\/cjn\/wp-json\/wp\/v2\/pages\/15205\/revisions"}],"predecessor-version":[{"id":26053,"href":"https:\/\/redebeneditina.org.br\/cjn\/wp-json\/wp\/v2\/pages\/15205\/revisions\/26053"}],"wp:attachment":[{"href":"https:\/\/redebeneditina.org.br\/cjn\/wp-json\/wp\/v2\/media?parent=15205"}],"curies":[{"name":"wp","href":"https:\/\/api.w.org\/{rel}","templated":true}]}}