{"id":27956,"date":"2025-06-05T18:12:10","date_gmt":"2025-06-05T21:12:10","guid":{"rendered":"https:\/\/redebeneditina.org.br\/cjn\/?page_id=27956"},"modified":"2025-06-05T18:47:19","modified_gmt":"2025-06-05T21:47:19","slug":"noticias","status":"publish","type":"page","link":"https:\/\/redebeneditina.org.br\/cjn\/noticias\/","title":{"rendered":"Not\u00edcias"},"content":{"rendered":"\t\t<div data-elementor-type=\"wp-page\" data-elementor-id=\"27956\" class=\"elementor elementor-27956\">\n\t\t\t\t\t\t<section class=\"elementor-section elementor-top-section elementor-element elementor-element-a84b660 elementor-section-boxed elementor-section-height-default elementor-section-height-default\" data-id=\"a84b660\" data-element_type=\"section\" data-e-type=\"section\">\n\t\t\t\t\t\t<div class=\"elementor-container elementor-column-gap-custom\">\n\t\t\t\t\t<div class=\"elementor-column elementor-col-66 elementor-top-column elementor-element elementor-element-20f5a6c\" data-id=\"20f5a6c\" data-element_type=\"column\" data-e-type=\"column\">\n\t\t\t<div class=\"elementor-widget-wrap elementor-element-populated\">\n\t\t\t\t\t\t<div class=\"elementor-element elementor-element-eb3f78c elementor-widget elementor-widget-edubin-latest-post\" data-id=\"eb3f78c\" data-element_type=\"widget\" data-e-type=\"widget\" data-widget_type=\"edubin-latest-post.default\">\n\t\t\t\t<div class=\"elementor-widget-container\">\n\t\t\t\t\t            \n            <div class=\"row tpc_g_30 edubin-latest-news layout-1\">\n    \n                    \n                    \n              \n                        <div class=\" edubin-col-12 edubin-col-sm-6 edubin-col-md-6 edubin-col-lg-6 6 \">\n                            <div class=\"single-news\"  data-sal>\n                                                                    <div class=\"news-thum\">\n                                        <a href=\"https:\/\/redebeneditina.org.br\/cjn\/a-semana-santa-no-infantil\/\">\n                                            <img fetchpriority=\"high\" decoding=\"async\" width=\"1080\" height=\"810\" src=\"https:\/\/redebeneditina.org.br\/cjn\/wp-content\/uploads\/2026\/04\/2026-ensino-religioso-colegio-jesus-de-nazare-teresina-16-1.jpg\" class=\"attachment-course_thumb size-course_thumb wp-post-image\" alt=\"\" srcset=\"https:\/\/redebeneditina.org.br\/cjn\/wp-content\/uploads\/2026\/04\/2026-ensino-religioso-colegio-jesus-de-nazare-teresina-16-1.jpg 1080w, https:\/\/redebeneditina.org.br\/cjn\/wp-content\/uploads\/2026\/04\/2026-ensino-religioso-colegio-jesus-de-nazare-teresina-16-1-300x225.jpg 300w, https:\/\/redebeneditina.org.br\/cjn\/wp-content\/uploads\/2026\/04\/2026-ensino-religioso-colegio-jesus-de-nazare-teresina-16-1-1024x768.jpg 1024w, https:\/\/redebeneditina.org.br\/cjn\/wp-content\/uploads\/2026\/04\/2026-ensino-religioso-colegio-jesus-de-nazare-teresina-16-1-768x576.jpg 768w\" sizes=\"(max-width: 1080px) 100vw, 1080px\" \/>                                        <\/a>\n                                                                            <\/div>\n                                    \n                                    <div class=\"news-cont\">\n                                                                                <ul>\n                                                                                            <li><a href=\"https:\/\/redebeneditina.org.br\/cjn\/2026\/04\/02\/\"><i class=\"flaticon-calendar\"><\/i>02 abril 2026 <\/a><\/li>\n                                                                                                                                <\/ul>\n                                                                                    <a href=\"https:\/\/redebeneditina.org.br\/cjn\/a-semana-santa-no-infantil\/\"><h3 class=\"news-title\">A Semana Santa no Infantil<\/h3><\/a>\n                                                                                                                            <p>Na delicadeza do olhar infantil, a Semana Santa ganhou vida em nossa<\/p>\n                                                                                    \n                                    <\/div>\n                            <\/div> <!-- single news -->\n                        <\/div>\n          \n    \n                            \n                    \n              \n                        <div class=\" edubin-col-12 edubin-col-sm-6 edubin-col-md-6 edubin-col-lg-6 6 \">\n                            <div class=\"single-news\"  data-sal>\n                                                                    <div class=\"news-thum\">\n                                        <a href=\"https:\/\/redebeneditina.org.br\/cjn\/alunos-do-colegio-jesus-de-nazare-encenam-a-via-sacra\/\">\n                                            <img decoding=\"async\" width=\"1080\" height=\"810\" src=\"https:\/\/redebeneditina.org.br\/cjn\/wp-content\/uploads\/2026\/04\/2026-ensino-religioso-colegio-jesus-de-nazare-teresina-22.jpg\" class=\"attachment-course_thumb size-course_thumb wp-post-image\" alt=\"\" srcset=\"https:\/\/redebeneditina.org.br\/cjn\/wp-content\/uploads\/2026\/04\/2026-ensino-religioso-colegio-jesus-de-nazare-teresina-22.jpg 1080w, https:\/\/redebeneditina.org.br\/cjn\/wp-content\/uploads\/2026\/04\/2026-ensino-religioso-colegio-jesus-de-nazare-teresina-22-300x225.jpg 300w, https:\/\/redebeneditina.org.br\/cjn\/wp-content\/uploads\/2026\/04\/2026-ensino-religioso-colegio-jesus-de-nazare-teresina-22-1024x768.jpg 1024w, https:\/\/redebeneditina.org.br\/cjn\/wp-content\/uploads\/2026\/04\/2026-ensino-religioso-colegio-jesus-de-nazare-teresina-22-768x576.jpg 768w\" sizes=\"(max-width: 1080px) 100vw, 1080px\" \/>                                        <\/a>\n                                                                            <\/div>\n                                    \n                                    <div class=\"news-cont\">\n                                                                                <ul>\n                                                                                            <li><a href=\"https:\/\/redebeneditina.org.br\/cjn\/2026\/03\/31\/\"><i class=\"flaticon-calendar\"><\/i>31 mar\u00e7o 2026 <\/a><\/li>\n                                                                                                                                <\/ul>\n                                                                                    <a href=\"https:\/\/redebeneditina.org.br\/cjn\/alunos-do-colegio-jesus-de-nazare-encenam-a-via-sacra\/\"><h3 class=\"news-title\">Alunos do Col\u00e9gio Jesus de Nazar\u00e9 encenam a Via Sacra<\/h3><\/a>\n                                                                                                                            <p>Na caminhada da Quaresma, vivenciamos um momento profundo de f\u00e9 atrav\u00e9s da<\/p>\n                                                                                    \n                                    <\/div>\n                            <\/div> <!-- single news -->\n                        <\/div>\n          \n    \n                            \n                    \n              \n                        <div class=\" edubin-col-12 edubin-col-sm-6 edubin-col-md-6 edubin-col-lg-6 6 \">\n                            <div class=\"single-news\"  data-sal>\n                                                                    <div class=\"news-thum\">\n                                        <a href=\"https:\/\/redebeneditina.org.br\/cjn\/o-picadeiro-ganhou-vida-no-colegio-jesus-de-nazare\/\">\n                                            <img decoding=\"async\" width=\"1080\" height=\"810\" src=\"https:\/\/redebeneditina.org.br\/cjn\/wp-content\/uploads\/2026\/03\/2026-ed-infantil-colegio-jesus-de-nazare-teresina-24.jpg\" class=\"attachment-course_thumb size-course_thumb wp-post-image\" alt=\"\" srcset=\"https:\/\/redebeneditina.org.br\/cjn\/wp-content\/uploads\/2026\/03\/2026-ed-infantil-colegio-jesus-de-nazare-teresina-24.jpg 1080w, https:\/\/redebeneditina.org.br\/cjn\/wp-content\/uploads\/2026\/03\/2026-ed-infantil-colegio-jesus-de-nazare-teresina-24-300x225.jpg 300w, https:\/\/redebeneditina.org.br\/cjn\/wp-content\/uploads\/2026\/03\/2026-ed-infantil-colegio-jesus-de-nazare-teresina-24-1024x768.jpg 1024w, https:\/\/redebeneditina.org.br\/cjn\/wp-content\/uploads\/2026\/03\/2026-ed-infantil-colegio-jesus-de-nazare-teresina-24-768x576.jpg 768w\" sizes=\"(max-width: 1080px) 100vw, 1080px\" \/>                                        <\/a>\n                                                                            <\/div>\n                                    \n                                    <div class=\"news-cont\">\n                                                                                <ul>\n                                                                                            <li><a href=\"https:\/\/redebeneditina.org.br\/cjn\/2026\/03\/27\/\"><i class=\"flaticon-calendar\"><\/i>27 mar\u00e7o 2026 <\/a><\/li>\n                                                                                                                                <\/ul>\n                                                                                    <a href=\"https:\/\/redebeneditina.org.br\/cjn\/o-picadeiro-ganhou-vida-no-colegio-jesus-de-nazare\/\"><h3 class=\"news-title\">O picadeiro ganhou vida no Col\u00e9gio Jesus de Nazar\u00e9!<\/h3><\/a>\n                                                                                                                            <p>Nossos pequenos do Infantil (Maternal I, Maternal II, Pr\u00e9 I e Pr\u00e9<\/p>\n                                                                                    \n                                    <\/div>\n                            <\/div> <!-- single news -->\n                        <\/div>\n          \n    \n                            \n                    \n              \n                        <div class=\" edubin-col-12 edubin-col-sm-6 edubin-col-md-6 edubin-col-lg-6 6 \">\n                            <div class=\"single-news\"  data-sal>\n                                                                    <div class=\"news-thum\">\n                                        <a href=\"https:\/\/redebeneditina.org.br\/cjn\/uma-viagem-ao-passado-no-5o-ano\/\">\n                                            <img loading=\"lazy\" decoding=\"async\" width=\"1080\" height=\"810\" src=\"https:\/\/redebeneditina.org.br\/cjn\/wp-content\/uploads\/2026\/03\/2026-5ano-colegio-jesus-de-nazare-teresina-14.jpg\" class=\"attachment-course_thumb size-course_thumb wp-post-image\" alt=\"\" srcset=\"https:\/\/redebeneditina.org.br\/cjn\/wp-content\/uploads\/2026\/03\/2026-5ano-colegio-jesus-de-nazare-teresina-14.jpg 1080w, https:\/\/redebeneditina.org.br\/cjn\/wp-content\/uploads\/2026\/03\/2026-5ano-colegio-jesus-de-nazare-teresina-14-300x225.jpg 300w, https:\/\/redebeneditina.org.br\/cjn\/wp-content\/uploads\/2026\/03\/2026-5ano-colegio-jesus-de-nazare-teresina-14-1024x768.jpg 1024w, https:\/\/redebeneditina.org.br\/cjn\/wp-content\/uploads\/2026\/03\/2026-5ano-colegio-jesus-de-nazare-teresina-14-768x576.jpg 768w\" sizes=\"(max-width: 1080px) 100vw, 1080px\" \/>                                        <\/a>\n                                                                            <\/div>\n                                    \n                                    <div class=\"news-cont\">\n                                                                                <ul>\n                                                                                            <li><a href=\"https:\/\/redebeneditina.org.br\/cjn\/2026\/03\/27\/\"><i class=\"flaticon-calendar\"><\/i>27 mar\u00e7o 2026 <\/a><\/li>\n                                                                                                                                <\/ul>\n                                                                                    <a href=\"https:\/\/redebeneditina.org.br\/cjn\/uma-viagem-ao-passado-no-5o-ano\/\"><h3 class=\"news-title\">Uma viagem ao passado no 5\u00ba ano<\/h3><\/a>\n                                                                                                                            <p>No 5\u00ba ano, a aprendizagem foi uma verdadeira viagem ao passado! Estudando<\/p>\n                                                                                    \n                                    <\/div>\n                            <\/div> <!-- single news -->\n                        <\/div>\n          \n    \n                            \n                    \n              \n                        <div class=\" edubin-col-12 edubin-col-sm-6 edubin-col-md-6 edubin-col-lg-6 6 \">\n                            <div class=\"single-news\"  data-sal>\n                                                                    <div class=\"news-thum\">\n                                        <a href=\"https:\/\/redebeneditina.org.br\/cjn\/criatividade-que-encanta-o-2o-ano-e-o-chapeu-fora-de-moda\/\">\n                                            <img loading=\"lazy\" decoding=\"async\" width=\"461\" height=\"590\" src=\"https:\/\/redebeneditina.org.br\/cjn\/wp-content\/uploads\/2026\/03\/2ano-colegio-jesus-de-nazare-teresina-mar2026.jpg\" class=\"attachment-course_thumb size-course_thumb wp-post-image\" alt=\"\" srcset=\"https:\/\/redebeneditina.org.br\/cjn\/wp-content\/uploads\/2026\/03\/2ano-colegio-jesus-de-nazare-teresina-mar2026.jpg 461w, https:\/\/redebeneditina.org.br\/cjn\/wp-content\/uploads\/2026\/03\/2ano-colegio-jesus-de-nazare-teresina-mar2026-234x300.jpg 234w\" sizes=\"(max-width: 461px) 100vw, 461px\" \/>                                        <\/a>\n                                                                            <\/div>\n                                    \n                                    <div class=\"news-cont\">\n                                                                                <ul>\n                                                                                            <li><a href=\"https:\/\/redebeneditina.org.br\/cjn\/2026\/03\/27\/\"><i class=\"flaticon-calendar\"><\/i>27 mar\u00e7o 2026 <\/a><\/li>\n                                                                                                                                <\/ul>\n                                                                                    <a href=\"https:\/\/redebeneditina.org.br\/cjn\/criatividade-que-encanta-o-2o-ano-e-o-chapeu-fora-de-moda\/\"><h3 class=\"news-title\">Criatividade que encanta: o 2\u00ba ano e o \u201cChap\u00e9u Fora de Moda\u201d<\/h3><\/a>\n                                                                                                                            <p>No 2\u00ba ano, a aprendizagem ganha vida de um jeito leve, criativo<\/p>\n                                                                                    \n                                    <\/div>\n                            <\/div> <!-- single news -->\n                        <\/div>\n          \n    \n                            \n                    \n              \n                        <div class=\" edubin-col-12 edubin-col-sm-6 edubin-col-md-6 edubin-col-lg-6 6 \">\n                            <div class=\"single-news\"  data-sal>\n                                                                    <div class=\"news-thum\">\n                                        <a href=\"https:\/\/redebeneditina.org.br\/cjn\/aprender-e-experimentar-maternal-i-prepara-suco-de-abacate\/\">\n                                            <img loading=\"lazy\" decoding=\"async\" width=\"461\" height=\"590\" src=\"https:\/\/redebeneditina.org.br\/cjn\/wp-content\/uploads\/2026\/03\/maternal-colegio-jesus-de-nazare-teresina-mar2026.jpg\" class=\"attachment-course_thumb size-course_thumb wp-post-image\" alt=\"\" srcset=\"https:\/\/redebeneditina.org.br\/cjn\/wp-content\/uploads\/2026\/03\/maternal-colegio-jesus-de-nazare-teresina-mar2026.jpg 461w, https:\/\/redebeneditina.org.br\/cjn\/wp-content\/uploads\/2026\/03\/maternal-colegio-jesus-de-nazare-teresina-mar2026-234x300.jpg 234w\" sizes=\"(max-width: 461px) 100vw, 461px\" \/>                                        <\/a>\n                                                                            <\/div>\n                                    \n                                    <div class=\"news-cont\">\n                                                                                <ul>\n                                                                                            <li><a href=\"https:\/\/redebeneditina.org.br\/cjn\/2026\/03\/25\/\"><i class=\"flaticon-calendar\"><\/i>25 mar\u00e7o 2026 <\/a><\/li>\n                                                                                                                                <\/ul>\n                                                                                    <a href=\"https:\/\/redebeneditina.org.br\/cjn\/aprender-e-experimentar-maternal-i-prepara-suco-de-abacate\/\"><h3 class=\"news-title\">Aprender \u00e9 experimentar: Maternal I prepara suco de abacate<\/h3><\/a>\n                                                                                                                            <p>Verde que se aprende e se saboreia! A turma do Maternal I<\/p>\n                                                                                    \n                                    <\/div>\n                            <\/div> <!-- single news -->\n                        <\/div>\n          \n    \n                            \n                    \n              \n                        <div class=\" edubin-col-12 edubin-col-sm-6 edubin-col-md-6 edubin-col-lg-6 6 \">\n                            <div class=\"single-news\"  data-sal>\n                                                                    <div class=\"news-thum\">\n                                        <a href=\"https:\/\/redebeneditina.org.br\/cjn\/aprendizado-que-alimenta-pre-ii-prepara-bolo-de-banana-saudavel\/\">\n                                            <img loading=\"lazy\" decoding=\"async\" width=\"461\" height=\"762\" src=\"https:\/\/redebeneditina.org.br\/cjn\/wp-content\/uploads\/2026\/03\/pre2-colegio-jesus-de-nazare-teresina-mar2026.jpg\" class=\"attachment-course_thumb size-course_thumb wp-post-image\" alt=\"\" srcset=\"https:\/\/redebeneditina.org.br\/cjn\/wp-content\/uploads\/2026\/03\/pre2-colegio-jesus-de-nazare-teresina-mar2026.jpg 461w, https:\/\/redebeneditina.org.br\/cjn\/wp-content\/uploads\/2026\/03\/pre2-colegio-jesus-de-nazare-teresina-mar2026-181x300.jpg 181w\" sizes=\"(max-width: 461px) 100vw, 461px\" \/>                                        <\/a>\n                                                                            <\/div>\n                                    \n                                    <div class=\"news-cont\">\n                                                                                <ul>\n                                                                                            <li><a href=\"https:\/\/redebeneditina.org.br\/cjn\/2026\/03\/25\/\"><i class=\"flaticon-calendar\"><\/i>25 mar\u00e7o 2026 <\/a><\/li>\n                                                                                                                                <\/ul>\n                                                                                    <a href=\"https:\/\/redebeneditina.org.br\/cjn\/aprendizado-que-alimenta-pre-ii-prepara-bolo-de-banana-saudavel\/\"><h3 class=\"news-title\">Aprendizado que alimenta: Pr\u00e9 II prepara bolo de banana saud\u00e1vel<\/h3><\/a>\n                                                                                                                            <p>Amarelo, sabor e aprendizado!&nbsp; A turma do Pr\u00e9 II colocou a m\u00e3o<\/p>\n                                                                                    \n                                    <\/div>\n                            <\/div> <!-- single news -->\n                        <\/div>\n          \n    \n                            \n                    \n              \n                        <div class=\" edubin-col-12 edubin-col-sm-6 edubin-col-md-6 edubin-col-lg-6 6 \">\n                            <div class=\"single-news\"  data-sal>\n                                                                    <div class=\"news-thum\">\n                                        <a href=\"https:\/\/redebeneditina.org.br\/cjn\/vivenciando-o-cuidado-com-a-agua-na-ed-infantil\/\">\n                                            <img loading=\"lazy\" decoding=\"async\" width=\"2560\" height=\"1920\" src=\"https:\/\/redebeneditina.org.br\/cjn\/wp-content\/uploads\/2026\/03\/IMG_4087-scaled.jpg\" class=\"attachment-course_thumb size-course_thumb wp-post-image\" alt=\"\" srcset=\"https:\/\/redebeneditina.org.br\/cjn\/wp-content\/uploads\/2026\/03\/IMG_4087-scaled.jpg 2560w, https:\/\/redebeneditina.org.br\/cjn\/wp-content\/uploads\/2026\/03\/IMG_4087-300x225.jpg 300w, https:\/\/redebeneditina.org.br\/cjn\/wp-content\/uploads\/2026\/03\/IMG_4087-1024x768.jpg 1024w, https:\/\/redebeneditina.org.br\/cjn\/wp-content\/uploads\/2026\/03\/IMG_4087-768x576.jpg 768w, https:\/\/redebeneditina.org.br\/cjn\/wp-content\/uploads\/2026\/03\/IMG_4087-1536x1152.jpg 1536w, https:\/\/redebeneditina.org.br\/cjn\/wp-content\/uploads\/2026\/03\/IMG_4087-2048x1536.jpg 2048w\" sizes=\"(max-width: 2560px) 100vw, 2560px\" \/>                                        <\/a>\n                                                                            <\/div>\n                                    \n                                    <div class=\"news-cont\">\n                                                                                <ul>\n                                                                                            <li><a href=\"https:\/\/redebeneditina.org.br\/cjn\/2026\/03\/23\/\"><i class=\"flaticon-calendar\"><\/i>23 mar\u00e7o 2026 <\/a><\/li>\n                                                                                                                                <\/ul>\n                                                                                    <a href=\"https:\/\/redebeneditina.org.br\/cjn\/vivenciando-o-cuidado-com-a-agua-na-ed-infantil\/\"><h3 class=\"news-title\">Vivenciando o Cuidado com a \u00c1gua na Ed. Infantil<\/h3><\/a>\n                                                                                                                            <p>No infantil do Col\u00e9gio Jesus de Nazar\u00e9, cada atividade foi um convite<\/p>\n                                                                                    \n                                    <\/div>\n                            <\/div> <!-- single news -->\n                        <\/div>\n          \n    \n                            \n                    \n              \n                        <div class=\" edubin-col-12 edubin-col-sm-6 edubin-col-md-6 edubin-col-lg-6 6 \">\n                            <div class=\"single-news\"  data-sal>\n                                                                    <div class=\"news-thum\">\n                                        <a href=\"https:\/\/redebeneditina.org.br\/cjn\/90-anos-da-chegada-das-primeiras-irmas-beneditinas-ao-brasil\/\">\n                                            <img loading=\"lazy\" decoding=\"async\" width=\"340\" height=\"460\" src=\"https:\/\/redebeneditina.org.br\/cjn\/wp-content\/uploads\/2026\/02\/90anos-ibdp.jpg\" class=\"attachment-course_thumb size-course_thumb wp-post-image\" alt=\"\" srcset=\"https:\/\/redebeneditina.org.br\/cjn\/wp-content\/uploads\/2026\/02\/90anos-ibdp.jpg 340w, https:\/\/redebeneditina.org.br\/cjn\/wp-content\/uploads\/2026\/02\/90anos-ibdp-222x300.jpg 222w\" sizes=\"(max-width: 340px) 100vw, 340px\" \/>                                        <\/a>\n                                                                            <\/div>\n                                    \n                                    <div class=\"news-cont\">\n                                                                                <ul>\n                                                                                            <li><a href=\"https:\/\/redebeneditina.org.br\/cjn\/2026\/02\/28\/\"><i class=\"flaticon-calendar\"><\/i>28 fevereiro 2026 <\/a><\/li>\n                                                                                                                                <\/ul>\n                                                                                    <a href=\"https:\/\/redebeneditina.org.br\/cjn\/90-anos-da-chegada-das-primeiras-irmas-beneditinas-ao-brasil\/\"><h3 class=\"news-title\">90 anos da chegada das Primeiras Irm\u00e3s Beneditinas ao Brasil<\/h3><\/a>\n                                                                                                                            <p>28.02.1936&#8230; 90 anos da chegada de nossas Primeiras Irm\u00e3s em terras brasileiras.<\/p>\n                                                                                    \n                                    <\/div>\n                            <\/div> <!-- single news -->\n                        <\/div>\n          \n    \n                            \n                    \n              \n                        <div class=\" edubin-col-12 edubin-col-sm-6 edubin-col-md-6 edubin-col-lg-6 6 \">\n                            <div class=\"single-news\"  data-sal>\n                                                                    <div class=\"news-thum\">\n                                        <a href=\"https:\/\/redebeneditina.org.br\/cjn\/90-anos-da-chegada-das-irmas-beneditinas-da-divina-providencia-ao-brasil\/\">\n                                            <img loading=\"lazy\" decoding=\"async\" width=\"1080\" height=\"1350\" src=\"https:\/\/redebeneditina.org.br\/cjn\/wp-content\/uploads\/2026\/02\/irmas-beneditinas-90anos-no-br-1.png\" class=\"attachment-course_thumb size-course_thumb wp-post-image\" alt=\"\" srcset=\"https:\/\/redebeneditina.org.br\/cjn\/wp-content\/uploads\/2026\/02\/irmas-beneditinas-90anos-no-br-1.png 1080w, https:\/\/redebeneditina.org.br\/cjn\/wp-content\/uploads\/2026\/02\/irmas-beneditinas-90anos-no-br-1-240x300.png 240w, https:\/\/redebeneditina.org.br\/cjn\/wp-content\/uploads\/2026\/02\/irmas-beneditinas-90anos-no-br-1-819x1024.png 819w, https:\/\/redebeneditina.org.br\/cjn\/wp-content\/uploads\/2026\/02\/irmas-beneditinas-90anos-no-br-1-768x960.png 768w\" sizes=\"(max-width: 1080px) 100vw, 1080px\" \/>                                        <\/a>\n                                                                            <\/div>\n                                    \n                                    <div class=\"news-cont\">\n                                                                                <ul>\n                                                                                            <li><a href=\"https:\/\/redebeneditina.org.br\/cjn\/2026\/02\/28\/\"><i class=\"flaticon-calendar\"><\/i>28 fevereiro 2026 <\/a><\/li>\n                                                                                                                                <\/ul>\n                                                                                    <a href=\"https:\/\/redebeneditina.org.br\/cjn\/90-anos-da-chegada-das-irmas-beneditinas-da-divina-providencia-ao-brasil\/\"><h3 class=\"news-title\">90 anos da chegada das Irm\u00e3s Beneditinas da Divina Provid\u00eancia ao Brasil<\/h3><\/a>\n                                                                                                                            <p>Hoje celebramos, com alegria, 90 anos da chegada das Irm\u00e3s Beneditinas da<\/p>\n                                                                                    \n                                    <\/div>\n                            <\/div> <!-- single news -->\n                        <\/div>\n          \n    \n                            \n                    \n              \n                        <div class=\" edubin-col-12 edubin-col-sm-6 edubin-col-md-6 edubin-col-lg-6 6 \">\n                            <div class=\"single-news\"  data-sal>\n                                                                    <div class=\"news-thum\">\n                                        <a href=\"https:\/\/redebeneditina.org.br\/cjn\/campanha-da-fraternidade-2026-fraternidade-e-moradia\/\">\n                                            <img loading=\"lazy\" decoding=\"async\" width=\"1080\" height=\"810\" src=\"https:\/\/redebeneditina.org.br\/cjn\/wp-content\/uploads\/2026\/02\/2026-cf2026-colegio-jesus-de-nazare-teresina-pi-33.jpg\" class=\"attachment-course_thumb size-course_thumb wp-post-image\" alt=\"\" srcset=\"https:\/\/redebeneditina.org.br\/cjn\/wp-content\/uploads\/2026\/02\/2026-cf2026-colegio-jesus-de-nazare-teresina-pi-33.jpg 1080w, https:\/\/redebeneditina.org.br\/cjn\/wp-content\/uploads\/2026\/02\/2026-cf2026-colegio-jesus-de-nazare-teresina-pi-33-300x225.jpg 300w, https:\/\/redebeneditina.org.br\/cjn\/wp-content\/uploads\/2026\/02\/2026-cf2026-colegio-jesus-de-nazare-teresina-pi-33-1024x768.jpg 1024w, https:\/\/redebeneditina.org.br\/cjn\/wp-content\/uploads\/2026\/02\/2026-cf2026-colegio-jesus-de-nazare-teresina-pi-33-768x576.jpg 768w\" sizes=\"(max-width: 1080px) 100vw, 1080px\" \/>                                        <\/a>\n                                                                            <\/div>\n                                    \n                                    <div class=\"news-cont\">\n                                                                                <ul>\n                                                                                            <li><a href=\"https:\/\/redebeneditina.org.br\/cjn\/2026\/02\/27\/\"><i class=\"flaticon-calendar\"><\/i>27 fevereiro 2026 <\/a><\/li>\n                                                                                                                                <\/ul>\n                                                                                    <a href=\"https:\/\/redebeneditina.org.br\/cjn\/campanha-da-fraternidade-2026-fraternidade-e-moradia\/\"><h3 class=\"news-title\">Campanha da Fraternidade 2026 &#8211; Fraternidade e Moradia<\/h3><\/a>\n                                                                                                                            <p>A Campanha da Fraternidade \u00e9 promovida anualmente pela Confer\u00eancia Nacional dos Bispos<\/p>\n                                                                                    \n                                    <\/div>\n                            <\/div> <!-- single news -->\n                        <\/div>\n          \n    \n                            \n                    \n              \n                        <div class=\" edubin-col-12 edubin-col-sm-6 edubin-col-md-6 edubin-col-lg-6 6 \">\n                            <div class=\"single-news\"  data-sal>\n                                                                    <div class=\"news-thum\">\n                                        <a href=\"https:\/\/redebeneditina.org.br\/cjn\/blocos-do-cjn-folia\/\">\n                                            <img loading=\"lazy\" decoding=\"async\" width=\"1080\" height=\"720\" src=\"https:\/\/redebeneditina.org.br\/cjn\/wp-content\/uploads\/2026\/02\/2026-carnaval-colegio-jesus-de-nazare-teresina-pi-87.jpg\" class=\"attachment-course_thumb size-course_thumb wp-post-image\" alt=\"\" srcset=\"https:\/\/redebeneditina.org.br\/cjn\/wp-content\/uploads\/2026\/02\/2026-carnaval-colegio-jesus-de-nazare-teresina-pi-87.jpg 1080w, https:\/\/redebeneditina.org.br\/cjn\/wp-content\/uploads\/2026\/02\/2026-carnaval-colegio-jesus-de-nazare-teresina-pi-87-300x200.jpg 300w, https:\/\/redebeneditina.org.br\/cjn\/wp-content\/uploads\/2026\/02\/2026-carnaval-colegio-jesus-de-nazare-teresina-pi-87-1024x683.jpg 1024w, https:\/\/redebeneditina.org.br\/cjn\/wp-content\/uploads\/2026\/02\/2026-carnaval-colegio-jesus-de-nazare-teresina-pi-87-768x512.jpg 768w\" sizes=\"(max-width: 1080px) 100vw, 1080px\" \/>                                        <\/a>\n                                                                            <\/div>\n                                    \n                                    <div class=\"news-cont\">\n                                                                                <ul>\n                                                                                            <li><a href=\"https:\/\/redebeneditina.org.br\/cjn\/2026\/02\/19\/\"><i class=\"flaticon-calendar\"><\/i>19 fevereiro 2026 <\/a><\/li>\n                                                                                                                                <\/ul>\n                                                                                    <a href=\"https:\/\/redebeneditina.org.br\/cjn\/blocos-do-cjn-folia\/\"><h3 class=\"news-title\">Blocos do CJN FOLIA<\/h3><\/a>\n                                                                                                                            <p>Os blocos tomaram conta do nosso col\u00e9gio e encheram cada espa\u00e7o de<\/p>\n                                                                                    \n                                    <\/div>\n                            <\/div> <!-- single news -->\n                        <\/div>\n          \n    \n                            \n                    \n              \n                        <div class=\" edubin-col-12 edubin-col-sm-6 edubin-col-md-6 edubin-col-lg-6 6 \">\n                            <div class=\"single-news\"  data-sal>\n                                                                    <div class=\"news-thum\">\n                                        <a href=\"https:\/\/redebeneditina.org.br\/cjn\/aviso-de-recesso-carnaval-2026\/\">\n                                            <img loading=\"lazy\" decoding=\"async\" width=\"477\" height=\"706\" src=\"https:\/\/redebeneditina.org.br\/cjn\/wp-content\/uploads\/2026\/02\/2026-aviso-carnaval-colegio-jesus-de-nazare-teresina-pi.jpg\" class=\"attachment-course_thumb size-course_thumb wp-post-image\" alt=\"\" srcset=\"https:\/\/redebeneditina.org.br\/cjn\/wp-content\/uploads\/2026\/02\/2026-aviso-carnaval-colegio-jesus-de-nazare-teresina-pi.jpg 477w, https:\/\/redebeneditina.org.br\/cjn\/wp-content\/uploads\/2026\/02\/2026-aviso-carnaval-colegio-jesus-de-nazare-teresina-pi-203x300.jpg 203w\" sizes=\"(max-width: 477px) 100vw, 477px\" \/>                                        <\/a>\n                                                                            <\/div>\n                                    \n                                    <div class=\"news-cont\">\n                                                                                <ul>\n                                                                                            <li><a href=\"https:\/\/redebeneditina.org.br\/cjn\/2026\/02\/13\/\"><i class=\"flaticon-calendar\"><\/i>13 fevereiro 2026 <\/a><\/li>\n                                                                                                                                <\/ul>\n                                                                                    <a href=\"https:\/\/redebeneditina.org.br\/cjn\/aviso-de-recesso-carnaval-2026\/\"><h3 class=\"news-title\">Aviso de Recesso \u2013 Carnaval 2026<\/h3><\/a>\n                                                                                                                            <p>Informamos que, devido ao feriado de Carnaval, o Col\u00e9gio estar\u00e1 em recesso<\/p>\n                                                                                    \n                                    <\/div>\n                            <\/div> <!-- single news -->\n                        <\/div>\n          \n    \n                            \n                    \n              \n                        <div class=\" edubin-col-12 edubin-col-sm-6 edubin-col-md-6 edubin-col-lg-6 6 \">\n                            <div class=\"single-news\"  data-sal>\n                                                                    <div class=\"news-thum\">\n                                        <a href=\"https:\/\/redebeneditina.org.br\/cjn\/inicio-da-pastoral-escolar-2026-ensino-fundamental\/\">\n                                            <img loading=\"lazy\" decoding=\"async\" width=\"1080\" height=\"810\" src=\"https:\/\/redebeneditina.org.br\/cjn\/wp-content\/uploads\/2026\/02\/2026-past-escolar-colegio-jesus-de-nazare-teresina-pi-25.jpg\" class=\"attachment-course_thumb size-course_thumb wp-post-image\" alt=\"\" srcset=\"https:\/\/redebeneditina.org.br\/cjn\/wp-content\/uploads\/2026\/02\/2026-past-escolar-colegio-jesus-de-nazare-teresina-pi-25.jpg 1080w, https:\/\/redebeneditina.org.br\/cjn\/wp-content\/uploads\/2026\/02\/2026-past-escolar-colegio-jesus-de-nazare-teresina-pi-25-300x225.jpg 300w, https:\/\/redebeneditina.org.br\/cjn\/wp-content\/uploads\/2026\/02\/2026-past-escolar-colegio-jesus-de-nazare-teresina-pi-25-1024x768.jpg 1024w, https:\/\/redebeneditina.org.br\/cjn\/wp-content\/uploads\/2026\/02\/2026-past-escolar-colegio-jesus-de-nazare-teresina-pi-25-768x576.jpg 768w\" sizes=\"(max-width: 1080px) 100vw, 1080px\" \/>                                        <\/a>\n                                                                            <\/div>\n                                    \n                                    <div class=\"news-cont\">\n                                                                                <ul>\n                                                                                            <li><a href=\"https:\/\/redebeneditina.org.br\/cjn\/2026\/02\/09\/\"><i class=\"flaticon-calendar\"><\/i>09 fevereiro 2026 <\/a><\/li>\n                                                                                                                                <\/ul>\n                                                                                    <a href=\"https:\/\/redebeneditina.org.br\/cjn\/inicio-da-pastoral-escolar-2026-ensino-fundamental\/\"><h3 class=\"news-title\">In\u00edcio da Pastoral Escolar 2026 \u2013 Ensino Fundamental<\/h3><\/a>\n                                                                                                                            <p>O ano letivo de 2026 teve in\u00edcio com um momento especial de<\/p>\n                                                                                    \n                                    <\/div>\n                            <\/div> <!-- single news -->\n                        <\/div>\n          \n    \n                            \n                    \n              \n                        <div class=\" edubin-col-12 edubin-col-sm-6 edubin-col-md-6 edubin-col-lg-6 6 \">\n                            <div class=\"single-news\"  data-sal>\n                                                                    <div class=\"news-thum\">\n                                        <a href=\"https:\/\/redebeneditina.org.br\/cjn\/dia-da-acolhida-pastoral-mes-da-dedicacao-a-sagrada-familia\/\">\n                                            <img loading=\"lazy\" decoding=\"async\" width=\"1080\" height=\"810\" src=\"https:\/\/redebeneditina.org.br\/cjn\/wp-content\/uploads\/2026\/02\/2026-sagrada-familia-colegio-jesus-de-nazare-teresina-pi-11.jpg\" class=\"attachment-course_thumb size-course_thumb wp-post-image\" alt=\"\" srcset=\"https:\/\/redebeneditina.org.br\/cjn\/wp-content\/uploads\/2026\/02\/2026-sagrada-familia-colegio-jesus-de-nazare-teresina-pi-11.jpg 1080w, https:\/\/redebeneditina.org.br\/cjn\/wp-content\/uploads\/2026\/02\/2026-sagrada-familia-colegio-jesus-de-nazare-teresina-pi-11-300x225.jpg 300w, https:\/\/redebeneditina.org.br\/cjn\/wp-content\/uploads\/2026\/02\/2026-sagrada-familia-colegio-jesus-de-nazare-teresina-pi-11-1024x768.jpg 1024w, https:\/\/redebeneditina.org.br\/cjn\/wp-content\/uploads\/2026\/02\/2026-sagrada-familia-colegio-jesus-de-nazare-teresina-pi-11-768x576.jpg 768w\" sizes=\"(max-width: 1080px) 100vw, 1080px\" \/>                                        <\/a>\n                                                                            <\/div>\n                                    \n                                    <div class=\"news-cont\">\n                                                                                <ul>\n                                                                                            <li><a href=\"https:\/\/redebeneditina.org.br\/cjn\/2026\/02\/09\/\"><i class=\"flaticon-calendar\"><\/i>09 fevereiro 2026 <\/a><\/li>\n                                                                                                                                <\/ul>\n                                                                                    <a href=\"https:\/\/redebeneditina.org.br\/cjn\/dia-da-acolhida-pastoral-mes-da-dedicacao-a-sagrada-familia\/\"><h3 class=\"news-title\">Dia da Acolhida Pastoral \u2013 M\u00eas da Dedica\u00e7\u00e3o \u00e0 Sagrada Fam\u00edlia<\/h3><\/a>\n                                                                                                                            <p>O Col\u00e9gio Jesus de Nazar\u00e9 viveu um momento especial de f\u00e9, acolhimento<\/p>\n                                                                                    \n                                    <\/div>\n                            <\/div> <!-- single news -->\n                        <\/div>\n          \n    \n                            \n                    \n              \n                        <div class=\" edubin-col-12 edubin-col-sm-6 edubin-col-md-6 edubin-col-lg-6 6 \">\n                            <div class=\"single-news\"  data-sal>\n                                                                    <div class=\"news-thum\">\n                                        <a href=\"https:\/\/redebeneditina.org.br\/cjn\/30-anos-do-colegio-jesus-de-nazare\/\">\n                                            <img loading=\"lazy\" decoding=\"async\" width=\"1080\" height=\"810\" src=\"https:\/\/redebeneditina.org.br\/cjn\/wp-content\/uploads\/2026\/02\/2026-30-anos-colegio-jesus-de-nazare-teresina-pi-17.jpg\" class=\"attachment-course_thumb size-course_thumb wp-post-image\" alt=\"\" srcset=\"https:\/\/redebeneditina.org.br\/cjn\/wp-content\/uploads\/2026\/02\/2026-30-anos-colegio-jesus-de-nazare-teresina-pi-17.jpg 1080w, https:\/\/redebeneditina.org.br\/cjn\/wp-content\/uploads\/2026\/02\/2026-30-anos-colegio-jesus-de-nazare-teresina-pi-17-300x225.jpg 300w, https:\/\/redebeneditina.org.br\/cjn\/wp-content\/uploads\/2026\/02\/2026-30-anos-colegio-jesus-de-nazare-teresina-pi-17-1024x768.jpg 1024w, https:\/\/redebeneditina.org.br\/cjn\/wp-content\/uploads\/2026\/02\/2026-30-anos-colegio-jesus-de-nazare-teresina-pi-17-768x576.jpg 768w\" sizes=\"(max-width: 1080px) 100vw, 1080px\" \/>                                        <\/a>\n                                                                            <\/div>\n                                    \n                                    <div class=\"news-cont\">\n                                                                                <ul>\n                                                                                            <li><a href=\"https:\/\/redebeneditina.org.br\/cjn\/2026\/02\/09\/\"><i class=\"flaticon-calendar\"><\/i>09 fevereiro 2026 <\/a><\/li>\n                                                                                                                                <\/ul>\n                                                                                    <a href=\"https:\/\/redebeneditina.org.br\/cjn\/30-anos-do-colegio-jesus-de-nazare\/\"><h3 class=\"news-title\">30 anos do Col\u00e9gio Jesus de Nazar\u00e9<\/h3><\/a>\n                                                                                                                            <p>Nosso maior presente \u00e9 cada crian\u00e7a, cada adolescente que Deus confia \u00e0<\/p>\n                                                                                    \n                                    <\/div>\n                            <\/div> <!-- single news -->\n                        <\/div>\n          \n    \n                            \n                            \n                        <nav class=\"edubin-pagination-wrapper tpc-custom-pagination\" role=\"navigation\" aria-label=\"Posts\">\n                            <div class=\"page-number\">\n                                <span aria-current=\"page\" class=\"page-numbers current\">1<\/span>\n<a class=\"page-numbers\" href=\"https:\/\/redebeneditina.org.br\/cjn\/wp-json\/wp\/v2\/pages\/27956\/page\/2\/\">2<\/a>\n<span class=\"page-numbers dots\">&hellip;<\/span>\n<a class=\"page-numbers\" href=\"https:\/\/redebeneditina.org.br\/cjn\/wp-json\/wp\/v2\/pages\/27956\/page\/21\/\">21<\/a>\n<a class=\"page-numbers\" href=\"https:\/\/redebeneditina.org.br\/cjn\/wp-json\/wp\/v2\/pages\/27956\/page\/22\/\">22<\/a>\n<a class=\"next page-numbers\" href=\"https:\/\/redebeneditina.org.br\/cjn\/wp-json\/wp\/v2\/pages\/27956\/page\/2\/\"><i class=\"edubin-pagination-icon flaticon-next\" aria-hidden=\"true\"><\/i><\/a>                            <\/div> <!-- row -->  \n                        <\/nav>\n                                                 <\/div>\n    \n        \n            \t\t\t\t<\/div>\n\t\t\t\t<\/div>\n\t\t\t\t\t<\/div>\n\t\t<\/div>\n\t\t\t\t<div class=\"elementor-column elementor-col-33 elementor-top-column elementor-element elementor-element-496d3d0\" data-id=\"496d3d0\" data-element_type=\"column\" data-e-type=\"column\" data-settings=\"{&quot;background_background&quot;:&quot;gradient&quot;}\">\n\t\t\t<div class=\"elementor-widget-wrap elementor-element-populated\">\n\t\t\t\t\t\t<div class=\"elementor-element elementor-element-699b379 elementor-widget elementor-widget-spacer\" data-id=\"699b379\" data-element_type=\"widget\" data-e-type=\"widget\" data-widget_type=\"spacer.default\">\n\t\t\t\t<div class=\"elementor-widget-container\">\n\t\t\t\t\t\t\t<div class=\"elementor-spacer\">\n\t\t\t<div class=\"elementor-spacer-inner\"><\/div>\n\t\t<\/div>\n\t\t\t\t\t\t<\/div>\n\t\t\t\t<\/div>\n\t\t\t\t<div class=\"elementor-element elementor-element-8c30e55 elementor-widget elementor-widget-heading\" data-id=\"8c30e55\" data-element_type=\"widget\" data-e-type=\"widget\" data-widget_type=\"heading.default\">\n\t\t\t\t<div class=\"elementor-widget-container\">\n\t\t\t\t\t<h4 class=\"elementor-heading-title elementor-size-default\">Pesquisar no site<\/h4>\t\t\t\t<\/div>\n\t\t\t\t<\/div>\n\t\t\t\t<div class=\"elementor-element elementor-element-d67b6e6 elementor-widget elementor-widget-edubin-search\" data-id=\"d67b6e6\" data-element_type=\"widget\" data-e-type=\"widget\" data-widget_type=\"edubin-search.default\">\n\t\t\t\t<div class=\"elementor-widget-container\">\n\t\t\t\t\t<div class=\"edubin-search-box-wrap edubin-search-sty-wraple-1\"><form class=\"edubin-archive-course-search-form\" method=\"get\" action=\"https:\/\/redebeneditina.org.br\/cjn\/\"><input type=\"text\" value=\"\" name=\"s\" placeholder=\"Digite uma palavra ...\" class=\"input-search\" autocomplete=\"off\" \/><input type=\"hidden\" value=\"wp_course_search\" name=\"tpc_wp_course_filter\" \/><button class=\"btn-search search-trigger search-button\"><i class=\"flaticon-search\"><\/i> <\/button><\/form><\/div>\t\t\t\t<\/div>\n\t\t\t\t<\/div>\n\t\t\t\t<div class=\"elementor-element elementor-element-9d98318 elementor-widget elementor-widget-spacer\" data-id=\"9d98318\" data-element_type=\"widget\" data-e-type=\"widget\" data-widget_type=\"spacer.default\">\n\t\t\t\t<div class=\"elementor-widget-container\">\n\t\t\t\t\t\t\t<div class=\"elementor-spacer\">\n\t\t\t<div class=\"elementor-spacer-inner\"><\/div>\n\t\t<\/div>\n\t\t\t\t\t\t<\/div>\n\t\t\t\t<\/div>\n\t\t\t\t<div class=\"elementor-element elementor-element-6891aa4 elementor-widget elementor-widget-heading\" data-id=\"6891aa4\" data-element_type=\"widget\" data-e-type=\"widget\" data-widget_type=\"heading.default\">\n\t\t\t\t<div class=\"elementor-widget-container\">\n\t\t\t\t\t<h4 class=\"elementor-heading-title elementor-size-default\">Explore por Segmento<\/h4>\t\t\t\t<\/div>\n\t\t\t\t<\/div>\n\t\t\t\t<div class=\"elementor-element elementor-element-e49a062 elementor-widget elementor-widget-edubin-menu-list\" data-id=\"e49a062\" data-element_type=\"widget\" data-e-type=\"widget\" data-widget_type=\"edubin-menu-list.default\">\n\t\t\t\t<div class=\"elementor-widget-container\">\n\t\t\t\t\t<div class=\"edubin-el-single-depth-menu\"><nav class=\"edubin-el-menu-list\"><ul id=\"menu-1-e49a062\" class=\"edubin-nav-dropdown-menu\"><li id=\"menu-item-27961\" class=\"menu-item menu-item-type-taxonomy menu-item-object-category menu-item-27961\"><a href=\"https:\/\/redebeneditina.org.br\/cjn\/category\/ed-infantil\/\">\ud83e\uddf8 Educa\u00e7\u00e3o Infantil<\/a><\/li>\n<li id=\"menu-item-27962\" class=\"menu-item menu-item-type-taxonomy menu-item-object-category menu-item-27962\"><a href=\"https:\/\/redebeneditina.org.br\/cjn\/category\/ens-fund_i\/\">\ud83d\udcda Ensino Fundamental \u2013 1\u00ba ao 5\u00ba ano<\/a><\/li>\n<li id=\"menu-item-27963\" class=\"menu-item menu-item-type-taxonomy menu-item-object-category menu-item-27963\"><a href=\"https:\/\/redebeneditina.org.br\/cjn\/category\/ens-fund_ii\/\">\ud83d\udcd8 Ensino Fundamental \u2013 6\u00ba ao 9\u00ba ano<\/a><\/li>\n<\/ul><\/nav><\/div>\t\t\t\t<\/div>\n\t\t\t\t<\/div>\n\t\t\t\t<div class=\"elementor-element elementor-element-66cdcbd elementor-widget elementor-widget-spacer\" data-id=\"66cdcbd\" data-element_type=\"widget\" data-e-type=\"widget\" data-widget_type=\"spacer.default\">\n\t\t\t\t<div class=\"elementor-widget-container\">\n\t\t\t\t\t\t\t<div class=\"elementor-spacer\">\n\t\t\t<div class=\"elementor-spacer-inner\"><\/div>\n\t\t<\/div>\n\t\t\t\t\t\t<\/div>\n\t\t\t\t<\/div>\n\t\t\t\t<div class=\"elementor-element elementor-element-baa5827 elementor-widget elementor-widget-image\" data-id=\"baa5827\" data-element_type=\"widget\" data-e-type=\"widget\" data-widget_type=\"image.default\">\n\t\t\t\t<div class=\"elementor-widget-container\">\n\t\t\t\t\t\t\t\t\t\t\t\t\t\t\t\t<a href=\"https:\/\/redebeneditina.org.br\/cjn\/category\/pastoral-escolar\/\">\n\t\t\t\t\t\t\t<img loading=\"lazy\" decoding=\"async\" width=\"277\" height=\"173\" src=\"https:\/\/redebeneditina.org.br\/cjn\/wp-content\/uploads\/2025\/06\/botao-past-escolar-rb-cjn.jpg\" class=\"attachment-large size-large wp-image-27967\" alt=\"\" \/>\t\t\t\t\t\t\t\t<\/a>\n\t\t\t\t\t\t\t\t\t\t\t\t\t\t\t<\/div>\n\t\t\t\t<\/div>\n\t\t\t\t<div class=\"elementor-element elementor-element-6290977 elementor-widget elementor-widget-spacer\" data-id=\"6290977\" data-element_type=\"widget\" data-e-type=\"widget\" data-widget_type=\"spacer.default\">\n\t\t\t\t<div class=\"elementor-widget-container\">\n\t\t\t\t\t\t\t<div class=\"elementor-spacer\">\n\t\t\t<div class=\"elementor-spacer-inner\"><\/div>\n\t\t<\/div>\n\t\t\t\t\t\t<\/div>\n\t\t\t\t<\/div>\n\t\t\t\t<div class=\"elementor-element elementor-element-d25bd61 elementor-widget elementor-widget-heading\" data-id=\"d25bd61\" data-element_type=\"widget\" data-e-type=\"widget\" data-widget_type=\"heading.default\">\n\t\t\t\t<div class=\"elementor-widget-container\">\n\t\t\t\t\t<h4 class=\"elementor-heading-title elementor-size-default\">Publica\u00e7\u00f5es por ano<\/h4>\t\t\t\t<\/div>\n\t\t\t\t<\/div>\n\t\t\t\t<div class=\"elementor-element elementor-element-a7aeb22 elementor-widget elementor-widget-edubin-menu-list\" data-id=\"a7aeb22\" data-element_type=\"widget\" data-e-type=\"widget\" data-widget_type=\"edubin-menu-list.default\">\n\t\t\t\t<div class=\"elementor-widget-container\">\n\t\t\t\t\t<div class=\"edubin-el-single-depth-menu\"><nav class=\"edubin-el-menu-list\"><ul id=\"menu-1-a7aeb22\" class=\"edubin-nav-dropdown-menu\"><li id=\"menu-item-30427\" class=\"menu-item menu-item-type-taxonomy menu-item-object-category menu-item-30427\"><a href=\"https:\/\/redebeneditina.org.br\/cjn\/category\/noticias\/noticias-ano2026\/\">\u00bb Ano 2026<\/a><\/li>\n<li id=\"menu-item-27966\" class=\"menu-item menu-item-type-taxonomy menu-item-object-category menu-item-27966\"><a href=\"https:\/\/redebeneditina.org.br\/cjn\/category\/noticias\/ano-2025\/\">\u00bb Ano 2025<\/a><\/li>\n<li id=\"menu-item-27964\" class=\"menu-item menu-item-type-taxonomy menu-item-object-category menu-item-27964\"><a href=\"https:\/\/redebeneditina.org.br\/cjn\/category\/noticias\/ano-2024\/\">\u00bb Ano 2024<\/a><\/li>\n<li id=\"menu-item-27965\" class=\"menu-item menu-item-type-taxonomy menu-item-object-category menu-item-27965\"><a href=\"https:\/\/redebeneditina.org.br\/cjn\/category\/noticias\/ano-2023\/\">\u00bb Ano 2023<\/a><\/li>\n<\/ul><\/nav><\/div>\t\t\t\t<\/div>\n\t\t\t\t<\/div>\n\t\t\t\t\t<\/div>\n\t\t<\/div>\n\t\t\t\t\t<\/div>\n\t\t<\/section>\n\t\t\t\t<\/div>\n\t\t","protected":false},"excerpt":{"rendered":"<p>02 junho 2025 Entre Cavalinhos e Sorrisos: Aprender no Maternal I \u00e9 Pura Alegria! No Maternal I, aprender \u00e9 brincar com o cora\u00e7\u00e3o. Teve criatividade na 28 maio 2025 Seja Bem-vinda de Volta, Irm\u00e3 Meireane! Com alegria no cora\u00e7\u00e3o, celebramos o retorno da querida Irm\u00e3 Meireane \u00e0 23 maio 2025 Santa Missa com a Coroa\u00e7\u00e3o&#8230;<\/p>\n","protected":false},"author":4,"featured_media":0,"parent":0,"menu_order":0,"comment_status":"closed","ping_status":"closed","template":"","meta":{"_monsterinsights_skip_tracking":false,"_monsterinsights_sitenote_active":false,"_monsterinsights_sitenote_note":"","_monsterinsights_sitenote_category":0,"ngg_post_thumbnail":0,"footnotes":""},"class_list":["post-27956","page","type-page","status-publish","hentry"],"_links":{"self":[{"href":"https:\/\/redebeneditina.org.br\/cjn\/wp-json\/wp\/v2\/pages\/27956","targetHints":{"allow":["GET"]}}],"collection":[{"href":"https:\/\/redebeneditina.org.br\/cjn\/wp-json\/wp\/v2\/pages"}],"about":[{"href":"https:\/\/redebeneditina.org.br\/cjn\/wp-json\/wp\/v2\/types\/page"}],"author":[{"embeddable":true,"href":"https:\/\/redebeneditina.org.br\/cjn\/wp-json\/wp\/v2\/users\/4"}],"replies":[{"embeddable":true,"href":"https:\/\/redebeneditina.org.br\/cjn\/wp-json\/wp\/v2\/comments?post=27956"}],"version-history":[{"count":9,"href":"https:\/\/redebeneditina.org.br\/cjn\/wp-json\/wp\/v2\/pages\/27956\/revisions"}],"predecessor-version":[{"id":27976,"href":"https:\/\/redebeneditina.org.br\/cjn\/wp-json\/wp\/v2\/pages\/27956\/revisions\/27976"}],"wp:attachment":[{"href":"https:\/\/redebeneditina.org.br\/cjn\/wp-json\/wp\/v2\/media?parent=27956"}],"curies":[{"name":"wp","href":"https:\/\/api.w.org\/{rel}","templated":true}]}}