{"id":13094,"date":"2023-06-09T18:04:27","date_gmt":"2023-06-09T18:04:27","guid":{"rendered":"https:\/\/redebeneditina.org.br\/isf\/?page_id=13094"},"modified":"2025-07-10T16:52:48","modified_gmt":"2025-07-10T19:52:48","slug":"contraturno","status":"publish","type":"page","link":"https:\/\/redebeneditina.org.br\/isf\/contraturno\/","title":{"rendered":"Contraturno"},"content":{"rendered":"\t\t<div data-elementor-type=\"wp-page\" data-elementor-id=\"13094\" class=\"elementor elementor-13094\">\n\t\t\t\t\t\t<section class=\"elementor-section elementor-top-section elementor-element elementor-element-37c8f8ca elementor-section-boxed elementor-section-height-default elementor-section-height-default\" data-id=\"37c8f8ca\" data-element_type=\"section\" data-e-type=\"section\" data-settings=\"{&quot;background_background&quot;:&quot;classic&quot;}\">\n\t\t\t\t\t\t<div class=\"elementor-container elementor-column-gap-default\">\n\t\t\t\t\t<div class=\"elementor-column elementor-col-100 elementor-top-column elementor-element elementor-element-11476\" data-id=\"11476\" data-element_type=\"column\" data-e-type=\"column\">\n\t\t\t<div class=\"elementor-widget-wrap elementor-element-populated\">\n\t\t\t\t\t\t<section class=\"elementor-section elementor-inner-section elementor-element elementor-element-8856bb elementor-section-boxed elementor-section-height-default elementor-section-height-default\" data-id=\"8856bb\" data-element_type=\"section\" data-e-type=\"section\">\n\t\t\t\t\t\t<div class=\"elementor-container elementor-column-gap-default\">\n\t\t\t\t\t<div class=\"elementor-column elementor-col-100 elementor-inner-column elementor-element elementor-element-6cec579c\" data-id=\"6cec579c\" data-element_type=\"column\" data-e-type=\"column\">\n\t\t\t<div class=\"elementor-widget-wrap elementor-element-populated\">\n\t\t\t\t\t\t<div class=\"elementor-element elementor-element-5c1e8a8a edubin-title-align-left elementor-widget elementor-widget-section-title-addons\" data-id=\"5c1e8a8a\" data-element_type=\"widget\" data-e-type=\"widget\" data-widget_type=\"section-title-addons.default\">\n\t\t\t\t<div class=\"elementor-widget-container\">\n\t\t\t\t\t            <div class=\"edubin-section-title edubin-subtitle-position-top title-style-four\">\r\n                <h2 class=\"section-title-txt\">Contraturno<\/h2><div class=edubin-title-sperator-sec><span class=\"edubin-title-sperator\">&nbsp;<\/span><\/div><p class=\"section-subtitle-txt\">Instituto Sagrada Fam\u00edlia<\/p>            <\/div>\r\n\r\n        \t\t\t\t<\/div>\n\t\t\t\t<\/div>\n\t\t\t\t<div class=\"elementor-element elementor-element-4feba2b3 elementor-widget elementor-widget-text-editor\" data-id=\"4feba2b3\" data-element_type=\"widget\" data-e-type=\"widget\" data-widget_type=\"text-editor.default\">\n\t\t\t\t<div class=\"elementor-widget-container\">\n\t\t\t\t\t\t\t\t\t<p><img fetchpriority=\"high\" decoding=\"async\" class=\"alignnone wp-image-21742 size-full\" src=\"https:\/\/redebeneditina.org.br\/isf\/wp-content\/uploads\/2025\/07\/contratuno-instituto-sagrada-familia-santo-andre.jpg\" alt=\"\" width=\"830\" height=\"557\" srcset=\"https:\/\/redebeneditina.org.br\/isf\/wp-content\/uploads\/2025\/07\/contratuno-instituto-sagrada-familia-santo-andre.jpg 830w, https:\/\/redebeneditina.org.br\/isf\/wp-content\/uploads\/2025\/07\/contratuno-instituto-sagrada-familia-santo-andre-300x201.jpg 300w, https:\/\/redebeneditina.org.br\/isf\/wp-content\/uploads\/2025\/07\/contratuno-instituto-sagrada-familia-santo-andre-768x515.jpg 768w\" sizes=\"(max-width: 830px) 100vw, 830px\" \/><\/p><h3>\u00a0<\/h3><h3>Atividades Educativas no Contraturno<\/h3><p>Mais do que acolhimento: desenvolvimento integral em cada detalhe!<\/p><p>No Instituto Sagrada Fam\u00edlia, o Contraturno vai muito al\u00e9m do tempo extra na escola \u2014 \u00e9 um espa\u00e7o planejado com carinho, onde acolher, assistir e educar s\u00e3o vividos todos os dias.<\/p><p>Oferecemos um ambiente seguro, estimulante e repleto de experi\u00eancias que contribuem para o desenvolvimento integral dos alunos. Aqui, as crian\u00e7as aprendem com alegria, criatividade e prop\u00f3sito.<\/p><p>O que oferecemos:<\/p><p>\u00bb Estudo orientado: apoio nas li\u00e7\u00f5es de casa e atividades de refor\u00e7o, auxiliando nossos alunos a consolidar o aprendizado e a superar dificuldades.<\/p><p>\u00bb Tecnologia Educacional: contato com ferramentas digitais de forma criativa e respons\u00e1vel;<\/p><p>\u00bb Projetos L\u00fadicos e Tem\u00e1ticos: culin\u00e1ria, arte, jogos e brincadeiras que encantam e ensinam!<\/p><p>Tudo isso com acompanhamento pr\u00f3ximo de uma equipe pedag\u00f3gica preparada, que valoriza a forma\u00e7\u00e3o humana, o respeito e a conviv\u00eancia saud\u00e1vel.<\/p><p>Venha conhecer o nosso contraturno e descubra como transformamos cada minuto vivido em nossa escola num aprendizado para a vida!<\/p><blockquote><h4 style=\"padding-left: 40px;\">\u201c\u00c9 atrav\u00e9s da Educa\u00e7\u00e3o que o ser humano alcan\u00e7a o seu potencial m\u00e1ximo e se torna um ser consciente, livre e respons\u00e1vel\u201d.\u00a0 \u00a0 Papa Fancisco<\/h4><\/blockquote>\t\t\t\t\t\t\t\t<\/div>\n\t\t\t\t<\/div>\n\t\t\t\t<div class=\"elementor-element elementor-element-792a3ad0 elementor-widget elementor-widget-spacer\" data-id=\"792a3ad0\" data-element_type=\"widget\" data-e-type=\"widget\" data-widget_type=\"spacer.default\">\n\t\t\t\t<div class=\"elementor-widget-container\">\n\t\t\t\t\t\t\t<div class=\"elementor-spacer\">\n\t\t\t<div class=\"elementor-spacer-inner\"><\/div>\n\t\t<\/div>\n\t\t\t\t\t\t<\/div>\n\t\t\t\t<\/div>\n\t\t\t\t\t<\/div>\n\t\t<\/div>\n\t\t\t\t\t<\/div>\n\t\t<\/section>\n\t\t\t\t\t<\/div>\n\t\t<\/div>\n\t\t\t\t\t<\/div>\n\t\t<\/section>\n\t\t\t\t<section class=\"elementor-section elementor-top-section elementor-element elementor-element-4731e41 elementor-section-stretched elementor-section-full_width elementor-section-height-default elementor-section-height-default\" data-id=\"4731e41\" data-element_type=\"section\" data-e-type=\"section\" data-settings=\"{&quot;stretch_section&quot;:&quot;section-stretched&quot;,&quot;background_background&quot;:&quot;classic&quot;}\">\n\t\t\t\t\t\t<div class=\"elementor-container elementor-column-gap-no\">\n\t\t\t\t\t<div class=\"elementor-column elementor-col-100 elementor-top-column elementor-element elementor-element-104646a0\" data-id=\"104646a0\" data-element_type=\"column\" data-e-type=\"column\" data-settings=\"{&quot;background_background&quot;:&quot;slideshow&quot;,&quot;background_slideshow_gallery&quot;:[],&quot;background_slideshow_loop&quot;:&quot;yes&quot;,&quot;background_slideshow_slide_duration&quot;:5000,&quot;background_slideshow_slide_transition&quot;:&quot;fade&quot;,&quot;background_slideshow_transition_duration&quot;:500}\">\n\t\t\t<div class=\"elementor-widget-wrap elementor-element-populated\">\n\t\t\t\t\t\t<div class=\"elementor-element elementor-element-65ed5a67 elementor-widget elementor-widget-edubin-slider-addons\" data-id=\"65ed5a67\" data-element_type=\"widget\" data-e-type=\"widget\" data-widget_type=\"edubin-slider-addons.default\">\n\t\t\t\t<div class=\"elementor-widget-container\">\n\t\t\t\t\t<div class=\"edubin-slider\"><div class=\"edubin-advance-slider-active  edubin-navigation\" data-settings=\"{&quot;arrows&quot;:true,&quot;autoplay&quot;:true,&quot;infinite_loop&quot;:true,&quot;autoplay_speed&quot;:12000,&quot;animation_speed&quot;:12000,&quot;pause_on_hover&quot;:false,&quot;pause_on_interaction&quot;:false,&quot;mouse_drag&quot;:false,&quot;touch_drag&quot;:false}\"><div class=\"tpc-slider-carousel swiper swiper-container\"><div class=\"swiper-wrapper\" data-autoplay=\"true\" data-autoplayspeed=\"12000\"><div class=\"swiper-slide\"><div class=\"item-wrap elementor-repeater-item-00c19a1\">                                    \r\n                                    <div class=\"slide\" style=\"\r\n                                        background-image: url(https:\/\/redebeneditina.org.br\/isf\/wp-content\/uploads\/2023\/08\/bg-agende-visita-isf-2023.jpg); \r\n                                        background-size: cover; \r\n                                        background-position: left top; \r\n                                    \">\r\n\r\n                                    <div class=\"edubin-slider-background-overlay\" ><\/div><div class=\"container\"><div class=\"row edubin-row\"><div class=\"edubin-col-xl-12 edubin-col-lg-12 edubin-col-md-12 edubin-col-sm-12 content-column\"><div class=\"content-box text-left\"><h3 class=\"edubin-slider-subtitle anim-to-top\" ><\/h3><h1 class=\"slider-title anim-to-right\" >Agende<span> uma visita <\/span><\/h1><div class=\"edubin-slider-content anim-to-left\" >Ficaremos muito felizes em apresentar nossa escola<br> e proposta pedag\u00f3gica \u00e0s fam\u00edlias interessadas. <\/div><div class=\"button-box edubin-slider-btn anim-to-top\"><\/div><\/div><\/div><\/div><\/div><\/div><\/div><\/div><\/div><\/div><div class=\"slider-next\"><i class=\"flaticon-next\"><\/i><\/div>\r\n                    <div class=\"slider-prev\"><i class=\"flaticon-back-1\"><\/i><\/div><\/div><\/div>\t\t\t\t<\/div>\n\t\t\t\t<\/div>\n\t\t\t\t\t<\/div>\n\t\t<\/div>\n\t\t\t\t\t<\/div>\n\t\t<\/section>\n\t\t\t\t<section class=\"elementor-section elementor-top-section elementor-element elementor-element-23cdd65 elementor-section-stretched elementor-section-boxed elementor-section-height-default elementor-section-height-default\" data-id=\"23cdd65\" data-element_type=\"section\" data-e-type=\"section\" data-settings=\"{&quot;stretch_section&quot;:&quot;section-stretched&quot;}\">\n\t\t\t\t\t\t<div class=\"elementor-container elementor-column-gap-default\">\n\t\t\t\t\t<div class=\"elementor-column elementor-col-100 elementor-top-column elementor-element elementor-element-1246167\" data-id=\"1246167\" data-element_type=\"column\" data-e-type=\"column\" data-settings=\"{&quot;background_background&quot;:&quot;classic&quot;}\">\n\t\t\t<div class=\"elementor-widget-wrap elementor-element-populated\">\n\t\t\t\t\t\t<section class=\"elementor-section elementor-inner-section elementor-element elementor-element-18c50e5 elementor-section-content-middle elementor-section-boxed elementor-section-height-default elementor-section-height-default\" data-id=\"18c50e5\" data-element_type=\"section\" data-e-type=\"section\" data-settings=\"{&quot;background_background&quot;:&quot;classic&quot;}\">\n\t\t\t\t\t\t<div class=\"elementor-container elementor-column-gap-default\">\n\t\t\t\t\t<div class=\"elementor-column elementor-col-33 elementor-inner-column elementor-element elementor-element-eb6541c\" data-id=\"eb6541c\" data-element_type=\"column\" data-e-type=\"column\" data-settings=\"{&quot;background_background&quot;:&quot;classic&quot;}\">\n\t\t\t<div class=\"elementor-widget-wrap elementor-element-populated\">\n\t\t\t\t\t<div class=\"elementor-background-overlay\"><\/div>\n\t\t\t\t\t\t<div class=\"elementor-element elementor-element-a9368ab elementor-position-left elementor-vertical-align-middle elementor-widget elementor-widget-image-box\" data-id=\"a9368ab\" data-element_type=\"widget\" data-e-type=\"widget\" data-settings=\"{&quot;_animation&quot;:&quot;none&quot;}\" data-widget_type=\"image-box.default\">\n\t\t\t\t<div class=\"elementor-widget-container\">\n\t\t\t\t\t<div class=\"elementor-image-box-wrapper\"><figure class=\"elementor-image-box-img\"><a href=\"https:\/\/wa.me\/5511982723358?text=Ol\u00e1!%20Eu%20vim%20pelo%20site%20Instituto%20Sagrada%20Fam\u00edlia%20e%20gostaria%20de%20agendar%20uma%20visita.\" tabindex=\"-1\"><img decoding=\"async\" width=\"66\" height=\"66\" src=\"https:\/\/redebeneditina.org.br\/isf\/wp-content\/uploads\/2023\/05\/agende-whats-2.png\" class=\"elementor-animation-grow attachment-full size-full wp-image-12146\" alt=\"\" \/><\/a><\/figure><div class=\"elementor-image-box-content\"><h2 class=\"elementor-image-box-title\"><a href=\"https:\/\/wa.me\/5511982723358?text=Ol\u00e1!%20Eu%20vim%20pelo%20site%20Instituto%20Sagrada%20Fam\u00edlia%20e%20gostaria%20de%20agendar%20uma%20visita.\">Via Whatsapp<\/a><\/h2><\/div><\/div>\t\t\t\t<\/div>\n\t\t\t\t<\/div>\n\t\t\t\t<div class=\"elementor-element elementor-element-495e461 elementor-align-right elementor-mobile-align-center elementor-button-info elementor-widget elementor-widget-button\" data-id=\"495e461\" data-element_type=\"widget\" data-e-type=\"widget\" data-widget_type=\"button.default\">\n\t\t\t\t<div class=\"elementor-widget-container\">\n\t\t\t\t\t\t\t\t\t<div class=\"elementor-button-wrapper\">\n\t\t\t\t\t<a class=\"elementor-button elementor-button-link elementor-size-sm elementor-animation-skew-forward\" href=\"https:\/\/wa.me\/5511982723358?text=Ol\u00e1!%20Eu%20vim%20pelo%20site%20Instituto%20Sagrada%20Fam\u00edlia%20e%20gostaria%20de%20agendar%20uma%20visita.\">\n\t\t\t\t\t\t<span class=\"elementor-button-content-wrapper\">\n\t\t\t\t\t\t<span class=\"elementor-button-icon\">\n\t\t\t\t<i aria-hidden=\"true\" class=\"fas fa-angle-double-right\"><\/i>\t\t\t<\/span>\n\t\t\t\t\t\t\t\t\t<span class=\"elementor-button-text\">98272 3358<\/span>\n\t\t\t\t\t<\/span>\n\t\t\t\t\t<\/a>\n\t\t\t\t<\/div>\n\t\t\t\t\t\t\t\t<\/div>\n\t\t\t\t<\/div>\n\t\t\t\t\t<\/div>\n\t\t<\/div>\n\t\t\t\t<div class=\"elementor-column elementor-col-33 elementor-inner-column elementor-element elementor-element-329685a\" data-id=\"329685a\" data-element_type=\"column\" data-e-type=\"column\" data-settings=\"{&quot;background_background&quot;:&quot;classic&quot;}\">\n\t\t\t<div class=\"elementor-widget-wrap elementor-element-populated\">\n\t\t\t\t\t<div class=\"elementor-background-overlay\"><\/div>\n\t\t\t\t\t\t<div class=\"elementor-element elementor-element-ca7ded6 elementor-position-left elementor-vertical-align-middle elementor-widget elementor-widget-image-box\" data-id=\"ca7ded6\" data-element_type=\"widget\" data-e-type=\"widget\" data-settings=\"{&quot;_animation&quot;:&quot;none&quot;}\" data-widget_type=\"image-box.default\">\n\t\t\t\t<div class=\"elementor-widget-container\">\n\t\t\t\t\t<div class=\"elementor-image-box-wrapper\"><figure class=\"elementor-image-box-img\"><a href=\"tel:+551144224430\" tabindex=\"-1\"><img decoding=\"async\" width=\"66\" height=\"66\" src=\"https:\/\/redebeneditina.org.br\/isf\/wp-content\/uploads\/2023\/05\/agenda-tel-2-2.png\" class=\"elementor-animation-grow attachment-full size-full wp-image-12149\" alt=\"\" \/><\/a><\/figure><div class=\"elementor-image-box-content\"><h2 class=\"elementor-image-box-title\"><a href=\"tel:+551144224430\">Via Telefone<\/a><\/h2><\/div><\/div>\t\t\t\t<\/div>\n\t\t\t\t<\/div>\n\t\t\t\t<div class=\"elementor-element elementor-element-523be35 elementor-align-right elementor-mobile-align-center elementor-widget elementor-widget-button\" data-id=\"523be35\" data-element_type=\"widget\" data-e-type=\"widget\" data-widget_type=\"button.default\">\n\t\t\t\t<div class=\"elementor-widget-container\">\n\t\t\t\t\t\t\t\t\t<div class=\"elementor-button-wrapper\">\n\t\t\t\t\t<a class=\"elementor-button elementor-button-link elementor-size-sm elementor-animation-skew-forward\" href=\"tel:+551144224430\">\n\t\t\t\t\t\t<span class=\"elementor-button-content-wrapper\">\n\t\t\t\t\t\t<span class=\"elementor-button-icon\">\n\t\t\t\t<i aria-hidden=\"true\" class=\"fas fa-angle-double-right\"><\/i>\t\t\t<\/span>\n\t\t\t\t\t\t\t\t\t<span class=\"elementor-button-text\">4422 4430<\/span>\n\t\t\t\t\t<\/span>\n\t\t\t\t\t<\/a>\n\t\t\t\t<\/div>\n\t\t\t\t\t\t\t\t<\/div>\n\t\t\t\t<\/div>\n\t\t\t\t\t<\/div>\n\t\t<\/div>\n\t\t\t\t<div class=\"elementor-column elementor-col-33 elementor-inner-column elementor-element elementor-element-f712dad\" data-id=\"f712dad\" data-element_type=\"column\" data-e-type=\"column\" data-settings=\"{&quot;background_background&quot;:&quot;classic&quot;}\">\n\t\t\t<div class=\"elementor-widget-wrap elementor-element-populated\">\n\t\t\t\t\t<div class=\"elementor-background-overlay\"><\/div>\n\t\t\t\t\t\t<div class=\"elementor-element elementor-element-5337d7e elementor-position-left elementor-vertical-align-middle elementor-widget elementor-widget-image-box\" data-id=\"5337d7e\" data-element_type=\"widget\" data-e-type=\"widget\" data-settings=\"{&quot;_animation&quot;:&quot;none&quot;}\" data-widget_type=\"image-box.default\">\n\t\t\t\t<div class=\"elementor-widget-container\">\n\t\t\t\t\t<div class=\"elementor-image-box-wrapper\"><figure class=\"elementor-image-box-img\"><a href=\"https:\/\/redebeneditina.org.br\/isf\/contato\/\" tabindex=\"-1\"><img loading=\"lazy\" decoding=\"async\" width=\"66\" height=\"66\" src=\"https:\/\/redebeneditina.org.br\/isf\/wp-content\/uploads\/2023\/05\/agenda-form-2-2.png\" class=\"elementor-animation-grow attachment-full size-full wp-image-12157\" alt=\"\" \/><\/a><\/figure><div class=\"elementor-image-box-content\"><h2 class=\"elementor-image-box-title\"><a href=\"https:\/\/redebeneditina.org.br\/isf\/contato\/\">Via On-line<\/a><\/h2><\/div><\/div>\t\t\t\t<\/div>\n\t\t\t\t<\/div>\n\t\t\t\t<div class=\"elementor-element elementor-element-d69d8ce elementor-align-right elementor-mobile-align-center elementor-widget elementor-widget-button\" data-id=\"d69d8ce\" data-element_type=\"widget\" data-e-type=\"widget\" data-widget_type=\"button.default\">\n\t\t\t\t<div class=\"elementor-widget-container\">\n\t\t\t\t\t\t\t\t\t<div class=\"elementor-button-wrapper\">\n\t\t\t\t\t<a class=\"elementor-button elementor-button-link elementor-size-sm elementor-animation-skew-forward\" href=\"https:\/\/redebeneditina.org.br\/isf\/contato\/\">\n\t\t\t\t\t\t<span class=\"elementor-button-content-wrapper\">\n\t\t\t\t\t\t<span class=\"elementor-button-icon\">\n\t\t\t\t<i aria-hidden=\"true\" class=\"fas fa-angle-double-right\"><\/i>\t\t\t<\/span>\n\t\t\t\t\t\t\t\t\t<span class=\"elementor-button-text\">Clique aqui<\/span>\n\t\t\t\t\t<\/span>\n\t\t\t\t\t<\/a>\n\t\t\t\t<\/div>\n\t\t\t\t\t\t\t\t<\/div>\n\t\t\t\t<\/div>\n\t\t\t\t\t<\/div>\n\t\t<\/div>\n\t\t\t\t\t<\/div>\n\t\t<\/section>\n\t\t\t\t\t<\/div>\n\t\t<\/div>\n\t\t\t\t\t<\/div>\n\t\t<\/section>\n\t\t\t\t<section class=\"elementor-section elementor-top-section elementor-element elementor-element-1a8fe896 elementor-section-boxed elementor-section-height-default elementor-section-height-default\" data-id=\"1a8fe896\" data-element_type=\"section\" data-e-type=\"section\">\n\t\t\t\t\t\t<div class=\"elementor-container elementor-column-gap-default\">\n\t\t\t\t\t<div class=\"elementor-column elementor-col-100 elementor-top-column elementor-element elementor-element-1d4b7b29\" data-id=\"1d4b7b29\" data-element_type=\"column\" data-e-type=\"column\">\n\t\t\t<div class=\"elementor-widget-wrap elementor-element-populated\">\n\t\t\t\t\t\t<div class=\"elementor-element elementor-element-49dbc989 elementor-widget elementor-widget-custom-title-addons\" data-id=\"49dbc989\" data-element_type=\"widget\" data-e-type=\"widget\" data-widget_type=\"custom-title-addons.default\">\n\t\t\t\t<div class=\"elementor-widget-container\">\n\t\t\t\t\t<div class=\"tpc-double_heading\"><div class=\"dbl__subtitle\"><span>MISS\u00c3O, VIS\u00c3O E VALORES DA REDE BENEDITINA<\/span><\/div><h3 class=\"dbl__title-wrapper\"><span class=\"dbl__title dbl-title_1\">Acolher, Assistir e Educar <\/span><span class=\"dbl__title dbl-title_2\"  >a crian\u00e7a, o adolescente e o jovem por meio da forma\u00e7\u00e3o integral, humanista e crist\u00e3 e <\/span><span class=\"dbl__title dbl-title_3\">proteger e amparar o idoso.<\/span><\/h3><\/div>\t\t\t\t<\/div>\n\t\t\t\t<\/div>\n\t\t\t\t\t<\/div>\n\t\t<\/div>\n\t\t\t\t\t<\/div>\n\t\t<\/section>\n\t\t\t\t<section class=\"elementor-section elementor-top-section elementor-element elementor-element-2788041b elementor-section-boxed elementor-section-height-default elementor-section-height-default\" data-id=\"2788041b\" data-element_type=\"section\" data-e-type=\"section\">\n\t\t\t\t\t\t<div class=\"elementor-container elementor-column-gap-default\">\n\t\t\t\t\t<div class=\"elementor-column elementor-col-100 elementor-top-column elementor-element elementor-element-29b64040\" data-id=\"29b64040\" data-element_type=\"column\" data-e-type=\"column\">\n\t\t\t<div class=\"elementor-widget-wrap elementor-element-populated\">\n\t\t\t\t\t\t<section class=\"elementor-section elementor-inner-section elementor-element elementor-element-5364037 elementor-section-boxed elementor-section-height-default elementor-section-height-default\" data-id=\"5364037\" data-element_type=\"section\" data-e-type=\"section\">\n\t\t\t\t\t\t<div class=\"elementor-container elementor-column-gap-default\">\n\t\t\t\t\t<div class=\"elementor-column elementor-col-33 elementor-inner-column elementor-element elementor-element-ffb508c elementor-invisible\" data-id=\"ffb508c\" data-element_type=\"column\" data-e-type=\"column\" data-settings=\"{&quot;animation&quot;:&quot;slideInLeft&quot;}\">\n\t\t\t<div class=\"elementor-widget-wrap elementor-element-populated\">\n\t\t\t\t\t\t<div class=\"elementor-element elementor-element-36d38b3 edubin-title-align-left elementor-widget elementor-widget-section-title-addons\" data-id=\"36d38b3\" data-element_type=\"widget\" data-e-type=\"widget\" data-widget_type=\"section-title-addons.default\">\n\t\t\t\t<div class=\"elementor-widget-container\">\n\t\t\t\t\t            <div class=\"edubin-section-title edubin-subtitle-position-top title-style-one\">\r\n                <h2 class=\"section-title-txt\">Miss\u00e3o<\/h2><p class=\"section-subtitle-txt\">01<\/p>            <\/div>\r\n\r\n        \t\t\t\t<\/div>\n\t\t\t\t<\/div>\n\t\t\t\t<div class=\"elementor-element elementor-element-442d171 elementor-widget elementor-widget-text-editor\" data-id=\"442d171\" data-element_type=\"widget\" data-e-type=\"widget\" data-widget_type=\"text-editor.default\">\n\t\t\t\t<div class=\"elementor-widget-container\">\n\t\t\t\t\t\t\t\t\t<p>Confiante na Divina Provid\u00eancia a ABEAS tem como miss\u00e3o: Acolher, Assistir e Educar a crian\u00e7a, o adolescente e o jovem por meio da forma\u00e7\u00e3o integral, humanista e crist\u00e3; zelar pela qualidade da educa\u00e7\u00e3o preparando profissionais do futuro com s\u00f3lidos princ\u00edpios \u00e9ticos; proteger e amparar o idoso, primando pela qualidade e excel\u00eancia das tarefas que essa miss\u00e3o exige.<\/p>\t\t\t\t\t\t\t\t<\/div>\n\t\t\t\t<\/div>\n\t\t\t\t\t<\/div>\n\t\t<\/div>\n\t\t\t\t<div class=\"elementor-column elementor-col-33 elementor-inner-column elementor-element elementor-element-fbb0f11 elementor-invisible\" data-id=\"fbb0f11\" data-element_type=\"column\" data-e-type=\"column\" data-settings=\"{&quot;animation&quot;:&quot;slideInUp&quot;}\">\n\t\t\t<div class=\"elementor-widget-wrap elementor-element-populated\">\n\t\t\t\t\t\t<div class=\"elementor-element elementor-element-57d63dd edubin-title-align-left elementor-widget elementor-widget-section-title-addons\" data-id=\"57d63dd\" data-element_type=\"widget\" data-e-type=\"widget\" data-widget_type=\"section-title-addons.default\">\n\t\t\t\t<div class=\"elementor-widget-container\">\n\t\t\t\t\t            <div class=\"edubin-section-title edubin-subtitle-position-top title-style-one\">\r\n                <h2 class=\"section-title-txt\">Vis\u00e3o<\/h2><p class=\"section-subtitle-txt\">02<\/p>            <\/div>\r\n\r\n        \t\t\t\t<\/div>\n\t\t\t\t<\/div>\n\t\t\t\t<div class=\"elementor-element elementor-element-a820340 elementor-widget elementor-widget-text-editor\" data-id=\"a820340\" data-element_type=\"widget\" data-e-type=\"widget\" data-widget_type=\"text-editor.default\">\n\t\t\t\t<div class=\"elementor-widget-container\">\n\t\t\t\t\t\t\t\t\t<p>A ABEAS almeja ser reconhecida pela excel\u00eancia na forma\u00e7\u00e3o integral, humanista e crist\u00e3 de crian\u00e7as, adolescentes e jovens e pela qualidade acad\u00eamica; preservar e difundir o trabalho da rede de escolas e das obras assistenciais; primar pela satisfa\u00e7\u00e3o dos alunos, idosos, assistidos, familiares e parceiros; evoluir continuamente a qualifica\u00e7\u00e3o docente e t\u00e9cnico-administrativa.<\/p>\t\t\t\t\t\t\t\t<\/div>\n\t\t\t\t<\/div>\n\t\t\t\t\t<\/div>\n\t\t<\/div>\n\t\t\t\t<div class=\"elementor-column elementor-col-33 elementor-inner-column elementor-element elementor-element-fc88d80 elementor-invisible\" data-id=\"fc88d80\" data-element_type=\"column\" data-e-type=\"column\" data-settings=\"{&quot;animation&quot;:&quot;slideInRight&quot;}\">\n\t\t\t<div class=\"elementor-widget-wrap elementor-element-populated\">\n\t\t\t\t\t\t<div class=\"elementor-element elementor-element-318a04c edubin-title-align-left elementor-widget elementor-widget-section-title-addons\" data-id=\"318a04c\" data-element_type=\"widget\" data-e-type=\"widget\" data-widget_type=\"section-title-addons.default\">\n\t\t\t\t<div class=\"elementor-widget-container\">\n\t\t\t\t\t            <div class=\"edubin-section-title edubin-subtitle-position-top title-style-one\">\r\n                <h2 class=\"section-title-txt\">Valores<\/h2><p class=\"section-subtitle-txt\">03<\/p>            <\/div>\r\n\r\n        \t\t\t\t<\/div>\n\t\t\t\t<\/div>\n\t\t\t\t<div class=\"elementor-element elementor-element-c1da061 elementor-widget elementor-widget-text-editor\" data-id=\"c1da061\" data-element_type=\"widget\" data-e-type=\"widget\" data-widget_type=\"text-editor.default\">\n\t\t\t\t<div class=\"elementor-widget-container\">\n\t\t\t\t\t\t\t\t\t<p>S\u00e3o valores imprescind\u00edveis: a cren\u00e7a em Deus, na fam\u00edlia e na dignidade humana; a honestidade, solidariedade e paz; a partilha de bens e saber com todos; a liberdade de aprender, pesquisar e divulgar a cultura, o pensamento, a arte e o saber; o respeito e apre\u00e7o \u00e0 liberdade, \u00e0 toler\u00e2ncia, ao ambiente harm\u00f4nico, ao perd\u00e3o e \u00e0 cultura de paz; a defesa da vida e o cuidado da natureza; uso consciente, respons\u00e1vel e saud\u00e1vel da inova\u00e7\u00e3o e transforma\u00e7\u00e3o digital.<\/p>\t\t\t\t\t\t\t\t<\/div>\n\t\t\t\t<\/div>\n\t\t\t\t\t<\/div>\n\t\t<\/div>\n\t\t\t\t\t<\/div>\n\t\t<\/section>\n\t\t\t\t\t<\/div>\n\t\t<\/div>\n\t\t\t\t\t<\/div>\n\t\t<\/section>\n\t\t\t\t<\/div>\n\t\t","protected":false},"excerpt":{"rendered":"<p>Contraturno &nbsp; Instituto Sagrada Fam\u00edlia \u00a0 Atividades Educativas no Contraturno Mais do que acolhimento: desenvolvimento integral em cada detalhe! No Instituto Sagrada Fam\u00edlia, o Contraturno vai muito al\u00e9m do tempo extra na escola \u2014 \u00e9 um espa\u00e7o planejado com carinho, onde acolher, assistir e educar s\u00e3o vividos todos os dias. Oferecemos um ambiente seguro, estimulante&#8230;<\/p>\n","protected":false},"author":4,"featured_media":0,"parent":0,"menu_order":0,"comment_status":"closed","ping_status":"closed","template":"","meta":{"_monsterinsights_skip_tracking":false,"_monsterinsights_sitenote_active":false,"_monsterinsights_sitenote_note":"","_monsterinsights_sitenote_category":0,"ngg_post_thumbnail":0,"footnotes":""},"class_list":["post-13094","page","type-page","status-publish","hentry"],"_links":{"self":[{"href":"https:\/\/redebeneditina.org.br\/isf\/wp-json\/wp\/v2\/pages\/13094","targetHints":{"allow":["GET"]}}],"collection":[{"href":"https:\/\/redebeneditina.org.br\/isf\/wp-json\/wp\/v2\/pages"}],"about":[{"href":"https:\/\/redebeneditina.org.br\/isf\/wp-json\/wp\/v2\/types\/page"}],"author":[{"embeddable":true,"href":"https:\/\/redebeneditina.org.br\/isf\/wp-json\/wp\/v2\/users\/4"}],"replies":[{"embeddable":true,"href":"https:\/\/redebeneditina.org.br\/isf\/wp-json\/wp\/v2\/comments?post=13094"}],"version-history":[{"count":6,"href":"https:\/\/redebeneditina.org.br\/isf\/wp-json\/wp\/v2\/pages\/13094\/revisions"}],"predecessor-version":[{"id":21745,"href":"https:\/\/redebeneditina.org.br\/isf\/wp-json\/wp\/v2\/pages\/13094\/revisions\/21745"}],"wp:attachment":[{"href":"https:\/\/redebeneditina.org.br\/isf\/wp-json\/wp\/v2\/media?parent=13094"}],"curies":[{"name":"wp","href":"https:\/\/api.w.org\/{rel}","templated":true}]}}