{"id":21439,"date":"2025-06-05T18:36:04","date_gmt":"2025-06-05T21:36:04","guid":{"rendered":"https:\/\/redebeneditina.org.br\/isf\/?page_id=21439"},"modified":"2025-06-05T18:42:09","modified_gmt":"2025-06-05T21:42:09","slug":"noticias","status":"publish","type":"page","link":"https:\/\/redebeneditina.org.br\/isf\/noticias\/","title":{"rendered":"Not\u00edcias"},"content":{"rendered":"\t\t<div data-elementor-type=\"wp-page\" data-elementor-id=\"21439\" class=\"elementor elementor-21439\">\n\t\t\t\t\t\t<section class=\"elementor-section elementor-top-section elementor-element elementor-element-cbb2c96 elementor-section-boxed elementor-section-height-default elementor-section-height-default\" data-id=\"cbb2c96\" data-element_type=\"section\" data-e-type=\"section\">\n\t\t\t\t\t\t<div class=\"elementor-container elementor-column-gap-custom\">\n\t\t\t\t\t<div class=\"elementor-column elementor-col-66 elementor-top-column elementor-element elementor-element-e757202\" data-id=\"e757202\" data-element_type=\"column\" data-e-type=\"column\">\n\t\t\t<div class=\"elementor-widget-wrap elementor-element-populated\">\n\t\t\t\t\t\t<div class=\"elementor-element elementor-element-2b0ac60 elementor-widget elementor-widget-edubin-latest-post\" data-id=\"2b0ac60\" data-element_type=\"widget\" data-e-type=\"widget\" data-widget_type=\"edubin-latest-post.default\">\n\t\t\t\t<div class=\"elementor-widget-container\">\n\t\t\t\t\t            \n            <div class=\"row tpc_g_30 edubin-latest-news layout-1\">\n    \n                    \n                    \n              \n                        <div class=\" edubin-col-12 edubin-col-sm-6 edubin-col-md-6 edubin-col-lg-6 6 \">\n                            <div class=\"single-news\"  data-sal>\n                                                                    <div class=\"news-thum\">\n                                        <a href=\"https:\/\/redebeneditina.org.br\/isf\/alunos-exploram-os-diferentes-tipos-de-moradias-ao-redor-do-mundo\/\">\n                                            <img fetchpriority=\"high\" decoding=\"async\" width=\"1080\" height=\"1350\" src=\"https:\/\/redebeneditina.org.br\/isf\/wp-content\/uploads\/2026\/04\/3ano-moradias-instituto-sagrada-familia-2026.jpeg\" class=\"attachment-course_thumb size-course_thumb wp-post-image\" alt=\"\" srcset=\"https:\/\/redebeneditina.org.br\/isf\/wp-content\/uploads\/2026\/04\/3ano-moradias-instituto-sagrada-familia-2026.jpeg 1080w, https:\/\/redebeneditina.org.br\/isf\/wp-content\/uploads\/2026\/04\/3ano-moradias-instituto-sagrada-familia-2026-240x300.jpeg 240w, https:\/\/redebeneditina.org.br\/isf\/wp-content\/uploads\/2026\/04\/3ano-moradias-instituto-sagrada-familia-2026-819x1024.jpeg 819w, https:\/\/redebeneditina.org.br\/isf\/wp-content\/uploads\/2026\/04\/3ano-moradias-instituto-sagrada-familia-2026-768x960.jpeg 768w\" sizes=\"(max-width: 1080px) 100vw, 1080px\" \/>                                        <\/a>\n                                                                            <\/div>\n                                    \n                                    <div class=\"news-cont\">\n                                                                                <ul>\n                                                                                            <li><a href=\"https:\/\/redebeneditina.org.br\/isf\/2026\/04\/17\/\"><i class=\"flaticon-calendar\"><\/i>17 abril 2026 <\/a><\/li>\n                                                                                                                                <\/ul>\n                                                                                    <a href=\"https:\/\/redebeneditina.org.br\/isf\/alunos-exploram-os-diferentes-tipos-de-moradias-ao-redor-do-mundo\/\"><h3 class=\"news-title\">Alunos exploram os diferentes tipos de moradias ao redor do mundo<\/h3><\/a>\n                                                                                                                            <p>Em uma atividade din\u00e2mica e enriquecedora, os alunos participaram de apresenta\u00e7\u00f5es sobre<\/p>\n                                                                                    \n                                    <\/div>\n                            <\/div> <!-- single news -->\n                        <\/div>\n          \n    \n                            \n                    \n              \n                        <div class=\" edubin-col-12 edubin-col-sm-6 edubin-col-md-6 edubin-col-lg-6 6 \">\n                            <div class=\"single-news\"  data-sal>\n                                                                    <div class=\"news-thum\">\n                                        <a href=\"https:\/\/redebeneditina.org.br\/isf\/roda-de-leitura-encanta-alunos-com-a-historia-o-galinho-gripado\/\">\n                                            <img decoding=\"async\" width=\"1080\" height=\"1350\" src=\"https:\/\/redebeneditina.org.br\/isf\/wp-content\/uploads\/2026\/04\/2026-ed-infantil-capa-instituto-sagrada-familia-sp-santo-andre-1.jpg\" class=\"attachment-course_thumb size-course_thumb wp-post-image\" alt=\"\" srcset=\"https:\/\/redebeneditina.org.br\/isf\/wp-content\/uploads\/2026\/04\/2026-ed-infantil-capa-instituto-sagrada-familia-sp-santo-andre-1.jpg 1080w, https:\/\/redebeneditina.org.br\/isf\/wp-content\/uploads\/2026\/04\/2026-ed-infantil-capa-instituto-sagrada-familia-sp-santo-andre-1-240x300.jpg 240w, https:\/\/redebeneditina.org.br\/isf\/wp-content\/uploads\/2026\/04\/2026-ed-infantil-capa-instituto-sagrada-familia-sp-santo-andre-1-819x1024.jpg 819w, https:\/\/redebeneditina.org.br\/isf\/wp-content\/uploads\/2026\/04\/2026-ed-infantil-capa-instituto-sagrada-familia-sp-santo-andre-1-768x960.jpg 768w\" sizes=\"(max-width: 1080px) 100vw, 1080px\" \/>                                        <\/a>\n                                                                            <\/div>\n                                    \n                                    <div class=\"news-cont\">\n                                                                                <ul>\n                                                                                            <li><a href=\"https:\/\/redebeneditina.org.br\/isf\/2026\/04\/14\/\"><i class=\"flaticon-calendar\"><\/i>14 abril 2026 <\/a><\/li>\n                                                                                                                                <\/ul>\n                                                                                    <a href=\"https:\/\/redebeneditina.org.br\/isf\/roda-de-leitura-encanta-alunos-com-a-historia-o-galinho-gripado\/\"><h3 class=\"news-title\">Roda de leitura encanta alunos com a hist\u00f3ria \u201cO Galinho Gripado\u201d<\/h3><\/a>\n                                                                                                                            <p>Os alunos participaram de um momento especial de roda de leitura com<\/p>\n                                                                                    \n                                    <\/div>\n                            <\/div> <!-- single news -->\n                        <\/div>\n          \n    \n                            \n                    \n              \n                        <div class=\" edubin-col-12 edubin-col-sm-6 edubin-col-md-6 edubin-col-lg-6 6 \">\n                            <div class=\"single-news\"  data-sal>\n                                                                    <div class=\"news-thum\">\n                                        <a href=\"https:\/\/redebeneditina.org.br\/isf\/missa-de-pascoa-reune-comunidade-escolar-em-momento-de-fe-e-celebracao\/\">\n                                            <img decoding=\"async\" width=\"1080\" height=\"1350\" src=\"https:\/\/redebeneditina.org.br\/isf\/wp-content\/uploads\/2026\/04\/2026-missa-pascoa-instituto-sagrada-familia-santo-andre.jpeg\" class=\"attachment-course_thumb size-course_thumb wp-post-image\" alt=\"\" srcset=\"https:\/\/redebeneditina.org.br\/isf\/wp-content\/uploads\/2026\/04\/2026-missa-pascoa-instituto-sagrada-familia-santo-andre.jpeg 1080w, https:\/\/redebeneditina.org.br\/isf\/wp-content\/uploads\/2026\/04\/2026-missa-pascoa-instituto-sagrada-familia-santo-andre-240x300.jpeg 240w, https:\/\/redebeneditina.org.br\/isf\/wp-content\/uploads\/2026\/04\/2026-missa-pascoa-instituto-sagrada-familia-santo-andre-819x1024.jpeg 819w, https:\/\/redebeneditina.org.br\/isf\/wp-content\/uploads\/2026\/04\/2026-missa-pascoa-instituto-sagrada-familia-santo-andre-768x960.jpeg 768w\" sizes=\"(max-width: 1080px) 100vw, 1080px\" \/>                                        <\/a>\n                                                                            <\/div>\n                                    \n                                    <div class=\"news-cont\">\n                                                                                <ul>\n                                                                                            <li><a href=\"https:\/\/redebeneditina.org.br\/isf\/2026\/04\/13\/\"><i class=\"flaticon-calendar\"><\/i>13 abril 2026 <\/a><\/li>\n                                                                                                                                <\/ul>\n                                                                                    <a href=\"https:\/\/redebeneditina.org.br\/isf\/missa-de-pascoa-reune-comunidade-escolar-em-momento-de-fe-e-celebracao\/\"><h3 class=\"news-title\">Missa de P\u00e1scoa re\u00fane comunidade escolar em momento de f\u00e9 e celebra\u00e7\u00e3o<\/h3><\/a>\n                                                                                                                            <p>Nossa escola vivenciou um momento especial com a celebra\u00e7\u00e3o da Missa de<\/p>\n                                                                                    \n                                    <\/div>\n                            <\/div> <!-- single news -->\n                        <\/div>\n          \n    \n                            \n                    \n              \n                        <div class=\" edubin-col-12 edubin-col-sm-6 edubin-col-md-6 edubin-col-lg-6 6 \">\n                            <div class=\"single-news\"  data-sal>\n                                                                    <div class=\"news-thum\">\n                                        <a href=\"https:\/\/redebeneditina.org.br\/isf\/debate-literario-estimula-reflexao-e-protagonismo-no-ensino-medio\/\">\n                                            <img loading=\"lazy\" decoding=\"async\" width=\"1080\" height=\"1440\" src=\"https:\/\/redebeneditina.org.br\/isf\/wp-content\/uploads\/2026\/04\/2026-ensino-medio-capa-sagrada-familia-sp-santo-andre-1.jpg\" class=\"attachment-course_thumb size-course_thumb wp-post-image\" alt=\"\" srcset=\"https:\/\/redebeneditina.org.br\/isf\/wp-content\/uploads\/2026\/04\/2026-ensino-medio-capa-sagrada-familia-sp-santo-andre-1.jpg 1080w, https:\/\/redebeneditina.org.br\/isf\/wp-content\/uploads\/2026\/04\/2026-ensino-medio-capa-sagrada-familia-sp-santo-andre-1-225x300.jpg 225w, https:\/\/redebeneditina.org.br\/isf\/wp-content\/uploads\/2026\/04\/2026-ensino-medio-capa-sagrada-familia-sp-santo-andre-1-768x1024.jpg 768w\" sizes=\"(max-width: 1080px) 100vw, 1080px\" \/>                                        <\/a>\n                                                                            <\/div>\n                                    \n                                    <div class=\"news-cont\">\n                                                                                <ul>\n                                                                                            <li><a href=\"https:\/\/redebeneditina.org.br\/isf\/2026\/04\/07\/\"><i class=\"flaticon-calendar\"><\/i>07 abril 2026 <\/a><\/li>\n                                                                                                                                <\/ul>\n                                                                                    <a href=\"https:\/\/redebeneditina.org.br\/isf\/debate-literario-estimula-reflexao-e-protagonismo-no-ensino-medio\/\"><h3 class=\"news-title\">Debate liter\u00e1rio estimula reflex\u00e3o e protagonismo no Ensino M\u00e9dio<\/h3><\/a>\n                                                                                                                            <p>Com o objetivo de tornar a leitura uma experi\u00eancia prazerosa e significativa,<\/p>\n                                                                                    \n                                    <\/div>\n                            <\/div> <!-- single news -->\n                        <\/div>\n          \n    \n                            \n                    \n              \n                        <div class=\" edubin-col-12 edubin-col-sm-6 edubin-col-md-6 edubin-col-lg-6 6 \">\n                            <div class=\"single-news\"  data-sal>\n                                                                    <div class=\"news-thum\">\n                                        <a href=\"https:\/\/redebeneditina.org.br\/isf\/vivendo-a-semana-santa\/\">\n                                            <img loading=\"lazy\" decoding=\"async\" width=\"1080\" height=\"1440\" src=\"https:\/\/redebeneditina.org.br\/isf\/wp-content\/uploads\/2026\/04\/2026-semana-santa-capa-instituto-sagrada-familia-sp-santo-andre-1.jpg\" class=\"attachment-course_thumb size-course_thumb wp-post-image\" alt=\"\" srcset=\"https:\/\/redebeneditina.org.br\/isf\/wp-content\/uploads\/2026\/04\/2026-semana-santa-capa-instituto-sagrada-familia-sp-santo-andre-1.jpg 1080w, https:\/\/redebeneditina.org.br\/isf\/wp-content\/uploads\/2026\/04\/2026-semana-santa-capa-instituto-sagrada-familia-sp-santo-andre-1-225x300.jpg 225w, https:\/\/redebeneditina.org.br\/isf\/wp-content\/uploads\/2026\/04\/2026-semana-santa-capa-instituto-sagrada-familia-sp-santo-andre-1-768x1024.jpg 768w\" sizes=\"(max-width: 1080px) 100vw, 1080px\" \/>                                        <\/a>\n                                                                            <\/div>\n                                    \n                                    <div class=\"news-cont\">\n                                                                                <ul>\n                                                                                            <li><a href=\"https:\/\/redebeneditina.org.br\/isf\/2026\/04\/06\/\"><i class=\"flaticon-calendar\"><\/i>06 abril 2026 <\/a><\/li>\n                                                                                                                                <\/ul>\n                                                                                    <a href=\"https:\/\/redebeneditina.org.br\/isf\/vivendo-a-semana-santa\/\"><h3 class=\"news-title\">Vivendo a Semana Santa<\/h3><\/a>\n                                                                                                                            <p>Durante esta semana, nossa escola viveu momentos muito especiais. Cada turma participou<\/p>\n                                                                                    \n                                    <\/div>\n                            <\/div> <!-- single news -->\n                        <\/div>\n          \n    \n                            \n                    \n              \n                        <div class=\" edubin-col-12 edubin-col-sm-6 edubin-col-md-6 edubin-col-lg-6 6 \">\n                            <div class=\"single-news\"  data-sal>\n                                                                    <div class=\"news-thum\">\n                                        <a href=\"https:\/\/redebeneditina.org.br\/isf\/um-momento-de-surpresa-e-fe-ef-anos-iniciais\/\">\n                                            <img loading=\"lazy\" decoding=\"async\" width=\"1080\" height=\"1440\" src=\"https:\/\/redebeneditina.org.br\/isf\/wp-content\/uploads\/2026\/04\/2026-ensino-religioso-instituto-sagrada-familia-sp-santo-andre-1.jpg\" class=\"attachment-course_thumb size-course_thumb wp-post-image\" alt=\"\" srcset=\"https:\/\/redebeneditina.org.br\/isf\/wp-content\/uploads\/2026\/04\/2026-ensino-religioso-instituto-sagrada-familia-sp-santo-andre-1.jpg 1080w, https:\/\/redebeneditina.org.br\/isf\/wp-content\/uploads\/2026\/04\/2026-ensino-religioso-instituto-sagrada-familia-sp-santo-andre-1-225x300.jpg 225w, https:\/\/redebeneditina.org.br\/isf\/wp-content\/uploads\/2026\/04\/2026-ensino-religioso-instituto-sagrada-familia-sp-santo-andre-1-768x1024.jpg 768w\" sizes=\"(max-width: 1080px) 100vw, 1080px\" \/>                                        <\/a>\n                                                                            <\/div>\n                                    \n                                    <div class=\"news-cont\">\n                                                                                <ul>\n                                                                                            <li><a href=\"https:\/\/redebeneditina.org.br\/isf\/2026\/04\/01\/\"><i class=\"flaticon-calendar\"><\/i>01 abril 2026 <\/a><\/li>\n                                                                                                                                <\/ul>\n                                                                                    <a href=\"https:\/\/redebeneditina.org.br\/isf\/um-momento-de-surpresa-e-fe-ef-anos-iniciais\/\"><h3 class=\"news-title\">Um Momento de Surpresa e F\u00e9 &#8211; EF anos iniciais<\/h3><\/a>\n                                                                                                                            <p>Uma experi\u00eancia simples, mas profundamente significativa. Nossos alunos dos anos iniciais receberam<\/p>\n                                                                                    \n                                    <\/div>\n                            <\/div> <!-- single news -->\n                        <\/div>\n          \n    \n                            \n                    \n              \n                        <div class=\" edubin-col-12 edubin-col-sm-6 edubin-col-md-6 edubin-col-lg-6 6 \">\n                            <div class=\"single-news\"  data-sal>\n                                                                    <div class=\"news-thum\">\n                                        <a href=\"https:\/\/redebeneditina.org.br\/isf\/ciencias-e-criatividade-no-6o-ano\/\">\n                                            <img loading=\"lazy\" decoding=\"async\" width=\"1080\" height=\"1440\" src=\"https:\/\/redebeneditina.org.br\/isf\/wp-content\/uploads\/2026\/03\/2026-6ano-capa-santo-andre-instituto-sagrada-familia-1.jpg\" class=\"attachment-course_thumb size-course_thumb wp-post-image\" alt=\"\" srcset=\"https:\/\/redebeneditina.org.br\/isf\/wp-content\/uploads\/2026\/03\/2026-6ano-capa-santo-andre-instituto-sagrada-familia-1.jpg 1080w, https:\/\/redebeneditina.org.br\/isf\/wp-content\/uploads\/2026\/03\/2026-6ano-capa-santo-andre-instituto-sagrada-familia-1-225x300.jpg 225w, https:\/\/redebeneditina.org.br\/isf\/wp-content\/uploads\/2026\/03\/2026-6ano-capa-santo-andre-instituto-sagrada-familia-1-768x1024.jpg 768w\" sizes=\"(max-width: 1080px) 100vw, 1080px\" \/>                                        <\/a>\n                                                                            <\/div>\n                                    \n                                    <div class=\"news-cont\">\n                                                                                <ul>\n                                                                                            <li><a href=\"https:\/\/redebeneditina.org.br\/isf\/2026\/03\/23\/\"><i class=\"flaticon-calendar\"><\/i>23 mar\u00e7o 2026 <\/a><\/li>\n                                                                                                                                <\/ul>\n                                                                                    <a href=\"https:\/\/redebeneditina.org.br\/isf\/ciencias-e-criatividade-no-6o-ano\/\"><h3 class=\"news-title\">Ci\u00eancias e criatividade no 6\u00ba ano<\/h3><\/a>\n                                                                                                                            <p>Nossos alunos do 6\u00ba ano participaram de uma atividade pr\u00e1tica de constru\u00e7\u00e3o<\/p>\n                                                                                    \n                                    <\/div>\n                            <\/div> <!-- single news -->\n                        <\/div>\n          \n    \n                            \n                    \n              \n                        <div class=\" edubin-col-12 edubin-col-sm-6 edubin-col-md-6 edubin-col-lg-6 6 \">\n                            <div class=\"single-news\"  data-sal>\n                                                                    <div class=\"news-thum\">\n                                        <a href=\"https:\/\/redebeneditina.org.br\/isf\/acampadentro-dos-anos-finais-2026\/\">\n                                            <img loading=\"lazy\" decoding=\"async\" width=\"1080\" height=\"1440\" src=\"https:\/\/redebeneditina.org.br\/isf\/wp-content\/uploads\/2026\/03\/2026-0-acampadentro-capa-andre-instituto-sagrada-familia-2.jpg\" class=\"attachment-course_thumb size-course_thumb wp-post-image\" alt=\"\" srcset=\"https:\/\/redebeneditina.org.br\/isf\/wp-content\/uploads\/2026\/03\/2026-0-acampadentro-capa-andre-instituto-sagrada-familia-2.jpg 1080w, https:\/\/redebeneditina.org.br\/isf\/wp-content\/uploads\/2026\/03\/2026-0-acampadentro-capa-andre-instituto-sagrada-familia-2-225x300.jpg 225w, https:\/\/redebeneditina.org.br\/isf\/wp-content\/uploads\/2026\/03\/2026-0-acampadentro-capa-andre-instituto-sagrada-familia-2-768x1024.jpg 768w\" sizes=\"(max-width: 1080px) 100vw, 1080px\" \/>                                        <\/a>\n                                                                            <\/div>\n                                    \n                                    <div class=\"news-cont\">\n                                                                                <ul>\n                                                                                            <li><a href=\"https:\/\/redebeneditina.org.br\/isf\/2026\/03\/23\/\"><i class=\"flaticon-calendar\"><\/i>23 mar\u00e7o 2026 <\/a><\/li>\n                                                                                                                                <\/ul>\n                                                                                    <a href=\"https:\/\/redebeneditina.org.br\/isf\/acampadentro-dos-anos-finais-2026\/\"><h3 class=\"news-title\">Acampadentro dos Anos Finais 2026<\/h3><\/a>\n                                                                                                                            <p>Uma noite, mil mem\u00f3rias e uma conex\u00e3o que vai muito al\u00e9m da<\/p>\n                                                                                    \n                                    <\/div>\n                            <\/div> <!-- single news -->\n                        <\/div>\n          \n    \n                            \n                    \n              \n                        <div class=\" edubin-col-12 edubin-col-sm-6 edubin-col-md-6 edubin-col-lg-6 6 \">\n                            <div class=\"single-news\"  data-sal>\n                                                                    <div class=\"news-thum\">\n                                        <a href=\"https:\/\/redebeneditina.org.br\/isf\/matematica-na-pratica-1o-ano\/\">\n                                            <img loading=\"lazy\" decoding=\"async\" width=\"1080\" height=\"1440\" src=\"https:\/\/redebeneditina.org.br\/isf\/wp-content\/uploads\/2026\/03\/2026-1ano-capa-andre-instituto-sagrada-familia-1.jpg\" class=\"attachment-course_thumb size-course_thumb wp-post-image\" alt=\"\" srcset=\"https:\/\/redebeneditina.org.br\/isf\/wp-content\/uploads\/2026\/03\/2026-1ano-capa-andre-instituto-sagrada-familia-1.jpg 1080w, https:\/\/redebeneditina.org.br\/isf\/wp-content\/uploads\/2026\/03\/2026-1ano-capa-andre-instituto-sagrada-familia-1-225x300.jpg 225w, https:\/\/redebeneditina.org.br\/isf\/wp-content\/uploads\/2026\/03\/2026-1ano-capa-andre-instituto-sagrada-familia-1-768x1024.jpg 768w\" sizes=\"(max-width: 1080px) 100vw, 1080px\" \/>                                        <\/a>\n                                                                            <\/div>\n                                    \n                                    <div class=\"news-cont\">\n                                                                                <ul>\n                                                                                            <li><a href=\"https:\/\/redebeneditina.org.br\/isf\/2026\/03\/20\/\"><i class=\"flaticon-calendar\"><\/i>20 mar\u00e7o 2026 <\/a><\/li>\n                                                                                                                                <\/ul>\n                                                                                    <a href=\"https:\/\/redebeneditina.org.br\/isf\/matematica-na-pratica-1o-ano\/\"><h3 class=\"news-title\">Matem\u00e1tica na pr\u00e1tica &#8211; 1\u00ba ano<\/h3><\/a>\n                                                                                                                            <p>Os alunos dos anos iniciais participaram da atividade \u201cQual \u00e9 o troco?\u201d,<\/p>\n                                                                                    \n                                    <\/div>\n                            <\/div> <!-- single news -->\n                        <\/div>\n          \n    \n                            \n                    \n              \n                        <div class=\" edubin-col-12 edubin-col-sm-6 edubin-col-md-6 edubin-col-lg-6 6 \">\n                            <div class=\"single-news\"  data-sal>\n                                                                    <div class=\"news-thum\">\n                                        <a href=\"https:\/\/redebeneditina.org.br\/isf\/parcerias-que-transformam-a-educacao\/\">\n                                            <img loading=\"lazy\" decoding=\"async\" width=\"924\" height=\"800\" src=\"https:\/\/redebeneditina.org.br\/isf\/wp-content\/uploads\/2026\/03\/atividades-instituto-sagrada-familia-2026-v2.jpg\" class=\"attachment-course_thumb size-course_thumb wp-post-image\" alt=\"\" srcset=\"https:\/\/redebeneditina.org.br\/isf\/wp-content\/uploads\/2026\/03\/atividades-instituto-sagrada-familia-2026-v2.jpg 924w, https:\/\/redebeneditina.org.br\/isf\/wp-content\/uploads\/2026\/03\/atividades-instituto-sagrada-familia-2026-v2-300x260.jpg 300w, https:\/\/redebeneditina.org.br\/isf\/wp-content\/uploads\/2026\/03\/atividades-instituto-sagrada-familia-2026-v2-768x665.jpg 768w\" sizes=\"(max-width: 924px) 100vw, 924px\" \/>                                        <\/a>\n                                                                            <\/div>\n                                    \n                                    <div class=\"news-cont\">\n                                                                                <ul>\n                                                                                            <li><a href=\"https:\/\/redebeneditina.org.br\/isf\/2026\/03\/20\/\"><i class=\"flaticon-calendar\"><\/i>20 mar\u00e7o 2026 <\/a><\/li>\n                                                                                                                                <\/ul>\n                                                                                    <a href=\"https:\/\/redebeneditina.org.br\/isf\/parcerias-que-transformam-a-educacao\/\"><h3 class=\"news-title\">Parcerias que Transformam a Educa\u00e7\u00e3o<\/h3><\/a>\n                                                                                                                            <p>O Instituto Sagrada Fam\u00edlia acredita que uma educa\u00e7\u00e3o de qualidade se constr\u00f3i<\/p>\n                                                                                    \n                                    <\/div>\n                            <\/div> <!-- single news -->\n                        <\/div>\n          \n    \n                            \n                    \n              \n                        <div class=\" edubin-col-12 edubin-col-sm-6 edubin-col-md-6 edubin-col-lg-6 6 \">\n                            <div class=\"single-news\"  data-sal>\n                                                                    <div class=\"news-thum\">\n                                        <a href=\"https:\/\/redebeneditina.org.br\/isf\/aprender-brincando-pequenos-detetives-descobrindo-letras-e-numeros\/\">\n                                            <img loading=\"lazy\" decoding=\"async\" width=\"1080\" height=\"1440\" src=\"https:\/\/redebeneditina.org.br\/isf\/wp-content\/uploads\/2026\/03\/2026-ed-infantil-santo-andre-instituto-sagrada-familia-1.jpg\" class=\"attachment-course_thumb size-course_thumb wp-post-image\" alt=\"\" srcset=\"https:\/\/redebeneditina.org.br\/isf\/wp-content\/uploads\/2026\/03\/2026-ed-infantil-santo-andre-instituto-sagrada-familia-1.jpg 1080w, https:\/\/redebeneditina.org.br\/isf\/wp-content\/uploads\/2026\/03\/2026-ed-infantil-santo-andre-instituto-sagrada-familia-1-225x300.jpg 225w, https:\/\/redebeneditina.org.br\/isf\/wp-content\/uploads\/2026\/03\/2026-ed-infantil-santo-andre-instituto-sagrada-familia-1-768x1024.jpg 768w\" sizes=\"(max-width: 1080px) 100vw, 1080px\" \/>                                        <\/a>\n                                                                            <\/div>\n                                    \n                                    <div class=\"news-cont\">\n                                                                                <ul>\n                                                                                            <li><a href=\"https:\/\/redebeneditina.org.br\/isf\/2026\/03\/18\/\"><i class=\"flaticon-calendar\"><\/i>18 mar\u00e7o 2026 <\/a><\/li>\n                                                                                                                                <\/ul>\n                                                                                    <a href=\"https:\/\/redebeneditina.org.br\/isf\/aprender-brincando-pequenos-detetives-descobrindo-letras-e-numeros\/\"><h3 class=\"news-title\">Aprender brincando: pequenos detetives descobrindo letras e n\u00fameros<\/h3><\/a>\n                                                                                                                            <p>Os alunos da Educa\u00e7\u00e3o Infantil participaram de uma atividade l\u00fadica e investigativa,<\/p>\n                                                                                    \n                                    <\/div>\n                            <\/div> <!-- single news -->\n                        <\/div>\n          \n    \n                            \n                    \n              \n                        <div class=\" edubin-col-12 edubin-col-sm-6 edubin-col-md-6 edubin-col-lg-6 6 \">\n                            <div class=\"single-news\"  data-sal>\n                                                                    <div class=\"news-thum\">\n                                        <a href=\"https:\/\/redebeneditina.org.br\/isf\/acampamedio-integracao-reflexao-e-momentos-inesqueciveis\/\">\n                                            <img loading=\"lazy\" decoding=\"async\" width=\"1080\" height=\"1440\" src=\"https:\/\/redebeneditina.org.br\/isf\/wp-content\/uploads\/2026\/03\/2026-ensino-medio-santo-andre-instituto-sagrada-familia-1.jpg\" class=\"attachment-course_thumb size-course_thumb wp-post-image\" alt=\"\" srcset=\"https:\/\/redebeneditina.org.br\/isf\/wp-content\/uploads\/2026\/03\/2026-ensino-medio-santo-andre-instituto-sagrada-familia-1.jpg 1080w, https:\/\/redebeneditina.org.br\/isf\/wp-content\/uploads\/2026\/03\/2026-ensino-medio-santo-andre-instituto-sagrada-familia-1-225x300.jpg 225w, https:\/\/redebeneditina.org.br\/isf\/wp-content\/uploads\/2026\/03\/2026-ensino-medio-santo-andre-instituto-sagrada-familia-1-768x1024.jpg 768w\" sizes=\"(max-width: 1080px) 100vw, 1080px\" \/>                                        <\/a>\n                                                                            <\/div>\n                                    \n                                    <div class=\"news-cont\">\n                                                                                <ul>\n                                                                                            <li><a href=\"https:\/\/redebeneditina.org.br\/isf\/2026\/03\/09\/\"><i class=\"flaticon-calendar\"><\/i>09 mar\u00e7o 2026 <\/a><\/li>\n                                                                                                                                <\/ul>\n                                                                                    <a href=\"https:\/\/redebeneditina.org.br\/isf\/acampamedio-integracao-reflexao-e-momentos-inesqueciveis\/\"><h3 class=\"news-title\">AcampaM\u00e9dio: integra\u00e7\u00e3o, reflex\u00e3o e momentos inesquec\u00edveis<\/h3><\/a>\n                                                                                                                            <p>Neste final de semana, nossos alunos do Ensino M\u00e9dio participaram de mais<\/p>\n                                                                                    \n                                    <\/div>\n                            <\/div> <!-- single news -->\n                        <\/div>\n          \n    \n                            \n                    \n              \n                        <div class=\" edubin-col-12 edubin-col-sm-6 edubin-col-md-6 edubin-col-lg-6 6 \">\n                            <div class=\"single-news\"  data-sal>\n                                                                    <div class=\"news-thum\">\n                                        <a href=\"https:\/\/redebeneditina.org.br\/isf\/instituto-sagrada-familia-muito-alem-do-ensino-formacao-para-a-vida\/\">\n                                            <img loading=\"lazy\" decoding=\"async\" width=\"1080\" height=\"1440\" src=\"https:\/\/redebeneditina.org.br\/isf\/wp-content\/uploads\/2026\/03\/2026-melhor-escola-de-santo-andre-instituto-sagrada-familia-1.jpg\" class=\"attachment-course_thumb size-course_thumb wp-post-image\" alt=\"\" srcset=\"https:\/\/redebeneditina.org.br\/isf\/wp-content\/uploads\/2026\/03\/2026-melhor-escola-de-santo-andre-instituto-sagrada-familia-1.jpg 1080w, https:\/\/redebeneditina.org.br\/isf\/wp-content\/uploads\/2026\/03\/2026-melhor-escola-de-santo-andre-instituto-sagrada-familia-1-225x300.jpg 225w, https:\/\/redebeneditina.org.br\/isf\/wp-content\/uploads\/2026\/03\/2026-melhor-escola-de-santo-andre-instituto-sagrada-familia-1-768x1024.jpg 768w\" sizes=\"(max-width: 1080px) 100vw, 1080px\" \/>                                        <\/a>\n                                                                            <\/div>\n                                    \n                                    <div class=\"news-cont\">\n                                                                                <ul>\n                                                                                            <li><a href=\"https:\/\/redebeneditina.org.br\/isf\/2026\/03\/06\/\"><i class=\"flaticon-calendar\"><\/i>06 mar\u00e7o 2026 <\/a><\/li>\n                                                                                                                                <\/ul>\n                                                                                    <a href=\"https:\/\/redebeneditina.org.br\/isf\/instituto-sagrada-familia-muito-alem-do-ensino-formacao-para-a-vida\/\"><h3 class=\"news-title\">Instituto Sagrada Fam\u00edlia \u2013 Muito al\u00e9m do Ensino, Forma\u00e7\u00e3o para a Vida<\/h3><\/a>\n                                                                                                                            <p>Em nossa escola, acreditamos que a educa\u00e7\u00e3o vai muito al\u00e9m do conte\u00fado<\/p>\n                                                                                    \n                                    <\/div>\n                            <\/div> <!-- single news -->\n                        <\/div>\n          \n    \n                            \n                    \n              \n                        <div class=\" edubin-col-12 edubin-col-sm-6 edubin-col-md-6 edubin-col-lg-6 6 \">\n                            <div class=\"single-news\"  data-sal>\n                                                                    <div class=\"news-thum\">\n                                        <a href=\"https:\/\/redebeneditina.org.br\/isf\/90-anos-da-chegada-das-primeiras-irmas-beneditinas-ao-brasil\/\">\n                                            <img loading=\"lazy\" decoding=\"async\" width=\"340\" height=\"460\" src=\"https:\/\/redebeneditina.org.br\/isf\/wp-content\/uploads\/2026\/02\/90anos-ibdp.jpg\" class=\"attachment-course_thumb size-course_thumb wp-post-image\" alt=\"\" srcset=\"https:\/\/redebeneditina.org.br\/isf\/wp-content\/uploads\/2026\/02\/90anos-ibdp.jpg 340w, https:\/\/redebeneditina.org.br\/isf\/wp-content\/uploads\/2026\/02\/90anos-ibdp-222x300.jpg 222w\" sizes=\"(max-width: 340px) 100vw, 340px\" \/>                                        <\/a>\n                                                                            <\/div>\n                                    \n                                    <div class=\"news-cont\">\n                                                                                <ul>\n                                                                                            <li><a href=\"https:\/\/redebeneditina.org.br\/isf\/2026\/02\/28\/\"><i class=\"flaticon-calendar\"><\/i>28 fevereiro 2026 <\/a><\/li>\n                                                                                                                                <\/ul>\n                                                                                    <a href=\"https:\/\/redebeneditina.org.br\/isf\/90-anos-da-chegada-das-primeiras-irmas-beneditinas-ao-brasil\/\"><h3 class=\"news-title\">90 anos da chegada das Primeiras Irm\u00e3s Beneditinas ao Brasil<\/h3><\/a>\n                                                                                                                            <p>28.02.1936&#8230; 90 anos da chegada de nossas Primeiras Irm\u00e3s em terras brasileiras.<\/p>\n                                                                                    \n                                    <\/div>\n                            <\/div> <!-- single news -->\n                        <\/div>\n          \n    \n                            \n                    \n              \n                        <div class=\" edubin-col-12 edubin-col-sm-6 edubin-col-md-6 edubin-col-lg-6 6 \">\n                            <div class=\"single-news\"  data-sal>\n                                                                    <div class=\"news-thum\">\n                                        <a href=\"https:\/\/redebeneditina.org.br\/isf\/90-anos-da-chegada-das-irmas-beneditinas-da-divina-providencia-ao-brasil\/\">\n                                            <img loading=\"lazy\" decoding=\"async\" width=\"1080\" height=\"1350\" src=\"https:\/\/redebeneditina.org.br\/isf\/wp-content\/uploads\/2026\/02\/irmas-beneditinas-90anos-no-br-1.png\" class=\"attachment-course_thumb size-course_thumb wp-post-image\" alt=\"\" srcset=\"https:\/\/redebeneditina.org.br\/isf\/wp-content\/uploads\/2026\/02\/irmas-beneditinas-90anos-no-br-1.png 1080w, https:\/\/redebeneditina.org.br\/isf\/wp-content\/uploads\/2026\/02\/irmas-beneditinas-90anos-no-br-1-240x300.png 240w, https:\/\/redebeneditina.org.br\/isf\/wp-content\/uploads\/2026\/02\/irmas-beneditinas-90anos-no-br-1-819x1024.png 819w, https:\/\/redebeneditina.org.br\/isf\/wp-content\/uploads\/2026\/02\/irmas-beneditinas-90anos-no-br-1-768x960.png 768w\" sizes=\"(max-width: 1080px) 100vw, 1080px\" \/>                                        <\/a>\n                                                                            <\/div>\n                                    \n                                    <div class=\"news-cont\">\n                                                                                <ul>\n                                                                                            <li><a href=\"https:\/\/redebeneditina.org.br\/isf\/2026\/02\/28\/\"><i class=\"flaticon-calendar\"><\/i>28 fevereiro 2026 <\/a><\/li>\n                                                                                                                                <\/ul>\n                                                                                    <a href=\"https:\/\/redebeneditina.org.br\/isf\/90-anos-da-chegada-das-irmas-beneditinas-da-divina-providencia-ao-brasil\/\"><h3 class=\"news-title\">90 anos da chegada das Irm\u00e3s Beneditinas da Divina Provid\u00eancia ao Brasil<\/h3><\/a>\n                                                                                                                            <p>Hoje celebramos, com alegria, 90 anos da chegada das Irm\u00e3s Beneditinas da<\/p>\n                                                                                    \n                                    <\/div>\n                            <\/div> <!-- single news -->\n                        <\/div>\n          \n    \n                            \n                    \n              \n                        <div class=\" edubin-col-12 edubin-col-sm-6 edubin-col-md-6 edubin-col-lg-6 6 \">\n                            <div class=\"single-news\"  data-sal>\n                                                                    <div class=\"news-thum\">\n                                        <a href=\"https:\/\/redebeneditina.org.br\/isf\/encontros-vocalicos-fortalecem-a-alfabetizacao-no-1o-ano\/\">\n                                            <img loading=\"lazy\" decoding=\"async\" width=\"1080\" height=\"1440\" src=\"https:\/\/redebeneditina.org.br\/isf\/wp-content\/uploads\/2026\/02\/2026-1-ano-instituto-sagrada-familia-santo-andre-1.jpg\" class=\"attachment-course_thumb size-course_thumb wp-post-image\" alt=\"\" srcset=\"https:\/\/redebeneditina.org.br\/isf\/wp-content\/uploads\/2026\/02\/2026-1-ano-instituto-sagrada-familia-santo-andre-1.jpg 1080w, https:\/\/redebeneditina.org.br\/isf\/wp-content\/uploads\/2026\/02\/2026-1-ano-instituto-sagrada-familia-santo-andre-1-225x300.jpg 225w, https:\/\/redebeneditina.org.br\/isf\/wp-content\/uploads\/2026\/02\/2026-1-ano-instituto-sagrada-familia-santo-andre-1-768x1024.jpg 768w\" sizes=\"(max-width: 1080px) 100vw, 1080px\" \/>                                        <\/a>\n                                                                            <\/div>\n                                    \n                                    <div class=\"news-cont\">\n                                                                                <ul>\n                                                                                            <li><a href=\"https:\/\/redebeneditina.org.br\/isf\/2026\/02\/25\/\"><i class=\"flaticon-calendar\"><\/i>25 fevereiro 2026 <\/a><\/li>\n                                                                                                                                <\/ul>\n                                                                                    <a href=\"https:\/\/redebeneditina.org.br\/isf\/encontros-vocalicos-fortalecem-a-alfabetizacao-no-1o-ano\/\"><h3 class=\"news-title\">Encontros Voc\u00e1licos fortalecem a alfabetiza\u00e7\u00e3o no 1\u00ba Ano<\/h3><\/a>\n                                                                                                                            <p>Os alunos do 1\u00ba ano do Ensino Fundamental \u2013 Anos Iniciais participaram<\/p>\n                                                                                    \n                                    <\/div>\n                            <\/div> <!-- single news -->\n                        <\/div>\n          \n    \n                            \n                            \n                        <nav class=\"edubin-pagination-wrapper tpc-custom-pagination\" role=\"navigation\" aria-label=\"Posts\">\n                            <div class=\"page-number\">\n                                <span aria-current=\"page\" class=\"page-numbers current\">1<\/span>\n<a class=\"page-numbers\" href=\"https:\/\/redebeneditina.org.br\/isf\/wp-json\/wp\/v2\/pages\/21439\/page\/2\/\">2<\/a>\n<span class=\"page-numbers dots\">&hellip;<\/span>\n<a class=\"page-numbers\" href=\"https:\/\/redebeneditina.org.br\/isf\/wp-json\/wp\/v2\/pages\/21439\/page\/25\/\">25<\/a>\n<a class=\"page-numbers\" href=\"https:\/\/redebeneditina.org.br\/isf\/wp-json\/wp\/v2\/pages\/21439\/page\/26\/\">26<\/a>\n<a class=\"next page-numbers\" href=\"https:\/\/redebeneditina.org.br\/isf\/wp-json\/wp\/v2\/pages\/21439\/page\/2\/\"><i class=\"edubin-pagination-icon flaticon-next\" aria-hidden=\"true\"><\/i><\/a>                            <\/div> <!-- row -->  \n                        <\/nav>\n                                                 <\/div>\n    \n        \n            \t\t\t\t<\/div>\n\t\t\t\t<\/div>\n\t\t\t\t\t<\/div>\n\t\t<\/div>\n\t\t\t\t<div class=\"elementor-column elementor-col-33 elementor-top-column elementor-element elementor-element-be70f8e\" data-id=\"be70f8e\" data-element_type=\"column\" data-e-type=\"column\" data-settings=\"{&quot;background_background&quot;:&quot;gradient&quot;}\">\n\t\t\t<div class=\"elementor-widget-wrap elementor-element-populated\">\n\t\t\t\t\t\t<div class=\"elementor-element elementor-element-f44bb4c elementor-widget elementor-widget-spacer\" data-id=\"f44bb4c\" data-element_type=\"widget\" data-e-type=\"widget\" data-widget_type=\"spacer.default\">\n\t\t\t\t<div class=\"elementor-widget-container\">\n\t\t\t\t\t\t\t<div class=\"elementor-spacer\">\n\t\t\t<div class=\"elementor-spacer-inner\"><\/div>\n\t\t<\/div>\n\t\t\t\t\t\t<\/div>\n\t\t\t\t<\/div>\n\t\t\t\t<div class=\"elementor-element elementor-element-7c27666 elementor-widget elementor-widget-heading\" data-id=\"7c27666\" data-element_type=\"widget\" data-e-type=\"widget\" data-widget_type=\"heading.default\">\n\t\t\t\t<div class=\"elementor-widget-container\">\n\t\t\t\t\t<h4 class=\"elementor-heading-title elementor-size-default\">Pesquisar no site<\/h4>\t\t\t\t<\/div>\n\t\t\t\t<\/div>\n\t\t\t\t<div class=\"elementor-element elementor-element-a6f0145 elementor-widget elementor-widget-edubin-search\" data-id=\"a6f0145\" data-element_type=\"widget\" data-e-type=\"widget\" data-widget_type=\"edubin-search.default\">\n\t\t\t\t<div class=\"elementor-widget-container\">\n\t\t\t\t\t<div class=\"edubin-search-box-wrap edubin-search-sty-wraple-1\"><form class=\"edubin-archive-course-search-form\" method=\"get\" action=\"https:\/\/redebeneditina.org.br\/isf\/\"><input type=\"text\" value=\"\" name=\"s\" placeholder=\"Digite uma palavra ...\" class=\"input-search\" autocomplete=\"off\" \/><input type=\"hidden\" value=\"wp_course_search\" name=\"tpc_wp_course_filter\" \/><button class=\"btn-search search-trigger search-button\"><i class=\"flaticon-search\"><\/i> <\/button><\/form><\/div>\t\t\t\t<\/div>\n\t\t\t\t<\/div>\n\t\t\t\t<div class=\"elementor-element elementor-element-988a8c8 elementor-widget elementor-widget-spacer\" data-id=\"988a8c8\" data-element_type=\"widget\" data-e-type=\"widget\" data-widget_type=\"spacer.default\">\n\t\t\t\t<div class=\"elementor-widget-container\">\n\t\t\t\t\t\t\t<div class=\"elementor-spacer\">\n\t\t\t<div class=\"elementor-spacer-inner\"><\/div>\n\t\t<\/div>\n\t\t\t\t\t\t<\/div>\n\t\t\t\t<\/div>\n\t\t\t\t<div class=\"elementor-element elementor-element-ddf877c elementor-widget elementor-widget-heading\" data-id=\"ddf877c\" data-element_type=\"widget\" data-e-type=\"widget\" data-widget_type=\"heading.default\">\n\t\t\t\t<div class=\"elementor-widget-container\">\n\t\t\t\t\t<h4 class=\"elementor-heading-title elementor-size-default\">Explore por Segmento<\/h4>\t\t\t\t<\/div>\n\t\t\t\t<\/div>\n\t\t\t\t<div class=\"elementor-element elementor-element-936487a elementor-widget elementor-widget-edubin-menu-list\" data-id=\"936487a\" data-element_type=\"widget\" data-e-type=\"widget\" data-widget_type=\"edubin-menu-list.default\">\n\t\t\t\t<div class=\"elementor-widget-container\">\n\t\t\t\t\t<div class=\"edubin-el-single-depth-menu\"><nav class=\"edubin-el-menu-list\"><ul id=\"menu-1-936487a\" class=\"edubin-nav-dropdown-menu\"><li id=\"menu-item-21444\" class=\"menu-item menu-item-type-taxonomy menu-item-object-category menu-item-21444\"><a href=\"https:\/\/redebeneditina.org.br\/isf\/category\/ed-infantil\/\">\ud83e\uddf8 Educa\u00e7\u00e3o Infantil<\/a><\/li>\n<li id=\"menu-item-21441\" class=\"menu-item menu-item-type-taxonomy menu-item-object-category menu-item-21441\"><a href=\"https:\/\/redebeneditina.org.br\/isf\/category\/ens-fund_i\/\">\ud83d\udcda Ensino Fundamental \u2013 1\u00ba ao 5\u00ba ano<\/a><\/li>\n<li id=\"menu-item-21443\" class=\"menu-item menu-item-type-taxonomy menu-item-object-category menu-item-21443\"><a href=\"https:\/\/redebeneditina.org.br\/isf\/category\/ens-fund_ii\/\">\ud83d\udcd8 Ensino Fundamental \u2013 6\u00ba ao 9\u00ba ano<\/a><\/li>\n<li id=\"menu-item-21442\" class=\"menu-item menu-item-type-taxonomy menu-item-object-category menu-item-21442\"><a href=\"https:\/\/redebeneditina.org.br\/isf\/category\/ens-medio\/\">\ud83c\udf93 Ensino M\u00e9dio<\/a><\/li>\n<\/ul><\/nav><\/div>\t\t\t\t<\/div>\n\t\t\t\t<\/div>\n\t\t\t\t<div class=\"elementor-element elementor-element-b5df69f elementor-widget elementor-widget-spacer\" data-id=\"b5df69f\" data-element_type=\"widget\" data-e-type=\"widget\" data-widget_type=\"spacer.default\">\n\t\t\t\t<div class=\"elementor-widget-container\">\n\t\t\t\t\t\t\t<div class=\"elementor-spacer\">\n\t\t\t<div class=\"elementor-spacer-inner\"><\/div>\n\t\t<\/div>\n\t\t\t\t\t\t<\/div>\n\t\t\t\t<\/div>\n\t\t\t\t<div class=\"elementor-element elementor-element-23dd3a0 elementor-widget elementor-widget-image\" data-id=\"23dd3a0\" data-element_type=\"widget\" data-e-type=\"widget\" data-widget_type=\"image.default\">\n\t\t\t\t<div class=\"elementor-widget-container\">\n\t\t\t\t\t\t\t\t\t\t\t\t\t\t\t\t<a href=\"https:\/\/redebeneditina.org.br\/isf\/category\/pastoral-escolar\/\">\n\t\t\t\t\t\t\t<img loading=\"lazy\" decoding=\"async\" width=\"277\" height=\"173\" src=\"https:\/\/redebeneditina.org.br\/isf\/wp-content\/uploads\/2025\/06\/botao-past-escolar-rb-isf.jpg\" class=\"attachment-large size-large wp-image-21448\" alt=\"\" \/>\t\t\t\t\t\t\t\t<\/a>\n\t\t\t\t\t\t\t\t\t\t\t\t\t\t\t<\/div>\n\t\t\t\t<\/div>\n\t\t\t\t<div class=\"elementor-element elementor-element-11b73b0 elementor-widget elementor-widget-spacer\" data-id=\"11b73b0\" data-element_type=\"widget\" data-e-type=\"widget\" data-widget_type=\"spacer.default\">\n\t\t\t\t<div class=\"elementor-widget-container\">\n\t\t\t\t\t\t\t<div class=\"elementor-spacer\">\n\t\t\t<div class=\"elementor-spacer-inner\"><\/div>\n\t\t<\/div>\n\t\t\t\t\t\t<\/div>\n\t\t\t\t<\/div>\n\t\t\t\t<div class=\"elementor-element elementor-element-6d2656b elementor-widget elementor-widget-heading\" data-id=\"6d2656b\" data-element_type=\"widget\" data-e-type=\"widget\" data-widget_type=\"heading.default\">\n\t\t\t\t<div class=\"elementor-widget-container\">\n\t\t\t\t\t<h4 class=\"elementor-heading-title elementor-size-default\">Publica\u00e7\u00f5es por ano<\/h4>\t\t\t\t<\/div>\n\t\t\t\t<\/div>\n\t\t\t\t<div class=\"elementor-element elementor-element-1c64ccc elementor-widget elementor-widget-edubin-menu-list\" data-id=\"1c64ccc\" data-element_type=\"widget\" data-e-type=\"widget\" data-widget_type=\"edubin-menu-list.default\">\n\t\t\t\t<div class=\"elementor-widget-container\">\n\t\t\t\t\t<div class=\"edubin-el-single-depth-menu\"><nav class=\"edubin-el-menu-list\"><ul id=\"menu-1-1c64ccc\" class=\"edubin-nav-dropdown-menu\"><li id=\"menu-item-23054\" class=\"menu-item menu-item-type-taxonomy menu-item-object-category menu-item-23054\"><a href=\"https:\/\/redebeneditina.org.br\/isf\/category\/noticias\/noticias-ano2026\/\">\u00bb Ano 2026<\/a><\/li>\n<li id=\"menu-item-21447\" class=\"menu-item menu-item-type-taxonomy menu-item-object-category menu-item-21447\"><a href=\"https:\/\/redebeneditina.org.br\/isf\/category\/noticias\/notcias-ano2025\/\">\u00bb Ano 2025<\/a><\/li>\n<li id=\"menu-item-21445\" class=\"menu-item menu-item-type-taxonomy menu-item-object-category menu-item-21445\"><a href=\"https:\/\/redebeneditina.org.br\/isf\/category\/noticias\/noticia-ano2024\/\">\u00bb Ano 2024<\/a><\/li>\n<li id=\"menu-item-21446\" class=\"menu-item menu-item-type-taxonomy menu-item-object-category menu-item-21446\"><a href=\"https:\/\/redebeneditina.org.br\/isf\/category\/noticias\/ano-2023\/\">\u00bb Ano 2023<\/a><\/li>\n<\/ul><\/nav><\/div>\t\t\t\t<\/div>\n\t\t\t\t<\/div>\n\t\t\t\t\t<\/div>\n\t\t<\/div>\n\t\t\t\t\t<\/div>\n\t\t<\/section>\n\t\t\t\t<\/div>\n\t\t","protected":false},"excerpt":{"rendered":"<p>05 junho 2025 Ale Hop Escola de Circo: Desenvolvendo Talentos e Sonhos no ISF! Oferecemos aulas de Acrobacia de Solo, Tecido Acrob\u00e1tico, Lira, Trapezio, Perna de 28 maio 2025 Aulas de Rob\u00f3tica nos Anos Iniciais: aprendizado, trabalho em equipe e muita divers\u00e3o! Nesta semana, nossas turmas do Ensino Fundamental Anos Iniciais mergulharam no universo 27&#8230;<\/p>\n","protected":false},"author":4,"featured_media":0,"parent":0,"menu_order":0,"comment_status":"closed","ping_status":"closed","template":"","meta":{"_monsterinsights_skip_tracking":false,"_monsterinsights_sitenote_active":false,"_monsterinsights_sitenote_note":"","_monsterinsights_sitenote_category":0,"ngg_post_thumbnail":0,"footnotes":""},"class_list":["post-21439","page","type-page","status-publish","hentry"],"_links":{"self":[{"href":"https:\/\/redebeneditina.org.br\/isf\/wp-json\/wp\/v2\/pages\/21439","targetHints":{"allow":["GET"]}}],"collection":[{"href":"https:\/\/redebeneditina.org.br\/isf\/wp-json\/wp\/v2\/pages"}],"about":[{"href":"https:\/\/redebeneditina.org.br\/isf\/wp-json\/wp\/v2\/types\/page"}],"author":[{"embeddable":true,"href":"https:\/\/redebeneditina.org.br\/isf\/wp-json\/wp\/v2\/users\/4"}],"replies":[{"embeddable":true,"href":"https:\/\/redebeneditina.org.br\/isf\/wp-json\/wp\/v2\/comments?post=21439"}],"version-history":[{"count":6,"href":"https:\/\/redebeneditina.org.br\/isf\/wp-json\/wp\/v2\/pages\/21439\/revisions"}],"predecessor-version":[{"id":21454,"href":"https:\/\/redebeneditina.org.br\/isf\/wp-json\/wp\/v2\/pages\/21439\/revisions\/21454"}],"wp:attachment":[{"href":"https:\/\/redebeneditina.org.br\/isf\/wp-json\/wp\/v2\/media?parent=21439"}],"curies":[{"name":"wp","href":"https:\/\/api.w.org\/{rel}","templated":true}]}}