{"id":17484,"date":"2023-06-01T22:19:51","date_gmt":"2023-06-01T22:19:51","guid":{"rendered":"https:\/\/redebeneditina.org.br\/ispx\/?page_id=17484"},"modified":"2026-04-01T15:56:18","modified_gmt":"2026-04-01T18:56:18","slug":"pastoral-escolar","status":"publish","type":"page","link":"https:\/\/redebeneditina.org.br\/ispx\/pastoral-escolar\/","title":{"rendered":"Pastoral Escolar"},"content":{"rendered":"\t\t<div data-elementor-type=\"wp-page\" data-elementor-id=\"17484\" class=\"elementor elementor-17484\">\n\t\t\t\t\t\t<section class=\"elementor-section elementor-top-section elementor-element elementor-element-518b6d4a elementor-section-stretched elementor-section-full_width elementor-section-height-default elementor-section-height-default\" data-id=\"518b6d4a\" data-element_type=\"section\" data-e-type=\"section\" data-settings=\"{&quot;stretch_section&quot;:&quot;section-stretched&quot;}\">\n\t\t\t\t\t\t<div class=\"elementor-container elementor-column-gap-no\">\n\t\t\t\t\t<div class=\"elementor-column elementor-col-100 elementor-top-column elementor-element elementor-element-39179af1\" data-id=\"39179af1\" data-element_type=\"column\" data-e-type=\"column\">\n\t\t\t<div class=\"elementor-widget-wrap elementor-element-populated\">\n\t\t\t\t\t\t<div class=\"elementor-element elementor-element-1bfd7574 elementor-widget elementor-widget-edubin-slider-addons\" data-id=\"1bfd7574\" data-element_type=\"widget\" data-e-type=\"widget\" data-widget_type=\"edubin-slider-addons.default\">\n\t\t\t\t<div class=\"elementor-widget-container\">\n\t\t\t\t\t<div class=\"edubin-slider\"><div class=\"edubin-advance-slider-active  edubin-navigation\" data-settings=\"{&quot;arrows&quot;:true,&quot;autoplay&quot;:true,&quot;infinite_loop&quot;:true,&quot;autoplay_speed&quot;:12000,&quot;animation_speed&quot;:100,&quot;pause_on_hover&quot;:false,&quot;pause_on_interaction&quot;:false,&quot;mouse_drag&quot;:true,&quot;touch_drag&quot;:true}\"><div class=\"tpc-slider-carousel swiper swiper-container\"><div class=\"swiper-wrapper\" data-autoplay=\"true\" data-autoplayspeed=\"12000\"><div class=\"swiper-slide\"><div class=\"item-wrap elementor-repeater-item-6d8f62d\">                                    \r\n                                    <div class=\"slide\" style=\"\r\n                                        background-image: url(https:\/\/redebeneditina.org.br\/ispx\/wp-content\/uploads\/2023\/06\/pastoral-escolar-objetivo.jpg); \r\n                                        background-size: cover; \r\n                                        background-position: center center; \r\n                                    \">\r\n\r\n                                    <div class=\"edubin-slider-background-overlay\" ><\/div><div class=\"container\"><div class=\"row edubin-row\"><div class=\"edubin-col-xl-12 edubin-col-lg-12 edubin-col-md-12 edubin-col-sm-12 content-column\"><div class=\"content-box text-center\"><h3 class=\"edubin-slider-subtitle anim-to-top\" ><\/h3><h1 class=\"slider-title anim-to-right\" style=\"color:#ffffff\">Pastoral Escolar<\/h1><div class=\"edubin-slider-content anim-to-left\" style=\"color:#ffffff\">O Instituto S\u00e3o Pio X \u00e9 uma institui\u00e7\u00e3o confessional cat\u00f3lica e seu grande diferencial em rela\u00e7\u00e3o \u00e0s outras unidades educacionais \u00e9 o fato de que atua a partir da f\u00e9 em Jesus Cristo e a constru\u00e7\u00e3o do seu Reino, sempre em di\u00e1logo com uma sociedade multirreligiosa e multicultural. Nesse contexto, a Pastoral Escolar desempenha um papel fundamental, auxiliando na realiza\u00e7\u00e3o dessa miss\u00e3o.<\/div><div class=\"button-box edubin-slider-btn anim-to-top\"><\/div><\/div><\/div><\/div><\/div><\/div><\/div><\/div><div class=\"swiper-slide\"><div class=\"item-wrap elementor-repeater-item-625d279\">                                    \r\n                                    <div class=\"slide\" style=\"\r\n                                        background-image: url(https:\/\/redebeneditina.org.br\/ispx\/wp-content\/uploads\/2023\/06\/pastoral-escolar-piox.jpg); \r\n                                        background-size: cover; \r\n                                        background-position: center center; \r\n                                    \">\r\n\r\n                                    <div class=\"edubin-slider-background-overlay\" ><\/div><div class=\"container\"><div class=\"row edubin-row\"><div class=\"edubin-col-xl-12 edubin-col-lg-12 edubin-col-md-12 edubin-col-sm-12 content-column\"><div class=\"content-box text-center\"><h3 class=\"edubin-slider-subtitle anim-to-top\" ><\/h3><h1 class=\"slider-title anim-to-right\" style=\"color:#ffffff\">A\u00e7\u00e3o Pastoral<\/h1><div class=\"edubin-slider-content anim-to-left\" style=\"color:#ffffff\">Temos celebra\u00e7\u00f5es lit\u00fargicas, a\u00e7\u00f5es solid\u00e1rias, encontros de espiritualidade, encontro com jovens e familiares, visitas, retiros, forma\u00e7\u00e3o humana dos professores e funcion\u00e1rios, ora\u00e7\u00e3o do ter\u00e7o, dentre outras atividades desenvolvidas.<\/div><div class=\"button-box edubin-slider-btn anim-to-top\"><div class=\"slider-btn-left\"><a href=\"https:\/\/redebeneditina.org.br\/ispx\/category\/pastoral-escolar\/\" class=\"edubin-btn left-btn\">Saiba mais<\/a><\/div><\/div><\/div><\/div><\/div><\/div><\/div><\/div><\/div><div class=\"swiper-slide\"><div class=\"item-wrap elementor-repeater-item-faca472\">                                    \r\n                                    <div class=\"slide\" style=\"\r\n                                        background-image: url(https:\/\/redebeneditina.org.br\/ispx\/wp-content\/uploads\/2023\/06\/pastoral-escolar-ibdp.jpg); \r\n                                        background-size: cover; \r\n                                        background-position: center center; \r\n                                    \">\r\n\r\n                                    <div class=\"edubin-slider-background-overlay\" ><\/div><div class=\"container\"><div class=\"row edubin-row\"><div class=\"edubin-col-xl-12 edubin-col-lg-12 edubin-col-md-12 edubin-col-sm-12 content-column\"><div class=\"content-box text-center\"><h3 class=\"edubin-slider-subtitle anim-to-top\" ><\/h3><h1 class=\"slider-title anim-to-right\" style=\"color:#ffffff\">Congrega\u00e7\u00e3o<\/h1><div class=\"edubin-slider-content anim-to-left\" style=\"color:#ffffff\">Conhe\u00e7a a hist\u00f3ria, as fundadoras, lema, espiritualidade, carisma, devo\u00e7\u00f5es, miss\u00e3o no Brasil e no mundo e muito mais sobre as Irm\u00e3s Beneditinas da Divina Provid\u00eancia.<\/div><div class=\"button-box edubin-slider-btn anim-to-top\"><div class=\"slider-btn-left\"><a href=\"https:\/\/beneditinasdp.org.br\/\" class=\"edubin-btn left-btn\">Saiba mais<\/a><\/div><\/div><\/div><\/div><\/div><\/div><\/div><\/div><\/div><\/div><\/div><div class=\"slider-next\"><i class=\"flaticon-next\"><\/i><\/div>\r\n                    <div class=\"slider-prev\"><i class=\"flaticon-back-1\"><\/i><\/div><\/div><\/div>\t\t\t\t<\/div>\n\t\t\t\t<\/div>\n\t\t\t\t\t<\/div>\n\t\t<\/div>\n\t\t\t\t\t<\/div>\n\t\t<\/section>\n\t\t\t\t<section class=\"elementor-section elementor-top-section elementor-element elementor-element-167d0e0d elementor-section-boxed elementor-section-height-default elementor-section-height-default\" data-id=\"167d0e0d\" data-element_type=\"section\" data-e-type=\"section\" data-settings=\"{&quot;background_background&quot;:&quot;classic&quot;}\">\n\t\t\t\t\t\t<div class=\"elementor-container elementor-column-gap-default\">\n\t\t\t\t\t<div class=\"elementor-column elementor-col-100 elementor-top-column elementor-element elementor-element-845f69e\" data-id=\"845f69e\" data-element_type=\"column\" data-e-type=\"column\">\n\t\t\t<div class=\"elementor-widget-wrap elementor-element-populated\">\n\t\t\t\t\t\t<section class=\"elementor-section elementor-inner-section elementor-element elementor-element-48f11fdd elementor-section-boxed elementor-section-height-default elementor-section-height-default\" data-id=\"48f11fdd\" data-element_type=\"section\" data-e-type=\"section\">\n\t\t\t\t\t\t<div class=\"elementor-container elementor-column-gap-default\">\n\t\t\t\t\t<div class=\"elementor-column elementor-col-50 elementor-inner-column elementor-element elementor-element-44b8d742\" data-id=\"44b8d742\" data-element_type=\"column\" data-e-type=\"column\">\n\t\t\t<div class=\"elementor-widget-wrap elementor-element-populated\">\n\t\t\t\t\t\t<div class=\"elementor-element elementor-element-3ca55381 edubin-title-align-left elementor-widget elementor-widget-section-title-addons\" data-id=\"3ca55381\" data-element_type=\"widget\" data-e-type=\"widget\" data-widget_type=\"section-title-addons.default\">\n\t\t\t\t<div class=\"elementor-widget-container\">\n\t\t\t\t\t            <div class=\"edubin-section-title edubin-subtitle-position-top title-style-four\">\r\n                <h2 class=\"section-title-txt\">Liturgia Di\u00e1ria<\/h2><div class=edubin-title-sperator-sec><span class=\"edubin-title-sperator\">&nbsp;<\/span><\/div><p class=\"section-subtitle-txt\">Leia, medite, ore e contemple a Palavra de Deus.<\/p>            <\/div>\r\n\r\n        \t\t\t\t<\/div>\n\t\t\t\t<\/div>\n\t\t\t\t<div class=\"elementor-element elementor-element-4b98b3a2 elementor-widget elementor-widget-text-editor\" data-id=\"4b98b3a2\" data-element_type=\"widget\" data-e-type=\"widget\" data-widget_type=\"text-editor.default\">\n\t\t\t\t<div class=\"elementor-widget-container\">\n\t\t\t\t\t\t\t\t\t<h3 style=\"text-align: center;\">Abril<\/h3>\t\t\t\t\t\t\t\t<\/div>\n\t\t\t\t<\/div>\n\t\t\t\t<div class=\"elementor-element elementor-element-267ed457 elementor-widget elementor-widget-html\" data-id=\"267ed457\" data-element_type=\"widget\" data-e-type=\"widget\" data-widget_type=\"html.default\">\n\t\t\t\t<div class=\"elementor-widget-container\">\n\t\t\t\t\t<table style=\"text-align:center; border-collapse: collapse; margin: 0 auto;\">\r\n  <tr>\r\n    <th style=\"text-align:center; border: 1px solid #ccc;\" height=\"60\">D<\/th>\r\n    <th style=\"text-align:center; border: 1px solid #ccc;\" height=\"60\">S<\/th>\r\n    <th style=\"text-align:center; border: 1px solid #ccc;\" height=\"60\">T<\/th>\r\n    <th style=\"text-align:center; border: 1px solid #ccc;\" height=\"60\">Q<\/th>\r\n    <th style=\"text-align:center; border: 1px solid #ccc;\" height=\"60\">Q<\/th>\r\n    <th style=\"text-align:center; border: 1px solid #ccc;\" height=\"60\">S<\/th>\r\n    <th style=\"text-align:center; border: 1px solid #ccc;\" height=\"60\">S<\/th>\r\n  <\/tr>\r\n\r\n  <!-- Semana 1 -->\r\n  <tr>\r\n    <td style=\"border: 1px solid #ccc;\"><\/td>\r\n    <td style=\"border: 1px solid #ccc;\"><\/td>\r\n    <td style=\"border: 1px solid #ccc;\"><\/td>\r\n    <td style=\"border: 1px solid #ccc;\">\r\n      <a href=\"https:\/\/redebeneditina.org.br\/ispx\/liturgia-diaria-dia-01\/\">1<\/a>\r\n    <\/td>\r\n    <td style=\"border: 1px solid #ccc;\">\r\n      <a href=\"https:\/\/redebeneditina.org.br\/ispx\/liturgia-diaria-dia-02\/\">2<\/a>\r\n    <\/td>\r\n    <td style=\"border: 1px solid #ccc;\">\r\n      <a href=\"https:\/\/redebeneditina.org.br\/ispx\/liturgia-diaria-dia-03\/\">3<\/a>\r\n    <\/td>\r\n    <td style=\"border: 1px solid #ccc;\">\r\n      <a href=\"https:\/\/redebeneditina.org.br\/ispx\/liturgia-diaria-dia-04\/\">4<\/a>\r\n    <\/td>\r\n  <\/tr>\r\n\r\n  <!-- Semana 2 -->\r\n  <tr>\r\n    <td style=\"border: 1px solid #ccc;\">\r\n      <a href=\"https:\/\/redebeneditina.org.br\/ispx\/liturgia-diaria-dia-05\/\">5<\/a>\r\n    <\/td>\r\n    <td style=\"border: 1px solid #ccc;\">\r\n      <a href=\"https:\/\/redebeneditina.org.br\/ispx\/liturgia-diaria-dia-06\/\">6<\/a>\r\n    <\/td>\r\n    <td style=\"border: 1px solid #ccc;\">\r\n      <a href=\"https:\/\/redebeneditina.org.br\/ispx\/liturgia-diaria-dia-07\/\">7<\/a>\r\n    <\/td>\r\n    <td style=\"border: 1px solid #ccc;\">\r\n      <a href=\"https:\/\/redebeneditina.org.br\/ispx\/liturgia-diaria-dia-08\/\">8<\/a>\r\n    <\/td>\r\n    <td style=\"border: 1px solid #ccc;\">\r\n      <a href=\"https:\/\/redebeneditina.org.br\/ispx\/liturgia-diaria-dia-09\/\">9<\/a>\r\n    <\/td>\r\n    <td style=\"border: 1px solid #ccc;\">\r\n      <a href=\"https:\/\/redebeneditina.org.br\/ispx\/liturgia-diaria-dia-10\/\">10<\/a>\r\n    <\/td>\r\n    <td style=\"border: 1px solid #ccc;\">\r\n      <a href=\"https:\/\/redebeneditina.org.br\/ispx\/liturgia-diaria-dia-11\/\">11<\/a>\r\n    <\/td>\r\n  <\/tr>\r\n\r\n  <!-- Semana 3 -->\r\n  <tr>\r\n    <td style=\"border: 1px solid #ccc;\">\r\n      <a href=\"https:\/\/redebeneditina.org.br\/ispx\/liturgia-diaria-dia-12\/\">12<\/a>\r\n    <\/td>\r\n    <td style=\"border: 1px solid #ccc;\">\r\n      <a href=\"https:\/\/redebeneditina.org.br\/ispx\/liturgia-diaria-dia-13\/\">13<\/a>\r\n    <\/td>\r\n    <td style=\"border: 1px solid #ccc;\">\r\n      <a href=\"https:\/\/redebeneditina.org.br\/ispx\/liturgia-diaria-dia-14\/\">14<\/a>\r\n    <\/td>\r\n    <td style=\"border: 1px solid #ccc;\">\r\n      <a href=\"https:\/\/redebeneditina.org.br\/ispx\/liturgia-diaria-dia-15\/\">15<\/a>\r\n    <\/td>\r\n    <td style=\"border: 1px solid #ccc;\">\r\n      <a href=\"https:\/\/redebeneditina.org.br\/ispx\/liturgia-diaria-dia-16\/\">16<\/a>\r\n    <\/td>\r\n    <td style=\"border: 1px solid #ccc;\">\r\n      <a href=\"https:\/\/redebeneditina.org.br\/ispx\/liturgia-diaria-dia-17\/\">17<\/a>\r\n    <\/td>\r\n    <td style=\"border: 1px solid #ccc;\">\r\n      <a href=\"https:\/\/redebeneditina.org.br\/ispx\/liturgia-diaria-dia-18\/\">18<\/a>\r\n    <\/td>\r\n  <\/tr>\r\n\r\n  <!-- Semana 4 -->\r\n  <tr>\r\n    <td style=\"border: 1px solid #ccc;\">\r\n      <a href=\"https:\/\/redebeneditina.org.br\/ispx\/liturgia-diaria-dia-19\/\">19<\/a>\r\n    <\/td>\r\n    <td style=\"border: 1px solid #ccc;\">\r\n      <a href=\"https:\/\/redebeneditina.org.br\/ispx\/liturgia-diaria-dia-20\/\">20<\/a>\r\n    <\/td>\r\n    <td style=\"border: 1px solid #ccc;\">\r\n      <a href=\"https:\/\/redebeneditina.org.br\/ispx\/liturgia-diaria-dia-21\/\">21<\/a>\r\n    <\/td>\r\n    <td style=\"border: 1px solid #ccc;\">\r\n      <a href=\"https:\/\/redebeneditina.org.br\/ispx\/liturgia-diaria-dia-22\/\">22<\/a>\r\n    <\/td>\r\n    <td style=\"border: 1px solid #ccc;\">\r\n      <a href=\"https:\/\/redebeneditina.org.br\/ispx\/liturgia-diaria-dia-23\/\">23<\/a>\r\n    <\/td>\r\n    <td style=\"border: 1px solid #ccc;\">\r\n      <a href=\"https:\/\/redebeneditina.org.br\/ispx\/liturgia-diaria-dia-24\/\">24<\/a>\r\n    <\/td>\r\n    <td style=\"border: 1px solid #ccc;\">\r\n      <a href=\"https:\/\/redebeneditina.org.br\/ispx\/liturgia-diaria-dia-25\/\">25<\/a>\r\n    <\/td>\r\n  <\/tr>\r\n\r\n  <!-- Semana 5 -->\r\n  <tr>\r\n    <td style=\"border: 1px solid #ccc;\">\r\n      <a href=\"https:\/\/redebeneditina.org.br\/ispx\/liturgia-diaria-dia-26\/\">26<\/a>\r\n    <\/td>\r\n    <td style=\"border: 1px solid #ccc;\">\r\n      <a href=\"https:\/\/redebeneditina.org.br\/ispx\/liturgia-diaria-dia-27\/\">27<\/a>\r\n    <\/td>\r\n    <td style=\"border: 1px solid #ccc;\">\r\n      <a href=\"https:\/\/redebeneditina.org.br\/ispx\/liturgia-diaria-dia-28\/\">28<\/a>\r\n    <\/td>\r\n    <td style=\"border: 1px solid #ccc;\">\r\n      <a href=\"https:\/\/redebeneditina.org.br\/ispx\/liturgia-diaria-dia-29\/\">29<\/a>\r\n    <\/td>\r\n    <td style=\"border: 1px solid #ccc;\">\r\n      <a href=\"https:\/\/redebeneditina.org.br\/ispx\/liturgia-diaria-dia-30\/\">30<\/a>\r\n    <\/td>\r\n    <td style=\"border: 1px solid #ccc;\"><\/td>\r\n    <td style=\"border: 1px solid #ccc;\"><\/td>\r\n  <\/tr>\r\n<\/table>\r\n\t\t\t\t<\/div>\n\t\t\t\t<\/div>\n\t\t\t\t\t<\/div>\n\t\t<\/div>\n\t\t\t\t<div class=\"elementor-column elementor-col-50 elementor-inner-column elementor-element elementor-element-2478e760\" data-id=\"2478e760\" data-element_type=\"column\" data-e-type=\"column\" data-settings=\"{&quot;background_background&quot;:&quot;classic&quot;}\">\n\t\t\t<div class=\"elementor-widget-wrap elementor-element-populated\">\n\t\t\t\t\t\t<div class=\"elementor-element elementor-element-236279b0 elementor-invisible elementor-widget elementor-widget-image\" data-id=\"236279b0\" data-element_type=\"widget\" data-e-type=\"widget\" data-settings=\"{&quot;_animation&quot;:&quot;fadeIn&quot;,&quot;_animation_delay&quot;:1000}\" data-widget_type=\"image.default\">\n\t\t\t\t<div class=\"elementor-widget-container\">\n\t\t\t\t\t\t\t\t\t\t\t\t<figure class=\"wp-caption\">\n\t\t\t\t\t\t\t\t\t\t<img fetchpriority=\"high\" decoding=\"async\" width=\"600\" height=\"400\" src=\"https:\/\/redebeneditina.org.br\/ispx\/wp-content\/uploads\/2023\/06\/past_escolar_rb.gif\" class=\"attachment-full size-full wp-image-17496\" alt=\"\" \/>\t\t\t\t\t\t\t\t\t\t\t<figcaption class=\"widget-image-caption wp-caption-text\">\"Portanto, n\u00e3o fiqueis preocupados, dizendo: Que vamos comer? Que vamos beber? Que vamos vestir? (...) O vosso Pai, que est\u00e1 no c\u00e9u, sabe precisais de tudo isso. Pelo contr\u00e1rio, em primeiro lugar buscai o Reino de Deus e a sua justi\u00e7a, e Deus vos dar\u00e1, em acr\u00e9scimo, todas essas coisas.\" Mt 6, 31-33<\/figcaption>\n\t\t\t\t\t\t\t\t\t\t<\/figure>\n\t\t\t\t\t\t\t\t\t<\/div>\n\t\t\t\t<\/div>\n\t\t\t\t<div class=\"elementor-element elementor-element-7157229 elementor-absolute elementor-widget__width-initial elementor-invisible elementor-widget elementor-widget-image\" data-id=\"7157229\" data-element_type=\"widget\" data-e-type=\"widget\" data-settings=\"{&quot;_position&quot;:&quot;absolute&quot;,&quot;_animation&quot;:&quot;slideInLeft&quot;,&quot;_animation_delay&quot;:2000}\" data-widget_type=\"image.default\">\n\t\t\t\t<div class=\"elementor-widget-container\">\n\t\t\t\t\t\t\t\t\t\t\t\t\t\t\t<img decoding=\"async\" width=\"151\" height=\"74\" src=\"https:\/\/redebeneditina.org.br\/ispx\/wp-content\/uploads\/2023\/06\/symbol-onda.png\" class=\"attachment-large size-large wp-image-17497\" alt=\"\" \/>\t\t\t\t\t\t\t\t\t\t\t\t\t\t\t<\/div>\n\t\t\t\t<\/div>\n\t\t\t\t\t<\/div>\n\t\t<\/div>\n\t\t\t\t\t<\/div>\n\t\t<\/section>\n\t\t\t\t\t<\/div>\n\t\t<\/div>\n\t\t\t\t\t<\/div>\n\t\t<\/section>\n\t\t\t\t<section class=\"elementor-section elementor-top-section elementor-element elementor-element-45267386 elementor-section-stretched elementor-section-boxed elementor-section-height-default elementor-section-height-default\" data-id=\"45267386\" data-element_type=\"section\" data-e-type=\"section\" data-settings=\"{&quot;stretch_section&quot;:&quot;section-stretched&quot;,&quot;background_background&quot;:&quot;classic&quot;}\">\n\t\t\t\t\t\t\t<div class=\"elementor-background-overlay\"><\/div>\n\t\t\t\t\t\t\t<div class=\"elementor-container elementor-column-gap-default\">\n\t\t\t\t\t<div class=\"elementor-column elementor-col-100 elementor-top-column elementor-element elementor-element-57ddff55\" data-id=\"57ddff55\" data-element_type=\"column\" data-e-type=\"column\">\n\t\t\t<div class=\"elementor-widget-wrap elementor-element-populated\">\n\t\t\t\t\t\t<div class=\"elementor-element elementor-element-1a3a4642 elementor-widget elementor-widget-edubin-contactform-addons\" data-id=\"1a3a4642\" data-element_type=\"widget\" data-e-type=\"widget\" data-widget_type=\"edubin-contactform-addons.default\">\n\t\t\t\t<div class=\"elementor-widget-container\">\n\t\t\t\t\t<div class=\"edubin-form-wrapper\" ><div class=\"wpcf7-head-container\"><div class=\"wpcf7-title\">Pedido de ora\u00e7\u00e3o<\/div> <div class=\"wpcf7-description\">Os pedidos de ora\u00e7\u00e3o que forem enviados durante a semana ser\u00e3o recolhidos, semanalmente, toda quarta-feira, para serem colocados no altar do santu\u00e1rio, nas missas semanais do Instituto S\u00e3o Pio X.<\/div><\/div>\n<div class=\"wpcf7 no-js\" id=\"wpcf7-f17624-o1\" lang=\"pt-BR\" dir=\"ltr\" data-wpcf7-id=\"17624\">\n<div class=\"screen-reader-response\"><p role=\"status\" aria-live=\"polite\" aria-atomic=\"true\"><\/p> <ul><\/ul><\/div>\n<form action=\"\/ispx\/wp-json\/wp\/v2\/pages\/17484#wpcf7-f17624-o1\" method=\"post\" class=\"wpcf7-form init\" aria-label=\"Formul\u00e1rios de contato\" novalidate=\"novalidate\" data-status=\"init\">\n<fieldset class=\"hidden-fields-container\"><input type=\"hidden\" name=\"_wpcf7\" value=\"17624\" \/><input type=\"hidden\" name=\"_wpcf7_version\" value=\"6.1.5\" \/><input type=\"hidden\" name=\"_wpcf7_locale\" value=\"pt_BR\" \/><input type=\"hidden\" name=\"_wpcf7_unit_tag\" value=\"wpcf7-f17624-o1\" \/><input type=\"hidden\" name=\"_wpcf7_container_post\" value=\"0\" \/><input type=\"hidden\" name=\"_wpcf7_posted_data_hash\" value=\"\" \/><input type=\"hidden\" name=\"_wpcf7_recaptcha_response\" value=\"\" \/>\n<\/fieldset>\n<p><label> Nome<br \/>\n<span class=\"wpcf7-form-control-wrap\" data-name=\"your-name\"><input size=\"40\" maxlength=\"400\" class=\"wpcf7-form-control wpcf7-text wpcf7-validates-as-required\" aria-required=\"true\" aria-invalid=\"false\" value=\"\" type=\"text\" name=\"your-name\" \/><\/span> <\/label>\n<\/p>\n<p><label> Seu pedido de ora\u00e7\u00e3o<br \/>\n<span class=\"wpcf7-form-control-wrap\" data-name=\"your-message\"><textarea cols=\"40\" rows=\"10\" maxlength=\"2000\" class=\"wpcf7-form-control wpcf7-textarea\" aria-invalid=\"false\" name=\"your-message\"><\/textarea><\/span> <\/label>\n<\/p>\n<span class=\"wpcf7-form-control-wrap recaptcha\" data-name=\"recaptcha\"><span data-sitekey=\"6Lco0m4bAAAAALHZKi0cJLajcDOe7mUhSCOUxPQN\" class=\"wpcf7-form-control wpcf7-recaptcha g-recaptcha\"><\/span>\r\n<noscript>\r\n\t<div class=\"grecaptcha-noscript\">\r\n\t\t<iframe src=\"https:\/\/www.google.com\/recaptcha\/api\/fallback?k=6Lco0m4bAAAAALHZKi0cJLajcDOe7mUhSCOUxPQN\" frameborder=\"0\" scrolling=\"no\" width=\"310\" height=\"430\">\r\n\t\t<\/iframe>\r\n\t\t<textarea name=\"g-recaptcha-response\" rows=\"3\" cols=\"40\" placeholder=\"reCaptcha Response Here\">\r\n\t\t<\/textarea>\r\n\t<\/div>\r\n<\/noscript>\r\n<\/span>\n<p><input class=\"wpcf7-form-control wpcf7-submit has-spinner\" type=\"submit\" value=\"Enviar\" \/>\n<\/p><div class=\"wpcf7-response-output\" aria-hidden=\"true\"><\/div>\n<\/form>\n<\/div>\n<\/div>\t\t\t\t<\/div>\n\t\t\t\t<\/div>\n\t\t\t\t\t<\/div>\n\t\t<\/div>\n\t\t\t\t\t<\/div>\n\t\t<\/section>\n\t\t\t\t<section class=\"elementor-section elementor-top-section elementor-element elementor-element-6351c50c elementor-section-stretched elementor-section-full_width elementor-section-height-default elementor-section-height-default\" data-id=\"6351c50c\" data-element_type=\"section\" data-e-type=\"section\" data-settings=\"{&quot;stretch_section&quot;:&quot;section-stretched&quot;,&quot;background_background&quot;:&quot;classic&quot;}\">\n\t\t\t\t\t\t<div class=\"elementor-container elementor-column-gap-no\">\n\t\t\t\t\t<div class=\"elementor-column elementor-col-100 elementor-top-column elementor-element elementor-element-1056c65a\" data-id=\"1056c65a\" data-element_type=\"column\" data-e-type=\"column\" data-settings=\"{&quot;background_background&quot;:&quot;slideshow&quot;,&quot;background_slideshow_gallery&quot;:[],&quot;background_slideshow_loop&quot;:&quot;yes&quot;,&quot;background_slideshow_slide_duration&quot;:5000,&quot;background_slideshow_slide_transition&quot;:&quot;fade&quot;,&quot;background_slideshow_transition_duration&quot;:500}\">\n\t\t\t<div class=\"elementor-widget-wrap elementor-element-populated\">\n\t\t\t\t\t\t<div class=\"elementor-element elementor-element-2461cb78 elementor-widget elementor-widget-edubin-slider-addons\" data-id=\"2461cb78\" data-element_type=\"widget\" data-e-type=\"widget\" data-widget_type=\"edubin-slider-addons.default\">\n\t\t\t\t<div class=\"elementor-widget-container\">\n\t\t\t\t\t<div class=\"edubin-slider\"><div class=\"edubin-advance-slider-active  \" data-settings=\"{&quot;arrows&quot;:false,&quot;autoplay&quot;:false,&quot;infinite_loop&quot;:false,&quot;autoplay_speed&quot;:12000,&quot;animation_speed&quot;:12000,&quot;pause_on_hover&quot;:false,&quot;pause_on_interaction&quot;:false,&quot;mouse_drag&quot;:false,&quot;touch_drag&quot;:false}\"><div class=\"tpc-slider-carousel swiper swiper-container\"><div class=\"swiper-wrapper\"><div class=\"swiper-slide\"><div class=\"item-wrap elementor-repeater-item-00c19a1\">                                    \r\n                                    <div class=\"slide\" style=\"\r\n                                        background-image: url(https:\/\/redebeneditina.org.br\/ispx\/wp-content\/uploads\/2023\/06\/agende-visita-ispx.jpg); \r\n                                        background-size: cover; \r\n                                        background-position: center center; \r\n                                    \">\r\n\r\n                                    <div class=\"edubin-slider-background-overlay\" style=\"background-color:#004DA000\"><\/div><div class=\"container\"><div class=\"row edubin-row\"><div class=\"edubin-col-xl-12 edubin-col-lg-12 edubin-col-md-12 edubin-col-sm-12 content-column\"><div class=\"content-box text-left\"><h3 class=\"edubin-slider-subtitle anim-to-top\" ><\/h3><h1 class=\"slider-title anim-to-right\" >Agende<span> uma visita <\/span><\/h1><div class=\"edubin-slider-content anim-to-left\" >Ficaremos muito felizes em apresentar nossa escola e proposta pedag\u00f3gica \u00e0s fam\u00edlias interessadas. <\/div><div class=\"button-box edubin-slider-btn anim-to-top\"><\/div><\/div><\/div><\/div><\/div><\/div><\/div><\/div><\/div><\/div><\/div><\/div>\t\t\t\t<\/div>\n\t\t\t\t<\/div>\n\t\t\t\t\t<\/div>\n\t\t<\/div>\n\t\t\t\t\t<\/div>\n\t\t<\/section>\n\t\t\t\t<section class=\"elementor-section elementor-top-section elementor-element elementor-element-f81c763 elementor-section-stretched elementor-section-boxed elementor-section-height-default elementor-section-height-default\" data-id=\"f81c763\" data-element_type=\"section\" data-e-type=\"section\" data-settings=\"{&quot;stretch_section&quot;:&quot;section-stretched&quot;}\">\n\t\t\t\t\t\t<div class=\"elementor-container elementor-column-gap-default\">\n\t\t\t\t\t<div class=\"elementor-column elementor-col-100 elementor-top-column elementor-element elementor-element-311cf84c\" data-id=\"311cf84c\" data-element_type=\"column\" data-e-type=\"column\" data-settings=\"{&quot;background_background&quot;:&quot;classic&quot;}\">\n\t\t\t<div class=\"elementor-widget-wrap elementor-element-populated\">\n\t\t\t\t\t\t<section class=\"elementor-section elementor-inner-section elementor-element elementor-element-4533c842 elementor-section-content-middle elementor-section-boxed elementor-section-height-default elementor-section-height-default\" data-id=\"4533c842\" data-element_type=\"section\" data-e-type=\"section\" data-settings=\"{&quot;background_background&quot;:&quot;classic&quot;}\">\n\t\t\t\t\t\t<div class=\"elementor-container elementor-column-gap-default\">\n\t\t\t\t\t<div class=\"elementor-column elementor-col-33 elementor-inner-column elementor-element elementor-element-40789d8c\" data-id=\"40789d8c\" data-element_type=\"column\" data-e-type=\"column\" data-settings=\"{&quot;background_background&quot;:&quot;classic&quot;}\">\n\t\t\t<div class=\"elementor-widget-wrap elementor-element-populated\">\n\t\t\t\t\t<div class=\"elementor-background-overlay\"><\/div>\n\t\t\t\t\t\t<div class=\"elementor-element elementor-element-38db9f61 elementor-position-left elementor-vertical-align-middle elementor-widget elementor-widget-image-box\" data-id=\"38db9f61\" data-element_type=\"widget\" data-e-type=\"widget\" data-settings=\"{&quot;_animation&quot;:&quot;none&quot;}\" data-widget_type=\"image-box.default\">\n\t\t\t\t<div class=\"elementor-widget-container\">\n\t\t\t\t\t<div class=\"elementor-image-box-wrapper\"><figure class=\"elementor-image-box-img\"><a href=\"https:\/\/wa.me\/5511976010591?text=Ol\u00e1!%20Eu%20vim%20pelo%20site%20Instituto%20S\u00e3o%20Pio%20X%20e%20gostaria%20de%20agendar%20uma%20visita.\" tabindex=\"-1\"><img decoding=\"async\" width=\"66\" height=\"66\" src=\"https:\/\/redebeneditina.org.br\/ispx\/wp-content\/uploads\/2023\/05\/agende-whats-2.png\" class=\"elementor-animation-grow attachment-full size-full wp-image-12146\" alt=\"\" \/><\/a><\/figure><div class=\"elementor-image-box-content\"><h2 class=\"elementor-image-box-title\"><a href=\"https:\/\/wa.me\/5511976010591?text=Ol\u00e1!%20Eu%20vim%20pelo%20site%20Instituto%20S\u00e3o%20Pio%20X%20e%20gostaria%20de%20agendar%20uma%20visita.\">Via Whatsapp<\/a><\/h2><\/div><\/div>\t\t\t\t<\/div>\n\t\t\t\t<\/div>\n\t\t\t\t<div class=\"elementor-element elementor-element-7b97e274 elementor-align-right elementor-mobile-align-center elementor-button-info elementor-widget elementor-widget-button\" data-id=\"7b97e274\" data-element_type=\"widget\" data-e-type=\"widget\" data-widget_type=\"button.default\">\n\t\t\t\t<div class=\"elementor-widget-container\">\n\t\t\t\t\t\t\t\t\t<div class=\"elementor-button-wrapper\">\n\t\t\t\t\t<a class=\"elementor-button elementor-button-link elementor-size-sm elementor-animation-skew-forward\" href=\"https:\/\/wa.me\/5511976010591?text=Ol\u00e1!%20Eu%20vim%20pelo%20site%20Instituto%20S\u00e3o%20Pio%20X%20e%20gostaria%20de%20agendar%20uma%20visita.\">\n\t\t\t\t\t\t<span class=\"elementor-button-content-wrapper\">\n\t\t\t\t\t\t<span class=\"elementor-button-icon\">\n\t\t\t\t<i aria-hidden=\"true\" class=\"fas fa-angle-double-right\"><\/i>\t\t\t<\/span>\n\t\t\t\t\t\t\t\t\t<span class=\"elementor-button-text\">97601 0591<\/span>\n\t\t\t\t\t<\/span>\n\t\t\t\t\t<\/a>\n\t\t\t\t<\/div>\n\t\t\t\t\t\t\t\t<\/div>\n\t\t\t\t<\/div>\n\t\t\t\t\t<\/div>\n\t\t<\/div>\n\t\t\t\t<div class=\"elementor-column elementor-col-33 elementor-inner-column elementor-element elementor-element-5ecdf4cb\" data-id=\"5ecdf4cb\" data-element_type=\"column\" data-e-type=\"column\" data-settings=\"{&quot;background_background&quot;:&quot;classic&quot;}\">\n\t\t\t<div class=\"elementor-widget-wrap elementor-element-populated\">\n\t\t\t\t\t<div class=\"elementor-background-overlay\"><\/div>\n\t\t\t\t\t\t<div class=\"elementor-element elementor-element-272dab1c elementor-position-left elementor-vertical-align-middle elementor-widget elementor-widget-image-box\" data-id=\"272dab1c\" data-element_type=\"widget\" data-e-type=\"widget\" data-settings=\"{&quot;_animation&quot;:&quot;none&quot;}\" data-widget_type=\"image-box.default\">\n\t\t\t\t<div class=\"elementor-widget-container\">\n\t\t\t\t\t<div class=\"elementor-image-box-wrapper\"><figure class=\"elementor-image-box-img\"><a href=\"tel:+551136958200\" tabindex=\"-1\"><img loading=\"lazy\" decoding=\"async\" width=\"66\" height=\"66\" src=\"https:\/\/redebeneditina.org.br\/ispx\/wp-content\/uploads\/2023\/05\/agenda-tel-2-1.png\" class=\"elementor-animation-grow attachment-full size-full wp-image-12147\" alt=\"\" \/><\/a><\/figure><div class=\"elementor-image-box-content\"><h2 class=\"elementor-image-box-title\"><a href=\"tel:+551136958200\">Via Telefone<\/a><\/h2><\/div><\/div>\t\t\t\t<\/div>\n\t\t\t\t<\/div>\n\t\t\t\t<div class=\"elementor-element elementor-element-50bc15dc elementor-align-right elementor-mobile-align-center elementor-widget elementor-widget-button\" data-id=\"50bc15dc\" data-element_type=\"widget\" data-e-type=\"widget\" data-widget_type=\"button.default\">\n\t\t\t\t<div class=\"elementor-widget-container\">\n\t\t\t\t\t\t\t\t\t<div class=\"elementor-button-wrapper\">\n\t\t\t\t\t<a class=\"elementor-button elementor-button-link elementor-size-sm elementor-animation-skew-forward\" href=\"tel:+551136958200\">\n\t\t\t\t\t\t<span class=\"elementor-button-content-wrapper\">\n\t\t\t\t\t\t<span class=\"elementor-button-icon\">\n\t\t\t\t<i aria-hidden=\"true\" class=\"fas fa-angle-double-right\"><\/i>\t\t\t<\/span>\n\t\t\t\t\t\t\t\t\t<span class=\"elementor-button-text\">3695 8200<\/span>\n\t\t\t\t\t<\/span>\n\t\t\t\t\t<\/a>\n\t\t\t\t<\/div>\n\t\t\t\t\t\t\t\t<\/div>\n\t\t\t\t<\/div>\n\t\t\t\t\t<\/div>\n\t\t<\/div>\n\t\t\t\t<div class=\"elementor-column elementor-col-33 elementor-inner-column elementor-element elementor-element-71719798\" data-id=\"71719798\" data-element_type=\"column\" data-e-type=\"column\" data-settings=\"{&quot;background_background&quot;:&quot;classic&quot;}\">\n\t\t\t<div class=\"elementor-widget-wrap elementor-element-populated\">\n\t\t\t\t\t<div class=\"elementor-background-overlay\"><\/div>\n\t\t\t\t\t\t<div class=\"elementor-element elementor-element-1c6826fe elementor-position-left elementor-vertical-align-middle elementor-widget elementor-widget-image-box\" data-id=\"1c6826fe\" data-element_type=\"widget\" data-e-type=\"widget\" data-settings=\"{&quot;_animation&quot;:&quot;none&quot;}\" data-widget_type=\"image-box.default\">\n\t\t\t\t<div class=\"elementor-widget-container\">\n\t\t\t\t\t<div class=\"elementor-image-box-wrapper\"><figure class=\"elementor-image-box-img\"><a href=\"https:\/\/redebeneditina.org.br\/ispx\/contato\/\" tabindex=\"-1\"><img loading=\"lazy\" decoding=\"async\" width=\"66\" height=\"66\" src=\"https:\/\/redebeneditina.org.br\/ispx\/wp-content\/uploads\/2023\/05\/agenda-form-2-2.png\" class=\"elementor-animation-grow attachment-full size-full wp-image-12157\" alt=\"\" \/><\/a><\/figure><div class=\"elementor-image-box-content\"><h2 class=\"elementor-image-box-title\"><a href=\"https:\/\/redebeneditina.org.br\/ispx\/contato\/\">Via On-line<\/a><\/h2><\/div><\/div>\t\t\t\t<\/div>\n\t\t\t\t<\/div>\n\t\t\t\t<div class=\"elementor-element elementor-element-2c18d9c4 elementor-align-right elementor-mobile-align-center elementor-widget elementor-widget-button\" data-id=\"2c18d9c4\" data-element_type=\"widget\" data-e-type=\"widget\" data-widget_type=\"button.default\">\n\t\t\t\t<div class=\"elementor-widget-container\">\n\t\t\t\t\t\t\t\t\t<div class=\"elementor-button-wrapper\">\n\t\t\t\t\t<a class=\"elementor-button elementor-button-link elementor-size-sm elementor-animation-skew-forward\" href=\"https:\/\/redebeneditina.org.br\/ispx\/contato\/\">\n\t\t\t\t\t\t<span class=\"elementor-button-content-wrapper\">\n\t\t\t\t\t\t<span class=\"elementor-button-icon\">\n\t\t\t\t<i aria-hidden=\"true\" class=\"fas fa-angle-double-right\"><\/i>\t\t\t<\/span>\n\t\t\t\t\t\t\t\t\t<span class=\"elementor-button-text\">Clique aqui<\/span>\n\t\t\t\t\t<\/span>\n\t\t\t\t\t<\/a>\n\t\t\t\t<\/div>\n\t\t\t\t\t\t\t\t<\/div>\n\t\t\t\t<\/div>\n\t\t\t\t\t<\/div>\n\t\t<\/div>\n\t\t\t\t\t<\/div>\n\t\t<\/section>\n\t\t\t\t\t<\/div>\n\t\t<\/div>\n\t\t\t\t\t<\/div>\n\t\t<\/section>\n\t\t\t\t<section class=\"elementor-section elementor-top-section elementor-element elementor-element-51e30d28 elementor-section-boxed elementor-section-height-default elementor-section-height-default\" data-id=\"51e30d28\" data-element_type=\"section\" data-e-type=\"section\">\n\t\t\t\t\t\t<div class=\"elementor-container elementor-column-gap-default\">\n\t\t\t\t\t<div class=\"elementor-column elementor-col-100 elementor-top-column elementor-element elementor-element-438f5202\" data-id=\"438f5202\" data-element_type=\"column\" data-e-type=\"column\">\n\t\t\t<div class=\"elementor-widget-wrap elementor-element-populated\">\n\t\t\t\t\t\t<div class=\"elementor-element elementor-element-197b8223 elementor-widget elementor-widget-custom-title-addons\" data-id=\"197b8223\" data-element_type=\"widget\" data-e-type=\"widget\" data-widget_type=\"custom-title-addons.default\">\n\t\t\t\t<div class=\"elementor-widget-container\">\n\t\t\t\t\t<div class=\"tpc-double_heading\"><div class=\"dbl__subtitle\"><span>MISS\u00c3O, VIS\u00c3O E VALORES DA REDE BENEDITINA<\/span><\/div><h3 class=\"dbl__title-wrapper\"><span class=\"dbl__title dbl-title_1\">Acolher, Assistir e Educar <\/span><span class=\"dbl__title dbl-title_2\"  >a crian\u00e7a, o adolescente e o jovem por meio da forma\u00e7\u00e3o integral, humanista e crist\u00e3 e <\/span><span class=\"dbl__title dbl-title_3\">proteger e amparar o idoso.<\/span><\/h3><\/div>\t\t\t\t<\/div>\n\t\t\t\t<\/div>\n\t\t\t\t\t<\/div>\n\t\t<\/div>\n\t\t\t\t\t<\/div>\n\t\t<\/section>\n\t\t\t\t<section class=\"elementor-section elementor-top-section elementor-element elementor-element-6598f8a9 elementor-section-boxed elementor-section-height-default elementor-section-height-default\" data-id=\"6598f8a9\" data-element_type=\"section\" data-e-type=\"section\">\n\t\t\t\t\t\t<div class=\"elementor-container elementor-column-gap-default\">\n\t\t\t\t\t<div class=\"elementor-column elementor-col-100 elementor-top-column elementor-element elementor-element-6ebb953c\" data-id=\"6ebb953c\" data-element_type=\"column\" data-e-type=\"column\">\n\t\t\t<div class=\"elementor-widget-wrap elementor-element-populated\">\n\t\t\t\t\t\t<section class=\"elementor-section elementor-inner-section elementor-element elementor-element-769264f elementor-section-boxed elementor-section-height-default elementor-section-height-default\" data-id=\"769264f\" data-element_type=\"section\" data-e-type=\"section\">\n\t\t\t\t\t\t<div class=\"elementor-container elementor-column-gap-default\">\n\t\t\t\t\t<div class=\"elementor-column elementor-col-33 elementor-inner-column elementor-element elementor-element-8717063 elementor-invisible\" data-id=\"8717063\" data-element_type=\"column\" data-e-type=\"column\" data-settings=\"{&quot;animation&quot;:&quot;slideInLeft&quot;}\">\n\t\t\t<div class=\"elementor-widget-wrap elementor-element-populated\">\n\t\t\t\t\t\t<div class=\"elementor-element elementor-element-e079c42 edubin-title-align-left elementor-widget elementor-widget-section-title-addons\" data-id=\"e079c42\" data-element_type=\"widget\" data-e-type=\"widget\" data-widget_type=\"section-title-addons.default\">\n\t\t\t\t<div class=\"elementor-widget-container\">\n\t\t\t\t\t            <div class=\"edubin-section-title edubin-subtitle-position-top title-style-one\">\r\n                <h2 class=\"section-title-txt\">Miss\u00e3o<\/h2><p class=\"section-subtitle-txt\">01<\/p>            <\/div>\r\n\r\n        \t\t\t\t<\/div>\n\t\t\t\t<\/div>\n\t\t\t\t<div class=\"elementor-element elementor-element-b395c3a elementor-widget elementor-widget-text-editor\" data-id=\"b395c3a\" data-element_type=\"widget\" data-e-type=\"widget\" data-widget_type=\"text-editor.default\">\n\t\t\t\t<div class=\"elementor-widget-container\">\n\t\t\t\t\t\t\t\t\t<p>Confiante na Divina Provid\u00eancia a ABEAS tem como miss\u00e3o: Acolher, Assistir e Educar a crian\u00e7a, o adolescente e o jovem por meio da forma\u00e7\u00e3o integral, humanista e crist\u00e3; zelar pela qualidade da educa\u00e7\u00e3o preparando profissionais do futuro com s\u00f3lidos princ\u00edpios \u00e9ticos; proteger e amparar o idoso, primando pela qualidade e excel\u00eancia das tarefas que essa miss\u00e3o exige.<\/p>\t\t\t\t\t\t\t\t<\/div>\n\t\t\t\t<\/div>\n\t\t\t\t\t<\/div>\n\t\t<\/div>\n\t\t\t\t<div class=\"elementor-column elementor-col-33 elementor-inner-column elementor-element elementor-element-4637ae2 elementor-invisible\" data-id=\"4637ae2\" data-element_type=\"column\" data-e-type=\"column\" data-settings=\"{&quot;animation&quot;:&quot;slideInUp&quot;}\">\n\t\t\t<div class=\"elementor-widget-wrap elementor-element-populated\">\n\t\t\t\t\t\t<div class=\"elementor-element elementor-element-c920007 edubin-title-align-left elementor-widget elementor-widget-section-title-addons\" data-id=\"c920007\" data-element_type=\"widget\" data-e-type=\"widget\" data-widget_type=\"section-title-addons.default\">\n\t\t\t\t<div class=\"elementor-widget-container\">\n\t\t\t\t\t            <div class=\"edubin-section-title edubin-subtitle-position-top title-style-one\">\r\n                <h2 class=\"section-title-txt\">Vis\u00e3o<\/h2><p class=\"section-subtitle-txt\">02<\/p>            <\/div>\r\n\r\n        \t\t\t\t<\/div>\n\t\t\t\t<\/div>\n\t\t\t\t<div class=\"elementor-element elementor-element-bcbfc46 elementor-widget elementor-widget-text-editor\" data-id=\"bcbfc46\" data-element_type=\"widget\" data-e-type=\"widget\" data-widget_type=\"text-editor.default\">\n\t\t\t\t<div class=\"elementor-widget-container\">\n\t\t\t\t\t\t\t\t\t<p>A ABEAS almeja ser reconhecida pela excel\u00eancia na forma\u00e7\u00e3o integral, humanista e crist\u00e3 de crian\u00e7as, adolescentes e jovens e pela qualidade acad\u00eamica; preservar e difundir o trabalho da rede de escolas e das obras assistenciais; primar pela satisfa\u00e7\u00e3o dos alunos, idosos, assistidos, familiares e parceiros; evoluir continuamente a qualifica\u00e7\u00e3o docente e t\u00e9cnico-administrativa.<\/p>\t\t\t\t\t\t\t\t<\/div>\n\t\t\t\t<\/div>\n\t\t\t\t\t<\/div>\n\t\t<\/div>\n\t\t\t\t<div class=\"elementor-column elementor-col-33 elementor-inner-column elementor-element elementor-element-c7f9836 elementor-invisible\" data-id=\"c7f9836\" data-element_type=\"column\" data-e-type=\"column\" data-settings=\"{&quot;animation&quot;:&quot;slideInRight&quot;}\">\n\t\t\t<div class=\"elementor-widget-wrap elementor-element-populated\">\n\t\t\t\t\t\t<div class=\"elementor-element elementor-element-255fbeb edubin-title-align-left elementor-widget elementor-widget-section-title-addons\" data-id=\"255fbeb\" data-element_type=\"widget\" data-e-type=\"widget\" data-widget_type=\"section-title-addons.default\">\n\t\t\t\t<div class=\"elementor-widget-container\">\n\t\t\t\t\t            <div class=\"edubin-section-title edubin-subtitle-position-top title-style-one\">\r\n                <h2 class=\"section-title-txt\">Valores<\/h2><p class=\"section-subtitle-txt\">03<\/p>            <\/div>\r\n\r\n        \t\t\t\t<\/div>\n\t\t\t\t<\/div>\n\t\t\t\t<div class=\"elementor-element elementor-element-c26ba24 elementor-widget elementor-widget-text-editor\" data-id=\"c26ba24\" data-element_type=\"widget\" data-e-type=\"widget\" data-widget_type=\"text-editor.default\">\n\t\t\t\t<div class=\"elementor-widget-container\">\n\t\t\t\t\t\t\t\t\t<p>S\u00e3o valores imprescind\u00edveis: a cren\u00e7a em Deus, na fam\u00edlia e na dignidade humana; a honestidade, solidariedade e paz; a partilha de bens e saber com todos; a liberdade de aprender, pesquisar e divulgar a cultura, o pensamento, a arte e o saber; o respeito e apre\u00e7o \u00e0 liberdade, \u00e0 toler\u00e2ncia, ao ambiente harm\u00f4nico, ao perd\u00e3o e \u00e0 cultura de paz; a defesa da vida e o cuidado da natureza; uso consciente, respons\u00e1vel e saud\u00e1vel da inova\u00e7\u00e3o e transforma\u00e7\u00e3o digital.<\/p>\t\t\t\t\t\t\t\t<\/div>\n\t\t\t\t<\/div>\n\t\t\t\t\t<\/div>\n\t\t<\/div>\n\t\t\t\t\t<\/div>\n\t\t<\/section>\n\t\t\t\t\t<\/div>\n\t\t<\/div>\n\t\t\t\t\t<\/div>\n\t\t<\/section>\n\t\t\t\t<\/div>\n\t\t","protected":false},"excerpt":{"rendered":"<p>Pastoral Escolar O Instituto S\u00e3o Pio X \u00e9 uma institui\u00e7\u00e3o confessional cat\u00f3lica e seu grande diferencial em rela\u00e7\u00e3o \u00e0s outras unidades educacionais \u00e9 o fato de que atua a partir da f\u00e9 em Jesus Cristo e a constru\u00e7\u00e3o do seu Reino, sempre em di\u00e1logo com uma sociedade multirreligiosa e multicultural. Nesse contexto, a Pastoral Escolar&#8230;<\/p>\n","protected":false},"author":3,"featured_media":0,"parent":0,"menu_order":0,"comment_status":"closed","ping_status":"closed","template":"","meta":{"_monsterinsights_skip_tracking":false,"_monsterinsights_sitenote_active":false,"_monsterinsights_sitenote_note":"","_monsterinsights_sitenote_category":0,"ngg_post_thumbnail":0,"footnotes":""},"class_list":["post-17484","page","type-page","status-publish","hentry"],"_links":{"self":[{"href":"https:\/\/redebeneditina.org.br\/ispx\/wp-json\/wp\/v2\/pages\/17484","targetHints":{"allow":["GET"]}}],"collection":[{"href":"https:\/\/redebeneditina.org.br\/ispx\/wp-json\/wp\/v2\/pages"}],"about":[{"href":"https:\/\/redebeneditina.org.br\/ispx\/wp-json\/wp\/v2\/types\/page"}],"author":[{"embeddable":true,"href":"https:\/\/redebeneditina.org.br\/ispx\/wp-json\/wp\/v2\/users\/3"}],"replies":[{"embeddable":true,"href":"https:\/\/redebeneditina.org.br\/ispx\/wp-json\/wp\/v2\/comments?post=17484"}],"version-history":[{"count":63,"href":"https:\/\/redebeneditina.org.br\/ispx\/wp-json\/wp\/v2\/pages\/17484\/revisions"}],"predecessor-version":[{"id":53147,"href":"https:\/\/redebeneditina.org.br\/ispx\/wp-json\/wp\/v2\/pages\/17484\/revisions\/53147"}],"wp:attachment":[{"href":"https:\/\/redebeneditina.org.br\/ispx\/wp-json\/wp\/v2\/media?parent=17484"}],"curies":[{"name":"wp","href":"https:\/\/api.w.org\/{rel}","templated":true}]}}