{"id":18413,"date":"2023-06-05T14:17:45","date_gmt":"2023-06-05T14:17:45","guid":{"rendered":"https:\/\/redebeneditina.org.br\/ispx\/?page_id=18413"},"modified":"2025-03-25T19:01:48","modified_gmt":"2025-03-25T22:01:48","slug":"depoimentos","status":"publish","type":"page","link":"https:\/\/redebeneditina.org.br\/ispx\/depoimentos\/","title":{"rendered":"Depoimentos"},"content":{"rendered":"\t\t<div data-elementor-type=\"wp-page\" data-elementor-id=\"18413\" class=\"elementor elementor-18413\">\n\t\t\t\t\t\t<section class=\"elementor-section elementor-top-section elementor-element elementor-element-54d8919 elementor-section-boxed elementor-section-height-default elementor-section-height-default\" data-id=\"54d8919\" data-element_type=\"section\" data-e-type=\"section\">\n\t\t\t\t\t\t<div class=\"elementor-container elementor-column-gap-default\">\n\t\t\t\t\t<div class=\"elementor-column elementor-col-100 elementor-top-column elementor-element elementor-element-306dd5d\" data-id=\"306dd5d\" data-element_type=\"column\" data-e-type=\"column\" data-settings=\"{&quot;background_background&quot;:&quot;classic&quot;}\">\n\t\t\t<div class=\"elementor-widget-wrap elementor-element-populated\">\n\t\t\t\t\t\t<section class=\"elementor-section elementor-inner-section elementor-element elementor-element-90b8a14 elementor-section-content-middle elementor-section-boxed elementor-section-height-default elementor-section-height-default elementor-invisible\" data-id=\"90b8a14\" data-element_type=\"section\" data-e-type=\"section\" data-settings=\"{&quot;animation&quot;:&quot;slideInLeft&quot;}\">\n\t\t\t\t\t\t<div class=\"elementor-container elementor-column-gap-default\">\n\t\t\t\t\t<div class=\"elementor-column elementor-col-100 elementor-inner-column elementor-element elementor-element-49088b9\" data-id=\"49088b9\" data-element_type=\"column\" data-e-type=\"column\">\n\t\t\t<div class=\"elementor-widget-wrap elementor-element-populated\">\n\t\t\t\t\t\t<div class=\"elementor-element elementor-element-6ebe6d4a edubin-title-align-left elementor-widget elementor-widget-section-title-addons\" data-id=\"6ebe6d4a\" data-element_type=\"widget\" data-e-type=\"widget\" data-widget_type=\"section-title-addons.default\">\n\t\t\t\t<div class=\"elementor-widget-container\">\n\t\t\t\t\t            <div class=\"edubin-section-title edubin-subtitle-position-top title-style-four\">\r\n                <h2 class=\"section-title-txt\">Depoimentos<\/h2><div class=edubin-title-sperator-sec><span class=\"edubin-title-sperator\">&nbsp;<\/span><\/div><p class=\"section-subtitle-txt\">Compartilhe sua experi\u00eancia conosco!<\/p>            <\/div>\r\n\r\n        \t\t\t\t<\/div>\n\t\t\t\t<\/div>\n\t\t\t\t<div class=\"elementor-element elementor-element-5ab95eb elementor-widget elementor-widget-text-editor\" data-id=\"5ab95eb\" data-element_type=\"widget\" data-e-type=\"widget\" data-widget_type=\"text-editor.default\">\n\t\t\t\t<div class=\"elementor-widget-container\">\n\t\t\t\t\t\t\t\t\t<p>Leia abaixo e compartilhe sua mensagem conosco, voc\u00ea que fez, faz e sempre far\u00e1 parte desta grande fam\u00edlia.<\/p>\t\t\t\t\t\t\t\t<\/div>\n\t\t\t\t<\/div>\n\t\t\t\t<div class=\"elementor-element elementor-element-140a22d elementor-widget elementor-widget-edubin-contactform-addons\" data-id=\"140a22d\" data-element_type=\"widget\" data-e-type=\"widget\" data-widget_type=\"edubin-contactform-addons.default\">\n\t\t\t\t<div class=\"elementor-widget-container\">\n\t\t\t\t\t<div class=\"edubin-form-wrapper\" >\n<div class=\"wpcf7 no-js\" id=\"wpcf7-f18422-o1\" lang=\"pt-BR\" dir=\"ltr\" data-wpcf7-id=\"18422\">\n<div class=\"screen-reader-response\"><p role=\"status\" aria-live=\"polite\" aria-atomic=\"true\"><\/p> <ul><\/ul><\/div>\n<form action=\"\/ispx\/wp-json\/wp\/v2\/pages\/18413#wpcf7-f18422-o1\" method=\"post\" class=\"wpcf7-form init\" aria-label=\"Formul\u00e1rios de contato\" novalidate=\"novalidate\" data-status=\"init\">\n<fieldset class=\"hidden-fields-container\"><input type=\"hidden\" name=\"_wpcf7\" value=\"18422\" \/><input type=\"hidden\" name=\"_wpcf7_version\" value=\"6.1.5\" \/><input type=\"hidden\" name=\"_wpcf7_locale\" value=\"pt_BR\" \/><input type=\"hidden\" name=\"_wpcf7_unit_tag\" value=\"wpcf7-f18422-o1\" \/><input type=\"hidden\" name=\"_wpcf7_container_post\" value=\"0\" \/><input type=\"hidden\" name=\"_wpcf7_posted_data_hash\" value=\"\" \/><input type=\"hidden\" name=\"_wpcf7_recaptcha_response\" value=\"\" \/>\n<\/fieldset>\n<p><label> Nome<br \/>\n<span class=\"wpcf7-form-control-wrap\" data-name=\"your-name\"><input size=\"40\" maxlength=\"400\" class=\"wpcf7-form-control wpcf7-text wpcf7-validates-as-required\" aria-required=\"true\" aria-invalid=\"false\" value=\"\" type=\"text\" name=\"your-name\" \/><\/span> <\/label>\n<\/p>\n<p><label> Sua Mensagem<br \/>\n<span class=\"wpcf7-form-control-wrap\" data-name=\"your-message\"><textarea cols=\"40\" rows=\"10\" maxlength=\"2000\" class=\"wpcf7-form-control wpcf7-textarea\" aria-invalid=\"false\" name=\"your-message\"><\/textarea><\/span> <\/label>\n<\/p>\n<span class=\"wpcf7-form-control-wrap recaptcha\" data-name=\"recaptcha\"><span data-sitekey=\"6Lco0m4bAAAAALHZKi0cJLajcDOe7mUhSCOUxPQN\" class=\"wpcf7-form-control wpcf7-recaptcha g-recaptcha\"><\/span>\r\n<noscript>\r\n\t<div class=\"grecaptcha-noscript\">\r\n\t\t<iframe src=\"https:\/\/www.google.com\/recaptcha\/api\/fallback?k=6Lco0m4bAAAAALHZKi0cJLajcDOe7mUhSCOUxPQN\" frameborder=\"0\" scrolling=\"no\" width=\"310\" height=\"430\">\r\n\t\t<\/iframe>\r\n\t\t<textarea name=\"g-recaptcha-response\" rows=\"3\" cols=\"40\" placeholder=\"reCaptcha Response Here\">\r\n\t\t<\/textarea>\r\n\t<\/div>\r\n<\/noscript>\r\n<\/span>\n<p><input class=\"wpcf7-form-control wpcf7-submit has-spinner\" type=\"submit\" value=\"Enviar\" \/>\n<\/p><div class=\"wpcf7-response-output\" aria-hidden=\"true\"><\/div>\n<\/form>\n<\/div>\n<\/div>\t\t\t\t<\/div>\n\t\t\t\t<\/div>\n\t\t\t\t\t<\/div>\n\t\t<\/div>\n\t\t\t\t\t<\/div>\n\t\t<\/section>\n\t\t\t\t\t<\/div>\n\t\t<\/div>\n\t\t\t\t\t<\/div>\n\t\t<\/section>\n\t\t\t\t<section class=\"elementor-section elementor-top-section elementor-element elementor-element-2709a2b8 elementor-section-boxed elementor-section-height-default elementor-section-height-default\" data-id=\"2709a2b8\" data-element_type=\"section\" data-e-type=\"section\" data-settings=\"{&quot;background_background&quot;:&quot;classic&quot;}\">\n\t\t\t\t\t\t<div class=\"elementor-container elementor-column-gap-default\">\n\t\t\t\t\t<div class=\"elementor-column elementor-col-100 elementor-top-column elementor-element elementor-element-60c8d310\" data-id=\"60c8d310\" data-element_type=\"column\" data-e-type=\"column\">\n\t\t\t<div class=\"elementor-widget-wrap elementor-element-populated\">\n\t\t\t\t\t\t<section class=\"elementor-section elementor-inner-section elementor-element elementor-element-2ff6a85f elementor-section-boxed elementor-section-height-default elementor-section-height-default\" data-id=\"2ff6a85f\" data-element_type=\"section\" data-e-type=\"section\">\n\t\t\t\t\t\t<div class=\"elementor-container elementor-column-gap-default\">\n\t\t\t\t\t<div class=\"elementor-column elementor-col-100 elementor-inner-column elementor-element elementor-element-433047d1\" data-id=\"433047d1\" data-element_type=\"column\" data-e-type=\"column\">\n\t\t\t<div class=\"elementor-widget-wrap elementor-element-populated\">\n\t\t\t\t\t\t<div class=\"elementor-element elementor-element-2c060d3b elementor-widget elementor-widget-text-editor\" data-id=\"2c060d3b\" data-element_type=\"widget\" data-e-type=\"widget\" data-widget_type=\"text-editor.default\">\n\t\t\t\t<div class=\"elementor-widget-container\">\n\t\t\t\t\t\t\t\t\t<h4>Testemunhos da nossa miss\u00e3o de Acolher, Assistir e Educar.<\/h4><p>\u00a0<\/p><p><strong>De:<\/strong> Renata Alessandra<\/p><p style=\"padding-left: 40px;\">Como eu amo essa escola!<\/p><hr \/><p>\u00a0<\/p><p><strong>De:<\/strong> Tatiane<\/p><p style=\"padding-left: 40px;\">Que lindeza ver minha princesa se desenvolvendo!! Nossa escola \u00e9 perfeita!<\/p><hr \/><p>\u00a0<\/p><p><strong>De:<\/strong> Sheila Medeiros<\/p><p style=\"padding-left: 40px;\">Obrigada professora Carla e toda equipe envolvida pela dedica\u00e7\u00e3o e carinho. Obrigada ISPX por nos proporcionar momentos t\u00e3o especiais.\u00a0<\/p><hr \/><p>\u00a0<\/p><p><strong>De: <\/strong>Dannielly<\/p><p style=\"padding-left: 40px;\">Obrigada Instituto S\u00e3o Pio X pelo carinho e dedica\u00e7\u00e3o com o Lucca, voc\u00eas foram fundamentais para que ele retomasse o prazer pelos estudos.<\/p><hr \/><p>\u00a0<\/p><p><strong>De: <\/strong>Affonso Romualdo<\/p><p style=\"padding-left: 40px;\">Parab\u00e9ns ao Instituto S\u00e3o Pio X por me tornar uma pessoa perspicaz, o ISPX n\u00e3o s\u00f3 forma o aluno a n\u00edvel acad\u00eamico, mas forma o aluno para vida, o que com devido respeito \u00e9 a melhor op\u00e7\u00e3o. Estudos podemos aprender inclusive sozinho, mas ensinar a ser emp\u00e1tico, sol\u00edcito, ser civilizado, isso s\u00f3 vi no ISPX. Digo com propriedade: eis que iniciei em 1993 e terminei em 2004, ocasi\u00e3o em que iniciei o curso de Direito. Hoje, al\u00e9m de advogado, sou professor e repasso tudo que aprendi desde minha 1\u00aa s\u00e9rie J no ISPX. Parab\u00e9ns e gratid\u00e3o a todos meus professores.\u00a0<\/p><hr \/><p>\u00a0<\/p><p><strong>De: <\/strong>Veridiana<\/p><div class=\"notanter-detalhe\" style=\"padding-left: 40px;\">Como n\u00e3o se orgulhar de uma institui\u00e7\u00e3o que ensina e refor\u00e7a para nossos filhos a palavra e a vivenciar o que nosso Senhor ensinou. Orgulho de pertencer, gratid\u00e3o por minha filha Vit\u00f3ria do pr\u00e9 II fazer para da fam\u00edlia Pio.<\/div><div>\u00a0<\/div><div>\u00a0<\/div><hr \/><p>\u00a0<\/p><p><strong>De: <\/strong>Viviane Sestari<\/p><div class=\"notanter-detalhe\" style=\"padding-left: 40px;\">Uma escola que evidencia os bons valores e princ\u00edpios da fam\u00edlia! Amo muito!<\/div><div>\u00a0<\/div><div>\u00a0<\/div><div>\u00a0<\/div><div><hr \/><\/div><p>\u00a0<\/p><p><strong>D<\/strong><strong>e: <\/strong>Cintia<\/p><div class=\"notanter-detalhe\" style=\"padding-left: 40px;\">Como estamos sem agenda, estou usando este contato para agradecer&#8230;. Agradecer as Irm\u00e3s e funcion\u00e1rios por todo carinho, amor e aten\u00e7\u00e3o com as crian\u00e7as.<br \/>Ontem tivemos um final de tarde muito complicado, a cidade estava um caos, mas o cora\u00e7\u00e3o estava tranquilo por saber que as crian\u00e7as estavam acolhidas e protegidas. Fiquei emocionada quando minha filha disse que estavam vendo desenho e que as Irm\u00e3s deram bolachas e leite com chocolate. Muito carinho e preocupa\u00e7\u00e3o!<\/div><div>\u00a0<\/div><div><hr \/><\/div><p>\u00a0<\/p><p><strong>De:\u00a0<\/strong>Lilian Archanjo<\/p><div class=\"notanter-detalhe\" style=\"padding-left: 40px;\">Um lugar m\u00e1gico, entrei na escola e revivi em mem\u00f3ria os momentos de crian\u00e7a&#8230; Obrigada professores, hoje sou coordenadora de um col\u00e9gio e sigo os passos de nossos professores! Tenho orgulho por ter feito parte do Pio X!<\/div><div>\u00a0<\/div><div><hr \/><\/div><p>\u00a0<\/p><p><strong>De:\u00a0<\/strong>Luciana Guglielmi Belnuovo<\/p><div class=\"notanter-detalhe\" style=\"padding-left: 40px;\">Nossa falar do Pio X tr\u00e1s tantas lembran\u00e7as, quanta saudade, estudei do pr\u00e9 ao 8o ano me formando em 1990. Passei minha inf\u00e2ncia, pr\u00e9-adolesc\u00eancia e adolesc\u00eancia a\u00ed. Lembro da Irm\u00e3 Maura como diretora, irm\u00e3 Julieta nas aulas de religi\u00e3o, irm\u00e3 Noemi, irm\u00e3 Maria Jos\u00e9 (como era brava), lembro da chegada dos g\u00eameos (a menina \u00e9 a Talita, sen\u00e3o me engano \u00e9 o menino n\u00e3o lembro o nome). Lembro das excurs\u00f5es, viagem de formatura, n\u00e3o sei se tem algum (a) professor (a) da minha \u00e9poca e freiras, quebrei o f\u00eamur ia para a escola de cadeiras de rodas e entrava na pela secretaria, tive todo o apoio da escola que foi muito importante para mim, as festas que tinha no col\u00e9gio, as filas pra ir pra sala, cantina, a loja de material, a inaugura\u00e7\u00e3o do teatro (fiz parte da pe\u00e7a), formatura.<br \/>Tenho muita saudade de tudo e me sinto muito feliz com as lembran\u00e7as que tenho na mem\u00f3ria.<\/div><div>\u00a0<\/div><hr \/><p>\u00a0<\/p><p><strong>De:\u00a0<\/strong>Divanise da silva Freitas<\/p><div class=\"notanter-detalhe\" style=\"padding-left: 40px;\">Tempo maravilhoso grande momentos. Gostaria de encontrar alguns amigos da minha \u00e9poca de escola.<\/div><div>\u00a0<\/div><div><hr \/><\/div><p>\u00a0<\/p><p><strong>De:\u00a0<\/strong>Marcelo F Duarte<\/p><div class=\"notanter-detalhe\" style=\"padding-left: 40px;\">Grande lembran\u00e7as! Estudei no Pio X anos 80.<br \/>Irm\u00e3 Maura, Maria Jos\u00e9, grandes amigos Cabral, Marcelo.<br \/>Abra\u00e7o. Deus aben\u00e7oa sempre n\u00f3s que formamos Homens melhores&#8230;<\/div><div>\u00a0<\/div><div><hr \/><\/div><p>\u00a0<\/p><p><strong>De:\u00a0<\/strong>Milena Gralla Tobias<\/p><div class=\"notanter-detalhe\" style=\"padding-left: 40px;\">Estudei ai na d\u00e9cada de 80, in\u00edcio 90. Amava muito e queria ser como as irm\u00e3s. Hoje moro em Jaguariuna e procuro uma escola com os mesmos valores para a minha filha que hoje tem um ano e nove meses. Saudades deste tempo. Deus aben\u00e7oe o trabalho de voc\u00eas.<\/div><div>\u00a0<\/div><hr \/><p>\u00a0<\/p><p><strong>De:\u00a0<\/strong>Asdrubal Aparecido Gomes de Oliveira J\u00fanior<\/p><div class=\"notanter-detalhe\" style=\"padding-left: 40px;\">Falar desta institui\u00e7\u00e3o \u00e9 lembrar que o esfor\u00e7o dos meus pais valeu a pena, afinal manter 3 filhos estudando e se formando no Pio X n\u00e3o foi f\u00e1cil, mas vencemos.<br \/>Grandes Amigos, Grandes Mestres, Grandes Momentos e uma saudade imensa destes 8 anos de muito aprendizado.<br \/>Que Deus continue aben\u00e7oando e protegendo sempre a institui\u00e7\u00e3o.<\/div><div>\u00a0<\/div><div><hr \/><\/div><p>\u00a0<\/p><p><strong>De:\u00a0<\/strong>R\u00e9gis Alessandro de Souza<\/p><div class=\"notanter-detalhe\" style=\"padding-left: 40px;\">Estudei no Pio X em 1992 at\u00e9 1996.<br \/>Foi uma \u00e9poca incr\u00edvel.<br \/>Conheci muitas pessoas bacanas mas os nomes v\u00e3o sumindo da mente. Ainda me lembro de alguns nomes. Carolina Cunha, Gerson, Hugo, Thiago, Beatriz. Gostaria de saber como andam as professoras Marisa e Cl\u00e1udia. Elas s\u00e3o irm\u00e3s e nunca mais soube nada sobre elas.<br \/>Caso tenham estudado l\u00e1 entre esse per\u00edodo, onde t\u00ednhamos a irm\u00e3 Maria Jos\u00e9 e o pessoal vivia tomando carimbo na diretoria<br \/>Me procurem nas redes.<\/div><div>\u00a0<\/div><div>\u00a0<\/div><div><hr \/><\/div><p>\u00a0<\/p><p><strong>De:\u00a0<\/strong>Thompson Candido Dantas<\/p><div class=\"notanter-detalhe\" style=\"padding-left: 40px;\">Irm\u00e3 Albertina, foi minha professora no pr\u00e9 &#8230; maravilhosa, quanta saudade.<\/div><div>\u00a0<\/div><div><hr \/><\/div><p>\u00a0<\/p><p><strong>De:\u00a0<\/strong>Marcio Sergio Cassiano de Freitas<\/p><div class=\"notanter-detalhe\" style=\"padding-left: 40px;\">De 2002 a 2005 estive na cidade e na escola, enquanto fazia teologia em SP. Realizava palestras em guardas civis municipais, corpora\u00e7\u00f5es de corpo de bombeiros, correios e tel\u00e9grafos e pol\u00edcia(s) militar(es) e civis. Fui muto bem recebido pelas irm\u00e3s e todo do instituto! Novamente agrade\u00e7o! &#8221;O senhor te aben\u00e7oe e te guarde &#8211; n\u00fameros 6,24-26&#8221;. A hospitalidade da escola e a sabedoria \u00e9 um grande dom de deus&#8230; Tentarei voltar&#8230;<\/div><div>\u00a0<\/div><hr \/><p>\u00a0<\/p><p><strong>De:\u00a0<\/strong>Paulo Roberto Teixeira da Silva<\/p><div class=\"notanter-detalhe\" style=\"padding-left: 40px;\">Saudade da minha turma.<\/div><div>\u00a0<\/div><hr \/><p>\u00a0<\/p><p><strong>De:\u00a0<\/strong>Eduardo Rodrigues Barbi<\/p><div class=\"notanter-detalhe\" style=\"padding-left: 40px;\">Fiz o pr\u00e9 nos anos de 1974 e 1975 e depois me mudei para o interior do estado de S\u00e3o Paulo. Infelizmente com 4\/5 anos n\u00e3o me lembro de muitas coisas. Me lembro de nome das Irm\u00e3s Maura e M\u00f4nica e de um amigo de classe chamado Marcelo Roque. Das instala\u00e7\u00f5es me lembro das escadarias de acesso para as salas de aula, do parquinho, da cantina e da capela (Pode ser id\u00e9ia de crian\u00e7a, mas acho que tinha um t\u00fanel de acesso kkk). Um evento inesquec\u00edvel, al\u00e9m da festa junina, foi um em que os alunos foram vestidos c om a roupa da profiss\u00e3o dos pais. Eu fui vestido de militar e ficou na minha mem\u00f3ria porque alguma crian\u00e7a botou na cabe\u00e7a que queria tirar foto com a minha roupa. Provavelmente pediram permiss\u00e3o para a minha m\u00e3e e com certeza ela deixou, pois fiquei um bom tempo sentado em um banco somente de cueca aguardando a sess\u00e3o de fotos terminar. kkkkkkk Me lembro tamb\u00e9m de um menino vestido de dentista neste evento. Somente 02 anos no col\u00e9gio PIO X, mas aprendi valores de ordem e respeito que carrego at\u00e9 hoje. Sdd<\/div><div>\u00a0<\/div><hr \/><p>\u00a0<\/p><p><strong>De:\u00a0<\/strong>M\u00e1rcio Nogueira da Costa<\/p><div class=\"notanter-detalhe\" style=\"padding-left: 40px;\">Fez parte da minha vida. Iniciei meus estudos no Pio X e me formei em 1990. Local absolutamente fant\u00e1stico para formar pessoas,obter valores como educa\u00e7\u00e3o e cultura.Saudades.<\/div><div>\u00a0<\/div><hr \/><p>\u00a0<\/p><p><strong>De:\u00a0<\/strong>Fernanda Braith Ferreira Senise<\/p><div class=\"notanter-detalhe\" style=\"padding-left: 40px;\">\u00c9 com grande emo\u00e7\u00e3o que fa\u00e7o o registro de uma das melhores fases da minha vida. O meu filho de 6 anos ira ingressar no primeiro ano e busquei o site do col\u00e9gio para mostrar-lhe onde estudei durante toda a minha inf\u00e2ncia. Foi incr\u00edvel depois de tantos anos ver a imagem da porta da minha sala do primeiro ano (1o. A &#8211; turma de 1985) e recordar com o meu filho tantas experi\u00eancias incr\u00edveis, dos professores, dos amigos, da \u00e9poca em que eu fazia parte do time de voleibol feminino comandado pela Professora Eliete e representava o col\u00e9gio em diversos campeonatos, das feiras de ci\u00eancias, das apresenta\u00e7\u00f5es de dan\u00e7a e festas juninas, da nossa diretora irm\u00e3 Marta e da irm\u00e3 Maria Jos\u00e9, e tantas outras boas lembran\u00e7as. Atuo como advogada vivo em Lisboa. \u00c9 ineg\u00e1vel que onde estiver vou carregar sempre no meu cora\u00e7\u00e3o os valores e os ensinamentos que aprendi no col\u00e9gio PIO X e que agora revivencio ao lado meu filho.<\/div><div>\u00a0<\/div><hr \/><p>\u00a0<\/p><p><strong>De:\u00a0<\/strong>Leonardo Sandrini<\/p><div class=\"notanter-detalhe\" style=\"padding-left: 40px;\">Tive minha forma\u00e7\u00e3o escolar inteira feita no Pio X! Eu e todos meus irm\u00e3os nos formamos no Pio X, eu e meu irm\u00e3o g\u00eameo Vin\u00edcius nos formamos em 2013. Foram anos e anos maravilhosos! Saudades de todos professores, coordenadoras, que nos ajudaram em muito na nossa forma\u00e7\u00e3o, uma lembran\u00e7a em especial para a Verinha, Sandra, Luiz, da coordena\u00e7\u00e3o Laura e da dupla Cris!! S\u00f3 felicidades e sorrisos lembrando de toda essa \u00e9poca! Abra\u00e7o gigante em todos! &#8230;<\/div><div>\u00a0<\/div><hr \/><p>\u00a0<\/p><p><strong>De:\u00a0<\/strong>Luciana Honorato<\/p><div class=\"notanter-detalhe\" style=\"padding-left: 40px;\">Eu e minha irm\u00e3 Ana L\u00facia Honorato estudamos no PIO X do pr\u00e9 \u00e1 oitava serie do gin\u00e1sio &#8211; na \u00e9poca, sai por volta de 1984 &#8211; mas foi, \u00e9 e ser\u00e1 sempre a escola da minha vida!<br \/>Amava os professores, os ensinamentos, as irm\u00e3s, aprendi muito nesse lugar e sempre relembro com muita emo\u00e7\u00e3o o que vivi.<br \/>Agrade\u00e7o a meus pais e a Deus por ter me colocado nesta escola.<br \/>Beijos a todos que fazem parte dai&#8230;<br \/>Luciana Honorato<\/div><div>\u00a0<\/div><hr \/><p>\u00a0<\/p><p><strong>De:\u00a0<\/strong>Tio Ol\u00edvio<\/p><div class=\"notanter-detalhe\" style=\"padding-left: 40px;\">N\u00e3o fui aluno, mas transportei alunos para o Pio X durante 22 anos, de 1979 a 2002, foi uma \u00e9poca muito agitada, tinha durante esses anos 3 micro \u00f4nibus, teve \u00e9poca de transportar 280 alunos, primeiro como &#8220;transporte escolar junior&#8221; e depois como &#8221; TRANS JUNIOR &#8221; CONHECI DURANTE ESSA \u00c9POCA TODAS AS IRM\u00c3S DO INST. PIOX, IRM\u00c3 MAURA, (DIRETORA) IRM\u00c3 JULIETA, IRM\u00c3 NOEMI, IRM\u00c3 MARIA JOSE, IRM\u00c3 EULALIA, E OUTRAS QUE N\u00c3O LEMBRO .FOI UMA \u00c9POCA FANT\u00c1STICA, HOJE TEM ALUNOS J\u00c1 FORMADOS ,QUE S\u00c3O PAIS, QUE QUANDO ME ENCONTRAM, ME RECONHECEM E FAZEM A MAIOR FESTA. MEU NOME ERA &#8221; TIO OLIVIO &#8220;.<\/div><div>\u00a0<\/div><hr \/><p>\u00a0<\/p><p><strong>De:\u00a0<\/strong>Paulo Almeida Nudes<\/p><div class=\"notanter-detalhe\" style=\"padding-left: 40px;\">Gosto muito da escola<\/div><div>\u00a0<\/div><hr \/><p>\u00a0<\/p><p><strong>De:\u00a0<\/strong>Sulema Funghi<\/p><div class=\"notanter-detalhe\" style=\"padding-left: 40px;\">Melhores anos de minha vida, at\u00e9 hoje guardo na mem\u00f3ria os ensinamentos da irm\u00e3 Estela, a professora Terezinha Pimenta de biologia no ensino m\u00e9dio em 1977, lugar ainda onde conheci meu atual marido Marcelo Funghi.Lembrar das aulas de m\u00fasica com a irm\u00e3 Maria Jos\u00e9, a equipe de handball que faz\u00edamos parte e nossos amigos que at\u00e9 hoje s\u00f3 lembramos os apelidos, chocante, Maranh\u00e3o, formiga, monga, que saudades!!<\/div><div>\u00a0<\/div><hr \/><p>\u00a0<\/p><p><strong>De:\u00a0<\/strong>Lucas Brand\u00e3o<\/p><div class=\"notanter-detalhe\" style=\"padding-left: 40px;\">Fui aluno do Pio X em 1997. Uma \u00f3tima escola. Amizades que jamais esquecerei. Grato a tudo e a todos dessa escola maravilhosa.<\/div><div>\u00a0<\/div><hr \/><p>\u00a0<\/p><p><strong>De:\u00a0<\/strong>Almir Meira Alves<\/p><div class=\"notanter-detalhe\" style=\"padding-left: 40px;\">Como \u00e9 bom relembrar do Pio X e dos bons 8 anos que passei por a\u00ed, entre 1983 e 1990&#8230;.no Pio, fiz grandes amigos, que conservo at\u00e9 hoje (Castilho, Fabio Moroz, Renato Jord\u00e3o, Marcelo Minutti, Eduardo Leit\u00e3o, Rub\u00e3o, \u00c9rica Ferrari, Paula Dami\u00e3o, Cristiane)&#8230;al\u00e9m dos inesquec\u00edveis professores (H\u00e9lio, Tadeu, Mario Bross, Eliete 1 e Eliete 2 de Educa\u00e7\u00e3o F\u00edsica), professoras Luzia, Eleni, Vera Lucia&#8230;.irm\u00e3 Maura Moreira, irm\u00e3 Noemi, irm\u00e3 Maria Jos\u00e9&#8230;..todos, sem exce\u00e7\u00e3o, ajudaram na minha forma\u00e7\u00e3o&#8230;seja como cidad\u00e3o, profissional, de car\u00e1ter, de conte\u00fado.<br \/>Hoje, pegando o exemplo deixado por todos eles, sou professor, coordenador de Fatec, Engenheiro, Mestrado em Tecnologia&#8230; acho que muito desse gosto pelo estudo veio do Pio X, uma escola inesquec\u00edvel, que muda vida e transforma as pessoas&#8230; muitas saudades!!!<\/div><div>\u00a0<\/div><hr \/><p>\u00a0<\/p><p><strong>De:\u00a0<\/strong>Thiago Silva Pereira<\/p><div class=\"notanter-detalhe\" style=\"padding-left: 40px;\">Estudei no famoso &#8220;Pio dez&#8221; da segunda at\u00e9 a quinta s\u00e9rie, acho que a partir de 94. Lembro tamb\u00e9m do querido &#8220;Mario Bros&#8221; de Ed. F\u00edsica, do professor Leonardo e seus testes de Cooper, da professora Noemi de ci\u00eancias, Roseli na 2a s\u00e9rie, da minha professora preferida F\u00e1tima na 3.a s\u00e9rie, da R\u00fabia e Maria Cristina na quarta, e do melhor professor de matem\u00e1tica que eu j\u00e1 vi Pedro Luciano. Da Giovanna de portugu\u00eas na quinta s\u00e9rie, e claro, do bus\u00e3o do Gerson!!! Lembro TB da irm\u00e3 Maura e Maria Jos\u00e9. Foram bons tempos. E a m\u00e9dia de 7. Me fez ser um \u00f3timo estudante! Hoje sou formado na USP em administra\u00e7\u00e3o e trabalho e vivo na Alemanha. Guardo \u00f3timas lembran\u00e7as dessa escola!<\/div><div>\u00a0<\/div><div>\u00a0<\/div><div><hr \/><\/div><div>\u00a0<\/div><p><strong>De:\u00a0<\/strong>Janaina Silva de Farias<\/p><div class=\"notanter-detalhe\" style=\"padding-left: 40px;\">Saudades desse col\u00e9gio maravilhoso. Foi a\u00ed em que eu aprendi valores que carrego at\u00e9 hoje em minha vida. Sou m\u00e3e, Professora, Psicopedagoga e trago comigo lembran\u00e7as inesquec\u00edveis do Instituto S\u00e3o Pio X. Ingressei no Instituto em 1986 no primeiro ano do ensino fundamental e sa\u00ed em 1990. Saudade do escolar Snoopy e do Sr. Ant\u00f4nio que fizeram parte da minha vida nesse per\u00edodo.<\/div><div>\u00a0<\/div><div><hr \/><\/div><div>\u00a0<\/div><div>\u00a0<\/div><p><strong>De:\u00a0<\/strong>Alexandre de Oliveira Kikuchi<\/p><div class=\"notanter-detalhe\" style=\"padding-left: 40px;\">Frequentei esta institui\u00e7\u00e3o entre 1976 e 1981. Me lembro das turmas perfiladas antes do in\u00edcio das aulas onde faz\u00edamos as ora\u00e7\u00f5es, cant\u00e1vamos o hino nacional para depois adentrarmos nas salas de aula. Nesta \u00e9poca tinha entre 6 e 10 anos. Adorava as festas juninas, o cachorro quente delicioso das irm\u00e3s que tinha um sabor especial. Ahhh&#8230; tinha as gincanas, onde meus pais participavam como membros que ajudavam a coletar prendas para as barracas. Meus irm\u00e3os todos tamb\u00e9m estudaram neste maravilhoso col\u00e9gio. Recordo que tinha um pouco de medo da irm\u00e3 Maura por\u00e9m adorava sorriso escancarado dela. Fiz parte de um dos primeiros corais junto com meu irm\u00e3o. Ahhh que saudade. Minha primeira professora foi a irm\u00e3 Carla (Jardim da Inf\u00e2ncia), em seguida a irm\u00e3 Aparecida (Pr\u00e9), depois primeira professora n\u00e3o freira, professora Silvana (primeira s\u00e9rie), professora Miriam (segunda s\u00e9rie), professora Ad\u00e9lia (terceira s\u00e9rie) e professora Maria In\u00eas (quarta s\u00e9rie).<br \/>Hoje sou bacharel em &#8220;Ci\u00eancias Econ\u00f4micas&#8221;, Tecn\u00f3logo em &#8220;An\u00e1lise de Sistemas&#8221;, e me descobri no com\u00e9rcio.<br \/>Obrigado Instituto S\u00e3o Pio X por ajudar a forjar meu car\u00e1ter e meus valores, al\u00e9m da minha f\u00e9 em Deus!<\/div><div>\u00a0<\/div><div><hr \/><\/div><div>\u00a0<\/div><div>\u00a0<\/div><p><strong>De:\u00a0<\/strong>Marcelo da Silva Frudeli<\/p><div class=\"notanter-detalhe\" style=\"padding-left: 40px;\">Fui aluno do Instituto de 1978 a 1985. Tenho as melhores recorda\u00e7\u00f5es do Col\u00e9gio e das Irm\u00e3s: Maura, Zaira e Moemi. A minha forma\u00e7\u00e3o escolar foi melhor no Pio X.<\/div><div>\u00a0<\/div><div><hr \/><\/div><div>\u00a0<\/div><p><strong>De:\u00a0<\/strong>Amanda Ang\u00e9lica da Silva<\/p><div class=\"notanter-detalhe\" style=\"padding-left: 40px;\">Estudei no Pio X acredito que de 1988 a 1991 no prim\u00e1rio. Lembro com muita alegria de todas as irm\u00e3s, da irm\u00e3 Maura e das minhas professoras que sempre foram muito carinhosas. Saudades grande desta \u00e9poca!<\/div><div>\u00a0<\/div><div><hr \/><\/div><div>\u00a0<\/div><p><strong>De:\u00a0<\/strong>Fernanda Mendes<\/p><div class=\"notanter-detalhe\" style=\"padding-left: 40px;\">Um col\u00e9gio para a vida.<\/div><div>\u00a0<\/div><div>\u00a0<\/div><div><hr \/><\/div><div>\u00a0<\/div><p><strong>De:\u00a0<\/strong>Regiane Akie Uehara<\/p><div class=\"notanter-detalhe\" style=\"padding-left: 40px;\">Nossa, quantas saudades eu sinto desta escola. Entrei por volta de 1993, sei que fiz o pre at\u00e9 a conclus\u00e3o em 2005. Serei grata por cada um que fez parte da minha vida. Professores, coordenadoras, a irm\u00e3 Maria Jos\u00e9. Lembro me como se fosse ontem, minha primeira s\u00e9rie com a professora Fabiana. Segunda s\u00e9rie com a irm\u00e3 da prof Fabiana, a Vanessa&#8230; quantas saudades. Quantas lembran\u00e7as. De cada prof(a). Muito obrigada por tudo.<br \/>Uma grande fam\u00edlia essa escola.<\/div><div>\u00a0<\/div><div><hr \/><\/div><div>\u00a0<\/div><div>\u00a0<\/div><p><strong>De:\u00a0<\/strong>Tamares Rosa<\/p><div class=\"notanter-detalhe\" style=\"padding-left: 40px;\">Tenho grandes lembran\u00e7as vividas no Pio X, que nunca sair\u00e3o do meu cora\u00e7\u00e3o.<br \/>Serei eternamente grata \u00e0 todas as pessoas conheci, desde os mestres, colaboradoras e amigos.<br \/>Foram muitos ensinamentos que levarei para sempre comigo.<br \/>A gera\u00e7\u00e3o de 90 at\u00e9 2002 da Fam\u00edlia Rosa passou pelo PIO X, pela Irm\u00e3 Maria Jos\u00e9, Coord. Laura, Coord. Cristina&#8230; os professores&#8230; enfim!! Muita saudade e gratid\u00e3o por tudo que vivi no PIO X.<br \/>Um beijo grande e um abra\u00e7o forte \u00e0 todos.<br \/>Voc\u00eas moram no meu cora\u00e7\u00e3o.<br \/>Tamares Rosa &#8211; Formanda 2008<\/div><div>\u00a0<\/div><div><hr \/><\/div><div>\u00a0<\/div><p><strong>De:\u00a0<\/strong>S\u00f4nia Regina de Oliveira<\/p><div class=\"notanter-detalhe\" style=\"padding-left: 40px;\">\u00c9 com muita saudade e orgulho em ter feito parte desta institui\u00e7\u00e3o maravilhosa na d\u00e9cada de 70. Recorda\u00e7\u00f5es da Irm\u00e3 Maura, Irm\u00e3 Joseane e da D. Nair. Saudades. Vou sempre me lembrar desta fase linda da minha vida.<\/div><div>\u00a0<\/div><div><hr \/><\/div><div>\u00a0<\/div><p><strong>De:\u00a0<\/strong>Carlos Eduardo Galan Sanches<\/p><div class=\"notanter-detalhe\" style=\"padding-left: 40px;\">Queria agradecer por ter feito parte dessa hist\u00f3ria tb, estudei dos anos de 87 a 94 nesse col\u00e9gio e foram anos maravilhosos.<br \/>Sou o Filho mais velho do Professor Lucio de Educa\u00e7\u00e3o F\u00edsica (muitos o conhecem) Mario Bross !! rsrs&#8230;<br \/>Esse col\u00e9gio ficou marcado em minha vida, hoje al\u00e9m de Engenheiro tb sou professor e muito aprendi nesse col\u00e9gio. Como era gostoso estudar a\u00ed, como era organizado e maravilhoso em todos os sentidos.<br \/>Lembran\u00e7a especial dos professores: Luzia ( Hist\u00f3ria ) , Car\u00e3o de Portugu\u00eas, Tadeu, Leonardo, as Elietes, e o que falar do Silvinho e da Noemia !! Sem palavras aprendi demais com vcs !<br \/>Deus os aben\u00e7\u00f5e e retribua todo o carinho conosco enquanto nos ensinavam !<br \/>Lembran\u00e7a especial das irm\u00e3s: irm\u00e3 Noemi, irm\u00e3 Maura, irm\u00e3 Maria Jos\u00e9, e n\u00e3o poderia deixar de mencionar a Irm\u00e3 Julieta!<br \/>Saudade imensa !!<br \/>Parab\u00e9ns ISPX !!<br \/>Uma escola com um ensino excelente !!!<\/div><div>\u00a0<\/div><div><hr \/><\/div><div>\u00a0<\/div><div>\u00a0<\/div><p><strong>De:\u00a0<\/strong>Carolina Brito Asenjo Blanco<\/p><div class=\"notanter-detalhe\" style=\"padding-left: 40px;\">Estudei da segunda s\u00e9rie at\u00e9 a oitava (1994 a 2000). Foi a melhor \u00e9poca da minha vida&#8230; se deixasse, eu durmia na escola de tanto que gostava. Me sentia em casa e acolhida. Agrade\u00e7o a todos os professores e as irm\u00e3s. A\u00ed aprendi muitos dos valores que tenho hoje. Morro de saudades.<\/div><div>\u00a0<\/div><div>\u00a0<\/div><div><hr \/><\/div><div>\u00a0<\/div><div>\u00a0<\/div><p><strong>De:\u00a0<\/strong>Davi C\u00e9sar de Freitas Filho<\/p><div class=\"notanter-detalhe\" style=\"padding-left: 40px;\">Queria agradecer a tudo que me fizeram principalmente a Professora Luciana que em 2.016 era minha professora no Primeiro ano c. Hoje no dia 4 de janeiro de 2019 mando est\u00e1 mensagem. Obrigado e at\u00e9 breve. Pretendo estudar ai no sexto ano.<\/div><div>\u00a0<\/div><div><hr \/><\/div><div>\u00a0<\/div><p><strong>De:\u00a0<\/strong>Paola de Camargo Bendinelli<\/p><div class=\"notanter-detalhe\" style=\"padding-left: 40px;\">Estudei no Pio X desde o pr\u00e9 at\u00e9 a conclus\u00e3o do ensino m\u00e9dio. Me formei em 2014.<br \/>S\u00f3 tenho a agradecer o ensino que tive durante todos esses anos, que foram muito bem recompensados com minha aprova\u00e7\u00e3o na Universidade P\u00fablica sem precisar de cursinho. Uma escola com um ensino excelente sem d\u00favidas!<\/div><div>\u00a0<\/div><div><hr \/><\/div><div>\u00a0<\/div><div>\u00a0<\/div><p><strong>De:\u00a0<\/strong>Priscila Lombardi<\/p><div class=\"notanter-detalhe\" style=\"padding-left: 40px;\">Muita saudade de voc\u00eas irm\u00e3s. Minha diretora querida irm\u00e3 Maura, prof. irm\u00e3 Julieta, irm\u00e3 Noemi. Fui muito feliz, aprendi muito. Hoje gostaria que o tempo voltasse para abra\u00e7\u00e1-las. Gostaria que soubessem que sou profissional do direito e que tudo valeu \u00e0 pena. Estudei at\u00e9 o ano de 1987, quando me formei na 8\u00aa s\u00e9rie. Beijos a todas e muito obrigada.<\/div><div>\u00a0<\/div><div><hr \/><\/div><div>\u00a0<\/div><p><strong>De:\u00a0<\/strong>Catia Luci Gon\u00e7alves Codeceira<\/p><div class=\"notanter-detalhe\" style=\"padding-left: 40px;\">Fui aluna do Col\u00e9gio Instituto S\u00e3o Pio X, tenho muito orgulho de estudar at\u00e9 a oitava s\u00e9rie, saudade gigantesca! Saudade da irm\u00e3 Maura, irm\u00e3 Maria Jos\u00e9 e do ch\u00e1 de boldo RS.<\/div><div>\u00a0<\/div><div><hr \/><\/div><div>\u00a0<\/div><p><strong>De:\u00a0<\/strong>Vinicius Armelin Martins<\/p><div class=\"notanter-detalhe\" style=\"padding-left: 40px;\">Fui aluno do Col\u00e9gio no ano de 1991\/92. Hoje sou professor e vejo que me baseio em muitos dos professores que tive nessa fase que era a mais importante para a forma\u00e7\u00e3o do meu car\u00e1ter; pois estava no Pr\u00e9zinho. Obrigado a todos que fizeram parte dessa \u00e9poca!<\/div><div>\u00a0<\/div><div><hr \/><\/div><div>\u00a0<\/div><div class=\"notanter-detalhe\"><strong>De:\u00a0<\/strong>Milena Martini<\/div><div>\u00a0<\/div><div class=\"notanter-detalhe\" style=\"padding-left: 40px;\">Fugia de casa para ir \u00e0 escola. Cheguei ao Pio X em 1967 e me formei em 1977. Gra\u00e7as \u00e0 forma\u00e7\u00e3o s\u00f3lida oferecida tomei mais gosto ainda pelos estudos e virei cientista como eu queria. Agrade\u00e7o aos meus pais que sempre fizeram quest\u00e3o de me oferecer a melhor educa\u00e7\u00e3o, \u00e0 dire\u00e7\u00e3o da escola e aos queridos professores que me alimentaram de ideias e conceitos: o rigor da geografia da D. L\u00edgia, as palavras de D. Dina, a turbul\u00eancia da matem\u00e1tica, etc. Fui da Equipe de Sa\u00fade na 3a. S\u00e9rie em 1972.<\/div><div>\u00a0<\/div><div><hr \/><\/div><div>\u00a0<\/div><div>\u00a0<\/div><p><strong>De:\u00a0<\/strong>Carlos Eduardo Mazzo<\/p><div class=\"notanter-detalhe\" style=\"padding-left: 40px;\">Fui ex aluno na d\u00e9cada de 80\/ 90. Muito bacana a contribui\u00e7\u00e3o pessoal e t\u00e9cnica. Me lembro da prof. Gilda (hist\u00f3ria).<\/div><div>\u00a0<\/div><div><hr \/><\/div><div>\u00a0<\/div><p><strong>De:\u00a0<\/strong>Leandro M. M. de Figueiredo<\/p><div class=\"notanter-detalhe\" style=\"padding-left: 40px;\">Tive o grande privil\u00e9gio de estudar nesta institui\u00e7\u00e3o na qual me serviu de grande base para minha vida e onde conheci grandes amigos, \u00f3timos professores e orientadores. Nesse ano de 2018, completamos 30 anos da nossa formatura da 8a. s\u00e9rie, foram tempos incr\u00edveis. Temos um grupo no facebook, onde a maioria dessas pessoas j\u00e1 se reencontraram e se algu\u00e9m aqui gostaria de rever aquele velho amigo de inf\u00e2ncia e pr\u00e9 adolesc\u00eancia fique a vontade em participar, deixarei o link aqui. Um grande abra\u00e7o a todos e imensas saudades desse lugar.<br \/><a href=\"https:\/\/www.facebook.com\/groups\/SaoPioX\/\">https:\/\/www.facebook.com\/groups\/SaoPioX\/<\/a><\/div><div>\u00a0<\/div><div><hr \/><\/div><div>\u00a0<\/div><div>\u00a0<\/div><p><strong>De:\u00a0<\/strong>M\u00e1rcia Aparecida Pontes<\/p><div class=\"notanter-detalhe\" style=\"padding-left: 40px;\">Que saudades daquela \u00e9poca. Agrade\u00e7o por tudo que aprendi. Lembro da minha turma e do passeio de formatura para o sul do Brasil em 1984. Minhas professoras e da diretora Irm\u00e3 Maura. Agora minha filha Sophia estuda l\u00e1. Voltei depois de formada e lecionei no Pio X. Outra experi\u00eancia como funcion\u00e1ria. Que Deus aben\u00e7oe voc\u00eas.<\/div><div>\u00a0<\/div><div><hr \/><\/div><div>\u00a0<\/div><div>\u00a0<\/div><p><strong>De:\u00a0<\/strong>Fernando Ivo da Silva<\/p><div class=\"notanter-detalhe\" style=\"padding-left: 40px;\">&#8221; \u00c9 o papa, da eucaristia, \u00e9 o Santo, nosso padroeiro&#8230; cantemos, cantemos, com muita alegria, a hist\u00f3ria de um companheiro. Na alegria, na dor, olhai por n\u00f3s, S\u00c3O PIO X, orai por n\u00f3s&#8230; S\u00c3O PIO X, orai por n\u00f3s&#8230;&#8221; Sei que a letra n\u00e3o est\u00e1 correta, mas levo os ensinamentos da escola at\u00e9 hoje. Espero que o ensino continue focado em preparar cidad\u00e3os de bem e n\u00e3o apenas preparar para os vestibulares. Abra\u00e7o \u00e0 todos os funcion\u00e1rios, obrigado por tudo!<\/div><div>\u00a0<\/div><div><hr \/><\/div><div>\u00a0<\/div><div>\u00a0<\/div><p><strong>De:\u00a0<\/strong>Vinicius Boer Bonafini<\/p><div class=\"notanter-detalhe\" style=\"padding-left: 40px;\">Salve Maria! Bendito seja S\u00e3o Pio X e essa institui\u00e7\u00e3o maravilhosa! S\u00e3o nesses tempos escuros da educa\u00e7\u00e3o brasileira que mais me pus a refletir qu\u00e3o aben\u00e7oado fui de ter estudado nesse col\u00e9gio durante 12 anos. Muitas saudades da coordenadora Cristina, prof. Marli, Irm\u00e3 Maria Jos\u00e9; de pular corda nos recreios, das musicas na entrada da aula, da ora\u00e7\u00e3o matinal. Que escola mais incr\u00edvel! Espero um dia voltar para matar as saudades, e aguardo em Cristo que mais escolas cat\u00f3licas assim sejam fundidas. Forte abra\u00e7o, que Cristo, que \u00e9 a Luz, nos guie eternamente.<\/div><div>\u00a0<\/div><div><hr \/><\/div><div>\u00a0<\/div><p><strong>De:\u00a0<\/strong>Jamile Campos<\/p><div class=\"notanter-detalhe\" style=\"padding-left: 40px;\">Estudei no Pio X por 7 anos, foi um dos melhores anos de escola da minha vida e percebi isso quando tive que trocar de escola. Nenhuma escola se compara ao Pio, a tudo que ele proporciona aos alunos. \u00c0 com enorme saudade que eu me recordo dos professores, das festas, dos treinos a tarde. Hoje estou prestes a me formar em Pedagogia e tor\u00e7o muito para retornar ao Pio, n\u00e3o mais como aluna mas sim como uma funcion\u00e1ria desta escola maravilhosa e fazer a diferen\u00e7a na vida de crian\u00e7as e alunos que tiverem a oportunidade de estudar nesta escola.<\/div><div>\u00a0<\/div><div>\u00a0<\/div><div><hr \/><\/div><div>\u00a0<\/div><p><strong>De:\u00a0<\/strong>Agatha Padilha<\/p><div class=\"notanter-detalhe\" style=\"padding-left: 40px;\">Sinto muita falta de estudar no Pio X, eu estudei desde do Maternal at\u00e9 o 5 ano. Como eu queria voltar a estudar no Pio X.<\/div><div>\u00a0<\/div><div><hr \/><\/div><div>\u00a0<\/div><p><strong>De:\u00a0<\/strong>Gildalice<\/p><div class=\"notanter-detalhe\" style=\"padding-left: 40px;\">Foi aluna em 1969, lembro-me da minha primeira professora a a Irm\u00e3 Daniela. Tenho muitas recorda\u00e7\u00f5es dessa \u00e9poca maravilhosa da minha inf\u00e2ncia. Todas as manh\u00e3 os alunos ficavam em fila no p\u00e1tio para as ora\u00e7\u00f5es e \u00edamos para a sala de aula em perfeita ordem, foi muito marcante em minha vida.<\/div><div>\u00a0<\/div><div><hr \/><\/div><div>\u00a0<\/div><p><strong>De:\u00a0<\/strong>Fab\u00edola Luz de Mello Jurado<\/p><div class=\"notanter-detalhe\" style=\"padding-left: 40px;\">Estudei neste maravilhoso col\u00e9gio de 1983 at\u00e9 1994. Tenho saudades de tudo e de todos. A Irm\u00e3 que eu mais amava, era a Irm\u00e3 Albertina, a qual eu atormentei porque eu gostaria que ela comparecesse ao meu anivers\u00e1rio de 6 anos. Meu pai se responsabilizou pela Irm\u00e3 e ela compareceu. Fiquei maravilhada com a presen\u00e7a dela e levarei esta recorda\u00e7\u00e3o para o resto da minha vida &#8230;<\/div><div>\u00a0<\/div><div><hr \/><\/div><div>\u00a0<\/div><p><strong>De:\u00a0<\/strong>Catarina Moreira Concei\u00e7\u00e3o<\/p><div class=\"notanter-detalhe\" style=\"padding-left: 40px;\">J\u00e1 faz 3 anos que sai sinto muito falta da melhor educa\u00e7\u00e3o que j\u00e1 vi. Quem est\u00e1 nessa escola ainda tem muita sorte &#8230;<\/div><div>\u00a0<\/div><div><hr \/><\/div><div>\u00a0<\/div><div>\u00a0<\/div><p><strong>De:\u00a0<\/strong>Glaucia Pimenta Barufi Coeli<\/p><div class=\"notanter-detalhe\" style=\"padding-left: 40px;\">Sinto muito orgulho de ter estudado no PIO X &#8230;<\/div><div>\u00a0<\/div><div><hr \/><\/div><div>\u00a0<\/div><div>\u00a0<\/div><p><strong>De:\u00a0<\/strong>Marcus Vinicius da Costa Fagundes<\/p><div class=\"notanter-detalhe\" style=\"padding-left: 40px;\">Sempre lembro com carinho dessa escola na qual frequentei por um curto per\u00edodo de tempo. S\u00e3o lembran\u00e7as vagas mas significativas: a Irm\u00e3 Maura, que na \u00e9poca era a diretora da escola, sempre acompanhando de perto os alunos; Irm\u00e3 Albertina, educada e atenciosa. Foi uma fase da minha inf\u00e2ncia que guardo at\u00e9 hoje no cora\u00e7\u00e3o .Estudei na d\u00e9cada de 80. N\u00e3o lembro a turma e a s\u00e9rie, mas gostaria de alguma recorda\u00e7\u00e3o &#8230;<\/div><div>\u00a0<\/div><div><hr \/><\/div><div>\u00a0<\/div><p><strong>De:\u00a0<\/strong>Carlos Alberto Alexandre<\/p><div class=\"notanter-detalhe\" style=\"padding-left: 40px;\">Bons tempos aqueles em que estudamos no Pio X &#8230;<br \/>Ir Maura, Ir Audina, Ir Josiane, Ir Ver\u00f4nica, Ir M\u00f4nica, Ir Bevenuta, Ir Barnab\u00e9, Ir Zaira, Dona L\u00edgia, Dona Dina &#8230;<br \/>Meu Deus, quantas saudades &#8230;<\/div><div>\u00a0<\/div><div><hr \/><\/div><div>\u00a0<\/div><div>\u00a0<\/div><p><strong>De:\u00a0<\/strong>M\u00e1rcia Alessandra Vidic Belis\u00e1rio<\/p><div class=\"notanter-detalhe\" style=\"padding-left: 40px;\">Lembro de tudo como se fosse ontem,estudava no per\u00edodo da manh\u00e3 e ia fazer trabalhos em grupo na Biblioteca com os amigos no contraturno, agregou valores em minha vida e que atualmente repasso para meus alunos.<br \/>Gratificante!!!!<br \/>Lembro da nossa viagem para o Sul&#8230;GUARDAREI TUDO NO CORA\u00c7\u00c3O, POIS FOI NO Pio que aprendi ser uma cidad\u00e3 do bem. Muito grata por tudo.<\/div><div>\u00a0<\/div><div><hr \/><\/div><div>\u00a0<\/div><p><strong>De:\u00a0<\/strong>Renan Torres Bandeira<\/p><div class=\"notanter-detalhe\" style=\"padding-left: 40px;\">Estudei ai da 1\u00aa at\u00e9 a 6\u00aa s\u00e9rie, n\u00e3o d\u00e1 pra descrever a saudade que tenho desse lugar.<br \/>Quero que meus filhos estudem ai um dia, quando os tiver.<\/div><div>\u00a0<\/div><div><hr \/><\/div><div>\u00a0<\/div><p><strong>De:\u00a0<\/strong>Erika Cintia Kulas<\/p><div class=\"notanter-detalhe\" style=\"padding-left: 40px;\">Estudei no Pio X nos anos 80, estudei do pr\u00e9 a 8a s\u00e9rie. Foram os melhores anos na minha vida. Lembro com muita saudades de todos professores e amigos. Nunca esque\u00e7o das feiras de ci\u00eancias, dos intervalos, at\u00e9 das excurs\u00f5es que fizemos na \u00e9poca ao PlayCenter. Recordo com muita saudades e carinho de todos os professores e de todas as irm\u00e3s. Posso citar alguns nomes: Prof. Pedro Luciano, excelente professor de matem\u00e1tica, Prof.a. Luzia (Hist\u00f3ria), Prof.a. Lia (Ingl\u00eas), Prof.a Eliete (Ed.F\u00edsica), Ir. Madalena, Ir. Juscelita, Ir. Julieta, Ir. Maria Jos\u00e9, Ir. Noemi, Ir. Maura. Agrade\u00e7o imensamente por ter feito parte desta fam\u00edlia. Saudades e saudades..<\/div><div>\u00a0<\/div><div><hr \/><\/div><div>\u00a0<\/div><p><strong>De:\u00a0<\/strong>Marcus Vinicius da Costa Fagundes<\/p><div class=\"notanter-detalhe\" style=\"padding-left: 40px;\">Estudei nesta renomada institui\u00e7\u00e3o escolar na d\u00e9cada de 80 , s\u00f3 tenho boas recorda\u00e7\u00f5es &#8230;.<br \/>Lembro das irm\u00e3s Maura e Albertina &#8230; dentre outras.<\/div><div>\u00a0<\/div><div><hr \/><\/div><div>\u00a0<\/div><p><strong>De:\u00a0<\/strong>Rui Cesar Farias dos Santos<\/p><div class=\"notanter-detalhe\" style=\"padding-left: 40px;\">Fiz parte das primeiras turmas do Col\u00e9gio Pio X. Na constru\u00e7\u00e3o do Col\u00e9gio faz\u00edamos coleta de prendas e doa\u00e7\u00f5es no Jardim das Flores, e adjac\u00eancias. Trabalhos manuais, cantina com balas feito pelas freiras, e a inesquec\u00edvel irm\u00e3 Maura. Muito orgulho ter participada desta fam\u00edlia e muita alegria de ver a hist\u00f3ria deste col\u00e9gio. Ah! Ia me esquecendo quando ia chegando o hor\u00e1rio do almo\u00e7o o cheiro da cozinha ia direto para as salas de aula. A fome aumentava&#8230;<\/div><div>\u00a0<\/div><div><hr \/><\/div><div>\u00a0<\/div><p><strong>De:\u00a0<\/strong>Jos\u00e9 Marcelo Leite<\/p><div class=\"notanter-detalhe\" style=\"padding-left: 40px;\">Deus me concedeu a gra\u00e7a de estudar no Instituto S\u00e3o Pio X nos anos de 1986, 1987 e 1988. Jamais me esquecerei da Irm\u00e3 Julieta Cesconeto, minha orientadora espiritual e vocacional. O que recebi no Pio X me acompanha at\u00e9 hoje. Fui para o Semin\u00e1rio, quase me ordenei Padre, mas fiz um discernimento vocacional na \u00e9poca e sa\u00ed. Casei-me e hoje eu, minha esposa e meus filhos servimos a Deus na Comunidade Paroquial onde moramos. Sempre falo para os meus filhos do Pio X, uma Escola excelente. Se eu ainda morasse em S\u00e3o Paulo, gostaria muito que eles conhecessem o Pio X. Saudades do Professor de Matem\u00e1tica Pedro Luciano, nunca mais vi um professor de matem\u00e1tica como ele. Saudades das Irm\u00e3s Maura, Noemi, Maria Jos\u00e9, Zaira, Jana\u00edna, Juscelita e da minha querida Irm\u00e3 Julieta, que creio \u00e9 nossa intercessora l\u00e1 no c\u00e9u. A todos voc\u00eas um grande abra\u00e7o.<\/div><div>\u00a0<\/div><div><hr \/><\/div><div>\u00a0<\/div><p><strong>De:\u00a0<\/strong>Isabella Hon\u00f3rio Ferraz<\/p><div class=\"notanter-detalhe\"><p style=\"padding-left: 40px;\">Guardo s\u00f3 lembran\u00e7as maravilhosas de quando eu estudava nessa escola maravilhosa. Me lembro como os professores, as irm\u00e3s e os coordenadores eram atenciosos com os alunos, me lembro como fosse ontem. Hoje e todos os dias da minha vida estarei grata pelo o que eu recebi no Instituto S\u00e3o Pio X. Obrigada, muito obrigada!!!<\/p><\/div><hr \/><p>\u00a0<\/p><p><strong>De:\u00a0<\/strong>Rosalyn Tavitian<\/p><div class=\"notanter-detalhe\" style=\"padding-left: 40px;\">Estudei no Pio X de 1986 a 1997.<br \/>N\u00e3o existe em Osasco ensino igual. Quando eu tiver meus filhos a educa\u00e7\u00e3o deles ser\u00e1 no Instituto S\u00e3o Pio X. Saudades dessa \u00e9poca!<\/div><div>\u00a0<\/div><div><hr \/><\/div><div>\u00a0<\/div><p><strong>De:\u00a0<\/strong>Antonio Carlos Ar\u00e3o<\/p><div class=\"notanter-detalhe\"><p style=\"padding-left: 40px;\">Estudei no Pio X no periodo 84 a 89. Conhecido pelo apelido de BEA. Sinto muito saudades da galera daquela \u00e9poca: professores \u00c9lio Ed. fisica, Elite, as Irm\u00e3s, o Gerson do \u00f4nibus escolar. Espero voltar um dia para rever o col\u00e9gio que tanto me fez ser uma pessoa do bem. Abra\u00e7os a todos. Fiquem com Deus.<\/p><\/div><hr \/><p>\u00a0<\/p><p><strong>De:<\/strong>\u00a0Magali M Motta<\/p><div class=\"notanter-detalhe\" style=\"padding-left: 40px;\">Estudei no ISPX apenas 2 anos 1977 e 1978 (quando me formei), mas guardo como uma das melhora \u00e9pocas da minha vida, tenho muitas saudades de todas as amizades que fiz e professores que me orientaram.<\/div><div>\u00a0<\/div><div><hr \/><\/div><div>\u00a0<\/div><p><strong>De:<\/strong>\u00a0Flavia Castilho<\/p><div class=\"notanter-detalhe\" style=\"padding-left: 40px;\">Estudei no Pio de 88 a 94. Doce Irm\u00e3 Madalena, Irm\u00e3 Maura, Irma Penha, Irm\u00e3 Julieta, Irm\u00e3 Noemi. Professora Regina, Luzia, Sonia, Eliete&#8230; Seis anos depois voltei como aspirante e postulante. Tantas amizades, uma hist\u00f3ria incr\u00edvel. Per\u00edodo que amadureci muito. Irm\u00e3s que marcaram minha vida para sempre. Grandes lembran\u00e7as. Daqui seis anos espero colocar minha filha para estudar nesta institui\u00e7\u00e3o t\u00e3o honrosa e de grandes valores.<\/div><div>\u00a0<\/div><div><hr \/><\/div><div>\u00a0<\/div><p><strong>De:<\/strong>\u00a0Claudia Barronca<\/p><div class=\"notanter-detalhe\" style=\"padding-left: 40px;\">Estudei no Pio no per\u00edodo de 79 a 86 e, embora tenham-se passado muitos anos , parece que foi ontem!<br \/>E quantas saudades a leitura de todos esses depoimentos me trazem!<br \/>Que alegria perceber a diferen\u00e7a que os valores que nos foram passados, fizerem na minha vida!<br \/>Guardo com muuuiiitttooo carinho a lembran\u00e7a de todos os meus professores queridos. E mais especialmente da Cida Venseguerra, que foi quem me ensinou a ler; da doce irm\u00e3 Julieta e da engra\u00e7ada irm\u00e3 Maria Jos\u00e9; da irm\u00e3 Maura e da alegr e irm\u00e3 Albertina, do H\u00e8lio de Educa\u00e7\u00e3o F\u00edsica &#8230;<br \/>S\u00f3 tenha a agradecer a essa institui\u00e7\u00e3o! Valeu PioX!!!!!<\/div><div>\u00a0<\/div><div><hr \/><\/div><div>\u00a0<\/div><p><strong>De:<\/strong>\u00a0Claudemir Valentim dos Santos<\/p><div class=\"notanter-detalhe\" style=\"padding-left: 40px;\">Estudei no Pio X de 1985 \u00e0 1995, entrei com tr\u00eas anos e meio, fiz o pr\u00e9 I, pr\u00e9 II e segui at\u00e9 a oitava s\u00e9rie. Lembro muito da irm\u00e3 Madalena, lembro do viveiro de p\u00e1ssaro que tinha dentro da escola e eu ficava encantado. Com certeza uns dos melhores col\u00e9gio de Osasco, pela estrutura e pela metodologia de ensino.<\/div><div>\u00a0<\/div><div><hr \/><\/div><div>\u00a0<\/div><p><strong>De:<\/strong>\u00a0Professora Aparecida<\/p><div class=\"notanter-detalhe\" style=\"padding-left: 40px;\">Estudei do jardim ao gin\u00e1sio normal. Iniciei o cient\u00edfico e parei. Eu n\u00e3o queria ser professora. Com o passar dos anos, me apaixonei por matem\u00e1tica, trabalhei anos depois e passei a ser coord. de escola. Hoje estou na SEMED. Obrigado, Pai do c\u00e9u, por eu ter sido educada neste COL\u00c9GIO. Que DEUS aben\u00e7\u00f5e todos.<\/div><div>\u00a0<\/div><div><hr \/><\/div><div>\u00a0<\/div><p><strong>De:<\/strong>\u00a0Anabele Navarro<\/p><div class=\"notanter-detalhe\" style=\"padding-left: 40px;\">Felicidade \u00e9 relembrar os momentos que tive nesse excelente col\u00e9gio, estudei de 1981 a 1991 e devo uma boa parte do que sou a tudo que aprendi e vivi nesse lugar. N\u00e3o digo s\u00f3 a n\u00edvel de conhecimento e de aprendizado, mas tb a valores como car\u00e1ter, \u00e9tica, educa\u00e7\u00e3o. Hoje sou Assistente Social e agrade\u00e7o aos meus pais por terem essa iniciativa de me colorarem num col\u00e9gio que contribuiu demais na minha vida. Saudades de tudo que vivi a\u00ed, at\u00e9 mesmo das broncas rs. e claro das irm\u00e3s: Maura, Maria Jos\u00e9, Julieta, Madalena etc. Um grande abra\u00e7o.<\/div><div>\u00a0<\/div><div><hr \/><\/div><div>\u00a0<\/div><p><strong>De:<\/strong>\u00a0Fabio Marques Guimar\u00e3es<\/p><div class=\"notanter-detalhe\" style=\"padding-left: 40px;\">Caramba&#8230;. \u00e9 a primeira vez que escrevo de uma escola onde estudei, e vou falar logo da minha primeira escola.<br \/>Estudei no Pio X no per\u00edodo de 1986 \u00e0 1992, dois per\u00edodos importantes na minha vida, j\u00e1 que sempre quando lembro do ano de 86, lembro da Copa do Mundo do M\u00e9xico, e do ano de 92, lembro das Olimp\u00edadas de Barcelona.<br \/>Bom, hoje sou ge\u00f3grafo, professor de Geografia, e tenho certeza que o Prof. Melchior tem grande participa\u00e7\u00e3o na minha escolha na profiss\u00e3o, na qual a Geografia estava passando por um momento de menos &#8220;decoreba&#8221; e mais pensamento e &#8220;criticidade&#8221;.<br \/>Tenho boas lembran\u00e7as dessa escola, e escrevendo esse depoimento, penso em colocar a minha filha nessa escola, porque 50% do que sou hoje, essa escola fez parte, os outros 50% foram meus pais que foram espertos e me colocaram nessa escola.<br \/>Foi uma \u00e9poca muito dif\u00edcil de nossas vidas, onde meus pais juntavam quase todo o pagamento do m\u00eas para poder pagar a mensalidade, em dia, dizendo que valia a pena&#8230;.. Realmente valeu!<br \/>Obrigado a todos! Boa sorte na vida de todos voc\u00eas e que Deus aben\u00e7oe a todos! &#8220;<\/div><div>\u00a0<\/div><div><hr \/><\/div><div>\u00a0<\/div><p><strong>De:<\/strong>\u00a0Julya bortolo dos Santos<\/p><div class=\"notanter-detalhe\" style=\"padding-left: 40px;\">Agrade\u00e7o a todos pelo carinho e pelo amor que recebi enquanto estava nessa escola .<br \/>Estudar nessa escola foi a melhor coisa pois foi l\u00e1 que aprendi que para aprender n\u00e3o tem segredo apenas amor e dedica\u00e7\u00e3o .<br \/>Adoro esse col\u00e9gio !<\/div><div>\u00a0<\/div><div><hr \/><\/div><div>\u00a0<\/div><p><strong>De:<\/strong>\u00a0Romero Romulo<\/p><div class=\"notanter-detalhe\" style=\"padding-left: 40px;\">Quero agradecer por estudar ai<\/div><div>\u00a0<\/div><div><hr \/><\/div><div>\u00a0<\/div><p><strong>De:<\/strong>\u00a0Daniel Montenegro Prado Lopes<\/p><div class=\"notanter-detalhe\" style=\"padding-left: 40px;\">Afirmo, sem sombra de d\u00favidas, que estudar nesse col\u00e9gio foi o diferencial em minha vida pois me deu bases s\u00f3lidas para tudo o que veio depois.<br \/>Dentro dessas paredes eu cantei, chorei, ri mas principalmente fiz amigos para uma vida inteira.<br \/>Obrigado por tudo!<\/div><div>\u00a0<\/div><div><hr \/><\/div><div>\u00a0<\/div><p><strong>De:<\/strong>\u00a0Welligton Mendes dos Santos<\/p><div class=\"notanter-detalhe\" style=\"padding-left: 40px;\">Estudei nessa escola da primeira s\u00e9rie ate sexto ano, em 1990. Hoje sou um homem realizado. Obrigado !!!<\/div><div>\u00a0<\/div><div><hr \/><\/div><div>\u00a0<\/div><div>\u00a0<\/div><p><strong>De:<\/strong>\u00a0Michel Moreira Dias<\/p><div class=\"notanter-detalhe\" style=\"padding-left: 40px;\">Muitas saudades do meu tempo de menino em que eu corria por esse p\u00e1tio com meus coleguinhas, tanta energia e felicidade que nem consigo descrever. Hoje meu filho estuda na mesma escola que eu estudei, a escola que eu vivi muitas alegrias e que hoje sinto tanta saudade. Hoje me realizo por poder dar para o meu filho esse presente, o mesmo presente que recebi de meus pais! Nunca esquecerei a felicidade que vivi nessa escola!<\/div><div>\u00a0<\/div><div><hr \/><\/div><div>\u00a0<\/div><p><strong>De:<\/strong>\u00a0Mari\u00e2ngela Silveira (Professora)<\/p><div class=\"notanter-detalhe\" style=\"padding-left: 40px;\">Com muita dor e saudades da Irm\u00e3 Maria Jos\u00e9&#8230;..(Pessoa muito inteligente e carinhosa).<br \/>Infelizmente fiquei sabendo da missa as 16:00 horas, estou muito triste pois n\u00e3o terei mais as minhas conversas t\u00e3o verdadeiras com a Irm\u00e3&#8230;.<br \/>Ela foi uma pessoa muito reveladora, na minha vida&#8230;.<br \/>Muitas saudades e sempre eternas&#8230;.<br \/>Sempre sentirei saudades ,do seu jeitinho&#8230;&#8230;<br \/>Por favor mande meus p\u00easames para todos<\/div><div>\u00a0<\/div><div><hr \/><\/div><div>\u00a0<\/div><p><strong>De:<\/strong>\u00a0Marcelo Alves de Oliveira<\/p><div class=\"notanter-detalhe\" style=\"padding-left: 40px;\">Saudades desta \u00e9poca muito importante da minha vida&#8230;Estudei na na d\u00e9cada de 80&#8230;.prof.\u00aa Gorete..prof\u00ba H\u00e9lio de Educa\u00e7\u00e3o F\u00edsica..Prof\u00ba H\u00e9lio de hist\u00f3ria&#8230;Irm\u00e3 Maura..Noemi..Maria Jos\u00e9..eita saudades&#8230;gra\u00e7as ao bom Deus foi muito aben\u00e7oado aquele tempo&#8230;Que Deus aben\u00e7oe a todos daquela \u00e9poca e os de agora tamb\u00e9m&#8230;fiquem todos na paz do Senhor Jesus!!!<\/div><div>\u00a0<\/div><div><hr \/><\/div><div>\u00a0<\/div><p><strong>De:<\/strong>\u00a0Andreia Fabiane de Godoi Barbosa<\/p><div class=\"notanter-detalhe\" style=\"padding-left: 40px;\">Amo essa escola!! Fez parte de toda minha inf\u00e2ncia e adolesc\u00eancia.<br \/>Entrei na escola na segunda Fase e sa\u00ed na oitava s\u00e9rie, dos 4 anos at\u00e9 os 14 anos&#8230;.Momentos inesquec\u00edveis&#8230;.<\/div><div>\u00a0<\/div><div><hr \/><\/div><div>\u00a0<\/div><p><strong>De:<\/strong>\u00a0Alex Aparecido Pelissari<\/p><div class=\"notanter-detalhe\" style=\"padding-left: 40px;\">Estudei nesse col\u00e9gio entre 1988 at\u00e9 1993, tenho muita vontade de visitar e sentir a sensa\u00e7\u00e3o novamente de quando eu tinha 6 anos. Participei da festa de comemora\u00e7\u00e3o de 25 anos da instituto. A minha apresenta\u00e7\u00e3o foi cultura portuguesa&#8230;<br \/>Saudades infinitas&#8230;<br \/>Espero daqui alguns anos matricular meu filho nessa escola.<\/div><div>\u00a0<\/div><div><hr \/><\/div><div>\u00a0<\/div><p><strong>De:<\/strong>\u00a0Alex Aparecido Pelissari<\/p><div class=\"notanter-detalhe\" style=\"padding-left: 40px;\">Nossa!!! Lembrei de mais algumas coisas&#8230;<br \/>Eu era do \u00f4nibus Snoopy, varias recorda\u00e7\u00f5es, Mauricinho de Jandira, (infelizmente se foi cedo de mais acidente de carro), Felipe, Cacio, Vinicios, Emilly, Helder, Rafaela, Paulinho, Japa da banca de pastel das feiras de Barueri, o Japa do Fujita de Barueri&#8230; meu Deus, quanta saudade&#8230;<br \/>Irm\u00e3 Maura e Maria Jos\u00e9 jamais sair\u00e3o da minha mente, nos intervalos com o sininho na m\u00e3o tocando para organizar as filas, na hora do hino, nas ora\u00e7\u00f5es&#8230;<\/div><div>\u00a0<\/div><div><hr \/><\/div><div>\u00a0<\/div><p><strong>De:<\/strong>\u00a0Regina Valverde<\/p><div class=\"notanter-detalhe\" style=\"padding-left: 40px;\">Estudei em regime de internato entre 1961 e 1967. Tenho poucas lembran\u00e7as e gostaria de fazer contato com algu\u00e9m da \u00e9poca. Faz tempo que penso em dar uma chegada l\u00e1, para tentar reativar a mem\u00f3ria, mas tenho adiado pela falta de tempo. Sei que o Pio X foi relevante na minha forma\u00e7\u00e3o e atualmente,em busca do autoconhecimento terei que deixar a procrastina\u00e7\u00e3o de lado e ir em busca das mem\u00f3rias passadas que n\u00e3o est\u00e3o a n\u00edvel consciente. Se algu\u00e9m da \u00e9poca ver esta postagem e puder me contatar, ficarei grata. Meu e-mail \u00e9: revalverde@hotmail.com<\/div><div>\u00a0<\/div><div><hr \/><\/div><div>\u00a0<\/div><div>\u00a0<\/div><p><strong>De:<\/strong>\u00a0Keli Fabiana Rodrigues<\/p><div class=\"notanter-detalhe\" style=\"padding-left: 40px;\">Ontem tive prazer de visitar a escola e lembrar do tempo que minha maior responsabilidade era acordar cedo participar das aulas!!!<\/div><div>\u00a0<\/div><div><hr \/><\/div><div>\u00a0<\/div><p><strong>De:<\/strong>\u00a0Andr\u00e9 I. N.<\/p><div class=\"notanter-detalhe\" style=\"padding-left: 40px;\">Estudei no col\u00e9gio ISPX na d\u00e9cada de 80.<br \/>Me lembro da prof Cida de matem\u00e1tica que dizia: &#8220;apressado como cru e quente!&#8221;. Se algum dia a prof ver essa mensagem, saiba que nunca me esqueci de voc\u00ea prof.<br \/>Hoje moro no Jap\u00e3o.<\/div><div>\u00a0<\/div><div><hr \/><\/div><div>\u00a0<\/div><p><strong>De:<\/strong>\u00a0Andrea Mattei<\/p><div class=\"notanter-detalhe\" style=\"padding-left: 40px;\">Estudei o Pio X nos anos 80 &#8230;.que saudade daquele tempo.<br \/>Tive um professor de matem\u00e1tica me marcou muito, Prof. Celso. Lembro com saudades das Irm\u00e3s Eulalia e Maria Jose.<br \/>A base que tive neste col\u00e9gio refletiu ao longo da minha vida.<\/div><div>\u00a0<\/div><div><hr \/><\/div><div>\u00a0<\/div><p><strong>De:<\/strong>\u00a0Fabio Zago de Queiroz<\/p><div class=\"notanter-detalhe\" style=\"padding-left: 40px;\">Fabio V. Duarte, estudamos praticamente na mesma \u00e9poca, lembro de algumas pessoas, Marcia Maria Cascais de Carapicu\u00edba, Simone Yamaoka, Antonio Carlos Portugal (jogava muito), Hermes Monteiro Barba, Dimas, Rita de C\u00e1ssia Reis, Ricardo Zago, enfim, que saudades!!!!<br \/>Meu e-mail \u00e9 fabio@hyundaisevec.com.br<\/div><div>\u00a0<\/div><div><hr \/><\/div><div>\u00a0<\/div><p><strong>De:<\/strong>\u00a0Fabio Zago de Queiroz<\/p><div class=\"notanter-detalhe\"><p style=\"padding-left: 40px;\">Estudei no S\u00e3o Pio X de 1973 a 1980, tenho saudades&#8230;Irm\u00e3 Maura, Irm\u00e3 Zaira, Irm\u00e3 Benvenuta&#8230;.<\/p><p style=\"padding-left: 40px;\">Estou desde ent\u00e3o em Curitiba, mas qualquer dia volto para visitar.<\/p><\/div><hr \/><p>\u00a0<\/p><p><strong>De:<\/strong>\u00a0Fabio Figueiredo Alcantara<\/p><div class=\"notanter-detalhe\" style=\"padding-left: 40px;\">Bela festa junina, recordei meu tempo..<\/div><div>\u00a0<\/div><div><hr \/><\/div><div>\u00a0<\/div><p><strong>De:<\/strong>\u00a0Sergio de Lima Marinho<\/p><div class=\"notanter-detalhe\" style=\"padding-left: 40px;\">Estudei em 1974 com a professora Dn Mafalda e 1975 com a professora Dn Rute Vettorazzo. Lembro da Dn Iraci que cuidava no intervalo. Lembro de alguns colegas Mario-Norma, Andr\u00e9, Silvana, Mauricio, Cristina, duas irm\u00e3s Rosa e Maria das Gracas, Leonor e seu primo Cesar. Poderiamos reunir a todos.<\/div><div>\u00a0<\/div><div><hr \/><\/div><div>\u00a0<\/div><p><strong>De:<\/strong>\u00a0Patr\u00edcia Decarli<\/p><div class=\"notanter-detalhe\" style=\"padding-left: 40px;\">Eu agrade\u00e7o todos os dias por ter estudando no Pio X, me formei no colegial em 2003.<br \/>Entrei na segunda s\u00e9rie.<br \/>Al\u00e9m do estudo acad\u00eamico que o Pio X, oferece a forma\u00e7\u00e3o religiosa e \u00e9tica contribu\u00edram muito na minha personalidade. Sempre que vejo minha afilhada de 12 anos, fazendo algo que n\u00e3o deve, comento com ela: essa rebeldia \u00e9 porque voc\u00ea n\u00e3o teve uma m\u00e3e como a minha, com o complemento de educa\u00e7\u00e3o da Irm\u00e3 Maria Jos\u00e9 e sua equipe. Educar \u00e9 amar, acolher e impor limites. Eu sou muito aben\u00e7oada por ter tido os menos princ\u00edpios em casa que foram complementados por voc\u00eas. Que Deus continue iluminando a miss\u00e3o de voc\u00eas.<\/div><div>\u00a0<\/div><div><hr \/><\/div><div>\u00a0<\/div><p><strong>De:<\/strong>\u00a0Vivian Lucia de Souza<\/p><div class=\"notanter-detalhe\" style=\"padding-left: 40px;\">Estudei no Pio desde 79 at\u00e9 89 quando me formei. Ainda me lembro da formatura, foi no antigo Rhapsody Club. Tenho saudades daquela \u00e9poca. Hoje tenho o previl\u00e9gio de rever a irm\u00e3 Maria Jos\u00e9 e a irm\u00e3 Noemi na missa aos domingos. Obrigada pela acolhida e por todos os ensinamentos que me guiam at\u00e9 hoje. Atualmente sou casada e tenho dois lindos filhos que s\u00e3o a minha vida. Meu filho mais velho estuda com o filho da professora Eliete de educa\u00e7\u00e3o f\u00edsica no Albert Sabin. A vida d\u00e1 muitas voltas n\u00e3o \u00e9 mesmo ? E conheci dois padres onde frequento \u00e0s missas que estudaram no Pio: o Pe.J\u00falio e o Pe.C\u00e1ssio. Isso \u00e9 muito legal. Fiquem com Deus. Um grande abra\u00e7o a todos.<\/div><div>\u00a0<\/div><div><hr \/><\/div><div>\u00a0<\/div><p><strong>De:<\/strong>\u00a0Vivian Lucia de Souza<\/p><div class=\"notanter-detalhe\" style=\"padding-left: 40px;\">Estudei no Pio X de 1981 at\u00e9 1987. Foram \u00f3timos anos da minha vida! T\u00e3o bons, que anos depois fui m\u00e3e, e minha filha estudou l\u00e1 todo seu Ensino Fundamental!<br \/>\u00d3timo col\u00e9gio que certamente, contribui muito para a boa educa\u00e7\u00e3o e cria\u00e7\u00e3o de valores em nossas vidas!<\/div><div>\u00a0<\/div><div><hr \/><\/div><div>\u00a0<\/div><p><strong>De:<\/strong>\u00a0Rosana de Jesus Cabral<\/p><div class=\"notanter-detalhe\" style=\"padding-left: 40px;\">Ol\u00e1 estudei no ISPX anos 70&#8230; lembro dessa turma Gilberto, Ocimar, Marcia Pitteri, Ming\u00e3o,Cust\u00f3dio, Marisete, Vania, Silvio, Regina, Fabiana, Bastiani. S\u00e3o muitos que guardo boas lembran\u00e7as por toda minha vida. N\u00e3o posso esquecer a Irm\u00e3 Nazaria professora de religi\u00e3o e a Irm\u00e3 Maura nossa diretora. Guardo no fundo do meu cora\u00e7\u00e3o, bons que passei na inf\u00e2ncia e adolesc\u00eancia. Eu n\u00e3o me esque\u00e7o da professora de ed. Fisica Eliete. Beijos . Saudades.<\/div><div>\u00a0<\/div><div><hr \/><\/div><div>\u00a0<\/div><p><strong>De:<\/strong>\u00a0Tania Claro Brochieri<\/p><div class=\"notanter-detalhe\" style=\"padding-left: 40px;\">Entrei no site do col\u00e9gio porque vou matricular minha filha o ano que vem. Comecei a ler todas essas mensagens e fiquei muito emocionada, pois o meu sentimento \u00e9 o mesmo de todos os que deixaram o seu depoimento.<br \/>Estudei no PIO X de 1989 a 1997 e foram momentos maravilhosos, ensinamentos e valores que carregarei para o resto da vida e amigas que se tornaram irm\u00e3s. Minha felicidade \u00e9 imensa em poder proporcionar \u00e0 minha filha o privil\u00e9gio de estudar nesse col\u00e9gio.<\/div><div>\u00a0<\/div><div><hr \/><\/div><div>\u00a0<\/div><p><strong>De:<\/strong>\u00a0Verlow Woglo Junior<\/p><div class=\"notanter-detalhe\" style=\"padding-left: 40px;\">Estudei nessa maravilhosa escola entre de 1979 a 1983, do pr\u00e9 \u00e0 quarta s\u00e9rie, antes de ir morar na Nig\u00e9ria &#8211; Africa. Algu\u00e9m desse periodo por aqui. Um abra\u00e7o a todos!<\/div><div>\u00a0<\/div><div><hr \/><\/div><div>\u00a0<\/div><p><strong>De:<\/strong>\u00a0Val\u00e9ria Avelar Gama<\/p><div class=\"notanter-detalhe\" style=\"padding-left: 40px;\">Estudei no ISPX de 1978 \/1980, e s\u00f3 tenho excelentes recorda\u00e7\u00f5es.<br \/>Eu e meu irm\u00e3o participamos de muitos festivais de m\u00fasicas, porque ele era bem pequeno e j\u00e1 tocava cavaquinho e eu cantava..rsrsrs&#8230;nunca cantei bem!!!Lembro de muitos professores queridos e principalmente dos belisc\u00f5es carinhosos da nossa lindona Irm\u00e3 Maura e Irm\u00e3 Noemi. Fiz Pedagogia\/Orienta\u00e7\u00e3o Educacional e tenho certeza que foi a sementinha que plantaram em mim e que me ajuda a criar meu filho. Saudade da organiza\u00e7\u00e3o que a escola tinha e que era regida pelas Irm\u00e3s com compet\u00eancia, dificuldades e carinho em demasia.<br \/>Saudades&#8230;<\/div><div>\u00a0<\/div><div><hr \/><\/div><div>\u00a0<\/div><p><strong>De:<\/strong>\u00a0ELIO ROCHA CAVALCANTE<\/p><div class=\"notanter-detalhe\" style=\"padding-left: 40px;\">Ol\u00e1 ISPX estudei de 1969 a 1976, sou da segunda turma.Vi a mensagem do Rog\u00e9rio Bulh\u00f5es e quase fui parar no hospital de tanta emo\u00e7\u00e3o.40 anos se passaram e tem pessoas que n\u00e3o esquece de voc\u00ea.\u00c9 muito gratificante.Lembro da irm\u00e3 Beatriz, Maria Jos\u00e9 e a Lend\u00e1ria irm\u00e3 Maura.Lembro-me na 5\u00bas\u00e9rie que tinha um time de futsal imbat\u00edvel rsrssr. M\u00e1rio ou Gilberto no gol, Osvaldo,Nilsinho,Rogerio e Eu. Lembro-me do da 6\u00ba s\u00e9rie&#8230;Cust\u00f3dio, Ocimar, Benis\u00e1rio ( jogamos no Unidos do km 18 )Depois de ler a mensagem da TEresa,Rog\u00e9rio fiquei uma semana meditando.D\u00e1 para fazer um livro de , no m\u00ednimo 400 p\u00e1gin as sobre esses anos de Pio X.Fiquei muito feliz.S\u00e3o lembran\u00e7as maravilhosas.<br \/>Se algu\u00e9m quiser contatar-me segue meu e mail elio.cavalcante@uol.com.br Sempre agrade\u00e7o minha amada M\u00e3e por ter estudado nessa Institui\u00e7\u00e3o.<\/div><div>\u00a0<\/div><div><hr \/><\/div><div>\u00a0<\/div><p><strong>De:<\/strong>\u00a0Elio Rocha Cavalcante<\/p><div class=\"notanter-detalhe\" style=\"padding-left: 40px;\">Estudei no Pio X entre 1969 a 1977 e vi a mensagem da Tereza e do Rog\u00e9rio Bulh\u00f5es( fui muito em sua casa.Me emocionei muito ao lembrar de vcs. D\u00e1vamos muita risada.Lembro-me do time de futebol, praticamente imbat\u00edvel.Escala\u00e7\u00e3o: Mario ( japon\u00eas),ou Gilberto no Gol, Osvaldo, Elio, Nilson e Rog\u00e9rio ( Tima\u00e7o.AS meninas lindas.Marly, Sandra,Maria, Regina ( muita s\u00e9ria). e O Vitor Hugo, um gordinho maravilhoso.Irm\u00e3 Maura( mat\u00e9ria Educ.Moral e C\u00edvicA )&#8230;at\u00e9 hoje lembro-me das palavras da irm\u00e3 e passo para os meus filhos.NUNCA VOU ME ESQUECER DAQUELE LUGAR.<\/div><div>\u00a0<\/div><div><hr \/><\/div><div>\u00a0<\/div><p><strong>De:<\/strong>\u00a0Custodio Neto<\/p><div class=\"notanter-detalhe\" style=\"padding-left: 40px;\">Nesse Dia das M\u00e3es, recordei-me do Col\u00e9gio, como minha m\u00e3e costumava chamar carinhosamente o ISPX. Recordo-me dos ch\u00e1s beneficentes e de como todos se organizaram para a viagem de formatura, de \u00f4nibus da Via\u00e7\u00e3o Centro-Oeste. Sou da primeira turma de formandos do 1o. grau, 1976, junto com Benis\u00e1rio (post abaixo), Sandra do Lago, Simone, Lurdinha, Selma, Eliane Piteri, Ocimar, Marcelo e tantos outros cujos nomes e fei\u00e7\u00f5es se esvanecem, por\u00e9m, algo de indel\u00e9vel fica marcado para sempre na alma.<br \/>Saudades da irm\u00e3 Fel\u00edcia, Irm\u00e3 Maura, da Profa. Nair Consorte, da prof. Dina de Portugu\u00eas. Abra\u00e7os.<\/div><div>\u00a0<\/div><div><hr \/><\/div><div>\u00a0<\/div><p><strong>De:<\/strong>\u00a0Edilvana Vanessa Pereira<\/p><div class=\"notanter-detalhe\" style=\"padding-left: 40px;\">Momentos felizes na d\u00e9cada de 80. Tenho saudades das Irm\u00e3s Maria Jos\u00e9, Noemi, Julieta, Albertina, Jana\u00edna e Maura. H\u00e1 tamb\u00e9m os professores inesquec\u00edveis como Sud\u00e1rio, Julia, Rosana, Nivaldo e Nerval, sinto muita saudades das primeiras professoras Profa. Marli, profa. Maria Lucia ou Ana Lucia. Saudades e como\u00e7\u00e3o quando recordo das m\u00fasicas e do hino no momento da entrada. Muito bons momentos. Agora voltarei em breve para verificar a matricula de meu filho no EF I em 2015. Atualmente diretora de uma faculdade, al\u00e9m de diretora de um instituto teol\u00f3gico. Base na forma\u00e7\u00e3o de car\u00e1ter! !!!<\/div><div>\u00a0<\/div><div><hr \/><\/div><div>\u00a0<\/div><p><strong>De:<\/strong>\u00a0Celso Picharki Silva<\/p><div class=\"notanter-detalhe\" style=\"padding-left: 40px;\">Estudei no Pio X de 1985 a 1990. Foi uma \u00e9poca muito boa! Me lembro da irm\u00e3 Maura e da irm\u00e3 Maria Jos\u00e9.<\/div><div>\u00a0<\/div><div><hr \/><\/div><div>\u00a0<\/div><p><strong>De:<\/strong>\u00a0Val\u00e9ria Fernandes<\/p><div class=\"notanter-detalhe\" style=\"padding-left: 40px;\">Ol\u00e1 eu e meus irm\u00e3os estudamos no Pio X. Eu estudei na ep\u00f3ca dos anos 70 e terminei nos anos 80. Foi uma \u00e9poca muito boa, Tenho muitas saudades das irm\u00e3s, que por sinal s\u00e3o muito eficientes.<\/div><div>\u00a0<\/div><div><hr \/><\/div><div>\u00a0<\/div><p><strong>De:<\/strong>\u00a0Gabriel Bendinelli<\/p><div class=\"notanter-detalhe\" style=\"padding-left: 40px;\">Estudei no Instituto S\u00e3o Pio X de 1996 \u00e1 2001, onde tenho muitas saudades da escola e muitas lembran\u00e7as, das correrias no intervalo, brincando de corre-corre e as irm\u00e3s M\u00e1rcia gritando cuidado, \u00e9 muito nost\u00e1lgico, saudades de grandes professores como a Professora Miriam, Luzia, e tantas outras hist\u00f3rias. Abra\u00e7os.<\/div><div>\u00a0<\/div><div><hr \/><\/div><div>\u00a0<\/div><p><strong>De:<\/strong>\u00a0Fabiana Cristina da Silva<\/p><div class=\"notanter-detalhe\" style=\"padding-left: 40px;\">Estudei no Instituto S\u00e3o Pio X de 1982 a 1989. Uma escola excelente, onde tive professores maravilhosos, colegas que sinto saudades. N\u00e3o consigo recordar nome de todos os professores, lembro da Prof Isabel, Cida, Sud\u00e1rio,Eliete, Lia de Ingl\u00eas. Morava longe da escola e usava transporte escolar oliveira Neto (conhecido como tio Neto). Hoje trabalho como Professora de Desenvolvimento Infantil em Osasco. Gostaria muito de rever alunos desta \u00e9poca. Saudades de colegas, professores e das Irm\u00e3s.<\/div><div>\u00a0<\/div><div><hr \/><\/div><div>\u00a0<\/div><p><strong>De:<\/strong>\u00a0Suzana Marques da Silva<\/p><div class=\"notanter-detalhe\" style=\"padding-left: 40px;\">Estudei no PIO de 1986 a 1993, excelentes amigos, excelente estrutura, conhecimento adquirido foi fant\u00e1stico e um pilar para toda vida. Saudades Irm\u00e3 Madalena, Fernanda, Maura, Maria Jos\u00e9, todas marcaram minha vida.. nost\u00e1lgico este mural.<br \/>Abra\u00e7os.<\/div><div>\u00a0<\/div><div><hr \/><\/div><div>\u00a0<\/div><p><strong>De:<\/strong>\u00a0L\u00e9ia Cordeiro de Oliveira<\/p><div class=\"notanter-detalhe\" style=\"padding-left: 40px;\">&#8230; Um filme maravilhoso muitas emo\u00e7\u00f5es, carinho e respeito me vieram a mente. Amava tudo l\u00e1; A irm\u00e3 Maura era a diretora e hoje vendo a foto dela chegando para a festa de 50 anos me emocionei. As ruas n\u00e3o tinham asfalto, mas desfil\u00e1vamos nelas mesmo assim. Meu pai se lembrou estes dias que quando elas come\u00e7aram a construir a parte nova perto neste nicho, ele junto com outros pais faziam rifas e festas para ajudar na constru\u00e7\u00e3o. Tinha as Irm\u00e3s Beatriz, Felicia&#8230; reencontrei alguns amigos com as fotos e alguns se reconheceram nas fotos foi muito legal. Fiquei muito feliz. Lamento n\u00e3o poder estar presente na festa de 50 anos. UMA GRANDE FAM\u00cdLIA O PIO X MESMO. Abra\u00e7os a todos.<\/div><div>\u00a0<\/div><div><hr \/><\/div><div>\u00a0<\/div><p><strong>De:<\/strong>\u00a0Carlos Eduardo Reis<\/p><div class=\"notanter-detalhe\" style=\"padding-left: 40px;\">Estudei no Pio X de 1982 a 1990. Um abra\u00e7o a todos os amigos daquela \u00e9poca do grande amigo cafe.<\/div><div>\u00a0<\/div><div><hr \/><\/div><div>\u00a0<\/div><p><strong>De:<\/strong>\u00a0Silmara Borges da Silva<\/p><div class=\"notanter-detalhe\" style=\"padding-left: 40px;\">Saudades de todos, ex professores e colegas. Foi uma \u00e9poca muito boa na minha vida.<\/div><div>\u00a0<\/div><div><hr \/><\/div><div>\u00a0<\/div><p><strong>De:<\/strong>\u00a0Marcelo Nobre da Costa<\/p><div class=\"notanter-detalhe\" style=\"padding-left: 40px;\">Tenho muita saudade dos professores e das irm\u00e3s. Estudei de 1979-1986. Logo que sa\u00ed de l\u00e1 fiz o col\u00e9gio no Col\u00e9gio Fern\u00e3o Dias Pais em Osasco, n\u00e3o tive problemas em me adaptar. Hoje trabalho no Banco do Brasil. Enquanto \u00e9ramos jovens muitas vezes n\u00e3o d\u00e1vamos o devido valor. Hoje agrade\u00e7o muito da oportunidade que tive em estudar nesta escola.<\/div><div>\u00a0<\/div><div><hr \/><\/div><div>\u00a0<\/div><p><strong>De:<\/strong>\u00a0Marcelo Teixeira<\/p><div class=\"notanter-detalhe\" style=\"padding-left: 40px;\">Estudamos, eu e meus dois irm\u00e3os, no Instituto S\u00e3o Pio X. N\u00e3o sei se para eles a experi\u00eancia e percep\u00e7\u00e3o s\u00e3o as mesmas, mas para mim foram os melhores anos da minha vida. Foi onde conciliei o valor humano com o religioso; foi onde consegui alinhar a base e valores familiares com os adquiridos em sala de aula. Professores de verdade! Aulas e ensinamentos verdadeiros; e alunos com vontade de aprender!<br \/>Me lembro da irm\u00e3 Maura, Maria Fernanda, Tereza e muitas outras. Comecei l\u00e1 no ano de 1986 e n\u00e3o me recordo a data da conclus\u00e3o. A \u00fanica coisa que sei \u00e9 que a lembran\u00e7a dessa \u00e9poca ainda \u00e9 viva e acredito que nunca ser\u00e1 esquecida. J\u00e1 estou planejando um ciclo&#8230;que minha filha inicie nessa institui\u00e7\u00e3o maravilhosa e que os valores n\u00e3o tenham se perdido nesses dias incertos em que vivemos!!!<\/div><div>\u00a0<\/div><div><hr \/><\/div><div>\u00a0<\/div><p><strong>De:<\/strong>\u00a0Onedes Raymundo J\u00fanior<\/p><div class=\"notanter-detalhe\" style=\"padding-left: 40px;\">Saudades de todos os professores e irm\u00e3s. Minha primeira professora foi a Ligia, as irm\u00e3s Maura, Zaira , Maria Jos\u00e9 e Noemi !!<\/div><div>\u00a0<\/div><div><hr \/><\/div><div>\u00a0<\/div><p><strong>De:<\/strong>\u00a0Cassia Pimenta Barufi Martins<\/p><div class=\"notanter-detalhe\" style=\"padding-left: 40px;\">Estudei no Pio de 79 at\u00e9 89 e foram os melhores anos da minha vida.Tive que sair na metade da 7\u00aa s\u00e9rie po ter que mudar de cidade; foi a\u00ed que percebi o quanto era bom&#8230;.<\/div><div>\u00a0<\/div><div><hr \/><\/div><div>\u00a0<\/div><p><strong>De:<\/strong>\u00a0Janaina Regina Marins Jacintho<\/p><div class=\"notanter-detalhe\" style=\"padding-left: 40px;\">Por incrivel que pare\u00e7a eu tenho saudades do col\u00e9gio. Vivi tempos muito felizes l\u00e1. Ai encontrei minhas amigas de cora\u00e7\u00e3o. Enfim tenho saudades, lembro de bastante coisas.<\/div><div>\u00a0<\/div><div><hr \/><\/div><div>\u00a0<\/div><p><strong>De:<\/strong>\u00a0Laura Marc de Sousa Silva<\/p><div class=\"notanter-detalhe\" style=\"padding-left: 40px;\">Eu ainda gosto muito da prof. Maria L\u00facia, Cida, Deyse e a professora do 3\u00ba ano do esino fundamental a prof&#8230; n\u00e3o vou lembrar o nome agora, mas ela \u00e9 a da inform\u00e1tica. Hoje estou no Colegio PM, mas ano que vem estou de volta. Amava todos os funcion\u00e1rios de l\u00e1. Beijos<\/div><div>\u00a0<\/div><div><hr \/><\/div><div>\u00a0<\/div><p><strong>De:<\/strong>\u00a0Michelle Modelski<\/p><div class=\"notanter-detalhe\" style=\"padding-left: 40px;\">Eu estudei no Pio X por 3 anos e esses foram os melhores anos da minha vida estudantil. Foi ai que eu aprendi quem eu era de verdade, foi ai que eu aprendi que n\u00f3s devemos aceitar todo nosso jeito de ser. Saudades de todos.<\/div><div>\u00a0<\/div><div><hr \/><\/div><div>\u00a0<\/div><p><strong>De:<\/strong>\u00a0Larissa Hamamoto<\/p><div class=\"notanter-detalhe\" style=\"padding-left: 40px;\">Eu fiquei nessa escola apenas 2 anos, mas nesses dois anos, foi muito legal. Agora eu moro nos Estados Unidos e eu sinto muita falta dos professores, coordenadores, amigos etc. Quando eu for para o Brasil tenho certeza que vou dar uma passadinha ai! Muitas saudades!<\/div><div>\u00a0<\/div><div><hr \/><\/div><div>\u00a0<\/div><p><strong>De:<\/strong>\u00a0F\u00e1bio V. Duarte<\/p><div class=\"notanter-detalhe\" style=\"padding-left: 40px;\">Dias destes passei pelo Rodoanel, atr\u00e1s do Col\u00e9gio e quantas lembran\u00e7as me vieram na cabe\u00e7a. Estudei no S\u00e3o Pio X de 73 a 81 e vendo este mural me lembrei de algumas pessoas que estudaram comigo (Christiani Barreto foi uma delas). Quanto aos professores nem se fala, Irm\u00e3 Zaira, Irm\u00e3 Noemi, Da. Silvana, Milton e muitos outros.<br \/>Sou grato a Deus por poder ter lembran\u00e7as assim&#8230;<\/div><div>\u00a0<\/div><div><hr \/><\/div><div>\u00a0<\/div><p><strong>De:<\/strong>\u00a0Rafael Campiotto<\/p><div class=\"notanter-detalhe\" style=\"padding-left: 40px;\">Bom estudei nessa otima escola chamada Pio X de 1999 a 2004.<br \/>Uma escola maravilhosa com uma estrutura de alto nivel, com professores maravilhosos, n\u00e3o s\u00f3 eles, mas como as coordenadoras.<br \/>Bom tinha uma pessoa que n\u00e3o se encontra mais entre n\u00f3s que eu tinha um afeto e um carinho muito grande que era o Z\u00e9 da cantina. Ele e sua mulher eram muito gente boa, saudades z\u00e9\u00e9\u00e9&#8230;<br \/>Enfim fico por aqui mas tem algumas pessoas que quero lembrar que fizeram muita diferenca na minha vida para me tornar a pessoa que sou:<br \/>A Laura que me ensinou muito, quantas vezes me tirou da sala para conversar comigo e n\u00e3o me levou para a diretoria e preferia conversar comigo kkk Gosto muito dessa pessoa me ensinou varias coisas&#8230;<br \/>A Noemia, uma linda, simpatica ao extremo e muito amiga tambem&#8230;<br \/>A Cristina coordenadora tambem sempre conversava comigo tambem me ensinou muitas coisas&#8230;<br \/>O Tadeu e o Lucio meus professores de ed fisica tinham que ter muita paciencia nas aulas e tambem nos treinos de futsal, pois nessa epoca que estudamos tinhamos varios amigos e eramos terrives, &#8220;coisas de pre adolescente&#8221;.<br \/>A Sandra tambem tinha que ter muita paciencia comigo pois n\u00e3o gostava da materia dela kkk&#8230;<br \/>O Carl\u00e3o de quimica o professor mais engra\u00e7ado que ja conheci em toda minha vida muita risada dentro daquele laboratorio kkk&#8230;<br \/>O Professor de ciencias ou de biologia eu acho, n\u00e3o me lembro o nome dele, mas era muito mas muito gente boa. Tamb\u00e9m tratavamos n\u00f3s como amigo e assim aprendiamos mais facil sua materia kkk&#8230;<br \/>E \u00e9 claro a diretora Irma Maria Jose que apesar de me chamar na sala dela toda semana&#8220;KKKKK&#8220; aprendi e me ensinou muita coisa tambem&#8230;<br \/>Ah e tambem e claro a sala de enfermaria, pois quando nao queriamos ir para a sala de aula falavamos que estavamos com dor so para tomar cha e ficar deitado um pouquinho apos o intervalo &#8220;KKKK&#8220;<br \/>Enfim n\u00e3o so os que descrevi acima mas todos fizeram muita diferen\u00e7a em minha vida obrigado por tudo e muitas mas muitas saudades de todos espero que estejam bem&#8230;.<br \/>Qualquer dia apare\u00e7o por ai para reencontra-los novamente abracos fiquem com Deus&#8230;<br \/>Rafael Campiotto<\/div><div>\u00a0<\/div><div><hr \/><\/div><div>\u00a0<\/div><p><strong>De:<\/strong>\u00a0F\u00e1bio Vinicius Giardini<\/p><div class=\"notanter-detalhe\" style=\"padding-left: 40px;\">Tive em minha vida apenas um ano de Instituto S\u00e3o Pio X. Este valer\u00e1 para sempre. Tenho orgulho em dizer que j\u00e1 fui membro desta sociedade rica em conceitos que valorizam a vida e o respeito pela fam\u00edlia. Tenho saudades de quando eu saltava do \u00f4nibus em frente ao col\u00e9gio e via uma irm\u00e3 a frente da escola que nos organizava para a entrada na rampa que dava acesso ao p\u00e1tio. Me sentia seguro. Ali eu estava entrado no Instito S\u00e3o Pio X. Me lembro muito bem da irm\u00e3 Maura. Me lembro da primeira vez que a vi. Ela tinha um dos olhares mas intensos que j\u00e1 conheci. Tinha tamb\u00e9m uma irm\u00e3 que cantava muito bem. Meu pai comprou um pequeno disco (LP) dela. Me lembro de uma menina que entrou depois, quase no meio do ano. Seu nome era Daniele. Ela era linda. Eu me lembro dela at\u00e9 hoje. Isto foi em 1983. Eu estava na segunda s\u00e9rie e um dia, se Deus quiser, vou encontr\u00e1-la. Hoje com quase 40 anos acredito que n\u00e3o seja mais aquela menina de cabelos claros e liso, com sorriso t\u00edmido, mas que me passava algum tipo de emo\u00e7\u00e3o que na \u00e9poca n\u00e3o sabia explicar. Trinta anos se passaram. Fui uma crian\u00e7a muito feliz. Hoje sou reflexo do que fui em minha inf\u00e2ncia. Obrigado pela oportunidade de expressar o quanto voc\u00eas s\u00e3o importantes em minha vida. Estou em S\u00e3o Jos\u00e9 do Rio Preto. Cidade um pouco dist\u00e2nte do col\u00e9gio. Outro dia encontrei um ex-aluno do Pio X, foi uma festa. Eu n\u00e3o tive contato com ele em minha \u00e9poca de aluno. Ele \u00e9 mais velho e era de uma outra turma. Parecia que a gente era amigos a 30 anos.<\/div><div>\u00a0<\/div><div><hr \/><\/div><div>\u00a0<\/div><p><strong>De:<\/strong>\u00a0Roque P.B. Barros<\/p><div class=\"notanter-detalhe\" style=\"padding-left: 40px;\">Eu fiz a Terceira S\u00e9rie no S.Pio X, no ano de 1980, e me recordo sempre com saudade.<br \/>Eu morava em Barueri, num sobrado no centro, e gosto muito de me lembrar desta \u00e9poca.<br \/>Ali\u00e1s, eu tinha uma amiga da mesma idade que eu em Barueri, chamada Natividade, e eu gostaria de saber, se poss\u00edvel, se \u00e9 esta mesma Natividade De S\u00e1 Marques.<br \/>S\u00e3o Pio X, obrigado por tudo, e um forte abra\u00e7o!<\/div><div>\u00a0<\/div><div><hr \/><\/div><div>\u00a0<\/div><p><strong>De:<\/strong>\u00a0Thiago Costa<\/p><div class=\"notanter-detalhe\" style=\"padding-left: 40px;\">Passei muitos momentos bons no Pio X. Estou deixando o Pio esse ano. Come\u00e7ei a estudar l\u00e1 no 5 ano do fundamental e agora estou saindo com muitas e muitas lembran\u00e7as boas. O Pio me mostrou muitas oportunidades na vida, eu acho que o Pio X \u00e9 um colego que ensina as pessoas a viver, a ser alguem na vida&#8230;..e estou morrendo de saudades do Pio<br \/>Quero mandar um beij\u00e3o para a coordenadora Cristina, a coordenadora Laura, ao professor de religi\u00e3o Luiz, ao professor de ciencias Antonio, o professora de portugues Isabel, a professora de matematica a Noemi&#8230;..essa pessoas e v\u00e1rios outras merecem uma salva de palmas por me aguentar&#8230;. estou morrendo de saudades l\u00f3gico da Irm\u00e3 Maria Jose que me acolheu anos no Pio X.<br \/>Um beij\u00e3o a todos da Rede, Instituto S\u00e3o Pio X !<\/div><div>\u00a0<\/div><div><hr \/><\/div><div>\u00a0<\/div><p><strong>De:<\/strong>\u00a0Natividade De S\u00e1 Marques<\/p><div class=\"notanter-detalhe\" style=\"padding-left: 40px;\">Daqui de Portugal, pensando em voltar para o pa\u00eds que acolheu os meus pais emigrantes e me deu os melhores anos da minha vida, lembrei do col\u00e9gio em que tive a sorte e felicidade de estudar. Fiz a 3\u00aa s\u00e9rie e gra\u00e7as ao excelente acompanhamento e ensino do col\u00e9gio pude continuar os meus estudos c\u00e1 sem sofrer nenhum atraso de ano, pelo contr\u00e1rio, fiz a 4\u00aa s\u00e9rie em apenas 4 meses. Lembro-me de apenas um nome das irm\u00e3s com quem convivia, Irm\u00e3 Maura, mas todas est\u00e3o no meu cora\u00e7\u00e3o pelo carinho que me deram quando perdi a minha m\u00e3e e vim para Portugal. Muito obrigada.<\/div><div>\u00a0<\/div><div><hr \/><\/div><div>\u00a0<\/div><p><strong>De:<\/strong>\u00a0Gisele<\/p><div class=\"notanter-detalhe\" style=\"padding-left: 40px;\">Estudei no Pio X na d\u00e9cada de 80 fiquei at\u00e9 a 3\u00aa s\u00e9rie e minha primeira professora a foi a irm\u00e3 Madalena na 1\u00aafase. Bjs<\/div><div>\u00a0<\/div><div><hr \/><\/div><div>\u00a0<\/div><p><strong>De:<\/strong>\u00a0Marcelo R. Pinheiro<\/p><div class=\"notanter-detalhe\" style=\"padding-left: 40px;\">Pessoal, estudei no Pio mais ou menos uns 9 anos, na decad\u00e1 de 90. Estudei com o camaroto,turra e mais um monte que eu n\u00e3o me recordo, mas estou muito feliz de ter estado l\u00e1. Gra\u00e7as as irm\u00e3s eu tive uma base s\u00f3lida e no ano que vem meu filha vai estar l\u00e1. Um abra\u00e7o a todos.<\/div><div>\u00a0<\/div><div><hr \/><\/div><div>\u00a0<\/div><p><strong>De:<\/strong>\u00a0Tereza Nestor dos Santos<\/p><div class=\"notanter-detalhe\" style=\"padding-left: 40px;\">Estudei no Pio de 1967 at\u00e9 1977. Vi a mensagem do Rog\u00e9rio Bulh\u00f5es e lembrei dele. Bons tempos. Gostaria de encontrar todos novamente. Beijos<\/div><div>\u00a0<\/div><div><hr \/><\/div><div>\u00a0<\/div><p><strong>De:<\/strong>\u00a0Ronaldo Costa Torres<\/p><div class=\"notanter-detalhe\" style=\"padding-left: 40px;\">Eu estudei no pio a mais ou menos 25 anos atr\u00e1s. Uma escola \u00f3tima. Estudei at\u00e9 a 4\u00b0 serie, depois sai e fui para escola p\u00fablica, mas toda a base da minha vida foi iniciada pelo pio. Tive o prazer de ter como professores a irm\u00e3 Maura, irm\u00e3 Albertina, entre outros \u00f3timos professores. Gra\u00e7as a essa \u00f3tima base, hoje sou engenheiro de produ\u00e7\u00e3o com p\u00f3s gradua\u00e7\u00e3o em mecatronica e cursando seguran\u00e7a do trabalho e, se Deus permitir, o meu bebe que logo estar\u00e1 chegando, tamb\u00e9m ter\u00e1 a oportunidade de conhecer essa maravilhosa institui\u00e7\u00e3o. Obrigado a todos! Saudades, um abra\u00e7o e fiquem com Deus.<\/div><div>\u00a0<\/div><div><hr \/><\/div><div>\u00a0<\/div><p><strong>De:<\/strong>\u00a0Alana Amorim<\/p><div class=\"notanter-detalhe\" style=\"padding-left: 40px;\">N\u00e3o faz muito tempo que estudei no Pio, mas foram 13 anos maravilhosos e j\u00e1 me faz falta, era apaixonada pelos professores Carl\u00e3o de qu\u00edmica, Noemia de matem\u00e1tica, Tadeu, Leo e Eliete, sinto falta&#8230;.enfim saudades das coordenadoras S\u00f4nia, Cristina.. E das visitas que eu quase sempre fazia a sala da Irm\u00e3 Maria Jos\u00e9, aprendi muito nesta escola, n\u00e3o somente as mat\u00e9rias, mas li\u00e7\u00f5es important\u00edssimas que levarei por toda minha vida!!!! Muito obrigada!<\/div><div>\u00a0<\/div><div><hr \/><\/div><div>\u00a0<\/div><p><strong>De:<\/strong>\u00a0Marcellus<\/p><div class=\"notanter-detalhe\" style=\"padding-left: 40px;\">Fui aluno no ano de 69 quando a escola s\u00f3 tinha 4 classes embaixo da igreja e ao lado estavam construindo um novo col\u00e9gio. Eu tive o prazer de ter como professora a Irm\u00e3 Maura. Foi no Pio X que eu peguei o gosto pelo estudo. Grandes foram as dificuldades para pagar uma condu\u00e7\u00e3o at\u00e9 a escola, pois a situa\u00e7\u00e3o financeira n\u00e3o ajudava, era muito dif\u00edcil. Quando n\u00e3o tinha o dinheiro para voltar para Carapicu\u00edba, eu vinha \u00e0 p\u00e9 pelo antigo campo da boiada que hoje \u00e9 a Cohab. Obrigado \u00e0 todos que me ajudaram nessa escola. Em especial a Irm\u00e3 Maura. Saudades dos colegas de classe, Miguel Henrique, Cleuza, Nancy, La\u00e9rcio, Maria Aparecida Mar\u00e7al, Eug\u00eanio, Leda, Sergio, Silvio,&#8230;&#8230;&#8230;&#8230;&#8230; Valeu!!!!! Valeu!!!! Valeu a luta!!!!!!!!!!!<\/div><div>\u00a0<\/div><div><hr \/><\/div><div>\u00a0<\/div><p><strong>De:<\/strong>\u00a0Nicolle Afonso Marques<\/p><div class=\"notanter-detalhe\" style=\"padding-left: 40px;\">Ol\u00e1! Eu sinto muita falta da\u00ed, mas continuo indo a\u00ed para fazer piano e buscar minha irm\u00e3zinha. Queria mandar um beijo pra todos.<br \/>BEIJOS<br \/>NICOLLE !!!<\/div><div>\u00a0<\/div><div><hr \/><\/div><div>\u00a0<\/div><p><strong>De:<\/strong>\u00a0Silvana Ceccato<\/p><div class=\"notanter-detalhe\" style=\"padding-left: 40px;\">Tenho muita saudade daquela \u00e9poca em que estudei no Pio X. Fui da turma dos anos 70. Irm\u00e3s Maura, Zaira, Bevenuta. Que falta que faz o ensino religioso nos col\u00e9gios&#8230;<\/div><div>\u00a0<\/div><div><hr \/><\/div><div>\u00a0<\/div><p><strong>De:<\/strong>\u00a0C\u00e9lia Tanigaki<\/p><div class=\"notanter-detalhe\" style=\"padding-left: 40px;\">Fui aluna nos anos 80. Tinha aulas de ensino religioso com a irm\u00e3 Madalena e aulas com a professora Jucelina. Gostaria de rever os alunos desta \u00e9poca. Tinha uma amiga&#8230;Ana L\u00facia&#8230;gostaria de reencontr\u00e1-la&#8230;..<\/div><div>\u00a0<\/div><div><hr \/><\/div><div>\u00a0<\/div><p><strong>De:<\/strong>\u00a0Silvana Benedita Barbosa Moura<\/p><div class=\"notanter-detalhe\" style=\"padding-left: 40px;\">Saudades dos anos de 1975, das irm\u00e3s Maura, Carla e M\u00e1rcia.<br \/>Sou da turma em que o Pio X era apenas um edif\u00edcio, onde , tamb\u00e9m, havia a casa das irm\u00e3s, os patos, os jardins e o inesquec\u00edvel nicho de Nossa Senhora, na parede, do lado esquerdo ,dentro do p\u00e1tio restrito.<br \/>Me lembro de sentar \u00e0 beira do nicho e ficar molhando as m\u00e3os enquanto brincava com os peixinhos, eu era t\u00e3o pequena que meus p\u00e9s balan\u00e7avam enquanto eu estava sentada.<br \/>Amo voc\u00eas.<\/div><div>\u00a0<\/div><div><hr \/><\/div><div>\u00a0<\/div><p><strong>De:<\/strong>\u00a0Adriana Conegliam<\/p><div class=\"notanter-detalhe\" style=\"padding-left: 40px;\">Foram 11 anos! Saudades dos olhos azuis da Irm\u00e3 Julieta, que com sua do\u00e7ura e bondade nos ensinou as passagens da B\u00edblia, conhecimentos vividos hoje.<\/div><div>\u00a0<\/div><div><hr \/><\/div><div>\u00a0<\/div><p><strong>De:<\/strong>\u00a0Christiani Barreto<\/p><div class=\"notanter-detalhe\" style=\"padding-left: 40px;\">Tamb\u00e9m fui aluna na \u00e9poca dos anos 70, minha primeira professora foi a irm\u00e3 Josiane. Me lembro da irm\u00e3 Zaira, irm\u00e3 Bevenuta, Antoninha, Agustinha, padre Milton e outros que n\u00e3o lembro o nome. Me lembro da educa\u00e7\u00e3o rigida, que como crian\u00e7a era horrivel, mas hoje agrade\u00e7o muito, pois me sinto diferente, com uma educa\u00e7\u00e3o muito mais polida e tenho saudades de muitas coisas e pessoas, colegas da \u00e9poca. Gostaria de encontrar os alunos que estudaram comigo,entre eles os que mais me lembro foram:<br \/>MARCELO MAIA<br \/>CRISTIANE PACHECO<br \/>CHAIANA<br \/>LUCINHA CASCALHO<br \/>FABINHO<br \/>MAIUME<br \/>MIYUKI<br \/>LUIS FERNANDO<br \/>SERGINHO JAPON\u00caS<br \/>muitas saudades<\/div><div>\u00a0<\/div><div><hr \/><\/div><div>\u00a0<\/div><p><strong>De:<\/strong>\u00a0Jorge Xavier Llopes<\/p><div class=\"notanter-detalhe\" style=\"padding-left: 40px;\">Minha gera\u00e7\u00e3o anos 80, tipo 1983, o tempo n\u00e3o para, valeu muito fazer parte desta gera\u00e7\u00e3o. Bras\u00edlia-DF<\/div><div>\u00a0<\/div><div><hr \/><\/div><div>\u00a0<\/div><p><strong>De:<\/strong>\u00a0Eduardo Soares Silva<\/p><div class=\"notanter-detalhe\" style=\"padding-left: 40px;\">Estudei no Pio nos anos de 1976 at\u00e9 1984. Tenho \u00f3timas recorda\u00e7\u00f5es desta \u00e9poca&#8230; Irm\u00e3 Maura, Irm\u00e3 Andrea, Irm\u00e3 Eulalia, Irm\u00e3 Zaira, Prof. Isabel, Prof. Gorete. \\&#8221;NOSSA QUE SAUDADE\\&#8221;. Gostaria muito de ter contato com ex-alunos desta \u00e9poca. Fico no aguado. Meu email \u00e9 maosestendidas@hotmail.com<\/div><div>\u00a0<\/div><div><hr \/><\/div><div>\u00a0<\/div><p><strong>De:<\/strong>\u00a0Maria Benedita Rodrigues<\/p><div class=\"notanter-detalhe\" style=\"padding-left: 40px;\">Estudei nos anos de 1976 a 1977. Gostaria de entrar em contato com ex-alunos que estudaram na turma da Irm\u00e3 Barnab\u00e9 pelo email: mariarodrigues2008@ig.com.br<\/div><div>\u00a0<\/div><div><hr \/><\/div><div>\u00a0<\/div><p><strong>De:<\/strong>\u00a0Maria Bendita Rodrigues<\/p><div class=\"notanter-detalhe\" style=\"padding-left: 40px;\">Estudei neste col\u00e9gio nos anos 70, tenho boas recorda\u00e7\u00f5es e saudades principalmente da professora Nair, Irm\u00e3 Barnab\u00e9 e Irm\u00e3 Maura.<\/div><div>\u00a0<\/div><div><hr \/><\/div><div>\u00a0<\/div><p><strong>De:<\/strong>\u00a0Marli Santos<\/p><div class=\"notanter-detalhe\" style=\"padding-left: 40px;\">Quantas saudades dessa ep\u00f3ca da Irm\u00e3 Maura, Irm\u00e3 Eulalia, Irm\u00e3 Janaina, ah Irm\u00e3 Zaira que cantava muitooo, ah n\u00e3o n\u00e3o podemos esquecer do padre Luizinho, Prof.Gorete. N\u00e3o sei se elas continuam ai, gostaria de receber noticias&#8230; Tivemos primos e primas estudando na melhor escola da regi\u00e3o.<br \/>Que DEUS os aben\u00e7\u00f5e .<br \/>Deixo aqui uma abra\u00e7o da turma de 1978 a 1982&#8230;.<\/div><div>\u00a0<\/div><div><hr \/><\/div><div>\u00a0<\/div><p><strong>De:<\/strong>\u00a0Rosana Ferreira<\/p><div class=\"notanter-detalhe\" style=\"padding-left: 40px;\">Estou com saudades de voc\u00eas. Morei ai 3 anos no Lar Madre Benetita. As irm\u00e3s me acolheram quando tinha 13 anos de idade. Hoje moro no Estado do Rio de Janeiro, em Cabo Frio. Abra\u00e7o!<\/div><div>\u00a0<\/div><div><hr \/><\/div><div>\u00a0<\/div><p><strong>De:<\/strong>\u00a0Rita de C\u00e1ssia Neto Cassemunha<\/p><div class=\"notanter-detalhe\" style=\"padding-left: 40px;\">Estudei poucos anos no Pio X, mas foi o suficiente para ter certeza de onde colocaria meus filhos para estudarem.<br \/>Tenho boas lembran\u00e7as do col\u00e9gio, das turmas, dos professores e principalmente das irm\u00e3s.<br \/>Lembro que a irm\u00e3 Maria Jos\u00e9 era coordenadora do gin\u00e1sio na \u00e9poca, que as classes tinham 50 alunos e que mesmo assim havia muita disciplina.<br \/>Acredito que uma das coisas que este col\u00e9gio mais preza seja a forma\u00e7\u00e3o do indiv\u00edduo, ensinando o respeito ao pr\u00f3ximo, a organiza\u00e7\u00e3o e orientando-nos quanto aos nossos objetivos.<br \/>Hoje meu filho estuda no Pio e fico muito satisfeita em poder proporcionar a ele uma forma\u00e7\u00e3o como esta.<\/div><div>\u00a0<\/div><div><hr \/><\/div><div>\u00a0<\/div><p><strong>De:<\/strong>\u00a0Geovana G.Almeida<\/p><div class=\"notanter-detalhe\" style=\"padding-left: 40px;\">Foi nesta Institui\u00e7\u00e3o que dei meus primeiros passos. E hoje vejo a grandeza da estrutura escolar, pois as bases foram o amor, a disciplina e a dedica\u00e7\u00e3o. Como foi importante, ainda lembro da organiza\u00e7\u00e3o da escola, do cheirinho perfumado dos banheiros e da paz das Irm\u00e3s, mesmo as mais s\u00e9rias. Dos bons mestres que irei guard\u00e1-los para sempre em minha mem\u00f3ria, obrigada por tudo. Hoje v\u00eamos escolas particulares de p\u00e9ssima qualidade, o ISPX sempre ser\u00e1 refer\u00eancia, pois faz jus a qualidade, a educa\u00e7\u00e3o, \u00e9tica e respeito fornecido.<\/div><div>\u00a0<\/div><div><hr \/><\/div><div>\u00a0<\/div><p><strong>De:<\/strong>\u00a0Fabio Marques Guimar\u00e3es<\/p><div class=\"notanter-detalhe\" style=\"padding-left: 40px;\">Caramba&#8230;. \u00e9 a primeira vez que escrevo de uma escola onde estudei, e vou falar logo da minha primeira escola.<br \/>Estudei no Pio X no per\u00edodo de 1986 \u00e0 1992, dois per\u00edodos importantes na minha vida, j\u00e1 que sempre quando lembro do ano de 86, lembro da Copa do Mundo do M\u00e9xico, e do ano de 92, lembro das Olimp\u00edadas de Barcelona.<br \/>Bom, hoje sou ge\u00f3grafo, professor de Geografia, e tenho certeza que o Prof. Melchior tem grande participa\u00e7\u00e3o na minha escolha na profiss\u00e3o, na qual a Geografia estava passando por um momento de menos &#8220;decoreba&#8221; e mais pensamento e &#8220;criticidade&#8221;.<br \/>Tenho boas lembran\u00e7as dessa escola, e escrevendo esse depoimento, penso em colocar a minha filha nessa escola, porque 50% do que sou hoje, essa escola fez parte, os outros 50% foram meus pais que foram espertos e me colocaram nessa escola.<br \/>Foi uma \u00e9poca muito dif\u00edcil de nossas vidas, onde meus pais juntavam quase todo o pagamento do m\u00eas para poder pagar a mensalidade, em dia, dizendo que valia a pena&#8230;.. Realmente valeu!<br \/>Obrigado a todos! Boa sorte na vida de todos voc\u00eas e que Deus aben\u00e7\u00f5e a todos!<\/div><div>\u00a0<\/div><div><hr \/><\/div><div>\u00a0<\/div><p><strong>De:<\/strong>\u00a0Fernando Marin &#8211; Cremogema<\/p><div class=\"notanter-detalhe\" style=\"padding-left: 40px;\">Bem, dificil dizer a primeira palavra do que sinto agora ao relembrar cada um dos momentos que passei. Vem na memoria o bosque ao lado da casa das irm\u00e3s onde hoje \u00e9 o ginasio de esportes isso nos fins dos anos 70. Os dinos dessa epoca lembram-se da professora Celina, da Irm\u00e3 Ruth, Professores Irma, Nilda,Goreti, Elizeu, Izabel, Jefferson (ingles), Irm\u00e3 Julieta,Nivaldo, Vera Lucia &#8211; bem esses foram meus professores de classe bem como regentes de turma &#8211; n\u00e3o deixando de citar Irm\u00e3s Noemi, Isaura (+), Maura, Maria Jose, Marcia e Fernanda, os professores Gilberto, Lucio, Leonardo, Helio, e as Elietes (todos de Educa\u00e7\u00e3o Fisica), Salete e Eleni (Portugues);Luis Casemiro e Nerval (Desenho);Pedro Luciano, Celso e Pedro Luis (Matematica);Boogal\u00fa (Geografia),Cida (Ciencias), Luzia (Historia), bem o Pio X n\u00e3o formou somente alunos mas fez de todos que por ali passaram uma grande familia. Algo que n\u00e2o repetiu ao sairmos dali depois de formados em outras institui\u00e7\u00f5es de ensino<br \/>medio e gradua\u00e7\u00e3o. Todo ao retornar, durante as festas juninas volto ao passado lembrando passo a passo &#8211; n\u00e3o podendo deixar de citar as puxadas de orelha da irm\u00e3 Maura pelo sistema de som &#8211; Hoje sou advogado, especialista em direito do consumidor e direito tributario ( PUC &#8211; SP), fiscal municipal (Procon) e atualmente presto servi\u00e7os na Junta Comercial de SP. Aos dinos que receberam Cabral ao chegar ao Brasil um abra\u00e7o. Fernando jcmarin@bn.com.br<\/div><div>\u00a0<\/div><div><hr \/><\/div><div>\u00a0<\/div><p><strong>De:<\/strong>\u00a0Robert Kovacs<\/p><div class=\"notanter-detalhe\" style=\"padding-left: 40px;\">Estudei no Pio X desde 1978 a 1987&#8230;foram bons anos&#8230;saudades da Irm\u00e3 Maura, Irm\u00e3 Noemi e de muitos professores. Aprendi muito nessa escola. Obrigado por tudo. Muitas saudades.<\/div><div>\u00a0<\/div><div><hr \/><\/div><div>\u00a0<\/div><p><strong>De:<\/strong>\u00a0Robert Kovacs<\/p><div class=\"notanter-detalhe\" style=\"padding-left: 40px;\">Pessoal, estudei no Pio X de 1983 a 1986, lembro da Irm\u00e3 Maura, Prof. Gorete, Irm\u00e3 Noemi. Bons tempos! Lembro de ir de \u00f4nibus via\u00e7\u00e3o ARAGUAIA, APACHE, o acidente com o \u00f4nibus na v\u00e9spera das ferias.<br \/>Hoje sou casado, engenheiro e moro fora do Brasil. Acredito que estudei com alguns de vcs, mesmo n\u00e3o me formando ai, em 1990.<\/div><div>\u00a0<\/div><div><hr \/><\/div><div>\u00a0<\/div><p><strong>De:<\/strong>\u00a0Janaina Silva de Farias<\/p><div class=\"notanter-detalhe\" style=\"padding-left: 40px;\">Ainda tenho os meus livros de Ensino Religioso &#8220;Irmaos a caminho&#8221; que usei nas 3\u00aa e 4\u00aa s\u00e9ries. Estudei na 4\u00aa I. Quanta saudade<\/div><div>\u00a0<\/div><div><hr \/><\/div><div>\u00a0<\/div><p><strong>De:<\/strong>\u00a0Janaina Silva de Farias<\/p><div class=\"notanter-detalhe\" style=\"padding-left: 40px;\">Estudei No Instituto S\u00e3o Pio X de 1986 a 1989 e tamb\u00e9m era do \u00f4nibus SNOOPY do Sr Ant\u00f4nio. Tenho tanta saudade e sempre lembro do col\u00e9gio, das excurs\u00f5es que faz\u00edamos para o playcenter, zoologico, enfim, minha infancia foi privilegiada. Lembro-me das aulas de religi\u00e3o, do coral, das irm\u00e3s Maura e Maria Jos\u00e9. Hoje sou pedagoga e professora de ensino religioso em uma rede particular, um col\u00e9gio de base cat\u00f3lica (Col\u00e9gio Sagrada Fam\u00edlia) no norte de Minas Gerais, agrade\u00e7o infinitamente pois a base da minha forma\u00e7\u00e3o foi o instituto S\u00e3o Pio X, os principios morais e \u00e9ticos que me ensinaram carrego ate hoje e passo para meus filhos, mesmo que tenha sido somente por quatro anos e eu ser ainda pequena esses principios e fundamentos me ajudaram a ser quem sou. Quanta saudade da Tia Catarina e da Tia Val\u00e9ria, sem me esquecer do Sr. Ant\u00f4nio, sempre com a cara fechada, mas com o cora\u00e7\u00e3o enorme, e seus filhos M\u00f4nica, Marcos e n\u00e3o me recordo do nome da outra filha, foram figura q ue fizeram parte da minha vida. Quanta saudade. Estou emocionada.<\/div><div>\u00a0<\/div><div><hr \/><\/div><div>\u00a0<\/div><p><strong>De:<\/strong>\u00a0Deilde Luzia Carvalho Homem<\/p><div class=\"notanter-detalhe\" style=\"padding-left: 40px;\">Pelo que li nas mensagens, sou a mais antiga, ou uma das mais antigas estudantes do Pio X, pois estudei no col\u00e9gio &#8220;Pio&#8221; de 1977 a 1980, da 5\u00aa \u00e0 8\u00aa s\u00e9rie, quando tive de mudar de col\u00e9gio, pois, infelizmente na \u00e9poca n\u00e3o havia o hoje chamado ensino m\u00e9dio. Sou muito grata aos meus pais, Pedro e Don\u00e1ria, por terem escolhido este col\u00e9gio, para eu e minhas irm\u00e3s estudarmos, ap\u00f3s chegarmos do Rio de Janeiro. Tenho muitas lembran\u00e7as, a Irm\u00e3 Maura Irm\u00e3 Zaira, professor Gilberto, etc.<\/div><div>\u00a0<\/div><div><hr \/><\/div><div>\u00a0<\/div><p><strong>De:<\/strong>\u00a0Danielly de Mattos<\/p><div class=\"notanter-detalhe\" style=\"padding-left: 40px;\">Foram os anos mais felizes da minha vida anos de 1985 a 1991. Eu era do onibus do SNOPY do SR Antonio fazia barueri e jandira. Me lembro que horario do recreio brinc\u00e1vamos de roda no patio at\u00e9 as Irm\u00e3s brincavam com a gente . Das Irm\u00e3s andando pelos corredores com aquele molho de chave na cintura! (Irm\u00e3 Maura e Irm\u00e3 Maria Jos\u00e9). Os passeios que faziamos . Me lembro dos cachorros que ficava no fundo do colegio perto do gin\u00e1sio e quando escaparam a correria que foi . Os campeonatos esportivos: o ultimo que eu participei foi os black Panter . E minha melhor amiga Fernanda Rodrigue tenho minha saudades. Agrade\u00e7o muito pelo meu pai por esta oportunidade .<\/div><div>\u00a0<\/div><div><hr \/><\/div><div>\u00a0<\/div><p><strong>De:<\/strong>\u00a0Patricia Karine<\/p><div class=\"notanter-detalhe\" style=\"padding-left: 40px;\">\u00c9 com muito orgulho que me lembro dos anos que estudei neste instituto, entrei em 1983 e me formei em 1991&#8230; n\u00e3o me esquecerei jamais e espero um dia poder matar a saudade fazendo uma visita&#8230; Tem muitos anos que moro na Europa, sou casada com um sui\u00e7o e tenho 2 filhos. Muito obrigado pela forma\u00e7ao de vida que recebi&#8230; Me lembro muito bem e mando minhas lembrancas a Irm\u00e3 Maura, Irm\u00e3 Maria Jos\u00e9 e Julieta e tamb\u00e9m ao corpo docente.<\/div><div>\u00a0<\/div><div><hr \/><\/div><div>\u00a0<\/div><p><strong>De:<\/strong>\u00a0Selma Yokoyama<\/p><div class=\"notanter-detalhe\" style=\"padding-left: 40px;\">Sou muito grata por esta maravilhosa institui\u00e7\u00e3o ,pois hoje sei o quanto ter passado por ela, foi importante para a minha vida .Estudei no col\u00e9gio entre os anos de 1978 a 1981 ,minha primeira professora Irm\u00e3 Faustina de que sempre me recordo com muitas saudades, do olhar doce da Irm\u00e3 Julieta, da Irm\u00e3 Zaira que tinha uma voz lindissima e que me fez realizar um sonho desde quando pela primeira vez fiz um teste com ela pra poder cantar no coral e n\u00e3o consegui. Nossa, quantas lembran\u00e7as lindas tenho deste col\u00e9gio sem me esquecer da Irm\u00e3 Maura que sempre conduziu com muita dedica\u00e7\u00e3o este pedacinho do C\u00e9u e tamb\u00e9m sem deixar de mencionar a Irm\u00e3 Eul\u00e1lia que na \u00e9poca era a nossa coordenadora. Enfim ,hoje sou m\u00e3e e tudo o que aprendi, repassei aos meus filhos que estudam em uma escola religiosa (Arautos do Evangelho) que aos poucos est\u00e3o descobrindo suas verdadeiras voca\u00e7\u00f5es. E tamb\u00e9m hoje fa\u00e7o parte de um coral de familia s(pais e m\u00e3es de alunos que fazem parte do colegio onde meus filhos estudam.) Que Deus e Nossa Senhora aben\u00e7oe imensamente esta Institui\u00e7\u00e3o para que ela continue formando Homens e Mulheres de bem!!! E ao corpo docente desta escola fenomenal que muito me ensinaram: Muitiss\u00edmo obrigada!!<\/div><div>\u00a0<\/div><div><hr \/><\/div><div>\u00a0<\/div><p><strong>De:<\/strong>\u00a0Fernanda Monzani<\/p><div class=\"notanter-detalhe\" style=\"padding-left: 40px;\">\u00c9 com muito orgulho que me lembro dos saudosos anos no Pio X. Estudei no col\u00e9gio de 1981 a 1990. Lembro-me da Irm\u00e3 Maura, da Irm\u00e3 Maria Jos\u00e9, Auxiliadora&#8230;da professora \u00c2ngela, do professor Luiz de Desenho Geom\u00e9trico&#8230;e de toda a galera me chamando de &#8220;Foguinho ou Monzani&#8221;&#8230; Bons tempos. Abra\u00e7os a todos! Hoje sou empres\u00e1ria, tenho uma escola de idiomas. Moro no interior de S\u00e3o Paulo, tenho 2 filhos (que tamb\u00e9m estudam em col\u00e9gio de freiras)&#8230;<\/div><div>\u00a0<\/div><div><hr \/><\/div><div>\u00a0<\/div><p><strong>De:<\/strong>\u00a0Marcos Fernandes Lovato<\/p><div class=\"notanter-detalhe\" style=\"padding-left: 40px;\">Ol\u00e1 um Bom dia a todos, eu estudei entre os anos de 1988 at\u00e9 1995, uma \u00f3tima Familia, Professor Silvio, Professora Eliete, Professora Luzia, dentre outros que cuidaram muito bem de mim enquanto estive ai, fora a boa educa\u00e7\u00e3o que recebia de todas as Irm\u00e3s, &#8230; o Hino Nacional, eu me lembro disso e digo que era excelente&#8230;muito obrigado por terem feito parte da minha vida e da minha forma\u00e7\u00e3o&#8230;<\/div><div>\u00a0<\/div><div><hr \/><\/div><div>\u00a0<\/div><p><strong>De:<\/strong>\u00a0Aline Souza<\/p><div class=\"notanter-detalhe\" style=\"padding-left: 40px;\">Nossa essa escola \u00e9 maravilhosa!!!!Estude durante alguns anos e lembro com muito carinho como se fosse ontem!Meus irm\u00e3os e eu estudamos no Pio X,hoje sou casada e tenho um filho pequeno que fa\u00e7o quest\u00e3o que estude no nessa escola maravilhosa,tantas lembran\u00e7as!Eu lembro que todos tinham medo da irm\u00e3 Maura e com certeza da irm\u00e3 Maria Jos\u00e9.Sinto saudades das aulas da irm\u00e3 Clara(Ensino religioso).Eu me lembro que meu lugar favorito era o teatro!\u00c9 um tempo que eu sinto muita saudade,o cheirinho do lanche na cantina&#8230;as ora\u00e7\u00f5es antes de come\u00e7ar a primeira aula,as musicas que tocavam para descer para o intervalo&#8230;a capela no p\u00e1tio( sempre ia depois que terminava de comer o lanche,eu adorava&#8230;os recados que a irm\u00e3 Maria Jos\u00e9,dava no microfone(lembro que um dia eu falei no microfone junto com outras crian\u00e7as,nossa eu fiquei super nervosa!!!Com medo,rs&#8230;adorava passar pelo p\u00e1tio e v\u00ear os animais no vidro,eu fazia quest\u00e3o de passar bem devagar(ficava perto da biblioteca se n\u00e3o me engano).Tenho at\u00e9 hoje um carinho muito grande por essa escola.Saudades!!!<\/div><div>\u00a0<\/div><hr \/><div>\u00a0<\/div><p><strong>De:<\/strong>\u00a0Rosa Maria Nascimento<\/p><div class=\"notanter-detalhe\" style=\"padding-left: 40px;\">Como tenho saudades desse tempo,sou da turma de 1979 a 1985 e tenho muitas saudades da irm\u00e3 Maura, Irm\u00e3 Noemi.<br \/>Jogava no time de voley do pio, como era bom! Saudades de todos&#8230;<\/div><div>\u00a0<\/div><div><hr \/><\/div><div>\u00a0<\/div><p><strong>De:<\/strong>\u00a0Milena Barbosa<\/p><div class=\"notanter-detalhe\" style=\"padding-left: 40px;\">Eu, meu irm\u00e3o, meus primos e vizinhos, estudamos todos no Pio X. At\u00e9 Hoje minha m\u00e3e vive lembrando do meu 1\u00ba dia de aula, que eu entrei chorando aos berros, e s\u00f3 ia para escola com a professora Rosa que morava perto de casa. Foi uma \u00e9poca maravilhosa da minha vida. A Irm\u00e3 Maura e a Irm\u00e3 Maria Jos\u00e9 er\u00e3o as que colocavam-me medo. No intervalo era a rampa do port\u00e3o o point da galera. At\u00e9 hoje tenho fotos de recorda\u00e7\u00f5es de uma \u00e9poca muito boa de minha vida.<\/div><div>\u00a0<\/div><div><hr \/><\/div><div>\u00a0<\/div><p><strong>De:<\/strong>\u00a0Karina Courel<\/p><div class=\"notanter-detalhe\" style=\"padding-left: 40px;\">Nossa que del\u00edcia, lendo os coment\u00e1rios at\u00e9 me emocionei, eu , meu irm\u00e3o e meus primos estudamos no Pio&#8230; Que saudade dos amigos, professores, das irm\u00e3s&#8230; Li varios relatos sobre a professora &#8220;Cida Venceguerra&#8221;, algu\u00e9m tem noticias dela? Que saudades !<br \/>Eramos conhecidos como Courel&#8230; se algu\u00e9m lembrar de algum de n\u00f3s, fiquem a vontade para mandar e-mail. Abra\u00e7os a todos !!!<br \/>kacourel@hotmail.com<\/div><div>\u00a0<\/div><div><hr \/><\/div><div>\u00a0<\/div><p><strong>De:<\/strong>\u00a0Rosalyn Tavitian<\/p><div class=\"notanter-detalhe\" style=\"padding-left: 40px;\">Sem palavras para descrever! Os melhores anos da minha vida!!<br \/>Parab\u00e9ns!!!<\/div><div>\u00a0<\/div><div><hr \/><\/div><div>\u00a0<\/div><p><strong>De:<\/strong>\u00a0Silvia Cristina Zabotto de Albuquerque<\/p><div class=\"notanter-detalhe\" style=\"padding-left: 40px;\">Estudei do ano 1985 \u00e0 1990&#8230;\u00c9poca de irm\u00e3 Maura, Irm\u00e3 Albertina&#8230;.morr\u00edamos de medo dela. Irm\u00e3 Julieta um doce&#8230;.Muito bom relembrar, feliz por reencontrar voc\u00eas&#8230;beijos a todos.<br \/>Sil.<\/div><div>\u00a0<\/div><div><hr \/><\/div><div>\u00a0<\/div><p><strong>De:<\/strong>\u00a0Flavio Sugueno<\/p><div class=\"notanter-detalhe\" style=\"padding-left: 40px;\">Nossa, muitas saudades desse col\u00e9gio. Das &#8220;torradinhas&#8221;, provas surpresa da prof. Noemia de Ci\u00eancias, do perfume da prof. Angela de ed. Art\u00edstica e das coisas lindas que o Eduardo Porciuncla fazia na lousa. Dancei at\u00e9 o &#8220;viravira&#8221; e &#8220;Aquarela do Brasil&#8221;. Dos cart\u00f5es honra ao m\u00e9rito e t\u00eanis bamba azul. Sauda\u00e7\u00f5es para irm\u00e3 Ma. Jos\u00e9.<\/div><div>\u00a0<\/div><div><hr \/><\/div><div>\u00a0<\/div><p><strong>De:<\/strong>\u00a0Adriana de Camargo<\/p><div class=\"notanter-detalhe\" style=\"padding-left: 40px;\">Ol\u00e1 meus amigos de escola! As irm\u00e3s MAURA, MARIA JOS\u00c9, ANGELA, MONICA E AS DEMAIS&#8230; agrade\u00e7o a todas pela educa\u00e7\u00e3o que tive nesse tempo, n\u00f3s sabemos que facil n\u00e3o \u00e9, mas hoje posso falar que valeu o tempo que estive por ai, fui do tempo daquele uniforme verde de pano e sapatos pretos, que tempo bom! Muita saudade!&#8230;<\/div><div>\u00a0<\/div><div><hr \/><\/div><div>\u00a0<\/div><p><strong>De:<\/strong>\u00a0Alexandre Arante Vieira<\/p><div class=\"notanter-detalhe\" style=\"padding-left: 40px;\">Estudei de 1982 at\u00e9 1991. FAZ TEEEMPO!!, mas falar do PIO X, como alguns disseram, n\u00e3o \u00e9 f\u00e1cil, \u00e9 de emocionar-se facilmente!!. Toda rigidez educacional na \u00e9poca, hoje s\u00e3o frutos de educa\u00e7\u00e3o e respeito. Foi a melhor \u00e9poca da minha vida e de muitos aqui escreveram e n\u00e3o sabem que este espa\u00e7o existe. Lembro-me das ora\u00e7\u00f5es feitas todos os dias pelo microfone!! Algu\u00e9m se lembra?, nas aulas de OSPB, cantar o hino nacional (e sem erro).rsrs. Parab\u00e9ns irm\u00e3 Maura, irm\u00e3 Maria Jos\u00e9 e demais irm\u00e3s, que n\u00e3o relatarei mais nomes, pois se eu esquecer uma de voc\u00eas, cometerei uma injusti\u00e7a enorme. OBRIGADO pelo que fizeram por n\u00f3s&#8230; espero haver uma reuni\u00e3o desta galera um dia!!! Caso queira mais, meu e-mail: vieira76@ig.com.br Abra\u00e7os a todos!!!<br \/>FOMOS PRIVILEGIADOS em estudar nesta escola!!<\/div><div>\u00a0<\/div><div><hr \/><\/div><div>\u00a0<\/div><p><strong>De:<\/strong>\u00a0Alexandre Arante Vieira<\/p><div class=\"notanter-detalhe\" style=\"padding-left: 40px;\">Estudei no PIO X, de 1982 a 1991. Um ensino que hj deveria ser exemplo para muitas institui\u00e7\u00f5es, inclusive para o ENEM. Foi a melhor \u00e9poca da minha vida!!, Saudades dos intervalos, das aulas de EF, as irm\u00e3s eram maravilhosas com a gente. Estudar nesta escola me fez aprender o respeito, a solidariedade e principalmente ser um cidad\u00e3o. SORTE FOI AQUELE QUE ESTUDOU NESTA ESCOLA, tenham certeza!!! PARAB\u00c9NS IRM\u00c3S!!!<\/div><div>\u00a0<\/div><div><hr \/><\/div><div>\u00a0<\/div><p><strong>De:<\/strong>\u00a0Lucas de Mello<\/p><div class=\"notanter-detalhe\" style=\"padding-left: 40px;\">Faz dois anos e meio que estudei nesta escola. Sinto saudades dos meus amigos, professores e das irm\u00e3s. Mando beijos para todos. Tenho 12 anos agora.<\/div><div>\u00a0<\/div><div><hr \/><\/div><div>\u00a0<\/div><p><strong>De:<\/strong>\u00a0Bruno Matos<\/p><div class=\"notanter-detalhe\" style=\"padding-left: 40px;\">Estudei neste maravilhoso col\u00e9gio de 1990 at\u00e9 1998.<br \/>Devo muito do que sou hoje ao aprenzido adquirido no Instituto S\u00e3o Pio X. Tenho muitas saudades desta \u00e9poca.<br \/>Agora a minha filha com certeza estudar\u00e1.<\/div><div>\u00a0<\/div><div><hr \/><\/div><div>\u00a0<\/div><p><strong>De:<\/strong>\u00a0Renato Prado Lopes Vidotti<\/p><div class=\"notanter-detalhe\" style=\"padding-left: 40px;\">\u00c9 faz tempo que estudei no Pio, saudades? Demais, claro. O que mais me impressiona \u00e9 como eu vim preparado pro mundo l\u00e1 fora, ouvi v\u00e1rias vezes e de v\u00e1rias bocas que o ensino deixava a desejar, e hoje eu tenho certeza que muita gente mordeu a l\u00edngua, n\u00e3o quanto a faculdade que cada um fez, mas sim quanto ao que cada um levou consigo pra viver nesse grande mund\u00e3o. Foram muitas experi\u00eancias que vivi no instituto, agrade\u00e7o a v\u00e1rios professores e irm\u00e3s, e prometo que um dia vou voltar a ver esse pessoal, saudades demais.<\/div><div>\u00a0<\/div><div><hr \/><\/div><div>\u00a0<\/div><p><strong>De:<\/strong>\u00a0Natacha<\/p><div class=\"notanter-detalhe\" style=\"padding-left: 40px;\">Oooiiiii meu, quantas saudades de Pio X,essa foi a melhor escola que eu j\u00e1 estudei. Eu espero passar um dia pra ver todo mundo ai. bjsss<\/div><div>\u00a0<\/div><div><hr \/><\/div><div>\u00a0<\/div><p><strong>De:<\/strong>\u00a0Alberto Santos<\/p><div class=\"notanter-detalhe\" style=\"padding-left: 40px;\">Estudei no Pio X a muito tempo, nem lembro direito o periodo mas foi apenas uma ano, lembro que foi um periodo maravilhoso, tenho \u00f3timas lembran\u00e7as do ginasio, lanchonete, butant\u00e3&#8230;. que tempo maravilhoso&#8230;.. queria muito visitar um dia.<\/div><div>\u00a0<\/div><div><hr \/><\/div><div>\u00a0<\/div><p><strong>De:<\/strong>\u00a0Yasmin<\/p><div class=\"notanter-detalhe\" style=\"padding-left: 40px;\">Hoje eu sei que o Instituto S \u00e3o Pio X foi e sempre ser\u00e1 muito importante na minha vida. Hoje as pessoas que tem a oportunidade de estudar l\u00e1, tem que dar gra\u00e7as a Deus e agradecer muito. E eu me arrependo at\u00e9 hoje de ter saido do Pio X, uma escola que realmente me ajudou. Pio X vai ficar pra sempre na memoria<\/div><div>\u00a0<\/div><div><hr \/><\/div><div>\u00a0<\/div><p><strong>De:<\/strong>\u00a0Giovanna Araujo<\/p><div class=\"notanter-detalhe\" style=\"padding-left: 40px;\">\u00c9 com muito prazer que estou escrevendo porque eu n\u00e3o tenho nada que reclamar do Pio X. Amo essa escola de paix\u00e3o, e estou com muitas saudades das irm\u00e3s, das coordenadoras, das minhas amigas e amigos e dos professores Coordenadora: Cristina nunca vou te esquecer<br \/>Essa escola entrou na minha hist\u00f3ria e nunca vou esquecer!<br \/>Beij\u00e3o Galera do Pio X<\/div><div>\u00a0<\/div><div><hr \/><\/div><div>\u00a0<\/div><p><strong>De:<\/strong>\u00a0Vanessa da Hora<\/p><div class=\"notanter-detalhe\" style=\"padding-left: 40px;\">Realmente estudar em uma Institui\u00e7\u00e3o como est\u00e1, e motivo de muito orgulho. Eu e meu irm\u00e3o tivemos esta sorte. Me lembro o medo que as crian\u00e7as do jardim tinham da Irm\u00e3 Maura e quando eram ouvidos seus passos no corredor todos ficavam em silencio. O pior que ela era sempre muito carinhosa comigo e sempre dava um sorriso. Saudades e orgulho de fazer parte desta fam\u00edlia.<\/div><div>\u00a0<\/div><div><hr \/><\/div><div>\u00a0<\/div><p><strong>De:<\/strong>\u00a0Cl\u00e1udia Regina dos Santos<\/p><div class=\"notanter-detalhe\" style=\"padding-left: 40px;\">\u00c9 com muita emo\u00e7\u00e3o que escrevo nesse momento, pois h\u00e1 muito tempo tentava descobrir se essa institui\u00e7\u00e3o ainda existia, e gra\u00e7as a internet, descobri que sim. Na verdade, eu estudei a\u00ed, quando estava no lar Madre Benedita, h\u00e1 exatos 32 anos. Tudo que sou e aprendi e o ser humano que tornei, devo muito as duas institui\u00e7\u00f5es. Perdi minha m\u00e3e h\u00e1 dois e anos e hoje minha v\u00f3 que colocou a\u00ed, est\u00e1 com 81 anos. Hoje, entendo que tudo que foi feito foi para o bem estar. Que Deus aben\u00e7\u00f5e a todas as freiras que conviveram comigo e as que ainda est\u00e3o a frente das institui\u00e7\u00f5es. Grande abra\u00e7o a todos!<\/div><div>\u00a0<\/div><div><hr \/><\/div><div>\u00a0<\/div><p><strong>De:<\/strong>\u00a0Michelle<\/p><div class=\"notanter-detalhe\" style=\"padding-left: 40px;\">Feliz das pessoas que podem estudar numa escola t\u00e3o boa quanto o Pio X&#8230; uma escola maravilhosa e que hoje me traz muuuuuuuuuuuuuuuuuuita saudades&#8230; Agrade\u00e7o aos meus pais por terem me colocado nessa escola e pelas freiras a me fazer o que sou hoje&#8230; Pena que escola assim hoje em dia \u00e9 para poucos.<\/div><div>\u00a0<\/div><div><hr \/><\/div><div>\u00a0<\/div><p><strong>De:<\/strong>\u00a0Daniel Montenegro Prado Lopes<\/p><div class=\"notanter-detalhe\" style=\"padding-left: 40px;\">Sou da turma que se formou em 1990 e posso dizer que estudar no PIOX, como diz\u00edamos, foi a experi\u00eancia mais marcante em minha vida. Tenho muitas saudades daquele tempo. Quem sabe n\u00e3o viro professor do col\u00e9gio agora? rsrs<\/div><div>\u00a0<\/div><div><hr \/><\/div><div>\u00a0<\/div><p><strong>De:<\/strong>\u00a0Nicadan Galv\u00e3o (Per\u00edodo de 1984, 1\u00aa J \/ 1991, 8\u00aa D)<\/p><div class=\"notanter-detalhe\" style=\"padding-left: 40px;\">Foi no ISPX que passei os melhores anos da minha vida. Foi l\u00e1 que aprendi boa parte dos valores que contribu\u00edram com a forma\u00e7\u00e3o do meu car\u00e1ter. Al\u00e9m de um excelente ensino, o aluno aprende a ser cidad\u00e3o. Muito obrigado aos meus PAIS, professores, amigos e principalmente as irm\u00e3s MAURA, Ma. JOS\u00c9 e a minha amada irm\u00e3 JULIETA. Um dia, depois de aprontar um pouco e meus pais serem chamados a sala da coordena\u00e7\u00e3o, irm\u00e3 JULIETA ao me ver em prantos falou: \u201cagora n\u00e3o adianta chorar n\u00e3o, mocinho, isso para mim s\u00e3o l\u00e1grimas de crocodilo.\u201d Palavras e lembran\u00e7as que levarei para o resto de minha vida.<br \/>Nicadan Galv\u00e3o Per\u00edodo de 1984, 1\u00aa J \u00e1 1991, 8\u00aa D<\/div><div>\u00a0<\/div><div><hr \/><\/div><div>\u00a0<\/div><p><strong>De:<\/strong>\u00a0Marcelo Minutti<\/p><div class=\"notanter-detalhe\" style=\"padding-left: 40px;\">Sou da turma que se formou 1990 (8a s\u00e9rie) e realmente foi uma fase muito especial da minha vida. Para retomarmos contato, montei um grupo no Facebook, j\u00e1 somos 89 e o grupo est\u00e1 muito ativo (o povo fica conectado 24\/7). Se voc\u00ea \u00e9 dessa turma e gostaria de rever velhos amigos procure no Facebook o grupo \\&#8221;Pio X &#8211; Turma de 90\\&#8221;&#8230; Nos encontramos l\u00e1&#8230; abs<br \/>Ps.: Tem tamb\u00e9m uma p\u00e1gina no Facebook do Pio. S\u00f3 entrar l\u00e1 dar um \\&#8221;curtir\\&#8221; \ud83d\ude09 O nome da p\u00e1gina \u00e9 \\&#8221;Instituto S\u00e3o Pio X\\&#8221;<\/div><div>\u00a0<\/div><div><hr \/><\/div><div>\u00a0<\/div><p><strong>De:<\/strong>\u00a0Christiane Pereira Cassiano<\/p><div class=\"notanter-detalhe\" style=\"padding-left: 40px;\">Agrade\u00e7o meu pai sempre, por ter me dado a oportunidade de ter estudado no PIO, as irm\u00e3s que mesmo na rigidez, conseguiram plantar a semente do bem em meu cora\u00e7\u00e3o, pois foi neste col\u00e9gio que construi toda a base da minha vida, que conheci pessoas maravilhosas que me deram amor e que me ensinaram a correr atr\u00e1s de meus objetivos e trilhar no caminho do sucesso, aos amigos que l\u00e1 fiz e que continuo mantendo contato e encontrando at\u00e9 hoje. Entrei no col\u00e9gio em 1992 e me formei na turma de 1990.<\/div><div>\u00a0<\/div><div><hr \/><\/div><div>\u00a0<\/div><p><strong>De:<\/strong>\u00a0Silene Mattenhauer Lopes Capp<\/p><div class=\"notanter-detalhe\" style=\"padding-left: 40px;\">Sou da turma de 1978, a terceira turma a se formar. Estudar no Pio foi muito importante, principalmente pelo fato do meu pai Marino Lopes ajudar na constru\u00e7\u00e3o da escola. Entrei na escola com 2 anos e N\u00e3o tinha 1 ter\u00e7o dos recursos que a escola oferece hoje. S\u00f3 havia a Igreja e a Casa das irm\u00e3s e as salas de aula ficavam embaixo da Igreja, no p\u00e1tio havia um chiqueiro. Tenho muita saudade daquela \u00e9poca. Das festas que ajud\u00e1vamos a organizar. Se vc for da minha turma entre em contato pelo email: silene_capp@hotmail.com.<br \/>Quero deixar um grande beijo no cora\u00e7\u00e3o da Irm\u00e3 Maura (que adorava beliscar bem na cintura), a Irm\u00e3 Zaira e a toda minha turma.<\/div><div>\u00a0<\/div><div><hr \/><\/div><div>\u00a0<\/div><p><strong>De:<\/strong>\u00a0Patricia Pereira de Araujo<\/p><div class=\"notanter-detalhe\" style=\"padding-left: 40px;\">Entrei no ISPX do ano 1980 at\u00e9 1990 desde a primeira fase&#8230;.tempos bons passando varias transforma\u00e7\u00f5es de uniforme&#8230; a farda verde at\u00e9 o unifome azul base de vida espiritual e pessoal. Que o Senhor aben\u00e7oe a todosque fizeram parte da minha educa\u00e7\u00e3o.<\/div><div>\u00a0<\/div><div><hr \/><\/div><div>\u00a0<\/div><p><strong>De:<\/strong>\u00a0Naiara de S\u00e1 Ferreira de Souza<\/p><div class=\"notanter-detalhe\" style=\"padding-left: 40px;\">Fui aluna do Instituto nos anos de 1999 at\u00e9 2010! Foram os melhores anos da minha vida, aprendi o que \u00e9 ser algu\u00e9m, ter amigos, descobri verdades, vi que alguns eram falsos outros verdadeiros. A estrutura dessa escola \u00e9 maravilhosa, e a saudade que eu sinto \u00e9 enorme e sinto que s\u00f3 tende a aumentar! Gostaria de agradecer a todos os professores, mas em particular \u00e0 Sandra de Santa Rosa, Vera L\u00facia, Luiz Antonio, Carlos Alberto e Carlos Barbosa, que me ensinaram muito mais que a simples mat\u00e9ria que ensinavam, me ensinaram a ser a pessoa que me tornei hoje. S\u00f3 tenho a agradecer o Instituto S\u00e3o Pio X, em todos os sentidos<\/div><div>\u00a0<\/div><div><hr \/><\/div><div>\u00a0<\/div><p><strong>De:<\/strong>\u00a0Alessandra Nunes de Souza Moreno<\/p><div class=\"notanter-detalhe\" style=\"padding-left: 40px;\">Fui aluna do Pio X do ano de 1982 at\u00e9 o ano 1990. Fiz parte do coral da irm\u00e3 Albertina e irm\u00e3 Madalena. Tive a honra de ter aulas com a irm\u00e3 Julieta e a Irm\u00e3 Maria Jos\u00e9, hoje diretora.<br \/>Sinto muita saudades do col\u00e9gio que fez parte da minha vida e forma\u00e7\u00e3o. Tudo o que sou, devo ao privil\u00e9gio de ter estudado nesta maravilhosa escola.<br \/>Um beijo \u00e0 todas irm\u00e3s, Irm\u00e3 Maura, Irm\u00e3 Maria Jos\u00e9, Irm\u00e3 Albertina, Irm\u00e3 Madalena&#8230; e todos os professores que fizeram parte da minha vida:<br \/>Tia Juscelina<br \/>Tia Catarina<br \/>Tia Salete<br \/>Professor Vanderlei<br \/>Irm\u00e3 Julieta<br \/>Prof. Cida &#8220;Venceguerra&#8221;<br \/>Irm\u00e3 Maria Jos\u00e9<br \/>Irm\u00e3 Madalena<br \/>Irm\u00e3 Albertina.<br \/>Um abra\u00e7o e que Deus aben\u00e7oe todos voc\u00eas.<\/div><div>\u00a0<\/div><div><hr \/><\/div><div>\u00a0<\/div><p><strong>De:<\/strong>\u00a0Fernanda Rodrigues de Brito<\/p><div class=\"notanter-detalhe\" style=\"padding-left: 40px;\">Aten\u00e7\u00e3o ex alunos do Pio, em especial quem se formou na \\&#8221;8\u00aa s\u00e9rie\\&#8221; em 1991, criamos um grupo no facebook e j\u00e1 somos 67, estamos nos falando e tentando marcar, quem sabe pra nos vermos na festa Junina desse ano! Quem ainda n\u00e3o est\u00e1 no facebook, entrem logo e nos procurem&#8230;Beijos, saudade demais dessa escola t\u00e3o querida! S\u00f3 quem estudou no Pio que entende esse amor que sentimos por nossa escola! Beijos a todos, obrigada irm\u00e3s, professores e professoras, que tamb\u00e9m s\u00e3o bem vindos a participarem da comunidade no facebook, criada pelo Fernando Giacomeli, \u00e9 s\u00f3 entrar!<\/div><div>\u00a0<\/div><div><hr \/><\/div><div>\u00a0<\/div><p><strong>De:<\/strong>\u00a0Fernando Giacomeli<\/p><div class=\"notanter-detalhe\" style=\"padding-left: 40px;\">\u00c9 o tempo passa&#8230;<br \/>L\u00e1se v\u00e3o 20 anos de minha formatura &#8211; quanta saudade. Hoje formado e pais de 2 filhas, se morasse perto do Pio X n\u00e3o tetubiava em matricula-las nesta linda escola. Depois que conheci o site do ISPX, come\u00e7ei a reunir &#8211; via internet &#8211; os ex-alunos que comigo se formaram. J\u00e1 somos 54 confirmados, de 246 daquela turma. Em breve estaremos todos reunidos e faremos uma confraterniza\u00e7\u00e3o para relembrarmos nosso tempo de alunos.<br \/>Um beijo a todas as Irm\u00e3s, especialmente a Ir. Maria Jos\u00e9 , Ir. Noemi, e a Ir. Marina (que na \u00e9poca a chamavamos de Ir. Mocinha).<\/div><div>\u00a0<\/div><div><hr \/><\/div><div>\u00a0<\/div><p><strong>De:<\/strong>\u00a0Milene Patricia Costa Camilo<\/p><div class=\"notanter-detalhe\" style=\"padding-left: 40px;\">Sou muito grata a essa exelente escola. Estudei ai quando muito pequena, tinha meus 4, 5 anos. Morava em Barueri na \u00e9poca e achava ruim com meus pais de ter que ir de onibus escolar todos os dias para a escola, pois \u00e9 um pouco longe. Hoje sou muito agradecida aos meus pais por insistir e confiar no ensino do Pio X. Hoje estou no ultimo ano da faculdade e nunca tive grandes dificuldades com os estudos gra\u00e7as a base que tive no Pio X. Agora mesmo comecei a ver as fotos do colegio, esta lindo, nao contive as lagrimas!<br \/>Obrigada por fazerem parte da minha tragetoria de vida.<br \/>Voc\u00eas n\u00e3o marcaram somente a minha como a de meu irm\u00e3o Leandro Camilo que estudou a vida toda no col\u00e9gio.<\/div><div>\u00a0<\/div><div><hr \/><\/div><div>\u00a0<\/div><p><strong>De:<\/strong>\u00a0Daniel Augusto Watanabe Ferreira<\/p><div class=\"notanter-detalhe\" style=\"padding-left: 40px;\">Meus carinho e agradecimento ao ISPX, se sou o que sou hoje, devo a essa maravilhosa escola onde sem duvidas vivi os melhores momentos de minha vida&#8230;estudei de 1994 at\u00e9 1999, infelizmente n\u00e3o pude me formar ai, pois meu pai foi mandando embora do servi\u00e7o e n\u00e3o tinhamos mais condi\u00e7\u00f5es de pagar, fui para em uma escola p\u00fablica, onde realmente percebi a diferen\u00e7a de ensino&#8230; Saudades mil de meus amigos e professores &#8230;em especial irm\u00e3 Maria Jos\u00e9, Coordenadora Sonia, Professor Daniel (geografia), Lucio e Tadeu (que foram meus tecnicos no futsal) e tantos que n\u00e3o me recordo mais e aos meus amigos, Ricardinho, Tet, Marquinhos, Fabinho(Zimba), Bruno Fragoso, Andre &#8230; saudades mil<\/div><div>\u00a0<\/div><div><hr \/><\/div><div>\u00a0<\/div><p><strong>De:<\/strong>\u00a0Vin\u00edcius Ciongoli Martins<\/p><div class=\"notanter-detalhe\" style=\"padding-left: 40px;\">Eu sa\u00ed dessa escola maravilhosa ano passado (2010). Estou morrendo de saudade , pretendo visitar meus amigos em breve e as irm\u00e3s QUE EU AMO DEMAIS, principalmente a irm\u00e3 Maria Jos\u00e9 e a irm\u00e3 Noemi !!!<br \/>Saudades dos professores:Luzia, Noemia, Ant\u00f4nio, Elaine, Isabel, Daniela, enfim de todos os professores que eu tive aula !!!<\/div><div>\u00a0<\/div><div><hr \/><\/div><div>\u00a0<\/div><p><strong>De:<\/strong>\u00a0Raquel Cristina da Costa<\/p><div class=\"notanter-detalhe\" style=\"padding-left: 40px;\">A paz de Cristo a todos! Quero deixar registrado que muito do que sou hoje devo a esta escola, uma vez que toda a minha inf\u00e2ncia passei aqui. Os professores que tive, principalmente a Rosemary Papp e a M\u00e1rcia, bem como as Irm\u00e3s Josiane, Madalena e M\u00e1rcia, foram o carro-chefe para eu escolher a carreira na \u00e1rea da educa\u00e7\u00e3o. Sou professora h\u00e1 quase 15 anos e nunca esque\u00e7o das minhas raizes. O Pio X faz parte delas. Por isso, s\u00e3o t\u00e3o profundas e saud\u00e1veis. Muito obrigado por tudo e que o Senhor recompense a cada uma de voc\u00eas!<br \/>Beijos a todos da fam\u00edlia PIO X.<\/div><div>\u00a0<\/div><div><hr \/><\/div><div>\u00a0<\/div><p><strong>De:<\/strong>\u00a0Anne Cristine Barbosa Santos<\/p><div class=\"notanter-detalhe\" style=\"padding-left: 40px;\">Cursei o Ensino Fundamental (antigo prim\u00e1rio 1\u00aa \u00e0 4\u00aa s\u00e9rie) no Pio X, no ano de 1981 \u00e0 1984&#8230;foi a base para minha vida institucional.<\/div><div>\u00a0<\/div><div><hr \/><\/div><div>\u00a0<\/div><p><strong>De:<\/strong>\u00a0Elaine Cristina Fudoli Todorov<\/p><div class=\"notanter-detalhe\" style=\"padding-left: 40px;\">Li as mensagens tentando encontrar algu\u00e9m conhecido, mas a mem\u00f3ria n\u00e3o me ajudou muito&#8230; mas a mesma me fez lembrar de tantas outras coisas&#8230; as dan\u00e7as de em\u00edlia de bahiana(minha m\u00e3e guarda as fantasias at\u00e9 hoje),o misto quente da cantina&#8230; hummm que saudade!<br \/>E o cheirinho do meu primeiro dicion\u00e1rio Aur\u00e9lio!!!! nossa quantas coisas&#8230; Me lembro do \u00f4nibus que me levava e da Dona Mariquinha e D. Ruth que cuidavam da gente no caminho. Da Raquel, minha melhor amiga. Nossa&#8230; Abra\u00e7o a todos!<\/div><div>\u00a0<\/div><div><hr \/><\/div><div>\u00a0<\/div><p><strong>De:<\/strong>\u00a0Aline Correa<\/p><div class=\"notanter-detalhe\" style=\"padding-left: 40px;\">Fico muito feliz de fazer parte desta grande fam\u00edlia. Estudei nesta querida escola em 76 e 77. Felicidades a todos.<\/div><div>\u00a0<\/div><div><hr \/><\/div><div>\u00a0<\/div><p><strong>De:<\/strong>\u00a0Caroline Alexandra Pereira de Souza<\/p><div class=\"notanter-detalhe\" style=\"padding-left: 40px;\">Estudei no Pio X por oito maravilhosos anos (1989 &#8211; 1996) e tenho orgulho de dizer que fa\u00e7o parte da primeira turma de segundo grau do Instituto S\u00e3o Pio X.<br \/>Saudades dos tempos de meninisse, brincadeiras, reuni\u00f5es, festas, corridas na brita, comer cachorro quente escondida para lambuzar o rosto sem preocupa\u00e7\u00e3o, rs! Estudar para a prova no intervalo do recreio, viajar para lugares inusitados em meio a Mata Atl\u00e2ntica, colher pedras, folhas de \u00e1rvores, ver os amigos descobrirem o primeiro beijo, rir muito e rir mais um pouco ainda. Sofrer com o apoio dos amigos, ganhar incr\u00edveis amigos, sem d\u00favida, o melhor presente que este col\u00e9gio maravilhoso me deu!<br \/>Tempos maravilhosos que constru\u00edram muito do que sou hoje, rs, liberdade, sem libertinagem&#8230; Saudades das irm\u00e3s Maura, Noemi, e dos queridos professores Gilda, Vera L\u00facia, Ros\u00e2ngela, Silvio, que estimulou minha paix\u00e3o pela ci\u00eancia, e todos os outros, MUITO OBRIGADO!<br \/>Obrigado pelos meus amigos queridos que est\u00e3o ao meu lado at\u00e9 hoje!<\/div><div>\u00a0<\/div><div><hr \/><\/div><div>\u00a0<\/div><p><strong>De:<\/strong>\u00a0Fernando Aparecido Bortuluzi<\/p><div class=\"notanter-detalhe\" style=\"padding-left: 40px;\">\u00c9 dif\u00edcil, sequer, come\u00e7ar a escrever, depois de ler todas as mensagens do mural, as l\u00e1grimas rolam sem controle, mas vou tentar.<br \/>Comecei em 1977 e sa\u00ed em 1985, e n\u00e3o perdo\u00f4 as Irm\u00e3s(rsrsrs) por n\u00e3o terem o Ensino M\u00e9dio nesta \u00e9poca, seriam mais 3 anos de felicidade e aprendizado, s\u00f3 tenho boas lembran\u00e7as, ao contr\u00e1rio das Irm\u00e3s, Maura, Noemi, Maria Jos\u00e9 e Mirian, eu era terr\u00edvel, n\u00e3o fazia dever, n\u00e3o era exemplo de comportamento e estava de vez em sempre na Diretoria, mas estava sempre na lista dos 10 melhores da sala, nota e aprender n\u00e3o era problema.<br \/>Tantos amigos eu fiz nestes nove anos e sinto falta de cada um, alguns eu reencontrei, outros n\u00e3o, mas sinto falta de todos, um por um. Dos professores ent\u00e3o, nem d\u00e1 para explicar, semprei adorei o ambiente escolar, e burro que fui, s\u00f3 resolvi me tronar professor agora, esteve sempre na cara, o Amor passado por todos da institui\u00e7\u00e3o e que sempre senti por aquele ambiente somente poderia significar isto.<br \/>Agrade\u00e7o pelos melhores anos da minha vida e por todas as lembran\u00e7as que carrego, bem como o aprendizado que tive, princ\u00edpios morais, \u00e9ticos e religiosos.<br \/>Desculpe aos Mestres que eu n\u00e3o mencionar aqui, mas l\u00e1 se v\u00e3o 26 anos a mem\u00f3ria vai falhar, mas lembro de todos, mas alguns nomes me fugir\u00e3o com certeza:<br \/>1977 Irm\u00e3 M\u00e1rcia &#8211; Pr\u00e9<br \/>1978 Silvana Scaglione &#8211; 1\u00aa s\u00e9rie<br \/>1979 Maria do Carmo &#8211; 2\u00aa s\u00e9rie<br \/>1980 &#8211; Aparecida(Cida) Venceguerra &#8211; 3\u00aa s\u00e9rie<br \/>1981 &#8211; Marli &#8211; 4\u00aa S\u00e9rie<br \/>Depois no antigo Ginasial 5\u00aa &#8211; 8\u00aa lembro da Sebastiana D\u00f3ris, Salete, Jos\u00e9 Manuel, Gilberto, H\u00e9lio, Pedro Luciano, Pedro, Elo\u00edsa e tantos outros, n\u00e3o falei a mem\u00f3ria ia falhar.<br \/>As Irm\u00e3s Maura, Noemi, Maria Jos\u00e9, Julieta, Zaira(Como canta) e as demais que n\u00e3o me recordo.<br \/>Obrigado pelo que fui, sou e serei, sem voc\u00eas n\u00e3o teria tido a base necess\u00e1ria para a vida, que \u00e9 dura, e por plantar a semente da doc\u00eancia em mim que agora aflorou e que irei regar e fazer se tornar a \u00e1rvore de melhores frutos j\u00e1 vistos.<br \/>\u00c0queles que se lembrarem de mim e quiserem manter contato, segue o e-mail: nandobortuluzi@uol.com.br<br \/>Esta institui\u00e7\u00e3o est\u00e1 no meu cora\u00e7\u00e3o, tanto que n\u00e3o posso deixar de dizer que todas as vezes que vejo aquele port\u00e3o verde, as l\u00e1grimas teimam em deixar meus olhos marejados.<br \/>Obrigado,<br \/>Fernando Aparecido Bortuluzi<\/div><div>\u00a0<\/div><div><hr \/><\/div><div>\u00a0<\/div><p><strong>De:<\/strong>\u00a0Rosemar Daineze Souza<\/p><div class=\"notanter-detalhe\" style=\"padding-left: 40px;\">Estudei no Pio X por volta dos anos 70. Me tornei professora por causa da minha primeira amada professora Irm\u00e3 Josiane. Na \u00e9poca, a diretora era Irm\u00e3 Maura. Col\u00e9gio Pio X \u00e9 a melhor lembran\u00e7a da minha inf\u00e2ncia e a Irm\u00e3 Josiane marcou minha vida pra sempre.<br \/>Que saudade!!<\/div><div>\u00a0<\/div><div><hr \/><\/div><div>\u00a0<\/div><p><strong>De:<\/strong>\u00a0Luciane ReisFrmino<\/p><div class=\"notanter-detalhe\" style=\"padding-left: 40px;\">Tenho um carinho enorme pelo Pio X&#8230; Estudei de 1985 a 1994, tinha medo da irm\u00e3 Maura, por isso evitava ir para a diretoria rs, e adorava a irm\u00e3 Mirian, tenho uma foto com ela, vou tentar scanear e enviar a vcs&#8230;..<br \/>Devo a forma\u00e7\u00e3o do meu car\u00e1ter a educa\u00e7\u00e3o que recebi dos meus pais e irm\u00e3s da escola&#8230;.<br \/>Tenho muito orgulho de fazer parte desta hist\u00f3ria. Saudades!!!<br \/>Voces estar\u00e3o sempre em meu cora\u00e7\u00e3o!<\/div><div>\u00a0<\/div><div><hr \/><\/div><div>\u00a0<\/div><p><strong>De:<\/strong>\u00a0Solange F\u00e1tima Grazioli<\/p><div class=\"notanter-detalhe\" style=\"padding-left: 40px;\">Estudei no PIO X de 1967 a 1969 que eu me lembre&#8230;fiz o maternal at\u00e9 o pr\u00e9 prim\u00e1rio&#8230;meu pai e meu tio que come\u00e7aram a constru\u00e7\u00e3o dessa escola&#8230;tenho fotos e tantas saudades dai&#8230;.minha professora foi a irm\u00e3 Andr\u00e9ia&#8230;.bons tempos!!!!!<\/div><div>\u00a0<\/div><div><hr \/><\/div><div>\u00a0<\/div><p><strong>De:<\/strong>\u00a0Rog\u00e9rio Cardoso Bulh\u00f5es<\/p><div class=\"notanter-detalhe\" style=\"padding-left: 40px;\">Ol\u00e1! Estudei no PIO X de 1966 a 1977! Fui da segunda turma a se formar no primeiro grau! Logo depois da turma do Benis\u00e1rio (ver post abaixo). Foi uma inf\u00e2ncia maravilhosa! Tenho a convic\u00e7\u00e3o de que estudar nessa institui\u00e7\u00e3o foi o que me permitiu ter a excelente vida que tenho e ser a pessoa que sou. S\u00f3 tenho a agradecer! Saudades dos meus colegas (Siley, \u00c9lio, Orlando, Osvaldo, Z\u00e9 Ricardo etc) e dos professores (Luiz de ci\u00eancias, Luiz da Ed. F\u00edsica, Irm\u00e3 Maura, Irm\u00e3 M\u00f4nica, Dona Dina etc).<br \/>Abra\u00e7o a todos!<br \/>Rog\u00e9rio &#8211; Formando 1977<\/div><div>\u00a0<\/div><div><hr \/><\/div><div>\u00a0<\/div><p><strong>De:<\/strong>\u00a0Layla Dubowischy Bia<\/p><div class=\"notanter-detalhe\" style=\"padding-left: 40px;\">Ol\u00e1, a saudades do ISPX \u00e9 grande de mais e sem compara\u00e7\u00e3o!!! A educa\u00e7\u00e3o, o ensino, a forma\u00e7\u00e3o de pessoas, totalmente incompar\u00e1vel, \u00e9 dif\u00edcil voc\u00ea n\u00e3o lembrar, ou ao mesmo tempo n\u00e3o dizer que sente falta da galera, das professoras que fizeram parte de nossas vidas!!! \u00c9 bom rever as pessoas com quem passamos mais de 10 anos juntos! Sinto falta dessa maravilhosa escola!<br \/>E aproveito para parabenizar todas as irm\u00e3s em especial a irm\u00e3 Maria Jos\u00e9, e todas as coordenadoras e professoras que formar esse grupo de educadores.<br \/>Parab\u00e9ns!!! e sinto mtas saudades!<br \/>Layla Dubowischy Bia &#8211; Formanda 2006<\/div><div>\u00a0<\/div><div><hr \/><\/div><div>\u00a0<\/div><p><strong>De:<\/strong>\u00a0Carlos Alberto Negreiros<\/p><div class=\"notanter-detalhe\" style=\"padding-left: 40px;\">Pio X , quanta saudade da Irm\u00e3 Maura , da Irma Noemi. Sinto agora que foram momentos inesquec\u00edveis os que passei de 1976 a 1983.<br \/>Deixo aqui meu muito obrigado por terem me propocionado um ensino de qualidade, contribuindo para que eu tenha me tornado um Homem Digno.<\/div><div>\u00a0<\/div><div><hr \/><\/div><div>\u00a0<\/div><p><strong>De:<\/strong>\u00a0Marcio Rosa Harter<\/p><div class=\"notanter-detalhe\" style=\"padding-left: 40px;\">Estudei na turma de 1981 e 1982 e foram os melhores anos da minha inf\u00e2ncia.<br \/>Se alguen estudou durante esses anos entre em contato comigo no meu email: marciorosa@caiweb.com<\/div><div>\u00a0<\/div><div><hr \/><\/div><div>\u00a0<\/div><p><strong>De:<\/strong>\u00a0Cassia Pimenta Barufi<\/p><div class=\"notanter-detalhe\" style=\"padding-left: 40px;\">Indiscutivelmente foram os melhosres anos da minha vida&#8230;.<br \/>onde fui acolhida, assistida e educada e depois de 20 anos quero que meus filhos continuem nesta caminhada.<br \/>Muitas saudades.<\/div><div>\u00a0<\/div><div><hr \/><\/div><div>\u00a0<\/div><p><strong>De:<\/strong>\u00a0Kellyn Cristina da Matta Silva<\/p><div class=\"notanter-detalhe\" style=\"padding-left: 40px;\">ISPX, ahhh que saudades, chorei quando entrei porque era longe da minha casa e tinha que ir de \u00f4nibus e chorei quando sai, escolher outra escola. EHHH enfim os anos passaram e chegou a hora de crescimento&#8230;<br \/>Quando sai desta maravilhosa escola n\u00e3o existia o colegial, passou a ter no ano seguinte.<br \/>AAAHH quantos amigos conquistados, uns at\u00e9 hoje, outros perdi o contato.<br \/>O mais emocionante de hoje \u00e9 ouvir meu filho dizer que quer estudar no ISPX, n\u00e3o vejo a hora de relembrar com ele meus velhos e felizes tempos.<br \/>Beijos a todos.<br \/>Kellyn<\/div><div>\u00a0<\/div><div><hr \/><\/div><div>\u00a0<\/div><p><strong>De:<\/strong>\u00a0\u00c9rica da Silva Dion\u00edsio Batista<\/p><div class=\"notanter-detalhe\" style=\"padding-left: 40px;\">Nossa! Instituto S\u00e3o Pio X! Que saudade!<br \/>Acho que nem vou conseguir continuar&#8230;as l\u00e1grimas j\u00e1 querem rolar&#8230;<br \/>Estudei no Pio desde o jardim at\u00e9 a 8\u00aa s\u00e9rie (1986).<br \/>Foram os melhores anos da minha vida!<br \/>Era tudo pra mim: estudar, estar com meus amigos, professores, com as irm\u00e3s e, sobretudo, Cantar no Coral.<br \/>Ah! o Coral! Trago na mem\u00f3ria todos os eventos e apresenta\u00e7\u00f5es que fizemos&#8230;A viagem \u00e0 3 Cora\u00e7\u00f5es\/MG (bem no meu anivers\u00e1rio), sem contar um certo Dia dos Pais que cantei \\&#8221;Meu Velho Pai\\&#8221; e o meu pai, hoje falecido, no altar da igreja. Nossa! Quanta emo\u00e7\u00e3o!<br \/>Lembro dos professores: Helio e Silvana Scaglione, Luzia, Jefferson, Gilberto, entre tantos outros.<br \/>Das irm\u00e3s: saudosa Juju (Julieta) que me deu uma bibl\u00eda que tenho at\u00e9 hoje, Maura, Noemi, Maria Jos\u00e9, Narcisa, Zaira, s\u00e3o tantas queridas..me perdoem se n\u00e3o citei todas.<br \/>Infelizmente moro longe e minhas filhas n\u00e3o estudam no Pio.<br \/>Deixo aqui meu Grande Abra\u00e7o e espero poder visit\u00e1-las algum dia desses.<\/div><div>\u00a0<\/div><div><hr \/><\/div><div>\u00a0<\/div><p><strong>De:<\/strong>\u00a0Camila<\/p><div class=\"notanter-detalhe\" style=\"padding-left: 40px;\">Como n\u00e3o se emocionar?!<br \/>Antes de decidir colocar esta mensagem, percorri por todas as outras buscando alguma lembran\u00e7a, um colega da mesma \u00e9poca, e acabei recordando momentos, nomes de irm\u00e3s e professores, queridos e inesquec\u00edveis.<br \/>Comecei a minha traget\u00f3ria em 1983, com 4 aninhos, e permaneci por 9 anos, n\u00e3o tenho d\u00favidas que todos os ensinamentos adquiridos neste per\u00edodo foram imprescid\u00edveis para que eu alcan\u00e7asse in\u00fameros objetivos e estivesse feliz e realizada como estou hoje.<br \/>Gostaria muito que minha filha, hoje com 4 anos, estudasse no Pio, mas infelizmente n\u00e3o tem per\u00edodo integral, que seria a nossa necessidade, mas \u00e9 um sonho e quem sabe um dia ele se tornar\u00e1 realidade como tantos outros.<br \/>Agrade\u00e7o a todos que contribuiram de alguma forma com a educa\u00e7\u00e3o desta ex-aluna.<br \/>Com carinho.<\/div><div>\u00a0<\/div><div><hr \/><\/div><div>\u00a0<\/div><p><strong>De:<\/strong>\u00a0Erica Cristina da Costa<\/p><div class=\"notanter-detalhe\" style=\"padding-left: 40px;\">Eu amo esta escola!<br \/>Foi a minha vida&#8230;\u00e9 a ess\u00eancia de tudo que sou !!Devo tudo o que sou primeiramente a Deus, segundo a meu pai que se esfor\u00e7ou muito para me formar e ter esta qualidade de ensino!<br \/>Sinto muita saudades dos professores e todos que passaram no decorre do tempo em mina vida!<\/div><div>\u00a0<\/div><div><hr \/><\/div><div>\u00a0<\/div><p><strong>De:<\/strong>\u00a0Ana Carolina Ohya de Souza<\/p><div class=\"notanter-detalhe\" style=\"padding-left: 40px;\">Que saudade que eu tenho dessa escola, passei a melhor fase da minha vida a\u00ed, s\u00f3 tenho que agradecer por tudo! Vi as fotos agora e me deu o maior aperto. Bons tempos! 2005 &#8211; 2008<\/div><div>\u00a0<\/div><div><hr \/><\/div><div>\u00a0<\/div><p><strong>De:<\/strong>\u00a0Andr\u00e9 Corr\u00e1 Rebou\u00e7as<\/p><div class=\"notanter-detalhe\" style=\"padding-left: 40px;\">Estudei no Pio X de 1980 at\u00e9 1990, sem d\u00favida a melhor fase da minha vida. Outros tempos&#8230;.. Onde respeit\u00e1vamos os professores. Sinto saudades desta \u00e9poca e de muitas pessoas que conheci neste per\u00edodo.<\/div><div>\u00a0<\/div><div><hr \/><\/div><div>\u00a0<\/div><p><strong>De:<\/strong>\u00a0Benis\u00e1rio de Almeida<\/p><div class=\"notanter-detalhe\" style=\"padding-left: 40px;\">Sou de uma das turmas mais antigas do Pio X: 1970 \u00e0 1974, 1a turma de formandos. Saudades dos amigos daquela \u00e9poca feliz e saudosa de minha vida. Da Irm\u00e3 Maura, da Irm\u00e3 M\u00f4nica, Prof. Luiz (Ed F\u00edsica) Profa Lourdes. Saudades dos amigos Ocimar, dos irm\u00e3os Alexandre e Valmir, Nivaldo, das amigas Elaine e Lurdinha (Lourdes Ferrielo) de quem tenho muita saudade, Simone Lopes. Se quiserem, contatem-me pelo e-mail benisario@terra.com.br ou no Facebook. Abra\u00e7os a Todos.<\/div><div>\u00a0<\/div><div><hr \/><\/div><div>\u00a0<\/div><p><strong>De:<\/strong>\u00a0Vera Lucia Jardine Ortega<\/p><div class=\"notanter-detalhe\" style=\"padding-left: 40px;\">Ol\u00e1, bons tempos&#8230;<br \/>Estou de volta, vou todos os dias ao col\u00e9gio levar minha filha.<br \/>Com saudades, deixo meu abra\u00e7o aos alunos formandos em 1982, em especial a Irm\u00e3 Joseane (primeira professora) e Irm\u00e3 Zaira (minha inestimavel amiga).<\/div><div>\u00a0<\/div><div><hr \/><\/div><div>\u00a0<\/div><p><strong>De:<\/strong>\u00a0Halan Nalon<\/p><div class=\"notanter-detalhe\" style=\"padding-left: 40px;\">Muitas saudades, bons amigos que conservei at\u00e9 os dias de hoje, irma Maria Jos\u00e9, Irma Maura que saudade pessoas maravilhosas<\/div><div>\u00a0<\/div><div><hr \/><\/div><div>\u00a0<\/div><p><strong>De:<\/strong>\u00a0Fabio Figueiredo Alcantara<\/p><div class=\"notanter-detalhe\" style=\"padding-left: 40px;\">Oh! que saudades que tenho<br \/>Da aurora da minha vida,<br \/>Da minha inf\u00e2ncia querida<br \/>Que os anos n\u00e3o trazem mais! \\&#8221;Casimiro de Abreu\\&#8221; aqui o Poeta retrata em parte de seu poema, o sentimento de quem p\u00f4de ter o privil\u00e9gio, de passar por esse col\u00e9gio, um forte abra\u00e7o a todos alunos de todas as turmas mas em especial quem como eu esteve por ai de 1978 a 1989-90.<br \/>E estendo a todos Professores e Freiras..<\/div><div>\u00a0<\/div><div><hr \/><\/div><div>\u00a0<\/div><p><strong>De:<\/strong>\u00a0Daniela Aparecida do Carmo<\/p><div class=\"notanter-detalhe\" style=\"padding-left: 40px;\">Sem d\u00favida minha passagem pelo Pio X, foram os melhores anos da minha vida 1980 a 1990 usei at\u00e9 fardinha verde \u00e1gua, at\u00e9 hoje sonho com os bons tempos que passei, a forma\u00e7\u00e3o de car\u00e1ter que me deram, \u00e9 imprescind\u00edvel a minha vida, principalmente o ensino de religi\u00e3o e moral e c\u00edvica.Tenho saudades das Irm\u00e3s Maria Jos\u00e9,Noemi, Julieta, Albertina, Jana\u00edna e principalmente da Irm\u00e3 Tarsila que ia nas reuni\u00f5es para minha m\u00e3e que trabalhava. H\u00e1 tamb\u00e9m os professores inesquec\u00edveis com Sud\u00e1rio, Vanderly, Irm\u00e3 Catarina, Helio, Nivaldo e Nerval, sinto muita saudades da minha Andreia Gatto que perdi totalmente o contato.<\/div><div>\u00a0<\/div><div><hr \/><\/div><div>\u00a0<\/div><p><strong>De:<\/strong>\u00a0Ana Paula Menegatti<\/p><div class=\"notanter-detalhe\" style=\"padding-left: 40px;\">Foram 6 anos que tive o prazer de estudar no Pio&#8230; De 1981 a 1986 &#8230; Faz tempo. Fecho os olhos e consigo me ver l\u00e1 &#8230; Muita coisa aconteceu em minha vida e a base educacional que tive foi fundamental.<br \/>Saudade &#8230;.<\/div><div>\u00a0<\/div><div><hr \/><\/div><div>\u00a0<\/div><p><strong>De:<\/strong>\u00a0k\u00e1tia Ang\u00e9lica Peraro<\/p><div class=\"notanter-detalhe\" style=\"padding-left: 40px;\">Estou sentindo uma enorme emo\u00e7\u00e3o em deixar uma mensagem neste espa\u00e7o, como tenho saudades dos colegas, professores e das irm\u00e3s, em especial da Irm\u00e3 Julieta, t\u00e3o calma e t\u00e3o serena. Aprendi tantos valores importantes, como respeitar e amar as pessoas. Agrade\u00e7o aos meus pais por terem me dado esta oportunidade e agrade\u00e7o \u00e0 Deus por hoje poder estar em contato diariamente com esta escola t\u00e3o amada atrav\u00e9s dos meus filhos,o Vini com 14 anos e a Vit\u00f3ria com 05 anos. No s\u00e1bado estivemos na Festa Junina, parece que revivo toda minha inf\u00e2ncia e minha adolesc\u00eancia, at\u00e9 o cheiro do cachorro quente \u00e9 o mesmo. Que bom fazer parte ainda desta escola. Beijos para irm\u00e3 Noemi que at\u00e9 hoje continua com o mesmo jeitinho e que sempre tem uma palavra certa para nos dar. Esta escola faz parte da minha vida.<\/div><div>\u00a0<\/div><div><hr \/><\/div><div>\u00a0<\/div><p><strong>De:<\/strong>\u00a0Deido Depintor<\/p><div class=\"notanter-detalhe\" style=\"padding-left: 40px;\">E muito dificil esquecer este tempo maravilhoso que estudei no PIO. Os amigos, os professores e o grande carisma das irm\u00e3s.<br \/>Entrei menino e sai um homem.<br \/>Obrigado pelo o amor e a grande paci\u00eancia.<br \/>De seu eterno aluno<br \/>DEIDO.<br \/>Primeira turma de formandos do segundo grau.<\/div><div>\u00a0<\/div><div><hr \/><\/div><div>\u00a0<\/div><p><strong>De:<\/strong>\u00a0Selma Patricia da Silva de Lima<\/p><div class=\"notanter-detalhe\" style=\"padding-left: 40px;\">Sinto tanta falta de quando estudei nesse colegio maravilhoso, esses dias sonhei que tinha voltado no tempo e estava no port\u00e3o no 1\u00ba de um ano letivo que estudei chorei tanto, lembro das feiras de ciencias, das festa juninas, dos presentes que faziamos nos dia das maes e dos pais e ficavam guardados la no soton do colegio e sem contar nas excur\u00e7\u00f5es, me lembro da irm\u00e3 Maura, da minha professora Isabel da 3\u00ba, sinto tanta vontade de fazer uma visita mais acho que choraria o tempo todo, sinto grata por ter feito parte dessa grande familia&#8230;Bons tempos&#8230;<\/div><div>\u00a0<\/div><div><hr \/><\/div><div>\u00a0<\/div><p><strong>De:<\/strong>\u00a0Paula Cristina<\/p><div class=\"notanter-detalhe\" style=\"padding-left: 40px;\">Falar como ex- estudante \u00e9 muito dif\u00edcil, pois o ISPX deixou muitas lembran\u00e7as e ainda deixa.<br \/>Os anos, os momentos que passei l\u00e1 foram \u00f3timos.<br \/>Levarei para sempre comigo isso eu tenho certeza.<br \/>L\u00e1 aprendi muita coisa, n\u00e3o tem como expressar em poucas palavras tudo que aprendi nessa institui\u00e7\u00e3o, o que sei \u00e9 que todo aprendizado vai ser sempre lembrando e sempre utilizado. Nada \u00e9 por acaso n\u00e3o \u00e9 verdade.<br \/>O Pio X \u00e9 uma escola fant\u00e1stica que ao mesmo tempo vai evoluindo com o decorrer dos anos e tamb\u00e9m aprimorando cada vez mais seus aspectos seja em rela\u00e7\u00f5es aos humanos, dentro dela como seu m\u00e9todo !<br \/>Saudades \u00e9 o que sinto e sempre sentirei.<br \/>Um beijo.<br \/>Paula Cristina<\/div><div>\u00a0<\/div><div><hr \/><\/div><div>\u00a0<\/div><p><strong>De:<\/strong>\u00a0Ariane<\/p><div class=\"notanter-detalhe\" style=\"padding-left: 40px;\">Falar com ex- estudante&#8230; nem pensar!! D\u00f3i demais!<br \/>N\u00e3o me considero assim, pois independente das situa\u00e7\u00f5es sempre estive presente no meu amado col\u00e9gio!! O dia da minha formatura, de 8\u00aa s\u00e9rie, foi o mais triste, da minha passagem no ISPX,como chorei!!! Somente Deus mesmo pra encontrar uma forma de acalentar a saudade que sentia do &#8220;Meu Col\u00e1gio&#8221;, voltar com Professora, nossa, que ben\u00e7\u00e3o!Sou muita grata a minha forma\u00e7\u00e3o, e principalmente aos valores de vida que formei estudando e vivenciando cada dia nesta Institui\u00e7\u00e3o, que defendo, custe o que custar!!<br \/>Creio , confio e abra\u00e7o o Acolher, Assistir e Educar, de corpo e alma!<br \/>Obrigada a todos que acreditaram em mim para que eu voltasse a fazer parte da Fam\u00edlia ISPX!Irm\u00e3 Noemi, Irm\u00e3 Maria Jos\u00e9 e a Coordenadora Fabiana, que incentiva e leva a s\u00e9rio seu papel, sem perder a ternura!<br \/>Voc\u00eas tem um lugar especial em meu cora\u00e7\u00e3o!!!<br \/>Que Deus continue nos aben\u00e7oando nesta obra!!<\/div><div>\u00a0<\/div><div><hr \/><\/div><div>\u00a0<\/div><p><strong>De:<\/strong>\u00a0Heloisa Bohler<\/p><div class=\"notanter-detalhe\" style=\"padding-left: 40px;\">Puxa!! Eu e meus irm\u00e3os estudamos no Pio X, na d\u00e9cada de 80. Mor\u00e1vamos na Vila Militar de Barueri e, assim como quase todas as crian\u00e7as da Vila, \u00edamos no \u00f4nibus do &#8220;Seu Ant\u00f4nio&#8221;, com a Magda ou a M\u00f4nica tomando conta da gente&#8230; Hoje agradecemos tudo o que a escola nos ensinou (disciplina, responsabilidade, amor ao pr\u00f3ximo e amor a Deus). Lembro do parquinho com suas casinhas, das festas comemorativas, dos mais velhos que pintavam os muros do fundo da escola (morria de inveja do meu irm\u00e3o mais velho que participava disso). Em casa sempre temos boas hist\u00f3rias para contar sobre o Pio X! Espero um dia poder voltar e visitar esse lugar que al\u00e9m de ter contrib\u00eddo para minha forma\u00e7\u00e3o profissional, pois me deu a base, a alfabetiza\u00e7\u00e3o, tamb\u00e9m contribui para minha forma\u00e7\u00e3o como ser humano! Bons tempos&#8230;.<\/div><div>\u00a0<\/div><div><hr \/><\/div><div>\u00a0<\/div><p><strong>De:<\/strong>\u00a0Patr\u00edcia Elaine Ribeiro<\/p><div class=\"notanter-detalhe\" style=\"padding-left: 40px;\">Entrei no Pio X em 1978,sa\u00ed na 8\u00aa na \u00e9poca ainda n\u00e3o tinha colegial, foi muito bom. A educa\u00e7\u00e3o desta institui\u00e7\u00e3o foi fundamental em minha vida.<br \/>Um abra\u00e7o e muitas saudades.<\/div><div>\u00a0<\/div><div><hr \/><\/div><div>\u00a0<\/div><p><strong>De:<\/strong>\u00a0Al\u00e9ssio Adrian Chiuratto<\/p><div class=\"notanter-detalhe\" style=\"padding-left: 40px;\">Al\u00e9m das saudades, a import\u00e2ncia do Pio X em nossas vidas \u00e9 totalmente presente at\u00e9 os dias de hoje e com certeza se extende para nossos filhos.<br \/>Um grande e maravilhoso abra\u00e7o \u00e0 todos os meus queridos amigos, Professores e Irm\u00e3s!!!<\/div><div>\u00a0<\/div><div><hr \/><\/div><div>\u00a0<\/div><p><strong>De:<\/strong>\u00a0Michel Henrique Pedro Matroni<\/p><div class=\"notanter-detalhe\" style=\"padding-left: 40px;\">Eu amo muito essa escola eu estudo a\u00ed desde 2008. As coordenadoras s\u00e3o super experientes e amo muito elas, as professoras s\u00e3o muito legais principalmente a Luzia e as irm\u00e3s do ISPX. E amo tudo dessa escola. Beijos Michel que agora estou no 6 ano E.<\/div><div>\u00a0<\/div><div><hr \/><\/div><div>\u00a0<\/div><p><strong>De:<\/strong>\u00a0Daniela Queiroz<\/p><div class=\"notanter-detalhe\" style=\"padding-left: 40px;\">\u00c9 com muita saudade que eu lembro da minha \u00e9poca no Pio X. Anos 80 &#8230; Acordava cedo, pegava o transporte do &#8220;Seu Antonio&#8221; e l\u00e1 \u00edamos para Osasco. Muitos amigos, alguns com quem eu falo at\u00e9 hoje e uma educa\u00e7\u00e3o de qualidade que me acompanhou para o resto da vida. E os professores: Eliete, Luzia, Marli, Pedro, L\u00facia, Irm\u00e3 Julieta (que Deus a tenha &#8230; saudades) e tantos outros.<br \/>A eles ficam meu carinho, admira\u00e7\u00e3o e o meu forte abra\u00e7o.<\/div><div>\u00a0<\/div><div><hr \/><\/div><div>\u00a0<\/div><p><strong>De:<\/strong>\u00a0Michelle Aparecida Bittencourt<\/p><div class=\"notanter-detalhe\" style=\"padding-left: 40px;\">Sinto muuuuuita saudades do ISPX, foi a melhor fase da minha vida&#8230;e sinto muitas saudades tamb\u00e9m da professora de educa\u00e7\u00e3o f\u00edsica, a Eliete Morena&#8230;<br \/>Tempo bom viu!!!<\/div><div>\u00a0<\/div><div><hr \/><\/div><div>\u00a0<\/div><p><strong>De:<\/strong>\u00a0Eva Cristina Matos<\/p><div class=\"notanter-detalhe\" style=\"padding-left: 40px;\">Lembrar da minha \u00e9poca de Pio X \u00e9 muito bom, sinto saudades de tudo,isso foi na d\u00e9cada de 80 especificamente em 1988, quando lembro do time de volley que a Eliete treinava, das pessoas, em 2006 nos reencontramos , foi uma noite maravilhosa, escrevendo aqui, parece que estou na classe vendo a Monica Polli, a Adriana Machado, o \u00c9der, o J\u00fanior, a Regina e a Regiane , Celso Terra , o Leandro, a Karin, a M\u00f4nica do Transporte Snoopy, enfim todos da 8\u00aa D e muitos outros entre eles posso falar da Lucian Faria, Calixto, Franklin Medeiros, Ana L\u00facia, Luciana Morgado, Luciana a filha do professor de Matem\u00e1tica, agrade\u00e7o muito aos professores daquela turma, pois foi l\u00e1 que percebi o que queria ser: &#8220;Professora&#8221;, e hoje sou com muito orgulho.<br \/>Bjs e abra\u00e7os \u00e0 todos.<\/div><div>\u00a0<\/div><div><hr \/><\/div><div>\u00a0<\/div><p><strong>De:<\/strong>\u00a0Leandro Rodrigo Roque<\/p><div class=\"notanter-detalhe\" style=\"padding-left: 40px;\">Hoje conversando com alguns familiares me lebrei dos maravilhosos momentos que passei neste col\u00e9gio. Ele foi o meu maior e melhor bem. Dele tirei a vontade de me tornar Mestre e de me dedicar \u00e0 arte de ensinar. Professores como: Eduardo Porciuncula, Luzia Paiva, Vera L\u00facia Cabannas, Ir.Maria Jos\u00e9, Ir.Maura Moreira, Ir.Julieta dentre outros foram minha inspira\u00e7\u00e3o. Agrade\u00e7o muito a eles e a todos os que me ajudaram a construir um futuro brilhante e determinado ao sucesso.<\/div><div>\u00a0<\/div><div><hr \/><\/div><div>\u00a0<\/div><p><strong>De:<\/strong>\u00a0Roberta Rodrigues Ramos<\/p><div class=\"notanter-detalhe\" style=\"padding-left: 40px;\">Entrei com cinco anos e sai com quinze.Foram dez anos maravilhosos, me formei em 1989. Ja reencontrei varios ex alunos e professores que guardo ate hoje em minhas lembrancas. Meus amados mestres como a Irma Julieta, Irma Noemi, Silvio(ciencias), Luzia(historia), Silvana(redacao)entre tantos outros. Espero matricular minha filha em breve.Um beijo a todos&#8230;.<\/div><div>\u00a0<\/div><div><hr \/><\/div><div>\u00a0<\/div><p><strong>De:<\/strong>\u00a0Emanoele Medeiros Marcolino<\/p><div class=\"notanter-detalhe\" style=\"padding-left: 40px;\">Sou ex-aluna do Pio X e posso dizer que aprendi algumas coisas com este col\u00e9gio. Fico feliz por ter um col\u00e9gio na nossa cidade deste patamar. Que continue assim.<\/div><div>\u00a0<\/div><div><hr \/><\/div><div>\u00a0<\/div><p><strong>De:<\/strong>\u00a0Chirle Silveira da Silva<\/p><div class=\"notanter-detalhe\" style=\"padding-left: 40px;\">Foi muito bom estudar no ISPX, tive momentos maravilhosos, com professores super competentes, conheci amigos que levo comigo at\u00e9 os dias de hoje, outros estar\u00e3o sempre na mem\u00f3ria. Estudei 8 anos nessa escola que se chama S\u00e3o Pio X.<br \/>Obrigado por tudo!!!!!!!<\/div><div>\u00a0<\/div><div><hr \/><\/div><div>\u00a0<\/div><p><strong>De:<\/strong>\u00a0Simara Aljonas<\/p><div class=\"notanter-detalhe\" style=\"padding-left: 40px;\">O ISPX foi meu Norte&#8230;a dire\u00e7\u00e3o que segui, conquistando meu espa\u00e7o neste mundo com car\u00e1ter, determina\u00e7\u00e3o e organiza\u00e7\u00e3o. Neste aben\u00e7oado col\u00e9gio fiz amizades que nunca me esquecerei, embora a vida tenha se encarregado de divergir cada destino, mas outras&#8230;perduraram e fazem parte da minha vida. Dois ex-alunos: Silvia Mara da Matta e Val\u00e9rio Ant\u00f4nio Canella, s\u00e3o como irm\u00e3os para mim. Esses dois amigos s\u00e3o eixos que fazem viva as minhas lembran\u00e7as de quando tinha apenas 6&#8230;7 aninhos!<br \/>Me lembro como se fosse hoje, um dia que ao tocar o sinal de final do recreio, em 1988, entramos no embalo das outras crian\u00e7as, (eu e a silvia mara) e \\&#8221;gritamos freneticamente\\&#8221;&#8230;uma mistura de ousadia e adrenalina&#8230;e nem percebemos que a querida Irm\u00e3 Albertina estava bem pr\u00f3xima&#8230;levamos nosso primeiro e \u00fanico \\&#8221;carimbo de advert\u00eancia\\&#8221;&#8230;<br \/>Hoje vejo que essas coisa contribu\u00edram na forma\u00e7\u00e3o do meu car\u00e1ter&#8230;Obrigada pela educa\u00e7\u00e3o complementar, sem voc\u00eas, meus pais teriam tido maiores dificuldades neste quesito: educa\u00e7\u00e3o&#8230;rsrsrs&#8230;<br \/>Me recordo tamb\u00e9m quando a doce Irm\u00e3 Julieta dizia: resfriado no frio se cura com leite quente e no calor com sorvete&#8230;<br \/>Tinha um professor de ci\u00eancias&#8230;se n\u00e3o me falha a mem\u00f3ria (1989 ou 1990) Prof. Silvio, que me marcou muito. Eu nunca tive grande afinidade com essa hist\u00f3ria de ci\u00eancias&#8230;e ele de um modo simples e apaixonante de ensinar, percebendo minha falta de afinidade, me cobrava muito, de uma maneira sutil e incisiva&#8230;de modo que sempre ia muito bem na mat\u00e9ria dele.<br \/>em 1991, quando me mudei para o Paran\u00e1, tive uma dificuldade tamanha em me identificar com todo esse pessoal que fez parte do meu crescer.<br \/>Com o ISPX, descobri que amizade \u00e9 formada de amor e n\u00e3o de presen\u00e7a. Guardo com carinho um \u00faltimo casaco de frio do uniforme. Hoje, casada, com 1 filho, que entra na 2\u00aa s\u00e9rie&#8230;conto a ele como era na minha \u00e9poca, mostro com orgulho o que restou do uniforme&#8230;as fotos de lembran\u00e7a das apresenta\u00e7\u00f5es de dan\u00e7a, teatro, datas comemorativas&#8230;os passeios que faz\u00edamos ao play center na semana da crian\u00e7a, \u00e0 primeira visita ao museu do ipiranga, ao instituto do butant\u00e3, o coral, o enroladinho da cantina&#8230;chego a sentir o cheiro de tudo isso!!!<br \/>Hoje, assisti a entrevista da Irm\u00e3 Maria Jos\u00e9, ela n\u00e3o mudou, o tom da sua voz, seu olhar firme e doce. Chorei!!<br \/>Como todos voc\u00eas, citados ou n\u00e3o, tem um lugar especial em meu cora\u00e7\u00e3o. Somente um lugar t\u00e3o aben\u00e7oado cresceria tanto&#8230;mantendo prop\u00f3sitos de base: Amor, dedica\u00e7\u00e3o e respeito ao pr\u00f3ximo.<br \/>Obrigada por tudo!<br \/>Simara Aljonas<\/div><div>\u00a0<\/div><div><hr \/><\/div><div>\u00a0<\/div><p><strong>De:<\/strong>\u00a0Rita de C\u00e1ssia R. de Caires<\/p><div class=\"notanter-detalhe\" style=\"padding-left: 40px;\">Bom estudei nove anos nesta institui\u00e7\u00e3o maravilhosa&#8230;. Hoje \u00e9 a minha filha que est\u00e1 no col\u00e9gio, e adora todos! Ter\u00e1 aulas com professores, que foram os meus no passado. Bom, tudo o que sou hoje, devo muito ao Instituto S\u00e3o Pio X. Obrigada a todos.<\/div><div>\u00a0<\/div><div><hr \/><\/div><div>\u00a0<\/div><p><strong>De:<\/strong>\u00a0Elissa Hiandra de Almeida Silva<\/p><div class=\"notanter-detalhe\" style=\"padding-left: 40px;\">Estudei no Instituto S\u00e3o Pio X desde o Jardim Inf\u00e2ncia!!!!!<br \/>Me recordo muito bem dos momentos que vivi e do que aprendi com esta maravilhosa escola!!!!<br \/>Tenho muitas saudades daquele tempo&#8230;..<br \/>Agrade\u00e7o parte do que sou hoje a vcs Irm\u00e3s e professores e tb ao nosso Senhor!!!<br \/>Um Grande Abra\u00e7o a todos.<\/div><div>\u00a0<\/div><div><hr \/><\/div><div>\u00a0<\/div><p><strong>De:<\/strong>Daniella Escalcon<\/p><div class=\"notanter-detalhe\" style=\"padding-left: 40px;\">Estudei no Pio X quase minha vida inteira&#8230;. L\u00e1 eu aprendi muitas coisas&#8230; ler, escrever e principalmente o amor ao pr\u00f3ximo &#8230; lembro de todos com o maior carinho&#8230; Esta escola sempre far\u00e1 parte da minha vida e meus filhos ir\u00e3o continuar, pois j\u00e1 est\u00e3o matriculados&#8230;. Saudades de todos&#8230; Bjs<\/div><div>\u00a0<\/div><div><hr \/><\/div><div>\u00a0<\/div><p><strong>De:<\/strong>\u00a0Fabio Zankoes<\/p><div class=\"notanter-detalhe\" style=\"padding-left: 40px;\">Estudei no PioX praticamente minha vida inteira e n\u00e3o \u00e9 exagero falar que a considera\u00e7\u00e3o que tenho pela institui\u00e7\u00e3o e por todos os funcionarios \u00e9 enorme.<br \/>Tenho apenas que agradecer. Vivi um dos melhores momentos da minha vida no PioX. Cada recorda\u00e7\u00e3o que tenho \u00e9 um motivo a mais para explicar as saudades que sinto!<br \/>A familia Zankoes passou em peso por ai, mas infelizmente a jornada de 2 terminaram, e apenas mais 1 ano para o fim de mais uma.<br \/>Mas \u00e9 isso ai!<br \/>Um forte abra\u00e7o a todos.<br \/>Fabio Zankoes<br \/>Formando 2008<\/div><div>\u00a0<\/div><div><hr \/><\/div><div>\u00a0<\/div><p><strong>De:<\/strong>\u00a0PATR\u00cdCIA APARECIDA DA SILVA<\/p><div class=\"notanter-detalhe\" style=\"padding-left: 40px;\">ESTUDEI NO PIO NA D\u00c9CADA DE 80 ADORAVA QUANDO AS PROFESSORAS DAQUELA EPOCA ERAM AS IRM\u00c3S, POIS SE TINHA MAIS RESPEITO POR PARTE DOS ALUNOS, FUI ALUNA DA IRMA MAXIMINA, IRMA ISAURA ADORAVA A IRMA JULIETA E A PROFESSORA NELMA, QUANDO EBTRO AI PARA LEVAR O MEU FILHO LEONARDO SINTO MUITAS SAUDADES DAQUELA \u00c9POCA. BEIJOS A TODOS DO PIO.<\/div><div>\u00a0<\/div><div><hr \/><\/div><div>\u00a0<\/div><p><strong>De:<\/strong>\u00a0Juliane Inoue<\/p><div class=\"notanter-detalhe\" style=\"padding-left: 40px;\">Muitas saudades<\/div><div>\u00a0<\/div><div><hr \/><\/div><div>\u00a0<\/div><p><strong>De:<\/strong>\u00a0Vinicius Frudeli<\/p><div class=\"notanter-detalhe\" style=\"padding-left: 40px;\">NOSSA GUARDO MUITAS RECORDA\u00c7\u00d5ES DO PIO X PRINCIPALMENTE DAS IRM\u00c3S!!<br \/>QUERIA AGRADECER A TODOS DO INSTITUTO! OBRIGADO PELO APRENDIZADO.<\/div><div>\u00a0<\/div><div><hr \/><\/div><div>\u00a0<\/div><p><strong>De:<\/strong>\u00a0Karina Leticia Medeiros<\/p><div class=\"notanter-detalhe\" style=\"padding-left: 40px;\">Estudar no PIO X foi uma grande honra,onde passei boa parte da minha vida &#8230;.<br \/>L\u00e1 muito aprendi&#8230; e hoje sou grata pela boa educa\u00e7\u00e3o e alfabetiza\u00e7\u00e3o que adquiri ai, e outro valor que hoje me s\u00e3o de grande valia&#8230; como a \u00e9tica e principalmente o respeito ao pr\u00f3ximo &#8230; somente tenho a dizer muito obrigada &#8230;<\/div><div>\u00a0<\/div><div><hr \/><\/div><div>\u00a0<\/div><p><strong>De:<\/strong>\u00a0Penha Cavalcante<\/p><div class=\"notanter-detalhe\" style=\"padding-left: 40px;\">Muitas saudades dos anos que estudei neste col\u00e9gio, saudades da Irm\u00e3 Maura, diretora naquela \u00e9poca, e da Irm\u00e3 M\u00f4nica, com quem at\u00e9 hoje mantenho correspond\u00eancia. Pelos depoimentos que li, acho que sou da \u00e9poca mais antiga, anos 70. Que Deus aben\u00e7\u00f5e a todos que conheci e passaram em minha vida&#8230;<\/div><div>\u00a0<\/div><div><hr \/><\/div><div>\u00a0<\/div><p><strong>De:<\/strong>\u00a0Adelia Titotto Angerami<\/p><div class=\"notanter-detalhe\" style=\"padding-left: 40px;\">A todos que me perguntam digo que o Pio X \u00e9 meu cora\u00e7\u00e3o! Foi onde cresci, aprendi, ensinei e vivi! Tenho milh\u00f5es de boas recorda\u00e7\u00f5es e muita saudade desta escola t\u00e3o especial, que n\u00e3o ensina apenas o b \u2013 a \u2013 ba, mas tamb\u00e9m a formar o car\u00e1ter, a personalidade e a responsabilidade de cada um! Sou suspeita pra falar&#8230; Gosto tanto do Pio, que quando meu filho completou 4 aninhos, logo fiz o teste e a inscri\u00e7\u00e3o! Tenho certeza que ele ter\u00e1 excelente acompanhamento, assim como eu tive! Obrigada a todos!<\/div><div>\u00a0<\/div><div><hr \/><\/div><div>\u00a0<\/div><p><strong>De:<\/strong>\u00a0Elen Machado<\/p><div class=\"notanter-detalhe\" style=\"padding-left: 40px;\">Tive a honra de ser alfabetizada nessa institui\u00e7\u00e3o. Que agregou muito conhecimento e valores na minha vida. Ap\u00f3s anos matriculei meus dois filhos desde os 4 anos, onde estudam at\u00e9 hoje, respectivamente no 6\u00b0 e 1\u00b0 ano.<br \/>Obrigada ISPX pelo aprendizado, pela paci\u00eancia e principalmente pelos valores que aqui adquiridos!!!<\/div><div>\u00a0<\/div><div><hr \/><\/div><div>\u00a0<\/div><p><strong>De:<\/strong>\u00a0Fabinho Reis<\/p><div class=\"notanter-detalhe\" style=\"padding-left: 40px;\">Essa semana voltei ao Pio X, ap\u00f3s 17 anos. Ao entrar nas depend\u00eancias senti um arrepio e uma vontade imensa de chorar, quantas lembran\u00e7as boas daquele lugar, quantos amigos e professores que reencontrei, pensar que passei uma boa parte da minha vida dentro daquela escola e hoje me vejo matriculando meu filho no 1\u00ba ano do ensino fundamental. Espero que ele possa construir uma hist\u00f3ria de conquistas igual a minha. Parab\u00e9ns a todos que conseguiram manter o nivel dessa institui\u00e7\u00e3o!!!!<\/div><div>\u00a0<\/div><div><hr \/><\/div><div>\u00a0<\/div><p><strong>De:<\/strong>\u00a0Nat\u00e1lia Medeiros<\/p><div class=\"notanter-detalhe\" style=\"padding-left: 40px;\">Assim como todos os relatos abaixo, o meu depoimento expressa saudades e alegria dos tempos de escola. \u00c9 com muita alegria, orgulho e satisfa\u00e7\u00e3o, que coloco a minha filha para participar da mesma base escolar e educacional da qual recebi.<br \/>Saudades&#8230;<br \/>Nat\u00e1lia Medeiros &#8211; Agosto &#8211; 2009<\/div><div>\u00a0<\/div><div><hr \/><\/div><div>\u00a0<\/div><p><strong>De:<\/strong>\u00a0FABIANA VITURINO REVOREDO<\/p><div class=\"notanter-detalhe\" style=\"padding-left: 40px;\">Sou com muito orgulho ex-aluna desta conceituada Institui\u00e7\u00e3o. E isto se deve aos sacrif\u00edcios dos meus pais em me propiciar um estudo de qualidade, tal qual o prestado por voc\u00eas. Hoje sou realizada tanto profissionalmente como pessoalmente, e repito que tamb\u00e9m quero poder propiciar a minha filha no futuro que estude com voc\u00eas e tenha as mesmas oportunidades de aprendizado que eu tive.<br \/>Obrigada por tudo, e abra\u00e7os.<br \/>Fiquem com Deus!!<\/div><div>\u00a0<\/div><div><hr \/><\/div><div>\u00a0<\/div><p><strong>De:<\/strong>\u00a0Marcelo da Silva Frudeli<\/p><div class=\"notanter-detalhe\" style=\"padding-left: 40px;\">Estudei no Pio X na d\u00e9cada de 80 tenho as melhores recorda\u00e7\u00f5es desta grandiosa Instutui\u00e7\u00e3o. Meu irm\u00e3o tamb\u00e9m estudo no Pio. Foi uma honra fazer parte desta fam\u00edlia. Um grande abra\u00e7o a todos ex-aluno do Isntituto S\u00e3o Pio X.<br \/>Marcelo Frudeli<\/div><div>\u00a0<\/div><div><hr \/><\/div><div>\u00a0<\/div><p><strong>De:<\/strong>\u00a0Andr\u00e9 Seiki<\/p><div class=\"notanter-detalhe\" style=\"padding-left: 40px;\">Faz muito desde que eu entrei nessa escola, cresci ali, foram 10 anos estudando, fazendo amigos, me divertindo. Tive a chance de poder conhecer quase todos os professores, eles s\u00e3o \u00f3timos. O Pio X faz parte da minha vida, mesmo aqui fora, ainda falo com os amigos que fiz ai. Tenho muita saudades de todos, at\u00e9 penso em voltar &#8230;<br \/>Cristiane<br \/>Tadeu<br \/>Daniele<br \/>Luzia !!<br \/>Obrigado por tudo.<br \/>Formando em 2008 &#8211; orador &#8211; Andr\u00e9<\/div><div>\u00a0<\/div><div><hr \/><\/div><div>\u00a0<\/div><p><strong>De:<\/strong>\u00a0Gisele Martins Henrique<\/p><div class=\"notanter-detalhe\" style=\"padding-left: 40px;\">Minha hist\u00f3ria de vida come\u00e7ou no Pio X, quando eu tinha apenas 4 aninhos. E durante 10 anos tive a honra de estudar nessa escola t\u00e3o criteriosa, organizada, acolhedora que \u00e9. Al\u00e9m de ser linda e ter uma estrutura sem igual, a base educacional que o Pio X me proporcionou caminha ao meu lado at\u00e9 hoje. Al\u00e9m do conte\u00fado muito bem ensinado, os valores e princ\u00edpios que a\u00ed aprendi s\u00e3o fundamentais! Hoje sou professora do Ensino Fundamental I, e vivo uma realidade a qual se eu pudesse, seguiria a estrutura de ensino e organiza\u00e7\u00e3o que essa escola possui. Parab\u00e9ns Pio X, por formar n\u00e3o somente mais um, mas em fazer a diferen\u00e7a na vida de cada um!<br \/>Professores inesquec\u00edveis:<br \/>* Denise<br \/>* No\u00eamia<br \/>* Deise (Ed. F\u00edsica)<br \/>* Maria Dezu\u00edta<br \/>* Meire<br \/>* Maria Cristina<br \/>Muito obrigada por formar a pessoa que sou!!!<br \/>Gisele<\/div><div>\u00a0<\/div><div><hr \/><\/div><div>\u00a0<\/div><p><strong>De:<\/strong>\u00a0La\u00eds dos Reis<\/p><div class=\"notanter-detalhe\" style=\"padding-left: 40px;\">Estudar no Pio X foi uma grande honra,aprendi Muito&#8230;e umas das grandes coisas que aprendi foi que temos que ACREDITAR<br \/>N\u00e3o Importa<br \/>&#8220;Acredite em voc\u00ea! N\u00e3o importa do que \u00e9 o mundo O importante, s\u00e3o os seus sonhos&#8230; N\u00e3o importa o que voc\u00ea \u00e9 O importante \u00e9 o que voc\u00ea quer ser&#8230; N\u00e3o importa onde voc\u00ea est\u00e1 O importante \u00e9 para onde voc\u00ea quer ir&#8230; N\u00e3o importa o porqu\u00ea O importante \u00e9 o querer N\u00e3o importa suas m\u00e1goas O importante mesmo, s\u00e3o suas alegrias&#8230; N\u00e3o importa o que voc\u00ea j\u00e1 passou O passado guarde na sua lembran\u00e7a &#8230; N\u00e3o veja; apenas olhe&#8230; N\u00e3o escute; apenas ou\u00e7a&#8230; N\u00e3o toque; sinta&#8230; O mundo \u00e9 um espelho; n\u00e3o seja apenas um reflexo S\u00f3 acreditando no futuro voc\u00ea conseguir\u00e1 a paz para alcan\u00e7ar seu sonhos&#8230; Afinal, o que importa ? Voc\u00ea importa &#8230;&#8221;<br \/>abra\u00e7os a todos &#8230;.<\/div><div>\u00a0<\/div><div><hr \/><\/div><div>\u00a0<\/div><p><strong>De:<\/strong>\u00a0Heitor Guilherme V. Rodrigues<\/p><div class=\"notanter-detalhe\" style=\"padding-left: 40px;\">De 1994 at\u00e9 2006, ou seja, 13 anos. O Pio representa mais da metade da minha vida. Entrei com 5 anos e com 17 estava me formando. Sinto saudades desses anos, que infelizmente n\u00e3o voltam, mas pelo menos, posso recordar de cada segundo vivido dentro desse col\u00e9gio.<br \/>Heitor &#8211; Formando 2006<\/div><div>\u00a0<\/div><div><hr \/><\/div><div>\u00a0<\/div><p><strong>De:<\/strong>\u00a0Anna Luiza Monteis Sodre de Souza<\/p><div class=\"notanter-detalhe\" style=\"padding-left: 40px;\">Estudar no PIO X foi uma grande honra, conheci \u00f3timos professores, pessoas, e vivenciei experi\u00eancias maravilhosas.<br \/>Todos os valores que aprendi dentro desta escola, que eu chamava de lar e chamarei por toda a minha vida, foram essenciais nos momentos de apreen\u00e7\u00e3o e sabedoria.<br \/>Realmente a escola forma cidad\u00e3os, que s\u00e3o capazes de se expressar e se express\u00e3o de maneira eloquente.<\/div><div>\u00a0<\/div><div><hr \/><\/div><div>\u00a0<\/div><p><strong>De:<\/strong>\u00a0Andreza Fragoso Silvestre<\/p><div class=\"notanter-detalhe\" style=\"padding-left: 40px;\">Sei l\u00e1&#8230; prefiro n\u00e3o pensar no tempo que passou&#8230; faz um temp\u00e3o que os port\u00f5es verdes se fecharam e come\u00e7ei uma caminhada de gente grande e eu que achava que antes tinha muitas responsabilidades, encontrei de verdade um tant\u00e3o delas aqui fora, a\u00ed dentro tudo era pequenininho&#8230; mas a saudade essa percorre os anos enfim, que tempo bom que n\u00e3o volta nunca mais e sempre, sempre vamos em frente.<br \/>Abra\u00e7o a todos&#8230;<br \/>Andreza<\/div><div>\u00a0<\/div><div><hr \/><\/div><div>\u00a0<\/div><p><strong>De:<\/strong>\u00a0Rafael Araujo Noventa<\/p><div class=\"notanter-detalhe\" style=\"padding-left: 40px;\">A escola estava na \u00e9poca mais feliz da minha vida! Entrei no Pr\u00e9 e infelizmente sai na 3\u00aa s\u00e9rie (1994). Tive aula com a Vanessa e hoje fico feliz em ver a evolu\u00e7\u00e3o da estrutura oferecida aos alunos! Parab\u00e9ns!!!<\/div><div>\u00a0<\/div><div><hr \/><\/div><div>\u00a0<\/div><p><strong>De:<\/strong>\u00a0Paula Rodrigues Piovesan<\/p><div class=\"notanter-detalhe\" style=\"padding-left: 40px;\">Estudei no pio , do ano de 1993 at\u00e9 2006 onde me formei no Ensino M\u00e9dio.<br \/>\u00c9 imposs\u00edvel pensar no Pio e n\u00e3o sentir um aperto de saudades do cora\u00e7\u00e3o. Sinto saudade de tudo e todas as coisas que recordo s\u00e3o com muito carinho. A escola \u00e9 exemplar em educa\u00e7\u00e3o e responsabilidade para com os alunos, pais , professores e com todos os funcion\u00e1rios.<br \/>Atualmente curso Letras e penso que minha escolha foi baseada no estudo que me foi dado na institui\u00e7\u00e3o.<br \/>Agrade\u00e7o a todos que fizeram parte do meu aprendizado , educa\u00e7\u00e3o e hist\u00f3ria.Os amigos que fiz no col\u00e9gio tenho certeza que ser\u00e3o pra toda vida. Espero nunca parar de visitar a escola , pois realmente marcou minha vida.<br \/>Em especial , agrade\u00e7o a irm\u00e3 Maria Jos\u00e9 que sabe como ningu\u00e9m administrar esse col\u00e9gio com muita sabedoria.<br \/>Um grande abra\u00e7o a todos , muita saudades.<br \/>Paula R Piovesan &#8211; Formanda 2006.<\/div><div>\u00a0<\/div><div><hr \/><\/div><div>\u00a0<\/div><p><strong>De:<\/strong>\u00a0Rafael Ziviani Ger\u00f3lamo<\/p><div class=\"notanter-detalhe\" style=\"padding-left: 40px;\">Estudei no ISPX no ano de 2007. Gostaria de agradecer a todos que me proporcionaram o prazer de estudar nessa escola maravilhosa !<br \/>Sinto falta dos professores, alunos diretores e do ensino rigido e eficaz.<br \/>Abra\u00e7os a todos.<br \/>Rafael<\/div><div>\u00a0<\/div><div><hr \/><\/div><div>\u00a0<\/div><p><strong>De:<\/strong>\u00a0David Gomes Cardoso Junior<\/p><div class=\"notanter-detalhe\" style=\"padding-left: 40px;\">N\u00e3o poderia deixar de dar o meu depoimento ao ISPX. Estudei neste col\u00e9gio de 1988 a 1991 e digo que foram os melhores anos da minha inf\u00e2ncia. Me considero um profissional vitorioso e devo parte da minha forma\u00e7\u00e3o como pessoa a esta maravilhosa institui\u00e7\u00e3o. Deixo aqui, os meus sinceros votos de prosperidade e o meu agradecimento pelo excelente ensino que foram as bases para todas as conquistas que j\u00e1 obtive na minha vida. Deus continue a vos iluminar!<\/div><div>\u00a0<\/div><div><hr \/><\/div><div>\u00a0<\/div><p><strong>De:<\/strong>\u00a0David de Oliveira<\/p><div class=\"notanter-detalhe\" style=\"padding-left: 40px;\">Estudei no Pio X na d\u00e9cada de 80 e do pr\u00e9 at\u00e9 a 8\u00aa s\u00e9rie dei trabalho para as queridas irm\u00e3s desta amada institui\u00e7\u00e3o. Tenho muitas recorda\u00e7\u00f5es dos amigos que fiz por aqui e sou grato a este col\u00e9gio que foi uma base maravilhosa na minha vida. Obrigado a Deus e aos meus pais por esta maravilhosa experi\u00eancia de vida. Obrigado \u00e0s irm\u00e3s por participarem da forma\u00e7\u00e3o da minha educa\u00e7\u00e3o. Com carinho, David.<\/div><div>\u00a0<\/div><div><hr \/><\/div><div>\u00a0<\/div><p><strong>De:<\/strong>\u00a0Thiago Guardini<\/p><div class=\"notanter-detalhe\" style=\"padding-left: 40px;\">O ISPX, me acolheu, me educou e acima de tudo me ensinou valores \u00e9ticos e morais, que deverei us\u00e1-lo por toda minha vida&#8230; Agrade\u00e7o a todos, em parte ao professor Luis, um cara que acredita, que faz voc\u00ea ir atr\u00e1s daquilo que lhe faz bem, e te ajuda na maneira do possivel. Sem exagero, como disse o Augusto ex-aluno, aprendi muito e pode ter certeza que n\u00e3o pararei de aprender, pois sempre manteremos contato e al\u00e9m de aluno e professor, manteremos um contato de amigo para amigo&#8230;<br \/>Um grande abra\u00e7o \u00e0 institui\u00e7\u00e3o e a todos seus funcion\u00e1rios.<br \/>Thiago<br \/>Formando 2008<\/div><div>\u00a0<\/div><div><hr \/><\/div><div>\u00a0<\/div><p><strong>De:<\/strong>\u00a0Marisa Benedeti<\/p><div class=\"notanter-detalhe\" style=\"padding-left: 40px;\">Falar deste col\u00e9gio \u00e9 falar da minha vida. Estudei desde a Educa\u00e7\u00e3o Infantil at\u00e9 a 8\u00aa s\u00e9rie. Fiz o magist\u00e9rio fora e voltei a dar aulas e assim, estou at\u00e9 hoje. \u00c9 com uma alegria e um prazer enorme que completarei este ano meus 25 anos de magist\u00e9rio dando aulas sempre no meu amado col\u00e9gio que considero como uma segunda casa. Gostaria de agradecer a confian\u00e7a depositada e a alegria da conviv\u00eancia.<\/div><div>\u00a0<\/div><div><hr \/><\/div><div>\u00a0<\/div><p><strong>De:<\/strong>\u00a0Augusto Fiorillo<\/p><div class=\"notanter-detalhe\" style=\"padding-left: 40px;\">No momento estou fazendo curso de Administra\u00e7\u00e3o na UNIFIEO, e estou estagiando na Diretoria de Ensino de Osasco e Regi\u00e3o. O Instituto S\u00e3o Pio X foi um col\u00e9gio onde eu aprendi muito a me relacionar com as pessoas. Tive uma forma\u00e7\u00e3o excelente para toda a vida, principalmente na mat\u00e9ria de Filosofia, que no come\u00e7o eu n\u00e3o gostei, por\u00e9m depois vi que era uma mat\u00e9ria muito interessante e aprendi muito com o professor Luiz.<br \/>Mais eu gostei muito de estudar l\u00e1, criando amizades para toda a vida. Agrade\u00e7o por tudo que fizeram e pela aten\u00e7\u00e3o que voc\u00eas tem comigo at\u00e9 hoje.<br \/>Obrigado<br \/>Augusto Fiorillo<br \/>Formado em 2006<\/div><div>\u00a0<\/div><div><hr \/><\/div><div>\u00a0<\/div><p><strong>De:<\/strong>\u00a0Ma\u00edna de Brito Brunelo<\/p><div class=\"notanter-detalhe\" style=\"padding-left: 40px;\">Estudei no Pio X desde os 6 anos e sa\u00ed de l\u00e1 formada. Tive o enorme prazer de poder dar aula l\u00e1, agora, depois de Bacharel e Licenciada em Matem\u00e1tica. Pena que por pouco tempo, mas confio muito nesta Institui\u00e7\u00e3o e no Ensino Humanit\u00e1rio de todos os professores e Irm\u00e3s que l\u00e1 trabalham.<br \/>Tenho muito Orgulho em dizer que estudei por toda minha vida escolar e me formei l\u00e1!<br \/>Irm\u00e3s, muito obrigada por tudo e mais ainda pela Confian\u00e7a empregada em mim e pelo Carinho com a Minha M\u00e3e!<\/div><div>\u00a0<\/div><div><hr \/><\/div><div>\u00a0<\/div><p><strong>De:<\/strong>\u00a0Gabrielle Senne Henrique<\/p><div class=\"notanter-detalhe\" style=\"padding-left: 40px;\">Bom, minha vida foi o &#8220;Pio X&#8221;. Estudei desde o Pr\u00e9 3 at\u00e9 a 4\u00aa s\u00e9rie. O &#8221; Pio&#8221; \u00e9 tudo pra mim. Afinal, a\u00ed, que vivi os melhores 6 anos da minha inf\u00e2ncia. Meu maior desejo \u00e9 voltar pro Pio. A\u00ed conheci pessoas que marcaram minha hist\u00f3ria de vida. E marcam at\u00e9 hoje. S\u00e3o pessoas que eu jamais esquecerei. Todos que me ajudaram a\u00ed t\u00eam a minha eterna gratid\u00e3o. Vou citar alguns professores:<br \/>* Fabiana; ( Atual coordenadora ) * Vanessa;<br \/>* Elaine Cristina;<br \/>* Maria L\u00facia; (Malu )<br \/>* Luciana;<br \/>* Danielle;<br \/>S\u00e3o pessoas que levarei em meu cora\u00e7\u00e3o eternamente.<br \/>No &#8221; Pio&#8221; eu conheci minhas melhores amigas. Que mantenho contato frequente at\u00e9 hoje.<br \/>Os melhores momentos da minha vida foram vividos a\u00ed. E pra mim, foi uma dor inesplic\u00e1vel quando sa\u00ed do &#8221; Pio &#8220;. Tudo que mais quero \u00e9 voltar a estudar na melhor escola que j\u00e1 conheci. Pra mim, n\u00e3o h\u00e1 no mundo melhor escola ho que o &#8221; Instituto S\u00e3o Pio X &#8220;. Obrigada ISPX.<\/div><div>\u00a0<\/div><div><hr \/><\/div><div>\u00a0<\/div><p><strong>De:<\/strong>\u00a0Rafaela Rodrigues de Moraes<\/p><div class=\"notanter-detalhe\" style=\"padding-left: 40px;\">Sou Rafaela Rodrigues de Moraes, entrei no &#8220;Pio&#8221; na 3\u00aa fase do Ensino Infantil e sa\u00ed no 3\u00b0 ano do Ensino M\u00e9dio em 2005 e agora estou no 3\u00b0 ano de Direito. Passei a maior parte da minha vida aqui e sinto muita saudade. Aproveitem essa fase, os amigos, os professores at\u00e9 o \u00faltimo dia de aula, pois esse tempo passa r\u00e1pido e a vida come\u00e7a a ficar dif\u00edcil! Boa sorte e aproveitem!<\/div><div>\u00a0<\/div><div><hr \/><\/div><div>\u00a0<\/div><p><strong>De:<\/strong>\u00a0Mariana Silveira Volpato<\/p><div class=\"notanter-detalhe\" style=\"padding-left: 40px;\">Estudei no Instituto minha vida toda! Entrei no pr\u00e9 e sai no 3\u00b0 colegial, e n\u00e3o me arrependo disso, pois essa escola sempre foi muito mais do que s\u00f3 uma escola para mim.<br \/>No Pio X eu aprendi muito mais do que somente as disciplinas escolares, pois o ensino \u00e9 muito mais humano, voltado para o crescimento pessoal de cada aluno. Muitas vezes eu passei a maior parte do meu dia dentro da pr\u00f3pria escola, e eu n\u00e3o me importava, pois estava sempre por perto de pessoas que eu gostava. Foi no Pio X que eu fiz meus melhores amigos, os amigos que mesmo depois de ter sa\u00eddo da escola, continuaram sendo os melhores para mim. Cada professor, cada funcion\u00e1rio teve sua participa\u00e7\u00e3o e de um modo ou de outro marcou e sempre ir\u00e1 marcar minha hist\u00f3ria.<br \/>Como tudo nessa vida, claro que houve os momentos em que eu at\u00e9 pensei em trocar de escola, mas vejo que se eu tivesse feito isso eu teria me arrependido muito, pois no fim de tudo, eu vejo que de alguma forma tudo que me aconteceu dentro da escola, sendo bom ou ruim, foi v\u00e1lido e eu vou sempre levar comigo.<br \/>Nunca vou esquecer da minha escola, minha \u00fanica escola, onde conheci pessoas que marcaram e ainda marcam minha vida e que me ajudou a hoje em dia eu ser quem eu sou, minha forma\u00e7\u00e3o n\u00e3o somente escolar, mas como ser humano tamb\u00e9m.<br \/>Em todos esses anos no Pio X, eu sempre tive como diretora a Irm\u00e3 Maria Jos\u00e9, que sempre foi uma excelente diretora, ela n\u00e3o apenas agia como uma &#8216;diretora&#8217;, ela sempre se preocupava conosco, e na maioria das vezes ao inv\u00e9s de &#8216;dar uma bronca&#8217;, ela dava conselhos para que cada vez mais pud\u00e9ssemos melhorar.<br \/>Com certeza eu sinto saudade de v\u00e1rios momentos, ali\u00e1s, quando eu terminei o colegial me senti at\u00e9 mesmo &#8216;meio perdida&#8217;, mas a gente se acostuma e s\u00e3o essas boas lembran\u00e7as que ficam.<\/div><div>\u00a0<\/div><div><hr \/><\/div><div>\u00a0<\/div><p><strong>De:<\/strong>\u00a0Thais Vieira Foga\u00e7a<\/p><div class=\"notanter-detalhe\"><p style=\"padding-left: 40px;\">Prestei vestibular de Meio de Ano, na Unesp &#8211; Universidade Estadual Paulista, onde fui convocada para o curso de Engenharia de Controle e Automa\u00e7\u00e3o (Mecatr\u00f4nica), no campus de Sorocaba. Gostaria de agradecer a todos os meus professores, desde aqueles que me acompanharam quando eu era crian\u00e7a, me alfabetizando e me ensinando os conceitos b\u00e1sicos, at\u00e9 aqueles que me ensinaram f\u00f3rmulas complexas, teorias e regras para que eu conseguisse entrar em uma boa Universidade.<\/p><p style=\"padding-left: 40px;\">Agrade\u00e7o tamb\u00e9m a coordena\u00e7\u00e3o, a dire\u00e7\u00e3o do col\u00e9gio e a todos os funcion\u00e1rios, que direta ou indiretamente, contribuiram para minha forma\u00e7\u00e3o integral.<\/p><p style=\"padding-left: 40px;\">Agrade\u00e7o novamente Um grande abra\u00e7o a todos<\/p><\/div><hr \/><p><strong>De:<\/strong>\u00a0Mariana Pereira Vilas Boas<\/p><div class=\"notanter-detalhe\" style=\"padding-left: 40px;\">&#8220;Podemos n\u00e3o lembrar precisamente de tudo o que nos aconteceu, mas sabemos, porque sentimos, quando algo \u00e9 importante. Aquela ansiedade incontrol\u00e1vel instantes antes de chegar ao local, aquela procura com o olhar por rostos conhecidos, a extens\u00e3o de costumes, gestos e palavras herdadas e a vontade s\u00fabita de voltar no tempo e fazer com que todo aquele contexto que um dia amamos volte a acontecer.<br \/>O Instituto S\u00e3o Pio X era um ch\u00e3o dentro de um mundo inconstante e ins\u00f3lito. Por\u00e9m, hoje vejo que mais do que representar algo que ficou no passado, me deu as ferramentas para que eu mesma pudesse construir as minhas bases em cima daquilo que acredito.<br \/>Recentemente, numa aula da faculdade um professor pediu para que escrev\u00eassemos sobre o que a escola onde estudamos representa de relevante em nossas vidas. O texto era parte da proposta pedag\u00f3gica que visava a constru\u00e7\u00e3o de uma autobiografia e nesse momento percebi que realmente j\u00e1 tinha uma hist\u00f3ria. O livro foi aberto e continua sendo escrito, tra\u00e7ando linhas e trajet\u00f3rias que me trouxeram at\u00e9 aqui e o Pio X \u00e9 em grande parte respons\u00e1vel por quem sou, por quem almejo ser e por minhas conquistas. Proporcionou-me acontecimentos inesquec\u00edveis, trouxe para perto de mim pessoas especiais, meus alicerces e valores. N\u00e3o ha o que eu tenha de importante em minha vida que n\u00e3o tenha passado por essa escola.<br \/>O que levamos da vida \u00e9 o que ningu\u00e9m pode nos tirar, conhecimento e lembran\u00e7as.<br \/>Para tudo o que este lugar representa para mim, uma l\u00e1grima: saudade. A todos que me proporcionaram anos incr\u00edveis de minha vida, um presente: gratid\u00e3o. E aos que aqui est\u00e3o, um conselho: saibam aproveitar.<br \/>Saudade a gente tem \u00e9 dos peda\u00e7os de n\u00f3s que ficaram pelo caminho. Algo meu ficou aqui e permanecer\u00e1 eternamente&#8221;.<br \/>Mariana Pereira Vilas Boas &#8211; Formanda 2006<br \/>Educa\u00e7\u00e3o F\u00edsica &#8211; USP<\/div><div>\u00a0<\/div><div><hr \/><\/div><div>\u00a0<\/div><p><strong>De:<\/strong>\u00a0Leo Saj Porcacchia<\/p><div class=\"notanter-detalhe\" style=\"padding-left: 40px;\">Depois de tanto tempo como estudante<br \/>Venho relatar uma grande satisfa\u00e7\u00e3o<br \/>Que passou por uma \u00e9poca atuante<br \/>E agora leva consigo sua forma\u00e7\u00e3o.<br \/>Foram muitos os momentos inesquec\u00edveis<br \/>Treze anos que ficaram na mem\u00f3ria<br \/>Com muitos prazeres indescrit\u00edveis<br \/>E um conseq\u00fcente presente de gl\u00f3ria.<br \/>Escrevo esse poema por agradecimento<br \/>Para minhas palavras compartilhar<br \/>E demonstrar o meu sentimento.<br \/>Pio X situa-se em meu pensamento<br \/>Pois ensinou-me o modo de caminhar<br \/>E permitiu meu livre desenvolvimento.<br \/>Com muita gratid\u00e3o,<br \/>Leo Saj Porcacchia &#8211; Formando 2005<br \/>Administra\u00e7\u00e3o &#8211; USP<\/div><div>\u00a0<\/div><div><hr \/><\/div><div>\u00a0<\/div><p><strong>De:<\/strong>\u00a0Gabriela<\/p><div class=\"notanter-detalhe\" style=\"padding-left: 40px;\">Eu estudei neste \u00f3timo col\u00e9gio de 2004 ate 2007. Eu nunca queria ter sa\u00eddo desta escola. \u00c9 \u00f3tima e eu amo de paix\u00e3o esta escola&#8230; Para todos os meus ex-vizinhos eu recomendo esta escola porque tem um m\u00e9todo de ensino muito bom e pr\u00f3prio para cada s\u00e9rie&#8230; Um grande abra\u00e7\u00e3o as irm\u00e3s, coordenadoras e professoras que me deram aula durante esses quatro anos&#8230;um beijo<\/div><div>\u00a0<\/div><div><hr \/><\/div><div>\u00a0<\/div><p><strong>De:<\/strong>\u00a0Elaine Cristina Ribeiro Camelo<\/p><div class=\"notanter-detalhe\" style=\"padding-left: 40px;\">Estudei durante dez anos neste col\u00e9gio&#8230; s\u00f3 n\u00e3o estudei mais pois na minha \u00e9poca&#8230; n\u00e3o tinha Ensino M\u00e9dio&#8230; me formei em 1989 na antiga 8a. s\u00e9rie&#8230; Hoje estou novamente no col\u00e9gio como professora (atualmente de Ensino Religioso, quem diria) &#8230; considero um grande privil\u00e9gio ser professora do col\u00e9gio que me formou&#8230; agrade\u00e7o e sempre agradecerei a esta institui\u00e7\u00e3o e a todos que contribu\u00edram para a forma\u00e7\u00e3o da pessoa que sou hoje.<br \/>Grata a toda fam\u00edlia ISPX.<\/div><div>\u00a0<\/div><div><hr \/><\/div><div>\u00a0<\/div><p><strong>De:<\/strong>\u00a0Maria dos Santos Peixoto<\/p><div class=\"notanter-detalhe\" style=\"padding-left: 40px;\">Estudei na d\u00e9cado de 80 no ISPX e trago comigo \u00f3timas lembran\u00e7as de estudo com seriedade, amizades verdadeiras, cidadania respons\u00e1vel e valoriza\u00e7\u00e3o a uma espiritualidade. Parab\u00e9ns a todos pelo trabalho desenvolvido!<\/div>\t\t\t\t\t\t\t\t<\/div>\n\t\t\t\t<\/div>\n\t\t\t\t<div class=\"elementor-element elementor-element-dacff09 elementor-widget elementor-widget-spacer\" data-id=\"dacff09\" data-element_type=\"widget\" data-e-type=\"widget\" data-widget_type=\"spacer.default\">\n\t\t\t\t<div class=\"elementor-widget-container\">\n\t\t\t\t\t\t\t<div class=\"elementor-spacer\">\n\t\t\t<div class=\"elementor-spacer-inner\"><\/div>\n\t\t<\/div>\n\t\t\t\t\t\t<\/div>\n\t\t\t\t<\/div>\n\t\t\t\t\t<\/div>\n\t\t<\/div>\n\t\t\t\t\t<\/div>\n\t\t<\/section>\n\t\t\t\t\t<\/div>\n\t\t<\/div>\n\t\t\t\t\t<\/div>\n\t\t<\/section>\n\t\t\t\t<section class=\"elementor-section elementor-top-section elementor-element elementor-element-34892b1f elementor-section-stretched elementor-section-full_width elementor-section-height-default elementor-section-height-default\" data-id=\"34892b1f\" data-element_type=\"section\" data-e-type=\"section\" data-settings=\"{&quot;stretch_section&quot;:&quot;section-stretched&quot;,&quot;background_background&quot;:&quot;classic&quot;}\">\n\t\t\t\t\t\t<div class=\"elementor-container elementor-column-gap-no\">\n\t\t\t\t\t<div class=\"elementor-column elementor-col-100 elementor-top-column elementor-element elementor-element-7c9b4c75\" data-id=\"7c9b4c75\" data-element_type=\"column\" data-e-type=\"column\" data-settings=\"{&quot;background_background&quot;:&quot;slideshow&quot;,&quot;background_slideshow_gallery&quot;:[],&quot;background_slideshow_loop&quot;:&quot;yes&quot;,&quot;background_slideshow_slide_duration&quot;:5000,&quot;background_slideshow_slide_transition&quot;:&quot;fade&quot;,&quot;background_slideshow_transition_duration&quot;:500}\">\n\t\t\t<div class=\"elementor-widget-wrap elementor-element-populated\">\n\t\t\t\t\t\t<div class=\"elementor-element elementor-element-203f3db4 elementor-widget elementor-widget-edubin-slider-addons\" data-id=\"203f3db4\" data-element_type=\"widget\" data-e-type=\"widget\" data-widget_type=\"edubin-slider-addons.default\">\n\t\t\t\t<div class=\"elementor-widget-container\">\n\t\t\t\t\t<div class=\"edubin-slider\"><div class=\"edubin-advance-slider-active  \" data-settings=\"{&quot;arrows&quot;:false,&quot;autoplay&quot;:false,&quot;infinite_loop&quot;:false,&quot;autoplay_speed&quot;:12000,&quot;animation_speed&quot;:12000,&quot;pause_on_hover&quot;:false,&quot;pause_on_interaction&quot;:false,&quot;mouse_drag&quot;:false,&quot;touch_drag&quot;:false}\"><div class=\"tpc-slider-carousel swiper swiper-container\"><div class=\"swiper-wrapper\"><div class=\"swiper-slide\"><div class=\"item-wrap elementor-repeater-item-00c19a1\">                                    \r\n                                    <div class=\"slide\" style=\"\r\n                                        background-image: url(https:\/\/redebeneditina.org.br\/ispx\/wp-content\/uploads\/2023\/06\/agende-visita-ispx.jpg); \r\n                                        background-size: cover; \r\n                                        background-position: center center; \r\n                                    \">\r\n\r\n                                    <div class=\"edubin-slider-background-overlay\" style=\"background-color:#004DA000\"><\/div><div class=\"container\"><div class=\"row edubin-row\"><div class=\"edubin-col-xl-12 edubin-col-lg-12 edubin-col-md-12 edubin-col-sm-12 content-column\"><div class=\"content-box text-left\"><h3 class=\"edubin-slider-subtitle anim-to-top\" ><\/h3><h1 class=\"slider-title anim-to-right\" >Agende<span> uma visita <\/span><\/h1><div class=\"edubin-slider-content anim-to-left\" >Ficaremos muito felizes em apresentar nossa escola e proposta pedag\u00f3gica \u00e0s fam\u00edlias interessadas. <\/div><div class=\"button-box edubin-slider-btn anim-to-top\"><\/div><\/div><\/div><\/div><\/div><\/div><\/div><\/div><\/div><\/div><\/div><\/div>\t\t\t\t<\/div>\n\t\t\t\t<\/div>\n\t\t\t\t\t<\/div>\n\t\t<\/div>\n\t\t\t\t\t<\/div>\n\t\t<\/section>\n\t\t\t\t<section class=\"elementor-section elementor-top-section elementor-element elementor-element-3e8746ab elementor-section-stretched elementor-section-boxed elementor-section-height-default elementor-section-height-default\" data-id=\"3e8746ab\" data-element_type=\"section\" data-e-type=\"section\" data-settings=\"{&quot;stretch_section&quot;:&quot;section-stretched&quot;}\">\n\t\t\t\t\t\t<div class=\"elementor-container elementor-column-gap-default\">\n\t\t\t\t\t<div class=\"elementor-column elementor-col-100 elementor-top-column elementor-element elementor-element-4300e9bd\" data-id=\"4300e9bd\" data-element_type=\"column\" data-e-type=\"column\" data-settings=\"{&quot;background_background&quot;:&quot;classic&quot;}\">\n\t\t\t<div class=\"elementor-widget-wrap elementor-element-populated\">\n\t\t\t\t\t\t<section class=\"elementor-section elementor-inner-section elementor-element elementor-element-49aabff5 elementor-section-content-middle elementor-section-boxed elementor-section-height-default elementor-section-height-default\" data-id=\"49aabff5\" data-element_type=\"section\" data-e-type=\"section\" data-settings=\"{&quot;background_background&quot;:&quot;classic&quot;}\">\n\t\t\t\t\t\t<div class=\"elementor-container elementor-column-gap-default\">\n\t\t\t\t\t<div class=\"elementor-column elementor-col-33 elementor-inner-column elementor-element elementor-element-61f5cbef\" data-id=\"61f5cbef\" data-element_type=\"column\" data-e-type=\"column\" data-settings=\"{&quot;background_background&quot;:&quot;classic&quot;}\">\n\t\t\t<div class=\"elementor-widget-wrap elementor-element-populated\">\n\t\t\t\t\t<div class=\"elementor-background-overlay\"><\/div>\n\t\t\t\t\t\t<div class=\"elementor-element elementor-element-1a6387d1 elementor-position-left elementor-vertical-align-middle elementor-widget elementor-widget-image-box\" data-id=\"1a6387d1\" data-element_type=\"widget\" data-e-type=\"widget\" data-settings=\"{&quot;_animation&quot;:&quot;none&quot;}\" data-widget_type=\"image-box.default\">\n\t\t\t\t<div class=\"elementor-widget-container\">\n\t\t\t\t\t<div class=\"elementor-image-box-wrapper\"><figure class=\"elementor-image-box-img\"><a href=\"https:\/\/wa.me\/5511976010591?text=Ol\u00e1!%20Eu%20vim%20pelo%20site%20Instituto%20S\u00e3o%20Pio%20X%20e%20gostaria%20de%20agendar%20uma%20visita.\" tabindex=\"-1\"><img decoding=\"async\" width=\"66\" height=\"66\" src=\"https:\/\/redebeneditina.org.br\/ispx\/wp-content\/uploads\/2023\/05\/agende-whats-2.png\" class=\"elementor-animation-grow attachment-full size-full wp-image-12146\" alt=\"\" \/><\/a><\/figure><div class=\"elementor-image-box-content\"><h2 class=\"elementor-image-box-title\"><a href=\"https:\/\/wa.me\/5511976010591?text=Ol\u00e1!%20Eu%20vim%20pelo%20site%20Instituto%20S\u00e3o%20Pio%20X%20e%20gostaria%20de%20agendar%20uma%20visita.\">Via Whatsapp<\/a><\/h2><\/div><\/div>\t\t\t\t<\/div>\n\t\t\t\t<\/div>\n\t\t\t\t<div class=\"elementor-element elementor-element-68ed7395 elementor-align-right elementor-mobile-align-center elementor-button-info elementor-widget elementor-widget-button\" data-id=\"68ed7395\" data-element_type=\"widget\" data-e-type=\"widget\" data-widget_type=\"button.default\">\n\t\t\t\t<div class=\"elementor-widget-container\">\n\t\t\t\t\t\t\t\t\t<div class=\"elementor-button-wrapper\">\n\t\t\t\t\t<a class=\"elementor-button elementor-button-link elementor-size-sm elementor-animation-skew-forward\" href=\"https:\/\/wa.me\/5511976010591?text=Ol\u00e1!%20Eu%20vim%20pelo%20site%20Instituto%20S\u00e3o%20Pio%20X%20e%20gostaria%20de%20agendar%20uma%20visita.\">\n\t\t\t\t\t\t<span class=\"elementor-button-content-wrapper\">\n\t\t\t\t\t\t<span class=\"elementor-button-icon\">\n\t\t\t\t<i aria-hidden=\"true\" class=\"fas fa-angle-double-right\"><\/i>\t\t\t<\/span>\n\t\t\t\t\t\t\t\t\t<span class=\"elementor-button-text\">97601 0591<\/span>\n\t\t\t\t\t<\/span>\n\t\t\t\t\t<\/a>\n\t\t\t\t<\/div>\n\t\t\t\t\t\t\t\t<\/div>\n\t\t\t\t<\/div>\n\t\t\t\t\t<\/div>\n\t\t<\/div>\n\t\t\t\t<div class=\"elementor-column elementor-col-33 elementor-inner-column elementor-element elementor-element-248ea2f\" data-id=\"248ea2f\" data-element_type=\"column\" data-e-type=\"column\" data-settings=\"{&quot;background_background&quot;:&quot;classic&quot;}\">\n\t\t\t<div class=\"elementor-widget-wrap elementor-element-populated\">\n\t\t\t\t\t<div class=\"elementor-background-overlay\"><\/div>\n\t\t\t\t\t\t<div class=\"elementor-element elementor-element-12b3c869 elementor-position-left elementor-vertical-align-middle elementor-widget elementor-widget-image-box\" data-id=\"12b3c869\" data-element_type=\"widget\" data-e-type=\"widget\" data-settings=\"{&quot;_animation&quot;:&quot;none&quot;}\" data-widget_type=\"image-box.default\">\n\t\t\t\t<div class=\"elementor-widget-container\">\n\t\t\t\t\t<div class=\"elementor-image-box-wrapper\"><figure class=\"elementor-image-box-img\"><a href=\"tel:+551136958200\" tabindex=\"-1\"><img decoding=\"async\" width=\"66\" height=\"66\" src=\"https:\/\/redebeneditina.org.br\/ispx\/wp-content\/uploads\/2023\/05\/agenda-tel-2-1.png\" class=\"elementor-animation-grow attachment-full size-full wp-image-12147\" alt=\"\" \/><\/a><\/figure><div class=\"elementor-image-box-content\"><h2 class=\"elementor-image-box-title\"><a href=\"tel:+551136958200\">Via Telefone<\/a><\/h2><\/div><\/div>\t\t\t\t<\/div>\n\t\t\t\t<\/div>\n\t\t\t\t<div class=\"elementor-element elementor-element-9e4b4e3 elementor-align-right elementor-mobile-align-center elementor-widget elementor-widget-button\" data-id=\"9e4b4e3\" data-element_type=\"widget\" data-e-type=\"widget\" data-widget_type=\"button.default\">\n\t\t\t\t<div class=\"elementor-widget-container\">\n\t\t\t\t\t\t\t\t\t<div class=\"elementor-button-wrapper\">\n\t\t\t\t\t<a class=\"elementor-button elementor-button-link elementor-size-sm elementor-animation-skew-forward\" href=\"tel:+551136958200\">\n\t\t\t\t\t\t<span class=\"elementor-button-content-wrapper\">\n\t\t\t\t\t\t<span class=\"elementor-button-icon\">\n\t\t\t\t<i aria-hidden=\"true\" class=\"fas fa-angle-double-right\"><\/i>\t\t\t<\/span>\n\t\t\t\t\t\t\t\t\t<span class=\"elementor-button-text\">3695 8200<\/span>\n\t\t\t\t\t<\/span>\n\t\t\t\t\t<\/a>\n\t\t\t\t<\/div>\n\t\t\t\t\t\t\t\t<\/div>\n\t\t\t\t<\/div>\n\t\t\t\t\t<\/div>\n\t\t<\/div>\n\t\t\t\t<div class=\"elementor-column elementor-col-33 elementor-inner-column elementor-element elementor-element-7ed68723\" data-id=\"7ed68723\" data-element_type=\"column\" data-e-type=\"column\" data-settings=\"{&quot;background_background&quot;:&quot;classic&quot;}\">\n\t\t\t<div class=\"elementor-widget-wrap elementor-element-populated\">\n\t\t\t\t\t<div class=\"elementor-background-overlay\"><\/div>\n\t\t\t\t\t\t<div class=\"elementor-element elementor-element-280e4895 elementor-position-left elementor-vertical-align-middle elementor-widget elementor-widget-image-box\" data-id=\"280e4895\" data-element_type=\"widget\" data-e-type=\"widget\" data-settings=\"{&quot;_animation&quot;:&quot;none&quot;}\" data-widget_type=\"image-box.default\">\n\t\t\t\t<div class=\"elementor-widget-container\">\n\t\t\t\t\t<div class=\"elementor-image-box-wrapper\"><figure class=\"elementor-image-box-img\"><a href=\"https:\/\/redebeneditina.org.br\/ispx\/contato\/\" tabindex=\"-1\"><img decoding=\"async\" width=\"66\" height=\"66\" src=\"https:\/\/redebeneditina.org.br\/ispx\/wp-content\/uploads\/2023\/05\/agenda-form-2-2.png\" class=\"elementor-animation-grow attachment-full size-full wp-image-12157\" alt=\"\" \/><\/a><\/figure><div class=\"elementor-image-box-content\"><h2 class=\"elementor-image-box-title\"><a href=\"https:\/\/redebeneditina.org.br\/ispx\/contato\/\">Via On-line<\/a><\/h2><\/div><\/div>\t\t\t\t<\/div>\n\t\t\t\t<\/div>\n\t\t\t\t<div class=\"elementor-element elementor-element-148c6d73 elementor-align-right elementor-mobile-align-center elementor-widget elementor-widget-button\" data-id=\"148c6d73\" data-element_type=\"widget\" data-e-type=\"widget\" data-widget_type=\"button.default\">\n\t\t\t\t<div class=\"elementor-widget-container\">\n\t\t\t\t\t\t\t\t\t<div class=\"elementor-button-wrapper\">\n\t\t\t\t\t<a class=\"elementor-button elementor-button-link elementor-size-sm elementor-animation-skew-forward\" href=\"https:\/\/redebeneditina.org.br\/ispx\/contato\/\">\n\t\t\t\t\t\t<span class=\"elementor-button-content-wrapper\">\n\t\t\t\t\t\t<span class=\"elementor-button-icon\">\n\t\t\t\t<i aria-hidden=\"true\" class=\"fas fa-angle-double-right\"><\/i>\t\t\t<\/span>\n\t\t\t\t\t\t\t\t\t<span class=\"elementor-button-text\">Clique aqui<\/span>\n\t\t\t\t\t<\/span>\n\t\t\t\t\t<\/a>\n\t\t\t\t<\/div>\n\t\t\t\t\t\t\t\t<\/div>\n\t\t\t\t<\/div>\n\t\t\t\t\t<\/div>\n\t\t<\/div>\n\t\t\t\t\t<\/div>\n\t\t<\/section>\n\t\t\t\t\t<\/div>\n\t\t<\/div>\n\t\t\t\t\t<\/div>\n\t\t<\/section>\n\t\t\t\t<section class=\"elementor-section elementor-top-section elementor-element elementor-element-2735e5fc elementor-section-boxed elementor-section-height-default elementor-section-height-default\" data-id=\"2735e5fc\" data-element_type=\"section\" data-e-type=\"section\">\n\t\t\t\t\t\t<div class=\"elementor-container elementor-column-gap-default\">\n\t\t\t\t\t<div class=\"elementor-column elementor-col-100 elementor-top-column elementor-element elementor-element-438cb23c\" data-id=\"438cb23c\" data-element_type=\"column\" data-e-type=\"column\">\n\t\t\t<div class=\"elementor-widget-wrap elementor-element-populated\">\n\t\t\t\t\t\t<div class=\"elementor-element elementor-element-49dc52b3 elementor-widget elementor-widget-custom-title-addons\" data-id=\"49dc52b3\" data-element_type=\"widget\" data-e-type=\"widget\" data-widget_type=\"custom-title-addons.default\">\n\t\t\t\t<div class=\"elementor-widget-container\">\n\t\t\t\t\t<div class=\"tpc-double_heading\"><div class=\"dbl__subtitle\"><span>MISS\u00c3O, VIS\u00c3O E VALORES DA REDE BENEDITINA<\/span><\/div><h3 class=\"dbl__title-wrapper\"><span class=\"dbl__title dbl-title_1\">Acolher, Assistir e Educar <\/span><span class=\"dbl__title dbl-title_2\"  >a crian\u00e7a, o adolescente e o jovem por meio da forma\u00e7\u00e3o integral, humanista e crist\u00e3 e <\/span><span class=\"dbl__title dbl-title_3\">proteger e amparar o idoso.<\/span><\/h3><\/div>\t\t\t\t<\/div>\n\t\t\t\t<\/div>\n\t\t\t\t\t<\/div>\n\t\t<\/div>\n\t\t\t\t\t<\/div>\n\t\t<\/section>\n\t\t\t\t<section class=\"elementor-section elementor-top-section elementor-element elementor-element-9032966 elementor-section-boxed elementor-section-height-default elementor-section-height-default\" data-id=\"9032966\" data-element_type=\"section\" data-e-type=\"section\">\n\t\t\t\t\t\t<div class=\"elementor-container elementor-column-gap-default\">\n\t\t\t\t\t<div class=\"elementor-column elementor-col-100 elementor-top-column elementor-element elementor-element-8f9735d\" data-id=\"8f9735d\" data-element_type=\"column\" data-e-type=\"column\">\n\t\t\t<div class=\"elementor-widget-wrap elementor-element-populated\">\n\t\t\t\t\t\t<section class=\"elementor-section elementor-inner-section elementor-element elementor-element-da92f2d elementor-section-boxed elementor-section-height-default elementor-section-height-default\" data-id=\"da92f2d\" data-element_type=\"section\" data-e-type=\"section\">\n\t\t\t\t\t\t<div class=\"elementor-container elementor-column-gap-default\">\n\t\t\t\t\t<div class=\"elementor-column elementor-col-33 elementor-inner-column elementor-element elementor-element-7f40e21 elementor-invisible\" data-id=\"7f40e21\" data-element_type=\"column\" data-e-type=\"column\" data-settings=\"{&quot;animation&quot;:&quot;slideInLeft&quot;}\">\n\t\t\t<div class=\"elementor-widget-wrap elementor-element-populated\">\n\t\t\t\t\t\t<div class=\"elementor-element elementor-element-a4fd4e0 edubin-title-align-left elementor-widget elementor-widget-section-title-addons\" data-id=\"a4fd4e0\" data-element_type=\"widget\" data-e-type=\"widget\" data-widget_type=\"section-title-addons.default\">\n\t\t\t\t<div class=\"elementor-widget-container\">\n\t\t\t\t\t            <div class=\"edubin-section-title edubin-subtitle-position-top title-style-one\">\r\n                <h2 class=\"section-title-txt\">Miss\u00e3o<\/h2><p class=\"section-subtitle-txt\">01<\/p>            <\/div>\r\n\r\n        \t\t\t\t<\/div>\n\t\t\t\t<\/div>\n\t\t\t\t<div class=\"elementor-element elementor-element-5de64b0 elementor-widget elementor-widget-text-editor\" data-id=\"5de64b0\" data-element_type=\"widget\" data-e-type=\"widget\" data-widget_type=\"text-editor.default\">\n\t\t\t\t<div class=\"elementor-widget-container\">\n\t\t\t\t\t\t\t\t\t<p>Confiante na Divina Provid\u00eancia a ABEAS tem como miss\u00e3o: Acolher, Assistir e Educar a crian\u00e7a, o adolescente e o jovem por meio da forma\u00e7\u00e3o integral, humanista e crist\u00e3; zelar pela qualidade da educa\u00e7\u00e3o preparando profissionais do futuro com s\u00f3lidos princ\u00edpios \u00e9ticos; proteger e amparar o idoso, primando pela qualidade e excel\u00eancia das tarefas que essa miss\u00e3o exige.<\/p>\t\t\t\t\t\t\t\t<\/div>\n\t\t\t\t<\/div>\n\t\t\t\t\t<\/div>\n\t\t<\/div>\n\t\t\t\t<div class=\"elementor-column elementor-col-33 elementor-inner-column elementor-element elementor-element-6d35d32 elementor-invisible\" data-id=\"6d35d32\" data-element_type=\"column\" data-e-type=\"column\" data-settings=\"{&quot;animation&quot;:&quot;slideInUp&quot;}\">\n\t\t\t<div class=\"elementor-widget-wrap elementor-element-populated\">\n\t\t\t\t\t\t<div class=\"elementor-element elementor-element-cd348ff edubin-title-align-left elementor-widget elementor-widget-section-title-addons\" data-id=\"cd348ff\" data-element_type=\"widget\" data-e-type=\"widget\" data-widget_type=\"section-title-addons.default\">\n\t\t\t\t<div class=\"elementor-widget-container\">\n\t\t\t\t\t            <div class=\"edubin-section-title edubin-subtitle-position-top title-style-one\">\r\n                <h2 class=\"section-title-txt\">Vis\u00e3o<\/h2><p class=\"section-subtitle-txt\">02<\/p>            <\/div>\r\n\r\n        \t\t\t\t<\/div>\n\t\t\t\t<\/div>\n\t\t\t\t<div class=\"elementor-element elementor-element-ac7ec01 elementor-widget elementor-widget-text-editor\" data-id=\"ac7ec01\" data-element_type=\"widget\" data-e-type=\"widget\" data-widget_type=\"text-editor.default\">\n\t\t\t\t<div class=\"elementor-widget-container\">\n\t\t\t\t\t\t\t\t\t<p>A ABEAS almeja ser reconhecida pela excel\u00eancia na forma\u00e7\u00e3o integral, humanista e crist\u00e3 de crian\u00e7as, adolescentes e jovens e pela qualidade acad\u00eamica; preservar e difundir o trabalho da rede de escolas e das obras assistenciais; primar pela satisfa\u00e7\u00e3o dos alunos, idosos, assistidos, familiares e parceiros; evoluir continuamente a qualifica\u00e7\u00e3o docente e t\u00e9cnico-administrativa.<\/p>\t\t\t\t\t\t\t\t<\/div>\n\t\t\t\t<\/div>\n\t\t\t\t\t<\/div>\n\t\t<\/div>\n\t\t\t\t<div class=\"elementor-column elementor-col-33 elementor-inner-column elementor-element elementor-element-defa3f7 elementor-invisible\" data-id=\"defa3f7\" data-element_type=\"column\" data-e-type=\"column\" data-settings=\"{&quot;animation&quot;:&quot;slideInRight&quot;}\">\n\t\t\t<div class=\"elementor-widget-wrap elementor-element-populated\">\n\t\t\t\t\t\t<div class=\"elementor-element elementor-element-b16b098 edubin-title-align-left elementor-widget elementor-widget-section-title-addons\" data-id=\"b16b098\" data-element_type=\"widget\" data-e-type=\"widget\" data-widget_type=\"section-title-addons.default\">\n\t\t\t\t<div class=\"elementor-widget-container\">\n\t\t\t\t\t            <div class=\"edubin-section-title edubin-subtitle-position-top title-style-one\">\r\n                <h2 class=\"section-title-txt\">Valores<\/h2><p class=\"section-subtitle-txt\">03<\/p>            <\/div>\r\n\r\n        \t\t\t\t<\/div>\n\t\t\t\t<\/div>\n\t\t\t\t<div class=\"elementor-element elementor-element-368228b elementor-widget elementor-widget-text-editor\" data-id=\"368228b\" data-element_type=\"widget\" data-e-type=\"widget\" data-widget_type=\"text-editor.default\">\n\t\t\t\t<div class=\"elementor-widget-container\">\n\t\t\t\t\t\t\t\t\t<p>S\u00e3o valores imprescind\u00edveis: a cren\u00e7a em Deus, na fam\u00edlia e na dignidade humana; a honestidade, solidariedade e paz; a partilha de bens e saber com todos; a liberdade de aprender, pesquisar e divulgar a cultura, o pensamento, a arte e o saber; o respeito e apre\u00e7o \u00e0 liberdade, \u00e0 toler\u00e2ncia, ao ambiente harm\u00f4nico, ao perd\u00e3o e \u00e0 cultura de paz; a defesa da vida e o cuidado da natureza; uso consciente, respons\u00e1vel e saud\u00e1vel da inova\u00e7\u00e3o e transforma\u00e7\u00e3o digital.<\/p>\t\t\t\t\t\t\t\t<\/div>\n\t\t\t\t<\/div>\n\t\t\t\t\t<\/div>\n\t\t<\/div>\n\t\t\t\t\t<\/div>\n\t\t<\/section>\n\t\t\t\t\t<\/div>\n\t\t<\/div>\n\t\t\t\t\t<\/div>\n\t\t<\/section>\n\t\t\t\t<\/div>\n\t\t","protected":false},"excerpt":{"rendered":"<p>Depoimentos &nbsp; Compartilhe sua experi\u00eancia conosco! Leia abaixo e compartilhe sua mensagem conosco, voc\u00ea que fez, faz e sempre far\u00e1 parte desta grande fam\u00edlia. Nome Sua Mensagem Testemunhos da nossa miss\u00e3o de Acolher, Assistir e Educar. \u00a0 De: Renata Alessandra Como eu amo essa escola! \u00a0 De: Tatiane Que lindeza ver minha princesa se desenvolvendo!!&#8230;<\/p>\n","protected":false},"author":3,"featured_media":0,"parent":0,"menu_order":0,"comment_status":"closed","ping_status":"closed","template":"","meta":{"_monsterinsights_skip_tracking":false,"_monsterinsights_sitenote_active":false,"_monsterinsights_sitenote_note":"","_monsterinsights_sitenote_category":0,"ngg_post_thumbnail":0,"footnotes":""},"class_list":["post-18413","page","type-page","status-publish","hentry"],"_links":{"self":[{"href":"https:\/\/redebeneditina.org.br\/ispx\/wp-json\/wp\/v2\/pages\/18413","targetHints":{"allow":["GET"]}}],"collection":[{"href":"https:\/\/redebeneditina.org.br\/ispx\/wp-json\/wp\/v2\/pages"}],"about":[{"href":"https:\/\/redebeneditina.org.br\/ispx\/wp-json\/wp\/v2\/types\/page"}],"author":[{"embeddable":true,"href":"https:\/\/redebeneditina.org.br\/ispx\/wp-json\/wp\/v2\/users\/3"}],"replies":[{"embeddable":true,"href":"https:\/\/redebeneditina.org.br\/ispx\/wp-json\/wp\/v2\/comments?post=18413"}],"version-history":[{"count":3,"href":"https:\/\/redebeneditina.org.br\/ispx\/wp-json\/wp\/v2\/pages\/18413\/revisions"}],"predecessor-version":[{"id":38443,"href":"https:\/\/redebeneditina.org.br\/ispx\/wp-json\/wp\/v2\/pages\/18413\/revisions\/38443"}],"wp:attachment":[{"href":"https:\/\/redebeneditina.org.br\/ispx\/wp-json\/wp\/v2\/media?parent=18413"}],"curies":[{"name":"wp","href":"https:\/\/api.w.org\/{rel}","templated":true}]}}