{"id":18595,"date":"2023-06-05T21:28:23","date_gmt":"2023-06-05T21:28:23","guid":{"rendered":"https:\/\/redebeneditina.org.br\/ispx\/?page_id=18595"},"modified":"2025-02-10T16:14:34","modified_gmt":"2025-02-10T19:14:34","slug":"instalacoes","status":"publish","type":"page","link":"https:\/\/redebeneditina.org.br\/ispx\/instalacoes\/","title":{"rendered":"Instala\u00e7\u00f5es"},"content":{"rendered":"\t\t<div data-elementor-type=\"wp-page\" data-elementor-id=\"18595\" class=\"elementor elementor-18595\">\n\t\t\t\t\t\t<section class=\"elementor-section elementor-top-section elementor-element elementor-element-6537e37 elementor-section-boxed elementor-section-height-default elementor-section-height-default\" data-id=\"6537e37\" data-element_type=\"section\" data-e-type=\"section\" data-settings=\"{&quot;background_background&quot;:&quot;classic&quot;}\">\n\t\t\t\t\t\t<div class=\"elementor-container elementor-column-gap-default\">\n\t\t\t\t\t<div class=\"elementor-column elementor-col-100 elementor-top-column elementor-element elementor-element-216b97a6\" data-id=\"216b97a6\" data-element_type=\"column\" data-e-type=\"column\">\n\t\t\t<div class=\"elementor-widget-wrap elementor-element-populated\">\n\t\t\t\t\t\t<section class=\"elementor-section elementor-inner-section elementor-element elementor-element-168fee3e elementor-section-boxed elementor-section-height-default elementor-section-height-default\" data-id=\"168fee3e\" data-element_type=\"section\" data-e-type=\"section\">\n\t\t\t\t\t\t<div class=\"elementor-container elementor-column-gap-default\">\n\t\t\t\t\t<div class=\"elementor-column elementor-col-100 elementor-inner-column elementor-element elementor-element-3b74f9ae\" data-id=\"3b74f9ae\" data-element_type=\"column\" data-e-type=\"column\">\n\t\t\t<div class=\"elementor-widget-wrap elementor-element-populated\">\n\t\t\t\t\t\t<div class=\"elementor-element elementor-element-6ba2d633 edubin-title-align-left elementor-widget elementor-widget-section-title-addons\" data-id=\"6ba2d633\" data-element_type=\"widget\" data-e-type=\"widget\" data-widget_type=\"section-title-addons.default\">\n\t\t\t\t<div class=\"elementor-widget-container\">\n\t\t\t\t\t            <div class=\"edubin-section-title edubin-subtitle-position-top title-style-four\">\r\n                <h2 class=\"section-title-txt\">Instala\u00e7\u00f5es<\/h2><div class=edubin-title-sperator-sec><span class=\"edubin-title-sperator\">&nbsp;<\/span><\/div><p class=\"section-subtitle-txt\">Instituto S\u00e3o Pio X<\/p>            <\/div>\r\n\r\n        \t\t\t\t<\/div>\n\t\t\t\t<\/div>\n\t\t\t\t<div class=\"elementor-element elementor-element-728779b3 elementor-widget elementor-widget-text-editor\" data-id=\"728779b3\" data-element_type=\"widget\" data-e-type=\"widget\" data-widget_type=\"text-editor.default\">\n\t\t\t\t<div class=\"elementor-widget-container\">\n\t\t\t\t\t\t\t\t\t<p><!-- default-view.php -->\n<div\n\tclass=\"ngg-galleryoverview default-view\n\t\t\"\n\tid=\"ngg-gallery-af7eb780b8427f092387328dd37e223f-1\"\n\tdata-nextgen-gallery-id=\"146\"\n\tdata-gallery-id=\"146\"\n\t\tdata-gallery-name=\"instalacoes-piox\"\n\t>\n\n\t\t<!-- Thumbnails -->\n\t\t\t\t<div id=\"ngg-image-0\" class=\"ngg-gallery-thumbnail-box\n\t\t\t\t\t\t\t\t\t\t\t\"\n\t\t\t>\n\t\t\t\t\t\t<div class=\"ngg-gallery-thumbnail\">\n\t\t<a href=\"https:\/\/redebeneditina.org.br\/ispx\/wp-content\/gallery\/instalacoes-piox\/piox-redebeneditina-1.jpg?t=1706119459\"\n\t\t\ttitle=\"Fachada\"\n\t\t\tdata-src=\"https:\/\/redebeneditina.org.br\/ispx\/wp-content\/gallery\/instalacoes-piox\/piox-redebeneditina-1.jpg?t=1706119459\"\n\t\t\tdata-thumbnail=\"https:\/\/redebeneditina.org.br\/ispx\/wp-content\/gallery\/instalacoes-piox\/thumbs\/thumbs_piox-redebeneditina-1.jpg?t=1706119459\"\n\t\t\tdata-image-id=\"5047\"\n\t\t\tdata-image-name=\"piox-redebeneditina-1.jpg\"\n\t\t\tdata-title=\"piox-redebeneditina-1\"\n\t\t\tdata-description=\"Fachada\"\n\t\t\tdata-image-slug=\"piox-redebeneditina-1\"\n\t\t\t\t\t\t\t\t\t\t\t\t\t\t\t\t\t\t\t\tclass=\"ngg-simplelightbox\" rel=\"af7eb780b8427f092387328dd37e223f\">\n\t\t\t\t\t\t\t\t<img\n\t\t\t\t\ttitle=\"piox-redebeneditina-1\"\n\t\t\t\t\talt=\"piox-redebeneditina-1\"\n\t\t\t\t\tsrc=\"https:\/\/redebeneditina.org.br\/ispx\/wp-content\/gallery\/instalacoes-piox\/thumbs\/thumbs_piox-redebeneditina-1.jpg?t=1706119459\"\n\t\t\t\t\twidth=\"240\"\n\t\t\t\t\theight=\"240\"\n\t\t\t\t\tstyle=\"max-width:100%;\"\n\t\t\t\t\/>\n\t\t\t<\/a>\n\t\t<\/div>\n\t\t\t\t\t\t\t<\/div>\n\t\t\t\n\t\t\t\t<div id=\"ngg-image-1\" class=\"ngg-gallery-thumbnail-box\n\t\t\t\t\t\t\t\t\t\t\t\"\n\t\t\t>\n\t\t\t\t\t\t<div class=\"ngg-gallery-thumbnail\">\n\t\t<a href=\"https:\/\/redebeneditina.org.br\/ispx\/wp-content\/gallery\/instalacoes-piox\/piox-redebeneditina-2.jpg?t=1706119459\"\n\t\t\ttitle=\"Fachada\"\n\t\t\tdata-src=\"https:\/\/redebeneditina.org.br\/ispx\/wp-content\/gallery\/instalacoes-piox\/piox-redebeneditina-2.jpg?t=1706119459\"\n\t\t\tdata-thumbnail=\"https:\/\/redebeneditina.org.br\/ispx\/wp-content\/gallery\/instalacoes-piox\/thumbs\/thumbs_piox-redebeneditina-2.jpg?t=1706119459\"\n\t\t\tdata-image-id=\"5048\"\n\t\t\tdata-image-name=\"piox-redebeneditina-2.jpg\"\n\t\t\tdata-title=\"piox-redebeneditina-2\"\n\t\t\tdata-description=\"Fachada\"\n\t\t\tdata-image-slug=\"piox-redebeneditina-2\"\n\t\t\t\t\t\t\t\t\t\t\t\t\t\t\t\t\t\t\t\tclass=\"ngg-simplelightbox\" rel=\"af7eb780b8427f092387328dd37e223f\">\n\t\t\t\t\t\t\t\t<img\n\t\t\t\t\ttitle=\"piox-redebeneditina-2\"\n\t\t\t\t\talt=\"piox-redebeneditina-2\"\n\t\t\t\t\tsrc=\"https:\/\/redebeneditina.org.br\/ispx\/wp-content\/gallery\/instalacoes-piox\/thumbs\/thumbs_piox-redebeneditina-2.jpg?t=1706119459\"\n\t\t\t\t\twidth=\"240\"\n\t\t\t\t\theight=\"240\"\n\t\t\t\t\tstyle=\"max-width:100%;\"\n\t\t\t\t\/>\n\t\t\t<\/a>\n\t\t<\/div>\n\t\t\t\t\t\t\t<\/div>\n\t\t\t\n\t\t\t\t<div id=\"ngg-image-2\" class=\"ngg-gallery-thumbnail-box\n\t\t\t\t\t\t\t\t\t\t\t\"\n\t\t\t>\n\t\t\t\t\t\t<div class=\"ngg-gallery-thumbnail\">\n\t\t<a href=\"https:\/\/redebeneditina.org.br\/ispx\/wp-content\/gallery\/instalacoes-piox\/piox-redebeneditina-3.jpg?t=1706119459\"\n\t\t\ttitle=\"Sala de Leitura\"\n\t\t\tdata-src=\"https:\/\/redebeneditina.org.br\/ispx\/wp-content\/gallery\/instalacoes-piox\/piox-redebeneditina-3.jpg?t=1706119459\"\n\t\t\tdata-thumbnail=\"https:\/\/redebeneditina.org.br\/ispx\/wp-content\/gallery\/instalacoes-piox\/thumbs\/thumbs_piox-redebeneditina-3.jpg?t=1706119459\"\n\t\t\tdata-image-id=\"5046\"\n\t\t\tdata-image-name=\"piox-redebeneditina-3.jpg\"\n\t\t\tdata-title=\"piox-redebeneditina-3\"\n\t\t\tdata-description=\"Sala de Leitura\"\n\t\t\tdata-image-slug=\"piox-redebeneditina-3\"\n\t\t\t\t\t\t\t\t\t\t\t\t\t\t\t\t\t\t\t\tclass=\"ngg-simplelightbox\" rel=\"af7eb780b8427f092387328dd37e223f\">\n\t\t\t\t\t\t\t\t<img\n\t\t\t\t\ttitle=\"piox-redebeneditina-3\"\n\t\t\t\t\talt=\"piox-redebeneditina-3\"\n\t\t\t\t\tsrc=\"https:\/\/redebeneditina.org.br\/ispx\/wp-content\/gallery\/instalacoes-piox\/thumbs\/thumbs_piox-redebeneditina-3.jpg?t=1706119459\"\n\t\t\t\t\twidth=\"240\"\n\t\t\t\t\theight=\"240\"\n\t\t\t\t\tstyle=\"max-width:100%;\"\n\t\t\t\t\/>\n\t\t\t<\/a>\n\t\t<\/div>\n\t\t\t\t\t\t\t<\/div>\n\t\t\t\n\t\t\t\t<div id=\"ngg-image-3\" class=\"ngg-gallery-thumbnail-box\n\t\t\t\t\t\t\t\t\t\t\t\"\n\t\t\t>\n\t\t\t\t\t\t<div class=\"ngg-gallery-thumbnail\">\n\t\t<a href=\"https:\/\/redebeneditina.org.br\/ispx\/wp-content\/gallery\/instalacoes-piox\/piox-redebeneditina-4.jpg?t=1706119459\"\n\t\t\ttitle=\"Sala de Leitura\"\n\t\t\tdata-src=\"https:\/\/redebeneditina.org.br\/ispx\/wp-content\/gallery\/instalacoes-piox\/piox-redebeneditina-4.jpg?t=1706119459\"\n\t\t\tdata-thumbnail=\"https:\/\/redebeneditina.org.br\/ispx\/wp-content\/gallery\/instalacoes-piox\/thumbs\/thumbs_piox-redebeneditina-4.jpg?t=1706119459\"\n\t\t\tdata-image-id=\"5049\"\n\t\t\tdata-image-name=\"piox-redebeneditina-4.jpg\"\n\t\t\tdata-title=\"piox-redebeneditina-4\"\n\t\t\tdata-description=\"Sala de Leitura\"\n\t\t\tdata-image-slug=\"piox-redebeneditina-4\"\n\t\t\t\t\t\t\t\t\t\t\t\t\t\t\t\t\t\t\t\tclass=\"ngg-simplelightbox\" rel=\"af7eb780b8427f092387328dd37e223f\">\n\t\t\t\t\t\t\t\t<img\n\t\t\t\t\ttitle=\"piox-redebeneditina-4\"\n\t\t\t\t\talt=\"piox-redebeneditina-4\"\n\t\t\t\t\tsrc=\"https:\/\/redebeneditina.org.br\/ispx\/wp-content\/gallery\/instalacoes-piox\/thumbs\/thumbs_piox-redebeneditina-4.jpg?t=1706119459\"\n\t\t\t\t\twidth=\"240\"\n\t\t\t\t\theight=\"240\"\n\t\t\t\t\tstyle=\"max-width:100%;\"\n\t\t\t\t\/>\n\t\t\t<\/a>\n\t\t<\/div>\n\t\t\t\t\t\t\t<\/div>\n\t\t\t\n\t\t\t\t<div id=\"ngg-image-4\" class=\"ngg-gallery-thumbnail-box\n\t\t\t\t\t\t\t\t\t\t\t\"\n\t\t\t>\n\t\t\t\t\t\t<div class=\"ngg-gallery-thumbnail\">\n\t\t<a href=\"https:\/\/redebeneditina.org.br\/ispx\/wp-content\/gallery\/instalacoes-piox\/piox-redebeneditina-6.jpg?t=1706119459\"\n\t\t\ttitle=\"Museu\"\n\t\t\tdata-src=\"https:\/\/redebeneditina.org.br\/ispx\/wp-content\/gallery\/instalacoes-piox\/piox-redebeneditina-6.jpg?t=1706119459\"\n\t\t\tdata-thumbnail=\"https:\/\/redebeneditina.org.br\/ispx\/wp-content\/gallery\/instalacoes-piox\/thumbs\/thumbs_piox-redebeneditina-6.jpg?t=1706119459\"\n\t\t\tdata-image-id=\"5050\"\n\t\t\tdata-image-name=\"piox-redebeneditina-6.jpg\"\n\t\t\tdata-title=\"piox-redebeneditina-6\"\n\t\t\tdata-description=\"Museu\"\n\t\t\tdata-image-slug=\"piox-redebeneditina-6\"\n\t\t\t\t\t\t\t\t\t\t\t\t\t\t\t\t\t\t\t\tclass=\"ngg-simplelightbox\" rel=\"af7eb780b8427f092387328dd37e223f\">\n\t\t\t\t\t\t\t\t<img\n\t\t\t\t\ttitle=\"piox-redebeneditina-6\"\n\t\t\t\t\talt=\"piox-redebeneditina-6\"\n\t\t\t\t\tsrc=\"https:\/\/redebeneditina.org.br\/ispx\/wp-content\/gallery\/instalacoes-piox\/thumbs\/thumbs_piox-redebeneditina-6.jpg?t=1706119459\"\n\t\t\t\t\twidth=\"240\"\n\t\t\t\t\theight=\"240\"\n\t\t\t\t\tstyle=\"max-width:100%;\"\n\t\t\t\t\/>\n\t\t\t<\/a>\n\t\t<\/div>\n\t\t\t\t\t\t\t<\/div>\n\t\t\t\n\t\t\t\t<div id=\"ngg-image-5\" class=\"ngg-gallery-thumbnail-box\n\t\t\t\t\t\t\t\t\t\t\t\"\n\t\t\t>\n\t\t\t\t\t\t<div class=\"ngg-gallery-thumbnail\">\n\t\t<a href=\"https:\/\/redebeneditina.org.br\/ispx\/wp-content\/gallery\/instalacoes-piox\/piox-redebeneditina-7.jpg?t=1706119459\"\n\t\t\ttitle=\"Museu\"\n\t\t\tdata-src=\"https:\/\/redebeneditina.org.br\/ispx\/wp-content\/gallery\/instalacoes-piox\/piox-redebeneditina-7.jpg?t=1706119459\"\n\t\t\tdata-thumbnail=\"https:\/\/redebeneditina.org.br\/ispx\/wp-content\/gallery\/instalacoes-piox\/thumbs\/thumbs_piox-redebeneditina-7.jpg?t=1706119459\"\n\t\t\tdata-image-id=\"5052\"\n\t\t\tdata-image-name=\"piox-redebeneditina-7.jpg\"\n\t\t\tdata-title=\"piox-redebeneditina-7\"\n\t\t\tdata-description=\"Museu\"\n\t\t\tdata-image-slug=\"piox-redebeneditina-7\"\n\t\t\t\t\t\t\t\t\t\t\t\t\t\t\t\t\t\t\t\tclass=\"ngg-simplelightbox\" rel=\"af7eb780b8427f092387328dd37e223f\">\n\t\t\t\t\t\t\t\t<img\n\t\t\t\t\ttitle=\"piox-redebeneditina-7\"\n\t\t\t\t\talt=\"piox-redebeneditina-7\"\n\t\t\t\t\tsrc=\"https:\/\/redebeneditina.org.br\/ispx\/wp-content\/gallery\/instalacoes-piox\/thumbs\/thumbs_piox-redebeneditina-7.jpg?t=1706119459\"\n\t\t\t\t\twidth=\"240\"\n\t\t\t\t\theight=\"240\"\n\t\t\t\t\tstyle=\"max-width:100%;\"\n\t\t\t\t\/>\n\t\t\t<\/a>\n\t\t<\/div>\n\t\t\t\t\t\t\t<\/div>\n\t\t\t\n\t\t\t\t<div id=\"ngg-image-6\" class=\"ngg-gallery-thumbnail-box\n\t\t\t\t\t\t\t\t\t\t\t\"\n\t\t\t>\n\t\t\t\t\t\t<div class=\"ngg-gallery-thumbnail\">\n\t\t<a href=\"https:\/\/redebeneditina.org.br\/ispx\/wp-content\/gallery\/instalacoes-piox\/piox-redebeneditina-9.jpg?t=1706119459\"\n\t\t\ttitle=\"Museu\"\n\t\t\tdata-src=\"https:\/\/redebeneditina.org.br\/ispx\/wp-content\/gallery\/instalacoes-piox\/piox-redebeneditina-9.jpg?t=1706119459\"\n\t\t\tdata-thumbnail=\"https:\/\/redebeneditina.org.br\/ispx\/wp-content\/gallery\/instalacoes-piox\/thumbs\/thumbs_piox-redebeneditina-9.jpg?t=1706119459\"\n\t\t\tdata-image-id=\"5056\"\n\t\t\tdata-image-name=\"piox-redebeneditina-9.jpg\"\n\t\t\tdata-title=\"piox-redebeneditina-9\"\n\t\t\tdata-description=\"Museu\"\n\t\t\tdata-image-slug=\"piox-redebeneditina-9\"\n\t\t\t\t\t\t\t\t\t\t\t\t\t\t\t\t\t\t\t\tclass=\"ngg-simplelightbox\" rel=\"af7eb780b8427f092387328dd37e223f\">\n\t\t\t\t\t\t\t\t<img\n\t\t\t\t\ttitle=\"piox-redebeneditina-9\"\n\t\t\t\t\talt=\"piox-redebeneditina-9\"\n\t\t\t\t\tsrc=\"https:\/\/redebeneditina.org.br\/ispx\/wp-content\/gallery\/instalacoes-piox\/thumbs\/thumbs_piox-redebeneditina-9.jpg?t=1706119459\"\n\t\t\t\t\twidth=\"240\"\n\t\t\t\t\theight=\"240\"\n\t\t\t\t\tstyle=\"max-width:100%;\"\n\t\t\t\t\/>\n\t\t\t<\/a>\n\t\t<\/div>\n\t\t\t\t\t\t\t<\/div>\n\t\t\t\n\t\t\t\t<div id=\"ngg-image-7\" class=\"ngg-gallery-thumbnail-box\n\t\t\t\t\t\t\t\t\t\t\t\"\n\t\t\t>\n\t\t\t\t\t\t<div class=\"ngg-gallery-thumbnail\">\n\t\t<a href=\"https:\/\/redebeneditina.org.br\/ispx\/wp-content\/gallery\/instalacoes-piox\/piox-redebeneditina-10.jpg?t=1706119459\"\n\t\t\ttitle=\"Quadra coberta\"\n\t\t\tdata-src=\"https:\/\/redebeneditina.org.br\/ispx\/wp-content\/gallery\/instalacoes-piox\/piox-redebeneditina-10.jpg?t=1706119459\"\n\t\t\tdata-thumbnail=\"https:\/\/redebeneditina.org.br\/ispx\/wp-content\/gallery\/instalacoes-piox\/thumbs\/thumbs_piox-redebeneditina-10.jpg?t=1706119459\"\n\t\t\tdata-image-id=\"5053\"\n\t\t\tdata-image-name=\"piox-redebeneditina-10.jpg\"\n\t\t\tdata-title=\"piox-redebeneditina-10\"\n\t\t\tdata-description=\"Quadra coberta\"\n\t\t\tdata-image-slug=\"piox-redebeneditina-10\"\n\t\t\t\t\t\t\t\t\t\t\t\t\t\t\t\t\t\t\t\tclass=\"ngg-simplelightbox\" rel=\"af7eb780b8427f092387328dd37e223f\">\n\t\t\t\t\t\t\t\t<img\n\t\t\t\t\ttitle=\"piox-redebeneditina-10\"\n\t\t\t\t\talt=\"piox-redebeneditina-10\"\n\t\t\t\t\tsrc=\"https:\/\/redebeneditina.org.br\/ispx\/wp-content\/gallery\/instalacoes-piox\/thumbs\/thumbs_piox-redebeneditina-10.jpg?t=1706119459\"\n\t\t\t\t\twidth=\"240\"\n\t\t\t\t\theight=\"240\"\n\t\t\t\t\tstyle=\"max-width:100%;\"\n\t\t\t\t\/>\n\t\t\t<\/a>\n\t\t<\/div>\n\t\t\t\t\t\t\t<\/div>\n\t\t\t\n\t\t\t\t<div id=\"ngg-image-8\" class=\"ngg-gallery-thumbnail-box\n\t\t\t\t\t\t\t\t\t\t\t\"\n\t\t\t>\n\t\t\t\t\t\t<div class=\"ngg-gallery-thumbnail\">\n\t\t<a href=\"https:\/\/redebeneditina.org.br\/ispx\/wp-content\/gallery\/instalacoes-piox\/piox-redebeneditina-11.jpg?t=1706119459\"\n\t\t\ttitle=\"Quadra coberta\"\n\t\t\tdata-src=\"https:\/\/redebeneditina.org.br\/ispx\/wp-content\/gallery\/instalacoes-piox\/piox-redebeneditina-11.jpg?t=1706119459\"\n\t\t\tdata-thumbnail=\"https:\/\/redebeneditina.org.br\/ispx\/wp-content\/gallery\/instalacoes-piox\/thumbs\/thumbs_piox-redebeneditina-11.jpg?t=1706119459\"\n\t\t\tdata-image-id=\"5055\"\n\t\t\tdata-image-name=\"piox-redebeneditina-11.jpg\"\n\t\t\tdata-title=\"piox-redebeneditina-11\"\n\t\t\tdata-description=\"Quadra coberta\"\n\t\t\tdata-image-slug=\"piox-redebeneditina-11\"\n\t\t\t\t\t\t\t\t\t\t\t\t\t\t\t\t\t\t\t\tclass=\"ngg-simplelightbox\" rel=\"af7eb780b8427f092387328dd37e223f\">\n\t\t\t\t\t\t\t\t<img\n\t\t\t\t\ttitle=\"piox-redebeneditina-11\"\n\t\t\t\t\talt=\"piox-redebeneditina-11\"\n\t\t\t\t\tsrc=\"https:\/\/redebeneditina.org.br\/ispx\/wp-content\/gallery\/instalacoes-piox\/thumbs\/thumbs_piox-redebeneditina-11.jpg?t=1706119459\"\n\t\t\t\t\twidth=\"240\"\n\t\t\t\t\theight=\"240\"\n\t\t\t\t\tstyle=\"max-width:100%;\"\n\t\t\t\t\/>\n\t\t\t<\/a>\n\t\t<\/div>\n\t\t\t\t\t\t\t<\/div>\n\t\t\t\n\t\t\t\t<div id=\"ngg-image-9\" class=\"ngg-gallery-thumbnail-box\n\t\t\t\t\t\t\t\t\t\t\t\"\n\t\t\t>\n\t\t\t\t\t\t<div class=\"ngg-gallery-thumbnail\">\n\t\t<a href=\"https:\/\/redebeneditina.org.br\/ispx\/wp-content\/gallery\/instalacoes-piox\/piox-redebeneditina-12.jpg?t=1706119459\"\n\t\t\ttitle=\"Quadra coberta\"\n\t\t\tdata-src=\"https:\/\/redebeneditina.org.br\/ispx\/wp-content\/gallery\/instalacoes-piox\/piox-redebeneditina-12.jpg?t=1706119459\"\n\t\t\tdata-thumbnail=\"https:\/\/redebeneditina.org.br\/ispx\/wp-content\/gallery\/instalacoes-piox\/thumbs\/thumbs_piox-redebeneditina-12.jpg?t=1706119459\"\n\t\t\tdata-image-id=\"5057\"\n\t\t\tdata-image-name=\"piox-redebeneditina-12.jpg\"\n\t\t\tdata-title=\"piox-redebeneditina-12\"\n\t\t\tdata-description=\"Quadra coberta\"\n\t\t\tdata-image-slug=\"piox-redebeneditina-12\"\n\t\t\t\t\t\t\t\t\t\t\t\t\t\t\t\t\t\t\t\tclass=\"ngg-simplelightbox\" rel=\"af7eb780b8427f092387328dd37e223f\">\n\t\t\t\t\t\t\t\t<img\n\t\t\t\t\ttitle=\"piox-redebeneditina-12\"\n\t\t\t\t\talt=\"piox-redebeneditina-12\"\n\t\t\t\t\tsrc=\"https:\/\/redebeneditina.org.br\/ispx\/wp-content\/gallery\/instalacoes-piox\/thumbs\/thumbs_piox-redebeneditina-12.jpg?t=1706119459\"\n\t\t\t\t\twidth=\"240\"\n\t\t\t\t\theight=\"240\"\n\t\t\t\t\tstyle=\"max-width:100%;\"\n\t\t\t\t\/>\n\t\t\t<\/a>\n\t\t<\/div>\n\t\t\t\t\t\t\t<\/div>\n\t\t\t\n\t\t\t\t<div id=\"ngg-image-10\" class=\"ngg-gallery-thumbnail-box\n\t\t\t\t\t\t\t\t\t\t\t\"\n\t\t\t>\n\t\t\t\t\t\t<div class=\"ngg-gallery-thumbnail\">\n\t\t<a href=\"https:\/\/redebeneditina.org.br\/ispx\/wp-content\/gallery\/instalacoes-piox\/piox-redebeneditina-14.jpg?t=1706119459\"\n\t\t\ttitle=\"Capelinha\"\n\t\t\tdata-src=\"https:\/\/redebeneditina.org.br\/ispx\/wp-content\/gallery\/instalacoes-piox\/piox-redebeneditina-14.jpg?t=1706119459\"\n\t\t\tdata-thumbnail=\"https:\/\/redebeneditina.org.br\/ispx\/wp-content\/gallery\/instalacoes-piox\/thumbs\/thumbs_piox-redebeneditina-14.jpg?t=1706119459\"\n\t\t\tdata-image-id=\"5059\"\n\t\t\tdata-image-name=\"piox-redebeneditina-14.jpg\"\n\t\t\tdata-title=\"piox-redebeneditina-14\"\n\t\t\tdata-description=\"Capelinha\"\n\t\t\tdata-image-slug=\"piox-redebeneditina-14\"\n\t\t\t\t\t\t\t\t\t\t\t\t\t\t\t\t\t\t\t\tclass=\"ngg-simplelightbox\" rel=\"af7eb780b8427f092387328dd37e223f\">\n\t\t\t\t\t\t\t\t<img\n\t\t\t\t\ttitle=\"piox-redebeneditina-14\"\n\t\t\t\t\talt=\"piox-redebeneditina-14\"\n\t\t\t\t\tsrc=\"https:\/\/redebeneditina.org.br\/ispx\/wp-content\/gallery\/instalacoes-piox\/thumbs\/thumbs_piox-redebeneditina-14.jpg?t=1706119459\"\n\t\t\t\t\twidth=\"240\"\n\t\t\t\t\theight=\"240\"\n\t\t\t\t\tstyle=\"max-width:100%;\"\n\t\t\t\t\/>\n\t\t\t<\/a>\n\t\t<\/div>\n\t\t\t\t\t\t\t<\/div>\n\t\t\t\n\t\t\t\t<div id=\"ngg-image-11\" class=\"ngg-gallery-thumbnail-box\n\t\t\t\t\t\t\t\t\t\t\t\"\n\t\t\t>\n\t\t\t\t\t\t<div class=\"ngg-gallery-thumbnail\">\n\t\t<a href=\"https:\/\/redebeneditina.org.br\/ispx\/wp-content\/gallery\/instalacoes-piox\/piox-redebeneditina-15.jpg?t=1706119459\"\n\t\t\ttitle=\"Piscina coberta\"\n\t\t\tdata-src=\"https:\/\/redebeneditina.org.br\/ispx\/wp-content\/gallery\/instalacoes-piox\/piox-redebeneditina-15.jpg?t=1706119459\"\n\t\t\tdata-thumbnail=\"https:\/\/redebeneditina.org.br\/ispx\/wp-content\/gallery\/instalacoes-piox\/thumbs\/thumbs_piox-redebeneditina-15.jpg?t=1706119459\"\n\t\t\tdata-image-id=\"5060\"\n\t\t\tdata-image-name=\"piox-redebeneditina-15.jpg\"\n\t\t\tdata-title=\"piox-redebeneditina-15\"\n\t\t\tdata-description=\"Piscina coberta\"\n\t\t\tdata-image-slug=\"piox-redebeneditina-15\"\n\t\t\t\t\t\t\t\t\t\t\t\t\t\t\t\t\t\t\t\tclass=\"ngg-simplelightbox\" rel=\"af7eb780b8427f092387328dd37e223f\">\n\t\t\t\t\t\t\t\t<img\n\t\t\t\t\ttitle=\"piox-redebeneditina-15\"\n\t\t\t\t\talt=\"piox-redebeneditina-15\"\n\t\t\t\t\tsrc=\"https:\/\/redebeneditina.org.br\/ispx\/wp-content\/gallery\/instalacoes-piox\/thumbs\/thumbs_piox-redebeneditina-15.jpg?t=1706119459\"\n\t\t\t\t\twidth=\"240\"\n\t\t\t\t\theight=\"240\"\n\t\t\t\t\tstyle=\"max-width:100%;\"\n\t\t\t\t\/>\n\t\t\t<\/a>\n\t\t<\/div>\n\t\t\t\t\t\t\t<\/div>\n\t\t\t\n\t\t\t\t<div id=\"ngg-image-12\" class=\"ngg-gallery-thumbnail-box\n\t\t\t\t\t\t\t\t\t\t\t\"\n\t\t\t>\n\t\t\t\t\t\t<div class=\"ngg-gallery-thumbnail\">\n\t\t<a href=\"https:\/\/redebeneditina.org.br\/ispx\/wp-content\/gallery\/instalacoes-piox\/piox-redebeneditina-16.jpg?t=1706119459\"\n\t\t\ttitle=\"Piscina coberta\"\n\t\t\tdata-src=\"https:\/\/redebeneditina.org.br\/ispx\/wp-content\/gallery\/instalacoes-piox\/piox-redebeneditina-16.jpg?t=1706119459\"\n\t\t\tdata-thumbnail=\"https:\/\/redebeneditina.org.br\/ispx\/wp-content\/gallery\/instalacoes-piox\/thumbs\/thumbs_piox-redebeneditina-16.jpg?t=1706119459\"\n\t\t\tdata-image-id=\"5061\"\n\t\t\tdata-image-name=\"piox-redebeneditina-16.jpg\"\n\t\t\tdata-title=\"piox-redebeneditina-16\"\n\t\t\tdata-description=\"Piscina coberta\"\n\t\t\tdata-image-slug=\"piox-redebeneditina-16\"\n\t\t\t\t\t\t\t\t\t\t\t\t\t\t\t\t\t\t\t\tclass=\"ngg-simplelightbox\" rel=\"af7eb780b8427f092387328dd37e223f\">\n\t\t\t\t\t\t\t\t<img\n\t\t\t\t\ttitle=\"piox-redebeneditina-16\"\n\t\t\t\t\talt=\"piox-redebeneditina-16\"\n\t\t\t\t\tsrc=\"https:\/\/redebeneditina.org.br\/ispx\/wp-content\/gallery\/instalacoes-piox\/thumbs\/thumbs_piox-redebeneditina-16.jpg?t=1706119459\"\n\t\t\t\t\twidth=\"240\"\n\t\t\t\t\theight=\"240\"\n\t\t\t\t\tstyle=\"max-width:100%;\"\n\t\t\t\t\/>\n\t\t\t<\/a>\n\t\t<\/div>\n\t\t\t\t\t\t\t<\/div>\n\t\t\t\n\t\t\t\t<div id=\"ngg-image-13\" class=\"ngg-gallery-thumbnail-box\n\t\t\t\t\t\t\t\t\t\t\t\"\n\t\t\t>\n\t\t\t\t\t\t<div class=\"ngg-gallery-thumbnail\">\n\t\t<a href=\"https:\/\/redebeneditina.org.br\/ispx\/wp-content\/gallery\/instalacoes-piox\/piox-redebeneditina-17.jpg?t=1706119459\"\n\t\t\ttitle=\"Parque infantil\"\n\t\t\tdata-src=\"https:\/\/redebeneditina.org.br\/ispx\/wp-content\/gallery\/instalacoes-piox\/piox-redebeneditina-17.jpg?t=1706119459\"\n\t\t\tdata-thumbnail=\"https:\/\/redebeneditina.org.br\/ispx\/wp-content\/gallery\/instalacoes-piox\/thumbs\/thumbs_piox-redebeneditina-17.jpg?t=1706119459\"\n\t\t\tdata-image-id=\"5062\"\n\t\t\tdata-image-name=\"piox-redebeneditina-17.jpg\"\n\t\t\tdata-title=\"piox-redebeneditina-17\"\n\t\t\tdata-description=\"Parque infantil\"\n\t\t\tdata-image-slug=\"piox-redebeneditina-17\"\n\t\t\t\t\t\t\t\t\t\t\t\t\t\t\t\t\t\t\t\tclass=\"ngg-simplelightbox\" rel=\"af7eb780b8427f092387328dd37e223f\">\n\t\t\t\t\t\t\t\t<img\n\t\t\t\t\ttitle=\"piox-redebeneditina-17\"\n\t\t\t\t\talt=\"piox-redebeneditina-17\"\n\t\t\t\t\tsrc=\"https:\/\/redebeneditina.org.br\/ispx\/wp-content\/gallery\/instalacoes-piox\/thumbs\/thumbs_piox-redebeneditina-17.jpg?t=1706119459\"\n\t\t\t\t\twidth=\"240\"\n\t\t\t\t\theight=\"240\"\n\t\t\t\t\tstyle=\"max-width:100%;\"\n\t\t\t\t\/>\n\t\t\t<\/a>\n\t\t<\/div>\n\t\t\t\t\t\t\t<\/div>\n\t\t\t\n\t\t\t\t<div id=\"ngg-image-14\" class=\"ngg-gallery-thumbnail-box\n\t\t\t\t\t\t\t\t\t\t\t\"\n\t\t\t>\n\t\t\t\t\t\t<div class=\"ngg-gallery-thumbnail\">\n\t\t<a href=\"https:\/\/redebeneditina.org.br\/ispx\/wp-content\/gallery\/instalacoes-piox\/piox-redebeneditina-18.jpg?t=1706119459\"\n\t\t\ttitle=\"Parque infantil\"\n\t\t\tdata-src=\"https:\/\/redebeneditina.org.br\/ispx\/wp-content\/gallery\/instalacoes-piox\/piox-redebeneditina-18.jpg?t=1706119459\"\n\t\t\tdata-thumbnail=\"https:\/\/redebeneditina.org.br\/ispx\/wp-content\/gallery\/instalacoes-piox\/thumbs\/thumbs_piox-redebeneditina-18.jpg?t=1706119459\"\n\t\t\tdata-image-id=\"5063\"\n\t\t\tdata-image-name=\"piox-redebeneditina-18.jpg\"\n\t\t\tdata-title=\"piox-redebeneditina-18\"\n\t\t\tdata-description=\"Parque infantil\"\n\t\t\tdata-image-slug=\"piox-redebeneditina-18\"\n\t\t\t\t\t\t\t\t\t\t\t\t\t\t\t\t\t\t\t\tclass=\"ngg-simplelightbox\" rel=\"af7eb780b8427f092387328dd37e223f\">\n\t\t\t\t\t\t\t\t<img\n\t\t\t\t\ttitle=\"piox-redebeneditina-18\"\n\t\t\t\t\talt=\"piox-redebeneditina-18\"\n\t\t\t\t\tsrc=\"https:\/\/redebeneditina.org.br\/ispx\/wp-content\/gallery\/instalacoes-piox\/thumbs\/thumbs_piox-redebeneditina-18.jpg?t=1706119459\"\n\t\t\t\t\twidth=\"240\"\n\t\t\t\t\theight=\"240\"\n\t\t\t\t\tstyle=\"max-width:100%;\"\n\t\t\t\t\/>\n\t\t\t<\/a>\n\t\t<\/div>\n\t\t\t\t\t\t\t<\/div>\n\t\t\t\n\t\t\t\t<div id=\"ngg-image-15\" class=\"ngg-gallery-thumbnail-box\n\t\t\t\t\t\t\t\t\t\t\t\"\n\t\t\t>\n\t\t\t\t\t\t<div class=\"ngg-gallery-thumbnail\">\n\t\t<a href=\"https:\/\/redebeneditina.org.br\/ispx\/wp-content\/gallery\/instalacoes-piox\/piox-redebeneditina-19.jpg?t=1706119459\"\n\t\t\ttitle=\"Parque infantil\"\n\t\t\tdata-src=\"https:\/\/redebeneditina.org.br\/ispx\/wp-content\/gallery\/instalacoes-piox\/piox-redebeneditina-19.jpg?t=1706119459\"\n\t\t\tdata-thumbnail=\"https:\/\/redebeneditina.org.br\/ispx\/wp-content\/gallery\/instalacoes-piox\/thumbs\/thumbs_piox-redebeneditina-19.jpg?t=1706119459\"\n\t\t\tdata-image-id=\"5064\"\n\t\t\tdata-image-name=\"piox-redebeneditina-19.jpg\"\n\t\t\tdata-title=\"piox-redebeneditina-19\"\n\t\t\tdata-description=\"Parque infantil\"\n\t\t\tdata-image-slug=\"piox-redebeneditina-19\"\n\t\t\t\t\t\t\t\t\t\t\t\t\t\t\t\t\t\t\t\tclass=\"ngg-simplelightbox\" rel=\"af7eb780b8427f092387328dd37e223f\">\n\t\t\t\t\t\t\t\t<img\n\t\t\t\t\ttitle=\"piox-redebeneditina-19\"\n\t\t\t\t\talt=\"piox-redebeneditina-19\"\n\t\t\t\t\tsrc=\"https:\/\/redebeneditina.org.br\/ispx\/wp-content\/gallery\/instalacoes-piox\/thumbs\/thumbs_piox-redebeneditina-19.jpg?t=1706119459\"\n\t\t\t\t\twidth=\"240\"\n\t\t\t\t\theight=\"240\"\n\t\t\t\t\tstyle=\"max-width:100%;\"\n\t\t\t\t\/>\n\t\t\t<\/a>\n\t\t<\/div>\n\t\t\t\t\t\t\t<\/div>\n\t\t\t\n\t\t\t\t<div id=\"ngg-image-16\" class=\"ngg-gallery-thumbnail-box\n\t\t\t\t\t\t\t\t\t\t\t\"\n\t\t\t>\n\t\t\t\t\t\t<div class=\"ngg-gallery-thumbnail\">\n\t\t<a href=\"https:\/\/redebeneditina.org.br\/ispx\/wp-content\/gallery\/instalacoes-piox\/piox-redebeneditina-20.jpg?t=1706119459\"\n\t\t\ttitle=\"Parque infantil\"\n\t\t\tdata-src=\"https:\/\/redebeneditina.org.br\/ispx\/wp-content\/gallery\/instalacoes-piox\/piox-redebeneditina-20.jpg?t=1706119459\"\n\t\t\tdata-thumbnail=\"https:\/\/redebeneditina.org.br\/ispx\/wp-content\/gallery\/instalacoes-piox\/thumbs\/thumbs_piox-redebeneditina-20.jpg?t=1706119459\"\n\t\t\tdata-image-id=\"5065\"\n\t\t\tdata-image-name=\"piox-redebeneditina-20.jpg\"\n\t\t\tdata-title=\"piox-redebeneditina-20\"\n\t\t\tdata-description=\"Parque infantil\"\n\t\t\tdata-image-slug=\"piox-redebeneditina-20\"\n\t\t\t\t\t\t\t\t\t\t\t\t\t\t\t\t\t\t\t\tclass=\"ngg-simplelightbox\" rel=\"af7eb780b8427f092387328dd37e223f\">\n\t\t\t\t\t\t\t\t<img\n\t\t\t\t\ttitle=\"piox-redebeneditina-20\"\n\t\t\t\t\talt=\"piox-redebeneditina-20\"\n\t\t\t\t\tsrc=\"https:\/\/redebeneditina.org.br\/ispx\/wp-content\/gallery\/instalacoes-piox\/thumbs\/thumbs_piox-redebeneditina-20.jpg?t=1706119459\"\n\t\t\t\t\twidth=\"240\"\n\t\t\t\t\theight=\"240\"\n\t\t\t\t\tstyle=\"max-width:100%;\"\n\t\t\t\t\/>\n\t\t\t<\/a>\n\t\t<\/div>\n\t\t\t\t\t\t\t<\/div>\n\t\t\t\n\t\t\t\t<div id=\"ngg-image-17\" class=\"ngg-gallery-thumbnail-box\n\t\t\t\t\t\t\t\t\t\t\t\"\n\t\t\t>\n\t\t\t\t\t\t<div class=\"ngg-gallery-thumbnail\">\n\t\t<a href=\"https:\/\/redebeneditina.org.br\/ispx\/wp-content\/gallery\/instalacoes-piox\/piox-redebeneditina-21.jpg?t=1706119459\"\n\t\t\ttitle=\"Parque infantil\"\n\t\t\tdata-src=\"https:\/\/redebeneditina.org.br\/ispx\/wp-content\/gallery\/instalacoes-piox\/piox-redebeneditina-21.jpg?t=1706119459\"\n\t\t\tdata-thumbnail=\"https:\/\/redebeneditina.org.br\/ispx\/wp-content\/gallery\/instalacoes-piox\/thumbs\/thumbs_piox-redebeneditina-21.jpg?t=1706119459\"\n\t\t\tdata-image-id=\"5067\"\n\t\t\tdata-image-name=\"piox-redebeneditina-21.jpg\"\n\t\t\tdata-title=\"piox-redebeneditina-21\"\n\t\t\tdata-description=\"Parque infantil\"\n\t\t\tdata-image-slug=\"piox-redebeneditina-21\"\n\t\t\t\t\t\t\t\t\t\t\t\t\t\t\t\t\t\t\t\tclass=\"ngg-simplelightbox\" rel=\"af7eb780b8427f092387328dd37e223f\">\n\t\t\t\t\t\t\t\t<img\n\t\t\t\t\ttitle=\"piox-redebeneditina-21\"\n\t\t\t\t\talt=\"piox-redebeneditina-21\"\n\t\t\t\t\tsrc=\"https:\/\/redebeneditina.org.br\/ispx\/wp-content\/gallery\/instalacoes-piox\/thumbs\/thumbs_piox-redebeneditina-21.jpg?t=1706119459\"\n\t\t\t\t\twidth=\"240\"\n\t\t\t\t\theight=\"240\"\n\t\t\t\t\tstyle=\"max-width:100%;\"\n\t\t\t\t\/>\n\t\t\t<\/a>\n\t\t<\/div>\n\t\t\t\t\t\t\t<\/div>\n\t\t\t\n\t\t\t\t<div id=\"ngg-image-18\" class=\"ngg-gallery-thumbnail-box\n\t\t\t\t\t\t\t\t\t\t\t\"\n\t\t\t>\n\t\t\t\t\t\t<div class=\"ngg-gallery-thumbnail\">\n\t\t<a href=\"https:\/\/redebeneditina.org.br\/ispx\/wp-content\/gallery\/instalacoes-piox\/piox-redebeneditina-22.jpg?t=1706119459\"\n\t\t\ttitle=\"Parque infantil\"\n\t\t\tdata-src=\"https:\/\/redebeneditina.org.br\/ispx\/wp-content\/gallery\/instalacoes-piox\/piox-redebeneditina-22.jpg?t=1706119459\"\n\t\t\tdata-thumbnail=\"https:\/\/redebeneditina.org.br\/ispx\/wp-content\/gallery\/instalacoes-piox\/thumbs\/thumbs_piox-redebeneditina-22.jpg?t=1706119459\"\n\t\t\tdata-image-id=\"5066\"\n\t\t\tdata-image-name=\"piox-redebeneditina-22.jpg\"\n\t\t\tdata-title=\"piox-redebeneditina-22\"\n\t\t\tdata-description=\"Parque infantil\"\n\t\t\tdata-image-slug=\"piox-redebeneditina-22\"\n\t\t\t\t\t\t\t\t\t\t\t\t\t\t\t\t\t\t\t\tclass=\"ngg-simplelightbox\" rel=\"af7eb780b8427f092387328dd37e223f\">\n\t\t\t\t\t\t\t\t<img\n\t\t\t\t\ttitle=\"piox-redebeneditina-22\"\n\t\t\t\t\talt=\"piox-redebeneditina-22\"\n\t\t\t\t\tsrc=\"https:\/\/redebeneditina.org.br\/ispx\/wp-content\/gallery\/instalacoes-piox\/thumbs\/thumbs_piox-redebeneditina-22.jpg?t=1706119459\"\n\t\t\t\t\twidth=\"240\"\n\t\t\t\t\theight=\"240\"\n\t\t\t\t\tstyle=\"max-width:100%;\"\n\t\t\t\t\/>\n\t\t\t<\/a>\n\t\t<\/div>\n\t\t\t\t\t\t\t<\/div>\n\t\t\t\n\t\t\t\t<div id=\"ngg-image-19\" class=\"ngg-gallery-thumbnail-box\n\t\t\t\t\t\t\t\t\t\t\t\"\n\t\t\t>\n\t\t\t\t\t\t<div class=\"ngg-gallery-thumbnail\">\n\t\t<a href=\"https:\/\/redebeneditina.org.br\/ispx\/wp-content\/gallery\/instalacoes-piox\/piox-redebeneditina-23.jpg?t=1706119459\"\n\t\t\ttitle=\"Parque infantil\"\n\t\t\tdata-src=\"https:\/\/redebeneditina.org.br\/ispx\/wp-content\/gallery\/instalacoes-piox\/piox-redebeneditina-23.jpg?t=1706119459\"\n\t\t\tdata-thumbnail=\"https:\/\/redebeneditina.org.br\/ispx\/wp-content\/gallery\/instalacoes-piox\/thumbs\/thumbs_piox-redebeneditina-23.jpg?t=1706119459\"\n\t\t\tdata-image-id=\"5069\"\n\t\t\tdata-image-name=\"piox-redebeneditina-23.jpg\"\n\t\t\tdata-title=\"piox-redebeneditina-23\"\n\t\t\tdata-description=\"Parque infantil\"\n\t\t\tdata-image-slug=\"piox-redebeneditina-23\"\n\t\t\t\t\t\t\t\t\t\t\t\t\t\t\t\t\t\t\t\tclass=\"ngg-simplelightbox\" rel=\"af7eb780b8427f092387328dd37e223f\">\n\t\t\t\t\t\t\t\t<img\n\t\t\t\t\ttitle=\"piox-redebeneditina-23\"\n\t\t\t\t\talt=\"piox-redebeneditina-23\"\n\t\t\t\t\tsrc=\"https:\/\/redebeneditina.org.br\/ispx\/wp-content\/gallery\/instalacoes-piox\/thumbs\/thumbs_piox-redebeneditina-23.jpg?t=1706119459\"\n\t\t\t\t\twidth=\"240\"\n\t\t\t\t\theight=\"240\"\n\t\t\t\t\tstyle=\"max-width:100%;\"\n\t\t\t\t\/>\n\t\t\t<\/a>\n\t\t<\/div>\n\t\t\t\t\t\t\t<\/div>\n\t\t\t\n\t\t\t\t<div id=\"ngg-image-20\" class=\"ngg-gallery-thumbnail-box\n\t\t\t\t\t\t\t\t\t\t\t\"\n\t\t\t>\n\t\t\t\t\t\t<div class=\"ngg-gallery-thumbnail\">\n\t\t<a href=\"https:\/\/redebeneditina.org.br\/ispx\/wp-content\/gallery\/instalacoes-piox\/piox-redebeneditina-24.jpg?t=1706119459\"\n\t\t\ttitle=\"Banheiro\"\n\t\t\tdata-src=\"https:\/\/redebeneditina.org.br\/ispx\/wp-content\/gallery\/instalacoes-piox\/piox-redebeneditina-24.jpg?t=1706119459\"\n\t\t\tdata-thumbnail=\"https:\/\/redebeneditina.org.br\/ispx\/wp-content\/gallery\/instalacoes-piox\/thumbs\/thumbs_piox-redebeneditina-24.jpg?t=1706119459\"\n\t\t\tdata-image-id=\"5068\"\n\t\t\tdata-image-name=\"piox-redebeneditina-24.jpg\"\n\t\t\tdata-title=\"piox-redebeneditina-24\"\n\t\t\tdata-description=\"Banheiro\"\n\t\t\tdata-image-slug=\"piox-redebeneditina-24\"\n\t\t\t\t\t\t\t\t\t\t\t\t\t\t\t\t\t\t\t\tclass=\"ngg-simplelightbox\" rel=\"af7eb780b8427f092387328dd37e223f\">\n\t\t\t\t\t\t\t\t<img\n\t\t\t\t\ttitle=\"piox-redebeneditina-24\"\n\t\t\t\t\talt=\"piox-redebeneditina-24\"\n\t\t\t\t\tsrc=\"https:\/\/redebeneditina.org.br\/ispx\/wp-content\/gallery\/instalacoes-piox\/thumbs\/thumbs_piox-redebeneditina-24.jpg?t=1706119459\"\n\t\t\t\t\twidth=\"240\"\n\t\t\t\t\theight=\"240\"\n\t\t\t\t\tstyle=\"max-width:100%;\"\n\t\t\t\t\/>\n\t\t\t<\/a>\n\t\t<\/div>\n\t\t\t\t\t\t\t<\/div>\n\t\t\t\n\t\t\t\t<div id=\"ngg-image-21\" class=\"ngg-gallery-thumbnail-box\n\t\t\t\t\t\t\t\t\t\t\t\"\n\t\t\t>\n\t\t\t\t\t\t<div class=\"ngg-gallery-thumbnail\">\n\t\t<a href=\"https:\/\/redebeneditina.org.br\/ispx\/wp-content\/gallery\/instalacoes-piox\/piox-redebeneditina-25.jpg?t=1706119460\"\n\t\t\ttitle=\"Banheiro\"\n\t\t\tdata-src=\"https:\/\/redebeneditina.org.br\/ispx\/wp-content\/gallery\/instalacoes-piox\/piox-redebeneditina-25.jpg?t=1706119460\"\n\t\t\tdata-thumbnail=\"https:\/\/redebeneditina.org.br\/ispx\/wp-content\/gallery\/instalacoes-piox\/thumbs\/thumbs_piox-redebeneditina-25.jpg?t=1706119460\"\n\t\t\tdata-image-id=\"5070\"\n\t\t\tdata-image-name=\"piox-redebeneditina-25.jpg\"\n\t\t\tdata-title=\"piox-redebeneditina-25\"\n\t\t\tdata-description=\"Banheiro\"\n\t\t\tdata-image-slug=\"piox-redebeneditina-25\"\n\t\t\t\t\t\t\t\t\t\t\t\t\t\t\t\t\t\t\t\tclass=\"ngg-simplelightbox\" rel=\"af7eb780b8427f092387328dd37e223f\">\n\t\t\t\t\t\t\t\t<img\n\t\t\t\t\ttitle=\"piox-redebeneditina-25\"\n\t\t\t\t\talt=\"piox-redebeneditina-25\"\n\t\t\t\t\tsrc=\"https:\/\/redebeneditina.org.br\/ispx\/wp-content\/gallery\/instalacoes-piox\/thumbs\/thumbs_piox-redebeneditina-25.jpg?t=1706119460\"\n\t\t\t\t\twidth=\"240\"\n\t\t\t\t\theight=\"240\"\n\t\t\t\t\tstyle=\"max-width:100%;\"\n\t\t\t\t\/>\n\t\t\t<\/a>\n\t\t<\/div>\n\t\t\t\t\t\t\t<\/div>\n\t\t\t\n\t\t\t\t<div id=\"ngg-image-22\" class=\"ngg-gallery-thumbnail-box\n\t\t\t\t\t\t\t\t\t\t\t\"\n\t\t\t>\n\t\t\t\t\t\t<div class=\"ngg-gallery-thumbnail\">\n\t\t<a href=\"https:\/\/redebeneditina.org.br\/ispx\/wp-content\/gallery\/instalacoes-piox\/piox-redebeneditina-26.jpg?t=1706119460\"\n\t\t\ttitle=\"Biblioteca\"\n\t\t\tdata-src=\"https:\/\/redebeneditina.org.br\/ispx\/wp-content\/gallery\/instalacoes-piox\/piox-redebeneditina-26.jpg?t=1706119460\"\n\t\t\tdata-thumbnail=\"https:\/\/redebeneditina.org.br\/ispx\/wp-content\/gallery\/instalacoes-piox\/thumbs\/thumbs_piox-redebeneditina-26.jpg?t=1706119460\"\n\t\t\tdata-image-id=\"5071\"\n\t\t\tdata-image-name=\"piox-redebeneditina-26.jpg\"\n\t\t\tdata-title=\"piox-redebeneditina-26\"\n\t\t\tdata-description=\"Biblioteca\"\n\t\t\tdata-image-slug=\"piox-redebeneditina-26\"\n\t\t\t\t\t\t\t\t\t\t\t\t\t\t\t\t\t\t\t\tclass=\"ngg-simplelightbox\" rel=\"af7eb780b8427f092387328dd37e223f\">\n\t\t\t\t\t\t\t\t<img\n\t\t\t\t\ttitle=\"piox-redebeneditina-26\"\n\t\t\t\t\talt=\"piox-redebeneditina-26\"\n\t\t\t\t\tsrc=\"https:\/\/redebeneditina.org.br\/ispx\/wp-content\/gallery\/instalacoes-piox\/thumbs\/thumbs_piox-redebeneditina-26.jpg?t=1706119460\"\n\t\t\t\t\twidth=\"240\"\n\t\t\t\t\theight=\"240\"\n\t\t\t\t\tstyle=\"max-width:100%;\"\n\t\t\t\t\/>\n\t\t\t<\/a>\n\t\t<\/div>\n\t\t\t\t\t\t\t<\/div>\n\t\t\t\n\t\t\t\t<div id=\"ngg-image-23\" class=\"ngg-gallery-thumbnail-box\n\t\t\t\t\t\t\t\t\t\t\t\"\n\t\t\t>\n\t\t\t\t\t\t<div class=\"ngg-gallery-thumbnail\">\n\t\t<a href=\"https:\/\/redebeneditina.org.br\/ispx\/wp-content\/gallery\/instalacoes-piox\/piox-redebeneditina-27.jpg?t=1706119460\"\n\t\t\ttitle=\"Biblioteca\"\n\t\t\tdata-src=\"https:\/\/redebeneditina.org.br\/ispx\/wp-content\/gallery\/instalacoes-piox\/piox-redebeneditina-27.jpg?t=1706119460\"\n\t\t\tdata-thumbnail=\"https:\/\/redebeneditina.org.br\/ispx\/wp-content\/gallery\/instalacoes-piox\/thumbs\/thumbs_piox-redebeneditina-27.jpg?t=1706119460\"\n\t\t\tdata-image-id=\"5072\"\n\t\t\tdata-image-name=\"piox-redebeneditina-27.jpg\"\n\t\t\tdata-title=\"piox-redebeneditina-27\"\n\t\t\tdata-description=\"Biblioteca\"\n\t\t\tdata-image-slug=\"piox-redebeneditina-27\"\n\t\t\t\t\t\t\t\t\t\t\t\t\t\t\t\t\t\t\t\tclass=\"ngg-simplelightbox\" rel=\"af7eb780b8427f092387328dd37e223f\">\n\t\t\t\t\t\t\t\t<img\n\t\t\t\t\ttitle=\"piox-redebeneditina-27\"\n\t\t\t\t\talt=\"piox-redebeneditina-27\"\n\t\t\t\t\tsrc=\"https:\/\/redebeneditina.org.br\/ispx\/wp-content\/gallery\/instalacoes-piox\/thumbs\/thumbs_piox-redebeneditina-27.jpg?t=1706119460\"\n\t\t\t\t\twidth=\"240\"\n\t\t\t\t\theight=\"240\"\n\t\t\t\t\tstyle=\"max-width:100%;\"\n\t\t\t\t\/>\n\t\t\t<\/a>\n\t\t<\/div>\n\t\t\t\t\t\t\t<\/div>\n\t\t\t\n\t\t\t\t<div id=\"ngg-image-24\" class=\"ngg-gallery-thumbnail-box\n\t\t\t\t\t\t\t\t\t\t\t\"\n\t\t\t>\n\t\t\t\t\t\t<div class=\"ngg-gallery-thumbnail\">\n\t\t<a href=\"https:\/\/redebeneditina.org.br\/ispx\/wp-content\/gallery\/instalacoes-piox\/piox-redebeneditina-28.jpg?t=1706119460\"\n\t\t\ttitle=\"Biblioteca\"\n\t\t\tdata-src=\"https:\/\/redebeneditina.org.br\/ispx\/wp-content\/gallery\/instalacoes-piox\/piox-redebeneditina-28.jpg?t=1706119460\"\n\t\t\tdata-thumbnail=\"https:\/\/redebeneditina.org.br\/ispx\/wp-content\/gallery\/instalacoes-piox\/thumbs\/thumbs_piox-redebeneditina-28.jpg?t=1706119460\"\n\t\t\tdata-image-id=\"5073\"\n\t\t\tdata-image-name=\"piox-redebeneditina-28.jpg\"\n\t\t\tdata-title=\"piox-redebeneditina-28\"\n\t\t\tdata-description=\"Biblioteca\"\n\t\t\tdata-image-slug=\"piox-redebeneditina-28\"\n\t\t\t\t\t\t\t\t\t\t\t\t\t\t\t\t\t\t\t\tclass=\"ngg-simplelightbox\" rel=\"af7eb780b8427f092387328dd37e223f\">\n\t\t\t\t\t\t\t\t<img\n\t\t\t\t\ttitle=\"piox-redebeneditina-28\"\n\t\t\t\t\talt=\"piox-redebeneditina-28\"\n\t\t\t\t\tsrc=\"https:\/\/redebeneditina.org.br\/ispx\/wp-content\/gallery\/instalacoes-piox\/thumbs\/thumbs_piox-redebeneditina-28.jpg?t=1706119460\"\n\t\t\t\t\twidth=\"240\"\n\t\t\t\t\theight=\"240\"\n\t\t\t\t\tstyle=\"max-width:100%;\"\n\t\t\t\t\/>\n\t\t\t<\/a>\n\t\t<\/div>\n\t\t\t\t\t\t\t<\/div>\n\t\t\t\n\t\t\t\t<div id=\"ngg-image-25\" class=\"ngg-gallery-thumbnail-box\n\t\t\t\t\t\t\t\t\t\t\t\"\n\t\t\t>\n\t\t\t\t\t\t<div class=\"ngg-gallery-thumbnail\">\n\t\t<a href=\"https:\/\/redebeneditina.org.br\/ispx\/wp-content\/gallery\/instalacoes-piox\/piox-redebeneditina-29.jpg?t=1706119460\"\n\t\t\ttitle=\"Brinquedoteca\"\n\t\t\tdata-src=\"https:\/\/redebeneditina.org.br\/ispx\/wp-content\/gallery\/instalacoes-piox\/piox-redebeneditina-29.jpg?t=1706119460\"\n\t\t\tdata-thumbnail=\"https:\/\/redebeneditina.org.br\/ispx\/wp-content\/gallery\/instalacoes-piox\/thumbs\/thumbs_piox-redebeneditina-29.jpg?t=1706119460\"\n\t\t\tdata-image-id=\"5075\"\n\t\t\tdata-image-name=\"piox-redebeneditina-29.jpg\"\n\t\t\tdata-title=\"piox-redebeneditina-29\"\n\t\t\tdata-description=\"Brinquedoteca\"\n\t\t\tdata-image-slug=\"piox-redebeneditina-29\"\n\t\t\t\t\t\t\t\t\t\t\t\t\t\t\t\t\t\t\t\tclass=\"ngg-simplelightbox\" rel=\"af7eb780b8427f092387328dd37e223f\">\n\t\t\t\t\t\t\t\t<img\n\t\t\t\t\ttitle=\"piox-redebeneditina-29\"\n\t\t\t\t\talt=\"piox-redebeneditina-29\"\n\t\t\t\t\tsrc=\"https:\/\/redebeneditina.org.br\/ispx\/wp-content\/gallery\/instalacoes-piox\/thumbs\/thumbs_piox-redebeneditina-29.jpg?t=1706119460\"\n\t\t\t\t\twidth=\"240\"\n\t\t\t\t\theight=\"240\"\n\t\t\t\t\tstyle=\"max-width:100%;\"\n\t\t\t\t\/>\n\t\t\t<\/a>\n\t\t<\/div>\n\t\t\t\t\t\t\t<\/div>\n\t\t\t\n\t\t\t\t<div id=\"ngg-image-26\" class=\"ngg-gallery-thumbnail-box\n\t\t\t\t\t\t\t\t\t\t\t\"\n\t\t\t>\n\t\t\t\t\t\t<div class=\"ngg-gallery-thumbnail\">\n\t\t<a href=\"https:\/\/redebeneditina.org.br\/ispx\/wp-content\/gallery\/instalacoes-piox\/piox-redebeneditina-31.jpg?t=1706119460\"\n\t\t\ttitle=\"Capela\"\n\t\t\tdata-src=\"https:\/\/redebeneditina.org.br\/ispx\/wp-content\/gallery\/instalacoes-piox\/piox-redebeneditina-31.jpg?t=1706119460\"\n\t\t\tdata-thumbnail=\"https:\/\/redebeneditina.org.br\/ispx\/wp-content\/gallery\/instalacoes-piox\/thumbs\/thumbs_piox-redebeneditina-31.jpg?t=1706119460\"\n\t\t\tdata-image-id=\"5074\"\n\t\t\tdata-image-name=\"piox-redebeneditina-31.jpg\"\n\t\t\tdata-title=\"piox-redebeneditina-31\"\n\t\t\tdata-description=\"Capela\"\n\t\t\tdata-image-slug=\"piox-redebeneditina-31\"\n\t\t\t\t\t\t\t\t\t\t\t\t\t\t\t\t\t\t\t\tclass=\"ngg-simplelightbox\" rel=\"af7eb780b8427f092387328dd37e223f\">\n\t\t\t\t\t\t\t\t<img\n\t\t\t\t\ttitle=\"piox-redebeneditina-31\"\n\t\t\t\t\talt=\"piox-redebeneditina-31\"\n\t\t\t\t\tsrc=\"https:\/\/redebeneditina.org.br\/ispx\/wp-content\/gallery\/instalacoes-piox\/thumbs\/thumbs_piox-redebeneditina-31.jpg?t=1706119460\"\n\t\t\t\t\twidth=\"240\"\n\t\t\t\t\theight=\"240\"\n\t\t\t\t\tstyle=\"max-width:100%;\"\n\t\t\t\t\/>\n\t\t\t<\/a>\n\t\t<\/div>\n\t\t\t\t\t\t\t<\/div>\n\t\t\t\n\t\t\t\t<div id=\"ngg-image-27\" class=\"ngg-gallery-thumbnail-box\n\t\t\t\t\t\t\t\t\t\t\t\"\n\t\t\t>\n\t\t\t\t\t\t<div class=\"ngg-gallery-thumbnail\">\n\t\t<a href=\"https:\/\/redebeneditina.org.br\/ispx\/wp-content\/gallery\/instalacoes-piox\/piox-redebeneditina-32.jpg?t=1706119460\"\n\t\t\ttitle=\"Sala do Contraturno\"\n\t\t\tdata-src=\"https:\/\/redebeneditina.org.br\/ispx\/wp-content\/gallery\/instalacoes-piox\/piox-redebeneditina-32.jpg?t=1706119460\"\n\t\t\tdata-thumbnail=\"https:\/\/redebeneditina.org.br\/ispx\/wp-content\/gallery\/instalacoes-piox\/thumbs\/thumbs_piox-redebeneditina-32.jpg?t=1706119460\"\n\t\t\tdata-image-id=\"5078\"\n\t\t\tdata-image-name=\"piox-redebeneditina-32.jpg\"\n\t\t\tdata-title=\"piox-redebeneditina-32\"\n\t\t\tdata-description=\"Sala do Contraturno\"\n\t\t\tdata-image-slug=\"piox-redebeneditina-32\"\n\t\t\t\t\t\t\t\t\t\t\t\t\t\t\t\t\t\t\t\tclass=\"ngg-simplelightbox\" rel=\"af7eb780b8427f092387328dd37e223f\">\n\t\t\t\t\t\t\t\t<img\n\t\t\t\t\ttitle=\"piox-redebeneditina-32\"\n\t\t\t\t\talt=\"piox-redebeneditina-32\"\n\t\t\t\t\tsrc=\"https:\/\/redebeneditina.org.br\/ispx\/wp-content\/gallery\/instalacoes-piox\/thumbs\/thumbs_piox-redebeneditina-32.jpg?t=1706119460\"\n\t\t\t\t\twidth=\"240\"\n\t\t\t\t\theight=\"240\"\n\t\t\t\t\tstyle=\"max-width:100%;\"\n\t\t\t\t\/>\n\t\t\t<\/a>\n\t\t<\/div>\n\t\t\t\t\t\t\t<\/div>\n\t\t\t\n\t\t\t\t<div id=\"ngg-image-28\" class=\"ngg-gallery-thumbnail-box\n\t\t\t\t\t\t\t\t\t\t\t\"\n\t\t\t>\n\t\t\t\t\t\t<div class=\"ngg-gallery-thumbnail\">\n\t\t<a href=\"https:\/\/redebeneditina.org.br\/ispx\/wp-content\/gallery\/instalacoes-piox\/piox-redebeneditina-33.jpg?t=1706119460\"\n\t\t\ttitle=\"Sala do Contraturno\"\n\t\t\tdata-src=\"https:\/\/redebeneditina.org.br\/ispx\/wp-content\/gallery\/instalacoes-piox\/piox-redebeneditina-33.jpg?t=1706119460\"\n\t\t\tdata-thumbnail=\"https:\/\/redebeneditina.org.br\/ispx\/wp-content\/gallery\/instalacoes-piox\/thumbs\/thumbs_piox-redebeneditina-33.jpg?t=1706119460\"\n\t\t\tdata-image-id=\"5077\"\n\t\t\tdata-image-name=\"piox-redebeneditina-33.jpg\"\n\t\t\tdata-title=\"piox-redebeneditina-33\"\n\t\t\tdata-description=\"Sala do Contraturno\"\n\t\t\tdata-image-slug=\"piox-redebeneditina-33\"\n\t\t\t\t\t\t\t\t\t\t\t\t\t\t\t\t\t\t\t\tclass=\"ngg-simplelightbox\" rel=\"af7eb780b8427f092387328dd37e223f\">\n\t\t\t\t\t\t\t\t<img\n\t\t\t\t\ttitle=\"piox-redebeneditina-33\"\n\t\t\t\t\talt=\"piox-redebeneditina-33\"\n\t\t\t\t\tsrc=\"https:\/\/redebeneditina.org.br\/ispx\/wp-content\/gallery\/instalacoes-piox\/thumbs\/thumbs_piox-redebeneditina-33.jpg?t=1706119460\"\n\t\t\t\t\twidth=\"240\"\n\t\t\t\t\theight=\"240\"\n\t\t\t\t\tstyle=\"max-width:100%;\"\n\t\t\t\t\/>\n\t\t\t<\/a>\n\t\t<\/div>\n\t\t\t\t\t\t\t<\/div>\n\t\t\t\n\t\t\t\t<div id=\"ngg-image-29\" class=\"ngg-gallery-thumbnail-box\n\t\t\t\t\t\t\t\t\t\t\t\"\n\t\t\t>\n\t\t\t\t\t\t<div class=\"ngg-gallery-thumbnail\">\n\t\t<a href=\"https:\/\/redebeneditina.org.br\/ispx\/wp-content\/gallery\/instalacoes-piox\/piox-redebeneditina-34.jpg?t=1706119460\"\n\t\t\ttitle=\"Quadra Coberta\"\n\t\t\tdata-src=\"https:\/\/redebeneditina.org.br\/ispx\/wp-content\/gallery\/instalacoes-piox\/piox-redebeneditina-34.jpg?t=1706119460\"\n\t\t\tdata-thumbnail=\"https:\/\/redebeneditina.org.br\/ispx\/wp-content\/gallery\/instalacoes-piox\/thumbs\/thumbs_piox-redebeneditina-34.jpg?t=1706119460\"\n\t\t\tdata-image-id=\"5081\"\n\t\t\tdata-image-name=\"piox-redebeneditina-34.jpg\"\n\t\t\tdata-title=\"piox-redebeneditina-34\"\n\t\t\tdata-description=\"Quadra Coberta\"\n\t\t\tdata-image-slug=\"piox-redebeneditina-34\"\n\t\t\t\t\t\t\t\t\t\t\t\t\t\t\t\t\t\t\t\tclass=\"ngg-simplelightbox\" rel=\"af7eb780b8427f092387328dd37e223f\">\n\t\t\t\t\t\t\t\t<img\n\t\t\t\t\ttitle=\"piox-redebeneditina-34\"\n\t\t\t\t\talt=\"piox-redebeneditina-34\"\n\t\t\t\t\tsrc=\"https:\/\/redebeneditina.org.br\/ispx\/wp-content\/gallery\/instalacoes-piox\/thumbs\/thumbs_piox-redebeneditina-34.jpg?t=1706119460\"\n\t\t\t\t\twidth=\"240\"\n\t\t\t\t\theight=\"240\"\n\t\t\t\t\tstyle=\"max-width:100%;\"\n\t\t\t\t\/>\n\t\t\t<\/a>\n\t\t<\/div>\n\t\t\t\t\t\t\t<\/div>\n\t\t\t\n\t\t\t\t<div id=\"ngg-image-30\" class=\"ngg-gallery-thumbnail-box\n\t\t\t\t\t\t\t\t\t\t\t\"\n\t\t\t>\n\t\t\t\t\t\t<div class=\"ngg-gallery-thumbnail\">\n\t\t<a href=\"https:\/\/redebeneditina.org.br\/ispx\/wp-content\/gallery\/instalacoes-piox\/piox-redebeneditina-35.jpg?t=1706119460\"\n\t\t\ttitle=\"Sala Multim\u00eddia\"\n\t\t\tdata-src=\"https:\/\/redebeneditina.org.br\/ispx\/wp-content\/gallery\/instalacoes-piox\/piox-redebeneditina-35.jpg?t=1706119460\"\n\t\t\tdata-thumbnail=\"https:\/\/redebeneditina.org.br\/ispx\/wp-content\/gallery\/instalacoes-piox\/thumbs\/thumbs_piox-redebeneditina-35.jpg?t=1706119460\"\n\t\t\tdata-image-id=\"5079\"\n\t\t\tdata-image-name=\"piox-redebeneditina-35.jpg\"\n\t\t\tdata-title=\"piox-redebeneditina-35\"\n\t\t\tdata-description=\"Sala Multim\u00eddia\"\n\t\t\tdata-image-slug=\"piox-redebeneditina-35\"\n\t\t\t\t\t\t\t\t\t\t\t\t\t\t\t\t\t\t\t\tclass=\"ngg-simplelightbox\" rel=\"af7eb780b8427f092387328dd37e223f\">\n\t\t\t\t\t\t\t\t<img\n\t\t\t\t\ttitle=\"piox-redebeneditina-35\"\n\t\t\t\t\talt=\"piox-redebeneditina-35\"\n\t\t\t\t\tsrc=\"https:\/\/redebeneditina.org.br\/ispx\/wp-content\/gallery\/instalacoes-piox\/thumbs\/thumbs_piox-redebeneditina-35.jpg?t=1706119460\"\n\t\t\t\t\twidth=\"240\"\n\t\t\t\t\theight=\"240\"\n\t\t\t\t\tstyle=\"max-width:100%;\"\n\t\t\t\t\/>\n\t\t\t<\/a>\n\t\t<\/div>\n\t\t\t\t\t\t\t<\/div>\n\t\t\t\n\t\t\t\t<div id=\"ngg-image-31\" class=\"ngg-gallery-thumbnail-box\n\t\t\t\t\t\t\t\t\t\t\t\"\n\t\t\t>\n\t\t\t\t\t\t<div class=\"ngg-gallery-thumbnail\">\n\t\t<a href=\"https:\/\/redebeneditina.org.br\/ispx\/wp-content\/gallery\/instalacoes-piox\/piox-redebeneditina-36.jpg?t=1706119460\"\n\t\t\ttitle=\"Sala Multim\u00eddia\"\n\t\t\tdata-src=\"https:\/\/redebeneditina.org.br\/ispx\/wp-content\/gallery\/instalacoes-piox\/piox-redebeneditina-36.jpg?t=1706119460\"\n\t\t\tdata-thumbnail=\"https:\/\/redebeneditina.org.br\/ispx\/wp-content\/gallery\/instalacoes-piox\/thumbs\/thumbs_piox-redebeneditina-36.jpg?t=1706119460\"\n\t\t\tdata-image-id=\"5080\"\n\t\t\tdata-image-name=\"piox-redebeneditina-36.jpg\"\n\t\t\tdata-title=\"piox-redebeneditina-36\"\n\t\t\tdata-description=\"Sala Multim\u00eddia\"\n\t\t\tdata-image-slug=\"piox-redebeneditina-36\"\n\t\t\t\t\t\t\t\t\t\t\t\t\t\t\t\t\t\t\t\tclass=\"ngg-simplelightbox\" rel=\"af7eb780b8427f092387328dd37e223f\">\n\t\t\t\t\t\t\t\t<img\n\t\t\t\t\ttitle=\"piox-redebeneditina-36\"\n\t\t\t\t\talt=\"piox-redebeneditina-36\"\n\t\t\t\t\tsrc=\"https:\/\/redebeneditina.org.br\/ispx\/wp-content\/gallery\/instalacoes-piox\/thumbs\/thumbs_piox-redebeneditina-36.jpg?t=1706119460\"\n\t\t\t\t\twidth=\"240\"\n\t\t\t\t\theight=\"240\"\n\t\t\t\t\tstyle=\"max-width:100%;\"\n\t\t\t\t\/>\n\t\t\t<\/a>\n\t\t<\/div>\n\t\t\t\t\t\t\t<\/div>\n\t\t\t\n\t\t\t\t<div id=\"ngg-image-32\" class=\"ngg-gallery-thumbnail-box\n\t\t\t\t\t\t\t\t\t\t\t\"\n\t\t\t>\n\t\t\t\t\t\t<div class=\"ngg-gallery-thumbnail\">\n\t\t<a href=\"https:\/\/redebeneditina.org.br\/ispx\/wp-content\/gallery\/instalacoes-piox\/piox-redebeneditina-37.jpg?t=1706119460\"\n\t\t\ttitle=\"Laborat\u00f3rio de Ci\u00eancias\"\n\t\t\tdata-src=\"https:\/\/redebeneditina.org.br\/ispx\/wp-content\/gallery\/instalacoes-piox\/piox-redebeneditina-37.jpg?t=1706119460\"\n\t\t\tdata-thumbnail=\"https:\/\/redebeneditina.org.br\/ispx\/wp-content\/gallery\/instalacoes-piox\/thumbs\/thumbs_piox-redebeneditina-37.jpg?t=1706119460\"\n\t\t\tdata-image-id=\"5082\"\n\t\t\tdata-image-name=\"piox-redebeneditina-37.jpg\"\n\t\t\tdata-title=\"piox-redebeneditina-37\"\n\t\t\tdata-description=\"Laborat\u00f3rio de Ci\u00eancias\"\n\t\t\tdata-image-slug=\"piox-redebeneditina-37\"\n\t\t\t\t\t\t\t\t\t\t\t\t\t\t\t\t\t\t\t\tclass=\"ngg-simplelightbox\" rel=\"af7eb780b8427f092387328dd37e223f\">\n\t\t\t\t\t\t\t\t<img\n\t\t\t\t\ttitle=\"piox-redebeneditina-37\"\n\t\t\t\t\talt=\"piox-redebeneditina-37\"\n\t\t\t\t\tsrc=\"https:\/\/redebeneditina.org.br\/ispx\/wp-content\/gallery\/instalacoes-piox\/thumbs\/thumbs_piox-redebeneditina-37.jpg?t=1706119460\"\n\t\t\t\t\twidth=\"240\"\n\t\t\t\t\theight=\"240\"\n\t\t\t\t\tstyle=\"max-width:100%;\"\n\t\t\t\t\/>\n\t\t\t<\/a>\n\t\t<\/div>\n\t\t\t\t\t\t\t<\/div>\n\t\t\t\n\t\t\t\t<div id=\"ngg-image-33\" class=\"ngg-gallery-thumbnail-box\n\t\t\t\t\t\t\t\t\t\t\t\"\n\t\t\t>\n\t\t\t\t\t\t<div class=\"ngg-gallery-thumbnail\">\n\t\t<a href=\"https:\/\/redebeneditina.org.br\/ispx\/wp-content\/gallery\/instalacoes-piox\/2023-instalacoes-piox-2.jpg?t=1706119459\"\n\t\t\ttitle=\"Laborat\u00f3rio de F\u00edsica e Biologia\"\n\t\t\tdata-src=\"https:\/\/redebeneditina.org.br\/ispx\/wp-content\/gallery\/instalacoes-piox\/2023-instalacoes-piox-2.jpg?t=1706119459\"\n\t\t\tdata-thumbnail=\"https:\/\/redebeneditina.org.br\/ispx\/wp-content\/gallery\/instalacoes-piox\/thumbs\/thumbs_2023-instalacoes-piox-2.jpg?t=1706119459\"\n\t\t\tdata-image-id=\"7742\"\n\t\t\tdata-image-name=\"2023-instalacoes-piox-2.jpg\"\n\t\t\tdata-title=\"Laborat\u00f3rio de F\u00edsica e Biologia\"\n\t\t\tdata-description=\"Laborat\u00f3rio de F\u00edsica e Biologia\"\n\t\t\tdata-image-slug=\"2023-instalacoes-piox-2\"\n\t\t\t\t\t\t\t\t\t\t\t\t\t\t\t\t\t\t\t\tclass=\"ngg-simplelightbox\" rel=\"af7eb780b8427f092387328dd37e223f\">\n\t\t\t\t\t\t\t\t<img\n\t\t\t\t\ttitle=\"Laborat\u00f3rio de F\u00edsica e Biologia\"\n\t\t\t\t\talt=\"Laborat\u00f3rio de F\u00edsica e Biologia\"\n\t\t\t\t\tsrc=\"https:\/\/redebeneditina.org.br\/ispx\/wp-content\/gallery\/instalacoes-piox\/thumbs\/thumbs_2023-instalacoes-piox-2.jpg?t=1706119459\"\n\t\t\t\t\twidth=\"240\"\n\t\t\t\t\theight=\"240\"\n\t\t\t\t\tstyle=\"max-width:100%;\"\n\t\t\t\t\/>\n\t\t\t<\/a>\n\t\t<\/div>\n\t\t\t\t\t\t\t<\/div>\n\t\t\t\n\t\t\t\t<div id=\"ngg-image-34\" class=\"ngg-gallery-thumbnail-box\n\t\t\t\t\t\t\t\t\t\t\t\"\n\t\t\t>\n\t\t\t\t\t\t<div class=\"ngg-gallery-thumbnail\">\n\t\t<a href=\"https:\/\/redebeneditina.org.br\/ispx\/wp-content\/gallery\/instalacoes-piox\/2023-instalacoes-piox-1.jpg?t=1706119459\"\n\t\t\ttitle=\"Sala de Dan\u00e7a\"\n\t\t\tdata-src=\"https:\/\/redebeneditina.org.br\/ispx\/wp-content\/gallery\/instalacoes-piox\/2023-instalacoes-piox-1.jpg?t=1706119459\"\n\t\t\tdata-thumbnail=\"https:\/\/redebeneditina.org.br\/ispx\/wp-content\/gallery\/instalacoes-piox\/thumbs\/thumbs_2023-instalacoes-piox-1.jpg?t=1706119459\"\n\t\t\tdata-image-id=\"7743\"\n\t\t\tdata-image-name=\"2023-instalacoes-piox-1.jpg\"\n\t\t\tdata-title=\"Sala de Dan\u00e7a\"\n\t\t\tdata-description=\"Sala de Dan\u00e7a\"\n\t\t\tdata-image-slug=\"2023-instalacoes-piox-1\"\n\t\t\t\t\t\t\t\t\t\t\t\t\t\t\t\t\t\t\t\tclass=\"ngg-simplelightbox\" rel=\"af7eb780b8427f092387328dd37e223f\">\n\t\t\t\t\t\t\t\t<img\n\t\t\t\t\ttitle=\"Sala de Dan\u00e7a\"\n\t\t\t\t\talt=\"Sala de Dan\u00e7a\"\n\t\t\t\t\tsrc=\"https:\/\/redebeneditina.org.br\/ispx\/wp-content\/gallery\/instalacoes-piox\/thumbs\/thumbs_2023-instalacoes-piox-1.jpg?t=1706119459\"\n\t\t\t\t\twidth=\"240\"\n\t\t\t\t\theight=\"240\"\n\t\t\t\t\tstyle=\"max-width:100%;\"\n\t\t\t\t\/>\n\t\t\t<\/a>\n\t\t<\/div>\n\t\t\t\t\t\t\t<\/div>\n\t\t\t\n\t\t\t\t<div id=\"ngg-image-35\" class=\"ngg-gallery-thumbnail-box\n\t\t\t\t\t\t\t\t\t\t\t\"\n\t\t\t>\n\t\t\t\t\t\t<div class=\"ngg-gallery-thumbnail\">\n\t\t<a href=\"https:\/\/redebeneditina.org.br\/ispx\/wp-content\/gallery\/instalacoes-piox\/piox-redebeneditina-38.jpg?t=1706119460\"\n\t\t\ttitle=\"\u00c1rea externa\"\n\t\t\tdata-src=\"https:\/\/redebeneditina.org.br\/ispx\/wp-content\/gallery\/instalacoes-piox\/piox-redebeneditina-38.jpg?t=1706119460\"\n\t\t\tdata-thumbnail=\"https:\/\/redebeneditina.org.br\/ispx\/wp-content\/gallery\/instalacoes-piox\/thumbs\/thumbs_piox-redebeneditina-38.jpg?t=1706119460\"\n\t\t\tdata-image-id=\"5083\"\n\t\t\tdata-image-name=\"piox-redebeneditina-38.jpg\"\n\t\t\tdata-title=\"piox-redebeneditina-38\"\n\t\t\tdata-description=\"\u00c1rea externa\"\n\t\t\tdata-image-slug=\"piox-redebeneditina-38\"\n\t\t\t\t\t\t\t\t\t\t\t\t\t\t\t\t\t\t\t\tclass=\"ngg-simplelightbox\" rel=\"af7eb780b8427f092387328dd37e223f\">\n\t\t\t\t\t\t\t\t<img\n\t\t\t\t\ttitle=\"piox-redebeneditina-38\"\n\t\t\t\t\talt=\"piox-redebeneditina-38\"\n\t\t\t\t\tsrc=\"https:\/\/redebeneditina.org.br\/ispx\/wp-content\/gallery\/instalacoes-piox\/thumbs\/thumbs_piox-redebeneditina-38.jpg?t=1706119460\"\n\t\t\t\t\twidth=\"240\"\n\t\t\t\t\theight=\"240\"\n\t\t\t\t\tstyle=\"max-width:100%;\"\n\t\t\t\t\/>\n\t\t\t<\/a>\n\t\t<\/div>\n\t\t\t\t\t\t\t<\/div>\n\t\t\t\n\t\t\t\t<div id=\"ngg-image-36\" class=\"ngg-gallery-thumbnail-box\n\t\t\t\t\t\t\t\t\t\t\t\"\n\t\t\t>\n\t\t\t\t\t\t<div class=\"ngg-gallery-thumbnail\">\n\t\t<a href=\"https:\/\/redebeneditina.org.br\/ispx\/wp-content\/gallery\/instalacoes-piox\/piox-redebeneditina-39.jpg?t=1706119460\"\n\t\t\ttitle=\"\u00c1rea externa\"\n\t\t\tdata-src=\"https:\/\/redebeneditina.org.br\/ispx\/wp-content\/gallery\/instalacoes-piox\/piox-redebeneditina-39.jpg?t=1706119460\"\n\t\t\tdata-thumbnail=\"https:\/\/redebeneditina.org.br\/ispx\/wp-content\/gallery\/instalacoes-piox\/thumbs\/thumbs_piox-redebeneditina-39.jpg?t=1706119460\"\n\t\t\tdata-image-id=\"5084\"\n\t\t\tdata-image-name=\"piox-redebeneditina-39.jpg\"\n\t\t\tdata-title=\"piox-redebeneditina-39\"\n\t\t\tdata-description=\"\u00c1rea externa\"\n\t\t\tdata-image-slug=\"piox-redebeneditina-39\"\n\t\t\t\t\t\t\t\t\t\t\t\t\t\t\t\t\t\t\t\tclass=\"ngg-simplelightbox\" rel=\"af7eb780b8427f092387328dd37e223f\">\n\t\t\t\t\t\t\t\t<img\n\t\t\t\t\ttitle=\"piox-redebeneditina-39\"\n\t\t\t\t\talt=\"piox-redebeneditina-39\"\n\t\t\t\t\tsrc=\"https:\/\/redebeneditina.org.br\/ispx\/wp-content\/gallery\/instalacoes-piox\/thumbs\/thumbs_piox-redebeneditina-39.jpg?t=1706119460\"\n\t\t\t\t\twidth=\"240\"\n\t\t\t\t\theight=\"240\"\n\t\t\t\t\tstyle=\"max-width:100%;\"\n\t\t\t\t\/>\n\t\t\t<\/a>\n\t\t<\/div>\n\t\t\t\t\t\t\t<\/div>\n\t\t\t\n\t\t\t\t<div id=\"ngg-image-37\" class=\"ngg-gallery-thumbnail-box\n\t\t\t\t\t\t\t\t\t\t\t\"\n\t\t\t>\n\t\t\t\t\t\t<div class=\"ngg-gallery-thumbnail\">\n\t\t<a href=\"https:\/\/redebeneditina.org.br\/ispx\/wp-content\/gallery\/instalacoes-piox\/piox-redebeneditina-40.jpg?t=1706119460\"\n\t\t\ttitle=\"\u00c1rea externa\"\n\t\t\tdata-src=\"https:\/\/redebeneditina.org.br\/ispx\/wp-content\/gallery\/instalacoes-piox\/piox-redebeneditina-40.jpg?t=1706119460\"\n\t\t\tdata-thumbnail=\"https:\/\/redebeneditina.org.br\/ispx\/wp-content\/gallery\/instalacoes-piox\/thumbs\/thumbs_piox-redebeneditina-40.jpg?t=1706119460\"\n\t\t\tdata-image-id=\"5086\"\n\t\t\tdata-image-name=\"piox-redebeneditina-40.jpg\"\n\t\t\tdata-title=\"piox-redebeneditina-40\"\n\t\t\tdata-description=\"\u00c1rea externa\"\n\t\t\tdata-image-slug=\"piox-redebeneditina-40\"\n\t\t\t\t\t\t\t\t\t\t\t\t\t\t\t\t\t\t\t\tclass=\"ngg-simplelightbox\" rel=\"af7eb780b8427f092387328dd37e223f\">\n\t\t\t\t\t\t\t\t<img\n\t\t\t\t\ttitle=\"piox-redebeneditina-40\"\n\t\t\t\t\talt=\"piox-redebeneditina-40\"\n\t\t\t\t\tsrc=\"https:\/\/redebeneditina.org.br\/ispx\/wp-content\/gallery\/instalacoes-piox\/thumbs\/thumbs_piox-redebeneditina-40.jpg?t=1706119460\"\n\t\t\t\t\twidth=\"240\"\n\t\t\t\t\theight=\"240\"\n\t\t\t\t\tstyle=\"max-width:100%;\"\n\t\t\t\t\/>\n\t\t\t<\/a>\n\t\t<\/div>\n\t\t\t\t\t\t\t<\/div>\n\t\t\t\n\t\t\t\t<div id=\"ngg-image-38\" class=\"ngg-gallery-thumbnail-box\n\t\t\t\t\t\t\t\t\t\t\t\"\n\t\t\t>\n\t\t\t\t\t\t<div class=\"ngg-gallery-thumbnail\">\n\t\t<a href=\"https:\/\/redebeneditina.org.br\/ispx\/wp-content\/gallery\/instalacoes-piox\/piox-redebeneditina-41.jpg?t=1706119460\"\n\t\t\ttitle=\"Laborat\u00f3rio de Ci\u00eancias\"\n\t\t\tdata-src=\"https:\/\/redebeneditina.org.br\/ispx\/wp-content\/gallery\/instalacoes-piox\/piox-redebeneditina-41.jpg?t=1706119460\"\n\t\t\tdata-thumbnail=\"https:\/\/redebeneditina.org.br\/ispx\/wp-content\/gallery\/instalacoes-piox\/thumbs\/thumbs_piox-redebeneditina-41.jpg?t=1706119460\"\n\t\t\tdata-image-id=\"5085\"\n\t\t\tdata-image-name=\"piox-redebeneditina-41.jpg\"\n\t\t\tdata-title=\"piox-redebeneditina-41\"\n\t\t\tdata-description=\"Laborat\u00f3rio de Ci\u00eancias\"\n\t\t\tdata-image-slug=\"piox-redebeneditina-41\"\n\t\t\t\t\t\t\t\t\t\t\t\t\t\t\t\t\t\t\t\tclass=\"ngg-simplelightbox\" rel=\"af7eb780b8427f092387328dd37e223f\">\n\t\t\t\t\t\t\t\t<img\n\t\t\t\t\ttitle=\"piox-redebeneditina-41\"\n\t\t\t\t\talt=\"piox-redebeneditina-41\"\n\t\t\t\t\tsrc=\"https:\/\/redebeneditina.org.br\/ispx\/wp-content\/gallery\/instalacoes-piox\/thumbs\/thumbs_piox-redebeneditina-41.jpg?t=1706119460\"\n\t\t\t\t\twidth=\"240\"\n\t\t\t\t\theight=\"240\"\n\t\t\t\t\tstyle=\"max-width:100%;\"\n\t\t\t\t\/>\n\t\t\t<\/a>\n\t\t<\/div>\n\t\t\t\t\t\t\t<\/div>\n\t\t\t\n\t\t\t\t<div id=\"ngg-image-39\" class=\"ngg-gallery-thumbnail-box\n\t\t\t\t\t\t\t\t\t\t\t\"\n\t\t\t>\n\t\t\t\t\t\t<div class=\"ngg-gallery-thumbnail\">\n\t\t<a href=\"https:\/\/redebeneditina.org.br\/ispx\/wp-content\/gallery\/instalacoes-piox\/piox-redebeneditina-42.jpg?t=1706119460\"\n\t\t\ttitle=\"Parque Infantil coberta\"\n\t\t\tdata-src=\"https:\/\/redebeneditina.org.br\/ispx\/wp-content\/gallery\/instalacoes-piox\/piox-redebeneditina-42.jpg?t=1706119460\"\n\t\t\tdata-thumbnail=\"https:\/\/redebeneditina.org.br\/ispx\/wp-content\/gallery\/instalacoes-piox\/thumbs\/thumbs_piox-redebeneditina-42.jpg?t=1706119460\"\n\t\t\tdata-image-id=\"5087\"\n\t\t\tdata-image-name=\"piox-redebeneditina-42.jpg\"\n\t\t\tdata-title=\"piox-redebeneditina-42\"\n\t\t\tdata-description=\"Parque Infantil coberta\"\n\t\t\tdata-image-slug=\"piox-redebeneditina-42\"\n\t\t\t\t\t\t\t\t\t\t\t\t\t\t\t\t\t\t\t\tclass=\"ngg-simplelightbox\" rel=\"af7eb780b8427f092387328dd37e223f\">\n\t\t\t\t\t\t\t\t<img\n\t\t\t\t\ttitle=\"piox-redebeneditina-42\"\n\t\t\t\t\talt=\"piox-redebeneditina-42\"\n\t\t\t\t\tsrc=\"https:\/\/redebeneditina.org.br\/ispx\/wp-content\/gallery\/instalacoes-piox\/thumbs\/thumbs_piox-redebeneditina-42.jpg?t=1706119460\"\n\t\t\t\t\twidth=\"240\"\n\t\t\t\t\theight=\"240\"\n\t\t\t\t\tstyle=\"max-width:100%;\"\n\t\t\t\t\/>\n\t\t\t<\/a>\n\t\t<\/div>\n\t\t\t\t\t\t\t<\/div>\n\t\t\t\n\t\t\t\t<div id=\"ngg-image-40\" class=\"ngg-gallery-thumbnail-box\n\t\t\t\t\t\t\t\t\t\t\t\"\n\t\t\t>\n\t\t\t\t\t\t<div class=\"ngg-gallery-thumbnail\">\n\t\t<a href=\"https:\/\/redebeneditina.org.br\/ispx\/wp-content\/gallery\/instalacoes-piox\/piox-redebeneditina-43.jpg?t=1706119460\"\n\t\t\ttitle=\"Parque Infantil coberta\"\n\t\t\tdata-src=\"https:\/\/redebeneditina.org.br\/ispx\/wp-content\/gallery\/instalacoes-piox\/piox-redebeneditina-43.jpg?t=1706119460\"\n\t\t\tdata-thumbnail=\"https:\/\/redebeneditina.org.br\/ispx\/wp-content\/gallery\/instalacoes-piox\/thumbs\/thumbs_piox-redebeneditina-43.jpg?t=1706119460\"\n\t\t\tdata-image-id=\"5090\"\n\t\t\tdata-image-name=\"piox-redebeneditina-43.jpg\"\n\t\t\tdata-title=\"piox-redebeneditina-43\"\n\t\t\tdata-description=\"Parque Infantil coberta\"\n\t\t\tdata-image-slug=\"piox-redebeneditina-43\"\n\t\t\t\t\t\t\t\t\t\t\t\t\t\t\t\t\t\t\t\tclass=\"ngg-simplelightbox\" rel=\"af7eb780b8427f092387328dd37e223f\">\n\t\t\t\t\t\t\t\t<img\n\t\t\t\t\ttitle=\"piox-redebeneditina-43\"\n\t\t\t\t\talt=\"piox-redebeneditina-43\"\n\t\t\t\t\tsrc=\"https:\/\/redebeneditina.org.br\/ispx\/wp-content\/gallery\/instalacoes-piox\/thumbs\/thumbs_piox-redebeneditina-43.jpg?t=1706119460\"\n\t\t\t\t\twidth=\"240\"\n\t\t\t\t\theight=\"240\"\n\t\t\t\t\tstyle=\"max-width:100%;\"\n\t\t\t\t\/>\n\t\t\t<\/a>\n\t\t<\/div>\n\t\t\t\t\t\t\t<\/div>\n\t\t\t\n\t\t\t\t<div id=\"ngg-image-41\" class=\"ngg-gallery-thumbnail-box\n\t\t\t\t\t\t\t\t\t\t\t\"\n\t\t\t>\n\t\t\t\t\t\t<div class=\"ngg-gallery-thumbnail\">\n\t\t<a href=\"https:\/\/redebeneditina.org.br\/ispx\/wp-content\/gallery\/instalacoes-piox\/piox-redebeneditina-44.jpg?t=1706119460\"\n\t\t\ttitle=\"\u00c1rea de lazer\"\n\t\t\tdata-src=\"https:\/\/redebeneditina.org.br\/ispx\/wp-content\/gallery\/instalacoes-piox\/piox-redebeneditina-44.jpg?t=1706119460\"\n\t\t\tdata-thumbnail=\"https:\/\/redebeneditina.org.br\/ispx\/wp-content\/gallery\/instalacoes-piox\/thumbs\/thumbs_piox-redebeneditina-44.jpg?t=1706119460\"\n\t\t\tdata-image-id=\"5089\"\n\t\t\tdata-image-name=\"piox-redebeneditina-44.jpg\"\n\t\t\tdata-title=\"piox-redebeneditina-44\"\n\t\t\tdata-description=\"\u00c1rea de lazer\"\n\t\t\tdata-image-slug=\"piox-redebeneditina-44\"\n\t\t\t\t\t\t\t\t\t\t\t\t\t\t\t\t\t\t\t\tclass=\"ngg-simplelightbox\" rel=\"af7eb780b8427f092387328dd37e223f\">\n\t\t\t\t\t\t\t\t<img\n\t\t\t\t\ttitle=\"piox-redebeneditina-44\"\n\t\t\t\t\talt=\"piox-redebeneditina-44\"\n\t\t\t\t\tsrc=\"https:\/\/redebeneditina.org.br\/ispx\/wp-content\/gallery\/instalacoes-piox\/thumbs\/thumbs_piox-redebeneditina-44.jpg?t=1706119460\"\n\t\t\t\t\twidth=\"240\"\n\t\t\t\t\theight=\"240\"\n\t\t\t\t\tstyle=\"max-width:100%;\"\n\t\t\t\t\/>\n\t\t\t<\/a>\n\t\t<\/div>\n\t\t\t\t\t\t\t<\/div>\n\t\t\t\n\t\t\t\t<div id=\"ngg-image-42\" class=\"ngg-gallery-thumbnail-box\n\t\t\t\t\t\t\t\t\t\t\t\"\n\t\t\t>\n\t\t\t\t\t\t<div class=\"ngg-gallery-thumbnail\">\n\t\t<a href=\"https:\/\/redebeneditina.org.br\/ispx\/wp-content\/gallery\/instalacoes-piox\/piox-redebeneditina-46.jpg?t=1706119460\"\n\t\t\ttitle=\"Quadra Coberta\"\n\t\t\tdata-src=\"https:\/\/redebeneditina.org.br\/ispx\/wp-content\/gallery\/instalacoes-piox\/piox-redebeneditina-46.jpg?t=1706119460\"\n\t\t\tdata-thumbnail=\"https:\/\/redebeneditina.org.br\/ispx\/wp-content\/gallery\/instalacoes-piox\/thumbs\/thumbs_piox-redebeneditina-46.jpg?t=1706119460\"\n\t\t\tdata-image-id=\"5092\"\n\t\t\tdata-image-name=\"piox-redebeneditina-46.jpg\"\n\t\t\tdata-title=\"piox-redebeneditina-46\"\n\t\t\tdata-description=\"Quadra Coberta\"\n\t\t\tdata-image-slug=\"piox-redebeneditina-46\"\n\t\t\t\t\t\t\t\t\t\t\t\t\t\t\t\t\t\t\t\tclass=\"ngg-simplelightbox\" rel=\"af7eb780b8427f092387328dd37e223f\">\n\t\t\t\t\t\t\t\t<img\n\t\t\t\t\ttitle=\"piox-redebeneditina-46\"\n\t\t\t\t\talt=\"piox-redebeneditina-46\"\n\t\t\t\t\tsrc=\"https:\/\/redebeneditina.org.br\/ispx\/wp-content\/gallery\/instalacoes-piox\/thumbs\/thumbs_piox-redebeneditina-46.jpg?t=1706119460\"\n\t\t\t\t\twidth=\"240\"\n\t\t\t\t\theight=\"240\"\n\t\t\t\t\tstyle=\"max-width:100%;\"\n\t\t\t\t\/>\n\t\t\t<\/a>\n\t\t<\/div>\n\t\t\t\t\t\t\t<\/div>\n\t\t\t\n\t\t\t\t<div id=\"ngg-image-43\" class=\"ngg-gallery-thumbnail-box\n\t\t\t\t\t\t\t\t\t\t\t\"\n\t\t\t>\n\t\t\t\t\t\t<div class=\"ngg-gallery-thumbnail\">\n\t\t<a href=\"https:\/\/redebeneditina.org.br\/ispx\/wp-content\/gallery\/instalacoes-piox\/piox-redebeneditina-47.jpg?t=1706119460\"\n\t\t\ttitle=\"Quadra Coberta\"\n\t\t\tdata-src=\"https:\/\/redebeneditina.org.br\/ispx\/wp-content\/gallery\/instalacoes-piox\/piox-redebeneditina-47.jpg?t=1706119460\"\n\t\t\tdata-thumbnail=\"https:\/\/redebeneditina.org.br\/ispx\/wp-content\/gallery\/instalacoes-piox\/thumbs\/thumbs_piox-redebeneditina-47.jpg?t=1706119460\"\n\t\t\tdata-image-id=\"5093\"\n\t\t\tdata-image-name=\"piox-redebeneditina-47.jpg\"\n\t\t\tdata-title=\"piox-redebeneditina-47\"\n\t\t\tdata-description=\"Quadra Coberta\"\n\t\t\tdata-image-slug=\"piox-redebeneditina-47\"\n\t\t\t\t\t\t\t\t\t\t\t\t\t\t\t\t\t\t\t\tclass=\"ngg-simplelightbox\" rel=\"af7eb780b8427f092387328dd37e223f\">\n\t\t\t\t\t\t\t\t<img\n\t\t\t\t\ttitle=\"piox-redebeneditina-47\"\n\t\t\t\t\talt=\"piox-redebeneditina-47\"\n\t\t\t\t\tsrc=\"https:\/\/redebeneditina.org.br\/ispx\/wp-content\/gallery\/instalacoes-piox\/thumbs\/thumbs_piox-redebeneditina-47.jpg?t=1706119460\"\n\t\t\t\t\twidth=\"240\"\n\t\t\t\t\theight=\"240\"\n\t\t\t\t\tstyle=\"max-width:100%;\"\n\t\t\t\t\/>\n\t\t\t<\/a>\n\t\t<\/div>\n\t\t\t\t\t\t\t<\/div>\n\t\t\t\n\t\t\t\t<div id=\"ngg-image-44\" class=\"ngg-gallery-thumbnail-box\n\t\t\t\t\t\t\t\t\t\t\t\"\n\t\t\t>\n\t\t\t\t\t\t<div class=\"ngg-gallery-thumbnail\">\n\t\t<a href=\"https:\/\/redebeneditina.org.br\/ispx\/wp-content\/gallery\/instalacoes-piox\/piox-redebeneditina-48.jpg?t=1706119460\"\n\t\t\ttitle=\"Sala de Alimenta\u00e7\u00e3o Madre Maria Schiaparolli\"\n\t\t\tdata-src=\"https:\/\/redebeneditina.org.br\/ispx\/wp-content\/gallery\/instalacoes-piox\/piox-redebeneditina-48.jpg?t=1706119460\"\n\t\t\tdata-thumbnail=\"https:\/\/redebeneditina.org.br\/ispx\/wp-content\/gallery\/instalacoes-piox\/thumbs\/thumbs_piox-redebeneditina-48.jpg?t=1706119460\"\n\t\t\tdata-image-id=\"5091\"\n\t\t\tdata-image-name=\"piox-redebeneditina-48.jpg\"\n\t\t\tdata-title=\"piox-redebeneditina-48\"\n\t\t\tdata-description=\"Sala de Alimenta\u00e7\u00e3o Madre Maria Schiaparolli\"\n\t\t\tdata-image-slug=\"piox-redebeneditina-48\"\n\t\t\t\t\t\t\t\t\t\t\t\t\t\t\t\t\t\t\t\tclass=\"ngg-simplelightbox\" rel=\"af7eb780b8427f092387328dd37e223f\">\n\t\t\t\t\t\t\t\t<img\n\t\t\t\t\ttitle=\"piox-redebeneditina-48\"\n\t\t\t\t\talt=\"piox-redebeneditina-48\"\n\t\t\t\t\tsrc=\"https:\/\/redebeneditina.org.br\/ispx\/wp-content\/gallery\/instalacoes-piox\/thumbs\/thumbs_piox-redebeneditina-48.jpg?t=1706119460\"\n\t\t\t\t\twidth=\"240\"\n\t\t\t\t\theight=\"240\"\n\t\t\t\t\tstyle=\"max-width:100%;\"\n\t\t\t\t\/>\n\t\t\t<\/a>\n\t\t<\/div>\n\t\t\t\t\t\t\t<\/div>\n\t\t\t\n\t\t\t\t<div id=\"ngg-image-45\" class=\"ngg-gallery-thumbnail-box\n\t\t\t\t\t\t\t\t\t\t\t\"\n\t\t\t>\n\t\t\t\t\t\t<div class=\"ngg-gallery-thumbnail\">\n\t\t<a href=\"https:\/\/redebeneditina.org.br\/ispx\/wp-content\/gallery\/instalacoes-piox\/piox-redebeneditina-49.jpg?t=1706119460\"\n\t\t\ttitle=\"Sala de Alimenta\u00e7\u00e3o Madre Maria Schiaparolli\"\n\t\t\tdata-src=\"https:\/\/redebeneditina.org.br\/ispx\/wp-content\/gallery\/instalacoes-piox\/piox-redebeneditina-49.jpg?t=1706119460\"\n\t\t\tdata-thumbnail=\"https:\/\/redebeneditina.org.br\/ispx\/wp-content\/gallery\/instalacoes-piox\/thumbs\/thumbs_piox-redebeneditina-49.jpg?t=1706119460\"\n\t\t\tdata-image-id=\"5095\"\n\t\t\tdata-image-name=\"piox-redebeneditina-49.jpg\"\n\t\t\tdata-title=\"piox-redebeneditina-49\"\n\t\t\tdata-description=\"Sala de Alimenta\u00e7\u00e3o Madre Maria Schiaparolli\"\n\t\t\tdata-image-slug=\"piox-redebeneditina-49\"\n\t\t\t\t\t\t\t\t\t\t\t\t\t\t\t\t\t\t\t\tclass=\"ngg-simplelightbox\" rel=\"af7eb780b8427f092387328dd37e223f\">\n\t\t\t\t\t\t\t\t<img\n\t\t\t\t\ttitle=\"piox-redebeneditina-49\"\n\t\t\t\t\talt=\"piox-redebeneditina-49\"\n\t\t\t\t\tsrc=\"https:\/\/redebeneditina.org.br\/ispx\/wp-content\/gallery\/instalacoes-piox\/thumbs\/thumbs_piox-redebeneditina-49.jpg?t=1706119460\"\n\t\t\t\t\twidth=\"240\"\n\t\t\t\t\theight=\"240\"\n\t\t\t\t\tstyle=\"max-width:100%;\"\n\t\t\t\t\/>\n\t\t\t<\/a>\n\t\t<\/div>\n\t\t\t\t\t\t\t<\/div>\n\t\t\t\n\t\t\t\t<div id=\"ngg-image-46\" class=\"ngg-gallery-thumbnail-box\n\t\t\t\t\t\t\t\t\t\t\t\"\n\t\t\t>\n\t\t\t\t\t\t<div class=\"ngg-gallery-thumbnail\">\n\t\t<a href=\"https:\/\/redebeneditina.org.br\/ispx\/wp-content\/gallery\/instalacoes-piox\/piox-redebeneditina-52.jpg?t=1706119460\"\n\t\t\ttitle=\"Sala de M\u00fasica\"\n\t\t\tdata-src=\"https:\/\/redebeneditina.org.br\/ispx\/wp-content\/gallery\/instalacoes-piox\/piox-redebeneditina-52.jpg?t=1706119460\"\n\t\t\tdata-thumbnail=\"https:\/\/redebeneditina.org.br\/ispx\/wp-content\/gallery\/instalacoes-piox\/thumbs\/thumbs_piox-redebeneditina-52.jpg?t=1706119460\"\n\t\t\tdata-image-id=\"5096\"\n\t\t\tdata-image-name=\"piox-redebeneditina-52.jpg\"\n\t\t\tdata-title=\"piox-redebeneditina-52\"\n\t\t\tdata-description=\"Sala de M\u00fasica\"\n\t\t\tdata-image-slug=\"piox-redebeneditina-52\"\n\t\t\t\t\t\t\t\t\t\t\t\t\t\t\t\t\t\t\t\tclass=\"ngg-simplelightbox\" rel=\"af7eb780b8427f092387328dd37e223f\">\n\t\t\t\t\t\t\t\t<img\n\t\t\t\t\ttitle=\"piox-redebeneditina-52\"\n\t\t\t\t\talt=\"piox-redebeneditina-52\"\n\t\t\t\t\tsrc=\"https:\/\/redebeneditina.org.br\/ispx\/wp-content\/gallery\/instalacoes-piox\/thumbs\/thumbs_piox-redebeneditina-52.jpg?t=1706119460\"\n\t\t\t\t\twidth=\"240\"\n\t\t\t\t\theight=\"240\"\n\t\t\t\t\tstyle=\"max-width:100%;\"\n\t\t\t\t\/>\n\t\t\t<\/a>\n\t\t<\/div>\n\t\t\t\t\t\t\t<\/div>\n\t\t\t\n\t\t\t\t<div id=\"ngg-image-47\" class=\"ngg-gallery-thumbnail-box\n\t\t\t\t\t\t\t\t\t\t\t\"\n\t\t\t>\n\t\t\t\t\t\t<div class=\"ngg-gallery-thumbnail\">\n\t\t<a href=\"https:\/\/redebeneditina.org.br\/ispx\/wp-content\/gallery\/instalacoes-piox\/piox-redebeneditina-53.jpg?t=1706119460\"\n\t\t\ttitle=\"Sala de M\u00fasica\"\n\t\t\tdata-src=\"https:\/\/redebeneditina.org.br\/ispx\/wp-content\/gallery\/instalacoes-piox\/piox-redebeneditina-53.jpg?t=1706119460\"\n\t\t\tdata-thumbnail=\"https:\/\/redebeneditina.org.br\/ispx\/wp-content\/gallery\/instalacoes-piox\/thumbs\/thumbs_piox-redebeneditina-53.jpg?t=1706119460\"\n\t\t\tdata-image-id=\"5097\"\n\t\t\tdata-image-name=\"piox-redebeneditina-53.jpg\"\n\t\t\tdata-title=\"piox-redebeneditina-53\"\n\t\t\tdata-description=\"Sala de M\u00fasica\"\n\t\t\tdata-image-slug=\"piox-redebeneditina-53\"\n\t\t\t\t\t\t\t\t\t\t\t\t\t\t\t\t\t\t\t\tclass=\"ngg-simplelightbox\" rel=\"af7eb780b8427f092387328dd37e223f\">\n\t\t\t\t\t\t\t\t<img\n\t\t\t\t\ttitle=\"piox-redebeneditina-53\"\n\t\t\t\t\talt=\"piox-redebeneditina-53\"\n\t\t\t\t\tsrc=\"https:\/\/redebeneditina.org.br\/ispx\/wp-content\/gallery\/instalacoes-piox\/thumbs\/thumbs_piox-redebeneditina-53.jpg?t=1706119460\"\n\t\t\t\t\twidth=\"240\"\n\t\t\t\t\theight=\"240\"\n\t\t\t\t\tstyle=\"max-width:100%;\"\n\t\t\t\t\/>\n\t\t\t<\/a>\n\t\t<\/div>\n\t\t\t\t\t\t\t<\/div>\n\t\t\t\n\t\t\t\t<div id=\"ngg-image-48\" class=\"ngg-gallery-thumbnail-box\n\t\t\t\t\t\t\t\t\t\t\t\"\n\t\t\t>\n\t\t\t\t\t\t<div class=\"ngg-gallery-thumbnail\">\n\t\t<a href=\"https:\/\/redebeneditina.org.br\/ispx\/wp-content\/gallery\/instalacoes-piox\/piox-redebeneditina-54.jpg?t=1706119460\"\n\t\t\ttitle=\"Sala de M\u00fasica\"\n\t\t\tdata-src=\"https:\/\/redebeneditina.org.br\/ispx\/wp-content\/gallery\/instalacoes-piox\/piox-redebeneditina-54.jpg?t=1706119460\"\n\t\t\tdata-thumbnail=\"https:\/\/redebeneditina.org.br\/ispx\/wp-content\/gallery\/instalacoes-piox\/thumbs\/thumbs_piox-redebeneditina-54.jpg?t=1706119460\"\n\t\t\tdata-image-id=\"5098\"\n\t\t\tdata-image-name=\"piox-redebeneditina-54.jpg\"\n\t\t\tdata-title=\"piox-redebeneditina-54\"\n\t\t\tdata-description=\"Sala de M\u00fasica\"\n\t\t\tdata-image-slug=\"piox-redebeneditina-54\"\n\t\t\t\t\t\t\t\t\t\t\t\t\t\t\t\t\t\t\t\tclass=\"ngg-simplelightbox\" rel=\"af7eb780b8427f092387328dd37e223f\">\n\t\t\t\t\t\t\t\t<img\n\t\t\t\t\ttitle=\"piox-redebeneditina-54\"\n\t\t\t\t\talt=\"piox-redebeneditina-54\"\n\t\t\t\t\tsrc=\"https:\/\/redebeneditina.org.br\/ispx\/wp-content\/gallery\/instalacoes-piox\/thumbs\/thumbs_piox-redebeneditina-54.jpg?t=1706119460\"\n\t\t\t\t\twidth=\"240\"\n\t\t\t\t\theight=\"240\"\n\t\t\t\t\tstyle=\"max-width:100%;\"\n\t\t\t\t\/>\n\t\t\t<\/a>\n\t\t<\/div>\n\t\t\t\t\t\t\t<\/div>\n\t\t\t\n\t\t\t\t<div id=\"ngg-image-49\" class=\"ngg-gallery-thumbnail-box\n\t\t\t\t\t\t\t\t\t\t\t\"\n\t\t\t>\n\t\t\t\t\t\t<div class=\"ngg-gallery-thumbnail\">\n\t\t<a href=\"https:\/\/redebeneditina.org.br\/ispx\/wp-content\/gallery\/instalacoes-piox\/piox-redebeneditina-55.jpg?t=1689356126\"\n\t\t\ttitle=\"Sala de Aula da Ed. Infantil\"\n\t\t\tdata-src=\"https:\/\/redebeneditina.org.br\/ispx\/wp-content\/gallery\/instalacoes-piox\/piox-redebeneditina-55.jpg?t=1689356126\"\n\t\t\tdata-thumbnail=\"https:\/\/redebeneditina.org.br\/ispx\/wp-content\/gallery\/instalacoes-piox\/thumbs\/thumbs_piox-redebeneditina-55.jpg?t=1689356126\"\n\t\t\tdata-image-id=\"5101\"\n\t\t\tdata-image-name=\"piox-redebeneditina-55.jpg\"\n\t\t\tdata-title=\"piox-redebeneditina-55\"\n\t\t\tdata-description=\"Sala de Aula da Ed. Infantil\"\n\t\t\tdata-image-slug=\"piox-redebeneditina-55\"\n\t\t\t\t\t\t\t\t\t\t\t\t\t\t\t\t\t\t\t\tclass=\"ngg-simplelightbox\" rel=\"af7eb780b8427f092387328dd37e223f\">\n\t\t\t\t\t\t\t\t<img\n\t\t\t\t\ttitle=\"piox-redebeneditina-55\"\n\t\t\t\t\talt=\"piox-redebeneditina-55\"\n\t\t\t\t\tsrc=\"https:\/\/redebeneditina.org.br\/ispx\/wp-content\/gallery\/instalacoes-piox\/thumbs\/thumbs_piox-redebeneditina-55.jpg?t=1689356126\"\n\t\t\t\t\twidth=\"240\"\n\t\t\t\t\theight=\"240\"\n\t\t\t\t\tstyle=\"max-width:100%;\"\n\t\t\t\t\/>\n\t\t\t<\/a>\n\t\t<\/div>\n\t\t\t\t\t\t\t<\/div>\n\t\t\t\n\t\t\t\t<div id=\"ngg-image-50\" class=\"ngg-gallery-thumbnail-box\n\t\t\t\t\t\t\t\t\t\t\t\"\n\t\t\t>\n\t\t\t\t\t\t<div class=\"ngg-gallery-thumbnail\">\n\t\t<a href=\"https:\/\/redebeneditina.org.br\/ispx\/wp-content\/gallery\/instalacoes-piox\/piox-redebeneditina-56.jpg?t=1686004757\"\n\t\t\ttitle=\"Sala de Aula da Ed. Infantil\"\n\t\t\tdata-src=\"https:\/\/redebeneditina.org.br\/ispx\/wp-content\/gallery\/instalacoes-piox\/piox-redebeneditina-56.jpg?t=1686004757\"\n\t\t\tdata-thumbnail=\"https:\/\/redebeneditina.org.br\/ispx\/wp-content\/gallery\/instalacoes-piox\/thumbs\/thumbs_piox-redebeneditina-56.jpg?t=1686004757\"\n\t\t\tdata-image-id=\"5100\"\n\t\t\tdata-image-name=\"piox-redebeneditina-56.jpg\"\n\t\t\tdata-title=\"piox-redebeneditina-56\"\n\t\t\tdata-description=\"Sala de Aula da Ed. Infantil\"\n\t\t\tdata-image-slug=\"piox-redebeneditina-56\"\n\t\t\t\t\t\t\t\t\t\t\t\t\t\t\t\t\t\t\t\tclass=\"ngg-simplelightbox\" rel=\"af7eb780b8427f092387328dd37e223f\">\n\t\t\t\t\t\t\t\t<img\n\t\t\t\t\ttitle=\"piox-redebeneditina-56\"\n\t\t\t\t\talt=\"piox-redebeneditina-56\"\n\t\t\t\t\tsrc=\"https:\/\/redebeneditina.org.br\/ispx\/wp-content\/gallery\/instalacoes-piox\/thumbs\/thumbs_piox-redebeneditina-56.jpg?t=1686004757\"\n\t\t\t\t\twidth=\"240\"\n\t\t\t\t\theight=\"240\"\n\t\t\t\t\tstyle=\"max-width:100%;\"\n\t\t\t\t\/>\n\t\t\t<\/a>\n\t\t<\/div>\n\t\t\t\t\t\t\t<\/div>\n\t\t\t\n\t\t\t\t<div id=\"ngg-image-51\" class=\"ngg-gallery-thumbnail-box\n\t\t\t\t\t\t\t\t\t\t\t\"\n\t\t\t>\n\t\t\t\t\t\t<div class=\"ngg-gallery-thumbnail\">\n\t\t<a href=\"https:\/\/redebeneditina.org.br\/ispx\/wp-content\/gallery\/instalacoes-piox\/piox-redebeneditina-57.jpg?t=1686004757\"\n\t\t\ttitle=\"Sala de Aula da Ed. Infantil\"\n\t\t\tdata-src=\"https:\/\/redebeneditina.org.br\/ispx\/wp-content\/gallery\/instalacoes-piox\/piox-redebeneditina-57.jpg?t=1686004757\"\n\t\t\tdata-thumbnail=\"https:\/\/redebeneditina.org.br\/ispx\/wp-content\/gallery\/instalacoes-piox\/thumbs\/thumbs_piox-redebeneditina-57.jpg?t=1686004757\"\n\t\t\tdata-image-id=\"5099\"\n\t\t\tdata-image-name=\"piox-redebeneditina-57.jpg\"\n\t\t\tdata-title=\"piox-redebeneditina-57\"\n\t\t\tdata-description=\"Sala de Aula da Ed. Infantil\"\n\t\t\tdata-image-slug=\"piox-redebeneditina-57\"\n\t\t\t\t\t\t\t\t\t\t\t\t\t\t\t\t\t\t\t\tclass=\"ngg-simplelightbox\" rel=\"af7eb780b8427f092387328dd37e223f\">\n\t\t\t\t\t\t\t\t<img\n\t\t\t\t\ttitle=\"piox-redebeneditina-57\"\n\t\t\t\t\talt=\"piox-redebeneditina-57\"\n\t\t\t\t\tsrc=\"https:\/\/redebeneditina.org.br\/ispx\/wp-content\/gallery\/instalacoes-piox\/thumbs\/thumbs_piox-redebeneditina-57.jpg?t=1686004757\"\n\t\t\t\t\twidth=\"240\"\n\t\t\t\t\theight=\"240\"\n\t\t\t\t\tstyle=\"max-width:100%;\"\n\t\t\t\t\/>\n\t\t\t<\/a>\n\t\t<\/div>\n\t\t\t\t\t\t\t<\/div>\n\t\t\t\n\t\t\t\t<div id=\"ngg-image-52\" class=\"ngg-gallery-thumbnail-box\n\t\t\t\t\t\t\t\t\t\t\t\"\n\t\t\t>\n\t\t\t\t\t\t<div class=\"ngg-gallery-thumbnail\">\n\t\t<a href=\"https:\/\/redebeneditina.org.br\/ispx\/wp-content\/gallery\/instalacoes-piox\/piox-redebeneditina-58.jpg?t=1686004757\"\n\t\t\ttitle=\"Sala de Aula da Ed. Infantil\"\n\t\t\tdata-src=\"https:\/\/redebeneditina.org.br\/ispx\/wp-content\/gallery\/instalacoes-piox\/piox-redebeneditina-58.jpg?t=1686004757\"\n\t\t\tdata-thumbnail=\"https:\/\/redebeneditina.org.br\/ispx\/wp-content\/gallery\/instalacoes-piox\/thumbs\/thumbs_piox-redebeneditina-58.jpg?t=1686004757\"\n\t\t\tdata-image-id=\"5102\"\n\t\t\tdata-image-name=\"piox-redebeneditina-58.jpg\"\n\t\t\tdata-title=\"piox-redebeneditina-58\"\n\t\t\tdata-description=\"Sala de Aula da Ed. Infantil\"\n\t\t\tdata-image-slug=\"piox-redebeneditina-58\"\n\t\t\t\t\t\t\t\t\t\t\t\t\t\t\t\t\t\t\t\tclass=\"ngg-simplelightbox\" rel=\"af7eb780b8427f092387328dd37e223f\">\n\t\t\t\t\t\t\t\t<img\n\t\t\t\t\ttitle=\"piox-redebeneditina-58\"\n\t\t\t\t\talt=\"piox-redebeneditina-58\"\n\t\t\t\t\tsrc=\"https:\/\/redebeneditina.org.br\/ispx\/wp-content\/gallery\/instalacoes-piox\/thumbs\/thumbs_piox-redebeneditina-58.jpg?t=1686004757\"\n\t\t\t\t\twidth=\"240\"\n\t\t\t\t\theight=\"240\"\n\t\t\t\t\tstyle=\"max-width:100%;\"\n\t\t\t\t\/>\n\t\t\t<\/a>\n\t\t<\/div>\n\t\t\t\t\t\t\t<\/div>\n\t\t\t\n\t\t\t\t<div id=\"ngg-image-53\" class=\"ngg-gallery-thumbnail-box\n\t\t\t\t\t\t\t\t\t\t\t\"\n\t\t\t>\n\t\t\t\t\t\t<div class=\"ngg-gallery-thumbnail\">\n\t\t<a href=\"https:\/\/redebeneditina.org.br\/ispx\/wp-content\/gallery\/instalacoes-piox\/piox-redebeneditina-59.jpg?t=1686004757\"\n\t\t\ttitle=\"Sala de Artes\"\n\t\t\tdata-src=\"https:\/\/redebeneditina.org.br\/ispx\/wp-content\/gallery\/instalacoes-piox\/piox-redebeneditina-59.jpg?t=1686004757\"\n\t\t\tdata-thumbnail=\"https:\/\/redebeneditina.org.br\/ispx\/wp-content\/gallery\/instalacoes-piox\/thumbs\/thumbs_piox-redebeneditina-59.jpg?t=1686004757\"\n\t\t\tdata-image-id=\"5104\"\n\t\t\tdata-image-name=\"piox-redebeneditina-59.jpg\"\n\t\t\tdata-title=\"piox-redebeneditina-59\"\n\t\t\tdata-description=\"Sala de Artes\"\n\t\t\tdata-image-slug=\"piox-redebeneditina-59\"\n\t\t\t\t\t\t\t\t\t\t\t\t\t\t\t\t\t\t\t\tclass=\"ngg-simplelightbox\" rel=\"af7eb780b8427f092387328dd37e223f\">\n\t\t\t\t\t\t\t\t<img\n\t\t\t\t\ttitle=\"piox-redebeneditina-59\"\n\t\t\t\t\talt=\"piox-redebeneditina-59\"\n\t\t\t\t\tsrc=\"https:\/\/redebeneditina.org.br\/ispx\/wp-content\/gallery\/instalacoes-piox\/thumbs\/thumbs_piox-redebeneditina-59.jpg?t=1686004757\"\n\t\t\t\t\twidth=\"240\"\n\t\t\t\t\theight=\"240\"\n\t\t\t\t\tstyle=\"max-width:100%;\"\n\t\t\t\t\/>\n\t\t\t<\/a>\n\t\t<\/div>\n\t\t\t\t\t\t\t<\/div>\n\t\t\t\n\t\t\t\t<div id=\"ngg-image-54\" class=\"ngg-gallery-thumbnail-box\n\t\t\t\t\t\t\t\t\t\t\t\"\n\t\t\t>\n\t\t\t\t\t\t<div class=\"ngg-gallery-thumbnail\">\n\t\t<a href=\"https:\/\/redebeneditina.org.br\/ispx\/wp-content\/gallery\/instalacoes-piox\/piox-redebeneditina-60.jpg?t=1686004757\"\n\t\t\ttitle=\"Sala de Artes\"\n\t\t\tdata-src=\"https:\/\/redebeneditina.org.br\/ispx\/wp-content\/gallery\/instalacoes-piox\/piox-redebeneditina-60.jpg?t=1686004757\"\n\t\t\tdata-thumbnail=\"https:\/\/redebeneditina.org.br\/ispx\/wp-content\/gallery\/instalacoes-piox\/thumbs\/thumbs_piox-redebeneditina-60.jpg?t=1686004757\"\n\t\t\tdata-image-id=\"5106\"\n\t\t\tdata-image-name=\"piox-redebeneditina-60.jpg\"\n\t\t\tdata-title=\"piox-redebeneditina-60\"\n\t\t\tdata-description=\"Sala de Artes\"\n\t\t\tdata-image-slug=\"piox-redebeneditina-60\"\n\t\t\t\t\t\t\t\t\t\t\t\t\t\t\t\t\t\t\t\tclass=\"ngg-simplelightbox\" rel=\"af7eb780b8427f092387328dd37e223f\">\n\t\t\t\t\t\t\t\t<img\n\t\t\t\t\ttitle=\"piox-redebeneditina-60\"\n\t\t\t\t\talt=\"piox-redebeneditina-60\"\n\t\t\t\t\tsrc=\"https:\/\/redebeneditina.org.br\/ispx\/wp-content\/gallery\/instalacoes-piox\/thumbs\/thumbs_piox-redebeneditina-60.jpg?t=1686004757\"\n\t\t\t\t\twidth=\"240\"\n\t\t\t\t\theight=\"240\"\n\t\t\t\t\tstyle=\"max-width:100%;\"\n\t\t\t\t\/>\n\t\t\t<\/a>\n\t\t<\/div>\n\t\t\t\t\t\t\t<\/div>\n\t\t\t\n\t\t\t\t<div id=\"ngg-image-55\" class=\"ngg-gallery-thumbnail-box\n\t\t\t\t\t\t\t\t\t\t\t\"\n\t\t\t>\n\t\t\t\t\t\t<div class=\"ngg-gallery-thumbnail\">\n\t\t<a href=\"https:\/\/redebeneditina.org.br\/ispx\/wp-content\/gallery\/instalacoes-piox\/piox-redebeneditina-61.jpg?t=1686004757\"\n\t\t\ttitle=\"Sala de Artes\"\n\t\t\tdata-src=\"https:\/\/redebeneditina.org.br\/ispx\/wp-content\/gallery\/instalacoes-piox\/piox-redebeneditina-61.jpg?t=1686004757\"\n\t\t\tdata-thumbnail=\"https:\/\/redebeneditina.org.br\/ispx\/wp-content\/gallery\/instalacoes-piox\/thumbs\/thumbs_piox-redebeneditina-61.jpg?t=1686004757\"\n\t\t\tdata-image-id=\"5107\"\n\t\t\tdata-image-name=\"piox-redebeneditina-61.jpg\"\n\t\t\tdata-title=\"piox-redebeneditina-61\"\n\t\t\tdata-description=\"Sala de Artes\"\n\t\t\tdata-image-slug=\"piox-redebeneditina-61\"\n\t\t\t\t\t\t\t\t\t\t\t\t\t\t\t\t\t\t\t\tclass=\"ngg-simplelightbox\" rel=\"af7eb780b8427f092387328dd37e223f\">\n\t\t\t\t\t\t\t\t<img\n\t\t\t\t\ttitle=\"piox-redebeneditina-61\"\n\t\t\t\t\talt=\"piox-redebeneditina-61\"\n\t\t\t\t\tsrc=\"https:\/\/redebeneditina.org.br\/ispx\/wp-content\/gallery\/instalacoes-piox\/thumbs\/thumbs_piox-redebeneditina-61.jpg?t=1686004757\"\n\t\t\t\t\twidth=\"240\"\n\t\t\t\t\theight=\"240\"\n\t\t\t\t\tstyle=\"max-width:100%;\"\n\t\t\t\t\/>\n\t\t\t<\/a>\n\t\t<\/div>\n\t\t\t\t\t\t\t<\/div>\n\t\t\t\n\t\t\t\t<div id=\"ngg-image-56\" class=\"ngg-gallery-thumbnail-box\n\t\t\t\t\t\t\t\t\t\t\t\"\n\t\t\t>\n\t\t\t\t\t\t<div class=\"ngg-gallery-thumbnail\">\n\t\t<a href=\"https:\/\/redebeneditina.org.br\/ispx\/wp-content\/gallery\/instalacoes-piox\/piox-redebeneditina-62.jpg?t=1686004757\"\n\t\t\ttitle=\"\"\n\t\t\tdata-src=\"https:\/\/redebeneditina.org.br\/ispx\/wp-content\/gallery\/instalacoes-piox\/piox-redebeneditina-62.jpg?t=1686004757\"\n\t\t\tdata-thumbnail=\"https:\/\/redebeneditina.org.br\/ispx\/wp-content\/gallery\/instalacoes-piox\/thumbs\/thumbs_piox-redebeneditina-62.jpg?t=1686004757\"\n\t\t\tdata-image-id=\"5105\"\n\t\t\tdata-image-name=\"piox-redebeneditina-62.jpg\"\n\t\t\tdata-title=\"piox-redebeneditina-62\"\n\t\t\tdata-description=\"\"\n\t\t\tdata-image-slug=\"piox-redebeneditina-62\"\n\t\t\t\t\t\t\t\t\t\t\t\t\t\t\t\t\t\t\t\tclass=\"ngg-simplelightbox\" rel=\"af7eb780b8427f092387328dd37e223f\">\n\t\t\t\t\t\t\t\t<img\n\t\t\t\t\ttitle=\"piox-redebeneditina-62\"\n\t\t\t\t\talt=\"piox-redebeneditina-62\"\n\t\t\t\t\tsrc=\"https:\/\/redebeneditina.org.br\/ispx\/wp-content\/gallery\/instalacoes-piox\/thumbs\/thumbs_piox-redebeneditina-62.jpg?t=1686004757\"\n\t\t\t\t\twidth=\"240\"\n\t\t\t\t\theight=\"240\"\n\t\t\t\t\tstyle=\"max-width:100%;\"\n\t\t\t\t\/>\n\t\t\t<\/a>\n\t\t<\/div>\n\t\t\t\t\t\t\t<\/div>\n\t\t\t\n\t\t\t\t<div id=\"ngg-image-57\" class=\"ngg-gallery-thumbnail-box\n\t\t\t\t\t\t\t\t\t\t\t\"\n\t\t\t>\n\t\t\t\t\t\t<div class=\"ngg-gallery-thumbnail\">\n\t\t<a href=\"https:\/\/redebeneditina.org.br\/ispx\/wp-content\/gallery\/instalacoes-piox\/piox-redebeneditina-63.jpg?t=1686004757\"\n\t\t\ttitle=\"Sala de Aula\"\n\t\t\tdata-src=\"https:\/\/redebeneditina.org.br\/ispx\/wp-content\/gallery\/instalacoes-piox\/piox-redebeneditina-63.jpg?t=1686004757\"\n\t\t\tdata-thumbnail=\"https:\/\/redebeneditina.org.br\/ispx\/wp-content\/gallery\/instalacoes-piox\/thumbs\/thumbs_piox-redebeneditina-63.jpg?t=1686004757\"\n\t\t\tdata-image-id=\"5109\"\n\t\t\tdata-image-name=\"piox-redebeneditina-63.jpg\"\n\t\t\tdata-title=\"piox-redebeneditina-63\"\n\t\t\tdata-description=\"Sala de Aula\"\n\t\t\tdata-image-slug=\"piox-redebeneditina-63\"\n\t\t\t\t\t\t\t\t\t\t\t\t\t\t\t\t\t\t\t\tclass=\"ngg-simplelightbox\" rel=\"af7eb780b8427f092387328dd37e223f\">\n\t\t\t\t\t\t\t\t<img\n\t\t\t\t\ttitle=\"piox-redebeneditina-63\"\n\t\t\t\t\talt=\"piox-redebeneditina-63\"\n\t\t\t\t\tsrc=\"https:\/\/redebeneditina.org.br\/ispx\/wp-content\/gallery\/instalacoes-piox\/thumbs\/thumbs_piox-redebeneditina-63.jpg?t=1686004757\"\n\t\t\t\t\twidth=\"240\"\n\t\t\t\t\theight=\"240\"\n\t\t\t\t\tstyle=\"max-width:100%;\"\n\t\t\t\t\/>\n\t\t\t<\/a>\n\t\t<\/div>\n\t\t\t\t\t\t\t<\/div>\n\t\t\t\n\t\t\t\t<div id=\"ngg-image-58\" class=\"ngg-gallery-thumbnail-box\n\t\t\t\t\t\t\t\t\t\t\t\"\n\t\t\t>\n\t\t\t\t\t\t<div class=\"ngg-gallery-thumbnail\">\n\t\t<a href=\"https:\/\/redebeneditina.org.br\/ispx\/wp-content\/gallery\/instalacoes-piox\/piox-redebeneditina-64.jpg?t=1686004757\"\n\t\t\ttitle=\"Sala de Aula\"\n\t\t\tdata-src=\"https:\/\/redebeneditina.org.br\/ispx\/wp-content\/gallery\/instalacoes-piox\/piox-redebeneditina-64.jpg?t=1686004757\"\n\t\t\tdata-thumbnail=\"https:\/\/redebeneditina.org.br\/ispx\/wp-content\/gallery\/instalacoes-piox\/thumbs\/thumbs_piox-redebeneditina-64.jpg?t=1686004757\"\n\t\t\tdata-image-id=\"5110\"\n\t\t\tdata-image-name=\"piox-redebeneditina-64.jpg\"\n\t\t\tdata-title=\"piox-redebeneditina-64\"\n\t\t\tdata-description=\"Sala de Aula\"\n\t\t\tdata-image-slug=\"piox-redebeneditina-64\"\n\t\t\t\t\t\t\t\t\t\t\t\t\t\t\t\t\t\t\t\tclass=\"ngg-simplelightbox\" rel=\"af7eb780b8427f092387328dd37e223f\">\n\t\t\t\t\t\t\t\t<img\n\t\t\t\t\ttitle=\"piox-redebeneditina-64\"\n\t\t\t\t\talt=\"piox-redebeneditina-64\"\n\t\t\t\t\tsrc=\"https:\/\/redebeneditina.org.br\/ispx\/wp-content\/gallery\/instalacoes-piox\/thumbs\/thumbs_piox-redebeneditina-64.jpg?t=1686004757\"\n\t\t\t\t\twidth=\"240\"\n\t\t\t\t\theight=\"240\"\n\t\t\t\t\tstyle=\"max-width:100%;\"\n\t\t\t\t\/>\n\t\t\t<\/a>\n\t\t<\/div>\n\t\t\t\t\t\t\t<\/div>\n\t\t\t\n\t\t\t\t<div id=\"ngg-image-59\" class=\"ngg-gallery-thumbnail-box\n\t\t\t\t\t\t\t\t\t\t\t\"\n\t\t\t>\n\t\t\t\t\t\t<div class=\"ngg-gallery-thumbnail\">\n\t\t<a href=\"https:\/\/redebeneditina.org.br\/ispx\/wp-content\/gallery\/instalacoes-piox\/piox-redebeneditina-65.jpg?t=1686004757\"\n\t\t\ttitle=\"Sala de Leitura Madre Giustina Schiaparolli\"\n\t\t\tdata-src=\"https:\/\/redebeneditina.org.br\/ispx\/wp-content\/gallery\/instalacoes-piox\/piox-redebeneditina-65.jpg?t=1686004757\"\n\t\t\tdata-thumbnail=\"https:\/\/redebeneditina.org.br\/ispx\/wp-content\/gallery\/instalacoes-piox\/thumbs\/thumbs_piox-redebeneditina-65.jpg?t=1686004757\"\n\t\t\tdata-image-id=\"5108\"\n\t\t\tdata-image-name=\"piox-redebeneditina-65.jpg\"\n\t\t\tdata-title=\"piox-redebeneditina-65\"\n\t\t\tdata-description=\"Sala de Leitura Madre Giustina Schiaparolli\"\n\t\t\tdata-image-slug=\"piox-redebeneditina-65\"\n\t\t\t\t\t\t\t\t\t\t\t\t\t\t\t\t\t\t\t\tclass=\"ngg-simplelightbox\" rel=\"af7eb780b8427f092387328dd37e223f\">\n\t\t\t\t\t\t\t\t<img\n\t\t\t\t\ttitle=\"piox-redebeneditina-65\"\n\t\t\t\t\talt=\"piox-redebeneditina-65\"\n\t\t\t\t\tsrc=\"https:\/\/redebeneditina.org.br\/ispx\/wp-content\/gallery\/instalacoes-piox\/thumbs\/thumbs_piox-redebeneditina-65.jpg?t=1686004757\"\n\t\t\t\t\twidth=\"240\"\n\t\t\t\t\theight=\"240\"\n\t\t\t\t\tstyle=\"max-width:100%;\"\n\t\t\t\t\/>\n\t\t\t<\/a>\n\t\t<\/div>\n\t\t\t\t\t\t\t<\/div>\n\t\t\t\n\t\t\t\t<div id=\"ngg-image-60\" class=\"ngg-gallery-thumbnail-box\n\t\t\t\t\t\t\t\t\t\t\t\"\n\t\t\t>\n\t\t\t\t\t\t<div class=\"ngg-gallery-thumbnail\">\n\t\t<a href=\"https:\/\/redebeneditina.org.br\/ispx\/wp-content\/gallery\/instalacoes-piox\/piox-redebeneditina-66.jpg?t=1686004757\"\n\t\t\ttitle=\"Sala de Leitura Madre Giustina Schiaparolli\"\n\t\t\tdata-src=\"https:\/\/redebeneditina.org.br\/ispx\/wp-content\/gallery\/instalacoes-piox\/piox-redebeneditina-66.jpg?t=1686004757\"\n\t\t\tdata-thumbnail=\"https:\/\/redebeneditina.org.br\/ispx\/wp-content\/gallery\/instalacoes-piox\/thumbs\/thumbs_piox-redebeneditina-66.jpg?t=1686004757\"\n\t\t\tdata-image-id=\"5112\"\n\t\t\tdata-image-name=\"piox-redebeneditina-66.jpg\"\n\t\t\tdata-title=\"piox-redebeneditina-66\"\n\t\t\tdata-description=\"Sala de Leitura Madre Giustina Schiaparolli\"\n\t\t\tdata-image-slug=\"piox-redebeneditina-66\"\n\t\t\t\t\t\t\t\t\t\t\t\t\t\t\t\t\t\t\t\tclass=\"ngg-simplelightbox\" rel=\"af7eb780b8427f092387328dd37e223f\">\n\t\t\t\t\t\t\t\t<img\n\t\t\t\t\ttitle=\"piox-redebeneditina-66\"\n\t\t\t\t\talt=\"piox-redebeneditina-66\"\n\t\t\t\t\tsrc=\"https:\/\/redebeneditina.org.br\/ispx\/wp-content\/gallery\/instalacoes-piox\/thumbs\/thumbs_piox-redebeneditina-66.jpg?t=1686004757\"\n\t\t\t\t\twidth=\"240\"\n\t\t\t\t\theight=\"240\"\n\t\t\t\t\tstyle=\"max-width:100%;\"\n\t\t\t\t\/>\n\t\t\t<\/a>\n\t\t<\/div>\n\t\t\t\t\t\t\t<\/div>\n\t\t\t\n\t\t\t\t<div id=\"ngg-image-61\" class=\"ngg-gallery-thumbnail-box\n\t\t\t\t\t\t\t\t\t\t\t\"\n\t\t\t>\n\t\t\t\t\t\t<div class=\"ngg-gallery-thumbnail\">\n\t\t<a href=\"https:\/\/redebeneditina.org.br\/ispx\/wp-content\/gallery\/instalacoes-piox\/piox-redebeneditina-67.jpg?t=1686004757\"\n\t\t\ttitle=\"Sala de Leitura Madre Giustina Schiaparolli\"\n\t\t\tdata-src=\"https:\/\/redebeneditina.org.br\/ispx\/wp-content\/gallery\/instalacoes-piox\/piox-redebeneditina-67.jpg?t=1686004757\"\n\t\t\tdata-thumbnail=\"https:\/\/redebeneditina.org.br\/ispx\/wp-content\/gallery\/instalacoes-piox\/thumbs\/thumbs_piox-redebeneditina-67.jpg?t=1686004757\"\n\t\t\tdata-image-id=\"5113\"\n\t\t\tdata-image-name=\"piox-redebeneditina-67.jpg\"\n\t\t\tdata-title=\"piox-redebeneditina-67\"\n\t\t\tdata-description=\"Sala de Leitura Madre Giustina Schiaparolli\"\n\t\t\tdata-image-slug=\"piox-redebeneditina-67\"\n\t\t\t\t\t\t\t\t\t\t\t\t\t\t\t\t\t\t\t\tclass=\"ngg-simplelightbox\" rel=\"af7eb780b8427f092387328dd37e223f\">\n\t\t\t\t\t\t\t\t<img\n\t\t\t\t\ttitle=\"piox-redebeneditina-67\"\n\t\t\t\t\talt=\"piox-redebeneditina-67\"\n\t\t\t\t\tsrc=\"https:\/\/redebeneditina.org.br\/ispx\/wp-content\/gallery\/instalacoes-piox\/thumbs\/thumbs_piox-redebeneditina-67.jpg?t=1686004757\"\n\t\t\t\t\twidth=\"240\"\n\t\t\t\t\theight=\"240\"\n\t\t\t\t\tstyle=\"max-width:100%;\"\n\t\t\t\t\/>\n\t\t\t<\/a>\n\t\t<\/div>\n\t\t\t\t\t\t\t<\/div>\n\t\t\t\n\t\t\t\t<div id=\"ngg-image-62\" class=\"ngg-gallery-thumbnail-box\n\t\t\t\t\t\t\t\t\t\t\t\"\n\t\t\t>\n\t\t\t\t\t\t<div class=\"ngg-gallery-thumbnail\">\n\t\t<a href=\"https:\/\/redebeneditina.org.br\/ispx\/wp-content\/gallery\/instalacoes-piox\/piox-redebeneditina-68.jpg?t=1686004757\"\n\t\t\ttitle=\"Sala de psicomotricidade\"\n\t\t\tdata-src=\"https:\/\/redebeneditina.org.br\/ispx\/wp-content\/gallery\/instalacoes-piox\/piox-redebeneditina-68.jpg?t=1686004757\"\n\t\t\tdata-thumbnail=\"https:\/\/redebeneditina.org.br\/ispx\/wp-content\/gallery\/instalacoes-piox\/thumbs\/thumbs_piox-redebeneditina-68.jpg?t=1686004757\"\n\t\t\tdata-image-id=\"5111\"\n\t\t\tdata-image-name=\"piox-redebeneditina-68.jpg\"\n\t\t\tdata-title=\"piox-redebeneditina-68\"\n\t\t\tdata-description=\"Sala de psicomotricidade\"\n\t\t\tdata-image-slug=\"piox-redebeneditina-68\"\n\t\t\t\t\t\t\t\t\t\t\t\t\t\t\t\t\t\t\t\tclass=\"ngg-simplelightbox\" rel=\"af7eb780b8427f092387328dd37e223f\">\n\t\t\t\t\t\t\t\t<img\n\t\t\t\t\ttitle=\"piox-redebeneditina-68\"\n\t\t\t\t\talt=\"piox-redebeneditina-68\"\n\t\t\t\t\tsrc=\"https:\/\/redebeneditina.org.br\/ispx\/wp-content\/gallery\/instalacoes-piox\/thumbs\/thumbs_piox-redebeneditina-68.jpg?t=1686004757\"\n\t\t\t\t\twidth=\"240\"\n\t\t\t\t\theight=\"240\"\n\t\t\t\t\tstyle=\"max-width:100%;\"\n\t\t\t\t\/>\n\t\t\t<\/a>\n\t\t<\/div>\n\t\t\t\t\t\t\t<\/div>\n\t\t\t\n\t\t\t\t<div id=\"ngg-image-63\" class=\"ngg-gallery-thumbnail-box\n\t\t\t\t\t\t\t\t\t\t\t\"\n\t\t\t>\n\t\t\t\t\t\t<div class=\"ngg-gallery-thumbnail\">\n\t\t<a href=\"https:\/\/redebeneditina.org.br\/ispx\/wp-content\/gallery\/instalacoes-piox\/piox-redebeneditina-69.jpg?t=1686004757\"\n\t\t\ttitle=\"Sala de psicomotricidade\"\n\t\t\tdata-src=\"https:\/\/redebeneditina.org.br\/ispx\/wp-content\/gallery\/instalacoes-piox\/piox-redebeneditina-69.jpg?t=1686004757\"\n\t\t\tdata-thumbnail=\"https:\/\/redebeneditina.org.br\/ispx\/wp-content\/gallery\/instalacoes-piox\/thumbs\/thumbs_piox-redebeneditina-69.jpg?t=1686004757\"\n\t\t\tdata-image-id=\"5115\"\n\t\t\tdata-image-name=\"piox-redebeneditina-69.jpg\"\n\t\t\tdata-title=\"piox-redebeneditina-69\"\n\t\t\tdata-description=\"Sala de psicomotricidade\"\n\t\t\tdata-image-slug=\"piox-redebeneditina-69\"\n\t\t\t\t\t\t\t\t\t\t\t\t\t\t\t\t\t\t\t\tclass=\"ngg-simplelightbox\" rel=\"af7eb780b8427f092387328dd37e223f\">\n\t\t\t\t\t\t\t\t<img\n\t\t\t\t\ttitle=\"piox-redebeneditina-69\"\n\t\t\t\t\talt=\"piox-redebeneditina-69\"\n\t\t\t\t\tsrc=\"https:\/\/redebeneditina.org.br\/ispx\/wp-content\/gallery\/instalacoes-piox\/thumbs\/thumbs_piox-redebeneditina-69.jpg?t=1686004757\"\n\t\t\t\t\twidth=\"240\"\n\t\t\t\t\theight=\"240\"\n\t\t\t\t\tstyle=\"max-width:100%;\"\n\t\t\t\t\/>\n\t\t\t<\/a>\n\t\t<\/div>\n\t\t\t\t\t\t\t<\/div>\n\t\t\t\n\t\t\t\t<div id=\"ngg-image-64\" class=\"ngg-gallery-thumbnail-box\n\t\t\t\t\t\t\t\t\t\t\t\"\n\t\t\t>\n\t\t\t\t\t\t<div class=\"ngg-gallery-thumbnail\">\n\t\t<a href=\"https:\/\/redebeneditina.org.br\/ispx\/wp-content\/gallery\/instalacoes-piox\/piox-redebeneditina-70.jpg?t=1686004757\"\n\t\t\ttitle=\"Sala de Jud\u00f4\"\n\t\t\tdata-src=\"https:\/\/redebeneditina.org.br\/ispx\/wp-content\/gallery\/instalacoes-piox\/piox-redebeneditina-70.jpg?t=1686004757\"\n\t\t\tdata-thumbnail=\"https:\/\/redebeneditina.org.br\/ispx\/wp-content\/gallery\/instalacoes-piox\/thumbs\/thumbs_piox-redebeneditina-70.jpg?t=1686004757\"\n\t\t\tdata-image-id=\"5114\"\n\t\t\tdata-image-name=\"piox-redebeneditina-70.jpg\"\n\t\t\tdata-title=\"piox-redebeneditina-70\"\n\t\t\tdata-description=\"Sala de Jud\u00f4\"\n\t\t\tdata-image-slug=\"piox-redebeneditina-70\"\n\t\t\t\t\t\t\t\t\t\t\t\t\t\t\t\t\t\t\t\tclass=\"ngg-simplelightbox\" rel=\"af7eb780b8427f092387328dd37e223f\">\n\t\t\t\t\t\t\t\t<img\n\t\t\t\t\ttitle=\"piox-redebeneditina-70\"\n\t\t\t\t\talt=\"piox-redebeneditina-70\"\n\t\t\t\t\tsrc=\"https:\/\/redebeneditina.org.br\/ispx\/wp-content\/gallery\/instalacoes-piox\/thumbs\/thumbs_piox-redebeneditina-70.jpg?t=1686004757\"\n\t\t\t\t\twidth=\"240\"\n\t\t\t\t\theight=\"240\"\n\t\t\t\t\tstyle=\"max-width:100%;\"\n\t\t\t\t\/>\n\t\t\t<\/a>\n\t\t<\/div>\n\t\t\t\t\t\t\t<\/div>\n\t\t\t\n\t\t\t\t<div id=\"ngg-image-65\" class=\"ngg-gallery-thumbnail-box\n\t\t\t\t\t\t\t\t\t\t\t\"\n\t\t\t>\n\t\t\t\t\t\t<div class=\"ngg-gallery-thumbnail\">\n\t\t<a href=\"https:\/\/redebeneditina.org.br\/ispx\/wp-content\/gallery\/instalacoes-piox\/piox-redebeneditina-71.jpg?t=1686004757\"\n\t\t\ttitle=\"Sala de Jud\u00f4\"\n\t\t\tdata-src=\"https:\/\/redebeneditina.org.br\/ispx\/wp-content\/gallery\/instalacoes-piox\/piox-redebeneditina-71.jpg?t=1686004757\"\n\t\t\tdata-thumbnail=\"https:\/\/redebeneditina.org.br\/ispx\/wp-content\/gallery\/instalacoes-piox\/thumbs\/thumbs_piox-redebeneditina-71.jpg?t=1686004757\"\n\t\t\tdata-image-id=\"5116\"\n\t\t\tdata-image-name=\"piox-redebeneditina-71.jpg\"\n\t\t\tdata-title=\"piox-redebeneditina-71\"\n\t\t\tdata-description=\"Sala de Jud\u00f4\"\n\t\t\tdata-image-slug=\"piox-redebeneditina-71\"\n\t\t\t\t\t\t\t\t\t\t\t\t\t\t\t\t\t\t\t\tclass=\"ngg-simplelightbox\" rel=\"af7eb780b8427f092387328dd37e223f\">\n\t\t\t\t\t\t\t\t<img\n\t\t\t\t\ttitle=\"piox-redebeneditina-71\"\n\t\t\t\t\talt=\"piox-redebeneditina-71\"\n\t\t\t\t\tsrc=\"https:\/\/redebeneditina.org.br\/ispx\/wp-content\/gallery\/instalacoes-piox\/thumbs\/thumbs_piox-redebeneditina-71.jpg?t=1686004757\"\n\t\t\t\t\twidth=\"240\"\n\t\t\t\t\theight=\"240\"\n\t\t\t\t\tstyle=\"max-width:100%;\"\n\t\t\t\t\/>\n\t\t\t<\/a>\n\t\t<\/div>\n\t\t\t\t\t\t\t<\/div>\n\t\t\t\n\t\t\t\t<div id=\"ngg-image-66\" class=\"ngg-gallery-thumbnail-box\n\t\t\t\t\t\t\t\t\t\t\t\"\n\t\t\t>\n\t\t\t\t\t\t<div class=\"ngg-gallery-thumbnail\">\n\t\t<a href=\"https:\/\/redebeneditina.org.br\/ispx\/wp-content\/gallery\/instalacoes-piox\/piox-redebeneditina-72.jpg?t=1686004757\"\n\t\t\ttitle=\"Sala Maker\"\n\t\t\tdata-src=\"https:\/\/redebeneditina.org.br\/ispx\/wp-content\/gallery\/instalacoes-piox\/piox-redebeneditina-72.jpg?t=1686004757\"\n\t\t\tdata-thumbnail=\"https:\/\/redebeneditina.org.br\/ispx\/wp-content\/gallery\/instalacoes-piox\/thumbs\/thumbs_piox-redebeneditina-72.jpg?t=1686004757\"\n\t\t\tdata-image-id=\"5118\"\n\t\t\tdata-image-name=\"piox-redebeneditina-72.jpg\"\n\t\t\tdata-title=\"piox-redebeneditina-72\"\n\t\t\tdata-description=\"Sala Maker\"\n\t\t\tdata-image-slug=\"piox-redebeneditina-72\"\n\t\t\t\t\t\t\t\t\t\t\t\t\t\t\t\t\t\t\t\tclass=\"ngg-simplelightbox\" rel=\"af7eb780b8427f092387328dd37e223f\">\n\t\t\t\t\t\t\t\t<img\n\t\t\t\t\ttitle=\"piox-redebeneditina-72\"\n\t\t\t\t\talt=\"piox-redebeneditina-72\"\n\t\t\t\t\tsrc=\"https:\/\/redebeneditina.org.br\/ispx\/wp-content\/gallery\/instalacoes-piox\/thumbs\/thumbs_piox-redebeneditina-72.jpg?t=1686004757\"\n\t\t\t\t\twidth=\"240\"\n\t\t\t\t\theight=\"240\"\n\t\t\t\t\tstyle=\"max-width:100%;\"\n\t\t\t\t\/>\n\t\t\t<\/a>\n\t\t<\/div>\n\t\t\t\t\t\t\t<\/div>\n\t\t\t\n\t\t\t\t<div id=\"ngg-image-67\" class=\"ngg-gallery-thumbnail-box\n\t\t\t\t\t\t\t\t\t\t\t\"\n\t\t\t>\n\t\t\t\t\t\t<div class=\"ngg-gallery-thumbnail\">\n\t\t<a href=\"https:\/\/redebeneditina.org.br\/ispx\/wp-content\/gallery\/instalacoes-piox\/piox-redebeneditina-73.jpg?t=1686004757\"\n\t\t\ttitle=\"Sala Maker\"\n\t\t\tdata-src=\"https:\/\/redebeneditina.org.br\/ispx\/wp-content\/gallery\/instalacoes-piox\/piox-redebeneditina-73.jpg?t=1686004757\"\n\t\t\tdata-thumbnail=\"https:\/\/redebeneditina.org.br\/ispx\/wp-content\/gallery\/instalacoes-piox\/thumbs\/thumbs_piox-redebeneditina-73.jpg?t=1686004757\"\n\t\t\tdata-image-id=\"5122\"\n\t\t\tdata-image-name=\"piox-redebeneditina-73.jpg\"\n\t\t\tdata-title=\"piox-redebeneditina-73\"\n\t\t\tdata-description=\"Sala Maker\"\n\t\t\tdata-image-slug=\"piox-redebeneditina-73\"\n\t\t\t\t\t\t\t\t\t\t\t\t\t\t\t\t\t\t\t\tclass=\"ngg-simplelightbox\" rel=\"af7eb780b8427f092387328dd37e223f\">\n\t\t\t\t\t\t\t\t<img\n\t\t\t\t\ttitle=\"piox-redebeneditina-73\"\n\t\t\t\t\talt=\"piox-redebeneditina-73\"\n\t\t\t\t\tsrc=\"https:\/\/redebeneditina.org.br\/ispx\/wp-content\/gallery\/instalacoes-piox\/thumbs\/thumbs_piox-redebeneditina-73.jpg?t=1686004757\"\n\t\t\t\t\twidth=\"240\"\n\t\t\t\t\theight=\"240\"\n\t\t\t\t\tstyle=\"max-width:100%;\"\n\t\t\t\t\/>\n\t\t\t<\/a>\n\t\t<\/div>\n\t\t\t\t\t\t\t<\/div>\n\t\t\t\n\t\t\t\t<div id=\"ngg-image-68\" class=\"ngg-gallery-thumbnail-box\n\t\t\t\t\t\t\t\t\t\t\t\"\n\t\t\t>\n\t\t\t\t\t\t<div class=\"ngg-gallery-thumbnail\">\n\t\t<a href=\"https:\/\/redebeneditina.org.br\/ispx\/wp-content\/gallery\/instalacoes-piox\/piox-redebeneditina-74.jpg?t=1686004757\"\n\t\t\ttitle=\"Sala Maker\"\n\t\t\tdata-src=\"https:\/\/redebeneditina.org.br\/ispx\/wp-content\/gallery\/instalacoes-piox\/piox-redebeneditina-74.jpg?t=1686004757\"\n\t\t\tdata-thumbnail=\"https:\/\/redebeneditina.org.br\/ispx\/wp-content\/gallery\/instalacoes-piox\/thumbs\/thumbs_piox-redebeneditina-74.jpg?t=1686004757\"\n\t\t\tdata-image-id=\"5117\"\n\t\t\tdata-image-name=\"piox-redebeneditina-74.jpg\"\n\t\t\tdata-title=\"piox-redebeneditina-74\"\n\t\t\tdata-description=\"Sala Maker\"\n\t\t\tdata-image-slug=\"piox-redebeneditina-74\"\n\t\t\t\t\t\t\t\t\t\t\t\t\t\t\t\t\t\t\t\tclass=\"ngg-simplelightbox\" rel=\"af7eb780b8427f092387328dd37e223f\">\n\t\t\t\t\t\t\t\t<img\n\t\t\t\t\ttitle=\"piox-redebeneditina-74\"\n\t\t\t\t\talt=\"piox-redebeneditina-74\"\n\t\t\t\t\tsrc=\"https:\/\/redebeneditina.org.br\/ispx\/wp-content\/gallery\/instalacoes-piox\/thumbs\/thumbs_piox-redebeneditina-74.jpg?t=1686004757\"\n\t\t\t\t\twidth=\"240\"\n\t\t\t\t\theight=\"240\"\n\t\t\t\t\tstyle=\"max-width:100%;\"\n\t\t\t\t\/>\n\t\t\t<\/a>\n\t\t<\/div>\n\t\t\t\t\t\t\t<\/div>\n\t\t\t\n\t\t\t\t<div id=\"ngg-image-69\" class=\"ngg-gallery-thumbnail-box\n\t\t\t\t\t\t\t\t\t\t\t\"\n\t\t\t>\n\t\t\t\t\t\t<div class=\"ngg-gallery-thumbnail\">\n\t\t<a href=\"https:\/\/redebeneditina.org.br\/ispx\/wp-content\/gallery\/instalacoes-piox\/piox-redebeneditina-75.jpg?t=1686004757\"\n\t\t\ttitle=\"Sala Maker\"\n\t\t\tdata-src=\"https:\/\/redebeneditina.org.br\/ispx\/wp-content\/gallery\/instalacoes-piox\/piox-redebeneditina-75.jpg?t=1686004757\"\n\t\t\tdata-thumbnail=\"https:\/\/redebeneditina.org.br\/ispx\/wp-content\/gallery\/instalacoes-piox\/thumbs\/thumbs_piox-redebeneditina-75.jpg?t=1686004757\"\n\t\t\tdata-image-id=\"5120\"\n\t\t\tdata-image-name=\"piox-redebeneditina-75.jpg\"\n\t\t\tdata-title=\"piox-redebeneditina-75\"\n\t\t\tdata-description=\"Sala Maker\"\n\t\t\tdata-image-slug=\"piox-redebeneditina-75\"\n\t\t\t\t\t\t\t\t\t\t\t\t\t\t\t\t\t\t\t\tclass=\"ngg-simplelightbox\" rel=\"af7eb780b8427f092387328dd37e223f\">\n\t\t\t\t\t\t\t\t<img\n\t\t\t\t\ttitle=\"piox-redebeneditina-75\"\n\t\t\t\t\talt=\"piox-redebeneditina-75\"\n\t\t\t\t\tsrc=\"https:\/\/redebeneditina.org.br\/ispx\/wp-content\/gallery\/instalacoes-piox\/thumbs\/thumbs_piox-redebeneditina-75.jpg?t=1686004757\"\n\t\t\t\t\twidth=\"240\"\n\t\t\t\t\theight=\"240\"\n\t\t\t\t\tstyle=\"max-width:100%;\"\n\t\t\t\t\/>\n\t\t\t<\/a>\n\t\t<\/div>\n\t\t\t\t\t\t\t<\/div>\n\t\t\t\n\t\t\t\t<div id=\"ngg-image-70\" class=\"ngg-gallery-thumbnail-box\n\t\t\t\t\t\t\t\t\t\t\t\"\n\t\t\t>\n\t\t\t\t\t\t<div class=\"ngg-gallery-thumbnail\">\n\t\t<a href=\"https:\/\/redebeneditina.org.br\/ispx\/wp-content\/gallery\/instalacoes-piox\/piox-redebeneditina-77.jpg?t=1686004757\"\n\t\t\ttitle=\"Teatro\"\n\t\t\tdata-src=\"https:\/\/redebeneditina.org.br\/ispx\/wp-content\/gallery\/instalacoes-piox\/piox-redebeneditina-77.jpg?t=1686004757\"\n\t\t\tdata-thumbnail=\"https:\/\/redebeneditina.org.br\/ispx\/wp-content\/gallery\/instalacoes-piox\/thumbs\/thumbs_piox-redebeneditina-77.jpg?t=1686004757\"\n\t\t\tdata-image-id=\"5121\"\n\t\t\tdata-image-name=\"piox-redebeneditina-77.jpg\"\n\t\t\tdata-title=\"piox-redebeneditina-77\"\n\t\t\tdata-description=\"Teatro\"\n\t\t\tdata-image-slug=\"piox-redebeneditina-77\"\n\t\t\t\t\t\t\t\t\t\t\t\t\t\t\t\t\t\t\t\tclass=\"ngg-simplelightbox\" rel=\"af7eb780b8427f092387328dd37e223f\">\n\t\t\t\t\t\t\t\t<img\n\t\t\t\t\ttitle=\"piox-redebeneditina-77\"\n\t\t\t\t\talt=\"piox-redebeneditina-77\"\n\t\t\t\t\tsrc=\"https:\/\/redebeneditina.org.br\/ispx\/wp-content\/gallery\/instalacoes-piox\/thumbs\/thumbs_piox-redebeneditina-77.jpg?t=1686004757\"\n\t\t\t\t\twidth=\"240\"\n\t\t\t\t\theight=\"240\"\n\t\t\t\t\tstyle=\"max-width:100%;\"\n\t\t\t\t\/>\n\t\t\t<\/a>\n\t\t<\/div>\n\t\t\t\t\t\t\t<\/div>\n\t\t\t\n\t\t\t\t<div id=\"ngg-image-71\" class=\"ngg-gallery-thumbnail-box\n\t\t\t\t\t\t\t\t\t\t\t\"\n\t\t\t>\n\t\t\t\t\t\t<div class=\"ngg-gallery-thumbnail\">\n\t\t<a href=\"https:\/\/redebeneditina.org.br\/ispx\/wp-content\/gallery\/instalacoes-piox\/piox-redebeneditina-76.jpg?t=1686004757\"\n\t\t\ttitle=\"Teatro\"\n\t\t\tdata-src=\"https:\/\/redebeneditina.org.br\/ispx\/wp-content\/gallery\/instalacoes-piox\/piox-redebeneditina-76.jpg?t=1686004757\"\n\t\t\tdata-thumbnail=\"https:\/\/redebeneditina.org.br\/ispx\/wp-content\/gallery\/instalacoes-piox\/thumbs\/thumbs_piox-redebeneditina-76.jpg?t=1686004757\"\n\t\t\tdata-image-id=\"5119\"\n\t\t\tdata-image-name=\"piox-redebeneditina-76.jpg\"\n\t\t\tdata-title=\"piox-redebeneditina-76\"\n\t\t\tdata-description=\"Teatro\"\n\t\t\tdata-image-slug=\"piox-redebeneditina-76\"\n\t\t\t\t\t\t\t\t\t\t\t\t\t\t\t\t\t\t\t\tclass=\"ngg-simplelightbox\" rel=\"af7eb780b8427f092387328dd37e223f\">\n\t\t\t\t\t\t\t\t<img\n\t\t\t\t\ttitle=\"piox-redebeneditina-76\"\n\t\t\t\t\talt=\"piox-redebeneditina-76\"\n\t\t\t\t\tsrc=\"https:\/\/redebeneditina.org.br\/ispx\/wp-content\/gallery\/instalacoes-piox\/thumbs\/thumbs_piox-redebeneditina-76.jpg?t=1686004757\"\n\t\t\t\t\twidth=\"240\"\n\t\t\t\t\theight=\"240\"\n\t\t\t\t\tstyle=\"max-width:100%;\"\n\t\t\t\t\/>\n\t\t\t<\/a>\n\t\t<\/div>\n\t\t\t\t\t\t\t<\/div>\n\t\t\t\n\t\t\t\t<div id=\"ngg-image-72\" class=\"ngg-gallery-thumbnail-box\n\t\t\t\t\t\t\t\t\t\t\t\"\n\t\t\t>\n\t\t\t\t\t\t<div class=\"ngg-gallery-thumbnail\">\n\t\t<a href=\"https:\/\/redebeneditina.org.br\/ispx\/wp-content\/gallery\/instalacoes-piox\/piox-redebeneditina-78.jpg?t=1686004757\"\n\t\t\ttitle=\"Teatro\"\n\t\t\tdata-src=\"https:\/\/redebeneditina.org.br\/ispx\/wp-content\/gallery\/instalacoes-piox\/piox-redebeneditina-78.jpg?t=1686004757\"\n\t\t\tdata-thumbnail=\"https:\/\/redebeneditina.org.br\/ispx\/wp-content\/gallery\/instalacoes-piox\/thumbs\/thumbs_piox-redebeneditina-78.jpg?t=1686004757\"\n\t\t\tdata-image-id=\"5123\"\n\t\t\tdata-image-name=\"piox-redebeneditina-78.jpg\"\n\t\t\tdata-title=\"piox-redebeneditina-78\"\n\t\t\tdata-description=\"Teatro\"\n\t\t\tdata-image-slug=\"piox-redebeneditina-78\"\n\t\t\t\t\t\t\t\t\t\t\t\t\t\t\t\t\t\t\t\tclass=\"ngg-simplelightbox\" rel=\"af7eb780b8427f092387328dd37e223f\">\n\t\t\t\t\t\t\t\t<img\n\t\t\t\t\ttitle=\"piox-redebeneditina-78\"\n\t\t\t\t\talt=\"piox-redebeneditina-78\"\n\t\t\t\t\tsrc=\"https:\/\/redebeneditina.org.br\/ispx\/wp-content\/gallery\/instalacoes-piox\/thumbs\/thumbs_piox-redebeneditina-78.jpg?t=1686004757\"\n\t\t\t\t\twidth=\"240\"\n\t\t\t\t\theight=\"240\"\n\t\t\t\t\tstyle=\"max-width:100%;\"\n\t\t\t\t\/>\n\t\t\t<\/a>\n\t\t<\/div>\n\t\t\t\t\t\t\t<\/div>\n\t\t\t\n\t\t\t\t<div id=\"ngg-image-73\" class=\"ngg-gallery-thumbnail-box\n\t\t\t\t\t\t\t\t\t\t\t\"\n\t\t\t>\n\t\t\t\t\t\t<div class=\"ngg-gallery-thumbnail\">\n\t\t<a href=\"https:\/\/redebeneditina.org.br\/ispx\/wp-content\/gallery\/instalacoes-piox\/piox-redebeneditina-79.jpg?t=1686004757\"\n\t\t\ttitle=\"S\u00e3o Bento\"\n\t\t\tdata-src=\"https:\/\/redebeneditina.org.br\/ispx\/wp-content\/gallery\/instalacoes-piox\/piox-redebeneditina-79.jpg?t=1686004757\"\n\t\t\tdata-thumbnail=\"https:\/\/redebeneditina.org.br\/ispx\/wp-content\/gallery\/instalacoes-piox\/thumbs\/thumbs_piox-redebeneditina-79.jpg?t=1686004757\"\n\t\t\tdata-image-id=\"5124\"\n\t\t\tdata-image-name=\"piox-redebeneditina-79.jpg\"\n\t\t\tdata-title=\"piox-redebeneditina-79\"\n\t\t\tdata-description=\"S\u00e3o Bento\"\n\t\t\tdata-image-slug=\"piox-redebeneditina-79\"\n\t\t\t\t\t\t\t\t\t\t\t\t\t\t\t\t\t\t\t\tclass=\"ngg-simplelightbox\" rel=\"af7eb780b8427f092387328dd37e223f\">\n\t\t\t\t\t\t\t\t<img\n\t\t\t\t\ttitle=\"piox-redebeneditina-79\"\n\t\t\t\t\talt=\"piox-redebeneditina-79\"\n\t\t\t\t\tsrc=\"https:\/\/redebeneditina.org.br\/ispx\/wp-content\/gallery\/instalacoes-piox\/thumbs\/thumbs_piox-redebeneditina-79.jpg?t=1686004757\"\n\t\t\t\t\twidth=\"240\"\n\t\t\t\t\theight=\"240\"\n\t\t\t\t\tstyle=\"max-width:100%;\"\n\t\t\t\t\/>\n\t\t\t<\/a>\n\t\t<\/div>\n\t\t\t\t\t\t\t<\/div>\n\t\t\t\n\t\t\t\t<div id=\"ngg-image-74\" class=\"ngg-gallery-thumbnail-box\n\t\t\t\t\t\t\t\t\t\t\t\"\n\t\t\t>\n\t\t\t\t\t\t<div class=\"ngg-gallery-thumbnail\">\n\t\t<a href=\"https:\/\/redebeneditina.org.br\/ispx\/wp-content\/gallery\/instalacoes-piox\/piox-redebeneditina-80.jpg?t=1686004757\"\n\t\t\ttitle=\"S\u00e3o Bento\"\n\t\t\tdata-src=\"https:\/\/redebeneditina.org.br\/ispx\/wp-content\/gallery\/instalacoes-piox\/piox-redebeneditina-80.jpg?t=1686004757\"\n\t\t\tdata-thumbnail=\"https:\/\/redebeneditina.org.br\/ispx\/wp-content\/gallery\/instalacoes-piox\/thumbs\/thumbs_piox-redebeneditina-80.jpg?t=1686004757\"\n\t\t\tdata-image-id=\"5125\"\n\t\t\tdata-image-name=\"piox-redebeneditina-80.jpg\"\n\t\t\tdata-title=\"piox-redebeneditina-80\"\n\t\t\tdata-description=\"S\u00e3o Bento\"\n\t\t\tdata-image-slug=\"piox-redebeneditina-80\"\n\t\t\t\t\t\t\t\t\t\t\t\t\t\t\t\t\t\t\t\tclass=\"ngg-simplelightbox\" rel=\"af7eb780b8427f092387328dd37e223f\">\n\t\t\t\t\t\t\t\t<img\n\t\t\t\t\ttitle=\"piox-redebeneditina-80\"\n\t\t\t\t\talt=\"piox-redebeneditina-80\"\n\t\t\t\t\tsrc=\"https:\/\/redebeneditina.org.br\/ispx\/wp-content\/gallery\/instalacoes-piox\/thumbs\/thumbs_piox-redebeneditina-80.jpg?t=1686004757\"\n\t\t\t\t\twidth=\"240\"\n\t\t\t\t\theight=\"240\"\n\t\t\t\t\tstyle=\"max-width:100%;\"\n\t\t\t\t\/>\n\t\t\t<\/a>\n\t\t<\/div>\n\t\t\t\t\t\t\t<\/div>\n\t\t\t\n\t\t\t\t<div id=\"ngg-image-75\" class=\"ngg-gallery-thumbnail-box\n\t\t\t\t\t\t\t\t\t\t\t\"\n\t\t\t>\n\t\t\t\t\t\t<div class=\"ngg-gallery-thumbnail\">\n\t\t<a href=\"https:\/\/redebeneditina.org.br\/ispx\/wp-content\/gallery\/instalacoes-piox\/sala-linguas-ispx-2024.jpg?t=1706119459\"\n\t\t\ttitle=\"Sala de L\u00ednguas\"\n\t\t\tdata-src=\"https:\/\/redebeneditina.org.br\/ispx\/wp-content\/gallery\/instalacoes-piox\/sala-linguas-ispx-2024.jpg?t=1706119459\"\n\t\t\tdata-thumbnail=\"https:\/\/redebeneditina.org.br\/ispx\/wp-content\/gallery\/instalacoes-piox\/thumbs\/thumbs_sala-linguas-ispx-2024.jpg?t=1706119459\"\n\t\t\tdata-image-id=\"12910\"\n\t\t\tdata-image-name=\"sala-linguas-ispx-2024.jpg\"\n\t\t\tdata-title=\"Sala de L\u00ednguas\"\n\t\t\tdata-description=\"Sala de L\u00ednguas\"\n\t\t\tdata-image-slug=\"sala-linguas-ispx-2024\"\n\t\t\t\t\t\t\t\t\t\t\t\t\t\t\t\t\t\t\t\tclass=\"ngg-simplelightbox\" rel=\"af7eb780b8427f092387328dd37e223f\">\n\t\t\t\t\t\t\t\t<img\n\t\t\t\t\ttitle=\"Sala de L\u00ednguas\"\n\t\t\t\t\talt=\"Sala de L\u00ednguas\"\n\t\t\t\t\tsrc=\"https:\/\/redebeneditina.org.br\/ispx\/wp-content\/gallery\/instalacoes-piox\/thumbs\/thumbs_sala-linguas-ispx-2024.jpg?t=1706119459\"\n\t\t\t\t\twidth=\"240\"\n\t\t\t\t\theight=\"240\"\n\t\t\t\t\tstyle=\"max-width:100%;\"\n\t\t\t\t\/>\n\t\t\t<\/a>\n\t\t<\/div>\n\t\t\t\t\t\t\t<\/div>\n\t\t\t\n\t\n\t<br style=\"clear: both\" \/>\n\n\t\n\t\t<!-- Pagination -->\n\t\t<div class='ngg-clear'><\/div>\t<\/div>\n<\/p><p>Veja a estrutura do Instituto S\u00e3o Pio X para melhor Acolher, Assistir e Educar:<\/p><ul><li>Ambulat\u00f3rio<\/li><li>Banheiro<\/li><li>Banheiro Infantil<\/li><li>Bazar Zonca<\/li><li>Biblioteca<\/li><li>Brinquedoteca<\/li><li>Caminho dos Esportes<\/li><li>Cantina<\/li><li>Capela<\/li><li>Frente do Instituto Pio X<\/li><li>Gin\u00e1sio<\/li><li>Laborat\u00f3rio de Inform\u00e1tica<\/li><li>Laborat\u00f3rio de Idiomas<\/li><li>Laborat\u00f3rio de Ci\u00eancias<\/li><li>Laborat\u00f3rio de Biologia e Qu\u00edmica<\/li><li>Laborat\u00f3rio de M\u00fasica<\/li><li>Mecanografia<\/li><li>Museu<\/li><li>Parque Infantil<\/li><li>P\u00e1tio<\/li><li>Piscina Semi-Ol\u00edmpica<\/li><li>Quadras Cobertas<\/li><li>Teatro<\/li><li>Recep\u00e7\u00e3o<\/li><li>Sala da Dire\u00e7\u00e3o<\/li><li>Sala de Alimenta\u00e7\u00e3o Madre Maria Schiaparolli<\/li><li>Sala de Aula \u2013 Educa\u00e7\u00e3o Infantil<\/li><li>Sala de Aula \u2013 Ensino Fundamental e Ensino M\u00e9dio<\/li><li>Sala de Dan\u00e7a<\/li><li>Sala de Jud\u00f4<\/li><li>Sala de Leitura da Biblioteca<\/li><li>Sala de Leitura Madre Giustina Schiaparolli<\/li><li>Sala de Ensino Religioso e Pastoral Irm\u00e3 Maria Jos\u00e9<\/li><li>Sala Maker<\/li><li>Sala Multim\u00eddia<\/li><li>Sala de L\u00ednguas<\/li><\/ul>\t\t\t\t\t\t\t\t<\/div>\n\t\t\t\t<\/div>\n\t\t\t\t<div class=\"elementor-element elementor-element-f9d0320 elementor-widget elementor-widget-spacer\" data-id=\"f9d0320\" data-element_type=\"widget\" data-e-type=\"widget\" data-widget_type=\"spacer.default\">\n\t\t\t\t<div class=\"elementor-widget-container\">\n\t\t\t\t\t\t\t<div class=\"elementor-spacer\">\n\t\t\t<div class=\"elementor-spacer-inner\"><\/div>\n\t\t<\/div>\n\t\t\t\t\t\t<\/div>\n\t\t\t\t<\/div>\n\t\t\t\t\t<\/div>\n\t\t<\/div>\n\t\t\t\t\t<\/div>\n\t\t<\/section>\n\t\t\t\t\t<\/div>\n\t\t<\/div>\n\t\t\t\t\t<\/div>\n\t\t<\/section>\n\t\t\t\t<section class=\"elementor-section elementor-top-section elementor-element elementor-element-596b66b1 elementor-section-stretched elementor-section-full_width elementor-section-height-default elementor-section-height-default\" data-id=\"596b66b1\" data-element_type=\"section\" data-e-type=\"section\" data-settings=\"{&quot;stretch_section&quot;:&quot;section-stretched&quot;,&quot;background_background&quot;:&quot;classic&quot;}\">\n\t\t\t\t\t\t<div class=\"elementor-container elementor-column-gap-no\">\n\t\t\t\t\t<div class=\"elementor-column elementor-col-100 elementor-top-column elementor-element elementor-element-42f94007\" data-id=\"42f94007\" data-element_type=\"column\" data-e-type=\"column\" data-settings=\"{&quot;background_background&quot;:&quot;slideshow&quot;,&quot;background_slideshow_gallery&quot;:[],&quot;background_slideshow_loop&quot;:&quot;yes&quot;,&quot;background_slideshow_slide_duration&quot;:5000,&quot;background_slideshow_slide_transition&quot;:&quot;fade&quot;,&quot;background_slideshow_transition_duration&quot;:500}\">\n\t\t\t<div class=\"elementor-widget-wrap elementor-element-populated\">\n\t\t\t\t\t\t<div class=\"elementor-element elementor-element-1d7ffe64 elementor-widget elementor-widget-edubin-slider-addons\" data-id=\"1d7ffe64\" data-element_type=\"widget\" data-e-type=\"widget\" data-widget_type=\"edubin-slider-addons.default\">\n\t\t\t\t<div class=\"elementor-widget-container\">\n\t\t\t\t\t<div class=\"edubin-slider\"><div class=\"edubin-advance-slider-active  \" data-settings=\"{&quot;arrows&quot;:false,&quot;autoplay&quot;:false,&quot;infinite_loop&quot;:false,&quot;autoplay_speed&quot;:12000,&quot;animation_speed&quot;:12000,&quot;pause_on_hover&quot;:false,&quot;pause_on_interaction&quot;:false,&quot;mouse_drag&quot;:false,&quot;touch_drag&quot;:false}\"><div class=\"tpc-slider-carousel swiper swiper-container\"><div class=\"swiper-wrapper\"><div class=\"swiper-slide\"><div class=\"item-wrap elementor-repeater-item-00c19a1\">                                    \r\n                                    <div class=\"slide\" style=\"\r\n                                        background-image: url(https:\/\/redebeneditina.org.br\/ispx\/wp-content\/uploads\/2023\/06\/agende-visita-ispx.jpg); \r\n                                        background-size: cover; \r\n                                        background-position: center center; \r\n                                    \">\r\n\r\n                                    <div class=\"edubin-slider-background-overlay\" style=\"background-color:#004DA000\"><\/div><div class=\"container\"><div class=\"row edubin-row\"><div class=\"edubin-col-xl-12 edubin-col-lg-12 edubin-col-md-12 edubin-col-sm-12 content-column\"><div class=\"content-box text-left\"><h3 class=\"edubin-slider-subtitle anim-to-top\" ><\/h3><h1 class=\"slider-title anim-to-right\" >Agende<span> uma visita <\/span><\/h1><div class=\"edubin-slider-content anim-to-left\" >Ficaremos muito felizes em apresentar nossa escola e proposta pedag\u00f3gica \u00e0s fam\u00edlias interessadas. <\/div><div class=\"button-box edubin-slider-btn anim-to-top\"><\/div><\/div><\/div><\/div><\/div><\/div><\/div><\/div><\/div><\/div><\/div><\/div>\t\t\t\t<\/div>\n\t\t\t\t<\/div>\n\t\t\t\t\t<\/div>\n\t\t<\/div>\n\t\t\t\t\t<\/div>\n\t\t<\/section>\n\t\t\t\t<section class=\"elementor-section elementor-top-section elementor-element elementor-element-f8ad50d elementor-section-stretched elementor-section-boxed elementor-section-height-default elementor-section-height-default\" data-id=\"f8ad50d\" data-element_type=\"section\" data-e-type=\"section\" data-settings=\"{&quot;stretch_section&quot;:&quot;section-stretched&quot;}\">\n\t\t\t\t\t\t<div class=\"elementor-container elementor-column-gap-default\">\n\t\t\t\t\t<div class=\"elementor-column elementor-col-100 elementor-top-column elementor-element elementor-element-192bccbd\" data-id=\"192bccbd\" data-element_type=\"column\" data-e-type=\"column\" data-settings=\"{&quot;background_background&quot;:&quot;classic&quot;}\">\n\t\t\t<div class=\"elementor-widget-wrap elementor-element-populated\">\n\t\t\t\t\t\t<section class=\"elementor-section elementor-inner-section elementor-element elementor-element-496fb06b elementor-section-content-middle elementor-section-boxed elementor-section-height-default elementor-section-height-default\" data-id=\"496fb06b\" data-element_type=\"section\" data-e-type=\"section\" data-settings=\"{&quot;background_background&quot;:&quot;classic&quot;}\">\n\t\t\t\t\t\t<div class=\"elementor-container elementor-column-gap-default\">\n\t\t\t\t\t<div class=\"elementor-column elementor-col-33 elementor-inner-column elementor-element elementor-element-5503144a\" data-id=\"5503144a\" data-element_type=\"column\" data-e-type=\"column\" data-settings=\"{&quot;background_background&quot;:&quot;classic&quot;}\">\n\t\t\t<div class=\"elementor-widget-wrap elementor-element-populated\">\n\t\t\t\t\t<div class=\"elementor-background-overlay\"><\/div>\n\t\t\t\t\t\t<div class=\"elementor-element elementor-element-7ae114a2 elementor-position-left elementor-vertical-align-middle elementor-widget elementor-widget-image-box\" data-id=\"7ae114a2\" data-element_type=\"widget\" data-e-type=\"widget\" data-settings=\"{&quot;_animation&quot;:&quot;none&quot;}\" data-widget_type=\"image-box.default\">\n\t\t\t\t<div class=\"elementor-widget-container\">\n\t\t\t\t\t<div class=\"elementor-image-box-wrapper\"><figure class=\"elementor-image-box-img\"><a href=\"https:\/\/wa.me\/5511976010591?text=Ol\u00e1!%20Eu%20vim%20pelo%20site%20Instituto%20S\u00e3o%20Pio%20X%20e%20gostaria%20de%20agendar%20uma%20visita.\" tabindex=\"-1\"><img decoding=\"async\" width=\"66\" height=\"66\" src=\"https:\/\/redebeneditina.org.br\/ispx\/wp-content\/uploads\/2023\/05\/agende-whats-2.png\" class=\"elementor-animation-grow attachment-full size-full wp-image-12146\" alt=\"\" \/><\/a><\/figure><div class=\"elementor-image-box-content\"><h2 class=\"elementor-image-box-title\"><a href=\"https:\/\/wa.me\/5511976010591?text=Ol\u00e1!%20Eu%20vim%20pelo%20site%20Instituto%20S\u00e3o%20Pio%20X%20e%20gostaria%20de%20agendar%20uma%20visita.\">Via Whatsapp<\/a><\/h2><\/div><\/div>\t\t\t\t<\/div>\n\t\t\t\t<\/div>\n\t\t\t\t<div class=\"elementor-element elementor-element-4f715dea elementor-align-right elementor-mobile-align-center elementor-button-info elementor-widget elementor-widget-button\" data-id=\"4f715dea\" data-element_type=\"widget\" data-e-type=\"widget\" data-widget_type=\"button.default\">\n\t\t\t\t<div class=\"elementor-widget-container\">\n\t\t\t\t\t\t\t\t\t<div class=\"elementor-button-wrapper\">\n\t\t\t\t\t<a class=\"elementor-button elementor-button-link elementor-size-sm elementor-animation-skew-forward\" href=\"https:\/\/wa.me\/5511976010591?text=Ol\u00e1!%20Eu%20vim%20pelo%20site%20Instituto%20S\u00e3o%20Pio%20X%20e%20gostaria%20de%20agendar%20uma%20visita.\">\n\t\t\t\t\t\t<span class=\"elementor-button-content-wrapper\">\n\t\t\t\t\t\t<span class=\"elementor-button-icon\">\n\t\t\t\t<i aria-hidden=\"true\" class=\"fas fa-angle-double-right\"><\/i>\t\t\t<\/span>\n\t\t\t\t\t\t\t\t\t<span class=\"elementor-button-text\">97601 0591<\/span>\n\t\t\t\t\t<\/span>\n\t\t\t\t\t<\/a>\n\t\t\t\t<\/div>\n\t\t\t\t\t\t\t\t<\/div>\n\t\t\t\t<\/div>\n\t\t\t\t\t<\/div>\n\t\t<\/div>\n\t\t\t\t<div class=\"elementor-column elementor-col-33 elementor-inner-column elementor-element elementor-element-1ac82465\" data-id=\"1ac82465\" data-element_type=\"column\" data-e-type=\"column\" data-settings=\"{&quot;background_background&quot;:&quot;classic&quot;}\">\n\t\t\t<div class=\"elementor-widget-wrap elementor-element-populated\">\n\t\t\t\t\t<div class=\"elementor-background-overlay\"><\/div>\n\t\t\t\t\t\t<div class=\"elementor-element elementor-element-5eb92940 elementor-position-left elementor-vertical-align-middle elementor-widget elementor-widget-image-box\" data-id=\"5eb92940\" data-element_type=\"widget\" data-e-type=\"widget\" data-settings=\"{&quot;_animation&quot;:&quot;none&quot;}\" data-widget_type=\"image-box.default\">\n\t\t\t\t<div class=\"elementor-widget-container\">\n\t\t\t\t\t<div class=\"elementor-image-box-wrapper\"><figure class=\"elementor-image-box-img\"><a href=\"tel:+551136958200\" tabindex=\"-1\"><img decoding=\"async\" width=\"66\" height=\"66\" src=\"https:\/\/redebeneditina.org.br\/ispx\/wp-content\/uploads\/2023\/05\/agenda-tel-2-1.png\" class=\"elementor-animation-grow attachment-full size-full wp-image-12147\" alt=\"\" \/><\/a><\/figure><div class=\"elementor-image-box-content\"><h2 class=\"elementor-image-box-title\"><a href=\"tel:+551136958200\">Via Telefone<\/a><\/h2><\/div><\/div>\t\t\t\t<\/div>\n\t\t\t\t<\/div>\n\t\t\t\t<div class=\"elementor-element elementor-element-1899e0e4 elementor-align-right elementor-mobile-align-center elementor-widget elementor-widget-button\" data-id=\"1899e0e4\" data-element_type=\"widget\" data-e-type=\"widget\" data-widget_type=\"button.default\">\n\t\t\t\t<div class=\"elementor-widget-container\">\n\t\t\t\t\t\t\t\t\t<div class=\"elementor-button-wrapper\">\n\t\t\t\t\t<a class=\"elementor-button elementor-button-link elementor-size-sm elementor-animation-skew-forward\" href=\"tel:+551136958200\">\n\t\t\t\t\t\t<span class=\"elementor-button-content-wrapper\">\n\t\t\t\t\t\t<span class=\"elementor-button-icon\">\n\t\t\t\t<i aria-hidden=\"true\" class=\"fas fa-angle-double-right\"><\/i>\t\t\t<\/span>\n\t\t\t\t\t\t\t\t\t<span class=\"elementor-button-text\">3695 8200<\/span>\n\t\t\t\t\t<\/span>\n\t\t\t\t\t<\/a>\n\t\t\t\t<\/div>\n\t\t\t\t\t\t\t\t<\/div>\n\t\t\t\t<\/div>\n\t\t\t\t\t<\/div>\n\t\t<\/div>\n\t\t\t\t<div class=\"elementor-column elementor-col-33 elementor-inner-column elementor-element elementor-element-7a4a3256\" data-id=\"7a4a3256\" data-element_type=\"column\" data-e-type=\"column\" data-settings=\"{&quot;background_background&quot;:&quot;classic&quot;}\">\n\t\t\t<div class=\"elementor-widget-wrap elementor-element-populated\">\n\t\t\t\t\t<div class=\"elementor-background-overlay\"><\/div>\n\t\t\t\t\t\t<div class=\"elementor-element elementor-element-3646942b elementor-position-left elementor-vertical-align-middle elementor-widget elementor-widget-image-box\" data-id=\"3646942b\" data-element_type=\"widget\" data-e-type=\"widget\" data-settings=\"{&quot;_animation&quot;:&quot;none&quot;}\" data-widget_type=\"image-box.default\">\n\t\t\t\t<div class=\"elementor-widget-container\">\n\t\t\t\t\t<div class=\"elementor-image-box-wrapper\"><figure class=\"elementor-image-box-img\"><a href=\"https:\/\/redebeneditina.org.br\/ispx\/contato\/\" tabindex=\"-1\"><img decoding=\"async\" width=\"66\" height=\"66\" src=\"https:\/\/redebeneditina.org.br\/ispx\/wp-content\/uploads\/2023\/05\/agenda-form-2-2.png\" class=\"elementor-animation-grow attachment-full size-full wp-image-12157\" alt=\"\" \/><\/a><\/figure><div class=\"elementor-image-box-content\"><h2 class=\"elementor-image-box-title\"><a href=\"https:\/\/redebeneditina.org.br\/ispx\/contato\/\">Via On-line<\/a><\/h2><\/div><\/div>\t\t\t\t<\/div>\n\t\t\t\t<\/div>\n\t\t\t\t<div class=\"elementor-element elementor-element-24be9c18 elementor-align-right elementor-mobile-align-center elementor-widget elementor-widget-button\" data-id=\"24be9c18\" data-element_type=\"widget\" data-e-type=\"widget\" data-widget_type=\"button.default\">\n\t\t\t\t<div class=\"elementor-widget-container\">\n\t\t\t\t\t\t\t\t\t<div class=\"elementor-button-wrapper\">\n\t\t\t\t\t<a class=\"elementor-button elementor-button-link elementor-size-sm elementor-animation-skew-forward\" href=\"https:\/\/redebeneditina.org.br\/ispx\/contato\/\">\n\t\t\t\t\t\t<span class=\"elementor-button-content-wrapper\">\n\t\t\t\t\t\t<span class=\"elementor-button-icon\">\n\t\t\t\t<i aria-hidden=\"true\" class=\"fas fa-angle-double-right\"><\/i>\t\t\t<\/span>\n\t\t\t\t\t\t\t\t\t<span class=\"elementor-button-text\">Clique aqui<\/span>\n\t\t\t\t\t<\/span>\n\t\t\t\t\t<\/a>\n\t\t\t\t<\/div>\n\t\t\t\t\t\t\t\t<\/div>\n\t\t\t\t<\/div>\n\t\t\t\t\t<\/div>\n\t\t<\/div>\n\t\t\t\t\t<\/div>\n\t\t<\/section>\n\t\t\t\t\t<\/div>\n\t\t<\/div>\n\t\t\t\t\t<\/div>\n\t\t<\/section>\n\t\t\t\t<section class=\"elementor-section elementor-top-section elementor-element elementor-element-770056b3 elementor-section-boxed elementor-section-height-default elementor-section-height-default\" data-id=\"770056b3\" data-element_type=\"section\" data-e-type=\"section\">\n\t\t\t\t\t\t<div class=\"elementor-container elementor-column-gap-default\">\n\t\t\t\t\t<div class=\"elementor-column elementor-col-100 elementor-top-column elementor-element elementor-element-20652d9c\" data-id=\"20652d9c\" data-element_type=\"column\" data-e-type=\"column\">\n\t\t\t<div class=\"elementor-widget-wrap elementor-element-populated\">\n\t\t\t\t\t\t<div class=\"elementor-element elementor-element-678e8d86 elementor-widget elementor-widget-custom-title-addons\" data-id=\"678e8d86\" data-element_type=\"widget\" data-e-type=\"widget\" data-widget_type=\"custom-title-addons.default\">\n\t\t\t\t<div class=\"elementor-widget-container\">\n\t\t\t\t\t<div class=\"tpc-double_heading\"><div class=\"dbl__subtitle\"><span>MISS\u00c3O, VIS\u00c3O E VALORES DA REDE BENEDITINA<\/span><\/div><h3 class=\"dbl__title-wrapper\"><span class=\"dbl__title dbl-title_1\">Acolher, Assistir e Educar <\/span><span class=\"dbl__title dbl-title_2\"  >a crian\u00e7a, o adolescente e o jovem por meio da forma\u00e7\u00e3o integral, humanista e crist\u00e3 e <\/span><span class=\"dbl__title dbl-title_3\">proteger e amparar o idoso.<\/span><\/h3><\/div>\t\t\t\t<\/div>\n\t\t\t\t<\/div>\n\t\t\t\t\t<\/div>\n\t\t<\/div>\n\t\t\t\t\t<\/div>\n\t\t<\/section>\n\t\t\t\t<section class=\"elementor-section elementor-top-section elementor-element elementor-element-44e781c1 elementor-section-boxed elementor-section-height-default elementor-section-height-default\" data-id=\"44e781c1\" data-element_type=\"section\" data-e-type=\"section\">\n\t\t\t\t\t\t<div class=\"elementor-container elementor-column-gap-default\">\n\t\t\t\t\t<div class=\"elementor-column elementor-col-100 elementor-top-column elementor-element elementor-element-1531259e\" data-id=\"1531259e\" data-element_type=\"column\" data-e-type=\"column\">\n\t\t\t<div class=\"elementor-widget-wrap elementor-element-populated\">\n\t\t\t\t\t\t<section class=\"elementor-section elementor-inner-section elementor-element elementor-element-34a23ac elementor-section-boxed elementor-section-height-default elementor-section-height-default\" data-id=\"34a23ac\" data-element_type=\"section\" data-e-type=\"section\">\n\t\t\t\t\t\t<div class=\"elementor-container elementor-column-gap-default\">\n\t\t\t\t\t<div class=\"elementor-column elementor-col-33 elementor-inner-column elementor-element elementor-element-b431efc elementor-invisible\" data-id=\"b431efc\" data-element_type=\"column\" data-e-type=\"column\" data-settings=\"{&quot;animation&quot;:&quot;slideInLeft&quot;}\">\n\t\t\t<div class=\"elementor-widget-wrap elementor-element-populated\">\n\t\t\t\t\t\t<div class=\"elementor-element elementor-element-296d015 edubin-title-align-left elementor-widget elementor-widget-section-title-addons\" data-id=\"296d015\" data-element_type=\"widget\" data-e-type=\"widget\" data-widget_type=\"section-title-addons.default\">\n\t\t\t\t<div class=\"elementor-widget-container\">\n\t\t\t\t\t            <div class=\"edubin-section-title edubin-subtitle-position-top title-style-one\">\r\n                <h2 class=\"section-title-txt\">Miss\u00e3o<\/h2><p class=\"section-subtitle-txt\">01<\/p>            <\/div>\r\n\r\n        \t\t\t\t<\/div>\n\t\t\t\t<\/div>\n\t\t\t\t<div class=\"elementor-element elementor-element-7ed10fc elementor-widget elementor-widget-text-editor\" data-id=\"7ed10fc\" data-element_type=\"widget\" data-e-type=\"widget\" data-widget_type=\"text-editor.default\">\n\t\t\t\t<div class=\"elementor-widget-container\">\n\t\t\t\t\t\t\t\t\t<p>Confiante na Divina Provid\u00eancia a ABEAS tem como miss\u00e3o: Acolher, Assistir e Educar a crian\u00e7a, o adolescente e o jovem por meio da forma\u00e7\u00e3o integral, humanista e crist\u00e3; zelar pela qualidade da educa\u00e7\u00e3o preparando profissionais do futuro com s\u00f3lidos princ\u00edpios \u00e9ticos; proteger e amparar o idoso, primando pela qualidade e excel\u00eancia das tarefas que essa miss\u00e3o exige.<\/p>\t\t\t\t\t\t\t\t<\/div>\n\t\t\t\t<\/div>\n\t\t\t\t\t<\/div>\n\t\t<\/div>\n\t\t\t\t<div class=\"elementor-column elementor-col-33 elementor-inner-column elementor-element elementor-element-4831ea3 elementor-invisible\" data-id=\"4831ea3\" data-element_type=\"column\" data-e-type=\"column\" data-settings=\"{&quot;animation&quot;:&quot;slideInUp&quot;}\">\n\t\t\t<div class=\"elementor-widget-wrap elementor-element-populated\">\n\t\t\t\t\t\t<div class=\"elementor-element elementor-element-df7c05d edubin-title-align-left elementor-widget elementor-widget-section-title-addons\" data-id=\"df7c05d\" data-element_type=\"widget\" data-e-type=\"widget\" data-widget_type=\"section-title-addons.default\">\n\t\t\t\t<div class=\"elementor-widget-container\">\n\t\t\t\t\t            <div class=\"edubin-section-title edubin-subtitle-position-top title-style-one\">\r\n                <h2 class=\"section-title-txt\">Vis\u00e3o<\/h2><p class=\"section-subtitle-txt\">02<\/p>            <\/div>\r\n\r\n        \t\t\t\t<\/div>\n\t\t\t\t<\/div>\n\t\t\t\t<div class=\"elementor-element elementor-element-408bcfa elementor-widget elementor-widget-text-editor\" data-id=\"408bcfa\" data-element_type=\"widget\" data-e-type=\"widget\" data-widget_type=\"text-editor.default\">\n\t\t\t\t<div class=\"elementor-widget-container\">\n\t\t\t\t\t\t\t\t\t<p>A ABEAS almeja ser reconhecida pela excel\u00eancia na forma\u00e7\u00e3o integral, humanista e crist\u00e3 de crian\u00e7as, adolescentes e jovens e pela qualidade acad\u00eamica; preservar e difundir o trabalho da rede de escolas e das obras assistenciais; primar pela satisfa\u00e7\u00e3o dos alunos, idosos, assistidos, familiares e parceiros; evoluir continuamente a qualifica\u00e7\u00e3o docente e t\u00e9cnico-administrativa.<\/p>\t\t\t\t\t\t\t\t<\/div>\n\t\t\t\t<\/div>\n\t\t\t\t\t<\/div>\n\t\t<\/div>\n\t\t\t\t<div class=\"elementor-column elementor-col-33 elementor-inner-column elementor-element elementor-element-09f2092 elementor-invisible\" data-id=\"09f2092\" data-element_type=\"column\" data-e-type=\"column\" data-settings=\"{&quot;animation&quot;:&quot;slideInRight&quot;}\">\n\t\t\t<div class=\"elementor-widget-wrap elementor-element-populated\">\n\t\t\t\t\t\t<div class=\"elementor-element elementor-element-d088cb3 edubin-title-align-left elementor-widget elementor-widget-section-title-addons\" data-id=\"d088cb3\" data-element_type=\"widget\" data-e-type=\"widget\" data-widget_type=\"section-title-addons.default\">\n\t\t\t\t<div class=\"elementor-widget-container\">\n\t\t\t\t\t            <div class=\"edubin-section-title edubin-subtitle-position-top title-style-one\">\r\n                <h2 class=\"section-title-txt\">Valores<\/h2><p class=\"section-subtitle-txt\">03<\/p>            <\/div>\r\n\r\n        \t\t\t\t<\/div>\n\t\t\t\t<\/div>\n\t\t\t\t<div class=\"elementor-element elementor-element-2857f7e elementor-widget elementor-widget-text-editor\" data-id=\"2857f7e\" data-element_type=\"widget\" data-e-type=\"widget\" data-widget_type=\"text-editor.default\">\n\t\t\t\t<div class=\"elementor-widget-container\">\n\t\t\t\t\t\t\t\t\t<p>S\u00e3o valores imprescind\u00edveis: a cren\u00e7a em Deus, na fam\u00edlia e na dignidade humana; a honestidade, solidariedade e paz; a partilha de bens e saber com todos; a liberdade de aprender, pesquisar e divulgar a cultura, o pensamento, a arte e o saber; o respeito e apre\u00e7o \u00e0 liberdade, \u00e0 toler\u00e2ncia, ao ambiente harm\u00f4nico, ao perd\u00e3o e \u00e0 cultura de paz; a defesa da vida e o cuidado da natureza; uso consciente, respons\u00e1vel e saud\u00e1vel da inova\u00e7\u00e3o e transforma\u00e7\u00e3o digital.<\/p>\t\t\t\t\t\t\t\t<\/div>\n\t\t\t\t<\/div>\n\t\t\t\t\t<\/div>\n\t\t<\/div>\n\t\t\t\t\t<\/div>\n\t\t<\/section>\n\t\t\t\t\t<\/div>\n\t\t<\/div>\n\t\t\t\t\t<\/div>\n\t\t<\/section>\n\t\t\t\t<\/div>\n\t\t","protected":false},"excerpt":{"rendered":"<p>Instala\u00e7\u00f5es &nbsp; Instituto S\u00e3o Pio X Veja a estrutura do Instituto S\u00e3o Pio X para melhor Acolher, Assistir e Educar: Ambulat\u00f3rio Banheiro Banheiro Infantil Bazar Zonca Biblioteca Brinquedoteca Caminho dos Esportes Cantina Capela Frente do Instituto Pio X Gin\u00e1sio Laborat\u00f3rio de Inform\u00e1tica Laborat\u00f3rio de Idiomas Laborat\u00f3rio de Ci\u00eancias Laborat\u00f3rio de Biologia e Qu\u00edmica Laborat\u00f3rio de&#8230;<\/p>\n","protected":false},"author":3,"featured_media":0,"parent":0,"menu_order":0,"comment_status":"closed","ping_status":"closed","template":"","meta":{"_monsterinsights_skip_tracking":false,"_monsterinsights_sitenote_active":false,"_monsterinsights_sitenote_note":"","_monsterinsights_sitenote_category":0,"ngg_post_thumbnail":0,"footnotes":""},"class_list":["post-18595","page","type-page","status-publish","hentry"],"_links":{"self":[{"href":"https:\/\/redebeneditina.org.br\/ispx\/wp-json\/wp\/v2\/pages\/18595","targetHints":{"allow":["GET"]}}],"collection":[{"href":"https:\/\/redebeneditina.org.br\/ispx\/wp-json\/wp\/v2\/pages"}],"about":[{"href":"https:\/\/redebeneditina.org.br\/ispx\/wp-json\/wp\/v2\/types\/page"}],"author":[{"embeddable":true,"href":"https:\/\/redebeneditina.org.br\/ispx\/wp-json\/wp\/v2\/users\/3"}],"replies":[{"embeddable":true,"href":"https:\/\/redebeneditina.org.br\/ispx\/wp-json\/wp\/v2\/comments?post=18595"}],"version-history":[{"count":0,"href":"https:\/\/redebeneditina.org.br\/ispx\/wp-json\/wp\/v2\/pages\/18595\/revisions"}],"wp:attachment":[{"href":"https:\/\/redebeneditina.org.br\/ispx\/wp-json\/wp\/v2\/media?parent=18595"}],"curies":[{"name":"wp","href":"https:\/\/api.w.org\/{rel}","templated":true}]}}