{"id":19034,"date":"2023-06-12T17:38:34","date_gmt":"2023-06-12T17:38:34","guid":{"rendered":"https:\/\/redebeneditina.org.br\/ispx\/?page_id=19034"},"modified":"2025-10-13T15:22:45","modified_gmt":"2025-10-13T18:22:45","slug":"noticias","status":"publish","type":"page","link":"https:\/\/redebeneditina.org.br\/ispx\/noticias\/","title":{"rendered":"Not\u00edcias"},"content":{"rendered":"\t\t<div data-elementor-type=\"wp-page\" data-elementor-id=\"19034\" class=\"elementor elementor-19034\">\n\t\t\t\t\t\t<section class=\"elementor-section elementor-top-section elementor-element elementor-element-7662e33 elementor-section-boxed elementor-section-height-default elementor-section-height-default\" data-id=\"7662e33\" data-element_type=\"section\" data-e-type=\"section\">\n\t\t\t\t\t\t<div class=\"elementor-container elementor-column-gap-custom\">\n\t\t\t\t\t<div class=\"elementor-column elementor-col-66 elementor-top-column elementor-element elementor-element-62b3612\" data-id=\"62b3612\" data-element_type=\"column\" data-e-type=\"column\">\n\t\t\t<div class=\"elementor-widget-wrap elementor-element-populated\">\n\t\t\t\t\t\t<div class=\"elementor-element elementor-element-82f5fba elementor-widget elementor-widget-edubin-latest-post\" data-id=\"82f5fba\" data-element_type=\"widget\" data-e-type=\"widget\" data-widget_type=\"edubin-latest-post.default\">\n\t\t\t\t<div class=\"elementor-widget-container\">\n\t\t\t\t\t<div class=\"edubin-row tpc_g_30 edubin-latest-news layout-1\"><div class=\"edubin-col-12 edubin-col-sm-6 edubin-col-md-6 edubin-col-lg-6\" data-sal><div class=\"edu-blog blog-style-6\"><div class=\"inner\"><div class=\"thumbnail\"><a href=\"https:\/\/redebeneditina.org.br\/ispx\/2o-ano-a-brilha-no-sarau-literario-com-historias-que-constroem-identidades\/\"><img fetchpriority=\"high\" decoding=\"async\" width=\"1080\" height=\"772\" src=\"https:\/\/redebeneditina.org.br\/ispx\/wp-content\/uploads\/2026\/04\/2026-2-ano-sarau-instituto-sao-piox-osasco-1.jpg\" class=\"attachment-course_thumb size-course_thumb wp-post-image\" alt=\"\" srcset=\"https:\/\/redebeneditina.org.br\/ispx\/wp-content\/uploads\/2026\/04\/2026-2-ano-sarau-instituto-sao-piox-osasco-1.jpg 1080w, https:\/\/redebeneditina.org.br\/ispx\/wp-content\/uploads\/2026\/04\/2026-2-ano-sarau-instituto-sao-piox-osasco-1-300x214.jpg 300w, https:\/\/redebeneditina.org.br\/ispx\/wp-content\/uploads\/2026\/04\/2026-2-ano-sarau-instituto-sao-piox-osasco-1-1024x732.jpg 1024w, https:\/\/redebeneditina.org.br\/ispx\/wp-content\/uploads\/2026\/04\/2026-2-ano-sarau-instituto-sao-piox-osasco-1-768x549.jpg 768w\" sizes=\"(max-width: 1080px) 100vw, 1080px\" \/><\/a><\/div><div class=\"content position-top\"><ul class=\"blog-meta\"><li><i class=\"flaticon-calendar\"><\/i>28\/04\/2026<\/li><\/ul><a href=\"https:\/\/redebeneditina.org.br\/ispx\/2o-ano-a-brilha-no-sarau-literario-com-historias-que-constroem-identidades\/\"><h3 class=\"news-title\">2\u00ba Ano A brilha no Sarau Liter\u00e1rio com hist\u00f3rias que constroem identidades<\/h3><\/a><p>Os alunos do 2\u00ba ano A brilharam no Sarau Liter\u00e1rio com a apresenta\u00e7\u00e3o&nbsp;\u201cDescobrindo a si...<\/p>\n<\/div><\/div><\/div><\/div><div class=\"edubin-col-12 edubin-col-sm-6 edubin-col-md-6 edubin-col-lg-6\" data-sal><div class=\"edu-blog blog-style-6\"><div class=\"inner\"><div class=\"thumbnail\"><a href=\"https:\/\/redebeneditina.org.br\/ispx\/terceirao-no-clima-estilo-que-marca\/\"><img decoding=\"async\" width=\"1080\" height=\"810\" src=\"https:\/\/redebeneditina.org.br\/ispx\/wp-content\/uploads\/2026\/04\/2026-terceirao-ens-medio-instituto-sao-piox-osasco-1.jpg\" class=\"attachment-course_thumb size-course_thumb wp-post-image\" alt=\"\" srcset=\"https:\/\/redebeneditina.org.br\/ispx\/wp-content\/uploads\/2026\/04\/2026-terceirao-ens-medio-instituto-sao-piox-osasco-1.jpg 1080w, https:\/\/redebeneditina.org.br\/ispx\/wp-content\/uploads\/2026\/04\/2026-terceirao-ens-medio-instituto-sao-piox-osasco-1-300x225.jpg 300w, https:\/\/redebeneditina.org.br\/ispx\/wp-content\/uploads\/2026\/04\/2026-terceirao-ens-medio-instituto-sao-piox-osasco-1-1024x768.jpg 1024w, https:\/\/redebeneditina.org.br\/ispx\/wp-content\/uploads\/2026\/04\/2026-terceirao-ens-medio-instituto-sao-piox-osasco-1-768x576.jpg 768w\" sizes=\"(max-width: 1080px) 100vw, 1080px\" \/><\/a><\/div><div class=\"content position-top\"><ul class=\"blog-meta\"><li><i class=\"flaticon-calendar\"><\/i>28\/04\/2026<\/li><\/ul><a href=\"https:\/\/redebeneditina.org.br\/ispx\/terceirao-no-clima-estilo-que-marca\/\"><h3 class=\"news-title\">Terceir\u00e3o no Clima: Estilo que Marca!<\/h3><\/a><p>O Terceir\u00e3o entrou no clima do dia tem\u00e1tico. Dessa vez o tema foi estilos e...<\/p>\n<\/div><\/div><\/div><\/div><div class=\"edubin-col-12 edubin-col-sm-6 edubin-col-md-6 edubin-col-lg-6\" data-sal><div class=\"edu-blog blog-style-6\"><div class=\"inner\"><div class=\"thumbnail\"><a href=\"https:\/\/redebeneditina.org.br\/ispx\/encanto-no-sarau-maternal-i-e-ii-apresentam-a-lagarta-comilona\/\"><img decoding=\"async\" width=\"1080\" height=\"608\" src=\"https:\/\/redebeneditina.org.br\/ispx\/wp-content\/uploads\/2026\/04\/2026-maternal-sarau-instituto-sao-piox-osasco-1.jpg\" class=\"attachment-course_thumb size-course_thumb wp-post-image\" alt=\"\" srcset=\"https:\/\/redebeneditina.org.br\/ispx\/wp-content\/uploads\/2026\/04\/2026-maternal-sarau-instituto-sao-piox-osasco-1.jpg 1080w, https:\/\/redebeneditina.org.br\/ispx\/wp-content\/uploads\/2026\/04\/2026-maternal-sarau-instituto-sao-piox-osasco-1-300x169.jpg 300w, https:\/\/redebeneditina.org.br\/ispx\/wp-content\/uploads\/2026\/04\/2026-maternal-sarau-instituto-sao-piox-osasco-1-1024x576.jpg 1024w, https:\/\/redebeneditina.org.br\/ispx\/wp-content\/uploads\/2026\/04\/2026-maternal-sarau-instituto-sao-piox-osasco-1-768x432.jpg 768w\" sizes=\"(max-width: 1080px) 100vw, 1080px\" \/><\/a><\/div><div class=\"content position-top\"><ul class=\"blog-meta\"><li><i class=\"flaticon-calendar\"><\/i>26\/04\/2026<\/li><\/ul><a href=\"https:\/\/redebeneditina.org.br\/ispx\/encanto-no-sarau-maternal-i-e-ii-apresentam-a-lagarta-comilona\/\"><h3 class=\"news-title\">Encanto no Sarau: Maternal I e II apresentam A Lagarta Comilona<\/h3><\/a><p>A turminha do Maternal I e II participou do sarau liter\u00e1rio apresentando a adapta\u00e7\u00e3o da...<\/p>\n<\/div><\/div><\/div><\/div><div class=\"edubin-col-12 edubin-col-sm-6 edubin-col-md-6 edubin-col-lg-6\" data-sal><div class=\"edu-blog blog-style-6\"><div class=\"inner\"><div class=\"thumbnail\"><a href=\"https:\/\/redebeneditina.org.br\/ispx\/pre-ii-encanta-com-releitura-de-romeu-e-julieta-no-sarau-literario\/\"><img loading=\"lazy\" decoding=\"async\" width=\"1080\" height=\"810\" src=\"https:\/\/redebeneditina.org.br\/ispx\/wp-content\/uploads\/2026\/04\/2026-pre2-sarau-instituto-sao-piox-osasco-4.jpg\" class=\"attachment-course_thumb size-course_thumb wp-post-image\" alt=\"\" srcset=\"https:\/\/redebeneditina.org.br\/ispx\/wp-content\/uploads\/2026\/04\/2026-pre2-sarau-instituto-sao-piox-osasco-4.jpg 1080w, https:\/\/redebeneditina.org.br\/ispx\/wp-content\/uploads\/2026\/04\/2026-pre2-sarau-instituto-sao-piox-osasco-4-300x225.jpg 300w, https:\/\/redebeneditina.org.br\/ispx\/wp-content\/uploads\/2026\/04\/2026-pre2-sarau-instituto-sao-piox-osasco-4-1024x768.jpg 1024w, https:\/\/redebeneditina.org.br\/ispx\/wp-content\/uploads\/2026\/04\/2026-pre2-sarau-instituto-sao-piox-osasco-4-768x576.jpg 768w\" sizes=\"(max-width: 1080px) 100vw, 1080px\" \/><\/a><\/div><div class=\"content position-top\"><ul class=\"blog-meta\"><li><i class=\"flaticon-calendar\"><\/i>25\/04\/2026<\/li><\/ul><a href=\"https:\/\/redebeneditina.org.br\/ispx\/pre-ii-encanta-com-releitura-de-romeu-e-julieta-no-sarau-literario\/\"><h3 class=\"news-title\">Pr\u00e9 II encanta com releitura de Romeu e Julieta no Sarau Liter\u00e1rio<\/h3><\/a><p>No sarau liter\u00e1rio, a turminha do Pr\u00e9 II realizou uma releitura da obra Romeu e...<\/p>\n<\/div><\/div><\/div><\/div><div class=\"edubin-col-12 edubin-col-sm-6 edubin-col-md-6 edubin-col-lg-6\" data-sal><div class=\"edu-blog blog-style-6\"><div class=\"inner\"><div class=\"thumbnail\"><a href=\"https:\/\/redebeneditina.org.br\/ispx\/pequenos-cientistas-lancamento-de-foguetes-no-ef1\/\"><img loading=\"lazy\" decoding=\"async\" width=\"1080\" height=\"1350\" src=\"https:\/\/redebeneditina.org.br\/ispx\/wp-content\/uploads\/2026\/04\/2026-5-ano-foguete-instituto-sao-piox-osasco-1.jpg\" class=\"attachment-course_thumb size-course_thumb wp-post-image\" alt=\"\" srcset=\"https:\/\/redebeneditina.org.br\/ispx\/wp-content\/uploads\/2026\/04\/2026-5-ano-foguete-instituto-sao-piox-osasco-1.jpg 1080w, https:\/\/redebeneditina.org.br\/ispx\/wp-content\/uploads\/2026\/04\/2026-5-ano-foguete-instituto-sao-piox-osasco-1-240x300.jpg 240w, https:\/\/redebeneditina.org.br\/ispx\/wp-content\/uploads\/2026\/04\/2026-5-ano-foguete-instituto-sao-piox-osasco-1-819x1024.jpg 819w, https:\/\/redebeneditina.org.br\/ispx\/wp-content\/uploads\/2026\/04\/2026-5-ano-foguete-instituto-sao-piox-osasco-1-768x960.jpg 768w\" sizes=\"(max-width: 1080px) 100vw, 1080px\" \/><\/a><\/div><div class=\"content position-top\"><ul class=\"blog-meta\"><li><i class=\"flaticon-calendar\"><\/i>24\/04\/2026<\/li><\/ul><a href=\"https:\/\/redebeneditina.org.br\/ispx\/pequenos-cientistas-lancamento-de-foguetes-no-ef1\/\"><h3 class=\"news-title\">Pequenos Cientistas: Lan\u00e7amento de Foguetes no EF1<\/h3><\/a><p>Os alunos do Ensino Fundamental I embarcaram em uma atividade cheia de divers\u00e3o e descobertas...<\/p>\n<\/div><\/div><\/div><\/div><div class=\"edubin-col-12 edubin-col-sm-6 edubin-col-md-6 edubin-col-lg-6\" data-sal><div class=\"edu-blog blog-style-6\"><div class=\"inner\"><div class=\"thumbnail\"><a href=\"https:\/\/redebeneditina.org.br\/ispx\/pequenos-cuidados-grandes-aprendizados-no-maternal-i-e-ii\/\"><img loading=\"lazy\" decoding=\"async\" width=\"1080\" height=\"810\" src=\"https:\/\/redebeneditina.org.br\/ispx\/wp-content\/uploads\/2026\/04\/2026-maternal-instituto-sao-piox-osasco-1.jpg\" class=\"attachment-course_thumb size-course_thumb wp-post-image\" alt=\"\" srcset=\"https:\/\/redebeneditina.org.br\/ispx\/wp-content\/uploads\/2026\/04\/2026-maternal-instituto-sao-piox-osasco-1.jpg 1080w, https:\/\/redebeneditina.org.br\/ispx\/wp-content\/uploads\/2026\/04\/2026-maternal-instituto-sao-piox-osasco-1-300x225.jpg 300w, https:\/\/redebeneditina.org.br\/ispx\/wp-content\/uploads\/2026\/04\/2026-maternal-instituto-sao-piox-osasco-1-1024x768.jpg 1024w, https:\/\/redebeneditina.org.br\/ispx\/wp-content\/uploads\/2026\/04\/2026-maternal-instituto-sao-piox-osasco-1-768x576.jpg 768w\" sizes=\"(max-width: 1080px) 100vw, 1080px\" \/><\/a><\/div><div class=\"content position-top\"><ul class=\"blog-meta\"><li><i class=\"flaticon-calendar\"><\/i>23\/04\/2026<\/li><\/ul><a href=\"https:\/\/redebeneditina.org.br\/ispx\/pequenos-cuidados-grandes-aprendizados-no-maternal-i-e-ii\/\"><h3 class=\"news-title\">Pequenos Cuidados, Grandes Aprendizados no Maternal I e II<\/h3><\/a><p>Os alunos do Maternal I e II viveram um momento muito especial ao realizarem uma...<\/p>\n<\/div><\/div><\/div><\/div><div class=\"edubin-col-12 edubin-col-sm-6 edubin-col-md-6 edubin-col-lg-6\" data-sal><div class=\"edu-blog blog-style-6\"><div class=\"inner\"><div class=\"thumbnail\"><a href=\"https:\/\/redebeneditina.org.br\/ispx\/lancamento-de-foguetes-do-ef2-ao-ensino-medio\/\"><img loading=\"lazy\" decoding=\"async\" width=\"676\" height=\"840\" src=\"https:\/\/redebeneditina.org.br\/ispx\/wp-content\/uploads\/2026\/04\/2026-foguetes-ef2-ao-em-instituto-sao-piox-osasco-1.jpg\" class=\"attachment-course_thumb size-course_thumb wp-post-image\" alt=\"\" srcset=\"https:\/\/redebeneditina.org.br\/ispx\/wp-content\/uploads\/2026\/04\/2026-foguetes-ef2-ao-em-instituto-sao-piox-osasco-1.jpg 676w, https:\/\/redebeneditina.org.br\/ispx\/wp-content\/uploads\/2026\/04\/2026-foguetes-ef2-ao-em-instituto-sao-piox-osasco-1-241x300.jpg 241w\" sizes=\"(max-width: 676px) 100vw, 676px\" \/><\/a><\/div><div class=\"content position-top\"><ul class=\"blog-meta\"><li><i class=\"flaticon-calendar\"><\/i>22\/04\/2026<\/li><\/ul><a href=\"https:\/\/redebeneditina.org.br\/ispx\/lancamento-de-foguetes-do-ef2-ao-ensino-medio\/\"><h3 class=\"news-title\">Lan\u00e7amento de Foguetes: do EF2 ao Ensino M\u00e9dio<\/h3><\/a><p>Os alunos do EF2 ao Ensino M\u00e9dio participaram de uma experi\u00eancia incr\u00edvel com o projeto...<\/p>\n<\/div><\/div><\/div><\/div><div class=\"edubin-col-12 edubin-col-sm-6 edubin-col-md-6 edubin-col-lg-6\" data-sal><div class=\"edu-blog blog-style-6\"><div class=\"inner\"><div class=\"thumbnail\"><a href=\"https:\/\/redebeneditina.org.br\/ispx\/2o-ano-a-celebra-o-dia-do-livro-infantil-com-muito-estilo\/\"><img loading=\"lazy\" decoding=\"async\" width=\"1080\" height=\"750\" src=\"https:\/\/redebeneditina.org.br\/ispx\/wp-content\/uploads\/2026\/04\/2026-2ano-dia-livro-instituto-sao-piox-osasco-1.jpg\" class=\"attachment-course_thumb size-course_thumb wp-post-image\" alt=\"\" srcset=\"https:\/\/redebeneditina.org.br\/ispx\/wp-content\/uploads\/2026\/04\/2026-2ano-dia-livro-instituto-sao-piox-osasco-1.jpg 1080w, https:\/\/redebeneditina.org.br\/ispx\/wp-content\/uploads\/2026\/04\/2026-2ano-dia-livro-instituto-sao-piox-osasco-1-300x208.jpg 300w, https:\/\/redebeneditina.org.br\/ispx\/wp-content\/uploads\/2026\/04\/2026-2ano-dia-livro-instituto-sao-piox-osasco-1-1024x711.jpg 1024w, https:\/\/redebeneditina.org.br\/ispx\/wp-content\/uploads\/2026\/04\/2026-2ano-dia-livro-instituto-sao-piox-osasco-1-768x533.jpg 768w\" sizes=\"(max-width: 1080px) 100vw, 1080px\" \/><\/a><\/div><div class=\"content position-top\"><ul class=\"blog-meta\"><li><i class=\"flaticon-calendar\"><\/i>20\/04\/2026<\/li><\/ul><a href=\"https:\/\/redebeneditina.org.br\/ispx\/2o-ano-a-celebra-o-dia-do-livro-infantil-com-muito-estilo\/\"><h3 class=\"news-title\">2\u00ba Ano A celebra o Dia do Livro Infantil com muito estilo!<\/h3><\/a><p>Os alunos do 2\u00ba ano A entraram no clima do Dia do Livro Infantil com...<\/p>\n<\/div><\/div><\/div><\/div><div class=\"edubin-col-12 edubin-col-sm-6 edubin-col-md-6 edubin-col-lg-6\" data-sal><div class=\"edu-blog blog-style-6\"><div class=\"inner\"><div class=\"thumbnail\"><a href=\"https:\/\/redebeneditina.org.br\/ispx\/descobertas-e-sorrisos-no-petzoo\/\"><img loading=\"lazy\" decoding=\"async\" width=\"1080\" height=\"721\" src=\"https:\/\/redebeneditina.org.br\/ispx\/wp-content\/uploads\/2026\/04\/2026-petzzo-instituto-sao-piox-osasco-28.jpg\" class=\"attachment-course_thumb size-course_thumb wp-post-image\" alt=\"\" srcset=\"https:\/\/redebeneditina.org.br\/ispx\/wp-content\/uploads\/2026\/04\/2026-petzzo-instituto-sao-piox-osasco-28.jpg 1080w, https:\/\/redebeneditina.org.br\/ispx\/wp-content\/uploads\/2026\/04\/2026-petzzo-instituto-sao-piox-osasco-28-300x200.jpg 300w, https:\/\/redebeneditina.org.br\/ispx\/wp-content\/uploads\/2026\/04\/2026-petzzo-instituto-sao-piox-osasco-28-1024x684.jpg 1024w, https:\/\/redebeneditina.org.br\/ispx\/wp-content\/uploads\/2026\/04\/2026-petzzo-instituto-sao-piox-osasco-28-768x513.jpg 768w\" sizes=\"(max-width: 1080px) 100vw, 1080px\" \/><\/a><\/div><div class=\"content position-top\"><ul class=\"blog-meta\"><li><i class=\"flaticon-calendar\"><\/i>16\/04\/2026<\/li><\/ul><a href=\"https:\/\/redebeneditina.org.br\/ispx\/descobertas-e-sorrisos-no-petzoo\/\"><h3 class=\"news-title\">Descobertas e Sorrisos no Petzoo<\/h3><\/a><p>Um dia especial na fazendinha, cheio de descobertas, alegria e muitos sorrisos!&nbsp; &nbsp; Nossos pequenos...<\/p>\n<\/div><\/div><\/div><\/div><div class=\"edubin-col-12 edubin-col-sm-6 edubin-col-md-6 edubin-col-lg-6\" data-sal><div class=\"edu-blog blog-style-6\"><div class=\"inner\"><div class=\"thumbnail\"><a href=\"https:\/\/redebeneditina.org.br\/ispx\/conscientizacao-sobre-o-bullying-reflexao-e-protagonismo-na-1a-serie\/\"><img loading=\"lazy\" decoding=\"async\" width=\"1080\" height=\"768\" src=\"https:\/\/redebeneditina.org.br\/ispx\/wp-content\/uploads\/2026\/04\/2026-ensino-medio-instituto-sao-piox-osasco-1.jpg\" class=\"attachment-course_thumb size-course_thumb wp-post-image\" alt=\"\" srcset=\"https:\/\/redebeneditina.org.br\/ispx\/wp-content\/uploads\/2026\/04\/2026-ensino-medio-instituto-sao-piox-osasco-1.jpg 1080w, https:\/\/redebeneditina.org.br\/ispx\/wp-content\/uploads\/2026\/04\/2026-ensino-medio-instituto-sao-piox-osasco-1-300x213.jpg 300w, https:\/\/redebeneditina.org.br\/ispx\/wp-content\/uploads\/2026\/04\/2026-ensino-medio-instituto-sao-piox-osasco-1-1024x728.jpg 1024w, https:\/\/redebeneditina.org.br\/ispx\/wp-content\/uploads\/2026\/04\/2026-ensino-medio-instituto-sao-piox-osasco-1-768x546.jpg 768w\" sizes=\"(max-width: 1080px) 100vw, 1080px\" \/><\/a><\/div><div class=\"content position-top\"><ul class=\"blog-meta\"><li><i class=\"flaticon-calendar\"><\/i>16\/04\/2026<\/li><\/ul><a href=\"https:\/\/redebeneditina.org.br\/ispx\/conscientizacao-sobre-o-bullying-reflexao-e-protagonismo-na-1a-serie\/\"><h3 class=\"news-title\">Conscientiza\u00e7\u00e3o sobre o Bullying: Reflex\u00e3o e Protagonismo na 1\u00aa S\u00e9rie do EM<\/h3><\/a><p>Na \u00faltima segunda, os alunos da 1\u00aa s\u00e9rie do Ensino M\u00e9dio, com o aux\u00edlio da...<\/p>\n<\/div><\/div><\/div><\/div><div class=\"edubin-col-12 edubin-col-sm-6 edubin-col-md-6 edubin-col-lg-6\" data-sal><div class=\"edu-blog blog-style-6\"><div class=\"inner\"><div class=\"thumbnail\"><a href=\"https:\/\/redebeneditina.org.br\/ispx\/7o-ano-b-inicia-a-confeccao-de-foguetes-para-a-oba\/\"><img loading=\"lazy\" decoding=\"async\" width=\"1080\" height=\"1350\" src=\"https:\/\/redebeneditina.org.br\/ispx\/wp-content\/uploads\/2026\/04\/2026-7ano-instituto-sao-piox-osasco-2.jpg\" class=\"attachment-course_thumb size-course_thumb wp-post-image\" alt=\"\" srcset=\"https:\/\/redebeneditina.org.br\/ispx\/wp-content\/uploads\/2026\/04\/2026-7ano-instituto-sao-piox-osasco-2.jpg 1080w, https:\/\/redebeneditina.org.br\/ispx\/wp-content\/uploads\/2026\/04\/2026-7ano-instituto-sao-piox-osasco-2-240x300.jpg 240w, https:\/\/redebeneditina.org.br\/ispx\/wp-content\/uploads\/2026\/04\/2026-7ano-instituto-sao-piox-osasco-2-819x1024.jpg 819w, https:\/\/redebeneditina.org.br\/ispx\/wp-content\/uploads\/2026\/04\/2026-7ano-instituto-sao-piox-osasco-2-768x960.jpg 768w\" sizes=\"(max-width: 1080px) 100vw, 1080px\" \/><\/a><\/div><div class=\"content position-top\"><ul class=\"blog-meta\"><li><i class=\"flaticon-calendar\"><\/i>08\/04\/2026<\/li><\/ul><a href=\"https:\/\/redebeneditina.org.br\/ispx\/7o-ano-b-inicia-a-confeccao-de-foguetes-para-a-oba\/\"><h3 class=\"news-title\">7\u00ba Ano B inicia a confec\u00e7\u00e3o de foguetes para a OBA<\/h3><\/a><p>Os alunos do 7\u00baano B deram in\u00edcio \u00e0 confec\u00e7\u00e3o dos foguetes para as Olimp\u00edadas da...<\/p>\n<\/div><\/div><\/div><\/div><div class=\"edubin-col-12 edubin-col-sm-6 edubin-col-md-6 edubin-col-lg-6\" data-sal><div class=\"edu-blog blog-style-6\"><div class=\"inner\"><div class=\"thumbnail\"><a href=\"https:\/\/redebeneditina.org.br\/ispx\/6o-ano-a-inicia-preparacao-de-foguetes-para-a-oba\/\"><img loading=\"lazy\" decoding=\"async\" width=\"1080\" height=\"1350\" src=\"https:\/\/redebeneditina.org.br\/ispx\/wp-content\/uploads\/2026\/04\/2026-6ano-instituto-sao-piox-osasco-7.jpg\" class=\"attachment-course_thumb size-course_thumb wp-post-image\" alt=\"\" srcset=\"https:\/\/redebeneditina.org.br\/ispx\/wp-content\/uploads\/2026\/04\/2026-6ano-instituto-sao-piox-osasco-7.jpg 1080w, https:\/\/redebeneditina.org.br\/ispx\/wp-content\/uploads\/2026\/04\/2026-6ano-instituto-sao-piox-osasco-7-240x300.jpg 240w, https:\/\/redebeneditina.org.br\/ispx\/wp-content\/uploads\/2026\/04\/2026-6ano-instituto-sao-piox-osasco-7-819x1024.jpg 819w, https:\/\/redebeneditina.org.br\/ispx\/wp-content\/uploads\/2026\/04\/2026-6ano-instituto-sao-piox-osasco-7-768x960.jpg 768w\" sizes=\"(max-width: 1080px) 100vw, 1080px\" \/><\/a><\/div><div class=\"content position-top\"><ul class=\"blog-meta\"><li><i class=\"flaticon-calendar\"><\/i>08\/04\/2026<\/li><\/ul><a href=\"https:\/\/redebeneditina.org.br\/ispx\/6o-ano-a-inicia-preparacao-de-foguetes-para-a-oba\/\"><h3 class=\"news-title\">6\u00ba Ano A inicia prepara\u00e7\u00e3o de foguetes para a OBA<\/h3><\/a><p>Os alunos do 6\u00ba ano A deram in\u00edcio \u00e0 confec\u00e7\u00e3o dos foguetes para as Olimp\u00edadas...<\/p>\n<\/div><\/div><\/div><\/div><div class=\"edubin-col-12 edubin-col-sm-6 edubin-col-md-6 edubin-col-lg-6\" data-sal><div class=\"edu-blog blog-style-6\"><div class=\"inner\"><div class=\"thumbnail\"><a href=\"https:\/\/redebeneditina.org.br\/ispx\/pascoa-no-instituto-sao-pio-x\/\"><img loading=\"lazy\" decoding=\"async\" width=\"1080\" height=\"810\" src=\"https:\/\/redebeneditina.org.br\/ispx\/wp-content\/uploads\/2026\/04\/2026-pascoa2026-instituto-sao-piox-osasco-42.jpg\" class=\"attachment-course_thumb size-course_thumb wp-post-image\" alt=\"\" srcset=\"https:\/\/redebeneditina.org.br\/ispx\/wp-content\/uploads\/2026\/04\/2026-pascoa2026-instituto-sao-piox-osasco-42.jpg 1080w, https:\/\/redebeneditina.org.br\/ispx\/wp-content\/uploads\/2026\/04\/2026-pascoa2026-instituto-sao-piox-osasco-42-300x225.jpg 300w, https:\/\/redebeneditina.org.br\/ispx\/wp-content\/uploads\/2026\/04\/2026-pascoa2026-instituto-sao-piox-osasco-42-1024x768.jpg 1024w, https:\/\/redebeneditina.org.br\/ispx\/wp-content\/uploads\/2026\/04\/2026-pascoa2026-instituto-sao-piox-osasco-42-768x576.jpg 768w\" sizes=\"(max-width: 1080px) 100vw, 1080px\" \/><\/a><\/div><div class=\"content position-top\"><ul class=\"blog-meta\"><li><i class=\"flaticon-calendar\"><\/i>08\/04\/2026<\/li><\/ul><a href=\"https:\/\/redebeneditina.org.br\/ispx\/pascoa-no-instituto-sao-pio-x\/\"><h3 class=\"news-title\">P\u00e1scoa no Instituto S\u00e3o Pio X<\/h3><\/a><p>Confira as fotos da P\u00e1scoa no Instituto S\u00e3o Pio X.<\/p>\n<\/div><\/div><\/div><\/div><div class=\"edubin-col-12 edubin-col-sm-6 edubin-col-md-6 edubin-col-lg-6\" data-sal><div class=\"edu-blog blog-style-6\"><div class=\"inner\"><div class=\"thumbnail\"><a href=\"https:\/\/redebeneditina.org.br\/ispx\/mural-da-familia-um-cantinho-cheio-de-amor-no-maternal\/\"><img loading=\"lazy\" decoding=\"async\" width=\"1080\" height=\"1350\" src=\"https:\/\/redebeneditina.org.br\/ispx\/wp-content\/uploads\/2026\/03\/2026-maternal-instituto-sao-piox-osasco-5-2.jpg\" class=\"attachment-course_thumb size-course_thumb wp-post-image\" alt=\"\" srcset=\"https:\/\/redebeneditina.org.br\/ispx\/wp-content\/uploads\/2026\/03\/2026-maternal-instituto-sao-piox-osasco-5-2.jpg 1080w, https:\/\/redebeneditina.org.br\/ispx\/wp-content\/uploads\/2026\/03\/2026-maternal-instituto-sao-piox-osasco-5-2-240x300.jpg 240w, https:\/\/redebeneditina.org.br\/ispx\/wp-content\/uploads\/2026\/03\/2026-maternal-instituto-sao-piox-osasco-5-2-819x1024.jpg 819w, https:\/\/redebeneditina.org.br\/ispx\/wp-content\/uploads\/2026\/03\/2026-maternal-instituto-sao-piox-osasco-5-2-768x960.jpg 768w\" sizes=\"(max-width: 1080px) 100vw, 1080px\" \/><\/a><\/div><div class=\"content position-top\"><ul class=\"blog-meta\"><li><i class=\"flaticon-calendar\"><\/i>31\/03\/2026<\/li><\/ul><a href=\"https:\/\/redebeneditina.org.br\/ispx\/mural-da-familia-um-cantinho-cheio-de-amor-no-maternal\/\"><h3 class=\"news-title\">Mural da Fam\u00edlia: Um Cantinho Cheio de Amor no Maternal<\/h3><\/a><p>A turma do Maternal confeccionou um lindo mural da fam\u00edlia na sala de aula, trazendo...<\/p>\n<\/div><\/div><\/div><\/div><div class=\"edubin-col-12 edubin-col-sm-6 edubin-col-md-6 edubin-col-lg-6\" data-sal><div class=\"edu-blog blog-style-6\"><div class=\"inner\"><div class=\"thumbnail\"><a href=\"https:\/\/redebeneditina.org.br\/ispx\/aula-de-robotica-estimula-estrategia-e-criatividade-no-2o-ano-a\/\"><img loading=\"lazy\" decoding=\"async\" width=\"1080\" height=\"1350\" src=\"https:\/\/redebeneditina.org.br\/ispx\/wp-content\/uploads\/2026\/03\/2026-2-ano-instituto-sao-piox-osasco-1.jpg\" class=\"attachment-course_thumb size-course_thumb wp-post-image\" alt=\"\" srcset=\"https:\/\/redebeneditina.org.br\/ispx\/wp-content\/uploads\/2026\/03\/2026-2-ano-instituto-sao-piox-osasco-1.jpg 1080w, https:\/\/redebeneditina.org.br\/ispx\/wp-content\/uploads\/2026\/03\/2026-2-ano-instituto-sao-piox-osasco-1-240x300.jpg 240w, https:\/\/redebeneditina.org.br\/ispx\/wp-content\/uploads\/2026\/03\/2026-2-ano-instituto-sao-piox-osasco-1-819x1024.jpg 819w, https:\/\/redebeneditina.org.br\/ispx\/wp-content\/uploads\/2026\/03\/2026-2-ano-instituto-sao-piox-osasco-1-768x960.jpg 768w\" sizes=\"(max-width: 1080px) 100vw, 1080px\" \/><\/a><\/div><div class=\"content position-top\"><ul class=\"blog-meta\"><li><i class=\"flaticon-calendar\"><\/i>31\/03\/2026<\/li><\/ul><a href=\"https:\/\/redebeneditina.org.br\/ispx\/aula-de-robotica-estimula-estrategia-e-criatividade-no-2o-ano-a\/\"><h3 class=\"news-title\">Aula de Rob\u00f3tica Estimula Estrat\u00e9gia e Criatividade no 2\u00ba Ano A<\/h3><\/a><p>Durante a aula de Rob\u00f3tica da turma do 2\u00ba Ano A, conduzida pela professora Rubia,...<\/p>\n<\/div><\/div><\/div><\/div><div class=\"edubin-col-12 edubin-col-sm-6 edubin-col-md-6 edubin-col-lg-6\" data-sal><div class=\"edu-blog blog-style-6\"><div class=\"inner\"><div class=\"thumbnail\"><a href=\"https:\/\/redebeneditina.org.br\/ispx\/dia-tematico-do-terceirao-um-show-de-breguice-e-criatividade\/\"><img loading=\"lazy\" decoding=\"async\" width=\"1080\" height=\"810\" src=\"https:\/\/redebeneditina.org.br\/ispx\/wp-content\/uploads\/2026\/03\/2026-ensino-medio-instituto-sao-piox-osasco-1-3.jpg\" class=\"attachment-course_thumb size-course_thumb wp-post-image\" alt=\"\" srcset=\"https:\/\/redebeneditina.org.br\/ispx\/wp-content\/uploads\/2026\/03\/2026-ensino-medio-instituto-sao-piox-osasco-1-3.jpg 1080w, https:\/\/redebeneditina.org.br\/ispx\/wp-content\/uploads\/2026\/03\/2026-ensino-medio-instituto-sao-piox-osasco-1-3-300x225.jpg 300w, https:\/\/redebeneditina.org.br\/ispx\/wp-content\/uploads\/2026\/03\/2026-ensino-medio-instituto-sao-piox-osasco-1-3-1024x768.jpg 1024w, https:\/\/redebeneditina.org.br\/ispx\/wp-content\/uploads\/2026\/03\/2026-ensino-medio-instituto-sao-piox-osasco-1-3-768x576.jpg 768w\" sizes=\"(max-width: 1080px) 100vw, 1080px\" \/><\/a><\/div><div class=\"content position-top\"><ul class=\"blog-meta\"><li><i class=\"flaticon-calendar\"><\/i>31\/03\/2026<\/li><\/ul><a href=\"https:\/\/redebeneditina.org.br\/ispx\/dia-tematico-do-terceirao-um-show-de-breguice-e-criatividade\/\"><h3 class=\"news-title\">Dia Tem\u00e1tico do Terceir\u00e3o: Um Show de Breguice e Criatividade<\/h3><\/a><p>O segundo dia tem\u00e1tico do Terceir\u00e3o foi marcado pelo estilo brega e nossos alunos arrasaram...<\/p>\n<\/div><\/div><\/div><\/div><nav class=\"edubin-pagination-wrapper edubin-col-12 tpc-custom-pagination\" role=\"navigation\" aria-label=\"Posts\"><div class=\"page-number\"><span aria-current=\"page\" class=\"page-numbers current\">1<\/span>\n<a class=\"page-numbers\" href=\"https:\/\/redebeneditina.org.br\/ispx\/wp-json\/wp\/v2\/pages\/19034\/page\/2\/\">2<\/a>\n<span class=\"page-numbers dots\">&hellip;<\/span>\n<a class=\"page-numbers\" href=\"https:\/\/redebeneditina.org.br\/ispx\/wp-json\/wp\/v2\/pages\/19034\/page\/58\/\">58<\/a>\n<a class=\"page-numbers\" href=\"https:\/\/redebeneditina.org.br\/ispx\/wp-json\/wp\/v2\/pages\/19034\/page\/59\/\">59<\/a>\n<a class=\"next page-numbers\" href=\"https:\/\/redebeneditina.org.br\/ispx\/wp-json\/wp\/v2\/pages\/19034\/page\/2\/\"><i class=\"edubin-pagination-icon flaticon-next\" aria-hidden=\"true\"><\/i><\/a><\/div><\/nav><\/div>\t\t\t\t<\/div>\n\t\t\t\t<\/div>\n\t\t\t\t\t<\/div>\n\t\t<\/div>\n\t\t\t\t<div class=\"elementor-column elementor-col-33 elementor-top-column elementor-element elementor-element-e494ce2\" data-id=\"e494ce2\" data-element_type=\"column\" data-e-type=\"column\" data-settings=\"{&quot;background_background&quot;:&quot;gradient&quot;}\">\n\t\t\t<div class=\"elementor-widget-wrap elementor-element-populated\">\n\t\t\t\t\t\t<div class=\"elementor-element elementor-element-cf68845 elementor-widget elementor-widget-spacer\" data-id=\"cf68845\" data-element_type=\"widget\" data-e-type=\"widget\" data-widget_type=\"spacer.default\">\n\t\t\t\t<div class=\"elementor-widget-container\">\n\t\t\t\t\t\t\t<div class=\"elementor-spacer\">\n\t\t\t<div class=\"elementor-spacer-inner\"><\/div>\n\t\t<\/div>\n\t\t\t\t\t\t<\/div>\n\t\t\t\t<\/div>\n\t\t\t\t<div class=\"elementor-element elementor-element-3b81890 elementor-widget elementor-widget-heading\" data-id=\"3b81890\" data-element_type=\"widget\" data-e-type=\"widget\" data-widget_type=\"heading.default\">\n\t\t\t\t<div class=\"elementor-widget-container\">\n\t\t\t\t\t<h4 class=\"elementor-heading-title elementor-size-default\">Pesquisar no site<\/h4>\t\t\t\t<\/div>\n\t\t\t\t<\/div>\n\t\t\t\t<div class=\"elementor-element elementor-element-0f6fab5 elementor-widget elementor-widget-edubin-search\" data-id=\"0f6fab5\" data-element_type=\"widget\" data-e-type=\"widget\" data-widget_type=\"edubin-search.default\">\n\t\t\t\t<div class=\"elementor-widget-container\">\n\t\t\t\t\t<div class=\"edubin-search-box-wrap edubin-search-sty-wraple-1\"><form class=\"edubin-archive-course-search-form\" method=\"get\" action=\"https:\/\/redebeneditina.org.br\/ispx\/\"><input type=\"text\" value=\"\" name=\"s\" placeholder=\"Digite uma palavra ...\" class=\"input-search\" autocomplete=\"off\" \/><input type=\"hidden\" value=\"wp_course_search\" name=\"tpc_wp_course_filter\" \/><button class=\"btn-search search-trigger search-button\"><i class=\"flaticon-search\"><\/i> <\/button><\/form><\/div>\t\t\t\t<\/div>\n\t\t\t\t<\/div>\n\t\t\t\t<div class=\"elementor-element elementor-element-cf75f93 elementor-widget elementor-widget-spacer\" data-id=\"cf75f93\" data-element_type=\"widget\" data-e-type=\"widget\" data-widget_type=\"spacer.default\">\n\t\t\t\t<div class=\"elementor-widget-container\">\n\t\t\t\t\t\t\t<div class=\"elementor-spacer\">\n\t\t\t<div class=\"elementor-spacer-inner\"><\/div>\n\t\t<\/div>\n\t\t\t\t\t\t<\/div>\n\t\t\t\t<\/div>\n\t\t\t\t<div class=\"elementor-element elementor-element-f52ae5f elementor-widget elementor-widget-heading\" data-id=\"f52ae5f\" data-element_type=\"widget\" data-e-type=\"widget\" data-widget_type=\"heading.default\">\n\t\t\t\t<div class=\"elementor-widget-container\">\n\t\t\t\t\t<h4 class=\"elementor-heading-title elementor-size-default\">Explore por Segmento<\/h4>\t\t\t\t<\/div>\n\t\t\t\t<\/div>\n\t\t\t\t<div class=\"elementor-element elementor-element-119597a elementor-widget elementor-widget-edubin-menu-list\" data-id=\"119597a\" data-element_type=\"widget\" data-e-type=\"widget\" data-widget_type=\"edubin-menu-list.default\">\n\t\t\t\t<div class=\"elementor-widget-container\">\n\t\t\t\t\t<div class=\"edubin-el-single-depth-menu\"><nav class=\"edubin-el-menu-list\"><ul id=\"menu-1-119597a\" class=\"edubin-nav-dropdown-menu\"><li id=\"menu-item-41876\" class=\"menu-item menu-item-type-taxonomy menu-item-object-category menu-item-41876\"><a href=\"https:\/\/redebeneditina.org.br\/ispx\/category\/ed-infantil\/\">\ud83e\uddf8  Educa\u00e7\u00e3o Infantil<\/a><\/li>\n<li id=\"menu-item-41875\" class=\"menu-item menu-item-type-taxonomy menu-item-object-category menu-item-41875\"><a href=\"https:\/\/redebeneditina.org.br\/ispx\/category\/ens-fund_i\/\">\ud83d\udcda  Ensino Fundamental &#8211; 1\u00ba ao 5\u00ba ano<\/a><\/li>\n<li id=\"menu-item-41877\" class=\"menu-item menu-item-type-taxonomy menu-item-object-category menu-item-41877\"><a href=\"https:\/\/redebeneditina.org.br\/ispx\/category\/ens-fund_ii\/\">\ud83d\udcd8  Ensino Fundamental &#8211; 6\u00ba ao 9\u00ba ano<\/a><\/li>\n<li id=\"menu-item-41878\" class=\"menu-item menu-item-type-taxonomy menu-item-object-category menu-item-41878\"><a href=\"https:\/\/redebeneditina.org.br\/ispx\/category\/ens-medio\/\">\ud83c\udf93 Ensino M\u00e9dio<\/a><\/li>\n<\/ul><\/nav><\/div>\t\t\t\t<\/div>\n\t\t\t\t<\/div>\n\t\t\t\t<div class=\"elementor-element elementor-element-3df33f0 elementor-widget elementor-widget-spacer\" data-id=\"3df33f0\" data-element_type=\"widget\" data-e-type=\"widget\" data-widget_type=\"spacer.default\">\n\t\t\t\t<div class=\"elementor-widget-container\">\n\t\t\t\t\t\t\t<div class=\"elementor-spacer\">\n\t\t\t<div class=\"elementor-spacer-inner\"><\/div>\n\t\t<\/div>\n\t\t\t\t\t\t<\/div>\n\t\t\t\t<\/div>\n\t\t\t\t<div class=\"elementor-element elementor-element-fe9fe70 elementor-widget elementor-widget-image\" data-id=\"fe9fe70\" data-element_type=\"widget\" data-e-type=\"widget\" data-widget_type=\"image.default\">\n\t\t\t\t<div class=\"elementor-widget-container\">\n\t\t\t\t\t\t\t\t\t\t\t\t\t\t\t\t<a href=\"https:\/\/redebeneditina.org.br\/ispx\/category\/pastoral-escolar\/\">\n\t\t\t\t\t\t\t<img loading=\"lazy\" decoding=\"async\" width=\"277\" height=\"173\" src=\"https:\/\/redebeneditina.org.br\/ispx\/wp-content\/uploads\/2025\/05\/botao-past-escolar-rb-piox.jpg\" class=\"attachment-large size-large wp-image-41879\" alt=\"\" \/>\t\t\t\t\t\t\t\t<\/a>\n\t\t\t\t\t\t\t\t\t\t\t\t\t\t\t<\/div>\n\t\t\t\t<\/div>\n\t\t\t\t<div class=\"elementor-element elementor-element-349311a elementor-widget elementor-widget-spacer\" data-id=\"349311a\" data-element_type=\"widget\" data-e-type=\"widget\" data-widget_type=\"spacer.default\">\n\t\t\t\t<div class=\"elementor-widget-container\">\n\t\t\t\t\t\t\t<div class=\"elementor-spacer\">\n\t\t\t<div class=\"elementor-spacer-inner\"><\/div>\n\t\t<\/div>\n\t\t\t\t\t\t<\/div>\n\t\t\t\t<\/div>\n\t\t\t\t<div class=\"elementor-element elementor-element-e6d7668 elementor-widget elementor-widget-heading\" data-id=\"e6d7668\" data-element_type=\"widget\" data-e-type=\"widget\" data-widget_type=\"heading.default\">\n\t\t\t\t<div class=\"elementor-widget-container\">\n\t\t\t\t\t<h4 class=\"elementor-heading-title elementor-size-default\">Publica\u00e7\u00f5es por ano<\/h4>\t\t\t\t<\/div>\n\t\t\t\t<\/div>\n\t\t\t\t<div class=\"elementor-element elementor-element-5eba82b elementor-widget elementor-widget-edubin-menu-list\" data-id=\"5eba82b\" data-element_type=\"widget\" data-e-type=\"widget\" data-widget_type=\"edubin-menu-list.default\">\n\t\t\t\t<div class=\"elementor-widget-container\">\n\t\t\t\t\t<div class=\"edubin-el-single-depth-menu\"><nav class=\"edubin-el-menu-list\"><ul id=\"menu-1-5eba82b\" class=\"edubin-nav-dropdown-menu\"><li id=\"menu-item-41882\" class=\"menu-item menu-item-type-taxonomy menu-item-object-category menu-item-41882\"><a href=\"https:\/\/redebeneditina.org.br\/ispx\/category\/noticias\/noticia-piox-2025\/\">\u00bb  Ano 2025<\/a><\/li>\n<li id=\"menu-item-41880\" class=\"menu-item menu-item-type-taxonomy menu-item-object-category menu-item-41880\"><a href=\"https:\/\/redebeneditina.org.br\/ispx\/category\/noticias\/noticias2024\/\">\u00bb  Ano 2024<\/a><\/li>\n<li id=\"menu-item-41881\" class=\"menu-item menu-item-type-taxonomy menu-item-object-category menu-item-41881\"><a href=\"https:\/\/redebeneditina.org.br\/ispx\/category\/noticias\/ano-2023\/\">\u00bb  Ano 2023<\/a><\/li>\n<li id=\"menu-item-52592\" class=\"menu-item menu-item-type-taxonomy menu-item-object-category menu-item-52592\"><a href=\"https:\/\/redebeneditina.org.br\/ispx\/category\/noticias\/noticias-ano2026\/\">\u00bb Ano 2026<\/a><\/li>\n<\/ul><\/nav><\/div>\t\t\t\t<\/div>\n\t\t\t\t<\/div>\n\t\t\t\t\t<\/div>\n\t\t<\/div>\n\t\t\t\t\t<\/div>\n\t\t<\/section>\n\t\t\t\t<\/div>\n\t\t","protected":false},"excerpt":{"rendered":"<p>10\/10\/2025 Del\u00edcia no 2\u00ba B: Culin\u00e1ria de Waffle! A turma do 2\u00ba B viveu um momento especial e saboroso durante a Semana das&#8230; 10\/10\/2025 Donuts na Semana das Crian\u00e7as! &#8211; Maternal I e II A turminha do Maternal I e II colocou a m\u00e3o na massa e se divertiu&#8230; 09\/10\/2025 Culin\u00e1ria do 3\u00ba Ano B&#8230;<\/p>\n","protected":false},"author":2,"featured_media":0,"parent":0,"menu_order":0,"comment_status":"closed","ping_status":"closed","template":"elementor_theme","meta":{"_monsterinsights_skip_tracking":false,"_monsterinsights_sitenote_active":false,"_monsterinsights_sitenote_note":"","_monsterinsights_sitenote_category":0,"ngg_post_thumbnail":0,"footnotes":""},"class_list":["post-19034","page","type-page","status-publish","hentry"],"_links":{"self":[{"href":"https:\/\/redebeneditina.org.br\/ispx\/wp-json\/wp\/v2\/pages\/19034","targetHints":{"allow":["GET"]}}],"collection":[{"href":"https:\/\/redebeneditina.org.br\/ispx\/wp-json\/wp\/v2\/pages"}],"about":[{"href":"https:\/\/redebeneditina.org.br\/ispx\/wp-json\/wp\/v2\/types\/page"}],"author":[{"embeddable":true,"href":"https:\/\/redebeneditina.org.br\/ispx\/wp-json\/wp\/v2\/users\/2"}],"replies":[{"embeddable":true,"href":"https:\/\/redebeneditina.org.br\/ispx\/wp-json\/wp\/v2\/comments?post=19034"}],"version-history":[{"count":119,"href":"https:\/\/redebeneditina.org.br\/ispx\/wp-json\/wp\/v2\/pages\/19034\/revisions"}],"predecessor-version":[{"id":49272,"href":"https:\/\/redebeneditina.org.br\/ispx\/wp-json\/wp\/v2\/pages\/19034\/revisions\/49272"}],"wp:attachment":[{"href":"https:\/\/redebeneditina.org.br\/ispx\/wp-json\/wp\/v2\/media?parent=19034"}],"curies":[{"name":"wp","href":"https:\/\/api.w.org\/{rel}","templated":true}]}}