{"id":14407,"date":"2023-06-15T16:39:39","date_gmt":"2023-06-15T16:39:39","guid":{"rendered":"https:\/\/redebeneditina.org.br\/pioxi\/?page_id=14407"},"modified":"2026-02-24T09:12:58","modified_gmt":"2026-02-24T12:12:58","slug":"atividades","status":"publish","type":"page","link":"https:\/\/redebeneditina.org.br\/pioxi\/atividades\/","title":{"rendered":"Atividades"},"content":{"rendered":"\t\t<div data-elementor-type=\"wp-page\" data-elementor-id=\"14407\" class=\"elementor elementor-14407\">\n\t\t\t\t\t\t<section class=\"elementor-section elementor-top-section elementor-element elementor-element-30fb8395 elementor-section-boxed elementor-section-height-default elementor-section-height-default\" data-id=\"30fb8395\" data-element_type=\"section\" data-e-type=\"section\" data-settings=\"{&quot;background_background&quot;:&quot;classic&quot;}\">\n\t\t\t\t\t\t<div class=\"elementor-container elementor-column-gap-default\">\n\t\t\t\t\t<div class=\"elementor-column elementor-col-100 elementor-top-column elementor-element elementor-element-2ae74841\" data-id=\"2ae74841\" data-element_type=\"column\" data-e-type=\"column\">\n\t\t\t<div class=\"elementor-widget-wrap elementor-element-populated\">\n\t\t\t\t\t\t<section class=\"elementor-section elementor-inner-section elementor-element elementor-element-7023f868 elementor-section-boxed elementor-section-height-default elementor-section-height-default\" data-id=\"7023f868\" data-element_type=\"section\" data-e-type=\"section\">\n\t\t\t\t\t\t<div class=\"elementor-container elementor-column-gap-default\">\n\t\t\t\t\t<div class=\"elementor-column elementor-col-100 elementor-inner-column elementor-element elementor-element-2ac0c66\" data-id=\"2ac0c66\" data-element_type=\"column\" data-e-type=\"column\">\n\t\t\t<div class=\"elementor-widget-wrap elementor-element-populated\">\n\t\t\t\t\t\t<div class=\"elementor-element elementor-element-2e880e46 edubin-title-align-left elementor-widget elementor-widget-section-title-addons\" data-id=\"2e880e46\" data-element_type=\"widget\" data-e-type=\"widget\" data-widget_type=\"section-title-addons.default\">\n\t\t\t\t<div class=\"elementor-widget-container\">\n\t\t\t\t\t            <div class=\"edubin-section-title edubin-subtitle-position-top title-style-four\">\r\n                <h2 class=\"section-title-txt\">Atividades <\/h2><div class=edubin-title-sperator-sec><span class=\"edubin-title-sperator\">&nbsp;<\/span><\/div><p class=\"section-subtitle-txt\">Instituto Pio XI<\/p>            <\/div>\r\n\r\n        \t\t\t\t<\/div>\n\t\t\t\t<\/div>\n\t\t\t\t<div class=\"elementor-element elementor-element-692cad0f elementor-widget elementor-widget-text-editor\" data-id=\"692cad0f\" data-element_type=\"widget\" data-e-type=\"widget\" data-widget_type=\"text-editor.default\">\n\t\t\t\t<div class=\"elementor-widget-container\">\n\t\t\t\t\t\t\t\t\t<p>Confira as <strong>atividades extracurriculares<\/strong> do Instituto Pio XI:<\/p>\t\t\t\t\t\t\t\t<\/div>\n\t\t\t\t<\/div>\n\t\t\t\t\t<\/div>\n\t\t<\/div>\n\t\t\t\t\t<\/div>\n\t\t<\/section>\n\t\t\t\t\t<\/div>\n\t\t<\/div>\n\t\t\t\t\t<\/div>\n\t\t<\/section>\n\t\t\t\t<section class=\"elementor-section elementor-inner-section elementor-element elementor-element-5311f2a7 elementor-section-boxed elementor-section-height-default elementor-section-height-default\" data-id=\"5311f2a7\" data-element_type=\"section\" data-e-type=\"section\">\n\t\t\t\t\t\t<div class=\"elementor-container elementor-column-gap-default\">\n\t\t\t\t\t<div class=\"elementor-column elementor-col-33 elementor-inner-column elementor-element elementor-element-274ee995\" data-id=\"274ee995\" data-element_type=\"column\" data-e-type=\"column\" data-settings=\"{&quot;background_background&quot;:&quot;classic&quot;}\">\n\t\t\t<div class=\"elementor-widget-wrap elementor-element-populated\">\n\t\t\t\t\t\t<div class=\"elementor-element elementor-element-603d9c4f elementor-view-default elementor-position-top elementor-vertical-align-top elementor-invisible elementor-widget elementor-widget-edubin-custom-icon\" data-id=\"603d9c4f\" data-element_type=\"widget\" data-e-type=\"widget\" data-settings=\"{&quot;_animation&quot;:&quot;slideInLeft&quot;}\" data-widget_type=\"edubin-custom-icon.default\">\n\t\t\t\t<div class=\"elementor-widget-container\">\n\t\t\t\t\t        <div class=\"elementor-icon-box-wrapper\">\n                        <div class=\"elementor-icon-box-icon\">\n                <a class=\"elementor-icon elementor-animation-\" href=\"https:\/\/redebeneditina.org.br\/pioxi\/atividades-esportivas\/\">\n\n                \n                        <div class=\"icon-shape-wrap\"><\/div>\n                            <i><img decoding=\"async\" src=\"https:\/\/redebeneditina.org.br\/pioxi\/wp-content\/uploads\/2023\/06\/atividade-esportiva-piox.png\" title=\"Instituto Pio XI\" alt=\"Instituto Pio XI\" loading=\"lazy\" \/><\/i>\n\n                    \n                <\/a>\n            <\/div>\n                        <div class=\"elementor-icon-box-content\">\n                <h3 class=\"elementor-icon-box-title\">\n                    <a href=\"https:\/\/redebeneditina.org.br\/pioxi\/atividades-esportivas\/\" >\n                        Atividades Esportivas                    <\/a>\n                <\/h3>\n                                    <p class=\"elementor-icon-box-description\">\n                        <a href=\"https:\/\/redebeneditina.org.br\/pioxi\/atividades-esportivas\/\">Ao longo do ano, acontecem atividades esportivas, cujo objetivo \u00e9 manter a ... <a>                    <\/p>\n                            <\/div>\n        <\/div>\n        \t\t\t\t<\/div>\n\t\t\t\t<\/div>\n\t\t\t\t\t<\/div>\n\t\t<\/div>\n\t\t\t\t<div class=\"elementor-column elementor-col-33 elementor-inner-column elementor-element elementor-element-2f59a8ae\" data-id=\"2f59a8ae\" data-element_type=\"column\" data-e-type=\"column\" data-settings=\"{&quot;background_background&quot;:&quot;classic&quot;}\">\n\t\t\t<div class=\"elementor-widget-wrap elementor-element-populated\">\n\t\t\t\t\t\t<div class=\"elementor-element elementor-element-1739ebc1 elementor-view-default elementor-position-top elementor-vertical-align-top elementor-invisible elementor-widget elementor-widget-edubin-custom-icon\" data-id=\"1739ebc1\" data-element_type=\"widget\" data-e-type=\"widget\" data-settings=\"{&quot;_animation&quot;:&quot;slideInUp&quot;}\" data-widget_type=\"edubin-custom-icon.default\">\n\t\t\t\t<div class=\"elementor-widget-container\">\n\t\t\t\t\t        <div class=\"elementor-icon-box-wrapper\">\n                        <div class=\"elementor-icon-box-icon\">\n                <a class=\"elementor-icon elementor-animation-\" href=\"https:\/\/redebeneditina.org.br\/pioxi\/coral\/\">\n\n                \n                        <div class=\"icon-shape-wrap\"><\/div>\n                            <i><img decoding=\"async\" src=\"https:\/\/redebeneditina.org.br\/pioxi\/wp-content\/uploads\/2023\/06\/coral-piox.png\" title=\"Instituto Pio XI\" alt=\"Instituto Pio XI\" loading=\"lazy\" \/><\/i>\n\n                    \n                <\/a>\n            <\/div>\n                        <div class=\"elementor-icon-box-content\">\n                <h3 class=\"elementor-icon-box-title\">\n                    <a href=\"https:\/\/redebeneditina.org.br\/pioxi\/coral\/\" >\n                        Coral                    <\/a>\n                <\/h3>\n                                    <p class=\"elementor-icon-box-description\">\n                        <a href=\"https:\/\/redebeneditina.org.br\/pioxi\/coral\/\">Atividades culturais e religiosas, apresenta\u00e7\u00f5es televisivas   ... <a>                    <\/p>\n                            <\/div>\n        <\/div>\n        \t\t\t\t<\/div>\n\t\t\t\t<\/div>\n\t\t\t\t\t<\/div>\n\t\t<\/div>\n\t\t\t\t<div class=\"elementor-column elementor-col-33 elementor-inner-column elementor-element elementor-element-3ef18b92\" data-id=\"3ef18b92\" data-element_type=\"column\" data-e-type=\"column\" data-settings=\"{&quot;background_background&quot;:&quot;classic&quot;}\">\n\t\t\t<div class=\"elementor-widget-wrap elementor-element-populated\">\n\t\t\t\t\t\t<div class=\"elementor-element elementor-element-2376c1a9 elementor-view-default elementor-position-top elementor-vertical-align-top elementor-invisible elementor-widget elementor-widget-edubin-custom-icon\" data-id=\"2376c1a9\" data-element_type=\"widget\" data-e-type=\"widget\" data-settings=\"{&quot;_animation&quot;:&quot;slideInRight&quot;}\" data-widget_type=\"edubin-custom-icon.default\">\n\t\t\t\t<div class=\"elementor-widget-container\">\n\t\t\t\t\t        <div class=\"elementor-icon-box-wrapper\">\n                        <div class=\"elementor-icon-box-icon\">\n                <a class=\"elementor-icon elementor-animation-\" href=\"https:\/\/redebeneditina.org.br\/pioxi\/saidas-culturais\/\">\n\n                \n                        <div class=\"icon-shape-wrap\"><\/div>\n                            <i><img decoding=\"async\" src=\"https:\/\/redebeneditina.org.br\/pioxi\/wp-content\/uploads\/2023\/06\/passeio-piox.png\" title=\"Instituto Pio XI\" alt=\"Instituto Pio XI\" loading=\"lazy\" \/><\/i>\n\n                    \n                <\/a>\n            <\/div>\n                        <div class=\"elementor-icon-box-content\">\n                <h3 class=\"elementor-icon-box-title\">\n                    <a href=\"https:\/\/redebeneditina.org.br\/pioxi\/saidas-culturais\/\" >\n                        Sa\u00eddas Culturais                    <\/a>\n                <\/h3>\n                                    <p class=\"elementor-icon-box-description\">\n                        <a href=\"https:\/\/redebeneditina.org.br\/pioxi\/saidas-culturais\/\">Os passeios, ao lado das atividades de oficina, funcionam como recurso   ... <a>                    <\/p>\n                            <\/div>\n        <\/div>\n        \t\t\t\t<\/div>\n\t\t\t\t<\/div>\n\t\t\t\t\t<\/div>\n\t\t<\/div>\n\t\t\t\t\t<\/div>\n\t\t<\/section>\n\t\t\t\t<section class=\"elementor-section elementor-top-section elementor-element elementor-element-d614a77 elementor-section-boxed elementor-section-height-default elementor-section-height-default\" data-id=\"d614a77\" data-element_type=\"section\" data-e-type=\"section\" data-settings=\"{&quot;background_background&quot;:&quot;classic&quot;}\">\n\t\t\t\t\t\t<div class=\"elementor-container elementor-column-gap-default\">\n\t\t\t\t\t<div class=\"elementor-column elementor-col-100 elementor-top-column elementor-element elementor-element-1f18ebd\" data-id=\"1f18ebd\" data-element_type=\"column\" data-e-type=\"column\">\n\t\t\t<div class=\"elementor-widget-wrap elementor-element-populated\">\n\t\t\t\t\t\t<section class=\"elementor-section elementor-inner-section elementor-element elementor-element-4762551 elementor-section-boxed elementor-section-height-default elementor-section-height-default\" data-id=\"4762551\" data-element_type=\"section\" data-e-type=\"section\">\n\t\t\t\t\t\t<div class=\"elementor-container elementor-column-gap-default\">\n\t\t\t\t\t<div class=\"elementor-column elementor-col-100 elementor-inner-column elementor-element elementor-element-33be36d\" data-id=\"33be36d\" data-element_type=\"column\" data-e-type=\"column\">\n\t\t\t<div class=\"elementor-widget-wrap elementor-element-populated\">\n\t\t\t\t\t\t<div class=\"elementor-element elementor-element-a006c9d elementor-widget elementor-widget-text-editor\" data-id=\"a006c9d\" data-element_type=\"widget\" data-e-type=\"widget\" data-widget_type=\"text-editor.default\">\n\t\t\t\t<div class=\"elementor-widget-container\">\n\t\t\t\t\t\t\t\t\t<p>Confira as <strong>atividades extraclasses<\/strong> do Instituto Pio XI:<\/p>\t\t\t\t\t\t\t\t<\/div>\n\t\t\t\t<\/div>\n\t\t\t\t\t<\/div>\n\t\t<\/div>\n\t\t\t\t\t<\/div>\n\t\t<\/section>\n\t\t\t\t\t<\/div>\n\t\t<\/div>\n\t\t\t\t\t<\/div>\n\t\t<\/section>\n\t\t\t\t<section class=\"elementor-section elementor-inner-section elementor-element elementor-element-87e8056 elementor-section-boxed elementor-section-height-default elementor-section-height-default\" data-id=\"87e8056\" data-element_type=\"section\" data-e-type=\"section\">\n\t\t\t\t\t\t<div class=\"elementor-container elementor-column-gap-default\">\n\t\t\t\t\t<div class=\"elementor-column elementor-col-33 elementor-inner-column elementor-element elementor-element-c3433b5\" data-id=\"c3433b5\" data-element_type=\"column\" data-e-type=\"column\" data-settings=\"{&quot;background_background&quot;:&quot;classic&quot;}\">\n\t\t\t<div class=\"elementor-widget-wrap elementor-element-populated\">\n\t\t\t\t\t\t<div class=\"elementor-element elementor-element-3ea17cf elementor-view-default elementor-position-top elementor-vertical-align-top elementor-invisible elementor-widget elementor-widget-edubin-custom-icon\" data-id=\"3ea17cf\" data-element_type=\"widget\" data-e-type=\"widget\" data-settings=\"{&quot;_animation&quot;:&quot;slideInLeft&quot;}\" data-widget_type=\"edubin-custom-icon.default\">\n\t\t\t\t<div class=\"elementor-widget-container\">\n\t\t\t\t\t        <div class=\"elementor-icon-box-wrapper\">\n                        <div class=\"elementor-icon-box-icon\">\n                <a class=\"elementor-icon elementor-animation-\" href=\"https:\/\/redebeneditina.org.br\/pioxi\/danca-e-judo\/\">\n\n                \n                        <div class=\"icon-shape-wrap\"><\/div>\n                            <i><img decoding=\"async\" src=\"https:\/\/redebeneditina.org.br\/pioxi\/wp-content\/uploads\/2023\/06\/ballet-piox.png\" title=\"ballet-piox.png\" alt=\"ballet-piox.png\" loading=\"lazy\" \/><\/i>\n\n                    \n                <\/a>\n            <\/div>\n                        <div class=\"elementor-icon-box-content\">\n                <h3 class=\"elementor-icon-box-title\">\n                    <a href=\"https:\/\/redebeneditina.org.br\/pioxi\/danca-e-judo\/\" >\n                        Jazz                    <\/a>\n                <\/h3>\n                                    <p class=\"elementor-icon-box-description\">\n                        <a href=\"https:\/\/redebeneditina.org.br\/pioxi\/danca-e-judo\/\">Confira a grade de hor\u00e1rio do Jazz pela La Vie Danse ... <a>                    <\/p>\n                            <\/div>\n        <\/div>\n        \t\t\t\t<\/div>\n\t\t\t\t<\/div>\n\t\t\t\t\t<\/div>\n\t\t<\/div>\n\t\t\t\t<div class=\"elementor-column elementor-col-33 elementor-inner-column elementor-element elementor-element-78a16dd\" data-id=\"78a16dd\" data-element_type=\"column\" data-e-type=\"column\" data-settings=\"{&quot;background_background&quot;:&quot;classic&quot;}\">\n\t\t\t<div class=\"elementor-widget-wrap elementor-element-populated\">\n\t\t\t\t\t\t<div class=\"elementor-element elementor-element-64cb24d elementor-view-default elementor-position-top elementor-vertical-align-top elementor-invisible elementor-widget elementor-widget-edubin-custom-icon\" data-id=\"64cb24d\" data-element_type=\"widget\" data-e-type=\"widget\" data-settings=\"{&quot;_animation&quot;:&quot;slideInLeft&quot;}\" data-widget_type=\"edubin-custom-icon.default\">\n\t\t\t\t<div class=\"elementor-widget-container\">\n\t\t\t\t\t        <div class=\"elementor-icon-box-wrapper\">\n                        <div class=\"elementor-icon-box-icon\">\n                <a class=\"elementor-icon elementor-animation-\" href=\"https:\/\/redebeneditina.org.br\/pioxi\/danca-e-judo\/\">\n\n                \n                        <div class=\"icon-shape-wrap\"><\/div>\n                            <i><img decoding=\"async\" src=\"https:\/\/redebeneditina.org.br\/pioxi\/wp-content\/uploads\/2023\/06\/ballet-piox.png\" title=\"ballet-piox.png\" alt=\"ballet-piox.png\" loading=\"lazy\" \/><\/i>\n\n                    \n                <\/a>\n            <\/div>\n                        <div class=\"elementor-icon-box-content\">\n                <h3 class=\"elementor-icon-box-title\">\n                    <a href=\"https:\/\/redebeneditina.org.br\/pioxi\/danca-e-judo\/\" >\n                        Ballet                    <\/a>\n                <\/h3>\n                                    <p class=\"elementor-icon-box-description\">\n                        <a href=\"https:\/\/redebeneditina.org.br\/pioxi\/danca-e-judo\/\">Confira a grade de hor\u00e1rio do Ballet pela La Vie Danse ... <a>                    <\/p>\n                            <\/div>\n        <\/div>\n        \t\t\t\t<\/div>\n\t\t\t\t<\/div>\n\t\t\t\t\t<\/div>\n\t\t<\/div>\n\t\t\t\t<div class=\"elementor-column elementor-col-33 elementor-inner-column elementor-element elementor-element-e84cbe0\" data-id=\"e84cbe0\" data-element_type=\"column\" data-e-type=\"column\" data-settings=\"{&quot;background_background&quot;:&quot;classic&quot;}\">\n\t\t\t<div class=\"elementor-widget-wrap elementor-element-populated\">\n\t\t\t\t\t\t<div class=\"elementor-element elementor-element-f342bde elementor-view-default elementor-position-top elementor-vertical-align-top elementor-invisible elementor-widget elementor-widget-edubin-custom-icon\" data-id=\"f342bde\" data-element_type=\"widget\" data-e-type=\"widget\" data-settings=\"{&quot;_animation&quot;:&quot;slideInLeft&quot;}\" data-widget_type=\"edubin-custom-icon.default\">\n\t\t\t\t<div class=\"elementor-widget-container\">\n\t\t\t\t\t        <div class=\"elementor-icon-box-wrapper\">\n                        <div class=\"elementor-icon-box-icon\">\n                <a class=\"elementor-icon elementor-animation-\" href=\"https:\/\/redebeneditina.org.br\/pioxi\/danca-e-judo\/\">\n\n                \n                        <div class=\"icon-shape-wrap\"><\/div>\n                            <i><img decoding=\"async\" src=\"https:\/\/redebeneditina.org.br\/pioxi\/wp-content\/uploads\/2023\/06\/judo-piox.png\" title=\"judo-piox.png\" alt=\"judo-piox.png\" loading=\"lazy\" \/><\/i>\n\n                    \n                <\/a>\n            <\/div>\n                        <div class=\"elementor-icon-box-content\">\n                <h3 class=\"elementor-icon-box-title\">\n                    <a href=\"https:\/\/redebeneditina.org.br\/pioxi\/danca-e-judo\/\" >\n                        Jud\u00f4                    <\/a>\n                <\/h3>\n                                    <p class=\"elementor-icon-box-description\">\n                        <a href=\"https:\/\/redebeneditina.org.br\/pioxi\/danca-e-judo\/\">Confira a grade de hor\u00e1rio do Jud\u00f4 pela La Vie Danse ... <a>                    <\/p>\n                            <\/div>\n        <\/div>\n        \t\t\t\t<\/div>\n\t\t\t\t<\/div>\n\t\t\t\t\t<\/div>\n\t\t<\/div>\n\t\t\t\t\t<\/div>\n\t\t<\/section>\n\t\t\t\t<section class=\"elementor-section elementor-top-section elementor-element elementor-element-435bcf44 elementor-section-stretched elementor-section-full_width elementor-section-height-default elementor-section-height-default\" data-id=\"435bcf44\" data-element_type=\"section\" data-e-type=\"section\" data-settings=\"{&quot;stretch_section&quot;:&quot;section-stretched&quot;,&quot;background_background&quot;:&quot;classic&quot;}\">\n\t\t\t\t\t\t<div class=\"elementor-container elementor-column-gap-no\">\n\t\t\t\t\t<div class=\"elementor-column elementor-col-100 elementor-top-column elementor-element elementor-element-5871b3dd\" data-id=\"5871b3dd\" data-element_type=\"column\" data-e-type=\"column\" data-settings=\"{&quot;background_background&quot;:&quot;slideshow&quot;,&quot;background_slideshow_gallery&quot;:[],&quot;background_slideshow_loop&quot;:&quot;yes&quot;,&quot;background_slideshow_slide_duration&quot;:5000,&quot;background_slideshow_slide_transition&quot;:&quot;fade&quot;,&quot;background_slideshow_transition_duration&quot;:500}\">\n\t\t\t<div class=\"elementor-widget-wrap elementor-element-populated\">\n\t\t\t\t\t\t<div class=\"elementor-element elementor-element-49f5d891 elementor-widget elementor-widget-edubin-slider-addons\" data-id=\"49f5d891\" data-element_type=\"widget\" data-e-type=\"widget\" data-widget_type=\"edubin-slider-addons.default\">\n\t\t\t\t<div class=\"elementor-widget-container\">\n\t\t\t\t\t<div class=\"edubin-slider\"><div class=\"edubin-advance-slider-active  \" data-settings=\"{&quot;arrows&quot;:false,&quot;autoplay&quot;:false,&quot;infinite_loop&quot;:false,&quot;autoplay_speed&quot;:12000,&quot;animation_speed&quot;:12000,&quot;pause_on_hover&quot;:false,&quot;pause_on_interaction&quot;:false,&quot;mouse_drag&quot;:false,&quot;touch_drag&quot;:false}\"><div class=\"tpc-slider-carousel swiper swiper-container\"><div class=\"swiper-wrapper\"><div class=\"swiper-slide\"><div class=\"item-wrap elementor-repeater-item-00c19a1\">                                    \r\n                                    <div class=\"slide\" style=\"\r\n                                        background-image: url(https:\/\/redebeneditina.org.br\/pioxi\/wp-content\/uploads\/2023\/06\/bg-agende-visita-pioxi.jpg); \r\n                                        background-size: cover; \r\n                                        background-position: left top; \r\n                                    \">\r\n\r\n                                    <div class=\"edubin-slider-background-overlay\" ><\/div><div class=\"container\"><div class=\"row edubin-row\"><div class=\"edubin-col-xl-12 edubin-col-lg-12 edubin-col-md-12 edubin-col-sm-12 content-column\"><div class=\"content-box text-left\"><h3 class=\"edubin-slider-subtitle anim-to-top\" ><\/h3><h1 class=\"slider-title anim-to-right\" >Agende<span> uma visita <\/span><\/h1><div class=\"edubin-slider-content anim-to-left\" >Ficaremos muito felizes em apresentar nossa escola e proposta pedag\u00f3gica \u00e0s fam\u00edlias interessadas. <\/div><div class=\"button-box edubin-slider-btn anim-to-top\"><\/div><\/div><\/div><\/div><\/div><\/div><\/div><\/div><\/div><\/div><\/div><\/div>\t\t\t\t<\/div>\n\t\t\t\t<\/div>\n\t\t\t\t\t<\/div>\n\t\t<\/div>\n\t\t\t\t\t<\/div>\n\t\t<\/section>\n\t\t\t\t<section class=\"elementor-section elementor-top-section elementor-element elementor-element-47cffdcf elementor-section-stretched elementor-section-boxed elementor-section-height-default elementor-section-height-default\" data-id=\"47cffdcf\" data-element_type=\"section\" data-e-type=\"section\" data-settings=\"{&quot;stretch_section&quot;:&quot;section-stretched&quot;}\">\n\t\t\t\t\t\t<div class=\"elementor-container elementor-column-gap-default\">\n\t\t\t\t\t<div class=\"elementor-column elementor-col-100 elementor-top-column elementor-element elementor-element-1a79f6d9\" data-id=\"1a79f6d9\" data-element_type=\"column\" data-e-type=\"column\" data-settings=\"{&quot;background_background&quot;:&quot;classic&quot;}\">\n\t\t\t<div class=\"elementor-widget-wrap elementor-element-populated\">\n\t\t\t\t\t\t<section class=\"elementor-section elementor-inner-section elementor-element elementor-element-6f0bc4dd elementor-section-content-middle elementor-section-boxed elementor-section-height-default elementor-section-height-default\" data-id=\"6f0bc4dd\" data-element_type=\"section\" data-e-type=\"section\" data-settings=\"{&quot;background_background&quot;:&quot;classic&quot;}\">\n\t\t\t\t\t\t<div class=\"elementor-container elementor-column-gap-default\">\n\t\t\t\t\t<div class=\"elementor-column elementor-col-33 elementor-inner-column elementor-element elementor-element-2757e339\" data-id=\"2757e339\" data-element_type=\"column\" data-e-type=\"column\" data-settings=\"{&quot;background_background&quot;:&quot;classic&quot;}\">\n\t\t\t<div class=\"elementor-widget-wrap elementor-element-populated\">\n\t\t\t\t\t<div class=\"elementor-background-overlay\"><\/div>\n\t\t\t\t\t\t<div class=\"elementor-element elementor-element-56b102bd elementor-position-left elementor-vertical-align-middle elementor-widget elementor-widget-image-box\" data-id=\"56b102bd\" data-element_type=\"widget\" data-e-type=\"widget\" data-settings=\"{&quot;_animation&quot;:&quot;none&quot;}\" data-widget_type=\"image-box.default\">\n\t\t\t\t<div class=\"elementor-widget-container\">\n\t\t\t\t\t<div class=\"elementor-image-box-wrapper\"><figure class=\"elementor-image-box-img\"><a href=\"https:\/\/wa.me\/5521996833909?text=Ol\u00e1!%20Eu%20vim%20pelo%20site%20Instituto%20Pio%20XI%20e%20gostaria%20de%20agendar%20uma%20visita.\" tabindex=\"-1\"><img decoding=\"async\" width=\"66\" height=\"66\" src=\"https:\/\/redebeneditina.org.br\/pioxi\/wp-content\/uploads\/2023\/05\/agende-whats-2.png\" class=\"elementor-animation-grow attachment-full size-full wp-image-12146\" alt=\"\" \/><\/a><\/figure><div class=\"elementor-image-box-content\"><h2 class=\"elementor-image-box-title\"><a href=\"https:\/\/wa.me\/5521996833909?text=Ol\u00e1!%20Eu%20vim%20pelo%20site%20Instituto%20Pio%20XI%20e%20gostaria%20de%20agendar%20uma%20visita.\">Via Whatsapp<\/a><\/h2><\/div><\/div>\t\t\t\t<\/div>\n\t\t\t\t<\/div>\n\t\t\t\t<div class=\"elementor-element elementor-element-18529ac0 elementor-align-right elementor-mobile-align-center elementor-button-info elementor-widget elementor-widget-button\" data-id=\"18529ac0\" data-element_type=\"widget\" data-e-type=\"widget\" data-widget_type=\"button.default\">\n\t\t\t\t<div class=\"elementor-widget-container\">\n\t\t\t\t\t\t\t\t\t<div class=\"elementor-button-wrapper\">\n\t\t\t\t\t<a class=\"elementor-button elementor-button-link elementor-size-sm elementor-animation-skew-forward\" href=\"https:\/\/wa.me\/5521996833909?text=Ol\u00e1!%20Eu%20vim%20pelo%20site%20Instituto%20Pio%20XI%20e%20gostaria%20de%20agendar%20uma%20visita.\">\n\t\t\t\t\t\t<span class=\"elementor-button-content-wrapper\">\n\t\t\t\t\t\t<span class=\"elementor-button-icon\">\n\t\t\t\t<i aria-hidden=\"true\" class=\"fas fa-angle-double-right\"><\/i>\t\t\t<\/span>\n\t\t\t\t\t\t\t\t\t<span class=\"elementor-button-text\">99683-3909<\/span>\n\t\t\t\t\t<\/span>\n\t\t\t\t\t<\/a>\n\t\t\t\t<\/div>\n\t\t\t\t\t\t\t\t<\/div>\n\t\t\t\t<\/div>\n\t\t\t\t\t<\/div>\n\t\t<\/div>\n\t\t\t\t<div class=\"elementor-column elementor-col-33 elementor-inner-column elementor-element elementor-element-318b05ad\" data-id=\"318b05ad\" data-element_type=\"column\" data-e-type=\"column\" data-settings=\"{&quot;background_background&quot;:&quot;classic&quot;}\">\n\t\t\t<div class=\"elementor-widget-wrap elementor-element-populated\">\n\t\t\t\t\t<div class=\"elementor-background-overlay\"><\/div>\n\t\t\t\t\t\t<div class=\"elementor-element elementor-element-bfa91cd elementor-position-left elementor-vertical-align-middle elementor-widget elementor-widget-image-box\" data-id=\"bfa91cd\" data-element_type=\"widget\" data-e-type=\"widget\" data-settings=\"{&quot;_animation&quot;:&quot;none&quot;}\" data-widget_type=\"image-box.default\">\n\t\t\t\t<div class=\"elementor-widget-container\">\n\t\t\t\t\t<div class=\"elementor-image-box-wrapper\"><figure class=\"elementor-image-box-img\"><a href=\"tel:+552131941401\" tabindex=\"-1\"><img decoding=\"async\" width=\"66\" height=\"66\" src=\"https:\/\/redebeneditina.org.br\/pioxi\/wp-content\/uploads\/2023\/05\/agenda-tel-2-2.png\" class=\"elementor-animation-grow attachment-full size-full wp-image-12149\" alt=\"\" \/><\/a><\/figure><div class=\"elementor-image-box-content\"><h2 class=\"elementor-image-box-title\"><a href=\"tel:+552131941401\">Via Telefone<\/a><\/h2><\/div><\/div>\t\t\t\t<\/div>\n\t\t\t\t<\/div>\n\t\t\t\t<div class=\"elementor-element elementor-element-4ba2712d elementor-align-right elementor-mobile-align-center elementor-widget elementor-widget-button\" data-id=\"4ba2712d\" data-element_type=\"widget\" data-e-type=\"widget\" data-widget_type=\"button.default\">\n\t\t\t\t<div class=\"elementor-widget-container\">\n\t\t\t\t\t\t\t\t\t<div class=\"elementor-button-wrapper\">\n\t\t\t\t\t<a class=\"elementor-button elementor-button-link elementor-size-sm elementor-animation-skew-forward\" href=\"tel:+552131941400\">\n\t\t\t\t\t\t<span class=\"elementor-button-content-wrapper\">\n\t\t\t\t\t\t<span class=\"elementor-button-icon\">\n\t\t\t\t<i aria-hidden=\"true\" class=\"fas fa-angle-double-right\"><\/i>\t\t\t<\/span>\n\t\t\t\t\t\t\t\t\t<span class=\"elementor-button-text\">3194-1400<\/span>\n\t\t\t\t\t<\/span>\n\t\t\t\t\t<\/a>\n\t\t\t\t<\/div>\n\t\t\t\t\t\t\t\t<\/div>\n\t\t\t\t<\/div>\n\t\t\t\t\t<\/div>\n\t\t<\/div>\n\t\t\t\t<div class=\"elementor-column elementor-col-33 elementor-inner-column elementor-element elementor-element-335ac418\" data-id=\"335ac418\" data-element_type=\"column\" data-e-type=\"column\" data-settings=\"{&quot;background_background&quot;:&quot;classic&quot;}\">\n\t\t\t<div class=\"elementor-widget-wrap elementor-element-populated\">\n\t\t\t\t\t<div class=\"elementor-background-overlay\"><\/div>\n\t\t\t\t\t\t<div class=\"elementor-element elementor-element-4e3b1c7 elementor-position-left elementor-vertical-align-middle elementor-widget elementor-widget-image-box\" data-id=\"4e3b1c7\" data-element_type=\"widget\" data-e-type=\"widget\" data-settings=\"{&quot;_animation&quot;:&quot;none&quot;}\" data-widget_type=\"image-box.default\">\n\t\t\t\t<div class=\"elementor-widget-container\">\n\t\t\t\t\t<div class=\"elementor-image-box-wrapper\"><figure class=\"elementor-image-box-img\"><a href=\"https:\/\/redebeneditina.org.br\/pioxi\/contato\/\" tabindex=\"-1\"><img decoding=\"async\" width=\"66\" height=\"66\" src=\"https:\/\/redebeneditina.org.br\/pioxi\/wp-content\/uploads\/2023\/05\/agenda-form-2-2.png\" class=\"elementor-animation-grow attachment-full size-full wp-image-12157\" alt=\"\" \/><\/a><\/figure><div class=\"elementor-image-box-content\"><h2 class=\"elementor-image-box-title\"><a href=\"https:\/\/redebeneditina.org.br\/pioxi\/contato\/\">Via On-line<\/a><\/h2><\/div><\/div>\t\t\t\t<\/div>\n\t\t\t\t<\/div>\n\t\t\t\t<div class=\"elementor-element elementor-element-4482e2ec elementor-align-right elementor-mobile-align-center elementor-widget elementor-widget-button\" data-id=\"4482e2ec\" data-element_type=\"widget\" data-e-type=\"widget\" data-widget_type=\"button.default\">\n\t\t\t\t<div class=\"elementor-widget-container\">\n\t\t\t\t\t\t\t\t\t<div class=\"elementor-button-wrapper\">\n\t\t\t\t\t<a class=\"elementor-button elementor-button-link elementor-size-sm elementor-animation-skew-forward\" href=\"https:\/\/redebeneditina.org.br\/pioxi\/contato\/\">\n\t\t\t\t\t\t<span class=\"elementor-button-content-wrapper\">\n\t\t\t\t\t\t<span class=\"elementor-button-icon\">\n\t\t\t\t<i aria-hidden=\"true\" class=\"fas fa-angle-double-right\"><\/i>\t\t\t<\/span>\n\t\t\t\t\t\t\t\t\t<span class=\"elementor-button-text\">Clique aqui<\/span>\n\t\t\t\t\t<\/span>\n\t\t\t\t\t<\/a>\n\t\t\t\t<\/div>\n\t\t\t\t\t\t\t\t<\/div>\n\t\t\t\t<\/div>\n\t\t\t\t\t<\/div>\n\t\t<\/div>\n\t\t\t\t\t<\/div>\n\t\t<\/section>\n\t\t\t\t\t<\/div>\n\t\t<\/div>\n\t\t\t\t\t<\/div>\n\t\t<\/section>\n\t\t\t\t<section class=\"elementor-section elementor-top-section elementor-element elementor-element-3677ee29 elementor-section-boxed elementor-section-height-default elementor-section-height-default\" data-id=\"3677ee29\" data-element_type=\"section\" data-e-type=\"section\">\n\t\t\t\t\t\t<div class=\"elementor-container elementor-column-gap-default\">\n\t\t\t\t\t<div class=\"elementor-column elementor-col-100 elementor-top-column elementor-element elementor-element-775b9cd6\" data-id=\"775b9cd6\" data-element_type=\"column\" data-e-type=\"column\">\n\t\t\t<div class=\"elementor-widget-wrap elementor-element-populated\">\n\t\t\t\t\t\t<div class=\"elementor-element elementor-element-54081ccc elementor-widget elementor-widget-custom-title-addons\" data-id=\"54081ccc\" data-element_type=\"widget\" data-e-type=\"widget\" data-widget_type=\"custom-title-addons.default\">\n\t\t\t\t<div class=\"elementor-widget-container\">\n\t\t\t\t\t<div class=\"tpc-double_heading\"><div class=\"dbl__subtitle\"><span>MISS\u00c3O, VIS\u00c3O E VALORES DA REDE BENEDITINA<\/span><\/div><h3 class=\"dbl__title-wrapper\"><span class=\"dbl__title dbl-title_1\">Acolher, Assistir e Educar <\/span><span class=\"dbl__title dbl-title_2\"  >a crian\u00e7a, o adolescente e o jovem por meio da forma\u00e7\u00e3o integral, humanista e crist\u00e3 e <\/span><span class=\"dbl__title dbl-title_3\">proteger e amparar o idoso.<\/span><\/h3><\/div>\t\t\t\t<\/div>\n\t\t\t\t<\/div>\n\t\t\t\t\t<\/div>\n\t\t<\/div>\n\t\t\t\t\t<\/div>\n\t\t<\/section>\n\t\t\t\t<section class=\"elementor-section elementor-top-section elementor-element elementor-element-57ba7f42 elementor-section-boxed elementor-section-height-default elementor-section-height-default\" data-id=\"57ba7f42\" data-element_type=\"section\" data-e-type=\"section\">\n\t\t\t\t\t\t<div class=\"elementor-container elementor-column-gap-default\">\n\t\t\t\t\t<div class=\"elementor-column elementor-col-100 elementor-top-column elementor-element elementor-element-26748e8c\" data-id=\"26748e8c\" data-element_type=\"column\" data-e-type=\"column\">\n\t\t\t<div class=\"elementor-widget-wrap elementor-element-populated\">\n\t\t\t\t\t\t<section class=\"elementor-section elementor-inner-section elementor-element elementor-element-58c2ccfd elementor-section-boxed elementor-section-height-default elementor-section-height-default\" data-id=\"58c2ccfd\" data-element_type=\"section\" data-e-type=\"section\">\n\t\t\t\t\t\t<div class=\"elementor-container elementor-column-gap-default\">\n\t\t\t\t\t<div class=\"elementor-column elementor-col-33 elementor-inner-column elementor-element elementor-element-799fc1f6 elementor-invisible\" data-id=\"799fc1f6\" data-element_type=\"column\" data-e-type=\"column\" data-settings=\"{&quot;animation&quot;:&quot;slideInLeft&quot;}\">\n\t\t\t<div class=\"elementor-widget-wrap elementor-element-populated\">\n\t\t\t\t\t\t<div class=\"elementor-element elementor-element-4fc11ca6 edubin-title-align-left elementor-widget elementor-widget-section-title-addons\" data-id=\"4fc11ca6\" data-element_type=\"widget\" data-e-type=\"widget\" data-widget_type=\"section-title-addons.default\">\n\t\t\t\t<div class=\"elementor-widget-container\">\n\t\t\t\t\t            <div class=\"edubin-section-title edubin-subtitle-position-top title-style-one\">\r\n                <h2 class=\"section-title-txt\">Miss\u00e3o<\/h2><p class=\"section-subtitle-txt\">01<\/p>            <\/div>\r\n\r\n        \t\t\t\t<\/div>\n\t\t\t\t<\/div>\n\t\t\t\t<div class=\"elementor-element elementor-element-3e01049d elementor-widget elementor-widget-text-editor\" data-id=\"3e01049d\" data-element_type=\"widget\" data-e-type=\"widget\" data-widget_type=\"text-editor.default\">\n\t\t\t\t<div class=\"elementor-widget-container\">\n\t\t\t\t\t\t\t\t\t<p>Confiante na Divina Provid\u00eancia a ABEAS tem como miss\u00e3o: Acolher, Assistir e Educar a crian\u00e7a, o adolescente e o jovem por meio da forma\u00e7\u00e3o integral, humanista e crist\u00e3; zelar pela qualidade da educa\u00e7\u00e3o preparando profissionais do futuro com s\u00f3lidos princ\u00edpios \u00e9ticos; proteger e amparar o idoso, primando pela qualidade e excel\u00eancia das tarefas que essa miss\u00e3o exige.<\/p>\t\t\t\t\t\t\t\t<\/div>\n\t\t\t\t<\/div>\n\t\t\t\t\t<\/div>\n\t\t<\/div>\n\t\t\t\t<div class=\"elementor-column elementor-col-33 elementor-inner-column elementor-element elementor-element-769f3ca2 elementor-invisible\" data-id=\"769f3ca2\" data-element_type=\"column\" data-e-type=\"column\" data-settings=\"{&quot;animation&quot;:&quot;slideInUp&quot;}\">\n\t\t\t<div class=\"elementor-widget-wrap elementor-element-populated\">\n\t\t\t\t\t\t<div class=\"elementor-element elementor-element-4ce54346 edubin-title-align-left elementor-widget elementor-widget-section-title-addons\" data-id=\"4ce54346\" data-element_type=\"widget\" data-e-type=\"widget\" data-widget_type=\"section-title-addons.default\">\n\t\t\t\t<div class=\"elementor-widget-container\">\n\t\t\t\t\t            <div class=\"edubin-section-title edubin-subtitle-position-top title-style-one\">\r\n                <h2 class=\"section-title-txt\">Vis\u00e3o<\/h2><p class=\"section-subtitle-txt\">02<\/p>            <\/div>\r\n\r\n        \t\t\t\t<\/div>\n\t\t\t\t<\/div>\n\t\t\t\t<div class=\"elementor-element elementor-element-59124e6c elementor-widget elementor-widget-text-editor\" data-id=\"59124e6c\" data-element_type=\"widget\" data-e-type=\"widget\" data-widget_type=\"text-editor.default\">\n\t\t\t\t<div class=\"elementor-widget-container\">\n\t\t\t\t\t\t\t\t\t<p>A ABEAS almeja ser reconhecida pela excel\u00eancia na forma\u00e7\u00e3o integral, humanista e crist\u00e3 de crian\u00e7as, adolescentes e jovens e pela qualidade acad\u00eamica; preservar e difundir o trabalho da rede de escolas e das obras assistenciais; primar pela satisfa\u00e7\u00e3o dos alunos, idosos, assistidos, familiares e parceiros; evoluir continuamente a qualifica\u00e7\u00e3o docente e t\u00e9cnico-administrativa.<\/p>\t\t\t\t\t\t\t\t<\/div>\n\t\t\t\t<\/div>\n\t\t\t\t\t<\/div>\n\t\t<\/div>\n\t\t\t\t<div class=\"elementor-column elementor-col-33 elementor-inner-column elementor-element elementor-element-72e14418 elementor-invisible\" data-id=\"72e14418\" data-element_type=\"column\" data-e-type=\"column\" data-settings=\"{&quot;animation&quot;:&quot;slideInRight&quot;}\">\n\t\t\t<div class=\"elementor-widget-wrap elementor-element-populated\">\n\t\t\t\t\t\t<div class=\"elementor-element elementor-element-7327e059 edubin-title-align-left elementor-widget elementor-widget-section-title-addons\" data-id=\"7327e059\" data-element_type=\"widget\" data-e-type=\"widget\" data-widget_type=\"section-title-addons.default\">\n\t\t\t\t<div class=\"elementor-widget-container\">\n\t\t\t\t\t            <div class=\"edubin-section-title edubin-subtitle-position-top title-style-one\">\r\n                <h2 class=\"section-title-txt\">Valores<\/h2><p class=\"section-subtitle-txt\">03<\/p>            <\/div>\r\n\r\n        \t\t\t\t<\/div>\n\t\t\t\t<\/div>\n\t\t\t\t<div class=\"elementor-element elementor-element-545033ac elementor-widget elementor-widget-text-editor\" data-id=\"545033ac\" data-element_type=\"widget\" data-e-type=\"widget\" data-widget_type=\"text-editor.default\">\n\t\t\t\t<div class=\"elementor-widget-container\">\n\t\t\t\t\t\t\t\t\t<p>S\u00e3o valores imprescind\u00edveis: a cren\u00e7a em Deus, na fam\u00edlia e na dignidade humana; a honestidade, solidariedade e paz; a partilha de bens e saber com todos; a liberdade de aprender, pesquisar e divulgar a cultura, o pensamento, a arte e o saber; o respeito e apre\u00e7o \u00e0 liberdade, \u00e0 toler\u00e2ncia, ao ambiente harm\u00f4nico, ao perd\u00e3o e \u00e0 cultura de paz; a defesa da vida e o cuidado da natureza; uso consciente, respons\u00e1vel e saud\u00e1vel da inova\u00e7\u00e3o e transforma\u00e7\u00e3o digital.<\/p>\t\t\t\t\t\t\t\t<\/div>\n\t\t\t\t<\/div>\n\t\t\t\t\t<\/div>\n\t\t<\/div>\n\t\t\t\t\t<\/div>\n\t\t<\/section>\n\t\t\t\t\t<\/div>\n\t\t<\/div>\n\t\t\t\t\t<\/div>\n\t\t<\/section>\n\t\t\t\t<\/div>\n\t\t","protected":false},"excerpt":{"rendered":"<p>Atividades &nbsp; Instituto Pio XI Confira as atividades extracurriculares do Instituto Pio XI: Atividades Esportivas Ao longo do ano, acontecem atividades esportivas, cujo objetivo \u00e9 manter a &#8230; Coral Atividades culturais e religiosas, apresenta\u00e7\u00f5es televisivas &#8230; Sa\u00eddas Culturais Os passeios, ao lado das atividades de oficina, funcionam como recurso &#8230; Confira as atividades extraclasses do&#8230;<\/p>\n","protected":false},"author":4,"featured_media":0,"parent":0,"menu_order":0,"comment_status":"closed","ping_status":"closed","template":"","meta":{"_monsterinsights_skip_tracking":false,"_monsterinsights_sitenote_active":false,"_monsterinsights_sitenote_note":"","_monsterinsights_sitenote_category":0,"ngg_post_thumbnail":0,"footnotes":""},"class_list":["post-14407","page","type-page","status-publish","hentry"],"_links":{"self":[{"href":"https:\/\/redebeneditina.org.br\/pioxi\/wp-json\/wp\/v2\/pages\/14407","targetHints":{"allow":["GET"]}}],"collection":[{"href":"https:\/\/redebeneditina.org.br\/pioxi\/wp-json\/wp\/v2\/pages"}],"about":[{"href":"https:\/\/redebeneditina.org.br\/pioxi\/wp-json\/wp\/v2\/types\/page"}],"author":[{"embeddable":true,"href":"https:\/\/redebeneditina.org.br\/pioxi\/wp-json\/wp\/v2\/users\/4"}],"replies":[{"embeddable":true,"href":"https:\/\/redebeneditina.org.br\/pioxi\/wp-json\/wp\/v2\/comments?post=14407"}],"version-history":[{"count":9,"href":"https:\/\/redebeneditina.org.br\/pioxi\/wp-json\/wp\/v2\/pages\/14407\/revisions"}],"predecessor-version":[{"id":34324,"href":"https:\/\/redebeneditina.org.br\/pioxi\/wp-json\/wp\/v2\/pages\/14407\/revisions\/34324"}],"wp:attachment":[{"href":"https:\/\/redebeneditina.org.br\/pioxi\/wp-json\/wp\/v2\/media?parent=14407"}],"curies":[{"name":"wp","href":"https:\/\/api.w.org\/{rel}","templated":true}]}}