{"id":28930,"date":"2025-06-05T14:24:47","date_gmt":"2025-06-05T17:24:47","guid":{"rendered":"https:\/\/redebeneditina.org.br\/pioxi\/?page_id=28930"},"modified":"2025-06-05T18:45:23","modified_gmt":"2025-06-05T21:45:23","slug":"noticias","status":"publish","type":"page","link":"https:\/\/redebeneditina.org.br\/pioxi\/noticias\/","title":{"rendered":"Not\u00edcias"},"content":{"rendered":"\t\t<div data-elementor-type=\"wp-page\" data-elementor-id=\"28930\" class=\"elementor elementor-28930\">\n\t\t\t\t\t\t<section class=\"elementor-section elementor-top-section elementor-element elementor-element-5d3f0c1 elementor-section-boxed elementor-section-height-default elementor-section-height-default\" data-id=\"5d3f0c1\" data-element_type=\"section\" data-e-type=\"section\">\n\t\t\t\t\t\t<div class=\"elementor-container elementor-column-gap-custom\">\n\t\t\t\t\t<div class=\"elementor-column elementor-col-66 elementor-top-column elementor-element elementor-element-411754f\" data-id=\"411754f\" data-element_type=\"column\" data-e-type=\"column\">\n\t\t\t<div class=\"elementor-widget-wrap elementor-element-populated\">\n\t\t\t\t\t\t<div class=\"elementor-element elementor-element-c048f7b elementor-widget elementor-widget-edubin-latest-post\" data-id=\"c048f7b\" data-element_type=\"widget\" data-e-type=\"widget\" data-widget_type=\"edubin-latest-post.default\">\n\t\t\t\t<div class=\"elementor-widget-container\">\n\t\t\t\t\t            \n            <div class=\"row tpc_g_30 edubin-latest-news layout-1\">\n    \n                    \n                    \n              \n                        <div class=\" edubin-col-12 edubin-col-sm-6 edubin-col-md-6 edubin-col-lg-6 6 \">\n                            <div class=\"single-news\"  data-sal>\n                                                                    <div class=\"news-thum\">\n                                        <a href=\"https:\/\/redebeneditina.org.br\/pioxi\/palestra-on-line-aborda-seguranca-digital-e-orientacao-parental\/\">\n                                            <img fetchpriority=\"high\" decoding=\"async\" width=\"670\" height=\"840\" src=\"https:\/\/redebeneditina.org.br\/pioxi\/wp-content\/uploads\/2026\/04\/2026-palestra-27abril-instituto-pioxi-ramos-rj.jpg\" class=\"attachment-course_thumb size-course_thumb wp-post-image\" alt=\"\" srcset=\"https:\/\/redebeneditina.org.br\/pioxi\/wp-content\/uploads\/2026\/04\/2026-palestra-27abril-instituto-pioxi-ramos-rj.jpg 670w, https:\/\/redebeneditina.org.br\/pioxi\/wp-content\/uploads\/2026\/04\/2026-palestra-27abril-instituto-pioxi-ramos-rj-239x300.jpg 239w\" sizes=\"(max-width: 670px) 100vw, 670px\" \/>                                        <\/a>\n                                                                            <\/div>\n                                    \n                                    <div class=\"news-cont\">\n                                                                                <ul>\n                                                                                            <li><a href=\"https:\/\/redebeneditina.org.br\/pioxi\/2026\/04\/27\/\"><i class=\"flaticon-calendar\"><\/i>27 abril 2026 <\/a><\/li>\n                                                                                                                                <\/ul>\n                                                                                    <a href=\"https:\/\/redebeneditina.org.br\/pioxi\/palestra-on-line-aborda-seguranca-digital-e-orientacao-parental\/\"><h3 class=\"news-title\">Palestra on-line aborda Seguran\u00e7a Digital e Orienta\u00e7\u00e3o Parental<\/h3><\/a>\n                                                                                                                            <p>O Instituto Pio XI, em parceria com a Inicie, convida as fam\u00edlias<\/p>\n                                                                                    \n                                    <\/div>\n                            <\/div> <!-- single news -->\n                        <\/div>\n          \n    \n                            \n                    \n              \n                        <div class=\" edubin-col-12 edubin-col-sm-6 edubin-col-md-6 edubin-col-lg-6 6 \">\n                            <div class=\"single-news\"  data-sal>\n                                                                    <div class=\"news-thum\">\n                                        <a href=\"https:\/\/redebeneditina.org.br\/pioxi\/piquenique-literario-encanta-alunos-do-1o-ano-e-desperta-amor-pela-leitura\/\">\n                                            <img decoding=\"async\" width=\"1080\" height=\"810\" src=\"https:\/\/redebeneditina.org.br\/pioxi\/wp-content\/uploads\/2026\/04\/2026-1ano-instituto-pioxi-ramos-rj-1-3.jpg\" class=\"attachment-course_thumb size-course_thumb wp-post-image\" alt=\"\" srcset=\"https:\/\/redebeneditina.org.br\/pioxi\/wp-content\/uploads\/2026\/04\/2026-1ano-instituto-pioxi-ramos-rj-1-3.jpg 1080w, https:\/\/redebeneditina.org.br\/pioxi\/wp-content\/uploads\/2026\/04\/2026-1ano-instituto-pioxi-ramos-rj-1-3-300x225.jpg 300w, https:\/\/redebeneditina.org.br\/pioxi\/wp-content\/uploads\/2026\/04\/2026-1ano-instituto-pioxi-ramos-rj-1-3-1024x768.jpg 1024w, https:\/\/redebeneditina.org.br\/pioxi\/wp-content\/uploads\/2026\/04\/2026-1ano-instituto-pioxi-ramos-rj-1-3-768x576.jpg 768w\" sizes=\"(max-width: 1080px) 100vw, 1080px\" \/>                                        <\/a>\n                                                                            <\/div>\n                                    \n                                    <div class=\"news-cont\">\n                                                                                <ul>\n                                                                                            <li><a href=\"https:\/\/redebeneditina.org.br\/pioxi\/2026\/04\/27\/\"><i class=\"flaticon-calendar\"><\/i>27 abril 2026 <\/a><\/li>\n                                                                                                                                <\/ul>\n                                                                                    <a href=\"https:\/\/redebeneditina.org.br\/pioxi\/piquenique-literario-encanta-alunos-do-1o-ano-e-desperta-amor-pela-leitura\/\"><h3 class=\"news-title\">Piquenique liter\u00e1rio encanta alunos do 1\u00ba ano e desperta amor pela leitura<\/h3><\/a>\n                                                                                                                            <p>Com o objetivo de incentivar e cultivar o h\u00e1bito da leitura, nossas<\/p>\n                                                                                    \n                                    <\/div>\n                            <\/div> <!-- single news -->\n                        <\/div>\n          \n    \n                            \n                    \n              \n                        <div class=\" edubin-col-12 edubin-col-sm-6 edubin-col-md-6 edubin-col-lg-6 6 \">\n                            <div class=\"single-news\"  data-sal>\n                                                                    <div class=\"news-thum\">\n                                        <a href=\"https:\/\/redebeneditina.org.br\/pioxi\/descobertas-ao-microscopio-8o-ano-investiga-a-reproducao-das-flores\/\">\n                                            <img decoding=\"async\" width=\"1080\" height=\"810\" src=\"https:\/\/redebeneditina.org.br\/pioxi\/wp-content\/uploads\/2026\/04\/2026-8ano-instituto-pioxi-ramos-rj-3-1.jpg\" class=\"attachment-course_thumb size-course_thumb wp-post-image\" alt=\"\" srcset=\"https:\/\/redebeneditina.org.br\/pioxi\/wp-content\/uploads\/2026\/04\/2026-8ano-instituto-pioxi-ramos-rj-3-1.jpg 1080w, https:\/\/redebeneditina.org.br\/pioxi\/wp-content\/uploads\/2026\/04\/2026-8ano-instituto-pioxi-ramos-rj-3-1-300x225.jpg 300w, https:\/\/redebeneditina.org.br\/pioxi\/wp-content\/uploads\/2026\/04\/2026-8ano-instituto-pioxi-ramos-rj-3-1-1024x768.jpg 1024w, https:\/\/redebeneditina.org.br\/pioxi\/wp-content\/uploads\/2026\/04\/2026-8ano-instituto-pioxi-ramos-rj-3-1-768x576.jpg 768w\" sizes=\"(max-width: 1080px) 100vw, 1080px\" \/>                                        <\/a>\n                                                                            <\/div>\n                                    \n                                    <div class=\"news-cont\">\n                                                                                <ul>\n                                                                                            <li><a href=\"https:\/\/redebeneditina.org.br\/pioxi\/2026\/04\/27\/\"><i class=\"flaticon-calendar\"><\/i>27 abril 2026 <\/a><\/li>\n                                                                                                                                <\/ul>\n                                                                                    <a href=\"https:\/\/redebeneditina.org.br\/pioxi\/descobertas-ao-microscopio-8o-ano-investiga-a-reproducao-das-flores\/\"><h3 class=\"news-title\">Descobertas ao microsc\u00f3pio: 8\u00ba ano investiga a reprodu\u00e7\u00e3o das flores<\/h3><\/a>\n                                                                                                                            <p>Hoje o laborat\u00f3rio foi palco de descobertas incr\u00edveis! Os alunos do 8\u00ba<\/p>\n                                                                                    \n                                    <\/div>\n                            <\/div> <!-- single news -->\n                        <\/div>\n          \n    \n                            \n                    \n              \n                        <div class=\" edubin-col-12 edubin-col-sm-6 edubin-col-md-6 edubin-col-lg-6 6 \">\n                            <div class=\"single-news\"  data-sal>\n                                                                    <div class=\"news-thum\">\n                                        <a href=\"https:\/\/redebeneditina.org.br\/pioxi\/o-corpo-em-detalhes-8o-ano-explora-sistemas-com-maquetes-funcionais\/\">\n                                            <img loading=\"lazy\" decoding=\"async\" width=\"1080\" height=\"810\" src=\"https:\/\/redebeneditina.org.br\/pioxi\/wp-content\/uploads\/2026\/04\/2026-8ano-instituto-pioxi-ramos-rj-23.jpg\" class=\"attachment-course_thumb size-course_thumb wp-post-image\" alt=\"\" srcset=\"https:\/\/redebeneditina.org.br\/pioxi\/wp-content\/uploads\/2026\/04\/2026-8ano-instituto-pioxi-ramos-rj-23.jpg 1080w, https:\/\/redebeneditina.org.br\/pioxi\/wp-content\/uploads\/2026\/04\/2026-8ano-instituto-pioxi-ramos-rj-23-300x225.jpg 300w, https:\/\/redebeneditina.org.br\/pioxi\/wp-content\/uploads\/2026\/04\/2026-8ano-instituto-pioxi-ramos-rj-23-1024x768.jpg 1024w, https:\/\/redebeneditina.org.br\/pioxi\/wp-content\/uploads\/2026\/04\/2026-8ano-instituto-pioxi-ramos-rj-23-768x576.jpg 768w\" sizes=\"(max-width: 1080px) 100vw, 1080px\" \/>                                        <\/a>\n                                                                            <\/div>\n                                    \n                                    <div class=\"news-cont\">\n                                                                                <ul>\n                                                                                            <li><a href=\"https:\/\/redebeneditina.org.br\/pioxi\/2026\/04\/27\/\"><i class=\"flaticon-calendar\"><\/i>27 abril 2026 <\/a><\/li>\n                                                                                                                                <\/ul>\n                                                                                    <a href=\"https:\/\/redebeneditina.org.br\/pioxi\/o-corpo-em-detalhes-8o-ano-explora-sistemas-com-maquetes-funcionais\/\"><h3 class=\"news-title\">O corpo em detalhes: 8\u00ba ano explora sistemas com maquetes funcionais<\/h3><\/a>\n                                                                                                                            <p>Os alunos do 8\u00ba ano embarcaram em uma verdadeira viagem pelo corpo<\/p>\n                                                                                    \n                                    <\/div>\n                            <\/div> <!-- single news -->\n                        <\/div>\n          \n    \n                            \n                    \n              \n                        <div class=\" edubin-col-12 edubin-col-sm-6 edubin-col-md-6 edubin-col-lg-6 6 \">\n                            <div class=\"single-news\"  data-sal>\n                                                                    <div class=\"news-thum\">\n                                        <a href=\"https:\/\/redebeneditina.org.br\/pioxi\/alunos-do-instituto-pio-xi-sao-homenageados-na-academia-brasileira-de-letras\/\">\n                                            <img loading=\"lazy\" decoding=\"async\" width=\"1080\" height=\"608\" src=\"https:\/\/redebeneditina.org.br\/pioxi\/wp-content\/uploads\/2026\/04\/2026-alunos-instituto-pioxi-ramos-rj-8.jpg\" class=\"attachment-course_thumb size-course_thumb wp-post-image\" alt=\"\" srcset=\"https:\/\/redebeneditina.org.br\/pioxi\/wp-content\/uploads\/2026\/04\/2026-alunos-instituto-pioxi-ramos-rj-8.jpg 1080w, https:\/\/redebeneditina.org.br\/pioxi\/wp-content\/uploads\/2026\/04\/2026-alunos-instituto-pioxi-ramos-rj-8-300x169.jpg 300w, https:\/\/redebeneditina.org.br\/pioxi\/wp-content\/uploads\/2026\/04\/2026-alunos-instituto-pioxi-ramos-rj-8-1024x576.jpg 1024w, https:\/\/redebeneditina.org.br\/pioxi\/wp-content\/uploads\/2026\/04\/2026-alunos-instituto-pioxi-ramos-rj-8-768x432.jpg 768w\" sizes=\"(max-width: 1080px) 100vw, 1080px\" \/>                                        <\/a>\n                                                                            <\/div>\n                                    \n                                    <div class=\"news-cont\">\n                                                                                <ul>\n                                                                                            <li><a href=\"https:\/\/redebeneditina.org.br\/pioxi\/2026\/04\/27\/\"><i class=\"flaticon-calendar\"><\/i>27 abril 2026 <\/a><\/li>\n                                                                                                                                <\/ul>\n                                                                                    <a href=\"https:\/\/redebeneditina.org.br\/pioxi\/alunos-do-instituto-pio-xi-sao-homenageados-na-academia-brasileira-de-letras\/\"><h3 class=\"news-title\">Alunos do Instituto Pio XI s\u00e3o homenageados na Academia Brasileira de Letras<\/h3><\/a>\n                                                                                                                            <p>Os alunos finalistas do Concurso de Poesias 2025 do Instituto Pio XI<\/p>\n                                                                                    \n                                    <\/div>\n                            <\/div> <!-- single news -->\n                        <\/div>\n          \n    \n                            \n                    \n              \n                        <div class=\" edubin-col-12 edubin-col-sm-6 edubin-col-md-6 edubin-col-lg-6 6 \">\n                            <div class=\"single-news\"  data-sal>\n                                                                    <div class=\"news-thum\">\n                                        <a href=\"https:\/\/redebeneditina.org.br\/pioxi\/entre-ciencia-e-criatividade-6o-ano-apresenta-incriveis-celulas-3d\/\">\n                                            <img loading=\"lazy\" decoding=\"async\" width=\"1080\" height=\"810\" src=\"https:\/\/redebeneditina.org.br\/pioxi\/wp-content\/uploads\/2026\/04\/2026-6ano-instituto-pioxi-ramos-rj-8-2.jpg\" class=\"attachment-course_thumb size-course_thumb wp-post-image\" alt=\"\" srcset=\"https:\/\/redebeneditina.org.br\/pioxi\/wp-content\/uploads\/2026\/04\/2026-6ano-instituto-pioxi-ramos-rj-8-2.jpg 1080w, https:\/\/redebeneditina.org.br\/pioxi\/wp-content\/uploads\/2026\/04\/2026-6ano-instituto-pioxi-ramos-rj-8-2-300x225.jpg 300w, https:\/\/redebeneditina.org.br\/pioxi\/wp-content\/uploads\/2026\/04\/2026-6ano-instituto-pioxi-ramos-rj-8-2-1024x768.jpg 1024w, https:\/\/redebeneditina.org.br\/pioxi\/wp-content\/uploads\/2026\/04\/2026-6ano-instituto-pioxi-ramos-rj-8-2-768x576.jpg 768w\" sizes=\"(max-width: 1080px) 100vw, 1080px\" \/>                                        <\/a>\n                                                                            <\/div>\n                                    \n                                    <div class=\"news-cont\">\n                                                                                <ul>\n                                                                                            <li><a href=\"https:\/\/redebeneditina.org.br\/pioxi\/2026\/04\/27\/\"><i class=\"flaticon-calendar\"><\/i>27 abril 2026 <\/a><\/li>\n                                                                                                                                <\/ul>\n                                                                                    <a href=\"https:\/\/redebeneditina.org.br\/pioxi\/entre-ciencia-e-criatividade-6o-ano-apresenta-incriveis-celulas-3d\/\"><h3 class=\"news-title\">Entre ci\u00eancia e criatividade: 6\u00ba ano apresenta incr\u00edveis c\u00e9lulas 3D<\/h3><\/a>\n                                                                                                                            <p>Fant\u00e1stica C\u00e9lula da Vida \u2013 Exposi\u00e7\u00e3o da C\u00e9lula 3D&nbsp; Os alunos do<\/p>\n                                                                                    \n                                    <\/div>\n                            <\/div> <!-- single news -->\n                        <\/div>\n          \n    \n                            \n                    \n              \n                        <div class=\" edubin-col-12 edubin-col-sm-6 edubin-col-md-6 edubin-col-lg-6 6 \">\n                            <div class=\"single-news\"  data-sal>\n                                                                    <div class=\"news-thum\">\n                                        <a href=\"https:\/\/redebeneditina.org.br\/pioxi\/ciencia-na-pratica-6o-ano-cria-esqueleto-articulado\/\">\n                                            <img loading=\"lazy\" decoding=\"async\" width=\"1080\" height=\"1440\" src=\"https:\/\/redebeneditina.org.br\/pioxi\/wp-content\/uploads\/2026\/04\/2026-6ano-instituto-pioxi-ramos-rj-2-1.jpg\" class=\"attachment-course_thumb size-course_thumb wp-post-image\" alt=\"\" srcset=\"https:\/\/redebeneditina.org.br\/pioxi\/wp-content\/uploads\/2026\/04\/2026-6ano-instituto-pioxi-ramos-rj-2-1.jpg 1080w, https:\/\/redebeneditina.org.br\/pioxi\/wp-content\/uploads\/2026\/04\/2026-6ano-instituto-pioxi-ramos-rj-2-1-225x300.jpg 225w, https:\/\/redebeneditina.org.br\/pioxi\/wp-content\/uploads\/2026\/04\/2026-6ano-instituto-pioxi-ramos-rj-2-1-768x1024.jpg 768w\" sizes=\"(max-width: 1080px) 100vw, 1080px\" \/>                                        <\/a>\n                                                                            <\/div>\n                                    \n                                    <div class=\"news-cont\">\n                                                                                <ul>\n                                                                                            <li><a href=\"https:\/\/redebeneditina.org.br\/pioxi\/2026\/04\/27\/\"><i class=\"flaticon-calendar\"><\/i>27 abril 2026 <\/a><\/li>\n                                                                                                                                <\/ul>\n                                                                                    <a href=\"https:\/\/redebeneditina.org.br\/pioxi\/ciencia-na-pratica-6o-ano-cria-esqueleto-articulado\/\"><h3 class=\"news-title\">Ci\u00eancia na pr\u00e1tica: 6\u00ba ano cria esqueleto articulado<\/h3><\/a>\n                                                                                                                            <p>&nbsp;\u201cEsqueleto em A\u00e7\u00e3o!\u201d &nbsp; Os alunos do 6\u00ba ano colocaram a m\u00e3o<\/p>\n                                                                                    \n                                    <\/div>\n                            <\/div> <!-- single news -->\n                        <\/div>\n          \n    \n                            \n                    \n              \n                        <div class=\" edubin-col-12 edubin-col-sm-6 edubin-col-md-6 edubin-col-lg-6 6 \">\n                            <div class=\"single-news\"  data-sal>\n                                                                    <div class=\"news-thum\">\n                                        <a href=\"https:\/\/redebeneditina.org.br\/pioxi\/6o-ano-descobre-como-ossos-e-musculos-trabalham-juntos\/\">\n                                            <img loading=\"lazy\" decoding=\"async\" width=\"1080\" height=\"810\" src=\"https:\/\/redebeneditina.org.br\/pioxi\/wp-content\/uploads\/2026\/04\/2026-6-ano-instituto-pioxi-ramos-rj-1-1.jpg\" class=\"attachment-course_thumb size-course_thumb wp-post-image\" alt=\"\" srcset=\"https:\/\/redebeneditina.org.br\/pioxi\/wp-content\/uploads\/2026\/04\/2026-6-ano-instituto-pioxi-ramos-rj-1-1.jpg 1080w, https:\/\/redebeneditina.org.br\/pioxi\/wp-content\/uploads\/2026\/04\/2026-6-ano-instituto-pioxi-ramos-rj-1-1-300x225.jpg 300w, https:\/\/redebeneditina.org.br\/pioxi\/wp-content\/uploads\/2026\/04\/2026-6-ano-instituto-pioxi-ramos-rj-1-1-1024x768.jpg 1024w, https:\/\/redebeneditina.org.br\/pioxi\/wp-content\/uploads\/2026\/04\/2026-6-ano-instituto-pioxi-ramos-rj-1-1-768x576.jpg 768w\" sizes=\"(max-width: 1080px) 100vw, 1080px\" \/>                                        <\/a>\n                                                                            <\/div>\n                                    \n                                    <div class=\"news-cont\">\n                                                                                <ul>\n                                                                                            <li><a href=\"https:\/\/redebeneditina.org.br\/pioxi\/2026\/04\/27\/\"><i class=\"flaticon-calendar\"><\/i>27 abril 2026 <\/a><\/li>\n                                                                                                                                <\/ul>\n                                                                                    <a href=\"https:\/\/redebeneditina.org.br\/pioxi\/6o-ano-descobre-como-ossos-e-musculos-trabalham-juntos\/\"><h3 class=\"news-title\">6\u00ba ano descobre como ossos e m\u00fasculos trabalham juntos<\/h3><\/a>\n                                                                                                                            <p>&nbsp;\u201cMiss\u00e3o Movimento: descobrindo o corpo em a\u00e7\u00e3o!\u201d Os alunos do 6\u00ba ano<\/p>\n                                                                                    \n                                    <\/div>\n                            <\/div> <!-- single news -->\n                        <\/div>\n          \n    \n                            \n                    \n              \n                        <div class=\" edubin-col-12 edubin-col-sm-6 edubin-col-md-6 edubin-col-lg-6 6 \">\n                            <div class=\"single-news\"  data-sal>\n                                                                    <div class=\"news-thum\">\n                                        <a href=\"https:\/\/redebeneditina.org.br\/pioxi\/educacao-infantil-promove-vivencias-de-empatia-e-amizade-no-combate-ao-bullying\/\">\n                                            <img loading=\"lazy\" decoding=\"async\" width=\"1080\" height=\"810\" src=\"https:\/\/redebeneditina.org.br\/pioxi\/wp-content\/uploads\/2026\/04\/2026-ed-infantil-instituto-pioxi-ramos-rj-8.jpg\" class=\"attachment-course_thumb size-course_thumb wp-post-image\" alt=\"\" srcset=\"https:\/\/redebeneditina.org.br\/pioxi\/wp-content\/uploads\/2026\/04\/2026-ed-infantil-instituto-pioxi-ramos-rj-8.jpg 1080w, https:\/\/redebeneditina.org.br\/pioxi\/wp-content\/uploads\/2026\/04\/2026-ed-infantil-instituto-pioxi-ramos-rj-8-300x225.jpg 300w, https:\/\/redebeneditina.org.br\/pioxi\/wp-content\/uploads\/2026\/04\/2026-ed-infantil-instituto-pioxi-ramos-rj-8-1024x768.jpg 1024w, https:\/\/redebeneditina.org.br\/pioxi\/wp-content\/uploads\/2026\/04\/2026-ed-infantil-instituto-pioxi-ramos-rj-8-768x576.jpg 768w\" sizes=\"(max-width: 1080px) 100vw, 1080px\" \/>                                        <\/a>\n                                                                            <\/div>\n                                    \n                                    <div class=\"news-cont\">\n                                                                                <ul>\n                                                                                            <li><a href=\"https:\/\/redebeneditina.org.br\/pioxi\/2026\/04\/27\/\"><i class=\"flaticon-calendar\"><\/i>27 abril 2026 <\/a><\/li>\n                                                                                                                                <\/ul>\n                                                                                    <a href=\"https:\/\/redebeneditina.org.br\/pioxi\/educacao-infantil-promove-vivencias-de-empatia-e-amizade-no-combate-ao-bullying\/\"><h3 class=\"news-title\">Educa\u00e7\u00e3o Infantil promove viv\u00eancias de empatia e amizade no combate ao bullying<\/h3><\/a>\n                                                                                                                            <p>As turmas da Educa\u00e7\u00e3o Infantil est\u00e3o participando de viv\u00eancias significativas sobre o<\/p>\n                                                                                    \n                                    <\/div>\n                            <\/div> <!-- single news -->\n                        <\/div>\n          \n    \n                            \n                    \n              \n                        <div class=\" edubin-col-12 edubin-col-sm-6 edubin-col-md-6 edubin-col-lg-6 6 \">\n                            <div class=\"single-news\"  data-sal>\n                                                                    <div class=\"news-thum\">\n                                        <a href=\"https:\/\/redebeneditina.org.br\/pioxi\/explorando-o-microscopico-6o-ano-vivencia-aula-pratica-de-ciencias\/\">\n                                            <img loading=\"lazy\" decoding=\"async\" width=\"1080\" height=\"1440\" src=\"https:\/\/redebeneditina.org.br\/pioxi\/wp-content\/uploads\/2026\/04\/2026-6ano-instituto-pioxi-ramos-rj-7.jpg\" class=\"attachment-course_thumb size-course_thumb wp-post-image\" alt=\"\" srcset=\"https:\/\/redebeneditina.org.br\/pioxi\/wp-content\/uploads\/2026\/04\/2026-6ano-instituto-pioxi-ramos-rj-7.jpg 1080w, https:\/\/redebeneditina.org.br\/pioxi\/wp-content\/uploads\/2026\/04\/2026-6ano-instituto-pioxi-ramos-rj-7-225x300.jpg 225w, https:\/\/redebeneditina.org.br\/pioxi\/wp-content\/uploads\/2026\/04\/2026-6ano-instituto-pioxi-ramos-rj-7-768x1024.jpg 768w\" sizes=\"(max-width: 1080px) 100vw, 1080px\" \/>                                        <\/a>\n                                                                            <\/div>\n                                    \n                                    <div class=\"news-cont\">\n                                                                                <ul>\n                                                                                            <li><a href=\"https:\/\/redebeneditina.org.br\/pioxi\/2026\/04\/27\/\"><i class=\"flaticon-calendar\"><\/i>27 abril 2026 <\/a><\/li>\n                                                                                                                                <\/ul>\n                                                                                    <a href=\"https:\/\/redebeneditina.org.br\/pioxi\/explorando-o-microscopico-6o-ano-vivencia-aula-pratica-de-ciencias\/\"><h3 class=\"news-title\">Explorando o microsc\u00f3pico: 6\u00ba ano vivencia aula pr\u00e1tica de Ci\u00eancias<\/h3><\/a>\n                                                                                                                            <p>\u201cViagem ao Invis\u00edvel: explorando o mundo das c\u00e9lulas!\u201d Os alunos do 6\u00ba<\/p>\n                                                                                    \n                                    <\/div>\n                            <\/div> <!-- single news -->\n                        <\/div>\n          \n    \n                            \n                    \n              \n                        <div class=\" edubin-col-12 edubin-col-sm-6 edubin-col-md-6 edubin-col-lg-6 6 \">\n                            <div class=\"single-news\"  data-sal>\n                                                                    <div class=\"news-thum\">\n                                        <a href=\"https:\/\/redebeneditina.org.br\/pioxi\/comunicado-importante-funcionamento-na-semana-de-20-a-24-de-abril\/\">\n                                            <img loading=\"lazy\" decoding=\"async\" width=\"1080\" height=\"1350\" src=\"https:\/\/redebeneditina.org.br\/pioxi\/wp-content\/uploads\/2026\/04\/recesso-instituto-pio-xi-abril-2026.jpeg\" class=\"attachment-course_thumb size-course_thumb wp-post-image\" alt=\"\" srcset=\"https:\/\/redebeneditina.org.br\/pioxi\/wp-content\/uploads\/2026\/04\/recesso-instituto-pio-xi-abril-2026.jpeg 1080w, https:\/\/redebeneditina.org.br\/pioxi\/wp-content\/uploads\/2026\/04\/recesso-instituto-pio-xi-abril-2026-240x300.jpeg 240w, https:\/\/redebeneditina.org.br\/pioxi\/wp-content\/uploads\/2026\/04\/recesso-instituto-pio-xi-abril-2026-819x1024.jpeg 819w, https:\/\/redebeneditina.org.br\/pioxi\/wp-content\/uploads\/2026\/04\/recesso-instituto-pio-xi-abril-2026-768x960.jpeg 768w\" sizes=\"(max-width: 1080px) 100vw, 1080px\" \/>                                        <\/a>\n                                                                            <\/div>\n                                    \n                                    <div class=\"news-cont\">\n                                                                                <ul>\n                                                                                            <li><a href=\"https:\/\/redebeneditina.org.br\/pioxi\/2026\/04\/14\/\"><i class=\"flaticon-calendar\"><\/i>14 abril 2026 <\/a><\/li>\n                                                                                                                                <\/ul>\n                                                                                    <a href=\"https:\/\/redebeneditina.org.br\/pioxi\/comunicado-importante-funcionamento-na-semana-de-20-a-24-de-abril\/\"><h3 class=\"news-title\">Comunicado Importante \u2013 Funcionamento na Semana de 20 a 24 de Abril<\/h3><\/a>\n                                                                                                                            <p>Informamos \u00e0s fam\u00edlias que, na semana de 20 a 24 de abril,<\/p>\n                                                                                    \n                                    <\/div>\n                            <\/div> <!-- single news -->\n                        <\/div>\n          \n    \n                            \n                    \n              \n                        <div class=\" edubin-col-12 edubin-col-sm-6 edubin-col-md-6 edubin-col-lg-6 6 \">\n                            <div class=\"single-news\"  data-sal>\n                                                                    <div class=\"news-thum\">\n                                        <a href=\"https:\/\/redebeneditina.org.br\/pioxi\/descobertas-e-sensacoes-no-jardim-sensorial-pre-2\/\">\n                                            <img loading=\"lazy\" decoding=\"async\" width=\"1080\" height=\"810\" src=\"https:\/\/redebeneditina.org.br\/pioxi\/wp-content\/uploads\/2026\/04\/2026-pre2-instituto-pioxi-ramos-rj-1.jpg\" class=\"attachment-course_thumb size-course_thumb wp-post-image\" alt=\"\" srcset=\"https:\/\/redebeneditina.org.br\/pioxi\/wp-content\/uploads\/2026\/04\/2026-pre2-instituto-pioxi-ramos-rj-1.jpg 1080w, https:\/\/redebeneditina.org.br\/pioxi\/wp-content\/uploads\/2026\/04\/2026-pre2-instituto-pioxi-ramos-rj-1-300x225.jpg 300w, https:\/\/redebeneditina.org.br\/pioxi\/wp-content\/uploads\/2026\/04\/2026-pre2-instituto-pioxi-ramos-rj-1-1024x768.jpg 1024w, https:\/\/redebeneditina.org.br\/pioxi\/wp-content\/uploads\/2026\/04\/2026-pre2-instituto-pioxi-ramos-rj-1-768x576.jpg 768w\" sizes=\"(max-width: 1080px) 100vw, 1080px\" \/>                                        <\/a>\n                                                                            <\/div>\n                                    \n                                    <div class=\"news-cont\">\n                                                                                <ul>\n                                                                                            <li><a href=\"https:\/\/redebeneditina.org.br\/pioxi\/2026\/04\/13\/\"><i class=\"flaticon-calendar\"><\/i>13 abril 2026 <\/a><\/li>\n                                                                                                                                <\/ul>\n                                                                                    <a href=\"https:\/\/redebeneditina.org.br\/pioxi\/descobertas-e-sensacoes-no-jardim-sensorial-pre-2\/\"><h3 class=\"news-title\">Descobertas e Sensa\u00e7\u00f5es no Jardim Sensorial &#8211; Pr\u00e9 2<\/h3><\/a>\n                                                                                                                            <p>A turma do Pr\u00e9 2, orientada pela professora Gabriella, viveu uma experi\u00eancia<\/p>\n                                                                                    \n                                    <\/div>\n                            <\/div> <!-- single news -->\n                        <\/div>\n          \n    \n                            \n                    \n              \n                        <div class=\" edubin-col-12 edubin-col-sm-6 edubin-col-md-6 edubin-col-lg-6 6 \">\n                            <div class=\"single-news\"  data-sal>\n                                                                    <div class=\"news-thum\">\n                                        <a href=\"https:\/\/redebeneditina.org.br\/pioxi\/2o-ano-tecnologia-e-imaginacao-em-acao\/\">\n                                            <img loading=\"lazy\" decoding=\"async\" width=\"1080\" height=\"905\" src=\"https:\/\/redebeneditina.org.br\/pioxi\/wp-content\/uploads\/2026\/04\/2026-2ano-instituto-pioxi-ramos-rj-3.jpg\" class=\"attachment-course_thumb size-course_thumb wp-post-image\" alt=\"\" srcset=\"https:\/\/redebeneditina.org.br\/pioxi\/wp-content\/uploads\/2026\/04\/2026-2ano-instituto-pioxi-ramos-rj-3.jpg 1080w, https:\/\/redebeneditina.org.br\/pioxi\/wp-content\/uploads\/2026\/04\/2026-2ano-instituto-pioxi-ramos-rj-3-300x251.jpg 300w, https:\/\/redebeneditina.org.br\/pioxi\/wp-content\/uploads\/2026\/04\/2026-2ano-instituto-pioxi-ramos-rj-3-1024x858.jpg 1024w, https:\/\/redebeneditina.org.br\/pioxi\/wp-content\/uploads\/2026\/04\/2026-2ano-instituto-pioxi-ramos-rj-3-768x644.jpg 768w\" sizes=\"(max-width: 1080px) 100vw, 1080px\" \/>                                        <\/a>\n                                                                            <\/div>\n                                    \n                                    <div class=\"news-cont\">\n                                                                                <ul>\n                                                                                            <li><a href=\"https:\/\/redebeneditina.org.br\/pioxi\/2026\/04\/13\/\"><i class=\"flaticon-calendar\"><\/i>13 abril 2026 <\/a><\/li>\n                                                                                                                                <\/ul>\n                                                                                    <a href=\"https:\/\/redebeneditina.org.br\/pioxi\/2o-ano-tecnologia-e-imaginacao-em-acao\/\"><h3 class=\"news-title\">2\u00ba Ano: Tecnologia e Imagina\u00e7\u00e3o em A\u00e7\u00e3o<\/h3><\/a>\n                                                                                                                            <p>Nossos pequenos alunos do 2\u00baano deram os primeiros passos na aula de<\/p>\n                                                                                    \n                                    <\/div>\n                            <\/div> <!-- single news -->\n                        <\/div>\n          \n    \n                            \n                    \n              \n                        <div class=\" edubin-col-12 edubin-col-sm-6 edubin-col-md-6 edubin-col-lg-6 6 \">\n                            <div class=\"single-news\"  data-sal>\n                                                                    <div class=\"news-thum\">\n                                        <a href=\"https:\/\/redebeneditina.org.br\/pioxi\/9o-ano-e-ensino-medio-tempo-de-projetar-o-futuro\/\">\n                                            <img loading=\"lazy\" decoding=\"async\" width=\"1080\" height=\"608\" src=\"https:\/\/redebeneditina.org.br\/pioxi\/wp-content\/uploads\/2026\/04\/2026-9ano-instituto-pioxi-ramos-rj-3.jpg\" class=\"attachment-course_thumb size-course_thumb wp-post-image\" alt=\"\" srcset=\"https:\/\/redebeneditina.org.br\/pioxi\/wp-content\/uploads\/2026\/04\/2026-9ano-instituto-pioxi-ramos-rj-3.jpg 1080w, https:\/\/redebeneditina.org.br\/pioxi\/wp-content\/uploads\/2026\/04\/2026-9ano-instituto-pioxi-ramos-rj-3-300x169.jpg 300w, https:\/\/redebeneditina.org.br\/pioxi\/wp-content\/uploads\/2026\/04\/2026-9ano-instituto-pioxi-ramos-rj-3-1024x576.jpg 1024w, https:\/\/redebeneditina.org.br\/pioxi\/wp-content\/uploads\/2026\/04\/2026-9ano-instituto-pioxi-ramos-rj-3-768x432.jpg 768w\" sizes=\"(max-width: 1080px) 100vw, 1080px\" \/>                                        <\/a>\n                                                                            <\/div>\n                                    \n                                    <div class=\"news-cont\">\n                                                                                <ul>\n                                                                                            <li><a href=\"https:\/\/redebeneditina.org.br\/pioxi\/2026\/04\/13\/\"><i class=\"flaticon-calendar\"><\/i>13 abril 2026 <\/a><\/li>\n                                                                                                                                <\/ul>\n                                                                                    <a href=\"https:\/\/redebeneditina.org.br\/pioxi\/9o-ano-e-ensino-medio-tempo-de-projetar-o-futuro\/\"><h3 class=\"news-title\">9\u00ba Ano e Ensino M\u00e9dio: Tempo de Projetar o Futuro<\/h3><\/a>\n                                                                                                                            <p>O momento de escolha profissional \u00e9 repleto de d\u00favidas, expectativas e descobertas.<\/p>\n                                                                                    \n                                    <\/div>\n                            <\/div> <!-- single news -->\n                        <\/div>\n          \n    \n                            \n                    \n              \n                        <div class=\" edubin-col-12 edubin-col-sm-6 edubin-col-md-6 edubin-col-lg-6 6 \">\n                            <div class=\"single-news\"  data-sal>\n                                                                    <div class=\"news-thum\">\n                                        <a href=\"https:\/\/redebeneditina.org.br\/pioxi\/pascoa-de-alegria-e-integracao-no-3o-ano\/\">\n                                            <img loading=\"lazy\" decoding=\"async\" width=\"1080\" height=\"810\" src=\"https:\/\/redebeneditina.org.br\/pioxi\/wp-content\/uploads\/2026\/04\/2026-3ano-instituto-pioxi-ramos-rj-6.jpg\" class=\"attachment-course_thumb size-course_thumb wp-post-image\" alt=\"\" srcset=\"https:\/\/redebeneditina.org.br\/pioxi\/wp-content\/uploads\/2026\/04\/2026-3ano-instituto-pioxi-ramos-rj-6.jpg 1080w, https:\/\/redebeneditina.org.br\/pioxi\/wp-content\/uploads\/2026\/04\/2026-3ano-instituto-pioxi-ramos-rj-6-300x225.jpg 300w, https:\/\/redebeneditina.org.br\/pioxi\/wp-content\/uploads\/2026\/04\/2026-3ano-instituto-pioxi-ramos-rj-6-1024x768.jpg 1024w, https:\/\/redebeneditina.org.br\/pioxi\/wp-content\/uploads\/2026\/04\/2026-3ano-instituto-pioxi-ramos-rj-6-768x576.jpg 768w\" sizes=\"(max-width: 1080px) 100vw, 1080px\" \/>                                        <\/a>\n                                                                            <\/div>\n                                    \n                                    <div class=\"news-cont\">\n                                                                                <ul>\n                                                                                            <li><a href=\"https:\/\/redebeneditina.org.br\/pioxi\/2026\/04\/13\/\"><i class=\"flaticon-calendar\"><\/i>13 abril 2026 <\/a><\/li>\n                                                                                                                                <\/ul>\n                                                                                    <a href=\"https:\/\/redebeneditina.org.br\/pioxi\/pascoa-de-alegria-e-integracao-no-3o-ano\/\"><h3 class=\"news-title\">P\u00e1scoa de Alegria e Integra\u00e7\u00e3o no 3\u00ba Ano<\/h3><\/a>\n                                                                                                                            <p>Como parte das comemora\u00e7\u00f5es de P\u00e1scoa com as turmas do terceiro ano,<\/p>\n                                                                                    \n                                    <\/div>\n                            <\/div> <!-- single news -->\n                        <\/div>\n          \n    \n                            \n                    \n              \n                        <div class=\" edubin-col-12 edubin-col-sm-6 edubin-col-md-6 edubin-col-lg-6 6 \">\n                            <div class=\"single-news\"  data-sal>\n                                                                    <div class=\"news-thum\">\n                                        <a href=\"https:\/\/redebeneditina.org.br\/pioxi\/5o-ano-em-acao-explorando-a-robotica\/\">\n                                            <img loading=\"lazy\" decoding=\"async\" width=\"1080\" height=\"813\" src=\"https:\/\/redebeneditina.org.br\/pioxi\/wp-content\/uploads\/2026\/04\/2026-1ano-instituto-pioxi-ramos-rj-13.jpg\" class=\"attachment-course_thumb size-course_thumb wp-post-image\" alt=\"\" srcset=\"https:\/\/redebeneditina.org.br\/pioxi\/wp-content\/uploads\/2026\/04\/2026-1ano-instituto-pioxi-ramos-rj-13.jpg 1080w, https:\/\/redebeneditina.org.br\/pioxi\/wp-content\/uploads\/2026\/04\/2026-1ano-instituto-pioxi-ramos-rj-13-300x226.jpg 300w, https:\/\/redebeneditina.org.br\/pioxi\/wp-content\/uploads\/2026\/04\/2026-1ano-instituto-pioxi-ramos-rj-13-1024x771.jpg 1024w, https:\/\/redebeneditina.org.br\/pioxi\/wp-content\/uploads\/2026\/04\/2026-1ano-instituto-pioxi-ramos-rj-13-768x578.jpg 768w\" sizes=\"(max-width: 1080px) 100vw, 1080px\" \/>                                        <\/a>\n                                                                            <\/div>\n                                    \n                                    <div class=\"news-cont\">\n                                                                                <ul>\n                                                                                            <li><a href=\"https:\/\/redebeneditina.org.br\/pioxi\/2026\/04\/13\/\"><i class=\"flaticon-calendar\"><\/i>13 abril 2026 <\/a><\/li>\n                                                                                                                                <\/ul>\n                                                                                    <a href=\"https:\/\/redebeneditina.org.br\/pioxi\/5o-ano-em-acao-explorando-a-robotica\/\"><h3 class=\"news-title\">5\u00ba Ano em A\u00e7\u00e3o: Explorando a Rob\u00f3tica<\/h3><\/a>\n                                                                                                                            <p>Durante a aula de rob\u00f3tica, estudantes do 5\u00ba ano participaram de uma<\/p>\n                                                                                    \n                                    <\/div>\n                            <\/div> <!-- single news -->\n                        <\/div>\n          \n    \n                            \n                            \n                        <nav class=\"edubin-pagination-wrapper tpc-custom-pagination\" role=\"navigation\" aria-label=\"Posts\">\n                            <div class=\"page-number\">\n                                <span aria-current=\"page\" class=\"page-numbers current\">1<\/span>\n<a class=\"page-numbers\" href=\"https:\/\/redebeneditina.org.br\/pioxi\/wp-json\/wp\/v2\/pages\/28930\/page\/2\/\">2<\/a>\n<span class=\"page-numbers dots\">&hellip;<\/span>\n<a class=\"page-numbers\" href=\"https:\/\/redebeneditina.org.br\/pioxi\/wp-json\/wp\/v2\/pages\/28930\/page\/61\/\">61<\/a>\n<a class=\"page-numbers\" href=\"https:\/\/redebeneditina.org.br\/pioxi\/wp-json\/wp\/v2\/pages\/28930\/page\/62\/\">62<\/a>\n<a class=\"next page-numbers\" href=\"https:\/\/redebeneditina.org.br\/pioxi\/wp-json\/wp\/v2\/pages\/28930\/page\/2\/\"><i class=\"edubin-pagination-icon flaticon-next\" aria-hidden=\"true\"><\/i><\/a>                            <\/div> <!-- row -->  \n                        <\/nav>\n                                                 <\/div>\n    \n        \n            \t\t\t\t<\/div>\n\t\t\t\t<\/div>\n\t\t\t\t\t<\/div>\n\t\t<\/div>\n\t\t\t\t<div class=\"elementor-column elementor-col-33 elementor-top-column elementor-element elementor-element-06e3d10\" data-id=\"06e3d10\" data-element_type=\"column\" data-e-type=\"column\" data-settings=\"{&quot;background_background&quot;:&quot;gradient&quot;}\">\n\t\t\t<div class=\"elementor-widget-wrap elementor-element-populated\">\n\t\t\t\t\t\t<div class=\"elementor-element elementor-element-96af54a elementor-widget elementor-widget-spacer\" data-id=\"96af54a\" data-element_type=\"widget\" data-e-type=\"widget\" data-widget_type=\"spacer.default\">\n\t\t\t\t<div class=\"elementor-widget-container\">\n\t\t\t\t\t\t\t<div class=\"elementor-spacer\">\n\t\t\t<div class=\"elementor-spacer-inner\"><\/div>\n\t\t<\/div>\n\t\t\t\t\t\t<\/div>\n\t\t\t\t<\/div>\n\t\t\t\t<div class=\"elementor-element elementor-element-544faf8 elementor-widget elementor-widget-heading\" data-id=\"544faf8\" data-element_type=\"widget\" data-e-type=\"widget\" data-widget_type=\"heading.default\">\n\t\t\t\t<div class=\"elementor-widget-container\">\n\t\t\t\t\t<h4 class=\"elementor-heading-title elementor-size-default\">Pesquisar no site<\/h4>\t\t\t\t<\/div>\n\t\t\t\t<\/div>\n\t\t\t\t<div class=\"elementor-element elementor-element-0545cf8 elementor-widget elementor-widget-edubin-search\" data-id=\"0545cf8\" data-element_type=\"widget\" data-e-type=\"widget\" data-widget_type=\"edubin-search.default\">\n\t\t\t\t<div class=\"elementor-widget-container\">\n\t\t\t\t\t<div class=\"edubin-search-box-wrap edubin-search-sty-wraple-1\"><form class=\"edubin-archive-course-search-form\" method=\"get\" action=\"https:\/\/redebeneditina.org.br\/pioxi\/\"><input type=\"text\" value=\"\" name=\"s\" placeholder=\"Digite uma palavra ...\" class=\"input-search\" autocomplete=\"off\" \/><input type=\"hidden\" value=\"wp_course_search\" name=\"tpc_wp_course_filter\" \/><button class=\"btn-search search-trigger search-button\"><i class=\"flaticon-search\"><\/i> <\/button><\/form><\/div>\t\t\t\t<\/div>\n\t\t\t\t<\/div>\n\t\t\t\t<div class=\"elementor-element elementor-element-7c19665 elementor-widget elementor-widget-spacer\" data-id=\"7c19665\" data-element_type=\"widget\" data-e-type=\"widget\" data-widget_type=\"spacer.default\">\n\t\t\t\t<div class=\"elementor-widget-container\">\n\t\t\t\t\t\t\t<div class=\"elementor-spacer\">\n\t\t\t<div class=\"elementor-spacer-inner\"><\/div>\n\t\t<\/div>\n\t\t\t\t\t\t<\/div>\n\t\t\t\t<\/div>\n\t\t\t\t<div class=\"elementor-element elementor-element-a76f9bb elementor-widget elementor-widget-heading\" data-id=\"a76f9bb\" data-element_type=\"widget\" data-e-type=\"widget\" data-widget_type=\"heading.default\">\n\t\t\t\t<div class=\"elementor-widget-container\">\n\t\t\t\t\t<h4 class=\"elementor-heading-title elementor-size-default\">Explore por Segmento<\/h4>\t\t\t\t<\/div>\n\t\t\t\t<\/div>\n\t\t\t\t<div class=\"elementor-element elementor-element-c0061e3 elementor-widget elementor-widget-edubin-menu-list\" data-id=\"c0061e3\" data-element_type=\"widget\" data-e-type=\"widget\" data-widget_type=\"edubin-menu-list.default\">\n\t\t\t\t<div class=\"elementor-widget-container\">\n\t\t\t\t\t<div class=\"edubin-el-single-depth-menu\"><nav class=\"edubin-el-menu-list\"><ul id=\"menu-1-c0061e3\" class=\"edubin-nav-dropdown-menu\"><li id=\"menu-item-28932\" class=\"menu-item menu-item-type-taxonomy menu-item-object-category menu-item-28932\"><a href=\"https:\/\/redebeneditina.org.br\/pioxi\/category\/ed-infantil\/\">\ud83e\uddf8  Educa\u00e7\u00e3o Infantil<\/a><\/li>\n<li id=\"menu-item-28933\" class=\"menu-item menu-item-type-taxonomy menu-item-object-category menu-item-28933\"><a href=\"https:\/\/redebeneditina.org.br\/pioxi\/category\/ens-fund_i\/\">\ud83d\udcda  Ensino Fundamental &#8211; 1\u00ba ao 5\u00ba ano<\/a><\/li>\n<li id=\"menu-item-28934\" class=\"menu-item menu-item-type-taxonomy menu-item-object-category menu-item-28934\"><a href=\"https:\/\/redebeneditina.org.br\/pioxi\/category\/ens-fund_ii\/\">\ud83d\udcd8  Ensino Fundamental &#8211; 6\u00ba ao 9\u00ba ano<\/a><\/li>\n<li id=\"menu-item-28935\" class=\"menu-item menu-item-type-taxonomy menu-item-object-category menu-item-28935\"><a href=\"https:\/\/redebeneditina.org.br\/pioxi\/category\/ens-medio\/\">\ud83c\udf93 Ensino M\u00e9dio<\/a><\/li>\n<\/ul><\/nav><\/div>\t\t\t\t<\/div>\n\t\t\t\t<\/div>\n\t\t\t\t<div class=\"elementor-element elementor-element-05a336c elementor-widget elementor-widget-spacer\" data-id=\"05a336c\" data-element_type=\"widget\" data-e-type=\"widget\" data-widget_type=\"spacer.default\">\n\t\t\t\t<div class=\"elementor-widget-container\">\n\t\t\t\t\t\t\t<div class=\"elementor-spacer\">\n\t\t\t<div class=\"elementor-spacer-inner\"><\/div>\n\t\t<\/div>\n\t\t\t\t\t\t<\/div>\n\t\t\t\t<\/div>\n\t\t\t\t<div class=\"elementor-element elementor-element-ea65ea5 elementor-widget elementor-widget-image\" data-id=\"ea65ea5\" data-element_type=\"widget\" data-e-type=\"widget\" data-widget_type=\"image.default\">\n\t\t\t\t<div class=\"elementor-widget-container\">\n\t\t\t\t\t\t\t\t\t\t\t\t\t\t\t\t<a href=\"https:\/\/redebeneditina.org.br\/pioxi\/category\/pastoral-escolar\/\">\n\t\t\t\t\t\t\t<img loading=\"lazy\" decoding=\"async\" width=\"277\" height=\"173\" src=\"https:\/\/redebeneditina.org.br\/pioxi\/wp-content\/uploads\/2025\/06\/botao-past-escolar-rb-pioxi.jpg\" class=\"attachment-large size-large wp-image-28942\" alt=\"\" \/>\t\t\t\t\t\t\t\t<\/a>\n\t\t\t\t\t\t\t\t\t\t\t\t\t\t\t<\/div>\n\t\t\t\t<\/div>\n\t\t\t\t<div class=\"elementor-element elementor-element-cab9a64 elementor-widget elementor-widget-spacer\" data-id=\"cab9a64\" data-element_type=\"widget\" data-e-type=\"widget\" data-widget_type=\"spacer.default\">\n\t\t\t\t<div class=\"elementor-widget-container\">\n\t\t\t\t\t\t\t<div class=\"elementor-spacer\">\n\t\t\t<div class=\"elementor-spacer-inner\"><\/div>\n\t\t<\/div>\n\t\t\t\t\t\t<\/div>\n\t\t\t\t<\/div>\n\t\t\t\t<div class=\"elementor-element elementor-element-e461d78 elementor-widget elementor-widget-heading\" data-id=\"e461d78\" data-element_type=\"widget\" data-e-type=\"widget\" data-widget_type=\"heading.default\">\n\t\t\t\t<div class=\"elementor-widget-container\">\n\t\t\t\t\t<h4 class=\"elementor-heading-title elementor-size-default\">Publica\u00e7\u00f5es por ano<\/h4>\t\t\t\t<\/div>\n\t\t\t\t<\/div>\n\t\t\t\t<div class=\"elementor-element elementor-element-ac0fff0 elementor-widget elementor-widget-edubin-menu-list\" data-id=\"ac0fff0\" data-element_type=\"widget\" data-e-type=\"widget\" data-widget_type=\"edubin-menu-list.default\">\n\t\t\t\t<div class=\"elementor-widget-container\">\n\t\t\t\t\t<div class=\"edubin-el-single-depth-menu\"><nav class=\"edubin-el-menu-list\"><ul id=\"menu-1-ac0fff0\" class=\"edubin-nav-dropdown-menu\"><li id=\"menu-item-28941\" class=\"menu-item menu-item-type-taxonomy menu-item-object-category menu-item-28941\"><a href=\"https:\/\/redebeneditina.org.br\/pioxi\/category\/noticias\/noticia-ano-2025-pioxi\/\">\u00bb  Ano 2025<\/a><\/li>\n<li id=\"menu-item-28939\" class=\"menu-item menu-item-type-taxonomy menu-item-object-category menu-item-28939\"><a href=\"https:\/\/redebeneditina.org.br\/pioxi\/category\/noticias\/noticia-ano-2024\/\">\u00bb  Ano 2024<\/a><\/li>\n<li id=\"menu-item-28940\" class=\"menu-item menu-item-type-taxonomy menu-item-object-category menu-item-28940\"><a href=\"https:\/\/redebeneditina.org.br\/pioxi\/category\/noticias\/ano-2023\/\">\u00bb  Ano 2023<\/a><\/li>\n<li id=\"menu-item-34158\" class=\"menu-item menu-item-type-taxonomy menu-item-object-category menu-item-34158\"><a href=\"https:\/\/redebeneditina.org.br\/pioxi\/category\/noticias\/noticias-ano2026\/\">\u00bb Ano 2026<\/a><\/li>\n<\/ul><\/nav><\/div>\t\t\t\t<\/div>\n\t\t\t\t<\/div>\n\t\t\t\t\t<\/div>\n\t\t<\/div>\n\t\t\t\t\t<\/div>\n\t\t<\/section>\n\t\t\t\t<\/div>\n\t\t","protected":false},"excerpt":{"rendered":"<p>05 junho 2025 Diga N\u00e3o ao Bullying: Reflex\u00f5es com os alunos do 8\u00ba Ano e 2\u00aa S\u00e9rie EM Como parte das a\u00e7\u00f5es de forma\u00e7\u00e3o humana e cuidado com a conviv\u00eancia 05 junho 2025 Semana UERJ no Instituto Pio XI Entre os dias&nbsp;02 e 06 de junho, os alunos da&nbsp;3\u00aa s\u00e9rie do 05 junho 2025 Semana&#8230;<\/p>\n","protected":false},"author":4,"featured_media":0,"parent":0,"menu_order":0,"comment_status":"closed","ping_status":"closed","template":"","meta":{"_monsterinsights_skip_tracking":false,"_monsterinsights_sitenote_active":false,"_monsterinsights_sitenote_note":"","_monsterinsights_sitenote_category":0,"ngg_post_thumbnail":0,"footnotes":""},"class_list":["post-28930","page","type-page","status-publish","hentry"],"_links":{"self":[{"href":"https:\/\/redebeneditina.org.br\/pioxi\/wp-json\/wp\/v2\/pages\/28930","targetHints":{"allow":["GET"]}}],"collection":[{"href":"https:\/\/redebeneditina.org.br\/pioxi\/wp-json\/wp\/v2\/pages"}],"about":[{"href":"https:\/\/redebeneditina.org.br\/pioxi\/wp-json\/wp\/v2\/types\/page"}],"author":[{"embeddable":true,"href":"https:\/\/redebeneditina.org.br\/pioxi\/wp-json\/wp\/v2\/users\/4"}],"replies":[{"embeddable":true,"href":"https:\/\/redebeneditina.org.br\/pioxi\/wp-json\/wp\/v2\/comments?post=28930"}],"version-history":[{"count":9,"href":"https:\/\/redebeneditina.org.br\/pioxi\/wp-json\/wp\/v2\/pages\/28930\/revisions"}],"predecessor-version":[{"id":29031,"href":"https:\/\/redebeneditina.org.br\/pioxi\/wp-json\/wp\/v2\/pages\/28930\/revisions\/29031"}],"wp:attachment":[{"href":"https:\/\/redebeneditina.org.br\/pioxi\/wp-json\/wp\/v2\/media?parent=28930"}],"curies":[{"name":"wp","href":"https:\/\/api.w.org\/{rel}","templated":true}]}}